{"id":206544,"date":"2021-11-19T10:00:52","date_gmt":"2021-11-19T13:00:52","guid":{"rendered":"https:\/\/www.suno.com.br\/noticias\/colunas\/marco-lopes\/\/"},"modified":"2021-11-22T09:08:52","modified_gmt":"2021-11-22T12:08:52","slug":"touro-da-b3-pichado-e-a-falta-de-compreensao-economica-como-a-expansao-do-mercado-financeiro-ajuda-a-combater-a-fome-e-a-miseria","status":"publish","type":"suno_column","link":"https:\/\/www.suno.com.br\/noticias\/colunas\/lucas-pedrosa\/touro-da-b3-pichado-e-a-falta-de-compreensao-economica-como-a-expansao-do-mercado-financeiro-ajuda-a-combater-a-fome-e-a-miseria\/","title":{"rendered":"Touro da B3 pichado e a falta de compreens\u00e3o econ\u00f4mica"},"content":{"rendered":"<p>Nesta ter\u00e7a-feira (16\/11) foi inaugurado o <strong>Touro de Ouro<\/strong> na frente da B3 no centro de S\u00e3o Paulo, na rua XV de novembro. J\u00e1 na manh\u00e3 de quarta-feira (17) a escultura estava coberta de cartazes e com a lateral pichada. Este ato foi realizado por um grupo que dizia \u201cprotestar contra a fome\u201d.<\/p>\n<p>Nas redes sociais, o grupo de manifestantes divulgou uma nota dizendo que a est\u00e1tua do touro \u00e9 s\u00edmbolo da \u201cfome, da mis\u00e9ria e da superexplora\u00e7\u00e3o do trabalho\u201d.<br \/>\n\u201cO que para eles simboliza a for\u00e7a do <a class=\"suno-keyword\" href=\"https:\/\/www.suno.com.br\/guias\/mercado-financeiro\/\" target=\"_blank\" rel=\"noopener\" data-force=\"no\" data-priority=\"2\">mercado financeiro<\/a> para n\u00f3s \u00e9 um s\u00edmbolo da fome, da mis\u00e9ria e da superexplora\u00e7\u00e3o do trabalho. Assim como o Touro de<strong> Wall Street<\/strong> \u00e9 alvo de trabalhadores e trabalhadoras que resistem, aqui o Touro de Ouro tamb\u00e9m ser\u00e1\u201d, explicita a nota.<\/p>\n<p>Estas pessoas n\u00e3o poderiam estar mais enganadas!<\/p>\n<p>De fato, esse entendimento distorcido do que \u00e9 o mercado financeiro e para o que ele serve est\u00e1 enraizado em algumas pessoas, ligando-o estritamente \u00e0 ferocidade do capitalismo. Todavia, parte dessas pessoas tem uma compreens\u00e3o turva do que realmente \u00e9 o capitalismo (geralmente o confundem com corporativismo) e quais as consequ\u00eancias dele no <a class=\"suno-keyword\" href=\"https:\/\/www.suno.com.br\/artigos\/padrao-de-vida\/\" target=\"_blank\" rel=\"noopener\" data-force=\"no\" data-priority=\"1\">padr\u00e3o de vida<\/a> da sociedade.<\/p>\n<p>Na verdade, a expans\u00e3o do mercado financeiro, ao contr\u00e1rio do que esse tipo de movimento pensa, \u00e9 um dos maiores s\u00edmbolos de prosperidade e redu\u00e7\u00e3o da fome e da mis\u00e9ria. H\u00e1 uma correla\u00e7\u00e3o positiva entre grau de desenvolvimento do mercado financeiro e a qualidade de vida, riqueza e desenvolvimento de uma sociedade.<\/p>\n<p>Quanto maior o tamanho relativo do mercado financeiro em uma na\u00e7\u00e3o, mais ela \u00e9 desenvolvida, com maior qualidade de vida, menos pobreza e menos fome. Entretanto, quanto maior a avers\u00e3o que uma popula\u00e7\u00e3o tem de uma economia de mercado e de suas institui\u00e7\u00f5es, mais pobre \u00e9 a na\u00e7\u00e3o.<\/p>\n<p>Ao contr\u00e1rio do que muitos pensam, o mercado financeiro \u00e9 na verdade um conjunto de mecanismos e instrumentos com duas fun\u00e7\u00f5es principais: ser c<strong>anal de financiamento<\/strong> (entre privados ou entre o setor p\u00fablico e o privado atrav\u00e9s dos<strong> t\u00edtulos do Tesouro<\/strong>, por exemplo) e a tempor\u00e2nea precifica\u00e7\u00e3o dos ativos financeiros.<\/p>\n<p>Por meio da primeira fun\u00e7\u00e3o \u2013 ser canal de financiamento \u2013 \u00e9 poss\u00edvel com que agentes superavit\u00e1rios emprestem seus recursos para agentes deficit\u00e1rios. Esses agentes<br \/>\nsuperavit\u00e1rios podem ser <a class=\"suno-keyword\" href=\"https:\/\/www.suno.com.br\/artigos\/fundos-de-investimento-exterior\/\" target=\"_blank\" rel=\"noopener\" data-force=\"no\" data-priority=\"2\">fundos de investimento<\/a>, bancos, empresas e pessoas f\u00edsicas, como eu e voc\u00ea. Os agentes deficit\u00e1rios, que tomam os recursos emprestados, podem ser empresas ou at\u00e9 mesmo o setor p\u00fablico.<\/p>\n<p>Esses recursos s\u00e3o, no caso das empresas, geralmente direcionados para o aumento de investimentos. Assim, eles acabam gerando <strong>aumento da riqueza nacional<\/strong>, gera\u00e7\u00e3o de empregos e aumento dos sal\u00e1rios. No caso do setor p\u00fablico, os recursos s\u00e3o direcionados para as necessidades do governo, como realiza\u00e7\u00e3o de investimentos em infraestrutura, educa\u00e7\u00e3o e programas sociais.<\/p>\n<p>Pela segunda fun\u00e7\u00e3o \u2013 a precifica\u00e7\u00e3o de ativos \u2013 o mercado d\u00e1 sinais imediatos aos investidores, \u00e0 popula\u00e7\u00e3o e aos governos de como est\u00e3o os \u00e2nimos nacionais e internacionais a respeito dos grandes movimentos que ocorrem no Brasil e no mundo.<\/p>\n<p>Esse \u00e9 um mecanismo essencial para balizar as <strong>decis\u00f5es de investimento<\/strong> e esquadrinhar os rumos das pol\u00edticas p\u00fablicas dos governos. Saber como reagem os investidores diante dos acontecimentos \u00e9 essencial para decidir os rumos de um neg\u00f3cio e at\u00e9 mesmo de um pa\u00eds.<\/p>\n<p>Se tem gente que ganha ou perde dinheiro com esses movimentos de curto e <a class=\"suno-keyword\" href=\"https:\/\/www.suno.com.br\/artigos\/longo-prazo\/\" target=\"_blank\" rel=\"noopener\" data-force=\"no\" data-priority=\"1\">longo prazo<\/a> dos <strong>ativos financeiros<\/strong> negociados em bolsa, s\u00e3o pessoais que voluntariamente estavam dispostas a arriscar seu patrim\u00f4nio nesta ou naquela opera\u00e7\u00e3o. Pelo menos no Brasil, nenhum pobre ficou mais pobre por causa disso.<\/p>\n<p>A fome e a mis\u00e9ria de fato s\u00e3o grandes problemas. Todavia, que sejam culpados os reais algozes. Quem s\u00e3o? Para a alavancada mais recente da fome, a culpa foi da pandemia. O confinamento provocou um aumento generalizado da pobreza mundial, com o fechamento de milhares de neg\u00f3cios. J\u00e1 para a situa\u00e7\u00e3o de pobreza de longo prazo do Brasil, precisaria de mais de 500 anos e 500 p\u00e1ginas para dissertar.<\/p>\n<p>Por fim, aos grupos que ojerizam o mercado financeiro: voc\u00eas n\u00e3o poderiam ser mais injustos.<\/p>\n","protected":false},"excerpt":{"rendered":"<p>Nesta ter\u00e7a-feira (16\/11) foi inaugurado o Touro de Ouro na frente da B3 no centro de S\u00e3o Paulo, na rua XV de novembro. J\u00e1 na manh\u00e3 de quarta-feira (17) a escultura es&#8230;<\/p>\n","protected":false},"author":124,"featured_media":0,"template":"","tags":[367,309],"class_list":["post-206544","suno_column","type-suno_column","status-publish","hentry","tag-b3-b3sa3","tag-bolsa-de-valores"],"yoast_head":"<!-- This site is optimized with the Yoast SEO plugin v24.4 - https:\/\/yoast.com\/wordpress\/plugins\/seo\/ -->\n<title>Touro da B3 pichado e a falta de compreens\u00e3o econ\u00f4mica<\/title>\n<meta name=\"description\" content=\"H\u00e1 uma correla\u00e7\u00e3o positiva entre grau de desenvolvimento do mercado financeiro e a qualidade de vida. Saiba mais\" \/>\n<meta name=\"robots\" content=\"index, follow, max-snippet:-1, max-image-preview:large, max-video-preview:-1\" \/>\n<link rel=\"canonical\" href=\"https:\/\/www.suno.com.br\/noticias\/colunas\/lucas-pedrosa\/touro-da-b3-pichado-e-a-falta-de-compreensao-economica-como-a-expansao-do-mercado-financeiro-ajuda-a-combater-a-fome-e-a-miseria\/\" \/>\n<meta property=\"og:locale\" content=\"pt_BR\" \/>\n<meta property=\"og:type\" content=\"article\" \/>\n<meta property=\"og:title\" content=\"Touro da B3 pichado e a falta de compreens\u00e3o econ\u00f4mica\" \/>\n<meta property=\"og:description\" content=\"H\u00e1 uma correla\u00e7\u00e3o positiva entre grau de desenvolvimento do mercado financeiro e a qualidade de vida. Saiba mais\" \/>\n<meta property=\"og:url\" content=\"https:\/\/www.suno.com.br\/noticias\/colunas\/lucas-pedrosa\/touro-da-b3-pichado-e-a-falta-de-compreensao-economica-como-a-expansao-do-mercado-financeiro-ajuda-a-combater-a-fome-e-a-miseria\/\" \/>\n<meta property=\"og:site_name\" content=\"Suno Not\u00edcias\" \/>\n<meta property=\"article:publisher\" content=\"https:\/\/facebook.com\/sunoresearch\" \/>\n<meta property=\"og:image\" content=\"https:\/\/files.sunoresearch.com.br\/n\/uploads\/2022\/06\/Modelo2.jpg\" \/>\n\t<meta property=\"og:image:width\" content=\"1200\" \/>\n\t<meta property=\"og:image:height\" content=\"627\" \/>\n\t<meta property=\"og:image:type\" content=\"image\/jpeg\" \/>\n<meta name=\"twitter:card\" content=\"summary_large_image\" \/>\n<meta name=\"twitter:site\" content=\"@sunoresearch\" \/>\n<meta name=\"twitter:label1\" content=\"Est. tempo de leitura\" \/>\n\t<meta name=\"twitter:data1\" content=\"3 minutos\" \/>\n<script type=\"application\/ld+json\" class=\"yoast-schema-graph\">{\"@context\":\"https:\/\/schema.org\",\"@graph\":[{\"@type\":\"Article\",\"@id\":\"https:\/\/www.suno.com.br\/noticias\/colunas\/lucas-pedrosa\/touro-da-b3-pichado-e-a-falta-de-compreensao-economica-como-a-expansao-do-mercado-financeiro-ajuda-a-combater-a-fome-e-a-miseria\/#article\",\"isPartOf\":{\"@id\":\"https:\/\/www.suno.com.br\/noticias\/colunas\/lucas-pedrosa\/touro-da-b3-pichado-e-a-falta-de-compreensao-economica-como-a-expansao-do-mercado-financeiro-ajuda-a-combater-a-fome-e-a-miseria\/\"},\"author\":{\"name\":\"Lucas Pedrosa\",\"@id\":\"https:\/\/www.suno.com.br\/noticias\/#\/schema\/person\/759a7b1ac843dbffd94dac7b7d7aa5ee\"},\"headline\":\"Touro da B3 pichado e a falta de compreens\u00e3o econ\u00f4mica\",\"datePublished\":\"2021-11-19T13:00:52+00:00\",\"dateModified\":\"2021-11-22T12:08:52+00:00\",\"mainEntityOfPage\":{\"@id\":\"https:\/\/www.suno.com.br\/noticias\/colunas\/lucas-pedrosa\/touro-da-b3-pichado-e-a-falta-de-compreensao-economica-como-a-expansao-do-mercado-financeiro-ajuda-a-combater-a-fome-e-a-miseria\/\"},\"wordCount\":729,\"publisher\":{\"@id\":\"https:\/\/www.suno.com.br\/noticias\/#organization\"},\"keywords\":[\"B3 (B3SA3)\",\"Bolsa de Valores\"],\"inLanguage\":\"pt-BR\"},{\"@type\":\"WebPage\",\"@id\":\"https:\/\/www.suno.com.br\/noticias\/colunas\/lucas-pedrosa\/touro-da-b3-pichado-e-a-falta-de-compreensao-economica-como-a-expansao-do-mercado-financeiro-ajuda-a-combater-a-fome-e-a-miseria\/\",\"url\":\"https:\/\/www.suno.com.br\/noticias\/colunas\/lucas-pedrosa\/touro-da-b3-pichado-e-a-falta-de-compreensao-economica-como-a-expansao-do-mercado-financeiro-ajuda-a-combater-a-fome-e-a-miseria\/\",\"name\":\"Touro da B3 pichado e a falta de compreens\u00e3o econ\u00f4mica\",\"isPartOf\":{\"@id\":\"https:\/\/www.suno.com.br\/noticias\/#website\"},\"datePublished\":\"2021-11-19T13:00:52+00:00\",\"dateModified\":\"2021-11-22T12:08:52+00:00\",\"description\":\"H\u00e1 uma correla\u00e7\u00e3o positiva entre grau de desenvolvimento do mercado financeiro e a qualidade de vida. Saiba mais\",\"breadcrumb\":{\"@id\":\"https:\/\/www.suno.com.br\/noticias\/colunas\/lucas-pedrosa\/touro-da-b3-pichado-e-a-falta-de-compreensao-economica-como-a-expansao-do-mercado-financeiro-ajuda-a-combater-a-fome-e-a-miseria\/#breadcrumb\"},\"inLanguage\":\"pt-BR\",\"potentialAction\":[{\"@type\":\"ReadAction\",\"target\":[\"https:\/\/www.suno.com.br\/noticias\/colunas\/lucas-pedrosa\/touro-da-b3-pichado-e-a-falta-de-compreensao-economica-como-a-expansao-do-mercado-financeiro-ajuda-a-combater-a-fome-e-a-miseria\/\"]}]},{\"@type\":\"BreadcrumbList\",\"@id\":\"https:\/\/www.suno.com.br\/noticias\/colunas\/lucas-pedrosa\/touro-da-b3-pichado-e-a-falta-de-compreensao-economica-como-a-expansao-do-mercado-financeiro-ajuda-a-combater-a-fome-e-a-miseria\/#breadcrumb\",\"itemListElement\":[{\"@type\":\"ListItem\",\"position\":1,\"name\":\"Not\u00edcias\",\"item\":\"https:\/\/www.suno.com.br\/noticias\/\"},{\"@type\":\"ListItem\",\"position\":2,\"name\":\"Colunas\",\"item\":\"https:\/\/www.suno.com.br\/noticias\/colunas\/\"},{\"@type\":\"ListItem\",\"position\":3,\"name\":\"Touro da B3 pichado e a falta de compreens\u00e3o econ\u00f4mica\"}]},{\"@type\":\"WebSite\",\"@id\":\"https:\/\/www.suno.com.br\/noticias\/#website\",\"url\":\"https:\/\/www.suno.com.br\/noticias\/\",\"name\":\"Suno Not\u00edcias\",\"description\":\"Seu portal de informa\u00e7\u00e3o sobre o mundo dos investimentos\",\"publisher\":{\"@id\":\"https:\/\/www.suno.com.br\/noticias\/#organization\"},\"potentialAction\":[{\"@type\":\"SearchAction\",\"target\":{\"@type\":\"EntryPoint\",\"urlTemplate\":\"https:\/\/www.suno.com.br\/noticias\/?s={search_term_string}\"},\"query-input\":{\"@type\":\"PropertyValueSpecification\",\"valueRequired\":true,\"valueName\":\"search_term_string\"}}],\"inLanguage\":\"pt-BR\"},{\"@type\":\"Organization\",\"@id\":\"https:\/\/www.suno.com.br\/noticias\/#organization\",\"name\":\"Suno Not\u00edcias\",\"url\":\"https:\/\/www.suno.com.br\/noticias\/\",\"logo\":{\"@type\":\"ImageObject\",\"inLanguage\":\"pt-BR\",\"@id\":\"https:\/\/www.suno.com.br\/noticias\/#\/schema\/logo\/image\/\",\"url\":\"https:\/\/files.sunoresearch.com.br\/n\/uploads\/2021\/09\/suno-logo.png\",\"contentUrl\":\"https:\/\/files.sunoresearch.com.br\/n\/uploads\/2021\/09\/suno-logo.png\",\"width\":180,\"height\":180,\"caption\":\"Suno Not\u00edcias\"},\"image\":{\"@id\":\"https:\/\/www.suno.com.br\/noticias\/#\/schema\/logo\/image\/\"},\"sameAs\":[\"https:\/\/facebook.com\/sunoresearch\",\"https:\/\/x.com\/sunoresearch\",\"https:\/\/www.instagram.com\/suno\",\"https:\/\/www.linkedin.com\/company\/suno-research\/\",\"https:\/\/www.youtube.com\/c\/sunoresearch\"]},{\"@type\":\"Person\",\"@id\":\"https:\/\/www.suno.com.br\/noticias\/#\/schema\/person\/759a7b1ac843dbffd94dac7b7d7aa5ee\",\"name\":\"Lucas Pedrosa\",\"image\":{\"@type\":\"ImageObject\",\"inLanguage\":\"pt-BR\",\"@id\":\"https:\/\/www.suno.com.br\/noticias\/#\/schema\/person\/image\/\",\"url\":\"https:\/\/secure.gravatar.com\/avatar\/8002a3752d04fc87c5daca7d3402c98a?s=96&r=g\",\"contentUrl\":\"https:\/\/secure.gravatar.com\/avatar\/8002a3752d04fc87c5daca7d3402c98a?s=96&r=g\",\"caption\":\"Lucas Pedrosa\"},\"description\":\"Lucas Pedrosa \u00e9 gestor p\u00fablico de carreira, professor universit\u00e1rio, membro de comit\u00ea de investimentos e pesquisador em temas econ\u00f4micos e de pol\u00edticas p\u00fablicas.\",\"sameAs\":[\"https:\/\/www.linkedin.com\/in\/lucas-pedrosa-2b86a572\/%20\"],\"url\":\"https:\/\/www.suno.com.br\/noticias\/author\/lucas-pedrosa\/\"}]}<\/script>\n<!-- \/ Yoast SEO plugin. -->","yoast_head_json":{"title":"Touro da B3 pichado e a falta de compreens\u00e3o econ\u00f4mica","description":"H\u00e1 uma correla\u00e7\u00e3o positiva entre grau de desenvolvimento do mercado financeiro e a qualidade de vida. Saiba mais","robots":{"index":"index","follow":"follow","max-snippet":"max-snippet:-1","max-image-preview":"max-image-preview:large","max-video-preview":"max-video-preview:-1"},"canonical":"https:\/\/www.suno.com.br\/noticias\/colunas\/lucas-pedrosa\/touro-da-b3-pichado-e-a-falta-de-compreensao-economica-como-a-expansao-do-mercado-financeiro-ajuda-a-combater-a-fome-e-a-miseria\/","og_locale":"pt_BR","og_type":"article","og_title":"Touro da B3 pichado e a falta de compreens\u00e3o econ\u00f4mica","og_description":"H\u00e1 uma correla\u00e7\u00e3o positiva entre grau de desenvolvimento do mercado financeiro e a qualidade de vida. Saiba mais","og_url":"https:\/\/www.suno.com.br\/noticias\/colunas\/lucas-pedrosa\/touro-da-b3-pichado-e-a-falta-de-compreensao-economica-como-a-expansao-do-mercado-financeiro-ajuda-a-combater-a-fome-e-a-miseria\/","og_site_name":"Suno Not\u00edcias","article_publisher":"https:\/\/facebook.com\/sunoresearch","og_image":[{"width":1200,"height":627,"url":"https:\/\/files.sunoresearch.com.br\/n\/uploads\/2022\/06\/Modelo2.jpg","type":"image\/jpeg"}],"twitter_card":"summary_large_image","twitter_site":"@sunoresearch","twitter_misc":{"Est. tempo de leitura":"3 minutos"},"schema":{"@context":"https:\/\/schema.org","@graph":[{"@type":"Article","@id":"https:\/\/www.suno.com.br\/noticias\/colunas\/lucas-pedrosa\/touro-da-b3-pichado-e-a-falta-de-compreensao-economica-como-a-expansao-do-mercado-financeiro-ajuda-a-combater-a-fome-e-a-miseria\/#article","isPartOf":{"@id":"https:\/\/www.suno.com.br\/noticias\/colunas\/lucas-pedrosa\/touro-da-b3-pichado-e-a-falta-de-compreensao-economica-como-a-expansao-do-mercado-financeiro-ajuda-a-combater-a-fome-e-a-miseria\/"},"author":{"name":"Lucas Pedrosa","@id":"https:\/\/www.suno.com.br\/noticias\/#\/schema\/person\/759a7b1ac843dbffd94dac7b7d7aa5ee"},"headline":"Touro da B3 pichado e a falta de compreens\u00e3o econ\u00f4mica","datePublished":"2021-11-19T13:00:52+00:00","dateModified":"2021-11-22T12:08:52+00:00","mainEntityOfPage":{"@id":"https:\/\/www.suno.com.br\/noticias\/colunas\/lucas-pedrosa\/touro-da-b3-pichado-e-a-falta-de-compreensao-economica-como-a-expansao-do-mercado-financeiro-ajuda-a-combater-a-fome-e-a-miseria\/"},"wordCount":729,"publisher":{"@id":"https:\/\/www.suno.com.br\/noticias\/#organization"},"keywords":["B3 (B3SA3)","Bolsa de Valores"],"inLanguage":"pt-BR"},{"@type":"WebPage","@id":"https:\/\/www.suno.com.br\/noticias\/colunas\/lucas-pedrosa\/touro-da-b3-pichado-e-a-falta-de-compreensao-economica-como-a-expansao-do-mercado-financeiro-ajuda-a-combater-a-fome-e-a-miseria\/","url":"https:\/\/www.suno.com.br\/noticias\/colunas\/lucas-pedrosa\/touro-da-b3-pichado-e-a-falta-de-compreensao-economica-como-a-expansao-do-mercado-financeiro-ajuda-a-combater-a-fome-e-a-miseria\/","name":"Touro da B3 pichado e a falta de compreens\u00e3o econ\u00f4mica","isPartOf":{"@id":"https:\/\/www.suno.com.br\/noticias\/#website"},"datePublished":"2021-11-19T13:00:52+00:00","dateModified":"2021-11-22T12:08:52+00:00","description":"H\u00e1 uma correla\u00e7\u00e3o positiva entre grau de desenvolvimento do mercado financeiro e a qualidade de vida. Saiba mais","breadcrumb":{"@id":"https:\/\/www.suno.com.br\/noticias\/colunas\/lucas-pedrosa\/touro-da-b3-pichado-e-a-falta-de-compreensao-economica-como-a-expansao-do-mercado-financeiro-ajuda-a-combater-a-fome-e-a-miseria\/#breadcrumb"},"inLanguage":"pt-BR","potentialAction":[{"@type":"ReadAction","target":["https:\/\/www.suno.com.br\/noticias\/colunas\/lucas-pedrosa\/touro-da-b3-pichado-e-a-falta-de-compreensao-economica-como-a-expansao-do-mercado-financeiro-ajuda-a-combater-a-fome-e-a-miseria\/"]}]},{"@type":"BreadcrumbList","@id":"https:\/\/www.suno.com.br\/noticias\/colunas\/lucas-pedrosa\/touro-da-b3-pichado-e-a-falta-de-compreensao-economica-como-a-expansao-do-mercado-financeiro-ajuda-a-combater-a-fome-e-a-miseria\/#breadcrumb","itemListElement":[{"@type":"ListItem","position":1,"name":"Not\u00edcias","item":"https:\/\/www.suno.com.br\/noticias\/"},{"@type":"ListItem","position":2,"name":"Colunas","item":"https:\/\/www.suno.com.br\/noticias\/colunas\/"},{"@type":"ListItem","position":3,"name":"Touro da B3 pichado e a falta de compreens\u00e3o econ\u00f4mica"}]},{"@type":"WebSite","@id":"https:\/\/www.suno.com.br\/noticias\/#website","url":"https:\/\/www.suno.com.br\/noticias\/","name":"Suno Not\u00edcias","description":"Seu portal de informa\u00e7\u00e3o sobre o mundo dos investimentos","publisher":{"@id":"https:\/\/www.suno.com.br\/noticias\/#organization"},"potentialAction":[{"@type":"SearchAction","target":{"@type":"EntryPoint","urlTemplate":"https:\/\/www.suno.com.br\/noticias\/?s={search_term_string}"},"query-input":{"@type":"PropertyValueSpecification","valueRequired":true,"valueName":"search_term_string"}}],"inLanguage":"pt-BR"},{"@type":"Organization","@id":"https:\/\/www.suno.com.br\/noticias\/#organization","name":"Suno Not\u00edcias","url":"https:\/\/www.suno.com.br\/noticias\/","logo":{"@type":"ImageObject","inLanguage":"pt-BR","@id":"https:\/\/www.suno.com.br\/noticias\/#\/schema\/logo\/image\/","url":"https:\/\/files.sunoresearch.com.br\/n\/uploads\/2021\/09\/suno-logo.png","contentUrl":"https:\/\/files.sunoresearch.com.br\/n\/uploads\/2021\/09\/suno-logo.png","width":180,"height":180,"caption":"Suno Not\u00edcias"},"image":{"@id":"https:\/\/www.suno.com.br\/noticias\/#\/schema\/logo\/image\/"},"sameAs":["https:\/\/facebook.com\/sunoresearch","https:\/\/x.com\/sunoresearch","https:\/\/www.instagram.com\/suno","https:\/\/www.linkedin.com\/company\/suno-research\/","https:\/\/www.youtube.com\/c\/sunoresearch"]},{"@type":"Person","@id":"https:\/\/www.suno.com.br\/noticias\/#\/schema\/person\/759a7b1ac843dbffd94dac7b7d7aa5ee","name":"Lucas Pedrosa","image":{"@type":"ImageObject","inLanguage":"pt-BR","@id":"https:\/\/www.suno.com.br\/noticias\/#\/schema\/person\/image\/","url":"https:\/\/secure.gravatar.com\/avatar\/8002a3752d04fc87c5daca7d3402c98a?s=96&r=g","contentUrl":"https:\/\/secure.gravatar.com\/avatar\/8002a3752d04fc87c5daca7d3402c98a?s=96&r=g","caption":"Lucas Pedrosa"},"description":"Lucas Pedrosa \u00e9 gestor p\u00fablico de carreira, professor universit\u00e1rio, membro de comit\u00ea de investimentos e pesquisador em temas econ\u00f4micos e de pol\u00edticas p\u00fablicas.","sameAs":["https:\/\/www.linkedin.com\/in\/lucas-pedrosa-2b86a572\/%20"],"url":"https:\/\/www.suno.com.br\/noticias\/author\/lucas-pedrosa\/"}]}},"amp_enabled":true,"_links":{"self":[{"href":"https:\/\/www.suno.com.br\/noticias\/wp-json\/wp\/v2\/suno_column\/206544"}],"collection":[{"href":"https:\/\/www.suno.com.br\/noticias\/wp-json\/wp\/v2\/suno_column"}],"about":[{"href":"https:\/\/www.suno.com.br\/noticias\/wp-json\/wp\/v2\/types\/suno_column"}],"author":[{"embeddable":true,"href":"https:\/\/www.suno.com.br\/noticias\/wp-json\/wp\/v2\/users\/124"}],"wp:attachment":[{"href":"https:\/\/www.suno.com.br\/noticias\/wp-json\/wp\/v2\/media?parent=206544"}],"wp:term":[{"taxonomy":"post_tag","embeddable":true,"href":"https:\/\/www.suno.com.br\/noticias\/wp-json\/wp\/v2\/tags?post=206544"}],"curies":[{"name":"wp","href":"https:\/\/api.w.org\/{rel}","templated":true}]}}