{"id":206409,"date":"2021-11-18T08:32:04","date_gmt":"2021-11-18T11:32:04","guid":{"rendered":"https:\/\/www.suno.com.br\/noticias\/colunas\/felipe-areia\/\/"},"modified":"2021-11-18T08:32:04","modified_gmt":"2021-11-18T11:32:04","slug":"corrida-logistica-e-commerce","status":"publish","type":"suno_column","link":"https:\/\/www.suno.com.br\/noticias\/colunas\/gian\/corrida-logistica-e-commerce\/","title":{"rendered":"Corrida pela log\u00edstica no e-commerce"},"content":{"rendered":"<p>Se formos listar os h\u00e1bitos adquiridos pela popula\u00e7\u00e3o no per\u00edodo de pandemia, com certeza colocaremos a pr\u00e1tica de fazer <strong>compras online<\/strong>. No ano de 2020, as vendas do e-commerce no Brasil bateram a marca dos R$ 87,4 bilh\u00f5es, alta de 41% em rela\u00e7\u00e3o a 2019 e um recorde para o segmento, segundo levantamento da Ebit Nielsen. Para as grandes varejistas, o novo costume adquirido foi uma oportunidade de expandir a participa\u00e7\u00e3o no mercado. N\u00e3o apenas porque estavam bem posicionadas digitalmente, mas porque conseguiram preparar sua <strong>log\u00edstica<\/strong>.<\/p>\n\t<p>\n\t\t<a href=\"https:\/\/lp.suno.com.br\/planilha-controle-gastos\/\" target=\"_blank\" data-element=\"shortcode-suno-banner\" title=\"Banner SUNO, clique e saiba mais\">\n\t\t\t<picture>\n\t\t\t\t<source media=\"(max-width: 500px)\" srcset=\"https:\/\/files.sunoresearch.com.br\/n\/uploads\/2023\/03\/400x300-Planilha-controle-de-gastos.png\">\n\t\t\t\t<img class=\"newsContent__article__imgCapa newsContent__article__imgCapa--banner\"\n\t\t\t\t\tsrc=\"https:\/\/files.sunoresearch.com.br\/n\/uploads\/2023\/03\/1420x240-Planilha-controle-de-gastos.png\"\n\t\t\t\t\tdata-promo-id=\"101751\"\t\t\t\t\t\t\t\t\t\twidth='1420' height='240'\t\t\t\t\talt=\"https:\/\/files.sunoresearch.com.br\/n\/uploads\/2023\/03\/1420x240-Planilha-controle-de-gastos.png\"\n\t\t\t\t>\n\t\t\t<\/picture>\n\t\t<\/a>\n\t<\/p>\n\n\n<p>Esperar mais de uma semana para receber uma encomenda feita pela internet muitas vezes j\u00e1 n\u00e3o \u00e9 um prazo aceit\u00e1vel. As grandes varejistas do pa\u00eds iniciaram uma verdadeira guerra pela<strong> entrega ultra r\u00e1pida<\/strong> e chegam a estabelecer prazos de at\u00e9 uma hora em grandes centros. \u00c9 o caso do <strong><a class=\"suno-keyword\" href=\"https:\/\/www.suno.com.br\/acoes\/MGLU3\/\" target=\"_blank\" rel=\"noopener\" data-force=\"yes\" data-priority=\"2\">Magazine Luiza (MGLU3)<\/a><\/strong>, que estabeleceu esse tempo de entrega em 11 cidades do pa\u00eds &#8211; S\u00e3o Paulo, Bel\u00e9m, Salvador, Recife, Fortaleza, Macei\u00f3, Aracaju, Jo\u00e3o Pessoa e Teresina &#8211; para produtos de at\u00e9 6kg.<\/p>\n<p>Para alcan\u00e7ar prazos de entrega cada vez menores, as grandes companhias precisaram investir em centros de distribui\u00e7\u00e3o (CDs). Nesta ter\u00e7a-feira (16), o <strong>Mercado Livre (MELI34)<\/strong> inaugurou o seu s\u00e9timo CD no Brasil, este \u00faltimo &#8211; localizado em Franco Rocha\/SP &#8211; ser\u00e1 focado em produtos de linha branca (geladeira, fog\u00e3o, m\u00e1quina de lavar) e televisores acima de 50 polegadas, j\u00e1 pensando na estrat\u00e9gia de Black Friday que ocorre no final do m\u00eas.<\/p>\n<p>Outro m\u00e9todo para facilitar a log\u00edstica \u00e9 o uso de lojas f\u00edsicas como minicentros de distribui\u00e7\u00e3o, vantagens do Magazine Luiza, Americanas e <a href=\"https:\/\/www.suno.com.br\/acoes\/viia3\/\"><strong>Via (VIIA3)<\/strong><\/a>. O Magalu, por exemplo, inaugurou apenas em julho deste ano os seus primeiros pontos f\u00edsicos na cidade do Rio de Janeiro. Ap\u00f3s anos de aus\u00eancia na capital fluminense justificando a falta de seguran\u00e7a, a companhia mudou de ideia para poder ampliar o atendimento ao<strong> e-commerce<\/strong>.<\/p>\n\t<p>\n\t\t<a href=\"https:\/\/lp.suno.com.br\/planilha-da-vida-financeira\/\" target=\"_blank\" data-element=\"shortcode-suno-banner\" title=\"Banner SUNO, clique e saiba mais\">\n\t\t\t<picture>\n\t\t\t\t<source media=\"(max-width: 500px)\" srcset=\"https:\/\/files.sunoresearch.com.br\/n\/uploads\/2023\/04\/400x300-Planilha-vida-financeira-true.png\">\n\t\t\t\t<img class=\"newsContent__article__imgCapa newsContent__article__imgCapa--banner\"\n\t\t\t\t\tsrc=\"https:\/\/files.sunoresearch.com.br\/n\/uploads\/2023\/04\/1420x240-Planilha-vida-financeira-true.png\"\n\t\t\t\t\tdata-promo-id=\"106682\"\t\t\t\t\t\t\t\t\t\twidth='1420' height='240'\t\t\t\t\talt=\"https:\/\/files.sunoresearch.com.br\/n\/uploads\/2023\/04\/1420x240-Planilha-vida-financeira-true.png\"\n\t\t\t\t>\n\t\t\t<\/picture>\n\t\t<\/a>\n\t<\/p>\n\n\n<p>A ideia destes centros de distribui\u00e7\u00e3o \u00e9 prestar tamb\u00e9m o<strong> servi\u00e7o completo de log\u00edstica<\/strong>, chamado de <strong>fullfilment<\/strong> &#8211; muito utilizado nos Estados Unidos pela <strong>Amazon (AMZO34)<\/strong> e importando para o Brasil. Basicamente, s\u00e3o opera\u00e7\u00f5es exclusivas para o atendimento de pedidos de e-commerce e suas respectivas devolu\u00e7\u00f5es e que possuem n\u00edveis de estoques de <a class=\"suno-keyword\" href=\"https:\/\/www.suno.com.br\/artigos\/curto-prazo\/\" target=\"_blank\" rel=\"noopener\" data-force=\"no\" data-priority=\"1\">curto prazo<\/a>. Al\u00e9m disso, s\u00e3o armazenados os produtos vendidos pelos sellers das varejistas, aqueles vendedores independentes que utilizam das suas plataformas de marketplace.<\/p>\n<p>Em 2017, entrevistei o Stelleo Tolda, presidente e um dos co-fundadores do Mercado Livre. Na \u00e9poca, a companhia j\u00e1 tinha o foco de vender a log\u00edstica e armazenamento para seus sellers. Desde ent\u00e3o, a estrat\u00e9gia se refinou e o Meli est\u00e1 bem \u00e0 frente dos concorrentes nesse quesito.<\/p>\n<p>A evolu\u00e7\u00e3o do varejo brasileiro s\u00f3 tem a acrescentar a nossa economia, tanto para os consumidores, quanto para quem neste mercado. Em um ano, o segmento de servi\u00e7os de entrega e log\u00edstica criou mais de 88 mil postos de trabalho no Brasil. Quem vai ser o grande vencedor do e-commerce brasileiro ainda n\u00e3o se sabe, mas certamente uma boa log\u00edstica \u00e9 fundamental para a empresa que tiver esse objetivo.<\/p>\n\t<p>\n\t\t<a href=\"\" target=\"_blank\" data-element=\"shortcode-suno-banner\" title=\"Banner SUNO, clique e saiba mais\">\n\t\t\t<picture>\n\t\t\t\t<source media=\"(max-width: 500px)\" srcset=\"\">\n\t\t\t\t<img class=\"newsContent__article__imgCapa newsContent__article__imgCapa--banner\"\n\t\t\t\t\tsrc=\"\"\n\t\t\t\t\tdata-promo-id=\"184190\"\t\t\t\t\t\t\t\t\t\t\t\t\t\t\talt=\"\"\n\t\t\t\t>\n\t\t\t<\/picture>\n\t\t<\/a>\n\t<\/p>\n\n\n","protected":false},"excerpt":{"rendered":"<p>Se formos listar os h\u00e1bitos adquiridos pela popula\u00e7\u00e3o no per\u00edodo de pandemia, com certeza colocaremos a pr\u00e1tica de fazer compras online. No ano de 2020, as vendas do e&#8230;<\/p>\n","protected":false},"author":4,"featured_media":0,"template":"","tags":[2073,548,1235],"class_list":["post-206409","suno_column","type-suno_column","status-publish","hentry","tag-e-commerce","tag-magazine-luiza-mglu3","tag-mercado-livre-meli34"],"yoast_head":"<!-- This site is optimized with the Yoast SEO plugin v24.4 - https:\/\/yoast.com\/wordpress\/plugins\/seo\/ -->\n<title>Corrida pela log\u00edstica no e-commerce - Coluna de Gian Kojikovski<\/title>\n<meta name=\"description\" content=\"Leia a coluna de Gian Kojikovski sobre como a log\u00edstica poder\u00e1 definir o vencedor do e-commerce no Brasil\" \/>\n<meta name=\"robots\" content=\"index, follow, max-snippet:-1, max-image-preview:large, max-video-preview:-1\" \/>\n<link rel=\"canonical\" href=\"https:\/\/www.suno.com.br\/noticias\/colunas\/gian\/corrida-logistica-e-commerce\/\" \/>\n<meta property=\"og:locale\" content=\"pt_BR\" \/>\n<meta property=\"og:type\" content=\"article\" \/>\n<meta property=\"og:title\" content=\"Corrida pela log\u00edstica no e-commerce - Coluna de Gian Kojikovski\" \/>\n<meta property=\"og:description\" content=\"Leia a coluna de Gian Kojikovski sobre como a log\u00edstica poder\u00e1 definir o vencedor do e-commerce no Brasil\" \/>\n<meta property=\"og:url\" content=\"https:\/\/www.suno.com.br\/noticias\/colunas\/gian\/corrida-logistica-e-commerce\/\" \/>\n<meta property=\"og:site_name\" content=\"Suno Not\u00edcias\" \/>\n<meta property=\"article:publisher\" content=\"https:\/\/facebook.com\/sunoresearch\" \/>\n<meta property=\"og:image\" content=\"https:\/\/files.sunoresearch.com.br\/n\/uploads\/2022\/06\/Modelo2.jpg\" \/>\n\t<meta property=\"og:image:width\" content=\"1200\" \/>\n\t<meta property=\"og:image:height\" content=\"627\" \/>\n\t<meta property=\"og:image:type\" content=\"image\/jpeg\" \/>\n<meta name=\"twitter:card\" content=\"summary_large_image\" \/>\n<meta name=\"twitter:site\" content=\"@sunoresearch\" \/>\n<meta name=\"twitter:label1\" content=\"Est. tempo de leitura\" \/>\n\t<meta name=\"twitter:data1\" content=\"3 minutos\" \/>\n<script type=\"application\/ld+json\" class=\"yoast-schema-graph\">{\"@context\":\"https:\/\/schema.org\",\"@graph\":[{\"@type\":\"Article\",\"@id\":\"https:\/\/www.suno.com.br\/noticias\/colunas\/gian\/corrida-logistica-e-commerce\/#article\",\"isPartOf\":{\"@id\":\"https:\/\/www.suno.com.br\/noticias\/colunas\/gian\/corrida-logistica-e-commerce\/\"},\"author\":{\"name\":\"Gian Kojikovski\",\"@id\":\"https:\/\/www.suno.com.br\/noticias\/#\/schema\/person\/8c2753ace9edbc3c59cfa8a971ac5914\"},\"headline\":\"Corrida pela log\u00edstica no e-commerce\",\"datePublished\":\"2021-11-18T11:32:04+00:00\",\"mainEntityOfPage\":{\"@id\":\"https:\/\/www.suno.com.br\/noticias\/colunas\/gian\/corrida-logistica-e-commerce\/\"},\"wordCount\":553,\"publisher\":{\"@id\":\"https:\/\/www.suno.com.br\/noticias\/#organization\"},\"keywords\":[\"e-commerce\",\"Magazine Luiza (MGLU3)\",\"Mercado Livre (MELI34)\"],\"inLanguage\":\"pt-BR\"},{\"@type\":\"WebPage\",\"@id\":\"https:\/\/www.suno.com.br\/noticias\/colunas\/gian\/corrida-logistica-e-commerce\/\",\"url\":\"https:\/\/www.suno.com.br\/noticias\/colunas\/gian\/corrida-logistica-e-commerce\/\",\"name\":\"Corrida pela log\u00edstica no e-commerce - Coluna de Gian Kojikovski\",\"isPartOf\":{\"@id\":\"https:\/\/www.suno.com.br\/noticias\/#website\"},\"datePublished\":\"2021-11-18T11:32:04+00:00\",\"description\":\"Leia a coluna de Gian Kojikovski sobre como a log\u00edstica poder\u00e1 definir o vencedor do e-commerce no Brasil\",\"breadcrumb\":{\"@id\":\"https:\/\/www.suno.com.br\/noticias\/colunas\/gian\/corrida-logistica-e-commerce\/#breadcrumb\"},\"inLanguage\":\"pt-BR\",\"potentialAction\":[{\"@type\":\"ReadAction\",\"target\":[\"https:\/\/www.suno.com.br\/noticias\/colunas\/gian\/corrida-logistica-e-commerce\/\"]}]},{\"@type\":\"BreadcrumbList\",\"@id\":\"https:\/\/www.suno.com.br\/noticias\/colunas\/gian\/corrida-logistica-e-commerce\/#breadcrumb\",\"itemListElement\":[{\"@type\":\"ListItem\",\"position\":1,\"name\":\"Not\u00edcias\",\"item\":\"https:\/\/www.suno.com.br\/noticias\/\"},{\"@type\":\"ListItem\",\"position\":2,\"name\":\"Colunas\",\"item\":\"https:\/\/www.suno.com.br\/noticias\/colunas\/\"},{\"@type\":\"ListItem\",\"position\":3,\"name\":\"Corrida pela log\u00edstica no e-commerce\"}]},{\"@type\":\"WebSite\",\"@id\":\"https:\/\/www.suno.com.br\/noticias\/#website\",\"url\":\"https:\/\/www.suno.com.br\/noticias\/\",\"name\":\"Suno Not\u00edcias\",\"description\":\"Seu portal de informa\u00e7\u00e3o sobre o mundo dos investimentos\",\"publisher\":{\"@id\":\"https:\/\/www.suno.com.br\/noticias\/#organization\"},\"potentialAction\":[{\"@type\":\"SearchAction\",\"target\":{\"@type\":\"EntryPoint\",\"urlTemplate\":\"https:\/\/www.suno.com.br\/noticias\/?s={search_term_string}\"},\"query-input\":{\"@type\":\"PropertyValueSpecification\",\"valueRequired\":true,\"valueName\":\"search_term_string\"}}],\"inLanguage\":\"pt-BR\"},{\"@type\":\"Organization\",\"@id\":\"https:\/\/www.suno.com.br\/noticias\/#organization\",\"name\":\"Suno Not\u00edcias\",\"url\":\"https:\/\/www.suno.com.br\/noticias\/\",\"logo\":{\"@type\":\"ImageObject\",\"inLanguage\":\"pt-BR\",\"@id\":\"https:\/\/www.suno.com.br\/noticias\/#\/schema\/logo\/image\/\",\"url\":\"https:\/\/files.sunoresearch.com.br\/n\/uploads\/2021\/09\/suno-logo.png\",\"contentUrl\":\"https:\/\/files.sunoresearch.com.br\/n\/uploads\/2021\/09\/suno-logo.png\",\"width\":180,\"height\":180,\"caption\":\"Suno Not\u00edcias\"},\"image\":{\"@id\":\"https:\/\/www.suno.com.br\/noticias\/#\/schema\/logo\/image\/\"},\"sameAs\":[\"https:\/\/facebook.com\/sunoresearch\",\"https:\/\/x.com\/sunoresearch\",\"https:\/\/www.instagram.com\/suno\",\"https:\/\/www.linkedin.com\/company\/suno-research\/\",\"https:\/\/www.youtube.com\/c\/sunoresearch\"]},{\"@type\":\"Person\",\"@id\":\"https:\/\/www.suno.com.br\/noticias\/#\/schema\/person\/8c2753ace9edbc3c59cfa8a971ac5914\",\"name\":\"Gian Kojikovski\",\"image\":{\"@type\":\"ImageObject\",\"inLanguage\":\"pt-BR\",\"@id\":\"https:\/\/www.suno.com.br\/noticias\/#\/schema\/person\/image\/\",\"url\":\"https:\/\/secure.gravatar.com\/avatar\/9b6de4deaf8443278f037ed55611af64?s=96&r=g\",\"contentUrl\":\"https:\/\/secure.gravatar.com\/avatar\/9b6de4deaf8443278f037ed55611af64?s=96&r=g\",\"caption\":\"Gian Kojikovski\"},\"description\":\"Gian Kojikovski \u00e9 diretor e s\u00f3cio da Suno e escreve sobre neg\u00f3cios, marketing, pol\u00edtica e finan\u00e7as. Tem passagem pelas reda\u00e7\u00f5es de Veja e Exame e \u00e9 vencedor do Pr\u00eamio CNI de Jornalismo de 2016 na categoria especial de Inova\u00e7\u00e3o e finalista do Citi Journalistic Excellence Award de 2018.\",\"sameAs\":[\"https:\/\/www.suno.com.br\",\"https:\/\/x.com\/https:\/\/twitter.com\/giankojikovski\"],\"url\":\"https:\/\/www.suno.com.br\/noticias\/author\/gian\/\"}]}<\/script>\n<!-- \/ Yoast SEO plugin. -->","yoast_head_json":{"title":"Corrida pela log\u00edstica no e-commerce - Coluna de Gian Kojikovski","description":"Leia a coluna de Gian Kojikovski sobre como a log\u00edstica poder\u00e1 definir o vencedor do e-commerce no Brasil","robots":{"index":"index","follow":"follow","max-snippet":"max-snippet:-1","max-image-preview":"max-image-preview:large","max-video-preview":"max-video-preview:-1"},"canonical":"https:\/\/www.suno.com.br\/noticias\/colunas\/gian\/corrida-logistica-e-commerce\/","og_locale":"pt_BR","og_type":"article","og_title":"Corrida pela log\u00edstica no e-commerce - Coluna de Gian Kojikovski","og_description":"Leia a coluna de Gian Kojikovski sobre como a log\u00edstica poder\u00e1 definir o vencedor do e-commerce no Brasil","og_url":"https:\/\/www.suno.com.br\/noticias\/colunas\/gian\/corrida-logistica-e-commerce\/","og_site_name":"Suno Not\u00edcias","article_publisher":"https:\/\/facebook.com\/sunoresearch","og_image":[{"width":1200,"height":627,"url":"https:\/\/files.sunoresearch.com.br\/n\/uploads\/2022\/06\/Modelo2.jpg","type":"image\/jpeg"}],"twitter_card":"summary_large_image","twitter_site":"@sunoresearch","twitter_misc":{"Est. tempo de leitura":"3 minutos"},"schema":{"@context":"https:\/\/schema.org","@graph":[{"@type":"Article","@id":"https:\/\/www.suno.com.br\/noticias\/colunas\/gian\/corrida-logistica-e-commerce\/#article","isPartOf":{"@id":"https:\/\/www.suno.com.br\/noticias\/colunas\/gian\/corrida-logistica-e-commerce\/"},"author":{"name":"Gian Kojikovski","@id":"https:\/\/www.suno.com.br\/noticias\/#\/schema\/person\/8c2753ace9edbc3c59cfa8a971ac5914"},"headline":"Corrida pela log\u00edstica no e-commerce","datePublished":"2021-11-18T11:32:04+00:00","mainEntityOfPage":{"@id":"https:\/\/www.suno.com.br\/noticias\/colunas\/gian\/corrida-logistica-e-commerce\/"},"wordCount":553,"publisher":{"@id":"https:\/\/www.suno.com.br\/noticias\/#organization"},"keywords":["e-commerce","Magazine Luiza (MGLU3)","Mercado Livre (MELI34)"],"inLanguage":"pt-BR"},{"@type":"WebPage","@id":"https:\/\/www.suno.com.br\/noticias\/colunas\/gian\/corrida-logistica-e-commerce\/","url":"https:\/\/www.suno.com.br\/noticias\/colunas\/gian\/corrida-logistica-e-commerce\/","name":"Corrida pela log\u00edstica no e-commerce - Coluna de Gian Kojikovski","isPartOf":{"@id":"https:\/\/www.suno.com.br\/noticias\/#website"},"datePublished":"2021-11-18T11:32:04+00:00","description":"Leia a coluna de Gian Kojikovski sobre como a log\u00edstica poder\u00e1 definir o vencedor do e-commerce no Brasil","breadcrumb":{"@id":"https:\/\/www.suno.com.br\/noticias\/colunas\/gian\/corrida-logistica-e-commerce\/#breadcrumb"},"inLanguage":"pt-BR","potentialAction":[{"@type":"ReadAction","target":["https:\/\/www.suno.com.br\/noticias\/colunas\/gian\/corrida-logistica-e-commerce\/"]}]},{"@type":"BreadcrumbList","@id":"https:\/\/www.suno.com.br\/noticias\/colunas\/gian\/corrida-logistica-e-commerce\/#breadcrumb","itemListElement":[{"@type":"ListItem","position":1,"name":"Not\u00edcias","item":"https:\/\/www.suno.com.br\/noticias\/"},{"@type":"ListItem","position":2,"name":"Colunas","item":"https:\/\/www.suno.com.br\/noticias\/colunas\/"},{"@type":"ListItem","position":3,"name":"Corrida pela log\u00edstica no e-commerce"}]},{"@type":"WebSite","@id":"https:\/\/www.suno.com.br\/noticias\/#website","url":"https:\/\/www.suno.com.br\/noticias\/","name":"Suno Not\u00edcias","description":"Seu portal de informa\u00e7\u00e3o sobre o mundo dos investimentos","publisher":{"@id":"https:\/\/www.suno.com.br\/noticias\/#organization"},"potentialAction":[{"@type":"SearchAction","target":{"@type":"EntryPoint","urlTemplate":"https:\/\/www.suno.com.br\/noticias\/?s={search_term_string}"},"query-input":{"@type":"PropertyValueSpecification","valueRequired":true,"valueName":"search_term_string"}}],"inLanguage":"pt-BR"},{"@type":"Organization","@id":"https:\/\/www.suno.com.br\/noticias\/#organization","name":"Suno Not\u00edcias","url":"https:\/\/www.suno.com.br\/noticias\/","logo":{"@type":"ImageObject","inLanguage":"pt-BR","@id":"https:\/\/www.suno.com.br\/noticias\/#\/schema\/logo\/image\/","url":"https:\/\/files.sunoresearch.com.br\/n\/uploads\/2021\/09\/suno-logo.png","contentUrl":"https:\/\/files.sunoresearch.com.br\/n\/uploads\/2021\/09\/suno-logo.png","width":180,"height":180,"caption":"Suno Not\u00edcias"},"image":{"@id":"https:\/\/www.suno.com.br\/noticias\/#\/schema\/logo\/image\/"},"sameAs":["https:\/\/facebook.com\/sunoresearch","https:\/\/x.com\/sunoresearch","https:\/\/www.instagram.com\/suno","https:\/\/www.linkedin.com\/company\/suno-research\/","https:\/\/www.youtube.com\/c\/sunoresearch"]},{"@type":"Person","@id":"https:\/\/www.suno.com.br\/noticias\/#\/schema\/person\/8c2753ace9edbc3c59cfa8a971ac5914","name":"Gian Kojikovski","image":{"@type":"ImageObject","inLanguage":"pt-BR","@id":"https:\/\/www.suno.com.br\/noticias\/#\/schema\/person\/image\/","url":"https:\/\/secure.gravatar.com\/avatar\/9b6de4deaf8443278f037ed55611af64?s=96&r=g","contentUrl":"https:\/\/secure.gravatar.com\/avatar\/9b6de4deaf8443278f037ed55611af64?s=96&r=g","caption":"Gian Kojikovski"},"description":"Gian Kojikovski \u00e9 diretor e s\u00f3cio da Suno e escreve sobre neg\u00f3cios, marketing, pol\u00edtica e finan\u00e7as. Tem passagem pelas reda\u00e7\u00f5es de Veja e Exame e \u00e9 vencedor do Pr\u00eamio CNI de Jornalismo de 2016 na categoria especial de Inova\u00e7\u00e3o e finalista do Citi Journalistic Excellence Award de 2018.","sameAs":["https:\/\/www.suno.com.br","https:\/\/x.com\/https:\/\/twitter.com\/giankojikovski"],"url":"https:\/\/www.suno.com.br\/noticias\/author\/gian\/"}]}},"amp_enabled":true,"_links":{"self":[{"href":"https:\/\/www.suno.com.br\/noticias\/wp-json\/wp\/v2\/suno_column\/206409"}],"collection":[{"href":"https:\/\/www.suno.com.br\/noticias\/wp-json\/wp\/v2\/suno_column"}],"about":[{"href":"https:\/\/www.suno.com.br\/noticias\/wp-json\/wp\/v2\/types\/suno_column"}],"author":[{"embeddable":true,"href":"https:\/\/www.suno.com.br\/noticias\/wp-json\/wp\/v2\/users\/4"}],"wp:attachment":[{"href":"https:\/\/www.suno.com.br\/noticias\/wp-json\/wp\/v2\/media?parent=206409"}],"wp:term":[{"taxonomy":"post_tag","embeddable":true,"href":"https:\/\/www.suno.com.br\/noticias\/wp-json\/wp\/v2\/tags?post=206409"}],"curies":[{"name":"wp","href":"https:\/\/api.w.org\/{rel}","templated":true}]}}