{"id":205569,"date":"2021-11-16T10:28:22","date_gmt":"2021-11-16T13:28:22","guid":{"rendered":"https:\/\/www.suno.com.br\/noticias\/colunas\/natalia-gomez\/\/"},"modified":"2021-11-16T10:28:22","modified_gmt":"2021-11-16T13:28:22","slug":"crescimento-zero-2022-pib","status":"publish","type":"suno_column","link":"https:\/\/www.suno.com.br\/noticias\/colunas\/alan-gandelman\/crescimento-zero-2022-pib\/","title":{"rendered":"Crescimento zero em 2022?"},"content":{"rendered":"<p>Mais um <strong>IPCA<\/strong> recorde, e a infla\u00e7\u00e3o n\u00e3o d\u00e1 tr\u00e9gua. Segue subindo m\u00eas a m\u00eas, numa reta \u00edngreme e sem grandes sinais de desacelera\u00e7\u00e3o.<\/p>\n\t<p>\n\t\t<a href=\"https:\/\/lp.suno.com.br\/planilha-controle-gastos\/\" target=\"_blank\" data-element=\"shortcode-suno-banner\" title=\"Banner SUNO, clique e saiba mais\">\n\t\t\t<picture>\n\t\t\t\t<source media=\"(max-width: 500px)\" srcset=\"https:\/\/files.sunoresearch.com.br\/n\/uploads\/2023\/03\/400x300-Planilha-controle-de-gastos.png\">\n\t\t\t\t<img class=\"newsContent__article__imgCapa newsContent__article__imgCapa--banner\"\n\t\t\t\t\tsrc=\"https:\/\/files.sunoresearch.com.br\/n\/uploads\/2023\/03\/1420x240-Planilha-controle-de-gastos.png\"\n\t\t\t\t\tdata-promo-id=\"101751\"\t\t\t\t\t\t\t\t\t\twidth='1420' height='240'\t\t\t\t\talt=\"https:\/\/files.sunoresearch.com.br\/n\/uploads\/2023\/03\/1420x240-Planilha-controle-de-gastos.png\"\n\t\t\t\t>\n\t\t\t<\/picture>\n\t\t<\/a>\n\t<\/p>\n\n\n<p>Os <strong>juros b\u00e1sicos<\/strong> (Selic) j\u00e1 est\u00e3o em 7,75% e apontam para mais um aumento de pelo menos 1,5 na pr\u00f3xima <a class=\"suno-keyword\" href=\"https:\/\/www.suno.com.br\/artigos\/copom\/\" target=\"_blank\" rel=\"noopener\" data-force=\"no\" data-priority=\"2\">reuni\u00e3o do Copom<\/a> em dezembro. Logo, fechamos o ano com a taxa b\u00e1sica em pelo menos 9,25%, e com uma infla\u00e7\u00e3o na casa dos dois d\u00edgitos.<\/p>\n<p>A <a class=\"suno-keyword\" href=\"https:\/\/www.suno.com.br\/artigos\/politica-fiscal\/\" target=\"_blank\" rel=\"noopener\" data-force=\"no\" data-priority=\"1\">pol\u00edtica fiscal<\/a> j\u00e1 \u00e9 conhecida: sobe os juros para segurar a demanda, dificultar o acesso ao cr\u00e9dito e com isso, segurar a<strong> infla\u00e7\u00e3o<\/strong>.<\/p>\n<p>Teoricamente isso funcionaria parcialmente. No entanto, estamos vindo de uma pandemia global que paralisou praticamente o mundo inteiro, e muito dessa infla\u00e7\u00e3o corrente \u00e9 uma <strong>infla\u00e7\u00e3o de custo<\/strong>, e n\u00e3o propriamente de demanda. E \u00e9 justamente a\u00ed que mora o perigo.<\/p>\n<p>Acrescenta-se a esse fato, as incertezas fiscais e politicas, que s\u00f3 aumentam no que teremos no pr\u00f3ximo ano\u2026 elei\u00e7\u00f5es.<\/p>\n\t<p>\n\t\t<a href=\"https:\/\/lp.suno.com.br\/planilha-da-vida-financeira\/\" target=\"_blank\" data-element=\"shortcode-suno-banner\" title=\"Banner SUNO, clique e saiba mais\">\n\t\t\t<picture>\n\t\t\t\t<source media=\"(max-width: 500px)\" srcset=\"https:\/\/files.sunoresearch.com.br\/n\/uploads\/2023\/04\/400x300-Planilha-vida-financeira-true.png\">\n\t\t\t\t<img class=\"newsContent__article__imgCapa newsContent__article__imgCapa--banner\"\n\t\t\t\t\tsrc=\"https:\/\/files.sunoresearch.com.br\/n\/uploads\/2023\/04\/1420x240-Planilha-vida-financeira-true.png\"\n\t\t\t\t\tdata-promo-id=\"106682\"\t\t\t\t\t\t\t\t\t\twidth='1420' height='240'\t\t\t\t\talt=\"https:\/\/files.sunoresearch.com.br\/n\/uploads\/2023\/04\/1420x240-Planilha-vida-financeira-true.png\"\n\t\t\t\t>\n\t\t\t<\/picture>\n\t\t<\/a>\n\t<\/p>\n\n\n<p>Esse cen\u00e1rio de incerteza dever\u00e1 manter a cota\u00e7\u00e3o do d\u00f3lar alta, aliada ao cen\u00e1rio externo que pouco temos como controlar, como a <a class=\"suno-keyword\" href=\"https:\/\/www.suno.com.br\/artigos\/cotacao-do-petroleo\/\" target=\"_blank\" rel=\"noopener\" data-force=\"no\" data-priority=\"1\">cota\u00e7\u00e3o do petr\u00f3leo<\/a> e os pre\u00e7os das commodities. Fica cada vez mais dif\u00edcil uma previs\u00e3o acertada de uma alta (se \u00e9 que teremos alguma alta ) para o <strong>PIB de 2022<\/strong>.<\/p>\n<p>Com todos esses fatores, as inc\u00f3gnitas em rela\u00e7\u00e3o \u00e0<strong> economia brasileira<\/strong> em 2022 superam (e muito) as certezas\u2026 Fazendo com que, para muitos, crescimento zero em 2022 j\u00e1 seja uma enorme vit\u00f3ria.<\/p>\n<p>Pessoalmente , acredito ainda que haja uma retra\u00e7\u00e3o da infla\u00e7\u00e3o em meados do ano que vem, e mesmo que tenhamos um \u2018Pibinho\u2019, qualquer n\u00famero acima de zero me parece ser um grande resultado, em face da atual conjuntura. Mas eu sou suspeito, tor\u00e7o sempre, al\u00e9m de acreditar no papai Noel e na cegonha.<\/p>\n\t<p>\n\t\t<a href=\"https:\/\/lp.suno.com.br\/ebook-como-analisar-uma-acao\/\" target=\"_blank\" data-element=\"shortcode-suno-banner\" title=\"Banner SUNO, clique e saiba mais\">\n\t\t\t<picture>\n\t\t\t\t<source media=\"(max-width: 500px)\" srcset=\"https:\/\/files.sunoresearch.com.br\/n\/uploads\/2023\/03\/Ebook-Acoes-Mobile-1.jpg\">\n\t\t\t\t<img class=\"newsContent__article__imgCapa newsContent__article__imgCapa--banner\"\n\t\t\t\t\tsrc=\"https:\/\/files.sunoresearch.com.br\/n\/uploads\/2023\/03\/Ebook-Acoes-Desktop-1.jpg\"\n\t\t\t\t\tdata-promo-id=\"171998\"\t\t\t\t\t\t\t\t\t\twidth='1420' height='286'\t\t\t\t\talt=\"https:\/\/files.sunoresearch.com.br\/n\/uploads\/2023\/03\/Ebook-Acoes-Desktop-1.jpg\"\n\t\t\t\t>\n\t\t\t<\/picture>\n\t\t<\/a>\n\t<\/p>\n\n\n","protected":false},"excerpt":{"rendered":"<p>Mais um IPCA recorde, e a infla\u00e7\u00e3o n\u00e3o d\u00e1 tr\u00e9gua. Segue subindo m\u00eas a m\u00eas, numa reta \u00edngreme e sem grandes sinais de desacelera\u00e7\u00e3o. Os juros b\u00e1sicos (Selic) j\u00e1 est\u00e3o e&#8230;<\/p>\n","protected":false},"author":133,"featured_media":0,"template":"","tags":[],"class_list":["post-205569","suno_column","type-suno_column","status-publish","hentry"],"yoast_head":"<!-- This site is optimized with the Yoast SEO plugin v24.4 - https:\/\/yoast.com\/wordpress\/plugins\/seo\/ -->\n<title>Crescimento zero em 2022? - Suno Not\u00edcias<\/title>\n<meta name=\"description\" content=\"Qualquer n\u00famero acima de zero para o PIB em 2022 seria considerado um grande resultado, em face da atual conjuntura. Leia mais nesta coluna.\" \/>\n<meta name=\"robots\" content=\"index, follow, max-snippet:-1, max-image-preview:large, max-video-preview:-1\" \/>\n<link rel=\"canonical\" href=\"https:\/\/www.suno.com.br\/noticias\/colunas\/alan-gandelman\/crescimento-zero-2022-pib\/\" \/>\n<meta property=\"og:locale\" content=\"pt_BR\" \/>\n<meta property=\"og:type\" content=\"article\" \/>\n<meta property=\"og:title\" content=\"Crescimento zero em 2022? - Suno Not\u00edcias\" \/>\n<meta property=\"og:description\" content=\"Qualquer n\u00famero acima de zero para o PIB em 2022 seria considerado um grande resultado, em face da atual conjuntura. Leia mais nesta coluna.\" \/>\n<meta property=\"og:url\" content=\"https:\/\/www.suno.com.br\/noticias\/colunas\/alan-gandelman\/crescimento-zero-2022-pib\/\" \/>\n<meta property=\"og:site_name\" content=\"Suno Not\u00edcias\" \/>\n<meta property=\"article:publisher\" content=\"https:\/\/facebook.com\/sunoresearch\" \/>\n<meta property=\"og:image\" content=\"https:\/\/files.sunoresearch.com.br\/n\/uploads\/2022\/06\/Modelo2.jpg\" \/>\n\t<meta property=\"og:image:width\" content=\"1200\" \/>\n\t<meta property=\"og:image:height\" content=\"627\" \/>\n\t<meta property=\"og:image:type\" content=\"image\/jpeg\" \/>\n<meta name=\"twitter:card\" content=\"summary_large_image\" \/>\n<meta name=\"twitter:site\" content=\"@sunoresearch\" \/>\n<meta name=\"twitter:label1\" content=\"Est. tempo de leitura\" \/>\n\t<meta name=\"twitter:data1\" content=\"2 minutos\" \/>\n<script type=\"application\/ld+json\" class=\"yoast-schema-graph\">{\"@context\":\"https:\/\/schema.org\",\"@graph\":[{\"@type\":\"Article\",\"@id\":\"https:\/\/www.suno.com.br\/noticias\/colunas\/alan-gandelman\/crescimento-zero-2022-pib\/#article\",\"isPartOf\":{\"@id\":\"https:\/\/www.suno.com.br\/noticias\/colunas\/alan-gandelman\/crescimento-zero-2022-pib\/\"},\"author\":{\"name\":\"Alan Gandelman\",\"@id\":\"https:\/\/www.suno.com.br\/noticias\/#\/schema\/person\/316fb6ba899e8c2812694e5b0b32e316\"},\"headline\":\"Crescimento zero em 2022?\",\"datePublished\":\"2021-11-16T13:28:22+00:00\",\"mainEntityOfPage\":{\"@id\":\"https:\/\/www.suno.com.br\/noticias\/colunas\/alan-gandelman\/crescimento-zero-2022-pib\/\"},\"wordCount\":329,\"publisher\":{\"@id\":\"https:\/\/www.suno.com.br\/noticias\/#organization\"},\"inLanguage\":\"pt-BR\"},{\"@type\":\"WebPage\",\"@id\":\"https:\/\/www.suno.com.br\/noticias\/colunas\/alan-gandelman\/crescimento-zero-2022-pib\/\",\"url\":\"https:\/\/www.suno.com.br\/noticias\/colunas\/alan-gandelman\/crescimento-zero-2022-pib\/\",\"name\":\"Crescimento zero em 2022? - Suno Not\u00edcias\",\"isPartOf\":{\"@id\":\"https:\/\/www.suno.com.br\/noticias\/#website\"},\"datePublished\":\"2021-11-16T13:28:22+00:00\",\"description\":\"Qualquer n\u00famero acima de zero para o PIB em 2022 seria considerado um grande resultado, em face da atual conjuntura. Leia mais nesta coluna.\",\"breadcrumb\":{\"@id\":\"https:\/\/www.suno.com.br\/noticias\/colunas\/alan-gandelman\/crescimento-zero-2022-pib\/#breadcrumb\"},\"inLanguage\":\"pt-BR\",\"potentialAction\":[{\"@type\":\"ReadAction\",\"target\":[\"https:\/\/www.suno.com.br\/noticias\/colunas\/alan-gandelman\/crescimento-zero-2022-pib\/\"]}]},{\"@type\":\"BreadcrumbList\",\"@id\":\"https:\/\/www.suno.com.br\/noticias\/colunas\/alan-gandelman\/crescimento-zero-2022-pib\/#breadcrumb\",\"itemListElement\":[{\"@type\":\"ListItem\",\"position\":1,\"name\":\"Not\u00edcias\",\"item\":\"https:\/\/www.suno.com.br\/noticias\/\"},{\"@type\":\"ListItem\",\"position\":2,\"name\":\"Colunas\",\"item\":\"https:\/\/www.suno.com.br\/noticias\/colunas\/\"},{\"@type\":\"ListItem\",\"position\":3,\"name\":\"Crescimento zero em 2022?\"}]},{\"@type\":\"WebSite\",\"@id\":\"https:\/\/www.suno.com.br\/noticias\/#website\",\"url\":\"https:\/\/www.suno.com.br\/noticias\/\",\"name\":\"Suno Not\u00edcias\",\"description\":\"Seu portal de informa\u00e7\u00e3o sobre o mundo dos investimentos\",\"publisher\":{\"@id\":\"https:\/\/www.suno.com.br\/noticias\/#organization\"},\"potentialAction\":[{\"@type\":\"SearchAction\",\"target\":{\"@type\":\"EntryPoint\",\"urlTemplate\":\"https:\/\/www.suno.com.br\/noticias\/?s={search_term_string}\"},\"query-input\":{\"@type\":\"PropertyValueSpecification\",\"valueRequired\":true,\"valueName\":\"search_term_string\"}}],\"inLanguage\":\"pt-BR\"},{\"@type\":\"Organization\",\"@id\":\"https:\/\/www.suno.com.br\/noticias\/#organization\",\"name\":\"Suno Not\u00edcias\",\"url\":\"https:\/\/www.suno.com.br\/noticias\/\",\"logo\":{\"@type\":\"ImageObject\",\"inLanguage\":\"pt-BR\",\"@id\":\"https:\/\/www.suno.com.br\/noticias\/#\/schema\/logo\/image\/\",\"url\":\"https:\/\/files.sunoresearch.com.br\/n\/uploads\/2021\/09\/suno-logo.png\",\"contentUrl\":\"https:\/\/files.sunoresearch.com.br\/n\/uploads\/2021\/09\/suno-logo.png\",\"width\":180,\"height\":180,\"caption\":\"Suno Not\u00edcias\"},\"image\":{\"@id\":\"https:\/\/www.suno.com.br\/noticias\/#\/schema\/logo\/image\/\"},\"sameAs\":[\"https:\/\/facebook.com\/sunoresearch\",\"https:\/\/x.com\/sunoresearch\",\"https:\/\/www.instagram.com\/suno\",\"https:\/\/www.linkedin.com\/company\/suno-research\/\",\"https:\/\/www.youtube.com\/c\/sunoresearch\"]},{\"@type\":\"Person\",\"@id\":\"https:\/\/www.suno.com.br\/noticias\/#\/schema\/person\/316fb6ba899e8c2812694e5b0b32e316\",\"name\":\"Alan Gandelman\",\"image\":{\"@type\":\"ImageObject\",\"inLanguage\":\"pt-BR\",\"@id\":\"https:\/\/www.suno.com.br\/noticias\/#\/schema\/person\/image\/\",\"url\":\"https:\/\/secure.gravatar.com\/avatar\/f6092ed573a488cd4b712f95b9293f9c?s=96&r=g\",\"contentUrl\":\"https:\/\/secure.gravatar.com\/avatar\/f6092ed573a488cd4b712f95b9293f9c?s=96&r=g\",\"caption\":\"Alan Gandelman\"},\"description\":\"Trabalhou no exterior em bancos como Goldman Sachs e Bear Sterns. Foi s\u00f3cio da Agora corretora, fundou e foi CEO da Icap no Brasil, Vice presidente da BGC em Dubai para mercados emergentes e hoje \u00e9 Vice Presidente do grupo Planner e CEO da corretora.\",\"url\":\"https:\/\/www.suno.com.br\/noticias\/author\/alan-gandelman\/\"}]}<\/script>\n<!-- \/ Yoast SEO plugin. -->","yoast_head_json":{"title":"Crescimento zero em 2022? - Suno Not\u00edcias","description":"Qualquer n\u00famero acima de zero para o PIB em 2022 seria considerado um grande resultado, em face da atual conjuntura. Leia mais nesta coluna.","robots":{"index":"index","follow":"follow","max-snippet":"max-snippet:-1","max-image-preview":"max-image-preview:large","max-video-preview":"max-video-preview:-1"},"canonical":"https:\/\/www.suno.com.br\/noticias\/colunas\/alan-gandelman\/crescimento-zero-2022-pib\/","og_locale":"pt_BR","og_type":"article","og_title":"Crescimento zero em 2022? - Suno Not\u00edcias","og_description":"Qualquer n\u00famero acima de zero para o PIB em 2022 seria considerado um grande resultado, em face da atual conjuntura. Leia mais nesta coluna.","og_url":"https:\/\/www.suno.com.br\/noticias\/colunas\/alan-gandelman\/crescimento-zero-2022-pib\/","og_site_name":"Suno Not\u00edcias","article_publisher":"https:\/\/facebook.com\/sunoresearch","og_image":[{"width":1200,"height":627,"url":"https:\/\/files.sunoresearch.com.br\/n\/uploads\/2022\/06\/Modelo2.jpg","type":"image\/jpeg"}],"twitter_card":"summary_large_image","twitter_site":"@sunoresearch","twitter_misc":{"Est. tempo de leitura":"2 minutos"},"schema":{"@context":"https:\/\/schema.org","@graph":[{"@type":"Article","@id":"https:\/\/www.suno.com.br\/noticias\/colunas\/alan-gandelman\/crescimento-zero-2022-pib\/#article","isPartOf":{"@id":"https:\/\/www.suno.com.br\/noticias\/colunas\/alan-gandelman\/crescimento-zero-2022-pib\/"},"author":{"name":"Alan Gandelman","@id":"https:\/\/www.suno.com.br\/noticias\/#\/schema\/person\/316fb6ba899e8c2812694e5b0b32e316"},"headline":"Crescimento zero em 2022?","datePublished":"2021-11-16T13:28:22+00:00","mainEntityOfPage":{"@id":"https:\/\/www.suno.com.br\/noticias\/colunas\/alan-gandelman\/crescimento-zero-2022-pib\/"},"wordCount":329,"publisher":{"@id":"https:\/\/www.suno.com.br\/noticias\/#organization"},"inLanguage":"pt-BR"},{"@type":"WebPage","@id":"https:\/\/www.suno.com.br\/noticias\/colunas\/alan-gandelman\/crescimento-zero-2022-pib\/","url":"https:\/\/www.suno.com.br\/noticias\/colunas\/alan-gandelman\/crescimento-zero-2022-pib\/","name":"Crescimento zero em 2022? - Suno Not\u00edcias","isPartOf":{"@id":"https:\/\/www.suno.com.br\/noticias\/#website"},"datePublished":"2021-11-16T13:28:22+00:00","description":"Qualquer n\u00famero acima de zero para o PIB em 2022 seria considerado um grande resultado, em face da atual conjuntura. Leia mais nesta coluna.","breadcrumb":{"@id":"https:\/\/www.suno.com.br\/noticias\/colunas\/alan-gandelman\/crescimento-zero-2022-pib\/#breadcrumb"},"inLanguage":"pt-BR","potentialAction":[{"@type":"ReadAction","target":["https:\/\/www.suno.com.br\/noticias\/colunas\/alan-gandelman\/crescimento-zero-2022-pib\/"]}]},{"@type":"BreadcrumbList","@id":"https:\/\/www.suno.com.br\/noticias\/colunas\/alan-gandelman\/crescimento-zero-2022-pib\/#breadcrumb","itemListElement":[{"@type":"ListItem","position":1,"name":"Not\u00edcias","item":"https:\/\/www.suno.com.br\/noticias\/"},{"@type":"ListItem","position":2,"name":"Colunas","item":"https:\/\/www.suno.com.br\/noticias\/colunas\/"},{"@type":"ListItem","position":3,"name":"Crescimento zero em 2022?"}]},{"@type":"WebSite","@id":"https:\/\/www.suno.com.br\/noticias\/#website","url":"https:\/\/www.suno.com.br\/noticias\/","name":"Suno Not\u00edcias","description":"Seu portal de informa\u00e7\u00e3o sobre o mundo dos investimentos","publisher":{"@id":"https:\/\/www.suno.com.br\/noticias\/#organization"},"potentialAction":[{"@type":"SearchAction","target":{"@type":"EntryPoint","urlTemplate":"https:\/\/www.suno.com.br\/noticias\/?s={search_term_string}"},"query-input":{"@type":"PropertyValueSpecification","valueRequired":true,"valueName":"search_term_string"}}],"inLanguage":"pt-BR"},{"@type":"Organization","@id":"https:\/\/www.suno.com.br\/noticias\/#organization","name":"Suno Not\u00edcias","url":"https:\/\/www.suno.com.br\/noticias\/","logo":{"@type":"ImageObject","inLanguage":"pt-BR","@id":"https:\/\/www.suno.com.br\/noticias\/#\/schema\/logo\/image\/","url":"https:\/\/files.sunoresearch.com.br\/n\/uploads\/2021\/09\/suno-logo.png","contentUrl":"https:\/\/files.sunoresearch.com.br\/n\/uploads\/2021\/09\/suno-logo.png","width":180,"height":180,"caption":"Suno Not\u00edcias"},"image":{"@id":"https:\/\/www.suno.com.br\/noticias\/#\/schema\/logo\/image\/"},"sameAs":["https:\/\/facebook.com\/sunoresearch","https:\/\/x.com\/sunoresearch","https:\/\/www.instagram.com\/suno","https:\/\/www.linkedin.com\/company\/suno-research\/","https:\/\/www.youtube.com\/c\/sunoresearch"]},{"@type":"Person","@id":"https:\/\/www.suno.com.br\/noticias\/#\/schema\/person\/316fb6ba899e8c2812694e5b0b32e316","name":"Alan Gandelman","image":{"@type":"ImageObject","inLanguage":"pt-BR","@id":"https:\/\/www.suno.com.br\/noticias\/#\/schema\/person\/image\/","url":"https:\/\/secure.gravatar.com\/avatar\/f6092ed573a488cd4b712f95b9293f9c?s=96&r=g","contentUrl":"https:\/\/secure.gravatar.com\/avatar\/f6092ed573a488cd4b712f95b9293f9c?s=96&r=g","caption":"Alan Gandelman"},"description":"Trabalhou no exterior em bancos como Goldman Sachs e Bear Sterns. Foi s\u00f3cio da Agora corretora, fundou e foi CEO da Icap no Brasil, Vice presidente da BGC em Dubai para mercados emergentes e hoje \u00e9 Vice Presidente do grupo Planner e CEO da corretora.","url":"https:\/\/www.suno.com.br\/noticias\/author\/alan-gandelman\/"}]}},"amp_enabled":true,"_links":{"self":[{"href":"https:\/\/www.suno.com.br\/noticias\/wp-json\/wp\/v2\/suno_column\/205569"}],"collection":[{"href":"https:\/\/www.suno.com.br\/noticias\/wp-json\/wp\/v2\/suno_column"}],"about":[{"href":"https:\/\/www.suno.com.br\/noticias\/wp-json\/wp\/v2\/types\/suno_column"}],"author":[{"embeddable":true,"href":"https:\/\/www.suno.com.br\/noticias\/wp-json\/wp\/v2\/users\/133"}],"wp:attachment":[{"href":"https:\/\/www.suno.com.br\/noticias\/wp-json\/wp\/v2\/media?parent=205569"}],"wp:term":[{"taxonomy":"post_tag","embeddable":true,"href":"https:\/\/www.suno.com.br\/noticias\/wp-json\/wp\/v2\/tags?post=205569"}],"curies":[{"name":"wp","href":"https:\/\/api.w.org\/{rel}","templated":true}]}}