{"id":203938,"date":"2021-11-11T07:38:46","date_gmt":"2021-11-11T10:38:46","guid":{"rendered":"https:\/\/www.suno.com.br\/noticias\/colunas\/felipe-areia\/"},"modified":"2021-11-11T07:38:46","modified_gmt":"2021-11-11T10:38:46","slug":"apagao-ti-economia-brasileira","status":"publish","type":"suno_column","link":"https:\/\/www.suno.com.br\/noticias\/colunas\/gian\/apagao-ti-economia-brasileira\/","title":{"rendered":"O apag\u00e3o de profissionais de TI e os riscos para a economia brasileira"},"content":{"rendered":"<p>Imagino que boa parte dos que est\u00e3o lendo essa coluna, quando jovens, ouviram conselhos dos pais para estudarem em faculdades de medicina, engenharia, direito, entre outras mais tradicionais. H\u00e1 n\u00e3o muito tempo, fazia muito sentido, dada a demanda quase certa de m\u00e3o de obra para as pessoas formadas nesses cursos.<\/p>\n\t<p>\n\t\t<a href=\"https:\/\/lp.suno.com.br\/planilha-controle-gastos\/\" target=\"_blank\" data-element=\"shortcode-suno-banner\" title=\"Banner SUNO, clique e saiba mais\">\n\t\t\t<picture>\n\t\t\t\t<source media=\"(max-width: 500px)\" srcset=\"https:\/\/files.sunoresearch.com.br\/n\/uploads\/2023\/03\/400x300-Planilha-controle-de-gastos.png\">\n\t\t\t\t<img class=\"newsContent__article__imgCapa newsContent__article__imgCapa--banner\"\n\t\t\t\t\tsrc=\"https:\/\/files.sunoresearch.com.br\/n\/uploads\/2023\/03\/1420x240-Planilha-controle-de-gastos.png\"\n\t\t\t\t\tdata-promo-id=\"101751\"\t\t\t\t\t\t\t\t\t\twidth='1420' height='240'\t\t\t\t\talt=\"https:\/\/files.sunoresearch.com.br\/n\/uploads\/2023\/03\/1420x240-Planilha-controle-de-gastos.png\"\n\t\t\t\t>\n\t\t\t<\/picture>\n\t\t<\/a>\n\t<\/p>\n\n\n<p>Hoje, o cen\u00e1rio \u00e9 bastante diferente. N\u00e3o que essas profiss\u00f5es n\u00e3o sejam mais valorizadas &#8211; embora o mercado n\u00e3o seja mais t\u00e3o certo como antes -, mas novas atividades relacionadas ao <strong>setor de tecnologia<\/strong> oferecem a mesma ou at\u00e9 mesmo mais estabilidade. Em v\u00e1rios casos, tamb\u00e9m possibilitam uma <strong>remunera\u00e7\u00e3o maior<\/strong> do que cursos mais convencionais.<\/p>\n<p>Segundo estimativas da Brasscom (a Associa\u00e7\u00e3o Brasileira das Empresas de Tecnologia da Informa\u00e7\u00e3o e Comunica\u00e7\u00e3o), at\u00e9 2024 ser\u00e3o 421 mil postos de trabalho criados no <strong>setor de Tecnologia da Informa\u00e7\u00e3o<\/strong> no Brasil. S\u00e3o mais de 100 mil novas vagas anuais, para um pa\u00eds que forma menos de 50 mil novos profissionais de TI por ano.<\/p>\n<p>Mas a <strong>falta de m\u00e3o de obra<\/strong> n\u00e3o \u00e9 o \u00fanico problema para as empresas brasileiras que procuram por profissionais como desenvolvedores e engenheiros de dados. A concorr\u00eancia com as ofertas de emprego no exterior tamb\u00e9m \u00e9 um alerta. Com todos os problemas no Brasil e uma moeda cada vez mais fraca, al\u00e9m das facilidades que a tecnologia (e, em partes, a pandemia) trouxe para o home office, profissionais do pa\u00eds se tornaram cada vez mais alvos de empresas da Europa e da Am\u00e9rica do Norte. Sal\u00e1rios entre 5 e 7 e at\u00e9 10 mil d\u00f3lares viraram comuns para profissionais em meio de carreira. O fen\u00f4meno \u00e9 parecido com o que pa\u00edses do sudeste asi\u00e1tico atravessaram na primeira d\u00e9cada deste s\u00e9culo.<\/p>\n\t<p>\n\t\t<a href=\"https:\/\/lp.suno.com.br\/planilha-da-vida-financeira\/\" target=\"_blank\" data-element=\"shortcode-suno-banner\" title=\"Banner SUNO, clique e saiba mais\">\n\t\t\t<picture>\n\t\t\t\t<source media=\"(max-width: 500px)\" srcset=\"https:\/\/files.sunoresearch.com.br\/n\/uploads\/2023\/04\/400x300-Planilha-vida-financeira-true.png\">\n\t\t\t\t<img class=\"newsContent__article__imgCapa newsContent__article__imgCapa--banner\"\n\t\t\t\t\tsrc=\"https:\/\/files.sunoresearch.com.br\/n\/uploads\/2023\/04\/1420x240-Planilha-vida-financeira-true.png\"\n\t\t\t\t\tdata-promo-id=\"106682\"\t\t\t\t\t\t\t\t\t\twidth='1420' height='240'\t\t\t\t\talt=\"https:\/\/files.sunoresearch.com.br\/n\/uploads\/2023\/04\/1420x240-Planilha-vida-financeira-true.png\"\n\t\t\t\t>\n\t\t\t<\/picture>\n\t\t<\/a>\n\t<\/p>\n\n\n<p>Para dar um exemplo r\u00e1pido, ainda antes da pandemia, a Alemanha, um dos destinos mais procurados por brasileiros, deu 1,5 mil vistos de trabalho para quem migrou do Brasil para trabalhar com ci\u00eancia e tecnologia no pa\u00eds. Outros locais, como o Canad\u00e1, t\u00eam programas exclusivos para facilitar a migra\u00e7\u00e3o de profissionais dessa \u00e1rea.<\/p>\n<p>Essa <strong>infla\u00e7\u00e3o de sal\u00e1rios e a escassez de m\u00e3o de obra<\/strong> para empresas que necessitam de crescimento no setor de tecnologia s\u00e3o uma amea\u00e7a ao desenvolvimento do pa\u00eds. Profissionais de tecnologia da informa\u00e7\u00e3o ser\u00e3o cada vez mais demandados ao longo dos pr\u00f3ximos anos e, em um mercado cada vez mais global, ter\u00e3o espa\u00e7o para trabalho em qualquer pa\u00eds do mundo. Se o Brasil demorar para fazer pol\u00edticas p\u00fablicas de incentivo \u00e0 forma\u00e7\u00e3o t\u00e9cnica nessas \u00e1reas, corre seriamente o risco de ter um apag\u00e3o de profissionais e deixar todas as empresas que n\u00e3o s\u00e3o capitalizadas para concorrer com o exterior paradas no tempo. Isso seria muito ruim para a produtividade m\u00e9dia do pa\u00eds e, por consequ\u00eancia, para a economia como um todo.<\/p>\n\t<p>\n\t\t<a href=\"\" target=\"_blank\" data-element=\"shortcode-suno-banner\" title=\"Banner SUNO, clique e saiba mais\">\n\t\t\t<picture>\n\t\t\t\t<source media=\"(max-width: 500px)\" srcset=\"\">\n\t\t\t\t<img class=\"newsContent__article__imgCapa newsContent__article__imgCapa--banner\"\n\t\t\t\t\tsrc=\"\"\n\t\t\t\t\tdata-promo-id=\"184190\"\t\t\t\t\t\t\t\t\t\t\t\t\t\t\talt=\"\"\n\t\t\t\t>\n\t\t\t<\/picture>\n\t\t<\/a>\n\t<\/p>\n\n\n","protected":false},"excerpt":{"rendered":"<p>Imagino que boa parte dos que est\u00e3o lendo essa coluna, quando jovens, ouviram conselhos dos pais para estudarem em faculdades de medicina, engenharia, direito, entre o&#8230;<\/p>\n","protected":false},"author":4,"featured_media":0,"template":"","tags":[],"class_list":["post-203938","suno_column","type-suno_column","status-publish","hentry"],"yoast_head":"<!-- This site is optimized with the Yoast SEO plugin v24.4 - https:\/\/yoast.com\/wordpress\/plugins\/seo\/ -->\n<title>O apag\u00e3o de profissionais de TI e os riscos para a economia brasileira - Coluna de Gian Kojikovski<\/title>\n<meta name=\"description\" content=\"Leia a coluna de Gian Kojikovski sobre como a demora do governo para criar incentivos para forma\u00e7\u00e3o de profissionais pode deixar empresas paradas no tempo\" \/>\n<meta name=\"robots\" content=\"index, follow, max-snippet:-1, max-image-preview:large, max-video-preview:-1\" \/>\n<link rel=\"canonical\" href=\"https:\/\/www.suno.com.br\/noticias\/colunas\/gian\/apagao-ti-economia-brasileira\/\" \/>\n<meta property=\"og:locale\" content=\"pt_BR\" \/>\n<meta property=\"og:type\" content=\"article\" \/>\n<meta property=\"og:title\" content=\"O apag\u00e3o de profissionais de TI e os riscos para a economia brasileira - Coluna de Gian Kojikovski\" \/>\n<meta property=\"og:description\" content=\"Leia a coluna de Gian Kojikovski sobre como a demora do governo para criar incentivos para forma\u00e7\u00e3o de profissionais pode deixar empresas paradas no tempo\" \/>\n<meta property=\"og:url\" content=\"https:\/\/www.suno.com.br\/noticias\/colunas\/gian\/apagao-ti-economia-brasileira\/\" \/>\n<meta property=\"og:site_name\" content=\"Suno Not\u00edcias\" \/>\n<meta property=\"article:publisher\" content=\"https:\/\/facebook.com\/sunoresearch\" \/>\n<meta property=\"og:image\" content=\"https:\/\/files.sunoresearch.com.br\/n\/uploads\/2022\/06\/Modelo2.jpg\" \/>\n\t<meta property=\"og:image:width\" content=\"1200\" \/>\n\t<meta property=\"og:image:height\" content=\"627\" \/>\n\t<meta property=\"og:image:type\" content=\"image\/jpeg\" \/>\n<meta name=\"twitter:card\" content=\"summary_large_image\" \/>\n<meta name=\"twitter:site\" content=\"@sunoresearch\" \/>\n<meta name=\"twitter:label1\" content=\"Est. tempo de leitura\" \/>\n\t<meta name=\"twitter:data1\" content=\"3 minutos\" \/>\n<script type=\"application\/ld+json\" class=\"yoast-schema-graph\">{\"@context\":\"https:\/\/schema.org\",\"@graph\":[{\"@type\":\"Article\",\"@id\":\"https:\/\/www.suno.com.br\/noticias\/colunas\/gian\/apagao-ti-economia-brasileira\/#article\",\"isPartOf\":{\"@id\":\"https:\/\/www.suno.com.br\/noticias\/colunas\/gian\/apagao-ti-economia-brasileira\/\"},\"author\":{\"name\":\"Gian Kojikovski\",\"@id\":\"https:\/\/www.suno.com.br\/noticias\/#\/schema\/person\/8c2753ace9edbc3c59cfa8a971ac5914\"},\"headline\":\"O apag\u00e3o de profissionais de TI e os riscos para a economia brasileira\",\"datePublished\":\"2021-11-11T10:38:46+00:00\",\"mainEntityOfPage\":{\"@id\":\"https:\/\/www.suno.com.br\/noticias\/colunas\/gian\/apagao-ti-economia-brasileira\/\"},\"wordCount\":525,\"publisher\":{\"@id\":\"https:\/\/www.suno.com.br\/noticias\/#organization\"},\"inLanguage\":\"pt-BR\"},{\"@type\":\"WebPage\",\"@id\":\"https:\/\/www.suno.com.br\/noticias\/colunas\/gian\/apagao-ti-economia-brasileira\/\",\"url\":\"https:\/\/www.suno.com.br\/noticias\/colunas\/gian\/apagao-ti-economia-brasileira\/\",\"name\":\"O apag\u00e3o de profissionais de TI e os riscos para a economia brasileira - Coluna de Gian Kojikovski\",\"isPartOf\":{\"@id\":\"https:\/\/www.suno.com.br\/noticias\/#website\"},\"datePublished\":\"2021-11-11T10:38:46+00:00\",\"description\":\"Leia a coluna de Gian Kojikovski sobre como a demora do governo para criar incentivos para forma\u00e7\u00e3o de profissionais pode deixar empresas paradas no tempo\",\"breadcrumb\":{\"@id\":\"https:\/\/www.suno.com.br\/noticias\/colunas\/gian\/apagao-ti-economia-brasileira\/#breadcrumb\"},\"inLanguage\":\"pt-BR\",\"potentialAction\":[{\"@type\":\"ReadAction\",\"target\":[\"https:\/\/www.suno.com.br\/noticias\/colunas\/gian\/apagao-ti-economia-brasileira\/\"]}]},{\"@type\":\"BreadcrumbList\",\"@id\":\"https:\/\/www.suno.com.br\/noticias\/colunas\/gian\/apagao-ti-economia-brasileira\/#breadcrumb\",\"itemListElement\":[{\"@type\":\"ListItem\",\"position\":1,\"name\":\"Not\u00edcias\",\"item\":\"https:\/\/www.suno.com.br\/noticias\/\"},{\"@type\":\"ListItem\",\"position\":2,\"name\":\"Colunas\",\"item\":\"https:\/\/www.suno.com.br\/noticias\/colunas\/\"},{\"@type\":\"ListItem\",\"position\":3,\"name\":\"O apag\u00e3o de profissionais de TI e os riscos para a economia brasileira\"}]},{\"@type\":\"WebSite\",\"@id\":\"https:\/\/www.suno.com.br\/noticias\/#website\",\"url\":\"https:\/\/www.suno.com.br\/noticias\/\",\"name\":\"Suno Not\u00edcias\",\"description\":\"Seu portal de informa\u00e7\u00e3o sobre o mundo dos investimentos\",\"publisher\":{\"@id\":\"https:\/\/www.suno.com.br\/noticias\/#organization\"},\"potentialAction\":[{\"@type\":\"SearchAction\",\"target\":{\"@type\":\"EntryPoint\",\"urlTemplate\":\"https:\/\/www.suno.com.br\/noticias\/?s={search_term_string}\"},\"query-input\":{\"@type\":\"PropertyValueSpecification\",\"valueRequired\":true,\"valueName\":\"search_term_string\"}}],\"inLanguage\":\"pt-BR\"},{\"@type\":\"Organization\",\"@id\":\"https:\/\/www.suno.com.br\/noticias\/#organization\",\"name\":\"Suno Not\u00edcias\",\"url\":\"https:\/\/www.suno.com.br\/noticias\/\",\"logo\":{\"@type\":\"ImageObject\",\"inLanguage\":\"pt-BR\",\"@id\":\"https:\/\/www.suno.com.br\/noticias\/#\/schema\/logo\/image\/\",\"url\":\"https:\/\/files.sunoresearch.com.br\/n\/uploads\/2021\/09\/suno-logo.png\",\"contentUrl\":\"https:\/\/files.sunoresearch.com.br\/n\/uploads\/2021\/09\/suno-logo.png\",\"width\":180,\"height\":180,\"caption\":\"Suno Not\u00edcias\"},\"image\":{\"@id\":\"https:\/\/www.suno.com.br\/noticias\/#\/schema\/logo\/image\/\"},\"sameAs\":[\"https:\/\/facebook.com\/sunoresearch\",\"https:\/\/x.com\/sunoresearch\",\"https:\/\/www.instagram.com\/suno\",\"https:\/\/www.linkedin.com\/company\/suno-research\/\",\"https:\/\/www.youtube.com\/c\/sunoresearch\"]},{\"@type\":\"Person\",\"@id\":\"https:\/\/www.suno.com.br\/noticias\/#\/schema\/person\/8c2753ace9edbc3c59cfa8a971ac5914\",\"name\":\"Gian Kojikovski\",\"image\":{\"@type\":\"ImageObject\",\"inLanguage\":\"pt-BR\",\"@id\":\"https:\/\/www.suno.com.br\/noticias\/#\/schema\/person\/image\/\",\"url\":\"https:\/\/secure.gravatar.com\/avatar\/9b6de4deaf8443278f037ed55611af64?s=96&r=g\",\"contentUrl\":\"https:\/\/secure.gravatar.com\/avatar\/9b6de4deaf8443278f037ed55611af64?s=96&r=g\",\"caption\":\"Gian Kojikovski\"},\"description\":\"Gian Kojikovski \u00e9 diretor e s\u00f3cio da Suno e escreve sobre neg\u00f3cios, marketing, pol\u00edtica e finan\u00e7as. Tem passagem pelas reda\u00e7\u00f5es de Veja e Exame e \u00e9 vencedor do Pr\u00eamio CNI de Jornalismo de 2016 na categoria especial de Inova\u00e7\u00e3o e finalista do Citi Journalistic Excellence Award de 2018.\",\"sameAs\":[\"https:\/\/www.suno.com.br\",\"https:\/\/x.com\/https:\/\/twitter.com\/giankojikovski\"],\"url\":\"https:\/\/www.suno.com.br\/noticias\/author\/gian\/\"}]}<\/script>\n<!-- \/ Yoast SEO plugin. -->","yoast_head_json":{"title":"O apag\u00e3o de profissionais de TI e os riscos para a economia brasileira - Coluna de Gian Kojikovski","description":"Leia a coluna de Gian Kojikovski sobre como a demora do governo para criar incentivos para forma\u00e7\u00e3o de profissionais pode deixar empresas paradas no tempo","robots":{"index":"index","follow":"follow","max-snippet":"max-snippet:-1","max-image-preview":"max-image-preview:large","max-video-preview":"max-video-preview:-1"},"canonical":"https:\/\/www.suno.com.br\/noticias\/colunas\/gian\/apagao-ti-economia-brasileira\/","og_locale":"pt_BR","og_type":"article","og_title":"O apag\u00e3o de profissionais de TI e os riscos para a economia brasileira - Coluna de Gian Kojikovski","og_description":"Leia a coluna de Gian Kojikovski sobre como a demora do governo para criar incentivos para forma\u00e7\u00e3o de profissionais pode deixar empresas paradas no tempo","og_url":"https:\/\/www.suno.com.br\/noticias\/colunas\/gian\/apagao-ti-economia-brasileira\/","og_site_name":"Suno Not\u00edcias","article_publisher":"https:\/\/facebook.com\/sunoresearch","og_image":[{"width":1200,"height":627,"url":"https:\/\/files.sunoresearch.com.br\/n\/uploads\/2022\/06\/Modelo2.jpg","type":"image\/jpeg"}],"twitter_card":"summary_large_image","twitter_site":"@sunoresearch","twitter_misc":{"Est. tempo de leitura":"3 minutos"},"schema":{"@context":"https:\/\/schema.org","@graph":[{"@type":"Article","@id":"https:\/\/www.suno.com.br\/noticias\/colunas\/gian\/apagao-ti-economia-brasileira\/#article","isPartOf":{"@id":"https:\/\/www.suno.com.br\/noticias\/colunas\/gian\/apagao-ti-economia-brasileira\/"},"author":{"name":"Gian Kojikovski","@id":"https:\/\/www.suno.com.br\/noticias\/#\/schema\/person\/8c2753ace9edbc3c59cfa8a971ac5914"},"headline":"O apag\u00e3o de profissionais de TI e os riscos para a economia brasileira","datePublished":"2021-11-11T10:38:46+00:00","mainEntityOfPage":{"@id":"https:\/\/www.suno.com.br\/noticias\/colunas\/gian\/apagao-ti-economia-brasileira\/"},"wordCount":525,"publisher":{"@id":"https:\/\/www.suno.com.br\/noticias\/#organization"},"inLanguage":"pt-BR"},{"@type":"WebPage","@id":"https:\/\/www.suno.com.br\/noticias\/colunas\/gian\/apagao-ti-economia-brasileira\/","url":"https:\/\/www.suno.com.br\/noticias\/colunas\/gian\/apagao-ti-economia-brasileira\/","name":"O apag\u00e3o de profissionais de TI e os riscos para a economia brasileira - Coluna de Gian Kojikovski","isPartOf":{"@id":"https:\/\/www.suno.com.br\/noticias\/#website"},"datePublished":"2021-11-11T10:38:46+00:00","description":"Leia a coluna de Gian Kojikovski sobre como a demora do governo para criar incentivos para forma\u00e7\u00e3o de profissionais pode deixar empresas paradas no tempo","breadcrumb":{"@id":"https:\/\/www.suno.com.br\/noticias\/colunas\/gian\/apagao-ti-economia-brasileira\/#breadcrumb"},"inLanguage":"pt-BR","potentialAction":[{"@type":"ReadAction","target":["https:\/\/www.suno.com.br\/noticias\/colunas\/gian\/apagao-ti-economia-brasileira\/"]}]},{"@type":"BreadcrumbList","@id":"https:\/\/www.suno.com.br\/noticias\/colunas\/gian\/apagao-ti-economia-brasileira\/#breadcrumb","itemListElement":[{"@type":"ListItem","position":1,"name":"Not\u00edcias","item":"https:\/\/www.suno.com.br\/noticias\/"},{"@type":"ListItem","position":2,"name":"Colunas","item":"https:\/\/www.suno.com.br\/noticias\/colunas\/"},{"@type":"ListItem","position":3,"name":"O apag\u00e3o de profissionais de TI e os riscos para a economia brasileira"}]},{"@type":"WebSite","@id":"https:\/\/www.suno.com.br\/noticias\/#website","url":"https:\/\/www.suno.com.br\/noticias\/","name":"Suno Not\u00edcias","description":"Seu portal de informa\u00e7\u00e3o sobre o mundo dos investimentos","publisher":{"@id":"https:\/\/www.suno.com.br\/noticias\/#organization"},"potentialAction":[{"@type":"SearchAction","target":{"@type":"EntryPoint","urlTemplate":"https:\/\/www.suno.com.br\/noticias\/?s={search_term_string}"},"query-input":{"@type":"PropertyValueSpecification","valueRequired":true,"valueName":"search_term_string"}}],"inLanguage":"pt-BR"},{"@type":"Organization","@id":"https:\/\/www.suno.com.br\/noticias\/#organization","name":"Suno Not\u00edcias","url":"https:\/\/www.suno.com.br\/noticias\/","logo":{"@type":"ImageObject","inLanguage":"pt-BR","@id":"https:\/\/www.suno.com.br\/noticias\/#\/schema\/logo\/image\/","url":"https:\/\/files.sunoresearch.com.br\/n\/uploads\/2021\/09\/suno-logo.png","contentUrl":"https:\/\/files.sunoresearch.com.br\/n\/uploads\/2021\/09\/suno-logo.png","width":180,"height":180,"caption":"Suno Not\u00edcias"},"image":{"@id":"https:\/\/www.suno.com.br\/noticias\/#\/schema\/logo\/image\/"},"sameAs":["https:\/\/facebook.com\/sunoresearch","https:\/\/x.com\/sunoresearch","https:\/\/www.instagram.com\/suno","https:\/\/www.linkedin.com\/company\/suno-research\/","https:\/\/www.youtube.com\/c\/sunoresearch"]},{"@type":"Person","@id":"https:\/\/www.suno.com.br\/noticias\/#\/schema\/person\/8c2753ace9edbc3c59cfa8a971ac5914","name":"Gian Kojikovski","image":{"@type":"ImageObject","inLanguage":"pt-BR","@id":"https:\/\/www.suno.com.br\/noticias\/#\/schema\/person\/image\/","url":"https:\/\/secure.gravatar.com\/avatar\/9b6de4deaf8443278f037ed55611af64?s=96&r=g","contentUrl":"https:\/\/secure.gravatar.com\/avatar\/9b6de4deaf8443278f037ed55611af64?s=96&r=g","caption":"Gian Kojikovski"},"description":"Gian Kojikovski \u00e9 diretor e s\u00f3cio da Suno e escreve sobre neg\u00f3cios, marketing, pol\u00edtica e finan\u00e7as. Tem passagem pelas reda\u00e7\u00f5es de Veja e Exame e \u00e9 vencedor do Pr\u00eamio CNI de Jornalismo de 2016 na categoria especial de Inova\u00e7\u00e3o e finalista do Citi Journalistic Excellence Award de 2018.","sameAs":["https:\/\/www.suno.com.br","https:\/\/x.com\/https:\/\/twitter.com\/giankojikovski"],"url":"https:\/\/www.suno.com.br\/noticias\/author\/gian\/"}]}},"amp_enabled":true,"_links":{"self":[{"href":"https:\/\/www.suno.com.br\/noticias\/wp-json\/wp\/v2\/suno_column\/203938"}],"collection":[{"href":"https:\/\/www.suno.com.br\/noticias\/wp-json\/wp\/v2\/suno_column"}],"about":[{"href":"https:\/\/www.suno.com.br\/noticias\/wp-json\/wp\/v2\/types\/suno_column"}],"author":[{"embeddable":true,"href":"https:\/\/www.suno.com.br\/noticias\/wp-json\/wp\/v2\/users\/4"}],"wp:attachment":[{"href":"https:\/\/www.suno.com.br\/noticias\/wp-json\/wp\/v2\/media?parent=203938"}],"wp:term":[{"taxonomy":"post_tag","embeddable":true,"href":"https:\/\/www.suno.com.br\/noticias\/wp-json\/wp\/v2\/tags?post=203938"}],"curies":[{"name":"wp","href":"https:\/\/api.w.org\/{rel}","templated":true}]}}