{"id":202703,"date":"2021-11-08T18:11:38","date_gmt":"2021-11-08T21:11:38","guid":{"rendered":"https:\/\/www.suno.com.br\/noticias\/colunas\/felipe-areia\/"},"modified":"2021-11-08T18:11:38","modified_gmt":"2021-11-08T21:11:38","slug":"inflacao-pec-precatorios-federal-reserve","status":"publish","type":"suno_column","link":"https:\/\/www.suno.com.br\/noticias\/colunas\/julio-hegedus-netto\/inflacao-pec-precatorios-federal-reserve\/","title":{"rendered":"Infla\u00e7\u00e3o e PEC dos Precat\u00f3rios em segundo turno na C\u00e2mara"},"content":{"rendered":"<p>Semana carregada, com uma s\u00e9rie de indicadores de infla\u00e7\u00e3o, no Brasil (<strong>IPCA<\/strong> e <strong>IGP-DI<\/strong>) e nos EUA (CPI e PPI). Por l\u00e1, os investidores digerem a <a href=\"https:\/\/www.suno.com.br\/noticias\/fed-inicio-tapering-novembro\/\">decis\u00e3o do Fed de reduzir a compra de ativos (tapering)<\/a>. V\u00e1rios diretores regionais do Fed falam nesta semana. Temos ainda uma temporada de balan\u00e7os pesada ao fim, enquanto no Brasil, \u00e0 plena carga. O Reino Unido divulga dados de crescimento, e o Partido Comunista da China (PCC) deve aprovar um terceiro mandato para o Presidente Xi Jinping. Por fim, a C\u00e2mara dos Deputados vota, em segundo turno a <strong>PEC dos Precat\u00f3rios<\/strong>. A suspens\u00e3o dos repasses das emendas, pela ministra Rosa Weber, deve embolar o meio de campo. Desconfian\u00e7a aqui se desloca para o tal \u201cor\u00e7amento secreto\u201d.<\/p>\n<h3>Infla\u00e7\u00e3o e juro no Brasil<\/h3>\n<p>A converg\u00eancia do IPCA para o centro da meta, ano que vem, deve levar o Copom a um <a href=\"https:\/\/www.suno.com.br\/noticias\/ata-do-copom-1-5-selic\/\">choque de juro poucas vezes visto na nossa hist\u00f3ria recente<\/a>. Isso, por certo, nos jogar\u00e1 numa \u201cestagna\u00e7\u00e3o ou recess\u00e3o\u201d. No mercado, j\u00e1 se fala na Selic entre 13% e 15%, o que pode derrubar o PIB em at\u00e9 1%. Mantendo-se o ajuste de 1,5 ponto percentual at\u00e9 o Copom de mar\u00e7o, a Selic ir\u00e1 a 12,25%, o que pode derrubar a infla\u00e7\u00e3o a 4% e o PIB em 0,4%, segundo c\u00e1lculos de variados modelos. Para chegar a 3,5% a <strong>Selic<\/strong> teria q subir ainda mais, a 13,5%, ao custo de um PIB recessivo de 1%. O Bacen trabalha com o IPCA a 4,1% no ano que vem, enquanto a <a href=\"https:\/\/www.suno.com.br\/noticias\/boletim-focus-ipca-pib-08112021\/\">Focus prev\u00ea 4,55% e Selic a 9,75%<\/a>. Isso n\u00e3o parece cr\u00edvel. A Selic teria que ser elevara a 14% ou 15%.<\/p>\n<p>Nesta semana, os investidores estar\u00e3o atentos ao <strong>IPCA de outubro<\/strong> na quarta-feira (10). A expectativa \u00e9 de uma alta de 1,06% na base mensal, uma leve desacelera\u00e7\u00e3o em rela\u00e7\u00e3o a 1,16% em setembro. Na base anual, a proje\u00e7\u00e3o \u00e9 de uma alta de 10,48%, acelera\u00e7\u00e3o em rela\u00e7\u00e3o ao avan\u00e7o de 10,25% de setembro.<\/p>\n<h3>PEC dos precat\u00f3rios<\/h3>\n<p>Arthur Lira pretende for\u00e7ar a vota\u00e7\u00e3o em segundo turno na C\u00e2mara dos Deputados nesta ter\u00e7a-feira, mas o imbr\u00f3glio da ministra<strong> Rosa Weber, suspendendo os repasses<\/strong> para melhor averiguar o teor das tais emendas de or\u00e7amento paralelo, deve embolar tudo. O plen\u00e1rio do STF avalia e vota esta decis\u00e3o de Weber, na ter\u00e7a-feira, antes da vota\u00e7\u00e3o da PEC. Esta deve vir, mais uma vez, com resultado aperto. Partidos como PDT, PSB e PSDB, nos quais alguns parlamentares votaram a favor da PEC, podem rever suas posi\u00e7\u00f5es.<\/p>\n<h3>Nos EUA<\/h3>\n<p>C\u00e2mara dos Representantes nos EUA aprovou, no apagar das luzes de sexta-feira, o <strong>pacote de infraestrutura de Joe Biden<\/strong>. S\u00e3o cerca de US$ 1,2 trilh\u00e3o para obras diversas, em estradas, pontos, ferrovias. Nada mais keynesiano, para estimular a demanda. Soma-se a isso, s\u00e3o mais US$ 500 bi em projetos de \u00e1gua, maior acesso da internet banda larga, reforma da rede el\u00e9trica, dentre tantas medidas. Na C\u00e2mara, foram 228 votos favor\u00e1veis contra 206 contr\u00e1rios, 13 republicanos se aliando aos democratas. Nestes, seis votaram contra. Para Biden <strong>objetivo deste pacote \u00e9 reduzir os gargalos nas cadeias produtivas \u201cagora e nas pr\u00f3ximas d\u00e9cadas\u201d<\/strong>. Este descompasso entre <a class=\"suno-keyword\" href=\"https:\/\/www.suno.com.br\/artigos\/oferta-demanda\/\" target=\"_blank\" rel=\"noopener\" data-force=\"no\" data-priority=\"1\">oferta e demanda<\/a>, com portos congestionados, tem sido a principal causa da infla\u00e7\u00e3o neste momento (5,4% em 12 meses at\u00e9 setembro).<\/p>\n<p>Na ter\u00e7a-feira temos o PPI de outubro, no dia seguinte, o CPI. Expectativas de mercado indicam 0,6% mensal para o CPI, patamar mais elevado desde o in\u00edcio da pandemia, indo a 5,8% pela taxa anualizada. O Fed, embora considerando transit\u00f3ria, aceita esta infla\u00e7\u00e3o mais elevada e fala em mexer no juro s\u00f3 no ano que vem. Tudo, no entanto, ter\u00e1 que ser muito cauteloso, at\u00e9 porque a <strong>forma\u00e7\u00e3o de bolhas nestes tempos de QE \u00e9 uma preocupa\u00e7\u00e3o latente<\/strong>.<\/p>\n<p><a href=\"https:\/\/www.suno.com.br\/tudo-sobre\/jerome-powell\/\">Jerome Powell<\/a> far\u00e1 duas apari\u00e7\u00f5es ao longo da semana, a primeira em uma confer\u00eancia online na segunda-feira sobre g\u00eanero e economia realizada pelo Fed. Na ter\u00e7a-feira, a palestra acontece numa confer\u00eancia online sobre diversidade e inclus\u00e3o na economia e no banco central, organizada em conjunto pelo Conselho do Federal Reserve, Banco do Canad\u00e1, Banco da Inglaterra e Banco Central Europeu. Outros funcion\u00e1rios da Fed que dever\u00e3o falar durante a semana, como <strong>Richard Clarida<\/strong>, vice-presidente do Fed, <strong>John William<\/strong>, Presidente do Fed de Nova York,<strong> Michelle Bowman<\/strong>, governadora do Fed, <strong>Patrick Hacker<\/strong>, presidente do Fed da Filad\u00e9lfia, <strong>Charles Evans<\/strong>, presidente do Fed de Chicago, e <strong>Mary Daly<\/strong>, presidente do Fed de S\u00e3o Francisco.<\/p>\n<h3>No Reino Unido<\/h3>\n<p>Depois de o Banco de Inglaterra ter driblado os mercados com sua decis\u00e3o de manter a <a class=\"suno-keyword\" href=\"https:\/\/www.suno.com.br\/artigos\/juros\/\" target=\"_blank\" rel=\"noopener\" data-force=\"no\" data-priority=\"2\">taxa de juros<\/a> est\u00e1vel na semana passada, o Reino Unido divulga na semana dados de crescimento da economia no terceiro trimestre na quinta-feira. A expectativa \u00e9 de que o PIB recue para 1,5% contra o trimestre anterior. Os investidores haviam antecipado que o BoE seria o primeiro dos principais bancos centrais do mundo a elevar as taxas de juros ap\u00f3s a pandemia da Covid-19. O BoE manteve viva a perspectiva de uma movimenta\u00e7\u00e3o em breve, dizendo que provavelmente teria de aumentar as taxas a partir dos n\u00edveis m\u00ednimos de 0,1% \u201cao longo dos pr\u00f3ximos meses\u201d, se a economia tiver o desempenho esperado, mas considerou que \u201chavia valor em esperar\u201d os dados sobre o <a class=\"suno-keyword\" href=\"https:\/\/www.suno.com.br\/artigos\/mercado-de-trabalho\/\" target=\"_blank\" rel=\"noopener\" data-force=\"no\" data-priority=\"2\">mercado de trabalho<\/a>. Foi uma \u201cducha de \u00e1gua fria\u201d para os mercados, que esperavam o in\u00edcio do ciclo de juro entre os ingleses.<\/p>\n<h3>Na China<\/h3>\n<p>Os principais l\u00edderes do Partido Comunista Chin\u00eas se re\u00fanem em Pequim de segunda a quinta-feira, quando o Comit\u00ea Central pode decidir conceder um in\u00e9dito terceiro mandato para o Presidente Xi Jinping.<\/p>\n<h3>MERCADOS<\/h3>\n<p>No Brasil, o<a href=\"https:\/\/www.suno.com.br\/noticias\/ibovespa-hoje-05112021\/\"> Ibovespa apresentou alta de 1,37% na sexta-feira<\/a>, a 104.824 pontos e o d\u00f3lar queda forte, de -1,53%, R$ 5,5225, mesma dire\u00e7\u00e3o da inclina\u00e7\u00e3o da <a class=\"suno-keyword\" href=\"https:\/\/www.suno.com.br\/artigos\/curva-de-juros\/\" target=\"_blank\" rel=\"noopener\" data-force=\"no\" data-priority=\"1\">curva de juros<\/a>.<\/p>\n<p>Uma novidade na semana passada foi o<a href=\"https:\/\/www.suno.com.br\/noticias\/vencedoras-do-leilao-correm-para-colocar-o-5g-na-rua\/\"> leil\u00e3o da 5G, movimentando R$ 46,7 BILH\u00d5ES<\/a>, j\u00e1 incluindo a outorga, cobrada pelo direito no uso da faixa, compromissos de investimento e \u00e1gio de alguns lotes. Foram 43 lotes arrematados. Este valor ficou 250% acima do valor m\u00ednimo previsto. Um sucesso retumbante.<\/p>\n<p>Na madrugada do dia 08\/11, na Europa (04h05), os mercados futuros operavam EM ALTA: <strong>DAX<\/strong> (Alemanha) avan\u00e7ando 0,15%, a 16.054 pontos; <strong><a class=\"suno-keyword\" href=\"https:\/\/www.suno.com.br\/artigos\/ftse-100\/\" target=\"_blank\" rel=\"noopener\" data-force=\"no\" data-priority=\"1\">FTSE 100<\/a><\/strong> (Reino Unido), +0,33%, a 7.303 pontos;<strong> <a class=\"suno-keyword\" href=\"https:\/\/www.suno.com.br\/artigos\/cac-40\/\" target=\"_blank\" rel=\"noopener\" data-force=\"no\" data-priority=\"1\">CAC 40<\/a><\/strong> +0,76%, a 7.040 pontos, e <strong>EuroStoxx50<\/strong> +0,69%, a 4.363 pontos.<\/p>\n<p>Na madrugada do dia 08\/11, na \u00c1sia (05h05), os mercados operaram em maioria em QUEDA: <strong>S&amp;P\/ASX<\/strong> (Austr\u00e1lia), -0,06%, a 7.452 pontos; <strong>Nikkei<\/strong> (Jap\u00e3o) -0,35%, a 29.507 pontos; <strong>KOSPI<\/strong> (Coreia), -0,31%, a 2.960 pontos; <strong>Shanghai<\/strong> +0,20%, a 3.498, e <strong><a class=\"suno-keyword\" href=\"https:\/\/www.suno.com.br\/artigos\/hang-seng\/\" target=\"_blank\" rel=\"noopener\" data-force=\"no\" data-priority=\"1\">Hang Seng<\/a><\/strong>, -0,46%, a 24.754 pontos.<\/p>\n<p>No futuro nos EUA, as bolsas de NY, NO <a class=\"suno-keyword\" href=\"https:\/\/www.suno.com.br\/artigos\/contrato-futuro\/\" target=\"_blank\" rel=\"noopener\" data-force=\"no\" data-priority=\"1\">MERCADO FUTURO<\/a>, operavam MISTOS neste dia 08\/11 (05h05): <strong>Dow Jones,<\/strong> -0,07%, 36.189 pontos; <strong>S&amp;P 500,<\/strong> -0,17%, a 4.682 pontos, e <strong>Nasdaq<\/strong> -0,23%, a 16.321 pontos. No <strong>VIX S&amp;P500<\/strong>, 18,32 pontos, RECUANDO 0,65%. No mercado de <strong>Treasuries<\/strong>, US 2Y AVAN\u00c7ANDO 7,44%, a 0,4287, US 10Y +1,57%, a 1,476 e US 30Y, +0,85%, a 1,902. No DXY, o d\u00f3lar -0,05%, a 94,270, e <a class=\"suno-keyword\" href=\"https:\/\/www.suno.com.br\/artigos\/embi\/\" target=\"_blank\" rel=\"noopener\" data-force=\"no\" data-priority=\"1\">risco pa\u00eds<\/a>, CDS 5 ANOS, a 233,7 pontos. <strong><a class=\"suno-keyword\" href=\"https:\/\/www.suno.com.br\/artigos\/wti\/\" target=\"_blank\" rel=\"noopener\" data-force=\"no\" data-priority=\"1\">Petr\u00f3leo WTI<\/a><\/strong>, a US$ 82,17 (+1,11%) e<strong> Petr\u00f3leo Brent<\/strong> US$ 83,53 (+0,95%). <strong>G\u00e1s Natural<\/strong> em AVAN\u00c7ANDO 1,21%, a US$ 5,58 e Min\u00e9rio de Ferro, +1,42%, a US$ 570,50.<\/p>\n<p>Na agenda desta semana, muitos indicadores de infla\u00e7\u00e3o, EUA (CPI e PPI) e no Brasil (IPCA e IGP-DI). Estejamos atentos tamb\u00e9m aos dados de com\u00e9rcio varejista, da PMC do IBGE, de setembro, conhecidos na quinta-feira, projetando queda de 1,0% na base mensal, diminuindo a intensidade da queda registrada em agosto (-3,1%). J\u00e1 o crescimento do setor de servi\u00e7os, tamb\u00e9m de setembro, ser\u00e1 divulgado na sexta-feira, com expectativa de alta de 0,5% contra o m\u00eas anterior, mantendo o ritmo de crescimento registrado em agosto.<\/p>\n<table>\n<tbody>\n<tr>\n<td width=\"123\"><strong>Agenda Semanal<\/strong><\/td>\n<td width=\"472\"><strong>\u00a0<\/strong><\/td>\n<\/tr>\n<tr>\n<td width=\"123\"><strong>2\u00aa feira (08)<\/strong><\/td>\n<td width=\"472\">IGP-DI de outubro (Brasil); Pesquisa Focus.<\/td>\n<\/tr>\n<tr>\n<td width=\"123\"><strong>3\u00aa feira (09)<\/strong><\/td>\n<td width=\"472\">Balan\u00e7a Comercial (Set, Alemanha); Percep\u00e7\u00e3o Econ\u00f4mica ZEW (Alemanha); Percep\u00e7\u00e3o Econ\u00f4mica ZEW (Zona do Euro); IPP (principal e n\u00facleo, Outubro) (EUA); IPP e IPC (Outubro, China);<\/td>\n<\/tr>\n<tr>\n<td width=\"123\"><strong>4\u00aa feira (10)<\/strong><\/td>\n<td width=\"472\">IPC (Out. Alemanha); IPCA (Outubro, Brasil); IPC (Out, EUA); Pedidos Iniciais de Seguro Desemprego (EUA); Confian\u00e7a do Consumidor (Out, FGV); Produ\u00e7\u00e3o Industrial (China).<\/td>\n<\/tr>\n<tr>\n<td width=\"123\"><strong>5\u00aa feira (11)<\/strong><\/td>\n<td width=\"472\">Produ\u00e7\u00e3o Industrial (Jap\u00e3o); Produ\u00e7\u00e3o Industrial (Reino Unido); PIB (Terceiro trimenstre) (Reino Unido); Balan\u00e7a Comercial (Reino Unido); Vendas de varejo (PMC, Set); Taxa de desemprego (China).<\/td>\n<\/tr>\n<tr>\n<td width=\"123\"><strong>6\u00aa feira (12)<\/strong><\/td>\n<td width=\"472\">Produ\u00e7\u00e3o Industrial (Zona do Euro); Crescimento dos Servi\u00e7os (Set. Brasil); Confian\u00e7a do Consumidor de Michigan (Out); Oferta de empregos (JOLTS) (EUA).<\/td>\n<\/tr>\n<\/tbody>\n<\/table>\n","protected":false},"excerpt":{"rendered":"<p>Semana carregada, com uma s\u00e9rie de indicadores de infla\u00e7\u00e3o, no Brasil (IPCA e IGP-DI) e nos EUA (CPI e PPI). Por l\u00e1, os investidores digerem a decis\u00e3o do Fed de reduzi&#8230;<\/p>\n","protected":false},"author":82,"featured_media":0,"template":"","tags":[776,966,104591],"class_list":["post-202703","suno_column","type-suno_column","status-publish","hentry","tag-federal-reseve-fed","tag-ipca","tag-precatorios"],"yoast_head":"<!-- This site is optimized with the Yoast SEO plugin v24.4 - https:\/\/yoast.com\/wordpress\/plugins\/seo\/ -->\n<title>Infla\u00e7\u00e3o e PEC dos Precat\u00f3rios em segundo turno na C\u00e2mara - Coluna de Julio Hegedus Netto<\/title>\n<meta name=\"description\" content=\"Veja a coluna de Julio Hegedus Netto sobre como os investidores aguardam vota\u00e7\u00e3o na C\u00e2mara, IPCA e falas de diversos diretores do FED\" \/>\n<meta name=\"robots\" content=\"index, follow, max-snippet:-1, max-image-preview:large, max-video-preview:-1\" \/>\n<link rel=\"canonical\" href=\"https:\/\/www.suno.com.br\/noticias\/colunas\/julio-hegedus-netto\/inflacao-pec-precatorios-federal-reserve\/\" \/>\n<meta property=\"og:locale\" content=\"pt_BR\" \/>\n<meta property=\"og:type\" content=\"article\" \/>\n<meta property=\"og:title\" content=\"Infla\u00e7\u00e3o e PEC dos Precat\u00f3rios em segundo turno na C\u00e2mara - Coluna de Julio Hegedus Netto\" \/>\n<meta property=\"og:description\" content=\"Veja a coluna de Julio Hegedus Netto sobre como os investidores aguardam vota\u00e7\u00e3o na C\u00e2mara, IPCA e falas de diversos diretores do FED\" \/>\n<meta property=\"og:url\" content=\"https:\/\/www.suno.com.br\/noticias\/colunas\/julio-hegedus-netto\/inflacao-pec-precatorios-federal-reserve\/\" \/>\n<meta property=\"og:site_name\" content=\"Suno Not\u00edcias\" \/>\n<meta property=\"article:publisher\" content=\"https:\/\/facebook.com\/sunoresearch\" \/>\n<meta property=\"og:image\" content=\"https:\/\/files.sunoresearch.com.br\/n\/uploads\/2022\/06\/Modelo2.jpg\" \/>\n\t<meta property=\"og:image:width\" content=\"1200\" \/>\n\t<meta property=\"og:image:height\" content=\"627\" \/>\n\t<meta property=\"og:image:type\" content=\"image\/jpeg\" \/>\n<meta name=\"twitter:card\" content=\"summary_large_image\" \/>\n<meta name=\"twitter:site\" content=\"@sunoresearch\" \/>\n<meta name=\"twitter:label1\" content=\"Est. tempo de leitura\" \/>\n\t<meta name=\"twitter:data1\" content=\"7 minutos\" \/>\n<script type=\"application\/ld+json\" class=\"yoast-schema-graph\">{\"@context\":\"https:\/\/schema.org\",\"@graph\":[{\"@type\":\"Article\",\"@id\":\"https:\/\/www.suno.com.br\/noticias\/colunas\/julio-hegedus-netto\/inflacao-pec-precatorios-federal-reserve\/#article\",\"isPartOf\":{\"@id\":\"https:\/\/www.suno.com.br\/noticias\/colunas\/julio-hegedus-netto\/inflacao-pec-precatorios-federal-reserve\/\"},\"author\":{\"name\":\"Julio Hegedus Netto\",\"@id\":\"https:\/\/www.suno.com.br\/noticias\/#\/schema\/person\/c5d31719f2f2f38c8d575fc08e55df1a\"},\"headline\":\"Infla\u00e7\u00e3o e PEC dos Precat\u00f3rios em segundo turno na C\u00e2mara\",\"datePublished\":\"2021-11-08T21:11:38+00:00\",\"mainEntityOfPage\":{\"@id\":\"https:\/\/www.suno.com.br\/noticias\/colunas\/julio-hegedus-netto\/inflacao-pec-precatorios-federal-reserve\/\"},\"wordCount\":1430,\"publisher\":{\"@id\":\"https:\/\/www.suno.com.br\/noticias\/#organization\"},\"keywords\":[\"Federal Reserve (FED)\",\"IPCA\",\"precat\u00f3rios\"],\"inLanguage\":\"pt-BR\"},{\"@type\":\"WebPage\",\"@id\":\"https:\/\/www.suno.com.br\/noticias\/colunas\/julio-hegedus-netto\/inflacao-pec-precatorios-federal-reserve\/\",\"url\":\"https:\/\/www.suno.com.br\/noticias\/colunas\/julio-hegedus-netto\/inflacao-pec-precatorios-federal-reserve\/\",\"name\":\"Infla\u00e7\u00e3o e PEC dos Precat\u00f3rios em segundo turno na C\u00e2mara - Coluna de Julio Hegedus Netto\",\"isPartOf\":{\"@id\":\"https:\/\/www.suno.com.br\/noticias\/#website\"},\"datePublished\":\"2021-11-08T21:11:38+00:00\",\"description\":\"Veja a coluna de Julio Hegedus Netto sobre como os investidores aguardam vota\u00e7\u00e3o na C\u00e2mara, IPCA e falas de diversos diretores do FED\",\"breadcrumb\":{\"@id\":\"https:\/\/www.suno.com.br\/noticias\/colunas\/julio-hegedus-netto\/inflacao-pec-precatorios-federal-reserve\/#breadcrumb\"},\"inLanguage\":\"pt-BR\",\"potentialAction\":[{\"@type\":\"ReadAction\",\"target\":[\"https:\/\/www.suno.com.br\/noticias\/colunas\/julio-hegedus-netto\/inflacao-pec-precatorios-federal-reserve\/\"]}]},{\"@type\":\"BreadcrumbList\",\"@id\":\"https:\/\/www.suno.com.br\/noticias\/colunas\/julio-hegedus-netto\/inflacao-pec-precatorios-federal-reserve\/#breadcrumb\",\"itemListElement\":[{\"@type\":\"ListItem\",\"position\":1,\"name\":\"Not\u00edcias\",\"item\":\"https:\/\/www.suno.com.br\/noticias\/\"},{\"@type\":\"ListItem\",\"position\":2,\"name\":\"Colunas\",\"item\":\"https:\/\/www.suno.com.br\/noticias\/colunas\/\"},{\"@type\":\"ListItem\",\"position\":3,\"name\":\"Infla\u00e7\u00e3o e PEC dos Precat\u00f3rios em segundo turno na C\u00e2mara\"}]},{\"@type\":\"WebSite\",\"@id\":\"https:\/\/www.suno.com.br\/noticias\/#website\",\"url\":\"https:\/\/www.suno.com.br\/noticias\/\",\"name\":\"Suno Not\u00edcias\",\"description\":\"Seu portal de informa\u00e7\u00e3o sobre o mundo dos investimentos\",\"publisher\":{\"@id\":\"https:\/\/www.suno.com.br\/noticias\/#organization\"},\"potentialAction\":[{\"@type\":\"SearchAction\",\"target\":{\"@type\":\"EntryPoint\",\"urlTemplate\":\"https:\/\/www.suno.com.br\/noticias\/?s={search_term_string}\"},\"query-input\":{\"@type\":\"PropertyValueSpecification\",\"valueRequired\":true,\"valueName\":\"search_term_string\"}}],\"inLanguage\":\"pt-BR\"},{\"@type\":\"Organization\",\"@id\":\"https:\/\/www.suno.com.br\/noticias\/#organization\",\"name\":\"Suno Not\u00edcias\",\"url\":\"https:\/\/www.suno.com.br\/noticias\/\",\"logo\":{\"@type\":\"ImageObject\",\"inLanguage\":\"pt-BR\",\"@id\":\"https:\/\/www.suno.com.br\/noticias\/#\/schema\/logo\/image\/\",\"url\":\"https:\/\/files.sunoresearch.com.br\/n\/uploads\/2021\/09\/suno-logo.png\",\"contentUrl\":\"https:\/\/files.sunoresearch.com.br\/n\/uploads\/2021\/09\/suno-logo.png\",\"width\":180,\"height\":180,\"caption\":\"Suno Not\u00edcias\"},\"image\":{\"@id\":\"https:\/\/www.suno.com.br\/noticias\/#\/schema\/logo\/image\/\"},\"sameAs\":[\"https:\/\/facebook.com\/sunoresearch\",\"https:\/\/x.com\/sunoresearch\",\"https:\/\/www.instagram.com\/suno\",\"https:\/\/www.linkedin.com\/company\/suno-research\/\",\"https:\/\/www.youtube.com\/c\/sunoresearch\"]},{\"@type\":\"Person\",\"@id\":\"https:\/\/www.suno.com.br\/noticias\/#\/schema\/person\/c5d31719f2f2f38c8d575fc08e55df1a\",\"name\":\"Julio Hegedus Netto\",\"image\":{\"@type\":\"ImageObject\",\"inLanguage\":\"pt-BR\",\"@id\":\"https:\/\/www.suno.com.br\/noticias\/#\/schema\/person\/image\/\",\"url\":\"https:\/\/secure.gravatar.com\/avatar\/870043f332ebddfffd4a9e3a5dd46c13?s=96&r=g\",\"contentUrl\":\"https:\/\/secure.gravatar.com\/avatar\/870043f332ebddfffd4a9e3a5dd46c13?s=96&r=g\",\"caption\":\"Julio Hegedus Netto\"},\"description\":\"Economista-chefe da Lopes Filho por 26 anos, com mestrado na UFF e na UCAM e doutorando em Portugal. Escrevo relat\u00f3rios para a OHM RESEARCH e disponibilizo conte\u00fados no IML, Investing.com, Linkedin e Suno Not\u00edcias.\",\"sameAs\":[\"https:\/\/jhn031299.blogspot.com\/\",\"https:\/\/www.facebook.com\/julio.hegedus.5\",\"https:\/\/www.linkedin.com\/in\/juliohegedusnetto\/\",\"https:\/\/x.com\/JuHegedus\"],\"url\":\"https:\/\/www.suno.com.br\/noticias\/author\/julio-hegedus-netto\/\"}]}<\/script>\n<!-- \/ Yoast SEO plugin. -->","yoast_head_json":{"title":"Infla\u00e7\u00e3o e PEC dos Precat\u00f3rios em segundo turno na C\u00e2mara - Coluna de Julio Hegedus Netto","description":"Veja a coluna de Julio Hegedus Netto sobre como os investidores aguardam vota\u00e7\u00e3o na C\u00e2mara, IPCA e falas de diversos diretores do FED","robots":{"index":"index","follow":"follow","max-snippet":"max-snippet:-1","max-image-preview":"max-image-preview:large","max-video-preview":"max-video-preview:-1"},"canonical":"https:\/\/www.suno.com.br\/noticias\/colunas\/julio-hegedus-netto\/inflacao-pec-precatorios-federal-reserve\/","og_locale":"pt_BR","og_type":"article","og_title":"Infla\u00e7\u00e3o e PEC dos Precat\u00f3rios em segundo turno na C\u00e2mara - Coluna de Julio Hegedus Netto","og_description":"Veja a coluna de Julio Hegedus Netto sobre como os investidores aguardam vota\u00e7\u00e3o na C\u00e2mara, IPCA e falas de diversos diretores do FED","og_url":"https:\/\/www.suno.com.br\/noticias\/colunas\/julio-hegedus-netto\/inflacao-pec-precatorios-federal-reserve\/","og_site_name":"Suno Not\u00edcias","article_publisher":"https:\/\/facebook.com\/sunoresearch","og_image":[{"width":1200,"height":627,"url":"https:\/\/files.sunoresearch.com.br\/n\/uploads\/2022\/06\/Modelo2.jpg","type":"image\/jpeg"}],"twitter_card":"summary_large_image","twitter_site":"@sunoresearch","twitter_misc":{"Est. tempo de leitura":"7 minutos"},"schema":{"@context":"https:\/\/schema.org","@graph":[{"@type":"Article","@id":"https:\/\/www.suno.com.br\/noticias\/colunas\/julio-hegedus-netto\/inflacao-pec-precatorios-federal-reserve\/#article","isPartOf":{"@id":"https:\/\/www.suno.com.br\/noticias\/colunas\/julio-hegedus-netto\/inflacao-pec-precatorios-federal-reserve\/"},"author":{"name":"Julio Hegedus Netto","@id":"https:\/\/www.suno.com.br\/noticias\/#\/schema\/person\/c5d31719f2f2f38c8d575fc08e55df1a"},"headline":"Infla\u00e7\u00e3o e PEC dos Precat\u00f3rios em segundo turno na C\u00e2mara","datePublished":"2021-11-08T21:11:38+00:00","mainEntityOfPage":{"@id":"https:\/\/www.suno.com.br\/noticias\/colunas\/julio-hegedus-netto\/inflacao-pec-precatorios-federal-reserve\/"},"wordCount":1430,"publisher":{"@id":"https:\/\/www.suno.com.br\/noticias\/#organization"},"keywords":["Federal Reserve (FED)","IPCA","precat\u00f3rios"],"inLanguage":"pt-BR"},{"@type":"WebPage","@id":"https:\/\/www.suno.com.br\/noticias\/colunas\/julio-hegedus-netto\/inflacao-pec-precatorios-federal-reserve\/","url":"https:\/\/www.suno.com.br\/noticias\/colunas\/julio-hegedus-netto\/inflacao-pec-precatorios-federal-reserve\/","name":"Infla\u00e7\u00e3o e PEC dos Precat\u00f3rios em segundo turno na C\u00e2mara - Coluna de Julio Hegedus Netto","isPartOf":{"@id":"https:\/\/www.suno.com.br\/noticias\/#website"},"datePublished":"2021-11-08T21:11:38+00:00","description":"Veja a coluna de Julio Hegedus Netto sobre como os investidores aguardam vota\u00e7\u00e3o na C\u00e2mara, IPCA e falas de diversos diretores do FED","breadcrumb":{"@id":"https:\/\/www.suno.com.br\/noticias\/colunas\/julio-hegedus-netto\/inflacao-pec-precatorios-federal-reserve\/#breadcrumb"},"inLanguage":"pt-BR","potentialAction":[{"@type":"ReadAction","target":["https:\/\/www.suno.com.br\/noticias\/colunas\/julio-hegedus-netto\/inflacao-pec-precatorios-federal-reserve\/"]}]},{"@type":"BreadcrumbList","@id":"https:\/\/www.suno.com.br\/noticias\/colunas\/julio-hegedus-netto\/inflacao-pec-precatorios-federal-reserve\/#breadcrumb","itemListElement":[{"@type":"ListItem","position":1,"name":"Not\u00edcias","item":"https:\/\/www.suno.com.br\/noticias\/"},{"@type":"ListItem","position":2,"name":"Colunas","item":"https:\/\/www.suno.com.br\/noticias\/colunas\/"},{"@type":"ListItem","position":3,"name":"Infla\u00e7\u00e3o e PEC dos Precat\u00f3rios em segundo turno na C\u00e2mara"}]},{"@type":"WebSite","@id":"https:\/\/www.suno.com.br\/noticias\/#website","url":"https:\/\/www.suno.com.br\/noticias\/","name":"Suno Not\u00edcias","description":"Seu portal de informa\u00e7\u00e3o sobre o mundo dos investimentos","publisher":{"@id":"https:\/\/www.suno.com.br\/noticias\/#organization"},"potentialAction":[{"@type":"SearchAction","target":{"@type":"EntryPoint","urlTemplate":"https:\/\/www.suno.com.br\/noticias\/?s={search_term_string}"},"query-input":{"@type":"PropertyValueSpecification","valueRequired":true,"valueName":"search_term_string"}}],"inLanguage":"pt-BR"},{"@type":"Organization","@id":"https:\/\/www.suno.com.br\/noticias\/#organization","name":"Suno Not\u00edcias","url":"https:\/\/www.suno.com.br\/noticias\/","logo":{"@type":"ImageObject","inLanguage":"pt-BR","@id":"https:\/\/www.suno.com.br\/noticias\/#\/schema\/logo\/image\/","url":"https:\/\/files.sunoresearch.com.br\/n\/uploads\/2021\/09\/suno-logo.png","contentUrl":"https:\/\/files.sunoresearch.com.br\/n\/uploads\/2021\/09\/suno-logo.png","width":180,"height":180,"caption":"Suno Not\u00edcias"},"image":{"@id":"https:\/\/www.suno.com.br\/noticias\/#\/schema\/logo\/image\/"},"sameAs":["https:\/\/facebook.com\/sunoresearch","https:\/\/x.com\/sunoresearch","https:\/\/www.instagram.com\/suno","https:\/\/www.linkedin.com\/company\/suno-research\/","https:\/\/www.youtube.com\/c\/sunoresearch"]},{"@type":"Person","@id":"https:\/\/www.suno.com.br\/noticias\/#\/schema\/person\/c5d31719f2f2f38c8d575fc08e55df1a","name":"Julio Hegedus Netto","image":{"@type":"ImageObject","inLanguage":"pt-BR","@id":"https:\/\/www.suno.com.br\/noticias\/#\/schema\/person\/image\/","url":"https:\/\/secure.gravatar.com\/avatar\/870043f332ebddfffd4a9e3a5dd46c13?s=96&r=g","contentUrl":"https:\/\/secure.gravatar.com\/avatar\/870043f332ebddfffd4a9e3a5dd46c13?s=96&r=g","caption":"Julio Hegedus Netto"},"description":"Economista-chefe da Lopes Filho por 26 anos, com mestrado na UFF e na UCAM e doutorando em Portugal. Escrevo relat\u00f3rios para a OHM RESEARCH e disponibilizo conte\u00fados no IML, Investing.com, Linkedin e Suno Not\u00edcias.","sameAs":["https:\/\/jhn031299.blogspot.com\/","https:\/\/www.facebook.com\/julio.hegedus.5","https:\/\/www.linkedin.com\/in\/juliohegedusnetto\/","https:\/\/x.com\/JuHegedus"],"url":"https:\/\/www.suno.com.br\/noticias\/author\/julio-hegedus-netto\/"}]}},"amp_enabled":true,"_links":{"self":[{"href":"https:\/\/www.suno.com.br\/noticias\/wp-json\/wp\/v2\/suno_column\/202703"}],"collection":[{"href":"https:\/\/www.suno.com.br\/noticias\/wp-json\/wp\/v2\/suno_column"}],"about":[{"href":"https:\/\/www.suno.com.br\/noticias\/wp-json\/wp\/v2\/types\/suno_column"}],"author":[{"embeddable":true,"href":"https:\/\/www.suno.com.br\/noticias\/wp-json\/wp\/v2\/users\/82"}],"wp:attachment":[{"href":"https:\/\/www.suno.com.br\/noticias\/wp-json\/wp\/v2\/media?parent=202703"}],"wp:term":[{"taxonomy":"post_tag","embeddable":true,"href":"https:\/\/www.suno.com.br\/noticias\/wp-json\/wp\/v2\/tags?post=202703"}],"curies":[{"name":"wp","href":"https:\/\/api.w.org\/{rel}","templated":true}]}}