{"id":200068,"date":"2021-11-01T16:57:39","date_gmt":"2021-11-01T19:57:39","guid":{"rendered":"https:\/\/www.suno.com.br\/noticias\/colunas\/felipe-areia\/"},"modified":"2021-11-01T16:57:39","modified_gmt":"2021-11-01T19:57:39","slug":"semana-fed-copom-payroll-pec-precatorios","status":"publish","type":"suno_column","link":"https:\/\/www.suno.com.br\/noticias\/colunas\/julio-hegedus-netto\/semana-fed-copom-payroll-pec-precatorios\/","title":{"rendered":"Semana curta, mas com Fed, ata do Copom, PEC dos Precat\u00f3rios e dados de emprego"},"content":{"rendered":"<p>Uma semana mais curta, pelo feriado de Finados (dia 02), mas n\u00e3o menos intensa, pela <strong>reuni\u00e3o do Fed<\/strong>, dados de emprego nos EUA, encontro ambiental em Glasgow (<strong>COP26<\/strong>) e desdobramentos de uma nova onda da pandemia, al\u00e9m da crise energ\u00e9tica no mundo. Nos EUA, em destaque nesta semana os <a class=\"suno-keyword\" href=\"https:\/\/www.suno.com.br\/artigos\/indicadores-de-mercado\/\" target=\"_blank\" rel=\"noopener\" data-force=\"no\" data-priority=\"1\">indicadores de mercado<\/a> de trabalho, na quarta-feira dados setor privado, pelo ADP de outubro, e na sexta-feira, relat\u00f3rio de emprego (<strong>payroll<\/strong>) tamb\u00e9m de outubro, com estimativa de gera\u00e7\u00e3o de 400 mil vagas.<\/p>\n\t<p>\n\t\t<a href=\"https:\/\/lp.suno.com.br\/planilha-controle-gastos\/\" target=\"_blank\" data-element=\"shortcode-suno-banner\" title=\"Banner SUNO, clique e saiba mais\">\n\t\t\t<picture>\n\t\t\t\t<source media=\"(max-width: 500px)\" srcset=\"https:\/\/files.sunoresearch.com.br\/n\/uploads\/2023\/03\/400x300-Planilha-controle-de-gastos.png\">\n\t\t\t\t<img class=\"newsContent__article__imgCapa newsContent__article__imgCapa--banner\"\n\t\t\t\t\tsrc=\"https:\/\/files.sunoresearch.com.br\/n\/uploads\/2023\/03\/1420x240-Planilha-controle-de-gastos.png\"\n\t\t\t\t\tdata-promo-id=\"101751\"\t\t\t\t\t\t\t\t\t\twidth='1420' height='240'\t\t\t\t\talt=\"https:\/\/files.sunoresearch.com.br\/n\/uploads\/2023\/03\/1420x240-Planilha-controle-de-gastos.png\"\n\t\t\t\t>\n\t\t\t<\/picture>\n\t\t<\/a>\n\t<\/p>\n\n\n<p>No Brasil, na quarta-feira a <strong>ata do Copom<\/strong> e a <strong>PEC dos Precat\u00f3rios<\/strong>. Estejamos atentos tamb\u00e9m aos desdobramentos da <strong>greve dos caminhoneiros<\/strong>, at\u00e9 o momento, parcial. Na quinta-feira, pelo IBGE, temos a <strong>produ\u00e7\u00e3o industrial<\/strong> de setembro (IBGE), com recuo de 0,6% nas proje\u00e7\u00f5es.<\/p>\n<p>Deve repercutir tamb\u00e9m o <strong>encontro do G-20<\/strong> e a participa\u00e7\u00e3o do Brasil. Foi not\u00f3rio o isolamento do presidente Jair Bolsonaro, apenas \u201cconfabulando\u201d entre os seus assessores. Apenas o presidente Erdogan lhe deu aten\u00e7\u00e3o.<\/p>\n<p>No encontro entre <strong><a class=\"suno-keyword\" href=\"https:\/\/www.suno.com.br\/tudo-sobre\/janet-yellen\/\" target=\"_blank\" rel=\"noopener\" data-force=\"no\" data-priority=\"2\">Janet Yellen<\/a> <\/strong>e <strong>Paulo Guedes<\/strong>, ambos prometeram trabalhar juntos para o meio ambiente. Guedes apresentou a secret\u00e1ria do Tesouro dos EUA um plano de \u201ccrescimento verde\u201d. No todo, ambos prometem trabalhar juntos em temas bilaterais e quest\u00f5es globais. Um tema na mesa \u00e9 a <a href=\"https:\/\/www.suno.com.br\/noticias\/g20-quer-imposto-global-de-15-para-acabar-paraisos-fiscais\/\">taxa\u00e7\u00e3o m\u00ednima de 15%<\/a> sobre as empresas nos EUA, desmontando assim a ideia de Trump de cortar a taxa\u00e7\u00e3o de 35%.<\/p>\n<p>Sobre a crise h\u00eddrica, a ONS estima alta de 1,4% na carga de energia em novembro, contra o mesmo m\u00eas do ano passado, e <strong>chuvas acima da m\u00e9dia<\/strong> no Sudeste. Projetam-se chuvas 106% acima da m\u00e9dia hist\u00f3rica nas hidrel\u00e9tricas da regi\u00e3o e no Centro-Oeste, enquanto os reservat\u00f3rios do Norte devem receber precipita\u00e7\u00f5es 155% acima da m\u00e9dia no m\u00eas. No Nordeste, as chuvas projetadas indicam 76% da m\u00e9dia no m\u00eas e no Sul, 64%.<\/p>\n<figure id=\"attachment_200072\" aria-describedby=\"caption-attachment-200072\" style=\"width: 1002px\" class=\"wp-caption alignnone\"><img loading=\"lazy\" decoding=\"async\" class=\"size-full wp-image-200072\" src=\"https:\/\/files.sunoresearch.com.br\/n\/uploads\/2021\/11\/Imagem1.png\" alt=\"Chuva e reservat\u00f3rios\" width=\"1002\" height=\"605\" srcset=\"https:\/\/files.sunoresearch.com.br\/n\/uploads\/2021\/11\/Imagem1.png 1002w, https:\/\/files.sunoresearch.com.br\/n\/uploads\/2021\/11\/Imagem1-300x181.png 300w, https:\/\/files.sunoresearch.com.br\/n\/uploads\/2021\/11\/Imagem1-768x464.png 768w, https:\/\/files.sunoresearch.com.br\/n\/uploads\/2021\/11\/Imagem1-150x91.png 150w\" sizes=\"(max-width: 1002px) 100vw, 1002px\" \/><figcaption id=\"caption-attachment-200072\" class=\"wp-caption-text\">Chuva e reservat\u00f3rios<\/figcaption><\/figure>\n\t<p>\n\t\t<a href=\"https:\/\/lp.suno.com.br\/planilha-da-vida-financeira\/\" target=\"_blank\" data-element=\"shortcode-suno-banner\" title=\"Banner SUNO, clique e saiba mais\">\n\t\t\t<picture>\n\t\t\t\t<source media=\"(max-width: 500px)\" srcset=\"https:\/\/files.sunoresearch.com.br\/n\/uploads\/2023\/04\/400x300-Planilha-vida-financeira-true.png\">\n\t\t\t\t<img class=\"newsContent__article__imgCapa newsContent__article__imgCapa--banner\"\n\t\t\t\t\tsrc=\"https:\/\/files.sunoresearch.com.br\/n\/uploads\/2023\/04\/1420x240-Planilha-vida-financeira-true.png\"\n\t\t\t\t\tdata-promo-id=\"106682\"\t\t\t\t\t\t\t\t\t\twidth='1420' height='240'\t\t\t\t\talt=\"https:\/\/files.sunoresearch.com.br\/n\/uploads\/2023\/04\/1420x240-Planilha-vida-financeira-true.png\"\n\t\t\t\t>\n\t\t\t<\/picture>\n\t\t<\/a>\n\t<\/p>\n\n\n<p>Para a PEC dos Precat\u00f3rios, na quarta-feira a perspectiva \u00e9 de que sejam superados os impasses com a proposta aprovada com mais de 308 votos. O texto \u201camadurece bem rapidamente\u201d. Algumas bancadas de esquerda levantaram quest\u00f5es sobre os professores em alguns estados, porque os precat\u00f3rios s\u00f3 existem neste contexto na Bahia, Pernambuco, Cear\u00e1 e Amazonas, mas o governo acredita que isso possa ser resolvido. Caso o impasse permane\u00e7a, o governo tem o \u201cplano B\u201d, como impor \u201c<strong>estado de calamidade<\/strong>\u201d e postergar o aux\u00edlio emergencial at\u00e9 o ano que vem.<\/p>\n<p>Falando da greve dos caminhoneiros, as entidades mais representativas n\u00e3o parecem dispostas a aderir. <a href=\"https:\/\/www.suno.com.br\/noticias\/greve-dos-caminhoneiros-sai-ou-nao-sai-veja-movimentacao-ate-agora\/\">Problemas pontuais s\u00e3o previstos<\/a>. Um segmento muito sens\u00edvel, dos \u201ctanqueiros\u201d, n\u00e3o parece disposto a aderir. Ou seja, n\u00e3o teremos crise de abastecimento de combust\u00edvel. Entre as reivindica\u00e7\u00f5es dos l\u00edderes, a retirada da pol\u00edtica de paridade de importa\u00e7\u00e3o (PPI) praticada pela Petrobras.<\/p>\n<p>Crise energ\u00e9tica \u00e9 global e os custos dos alimentos crescem no ritmo mais r\u00e1pido em 40 anos. Na R\u00fassia, na conclus\u00e3o do abastecimento de g\u00e1s, pela Gasprom, normalizando os estoques entre os russos, e agora o ordenamento de abastecimento para a Europa. As armazenagens de g\u00e1s na Alemanha e na \u00c1ustria devem ser atendidas nesta semana. Decorrente disso, o <strong>pre\u00e7o do g\u00e1s<\/strong>, na Europa, caiu mais de 15%, para 64,5 euros o megawatt-hora na sexta-feira, menor pre\u00e7o em seis semanas. Assim sendo, devem aumentar os fornecimentos de g\u00e1s da R\u00fassia ao velho continente.<\/p>\n<figure id=\"attachment_200075\" aria-describedby=\"caption-attachment-200075\" style=\"width: 762px\" class=\"wp-caption alignnone\"><img loading=\"lazy\" decoding=\"async\" class=\"size-full wp-image-200075\" src=\"https:\/\/files.sunoresearch.com.br\/n\/uploads\/2021\/11\/Imagem2.png\" alt=\"Pre\u00e7o do g\u00e1s natural na Europa\" width=\"762\" height=\"604\" srcset=\"https:\/\/files.sunoresearch.com.br\/n\/uploads\/2021\/11\/Imagem2.png 762w, https:\/\/files.sunoresearch.com.br\/n\/uploads\/2021\/11\/Imagem2-300x238.png 300w, https:\/\/files.sunoresearch.com.br\/n\/uploads\/2021\/11\/Imagem2-150x119.png 150w\" sizes=\"(max-width: 762px) 100vw, 762px\" \/><figcaption id=\"caption-attachment-200075\" class=\"wp-caption-text\">Pre\u00e7o do g\u00e1s natural na Europa<\/figcaption><\/figure>\n<p><strong>Indicadores<\/strong><\/p>\n<p><strong>No Brasil<\/strong><\/p>\n<p>O <strong><a class=\"suno-keyword\" href=\"https:\/\/www.suno.com.br\/artigos\/superavit-primario\/\" target=\"_blank\" rel=\"noopener\" data-force=\"no\" data-priority=\"1\">super\u00e1vit prim\u00e1rio<\/a><\/strong> consolidado de setembro veio em R$ 12,93 bilh\u00f5es, bem acima do projetado (R$ 1,75 bi), alterando a curva de juro, com os contratos DI devolvendo pr\u00eamios. Boa parte deste resultado foi obtido por causa da arrecada\u00e7\u00e3o elevada e da infla\u00e7\u00e3o. Por outro lado, o uso de recursos para o pagamento do aux\u00edlio emergencial por mais tempo e o risco de \u201ccalamidade p\u00fablica\u201d deve manter os investidores em posi\u00e7\u00e3o defensiva.<\/p>\n<p>No acumulado ao ano, o setor p\u00fablico consolidado registra super\u00e1vit de R$ 14,2 bilh\u00f5es e em 12 meses d\u00e9ficit de R$ 52,9 bi (0,63% do PIB). A <a class=\"suno-keyword\" href=\"https:\/\/www.suno.com.br\/artigos\/divida-liquida\/\" target=\"_blank\" rel=\"noopener\" data-force=\"no\" data-priority=\"1\">d\u00edvida l\u00edquida<\/a> \u00e9 de R$ 4,9 trilh\u00f5es, 58,5% do PIB, e a <a class=\"suno-keyword\" href=\"https:\/\/www.suno.com.br\/artigos\/divida-bruta\/\" target=\"_blank\" rel=\"noopener\" data-force=\"no\" data-priority=\"1\">d\u00edvida bruta<\/a> R$ 6,9 trilh\u00f5es, 83,0% PIB.<\/p>\n<p><strong>Na <a class=\"suno-keyword\" href=\"https:\/\/www.suno.com.br\/artigos\/zona-do-euro\/\" target=\"_blank\" rel=\"noopener\" data-force=\"no\" data-priority=\"1\">Zona do Euro<\/a><\/strong><\/p>\n<p>A Zona do Euro registrou crescimento de 2,2% no terceiro trimestre, contra o anterior, na compara\u00e7\u00e3o anual crescendo 3,7%. Este resultado ficou acima do esperado. Portugal veio com crescimento de 2,9% no terceiro contra o segundo e 4,2% pela taxa anualizada. Alemanha veio com 1,8% e 2,5%, respectivamente, Espanha, 2,0% e 2,7% e Fran\u00e7a 3,0% e 3,3%. Sobre o CPI, a taxa de crescimento da Zona do Euro foi de 4,1% em outubro, maior desde 2008. Em setembro foi de 3,4%.<\/p>\n<p>O s\u00f3lido crescimento do PIB no terceiro trimestre significa que o bloco praticamente concluiu seu ciclo de recupera\u00e7\u00e3o e o crescimento tende a se acomodar no \u00faltimo trimestre do ano. Isso deve acontecer \u00e0 medida que os gargalos de oferta sejam superados, a demanda global se mostre mais fraca e problemas pontuais de escassez de m\u00e3o de obra fiquem para tr\u00e1s.<\/p>\n<p><strong>Nos EUA<\/strong><\/p>\n<p><a class=\"suno-keyword\" href=\"https:\/\/www.suno.com.br\/artigos\/confianca-do-consumidor\/\" target=\"_blank\" rel=\"noopener\" data-force=\"no\" data-priority=\"1\">Confian\u00e7a do Consumidor<\/a> de Michigan caiu a 71,7 pontos em outubro, contra previs\u00e3o de 71,2.<\/p>\n<p>PMI de Chicago foi a 68,4 contra estimativa de 63,5.<\/p>\n<p>O PCE de setembro foi a 0,3% quando o esperado era 0,4%. O n\u00facleo registrou 0,2%, dentro do esperado e a renda pessoal recuou 1%, quando o esperado era -0,4%.<\/p>\n<p>Na China, o PMI Manufaturados oficial veio a 49,2 pontos em outubro, depois de 49,6 em setembro, sinalizando uma perda de dinamismo da economia. Este \u00e9 o segundo m\u00eas de queda da atividade fabril. J\u00e1 o PMI N\u00e3o Manufaturados, caiu de 53,2 em setembro para 52,4 em outubro.<\/p>\n<figure id=\"attachment_200076\" aria-describedby=\"caption-attachment-200076\" style=\"width: 731px\" class=\"wp-caption alignnone\"><img loading=\"lazy\" decoding=\"async\" class=\"size-full wp-image-200076\" src=\"https:\/\/files.sunoresearch.com.br\/n\/uploads\/2021\/11\/Imagem3.png\" alt=\"PMI na China\" width=\"731\" height=\"475\" srcset=\"https:\/\/files.sunoresearch.com.br\/n\/uploads\/2021\/11\/Imagem3.png 731w, https:\/\/files.sunoresearch.com.br\/n\/uploads\/2021\/11\/Imagem3-300x195.png 300w, https:\/\/files.sunoresearch.com.br\/n\/uploads\/2021\/11\/Imagem3-150x97.png 150w\" sizes=\"(max-width: 731px) 100vw, 731px\" \/><figcaption id=\"caption-attachment-200076\" class=\"wp-caption-text\">PMI na China<\/figcaption><\/figure>\n\t<p>\n\t\t<a href=\"https:\/\/lp.suno.com.br\/ebook-como-analisar-uma-acao\/\" target=\"_blank\" data-element=\"shortcode-suno-banner\" title=\"Banner SUNO, clique e saiba mais\">\n\t\t\t<picture>\n\t\t\t\t<source media=\"(max-width: 500px)\" srcset=\"https:\/\/files.sunoresearch.com.br\/n\/uploads\/2023\/03\/Ebook-Acoes-Mobile-1.jpg\">\n\t\t\t\t<img class=\"newsContent__article__imgCapa newsContent__article__imgCapa--banner\"\n\t\t\t\t\tsrc=\"https:\/\/files.sunoresearch.com.br\/n\/uploads\/2023\/03\/Ebook-Acoes-Desktop-1.jpg\"\n\t\t\t\t\tdata-promo-id=\"171998\"\t\t\t\t\t\t\t\t\t\twidth='1420' height='286'\t\t\t\t\talt=\"https:\/\/files.sunoresearch.com.br\/n\/uploads\/2023\/03\/Ebook-Acoes-Desktop-1.jpg\"\n\t\t\t\t>\n\t\t\t<\/picture>\n\t\t<\/a>\n\t<\/p>\n\n\n<p>MERCADOS<\/p>\n<p>No Brasil, o <strong>Ibovespa<\/strong> apresentou queda de 6,7% em outubro, a 103.501 pontos, e d\u00f3lar acentuou alta, mesma dire\u00e7\u00e3o da inclina\u00e7\u00e3o da <a class=\"suno-keyword\" href=\"https:\/\/www.suno.com.br\/artigos\/curva-de-juros\/\" target=\"_blank\" rel=\"noopener\" data-force=\"no\" data-priority=\"1\">curva de juros<\/a>. No dia, a queda foi de 2,09% e na semana, de 2,6%. No fim da sess\u00e3o, a moeda norte-americana subiu 0,28%, a R$ 5,6419.<\/p>\n<p>Nesta segunda-feira est\u00e1 marcado um leil\u00e3o de <a class=\"suno-keyword\" href=\"https:\/\/www.suno.com.br\/artigos\/swap-cambial\/\" target=\"_blank\" rel=\"noopener\" data-force=\"no\" data-priority=\"1\">swap cambial<\/a> para overhedge, com 14 mil contratos, US$ 700 mil. Teremos tamb\u00e9m um leil\u00e3o de NTN-B, ofertados t\u00edtulos de 15\/08\/26, 15\/08\/30 e 15\/05\/55.<\/p>\n<p>Na madrugada do dia 01\/11, na Europa (04h05), os mercados futuros operavam SEM UMA DIRE\u00c7\u00c3O DEFINIDA: DAX (Alemanha) recuando 0,05%, a 15.688 pontos; <a class=\"suno-keyword\" href=\"https:\/\/www.suno.com.br\/artigos\/ftse-100\/\" target=\"_blank\" rel=\"noopener\" data-force=\"no\" data-priority=\"1\">FTSE 100<\/a> (Reino Unido), -0,16%, a 7.237 pontos; <a class=\"suno-keyword\" href=\"https:\/\/www.suno.com.br\/artigos\/cac-40\/\" target=\"_blank\" rel=\"noopener\" data-force=\"no\" data-priority=\"1\">CAC 40<\/a> +0,38%, a 6.830 pontos, e EuroStoxx50 +0,39%, a 4.250 pontos.<\/p>\n<p>Na madrugada do dia 29\/10, na \u00c1sia (05h05), os mercados operaram MISTOS: S&amp;P\/ASX (Austr\u00e1lia), +0,64%, a 7.370 pontos; Nikkei (Jap\u00e3o) +2,61%, a 29.647 pontos; KOSPI (Cor\u00e9ia), +0,28%, a 2.978 pontos; Shanghai -0,08%, a 3.544, e <a class=\"suno-keyword\" href=\"https:\/\/www.suno.com.br\/artigos\/hang-seng\/\" target=\"_blank\" rel=\"noopener\" data-force=\"no\" data-priority=\"1\">Hang Seng<\/a>, -1,07%, a 25.105 pontos.<\/p>\n<p>No futuro nos EUA, as bolsas de NY, NO <a class=\"suno-keyword\" href=\"https:\/\/www.suno.com.br\/artigos\/contrato-futuro\/\" target=\"_blank\" rel=\"noopener\" data-force=\"no\" data-priority=\"1\">MERCADO FUTURO<\/a>, operavam em QUEDA neste dia 01\/11 (05h05): Dow Jones, +0,17%, 35.765 pontos; S&amp;P 500, -0,18%, a 4.605 pontos, e Nasdaq +0,26%, a 15.892 pontos. No VIX S&amp;P500, 18,62 pontos, RECUANDO 0,85%. No mercado de Treasuries, US 2Y AVAN\u00c7ANDO 1,64%, a 0,5031, US 10Y +0,77%, a 1,568 e US 30Y, +0,18%, a 1,944. No DXY, o d\u00f3lar +0,07%, a 94,183, e <a class=\"suno-keyword\" href=\"https:\/\/www.suno.com.br\/artigos\/embi\/\" target=\"_blank\" rel=\"noopener\" data-force=\"no\" data-priority=\"1\">risco pa\u00eds<\/a>, CDS 5 ANOS, a 244,9 pontos. <a class=\"suno-keyword\" href=\"https:\/\/www.suno.com.br\/artigos\/wti\/\" target=\"_blank\" rel=\"noopener\" data-force=\"no\" data-priority=\"1\">Petr\u00f3leo WTI<\/a>, a US$ 83,03 (+0,65%) e Petr\u00f3leo Brent US$ 83,39 (-0,39%). G\u00e1s Natural em RECUANDO de 0,68%, a US$ 5,39 e Min\u00e9rio de Ferro, -5,72%, a US$ 618,50.<\/p>\n<p>Nos mercados, o debate diz respeito \u00e0 recupera\u00e7\u00e3o do pre\u00e7o da demanda global por petr\u00f3leo, empurrando o pre\u00e7o do barril para mais de US$ 100, acima de US$ 90 ao fim deste ano.<\/p>\n<p>Na agenda desta SEMANA, nos EUA destaque para a reuni\u00e3o do Fed, e os dados de <a class=\"suno-keyword\" href=\"https:\/\/www.suno.com.br\/artigos\/mercado-de-trabalho\/\" target=\"_blank\" rel=\"noopener\" data-force=\"no\" data-priority=\"2\">mercado de trabalho<\/a>, na quarta-feira, o ADP, gera\u00e7\u00e3o de emprego do setor privado, e na sexta-feira, o payroll e a taxa de desemprego. Variados indicadores do PMI pelo mundo s\u00e3o divulgados, com destaque para os EUA, JAP\u00c3O, Reino Unido, Alemanha e Zona do Euro. No Brasil, aten\u00e7\u00e3o para a ata do Copom e repercuss\u00f5es variadas sobre a PEC dos precat\u00f3rios. Na quinta-feira estejamos atentos a reuni\u00e3o do OPEP+, quando ser\u00e3o discutidas cotas de produ\u00e7\u00e3o.<\/p>\n\t<p>\n\t\t<a href=\"https:\/\/lp.suno.com.br\/planilha-de-controle-de-investimentos\/\" target=\"_blank\" data-element=\"shortcode-suno-banner\" title=\"Banner SUNO, clique e saiba mais\">\n\t\t\t<picture>\n\t\t\t\t<source media=\"(max-width: 500px)\" srcset=\"https:\/\/files.sunoresearch.com.br\/n\/uploads\/2023\/03\/400x300-Controle-de-Investimentos.png\">\n\t\t\t\t<img class=\"newsContent__article__imgCapa newsContent__article__imgCapa--banner\"\n\t\t\t\t\tsrc=\"https:\/\/files.sunoresearch.com.br\/n\/uploads\/2023\/03\/1420x240-Controle-de-Investimentos.png\"\n\t\t\t\t\tdata-promo-id=\"75934\"\t\t\t\t\t\t\t\t\t\twidth='1420' height='240'\t\t\t\t\talt=\"https:\/\/files.sunoresearch.com.br\/n\/uploads\/2023\/03\/1420x240-Controle-de-Investimentos.png\"\n\t\t\t\t>\n\t\t\t<\/picture>\n\t\t<\/a>\n\t<\/p>\n\n\n<table>\n<tbody>\n<tr>\n<td width=\"123\"><strong>Agenda Semanal<\/strong><\/td>\n<td width=\"472\"><strong>\u00a0<\/strong><\/td>\n<\/tr>\n<tr>\n<td width=\"123\"><strong>2\u00aa feira (01)<\/strong><\/td>\n<td width=\"472\">\u00a0PMI Industrial Caixin (China); Vendas no Varejo (Alemanha); PMI Industrial (Reino Unido); \u00a0\u00a0Boletim Focus; PMI Industrial Markit (Brasil); PMI Industrial (EUA); PMI Industrial ISM (EUA); \u00a0Leil\u00e3o TN: NTN-B; Balan\u00e7a Comercial (Out, brasil).<\/td>\n<\/tr>\n<tr>\n<td width=\"123\"><strong>3\u00aa feira (02)<\/strong><\/td>\n<td width=\"472\">Feriado Brasil \u2013 Finados; Decis\u00e3o de Pol\u00edtica Monet\u00e1ria (Austr\u00e1lia); PMI Industrial (Alemanha); PMI Industrial (Zona do Euro); PMI Servi\u00e7os Caixin e Comp (China).<\/td>\n<\/tr>\n<tr>\n<td width=\"123\"><strong>4\u00aa feira (03)<\/strong><\/td>\n<td width=\"472\">Feriado Jap\u00e3o &#8211; Dia da Cultura; PMI Composto e Servi\u00e7os (Reino Unido); Taxa de Desemprego (Zona do Euro); \u00a0Ata do Copom (Brasil); Varia\u00e7\u00e3o Empregos Privados ADP (EUA); PMI Composto Markit e Servi\u00e7os (EUA); PMI ISM N\u00e3o-Manufatura (EUA); Encomendas \u00e0 Ind\u00fastria (EUA); Estoques Petr\u00f3leo Cushing; Fluxo Cambial Estrangeiro (Brasil); Decis\u00e3o de Pol\u00edtica Monet\u00e1ria FOMC (EUA); Coletiva de Imprensa FOMC<\/p>\n<p>PMI Setor de Servi\u00e7os (Jap\u00e3o).<\/td>\n<\/tr>\n<tr>\n<td width=\"123\"><strong>5\u00aa feira (04)<\/strong><\/td>\n<td width=\"472\">PMI Composto e Servi\u00e7os (Alemanha); PMI Composto Markit e Servi\u00e7os (Zona do EURO); PMI de Constru\u00e7\u00e3o (Reino Unido); Produ\u00e7\u00e3o Industrial (IBGE, set) (Brasil); Decis\u00e3o de Pol\u00edtica Monet\u00e1ria (Reino Unido); Balan\u00e7a Comercial, Importa\u00e7\u00f5es e Exporta\u00e7\u00f5es (EUA); Ped. Iniciais Seguro-Desemprego (EUA); PMI Composto Markit e Servi\u00e7os (Brasil); Leil\u00e3o TN: LFT, NTN-F, LTN (Brasil).<\/td>\n<\/tr>\n<tr>\n<td width=\"123\"><strong>6\u00aa feira (05)<\/strong><\/td>\n<td width=\"472\">Produ\u00e7\u00e3o Industrial (Alemanha); Vendas no Varejo (Zona do Euro); Relat\u00f3rio de Emprego (Payroll) \u00a0(EUA); Taxa de Desemprego (EUA); Contagem Sondas Baker Hughes.<\/td>\n<\/tr>\n<\/tbody>\n<\/table>\n\t<p>\n\t\t<a href=\"\" target=\"_blank\" data-element=\"shortcode-suno-banner\" title=\"Banner SUNO, clique e saiba mais\">\n\t\t\t<picture>\n\t\t\t\t<source media=\"(max-width: 500px)\" srcset=\"\">\n\t\t\t\t<img class=\"newsContent__article__imgCapa newsContent__article__imgCapa--banner\"\n\t\t\t\t\tsrc=\"\"\n\t\t\t\t\tdata-promo-id=\"184190\"\t\t\t\t\t\t\t\t\t\t\t\t\t\t\talt=\"\"\n\t\t\t\t>\n\t\t\t<\/picture>\n\t\t<\/a>\n\t<\/p>\n\n\n","protected":false},"excerpt":{"rendered":"<p>Uma semana mais curta, pelo feriado de Finados (dia 02), mas n\u00e3o menos intensa, pela reuni\u00e3o do Fed, dados de emprego nos EUA, encontro ambiental em Glasgow (COP26) e &#8230;<\/p>\n","protected":false},"author":82,"featured_media":0,"template":"","tags":[1104,776,15483],"class_list":["post-200068","suno_column","type-suno_column","status-publish","hentry","tag-copom","tag-federal-reseve-fed","tag-payroll"],"yoast_head":"<!-- This site is optimized with the Yoast SEO plugin v24.4 - https:\/\/yoast.com\/wordpress\/plugins\/seo\/ -->\n<title>Semana curta, mas com Fed, ata do Copom, PEC dos Precat\u00f3rios e dados de emprego - Coluna de Julio Hegedus Netto<\/title>\n<meta name=\"description\" content=\"Leia a coluna de Julio Hegedus Netto sobre os pontos de aten\u00e7\u00e3o em indicadores importantes na crise energ\u00e9tica, infla\u00e7\u00e3o e emprego\" \/>\n<meta name=\"robots\" content=\"index, follow, max-snippet:-1, max-image-preview:large, max-video-preview:-1\" \/>\n<link rel=\"canonical\" href=\"https:\/\/www.suno.com.br\/noticias\/colunas\/julio-hegedus-netto\/semana-fed-copom-payroll-pec-precatorios\/\" \/>\n<meta property=\"og:locale\" content=\"pt_BR\" \/>\n<meta property=\"og:type\" content=\"article\" \/>\n<meta property=\"og:title\" content=\"Semana curta, mas com Fed, ata do Copom, PEC dos Precat\u00f3rios e dados de emprego - Coluna de Julio Hegedus Netto\" \/>\n<meta property=\"og:description\" content=\"Leia a coluna de Julio Hegedus Netto sobre os pontos de aten\u00e7\u00e3o em indicadores importantes na crise energ\u00e9tica, infla\u00e7\u00e3o e emprego\" \/>\n<meta property=\"og:url\" content=\"https:\/\/www.suno.com.br\/noticias\/colunas\/julio-hegedus-netto\/semana-fed-copom-payroll-pec-precatorios\/\" \/>\n<meta property=\"og:site_name\" content=\"Suno Not\u00edcias\" \/>\n<meta property=\"article:publisher\" content=\"https:\/\/facebook.com\/sunoresearch\" \/>\n<meta property=\"og:image\" content=\"https:\/\/files.sunoresearch.com.br\/n\/uploads\/2021\/11\/Imagem1.png\" \/>\n<meta name=\"twitter:card\" content=\"summary_large_image\" \/>\n<meta name=\"twitter:site\" content=\"@sunoresearch\" \/>\n<meta name=\"twitter:label1\" content=\"Est. tempo de leitura\" \/>\n\t<meta name=\"twitter:data1\" content=\"8 minutos\" \/>\n<script type=\"application\/ld+json\" class=\"yoast-schema-graph\">{\"@context\":\"https:\/\/schema.org\",\"@graph\":[{\"@type\":\"Article\",\"@id\":\"https:\/\/www.suno.com.br\/noticias\/colunas\/julio-hegedus-netto\/semana-fed-copom-payroll-pec-precatorios\/#article\",\"isPartOf\":{\"@id\":\"https:\/\/www.suno.com.br\/noticias\/colunas\/julio-hegedus-netto\/semana-fed-copom-payroll-pec-precatorios\/\"},\"author\":{\"name\":\"Julio Hegedus Netto\",\"@id\":\"https:\/\/www.suno.com.br\/noticias\/#\/schema\/person\/c5d31719f2f2f38c8d575fc08e55df1a\"},\"headline\":\"Semana curta, mas com Fed, ata do Copom, PEC dos Precat\u00f3rios e dados de emprego\",\"datePublished\":\"2021-11-01T19:57:39+00:00\",\"mainEntityOfPage\":{\"@id\":\"https:\/\/www.suno.com.br\/noticias\/colunas\/julio-hegedus-netto\/semana-fed-copom-payroll-pec-precatorios\/\"},\"wordCount\":1614,\"publisher\":{\"@id\":\"https:\/\/www.suno.com.br\/noticias\/#organization\"},\"image\":{\"@id\":\"https:\/\/www.suno.com.br\/noticias\/colunas\/julio-hegedus-netto\/semana-fed-copom-payroll-pec-precatorios\/#primaryimage\"},\"thumbnailUrl\":\"https:\/\/files.sunoresearch.com.br\/n\/uploads\/2021\/11\/Imagem1.png\",\"keywords\":[\"Copom\",\"Federal Reserve (FED)\",\"Payroll\"],\"inLanguage\":\"pt-BR\"},{\"@type\":\"WebPage\",\"@id\":\"https:\/\/www.suno.com.br\/noticias\/colunas\/julio-hegedus-netto\/semana-fed-copom-payroll-pec-precatorios\/\",\"url\":\"https:\/\/www.suno.com.br\/noticias\/colunas\/julio-hegedus-netto\/semana-fed-copom-payroll-pec-precatorios\/\",\"name\":\"Semana curta, mas com Fed, ata do Copom, PEC dos Precat\u00f3rios e dados de emprego - Coluna de Julio Hegedus Netto\",\"isPartOf\":{\"@id\":\"https:\/\/www.suno.com.br\/noticias\/#website\"},\"primaryImageOfPage\":{\"@id\":\"https:\/\/www.suno.com.br\/noticias\/colunas\/julio-hegedus-netto\/semana-fed-copom-payroll-pec-precatorios\/#primaryimage\"},\"image\":{\"@id\":\"https:\/\/www.suno.com.br\/noticias\/colunas\/julio-hegedus-netto\/semana-fed-copom-payroll-pec-precatorios\/#primaryimage\"},\"thumbnailUrl\":\"https:\/\/files.sunoresearch.com.br\/n\/uploads\/2021\/11\/Imagem1.png\",\"datePublished\":\"2021-11-01T19:57:39+00:00\",\"description\":\"Leia a coluna de Julio Hegedus Netto sobre os pontos de aten\u00e7\u00e3o em indicadores importantes na crise energ\u00e9tica, infla\u00e7\u00e3o e emprego\",\"breadcrumb\":{\"@id\":\"https:\/\/www.suno.com.br\/noticias\/colunas\/julio-hegedus-netto\/semana-fed-copom-payroll-pec-precatorios\/#breadcrumb\"},\"inLanguage\":\"pt-BR\",\"potentialAction\":[{\"@type\":\"ReadAction\",\"target\":[\"https:\/\/www.suno.com.br\/noticias\/colunas\/julio-hegedus-netto\/semana-fed-copom-payroll-pec-precatorios\/\"]}]},{\"@type\":\"ImageObject\",\"inLanguage\":\"pt-BR\",\"@id\":\"https:\/\/www.suno.com.br\/noticias\/colunas\/julio-hegedus-netto\/semana-fed-copom-payroll-pec-precatorios\/#primaryimage\",\"url\":\"https:\/\/files.sunoresearch.com.br\/n\/uploads\/2021\/11\/Imagem1.png\",\"contentUrl\":\"https:\/\/files.sunoresearch.com.br\/n\/uploads\/2021\/11\/Imagem1.png\"},{\"@type\":\"BreadcrumbList\",\"@id\":\"https:\/\/www.suno.com.br\/noticias\/colunas\/julio-hegedus-netto\/semana-fed-copom-payroll-pec-precatorios\/#breadcrumb\",\"itemListElement\":[{\"@type\":\"ListItem\",\"position\":1,\"name\":\"Not\u00edcias\",\"item\":\"https:\/\/www.suno.com.br\/noticias\/\"},{\"@type\":\"ListItem\",\"position\":2,\"name\":\"Colunas\",\"item\":\"https:\/\/www.suno.com.br\/noticias\/colunas\/\"},{\"@type\":\"ListItem\",\"position\":3,\"name\":\"Semana curta, mas com Fed, ata do Copom, PEC dos Precat\u00f3rios e dados de emprego\"}]},{\"@type\":\"WebSite\",\"@id\":\"https:\/\/www.suno.com.br\/noticias\/#website\",\"url\":\"https:\/\/www.suno.com.br\/noticias\/\",\"name\":\"Suno Not\u00edcias\",\"description\":\"Seu portal de informa\u00e7\u00e3o sobre o mundo dos investimentos\",\"publisher\":{\"@id\":\"https:\/\/www.suno.com.br\/noticias\/#organization\"},\"potentialAction\":[{\"@type\":\"SearchAction\",\"target\":{\"@type\":\"EntryPoint\",\"urlTemplate\":\"https:\/\/www.suno.com.br\/noticias\/?s={search_term_string}\"},\"query-input\":{\"@type\":\"PropertyValueSpecification\",\"valueRequired\":true,\"valueName\":\"search_term_string\"}}],\"inLanguage\":\"pt-BR\"},{\"@type\":\"Organization\",\"@id\":\"https:\/\/www.suno.com.br\/noticias\/#organization\",\"name\":\"Suno Not\u00edcias\",\"url\":\"https:\/\/www.suno.com.br\/noticias\/\",\"logo\":{\"@type\":\"ImageObject\",\"inLanguage\":\"pt-BR\",\"@id\":\"https:\/\/www.suno.com.br\/noticias\/#\/schema\/logo\/image\/\",\"url\":\"https:\/\/files.sunoresearch.com.br\/n\/uploads\/2021\/09\/suno-logo.png\",\"contentUrl\":\"https:\/\/files.sunoresearch.com.br\/n\/uploads\/2021\/09\/suno-logo.png\",\"width\":180,\"height\":180,\"caption\":\"Suno Not\u00edcias\"},\"image\":{\"@id\":\"https:\/\/www.suno.com.br\/noticias\/#\/schema\/logo\/image\/\"},\"sameAs\":[\"https:\/\/facebook.com\/sunoresearch\",\"https:\/\/x.com\/sunoresearch\",\"https:\/\/www.instagram.com\/suno\",\"https:\/\/www.linkedin.com\/company\/suno-research\/\",\"https:\/\/www.youtube.com\/c\/sunoresearch\"]},{\"@type\":\"Person\",\"@id\":\"https:\/\/www.suno.com.br\/noticias\/#\/schema\/person\/c5d31719f2f2f38c8d575fc08e55df1a\",\"name\":\"Julio Hegedus Netto\",\"image\":{\"@type\":\"ImageObject\",\"inLanguage\":\"pt-BR\",\"@id\":\"https:\/\/www.suno.com.br\/noticias\/#\/schema\/person\/image\/\",\"url\":\"https:\/\/secure.gravatar.com\/avatar\/870043f332ebddfffd4a9e3a5dd46c13?s=96&r=g\",\"contentUrl\":\"https:\/\/secure.gravatar.com\/avatar\/870043f332ebddfffd4a9e3a5dd46c13?s=96&r=g\",\"caption\":\"Julio Hegedus Netto\"},\"description\":\"Economista-chefe da Lopes Filho por 26 anos, com mestrado na UFF e na UCAM e doutorando em Portugal. Escrevo relat\u00f3rios para a OHM RESEARCH e disponibilizo conte\u00fados no IML, Investing.com, Linkedin e Suno Not\u00edcias.\",\"sameAs\":[\"https:\/\/jhn031299.blogspot.com\/\",\"https:\/\/www.facebook.com\/julio.hegedus.5\",\"https:\/\/www.linkedin.com\/in\/juliohegedusnetto\/\",\"https:\/\/x.com\/JuHegedus\"],\"url\":\"https:\/\/www.suno.com.br\/noticias\/author\/julio-hegedus-netto\/\"}]}<\/script>\n<!-- \/ Yoast SEO plugin. -->","yoast_head_json":{"title":"Semana curta, mas com Fed, ata do Copom, PEC dos Precat\u00f3rios e dados de emprego - Coluna de Julio Hegedus Netto","description":"Leia a coluna de Julio Hegedus Netto sobre os pontos de aten\u00e7\u00e3o em indicadores importantes na crise energ\u00e9tica, infla\u00e7\u00e3o e emprego","robots":{"index":"index","follow":"follow","max-snippet":"max-snippet:-1","max-image-preview":"max-image-preview:large","max-video-preview":"max-video-preview:-1"},"canonical":"https:\/\/www.suno.com.br\/noticias\/colunas\/julio-hegedus-netto\/semana-fed-copom-payroll-pec-precatorios\/","og_locale":"pt_BR","og_type":"article","og_title":"Semana curta, mas com Fed, ata do Copom, PEC dos Precat\u00f3rios e dados de emprego - Coluna de Julio Hegedus Netto","og_description":"Leia a coluna de Julio Hegedus Netto sobre os pontos de aten\u00e7\u00e3o em indicadores importantes na crise energ\u00e9tica, infla\u00e7\u00e3o e emprego","og_url":"https:\/\/www.suno.com.br\/noticias\/colunas\/julio-hegedus-netto\/semana-fed-copom-payroll-pec-precatorios\/","og_site_name":"Suno Not\u00edcias","article_publisher":"https:\/\/facebook.com\/sunoresearch","og_image":[{"url":"https:\/\/files.sunoresearch.com.br\/n\/uploads\/2021\/11\/Imagem1.png","type":"","width":"","height":""}],"twitter_card":"summary_large_image","twitter_site":"@sunoresearch","twitter_misc":{"Est. tempo de leitura":"8 minutos"},"schema":{"@context":"https:\/\/schema.org","@graph":[{"@type":"Article","@id":"https:\/\/www.suno.com.br\/noticias\/colunas\/julio-hegedus-netto\/semana-fed-copom-payroll-pec-precatorios\/#article","isPartOf":{"@id":"https:\/\/www.suno.com.br\/noticias\/colunas\/julio-hegedus-netto\/semana-fed-copom-payroll-pec-precatorios\/"},"author":{"name":"Julio Hegedus Netto","@id":"https:\/\/www.suno.com.br\/noticias\/#\/schema\/person\/c5d31719f2f2f38c8d575fc08e55df1a"},"headline":"Semana curta, mas com Fed, ata do Copom, PEC dos Precat\u00f3rios e dados de emprego","datePublished":"2021-11-01T19:57:39+00:00","mainEntityOfPage":{"@id":"https:\/\/www.suno.com.br\/noticias\/colunas\/julio-hegedus-netto\/semana-fed-copom-payroll-pec-precatorios\/"},"wordCount":1614,"publisher":{"@id":"https:\/\/www.suno.com.br\/noticias\/#organization"},"image":{"@id":"https:\/\/www.suno.com.br\/noticias\/colunas\/julio-hegedus-netto\/semana-fed-copom-payroll-pec-precatorios\/#primaryimage"},"thumbnailUrl":"https:\/\/files.sunoresearch.com.br\/n\/uploads\/2021\/11\/Imagem1.png","keywords":["Copom","Federal Reserve (FED)","Payroll"],"inLanguage":"pt-BR"},{"@type":"WebPage","@id":"https:\/\/www.suno.com.br\/noticias\/colunas\/julio-hegedus-netto\/semana-fed-copom-payroll-pec-precatorios\/","url":"https:\/\/www.suno.com.br\/noticias\/colunas\/julio-hegedus-netto\/semana-fed-copom-payroll-pec-precatorios\/","name":"Semana curta, mas com Fed, ata do Copom, PEC dos Precat\u00f3rios e dados de emprego - Coluna de Julio Hegedus Netto","isPartOf":{"@id":"https:\/\/www.suno.com.br\/noticias\/#website"},"primaryImageOfPage":{"@id":"https:\/\/www.suno.com.br\/noticias\/colunas\/julio-hegedus-netto\/semana-fed-copom-payroll-pec-precatorios\/#primaryimage"},"image":{"@id":"https:\/\/www.suno.com.br\/noticias\/colunas\/julio-hegedus-netto\/semana-fed-copom-payroll-pec-precatorios\/#primaryimage"},"thumbnailUrl":"https:\/\/files.sunoresearch.com.br\/n\/uploads\/2021\/11\/Imagem1.png","datePublished":"2021-11-01T19:57:39+00:00","description":"Leia a coluna de Julio Hegedus Netto sobre os pontos de aten\u00e7\u00e3o em indicadores importantes na crise energ\u00e9tica, infla\u00e7\u00e3o e emprego","breadcrumb":{"@id":"https:\/\/www.suno.com.br\/noticias\/colunas\/julio-hegedus-netto\/semana-fed-copom-payroll-pec-precatorios\/#breadcrumb"},"inLanguage":"pt-BR","potentialAction":[{"@type":"ReadAction","target":["https:\/\/www.suno.com.br\/noticias\/colunas\/julio-hegedus-netto\/semana-fed-copom-payroll-pec-precatorios\/"]}]},{"@type":"ImageObject","inLanguage":"pt-BR","@id":"https:\/\/www.suno.com.br\/noticias\/colunas\/julio-hegedus-netto\/semana-fed-copom-payroll-pec-precatorios\/#primaryimage","url":"https:\/\/files.sunoresearch.com.br\/n\/uploads\/2021\/11\/Imagem1.png","contentUrl":"https:\/\/files.sunoresearch.com.br\/n\/uploads\/2021\/11\/Imagem1.png"},{"@type":"BreadcrumbList","@id":"https:\/\/www.suno.com.br\/noticias\/colunas\/julio-hegedus-netto\/semana-fed-copom-payroll-pec-precatorios\/#breadcrumb","itemListElement":[{"@type":"ListItem","position":1,"name":"Not\u00edcias","item":"https:\/\/www.suno.com.br\/noticias\/"},{"@type":"ListItem","position":2,"name":"Colunas","item":"https:\/\/www.suno.com.br\/noticias\/colunas\/"},{"@type":"ListItem","position":3,"name":"Semana curta, mas com Fed, ata do Copom, PEC dos Precat\u00f3rios e dados de emprego"}]},{"@type":"WebSite","@id":"https:\/\/www.suno.com.br\/noticias\/#website","url":"https:\/\/www.suno.com.br\/noticias\/","name":"Suno Not\u00edcias","description":"Seu portal de informa\u00e7\u00e3o sobre o mundo dos investimentos","publisher":{"@id":"https:\/\/www.suno.com.br\/noticias\/#organization"},"potentialAction":[{"@type":"SearchAction","target":{"@type":"EntryPoint","urlTemplate":"https:\/\/www.suno.com.br\/noticias\/?s={search_term_string}"},"query-input":{"@type":"PropertyValueSpecification","valueRequired":true,"valueName":"search_term_string"}}],"inLanguage":"pt-BR"},{"@type":"Organization","@id":"https:\/\/www.suno.com.br\/noticias\/#organization","name":"Suno Not\u00edcias","url":"https:\/\/www.suno.com.br\/noticias\/","logo":{"@type":"ImageObject","inLanguage":"pt-BR","@id":"https:\/\/www.suno.com.br\/noticias\/#\/schema\/logo\/image\/","url":"https:\/\/files.sunoresearch.com.br\/n\/uploads\/2021\/09\/suno-logo.png","contentUrl":"https:\/\/files.sunoresearch.com.br\/n\/uploads\/2021\/09\/suno-logo.png","width":180,"height":180,"caption":"Suno Not\u00edcias"},"image":{"@id":"https:\/\/www.suno.com.br\/noticias\/#\/schema\/logo\/image\/"},"sameAs":["https:\/\/facebook.com\/sunoresearch","https:\/\/x.com\/sunoresearch","https:\/\/www.instagram.com\/suno","https:\/\/www.linkedin.com\/company\/suno-research\/","https:\/\/www.youtube.com\/c\/sunoresearch"]},{"@type":"Person","@id":"https:\/\/www.suno.com.br\/noticias\/#\/schema\/person\/c5d31719f2f2f38c8d575fc08e55df1a","name":"Julio Hegedus Netto","image":{"@type":"ImageObject","inLanguage":"pt-BR","@id":"https:\/\/www.suno.com.br\/noticias\/#\/schema\/person\/image\/","url":"https:\/\/secure.gravatar.com\/avatar\/870043f332ebddfffd4a9e3a5dd46c13?s=96&r=g","contentUrl":"https:\/\/secure.gravatar.com\/avatar\/870043f332ebddfffd4a9e3a5dd46c13?s=96&r=g","caption":"Julio Hegedus Netto"},"description":"Economista-chefe da Lopes Filho por 26 anos, com mestrado na UFF e na UCAM e doutorando em Portugal. Escrevo relat\u00f3rios para a OHM RESEARCH e disponibilizo conte\u00fados no IML, Investing.com, Linkedin e Suno Not\u00edcias.","sameAs":["https:\/\/jhn031299.blogspot.com\/","https:\/\/www.facebook.com\/julio.hegedus.5","https:\/\/www.linkedin.com\/in\/juliohegedusnetto\/","https:\/\/x.com\/JuHegedus"],"url":"https:\/\/www.suno.com.br\/noticias\/author\/julio-hegedus-netto\/"}]}},"amp_enabled":true,"_links":{"self":[{"href":"https:\/\/www.suno.com.br\/noticias\/wp-json\/wp\/v2\/suno_column\/200068"}],"collection":[{"href":"https:\/\/www.suno.com.br\/noticias\/wp-json\/wp\/v2\/suno_column"}],"about":[{"href":"https:\/\/www.suno.com.br\/noticias\/wp-json\/wp\/v2\/types\/suno_column"}],"author":[{"embeddable":true,"href":"https:\/\/www.suno.com.br\/noticias\/wp-json\/wp\/v2\/users\/82"}],"wp:attachment":[{"href":"https:\/\/www.suno.com.br\/noticias\/wp-json\/wp\/v2\/media?parent=200068"}],"wp:term":[{"taxonomy":"post_tag","embeddable":true,"href":"https:\/\/www.suno.com.br\/noticias\/wp-json\/wp\/v2\/tags?post=200068"}],"curies":[{"name":"wp","href":"https:\/\/api.w.org\/{rel}","templated":true}]}}