{"id":198841,"date":"2021-10-29T08:00:59","date_gmt":"2021-10-29T11:00:59","guid":{"rendered":"https:\/\/www.suno.com.br\/noticias\/colunas\/marco-lopes\/"},"modified":"2021-10-29T01:30:01","modified_gmt":"2021-10-29T04:30:01","slug":"o-brasil-nao-tem-mais-curva-de-juros-agora-temos-reta","status":"publish","type":"suno_column","link":"https:\/\/www.suno.com.br\/noticias\/colunas\/alan-gandelman\/o-brasil-nao-tem-mais-curva-de-juros-agora-temos-reta\/","title":{"rendered":"O Brasil n\u00e3o tem mais curva de juros. Agora temos reta&#8230;"},"content":{"rendered":"<div><\/div>\n<div>\n<div>&#8220;O Brasil n\u00e3o tem mais <strong><a class=\"suno-keyword\" href=\"https:\/\/www.suno.com.br\/artigos\/curva-de-juros\/\" target=\"_blank\" rel=\"noopener\" data-force=\"no\" data-priority=\"1\">curva de juros<\/a><\/strong>. Agora temos reta&#8230;&#8221; Parece hil\u00e1ria essa frase que li num dos posts que vi numa rede social que sigo.<\/div>\n<div><\/div>\n<div>\n\t<p>\n\t\t<a href=\"https:\/\/lp.suno.com.br\/planilha-controle-gastos\/\" target=\"_blank\" data-element=\"shortcode-suno-banner\" title=\"Banner SUNO, clique e saiba mais\">\n\t\t\t<picture>\n\t\t\t\t<source media=\"(max-width: 500px)\" srcset=\"https:\/\/files.sunoresearch.com.br\/n\/uploads\/2023\/03\/400x300-Planilha-controle-de-gastos.png\">\n\t\t\t\t<img class=\"newsContent__article__imgCapa newsContent__article__imgCapa--banner\"\n\t\t\t\t\tsrc=\"https:\/\/files.sunoresearch.com.br\/n\/uploads\/2023\/03\/1420x240-Planilha-controle-de-gastos.png\"\n\t\t\t\t\tdata-promo-id=\"101751\"\t\t\t\t\t\t\t\t\t\twidth='1420' height='240'\t\t\t\t\talt=\"https:\/\/files.sunoresearch.com.br\/n\/uploads\/2023\/03\/1420x240-Planilha-controle-de-gastos.png\"\n\t\t\t\t>\n\t\t\t<\/picture>\n\t\t<\/a>\n\t<\/p>\n\n<\/p><div><\/div>\n<div>\n<div>&#8220;O Brasil n\u00e3o tem mais <strong><a class=\"suno-keyword\" href=\"https:\/\/www.suno.com.br\/artigos\/curva-de-juros\/\" target=\"_blank\" rel=\"noopener\" data-force=\"no\" data-priority=\"1\">curva de juros<\/a><\/strong>. Agora temos reta&#8230;&#8221; Parece hil\u00e1ria essa frase que li num dos posts que vi numa rede social que sigo.<\/div>\n<div><\/div>\n<div>\n\t<p>\n\t\t<a href=\"https:\/\/lp.suno.com.br\/planilha-controle-gastos\/\" target=\"_blank\" data-element=\"shortcode-suno-banner\" title=\"Banner SUNO, clique e saiba mais\">\n\t\t\t<picture>\n\t\t\t\t<source media=\"(max-width: 500px)\" srcset=\"https:\/\/files.sunoresearch.com.br\/n\/uploads\/2023\/03\/400x300-Planilha-controle-de-gastos.png\">\n\t\t\t\t<img class=\"newsContent__article__imgCapa newsContent__article__imgCapa--banner\"\n\t\t\t\t\tsrc=\"https:\/\/files.sunoresearch.com.br\/n\/uploads\/2023\/03\/1420x240-Planilha-controle-de-gastos.png\"\n\t\t\t\t\tdata-promo-id=\"101751\"\t\t\t\t\t\t\t\t\t\twidth='1420' height='240'\t\t\t\t\talt=\"https:\/\/files.sunoresearch.com.br\/n\/uploads\/2023\/03\/1420x240-Planilha-controle-de-gastos.png\"\n\t\t\t\t>\n\t\t\t<\/picture>\n\t\t<\/a>\n\t<\/p>\n\n\n\n<\/div>\n<div><\/div>\n<div>\t<p>\n\t\t<a href=\"https:\/\/lp.suno.com.br\/planilha-de-controle-de-investimentos\/\" target=\"_blank\" data-element=\"shortcode-suno-banner\" title=\"Banner SUNO, clique e saiba mais\">\n\t\t\t<picture>\n\t\t\t\t<source media=\"(max-width: 500px)\" srcset=\"https:\/\/files.sunoresearch.com.br\/n\/uploads\/2023\/03\/400x300-Controle-de-Investimentos.png\">\n\t\t\t\t<img class=\"newsContent__article__imgCapa newsContent__article__imgCapa--banner\"\n\t\t\t\t\tsrc=\"https:\/\/files.sunoresearch.com.br\/n\/uploads\/2023\/03\/1420x240-Controle-de-Investimentos.png\"\n\t\t\t\t\tdata-promo-id=\"75934\"\t\t\t\t\t\t\t\t\t\twidth='1420' height='240'\t\t\t\t\talt=\"https:\/\/files.sunoresearch.com.br\/n\/uploads\/2023\/03\/1420x240-Controle-de-Investimentos.png\"\n\t\t\t\t>\n\t\t\t<\/picture>\n\t\t<\/a>\n\t<\/p>\n\n<\/div>\n<div><\/div>\n<div>O que o mercado pode prever e por via de consequ\u00eancia precificar para 2022, ano eleitoral coberto de incertezas? E para a frente, em 2023, com quem ser\u00e1 eleito? Quando todas as apostas est\u00e3o abertas o melhor \u00e9 n\u00e3o fazer nenhuma, e \u00e9 isso que est\u00e1 acontecendo.<\/div>\n<div><\/div>\n<div>N\u00e3o importa se ativos est\u00e3o muito atrativos como algumas a\u00e7\u00f5es de companhias na bolsa, ou se o d\u00f3lar est\u00e1 muito esticado e propenso como h\u00e1 muito tempo n\u00e3o se via para um cl\u00e1ssico \u2018<a class=\"suno-keyword\" href=\"https:\/\/www.suno.com.br\/artigos\/carry-trade\/\" target=\"_blank\" rel=\"noopener\" data-force=\"no\" data-priority=\"1\">carry trade<\/a> \u2018.<\/div>\n<div><\/div>\n<div>\t<p>\n\t\t<a href=\"\" target=\"_blank\" data-element=\"shortcode-suno-banner\" title=\"Banner SUNO, clique e saiba mais\">\n\t\t\t<picture>\n\t\t\t\t<source media=\"(max-width: 500px)\" srcset=\"\">\n\t\t\t\t<img class=\"newsContent__article__imgCapa newsContent__article__imgCapa--banner\"\n\t\t\t\t\tsrc=\"\"\n\t\t\t\t\tdata-promo-id=\"184190\"\t\t\t\t\t\t\t\t\t\t\t\t\t\t\talt=\"\"\n\t\t\t\t>\n\t\t\t<\/picture>\n\t\t<\/a>\n\t<\/p>\n\n<\/div>\n<div><\/div>\n<div>O mercado odeia incertezas e isso hoje temos de sobra. O teto j\u00e1 furou? A <strong>PEC dos Precat\u00f3rios<\/strong> vai passar e, caso sim, de que forma? Isso apenas olhando o cen\u00e1rio local.<\/div>\n<div><\/div>\n<div>\t<p>\n\t\t<a href=\"https:\/\/lp.suno.com.br\/ebook-como-analisar-uma-acao\/\" target=\"_blank\" data-element=\"shortcode-suno-banner\" title=\"Banner SUNO, clique e saiba mais\">\n\t\t\t<picture>\n\t\t\t\t<source media=\"(max-width: 500px)\" srcset=\"https:\/\/files.sunoresearch.com.br\/n\/uploads\/2023\/03\/Ebook-Acoes-Mobile-1.jpg\">\n\t\t\t\t<img class=\"newsContent__article__imgCapa newsContent__article__imgCapa--banner\"\n\t\t\t\t\tsrc=\"https:\/\/files.sunoresearch.com.br\/n\/uploads\/2023\/03\/Ebook-Acoes-Desktop-1.jpg\"\n\t\t\t\t\tdata-promo-id=\"171998\"\t\t\t\t\t\t\t\t\t\twidth='1420' height='286'\t\t\t\t\talt=\"https:\/\/files.sunoresearch.com.br\/n\/uploads\/2023\/03\/Ebook-Acoes-Desktop-1.jpg\"\n\t\t\t\t>\n\t\t\t<\/picture>\n\t\t<\/a>\n\t<\/p>\n\n<\/div>\n<div><\/div>\n<div>Olhando rapidamente o cen\u00e1rio internacional: e os <strong>juros nos EUA<\/strong> v\u00e3o subir? O <strong><a class=\"suno-keyword\" href=\"https:\/\/www.suno.com.br\/artigos\/preco-do-petroleo\/\" target=\"_blank\" rel=\"noopener\" data-force=\"no\" data-priority=\"1\">pre\u00e7o do petr\u00f3leo<\/a><\/strong> vai ser controlado por libera\u00e7\u00e3o de maiores estoques? E a China continua a diminuir o seu <strong>ritmo de crescimento<\/strong> afetando absolutamente todas as economias globais?<\/div>\n<div><\/div>\n<div>Bom, o melhor conselho que posso dar neste momento \u00e9 procurar as nossas av\u00f3s e pedir que o card\u00e1pio seja a boa e velha canja de galinha\u2026<\/div>\n<div><\/div>\n<div>\t<p>\n\t\t<a href=\"https:\/\/lp.suno.com.br\/planilha-da-vida-financeira\/\" target=\"_blank\" data-element=\"shortcode-suno-banner\" title=\"Banner SUNO, clique e saiba mais\">\n\t\t\t<picture>\n\t\t\t\t<source media=\"(max-width: 500px)\" srcset=\"https:\/\/files.sunoresearch.com.br\/n\/uploads\/2023\/04\/400x300-Planilha-vida-financeira-true.png\">\n\t\t\t\t<img class=\"newsContent__article__imgCapa newsContent__article__imgCapa--banner\"\n\t\t\t\t\tsrc=\"https:\/\/files.sunoresearch.com.br\/n\/uploads\/2023\/04\/1420x240-Planilha-vida-financeira-true.png\"\n\t\t\t\t\tdata-promo-id=\"106682\"\t\t\t\t\t\t\t\t\t\twidth='1420' height='240'\t\t\t\t\talt=\"https:\/\/files.sunoresearch.com.br\/n\/uploads\/2023\/04\/1420x240-Planilha-vida-financeira-true.png\"\n\t\t\t\t>\n\t\t\t<\/picture>\n\t\t<\/a>\n\t<\/p>\n\n<\/div>\n<\/div>\n","protected":false},"excerpt":{"rendered":"<p>&#8220;O Brasil n\u00e3o tem mais curva de juros. Agora temos reta&#8230;&#8221; Parece hil\u00e1ria essa frase que li num dos posts que vi numa rede social que sigo. Por\u00e9m n\u00e3o &#8230;<\/p>\n","protected":false},"author":133,"featured_media":0,"template":"","tags":[793,766,1752,83329],"class_list":["post-198841","suno_column","type-suno_column","status-publish","hentry","tag-estados-unidos-eua","tag-petroleo","tag-taxa-de-juros","tag-teto-de-gastos"],"yoast_head":"<!-- This site is optimized with the Yoast SEO plugin v24.4 - https:\/\/yoast.com\/wordpress\/plugins\/seo\/ -->\n<title>O Brasil n\u00e3o tem mais curva de juros. Agora temos reta...<\/title>\n<meta name=\"description\" content=\"O stress e a incerteza no mercado s\u00e3o tantos que tra\u00e7ar uma curva de juros futuros \u00e9 um verdadeiro malabarismo geom\u00e9trico\" \/>\n<meta name=\"robots\" content=\"index, follow, max-snippet:-1, max-image-preview:large, max-video-preview:-1\" \/>\n<link rel=\"canonical\" href=\"https:\/\/www.suno.com.br\/noticias\/colunas\/alan-gandelman\/o-brasil-nao-tem-mais-curva-de-juros-agora-temos-reta\/\" \/>\n<meta property=\"og:locale\" content=\"pt_BR\" \/>\n<meta property=\"og:type\" content=\"article\" \/>\n<meta property=\"og:title\" content=\"O Brasil n\u00e3o tem mais curva de juros. Agora temos reta...\" \/>\n<meta property=\"og:description\" content=\"O stress e a incerteza no mercado s\u00e3o tantos que tra\u00e7ar uma curva de juros futuros \u00e9 um verdadeiro malabarismo geom\u00e9trico\" \/>\n<meta property=\"og:url\" content=\"https:\/\/www.suno.com.br\/noticias\/colunas\/alan-gandelman\/o-brasil-nao-tem-mais-curva-de-juros-agora-temos-reta\/\" \/>\n<meta property=\"og:site_name\" content=\"Suno Not\u00edcias\" \/>\n<meta property=\"article:publisher\" content=\"https:\/\/facebook.com\/sunoresearch\" \/>\n<meta property=\"og:image\" content=\"https:\/\/files.sunoresearch.com.br\/n\/uploads\/2022\/06\/Modelo2.jpg\" \/>\n\t<meta property=\"og:image:width\" content=\"1200\" \/>\n\t<meta property=\"og:image:height\" content=\"627\" \/>\n\t<meta property=\"og:image:type\" content=\"image\/jpeg\" \/>\n<meta name=\"twitter:card\" content=\"summary_large_image\" \/>\n<meta name=\"twitter:site\" content=\"@sunoresearch\" \/>\n<meta name=\"twitter:label1\" content=\"Est. tempo de leitura\" \/>\n\t<meta name=\"twitter:data1\" content=\"2 minutos\" \/>\n<script type=\"application\/ld+json\" class=\"yoast-schema-graph\">{\"@context\":\"https:\/\/schema.org\",\"@graph\":[{\"@type\":\"Article\",\"@id\":\"https:\/\/www.suno.com.br\/noticias\/colunas\/alan-gandelman\/o-brasil-nao-tem-mais-curva-de-juros-agora-temos-reta\/#article\",\"isPartOf\":{\"@id\":\"https:\/\/www.suno.com.br\/noticias\/colunas\/alan-gandelman\/o-brasil-nao-tem-mais-curva-de-juros-agora-temos-reta\/\"},\"author\":{\"name\":\"Alan Gandelman\",\"@id\":\"https:\/\/www.suno.com.br\/noticias\/#\/schema\/person\/316fb6ba899e8c2812694e5b0b32e316\"},\"headline\":\"O Brasil n\u00e3o tem mais curva de juros. Agora temos reta&#8230;\",\"datePublished\":\"2021-10-29T11:00:59+00:00\",\"mainEntityOfPage\":{\"@id\":\"https:\/\/www.suno.com.br\/noticias\/colunas\/alan-gandelman\/o-brasil-nao-tem-mais-curva-de-juros-agora-temos-reta\/\"},\"wordCount\":289,\"publisher\":{\"@id\":\"https:\/\/www.suno.com.br\/noticias\/#organization\"},\"keywords\":[\"Estados Unidos (EUA)\",\"Petr\u00f3leo\",\"taxa de juros\",\"teto de gastos\"],\"inLanguage\":\"pt-BR\"},{\"@type\":\"WebPage\",\"@id\":\"https:\/\/www.suno.com.br\/noticias\/colunas\/alan-gandelman\/o-brasil-nao-tem-mais-curva-de-juros-agora-temos-reta\/\",\"url\":\"https:\/\/www.suno.com.br\/noticias\/colunas\/alan-gandelman\/o-brasil-nao-tem-mais-curva-de-juros-agora-temos-reta\/\",\"name\":\"O Brasil n\u00e3o tem mais curva de juros. Agora temos reta...\",\"isPartOf\":{\"@id\":\"https:\/\/www.suno.com.br\/noticias\/#website\"},\"datePublished\":\"2021-10-29T11:00:59+00:00\",\"description\":\"O stress e a incerteza no mercado s\u00e3o tantos que tra\u00e7ar uma curva de juros futuros \u00e9 um verdadeiro malabarismo geom\u00e9trico\",\"breadcrumb\":{\"@id\":\"https:\/\/www.suno.com.br\/noticias\/colunas\/alan-gandelman\/o-brasil-nao-tem-mais-curva-de-juros-agora-temos-reta\/#breadcrumb\"},\"inLanguage\":\"pt-BR\",\"potentialAction\":[{\"@type\":\"ReadAction\",\"target\":[\"https:\/\/www.suno.com.br\/noticias\/colunas\/alan-gandelman\/o-brasil-nao-tem-mais-curva-de-juros-agora-temos-reta\/\"]}]},{\"@type\":\"BreadcrumbList\",\"@id\":\"https:\/\/www.suno.com.br\/noticias\/colunas\/alan-gandelman\/o-brasil-nao-tem-mais-curva-de-juros-agora-temos-reta\/#breadcrumb\",\"itemListElement\":[{\"@type\":\"ListItem\",\"position\":1,\"name\":\"Not\u00edcias\",\"item\":\"https:\/\/www.suno.com.br\/noticias\/\"},{\"@type\":\"ListItem\",\"position\":2,\"name\":\"Colunas\",\"item\":\"https:\/\/www.suno.com.br\/noticias\/colunas\/\"},{\"@type\":\"ListItem\",\"position\":3,\"name\":\"O Brasil n\u00e3o tem mais curva de juros. Agora temos reta&#8230;\"}]},{\"@type\":\"WebSite\",\"@id\":\"https:\/\/www.suno.com.br\/noticias\/#website\",\"url\":\"https:\/\/www.suno.com.br\/noticias\/\",\"name\":\"Suno Not\u00edcias\",\"description\":\"Seu portal de informa\u00e7\u00e3o sobre o mundo dos investimentos\",\"publisher\":{\"@id\":\"https:\/\/www.suno.com.br\/noticias\/#organization\"},\"potentialAction\":[{\"@type\":\"SearchAction\",\"target\":{\"@type\":\"EntryPoint\",\"urlTemplate\":\"https:\/\/www.suno.com.br\/noticias\/?s={search_term_string}\"},\"query-input\":{\"@type\":\"PropertyValueSpecification\",\"valueRequired\":true,\"valueName\":\"search_term_string\"}}],\"inLanguage\":\"pt-BR\"},{\"@type\":\"Organization\",\"@id\":\"https:\/\/www.suno.com.br\/noticias\/#organization\",\"name\":\"Suno Not\u00edcias\",\"url\":\"https:\/\/www.suno.com.br\/noticias\/\",\"logo\":{\"@type\":\"ImageObject\",\"inLanguage\":\"pt-BR\",\"@id\":\"https:\/\/www.suno.com.br\/noticias\/#\/schema\/logo\/image\/\",\"url\":\"https:\/\/files.sunoresearch.com.br\/n\/uploads\/2021\/09\/suno-logo.png\",\"contentUrl\":\"https:\/\/files.sunoresearch.com.br\/n\/uploads\/2021\/09\/suno-logo.png\",\"width\":180,\"height\":180,\"caption\":\"Suno Not\u00edcias\"},\"image\":{\"@id\":\"https:\/\/www.suno.com.br\/noticias\/#\/schema\/logo\/image\/\"},\"sameAs\":[\"https:\/\/facebook.com\/sunoresearch\",\"https:\/\/x.com\/sunoresearch\",\"https:\/\/www.instagram.com\/suno\",\"https:\/\/www.linkedin.com\/company\/suno-research\/\",\"https:\/\/www.youtube.com\/c\/sunoresearch\"]},{\"@type\":\"Person\",\"@id\":\"https:\/\/www.suno.com.br\/noticias\/#\/schema\/person\/316fb6ba899e8c2812694e5b0b32e316\",\"name\":\"Alan Gandelman\",\"image\":{\"@type\":\"ImageObject\",\"inLanguage\":\"pt-BR\",\"@id\":\"https:\/\/www.suno.com.br\/noticias\/#\/schema\/person\/image\/\",\"url\":\"https:\/\/secure.gravatar.com\/avatar\/f6092ed573a488cd4b712f95b9293f9c?s=96&r=g\",\"contentUrl\":\"https:\/\/secure.gravatar.com\/avatar\/f6092ed573a488cd4b712f95b9293f9c?s=96&r=g\",\"caption\":\"Alan Gandelman\"},\"description\":\"Trabalhou no exterior em bancos como Goldman Sachs e Bear Sterns. Foi s\u00f3cio da Agora corretora, fundou e foi CEO da Icap no Brasil, Vice presidente da BGC em Dubai para mercados emergentes e hoje \u00e9 Vice Presidente do grupo Planner e CEO da corretora.\",\"url\":\"https:\/\/www.suno.com.br\/noticias\/author\/alan-gandelman\/\"}]}<\/script>\n<!-- \/ Yoast SEO plugin. -->","yoast_head_json":{"title":"O Brasil n\u00e3o tem mais curva de juros. Agora temos reta...","description":"O stress e a incerteza no mercado s\u00e3o tantos que tra\u00e7ar uma curva de juros futuros \u00e9 um verdadeiro malabarismo geom\u00e9trico","robots":{"index":"index","follow":"follow","max-snippet":"max-snippet:-1","max-image-preview":"max-image-preview:large","max-video-preview":"max-video-preview:-1"},"canonical":"https:\/\/www.suno.com.br\/noticias\/colunas\/alan-gandelman\/o-brasil-nao-tem-mais-curva-de-juros-agora-temos-reta\/","og_locale":"pt_BR","og_type":"article","og_title":"O Brasil n\u00e3o tem mais curva de juros. Agora temos reta...","og_description":"O stress e a incerteza no mercado s\u00e3o tantos que tra\u00e7ar uma curva de juros futuros \u00e9 um verdadeiro malabarismo geom\u00e9trico","og_url":"https:\/\/www.suno.com.br\/noticias\/colunas\/alan-gandelman\/o-brasil-nao-tem-mais-curva-de-juros-agora-temos-reta\/","og_site_name":"Suno Not\u00edcias","article_publisher":"https:\/\/facebook.com\/sunoresearch","og_image":[{"width":1200,"height":627,"url":"https:\/\/files.sunoresearch.com.br\/n\/uploads\/2022\/06\/Modelo2.jpg","type":"image\/jpeg"}],"twitter_card":"summary_large_image","twitter_site":"@sunoresearch","twitter_misc":{"Est. tempo de leitura":"2 minutos"},"schema":{"@context":"https:\/\/schema.org","@graph":[{"@type":"Article","@id":"https:\/\/www.suno.com.br\/noticias\/colunas\/alan-gandelman\/o-brasil-nao-tem-mais-curva-de-juros-agora-temos-reta\/#article","isPartOf":{"@id":"https:\/\/www.suno.com.br\/noticias\/colunas\/alan-gandelman\/o-brasil-nao-tem-mais-curva-de-juros-agora-temos-reta\/"},"author":{"name":"Alan Gandelman","@id":"https:\/\/www.suno.com.br\/noticias\/#\/schema\/person\/316fb6ba899e8c2812694e5b0b32e316"},"headline":"O Brasil n\u00e3o tem mais curva de juros. Agora temos reta&#8230;","datePublished":"2021-10-29T11:00:59+00:00","mainEntityOfPage":{"@id":"https:\/\/www.suno.com.br\/noticias\/colunas\/alan-gandelman\/o-brasil-nao-tem-mais-curva-de-juros-agora-temos-reta\/"},"wordCount":289,"publisher":{"@id":"https:\/\/www.suno.com.br\/noticias\/#organization"},"keywords":["Estados Unidos (EUA)","Petr\u00f3leo","taxa de juros","teto de gastos"],"inLanguage":"pt-BR"},{"@type":"WebPage","@id":"https:\/\/www.suno.com.br\/noticias\/colunas\/alan-gandelman\/o-brasil-nao-tem-mais-curva-de-juros-agora-temos-reta\/","url":"https:\/\/www.suno.com.br\/noticias\/colunas\/alan-gandelman\/o-brasil-nao-tem-mais-curva-de-juros-agora-temos-reta\/","name":"O Brasil n\u00e3o tem mais curva de juros. Agora temos reta...","isPartOf":{"@id":"https:\/\/www.suno.com.br\/noticias\/#website"},"datePublished":"2021-10-29T11:00:59+00:00","description":"O stress e a incerteza no mercado s\u00e3o tantos que tra\u00e7ar uma curva de juros futuros \u00e9 um verdadeiro malabarismo geom\u00e9trico","breadcrumb":{"@id":"https:\/\/www.suno.com.br\/noticias\/colunas\/alan-gandelman\/o-brasil-nao-tem-mais-curva-de-juros-agora-temos-reta\/#breadcrumb"},"inLanguage":"pt-BR","potentialAction":[{"@type":"ReadAction","target":["https:\/\/www.suno.com.br\/noticias\/colunas\/alan-gandelman\/o-brasil-nao-tem-mais-curva-de-juros-agora-temos-reta\/"]}]},{"@type":"BreadcrumbList","@id":"https:\/\/www.suno.com.br\/noticias\/colunas\/alan-gandelman\/o-brasil-nao-tem-mais-curva-de-juros-agora-temos-reta\/#breadcrumb","itemListElement":[{"@type":"ListItem","position":1,"name":"Not\u00edcias","item":"https:\/\/www.suno.com.br\/noticias\/"},{"@type":"ListItem","position":2,"name":"Colunas","item":"https:\/\/www.suno.com.br\/noticias\/colunas\/"},{"@type":"ListItem","position":3,"name":"O Brasil n\u00e3o tem mais curva de juros. Agora temos reta&#8230;"}]},{"@type":"WebSite","@id":"https:\/\/www.suno.com.br\/noticias\/#website","url":"https:\/\/www.suno.com.br\/noticias\/","name":"Suno Not\u00edcias","description":"Seu portal de informa\u00e7\u00e3o sobre o mundo dos investimentos","publisher":{"@id":"https:\/\/www.suno.com.br\/noticias\/#organization"},"potentialAction":[{"@type":"SearchAction","target":{"@type":"EntryPoint","urlTemplate":"https:\/\/www.suno.com.br\/noticias\/?s={search_term_string}"},"query-input":{"@type":"PropertyValueSpecification","valueRequired":true,"valueName":"search_term_string"}}],"inLanguage":"pt-BR"},{"@type":"Organization","@id":"https:\/\/www.suno.com.br\/noticias\/#organization","name":"Suno Not\u00edcias","url":"https:\/\/www.suno.com.br\/noticias\/","logo":{"@type":"ImageObject","inLanguage":"pt-BR","@id":"https:\/\/www.suno.com.br\/noticias\/#\/schema\/logo\/image\/","url":"https:\/\/files.sunoresearch.com.br\/n\/uploads\/2021\/09\/suno-logo.png","contentUrl":"https:\/\/files.sunoresearch.com.br\/n\/uploads\/2021\/09\/suno-logo.png","width":180,"height":180,"caption":"Suno Not\u00edcias"},"image":{"@id":"https:\/\/www.suno.com.br\/noticias\/#\/schema\/logo\/image\/"},"sameAs":["https:\/\/facebook.com\/sunoresearch","https:\/\/x.com\/sunoresearch","https:\/\/www.instagram.com\/suno","https:\/\/www.linkedin.com\/company\/suno-research\/","https:\/\/www.youtube.com\/c\/sunoresearch"]},{"@type":"Person","@id":"https:\/\/www.suno.com.br\/noticias\/#\/schema\/person\/316fb6ba899e8c2812694e5b0b32e316","name":"Alan Gandelman","image":{"@type":"ImageObject","inLanguage":"pt-BR","@id":"https:\/\/www.suno.com.br\/noticias\/#\/schema\/person\/image\/","url":"https:\/\/secure.gravatar.com\/avatar\/f6092ed573a488cd4b712f95b9293f9c?s=96&r=g","contentUrl":"https:\/\/secure.gravatar.com\/avatar\/f6092ed573a488cd4b712f95b9293f9c?s=96&r=g","caption":"Alan Gandelman"},"description":"Trabalhou no exterior em bancos como Goldman Sachs e Bear Sterns. Foi s\u00f3cio da Agora corretora, fundou e foi CEO da Icap no Brasil, Vice presidente da BGC em Dubai para mercados emergentes e hoje \u00e9 Vice Presidente do grupo Planner e CEO da corretora.","url":"https:\/\/www.suno.com.br\/noticias\/author\/alan-gandelman\/"}]}},"amp_enabled":true,"_links":{"self":[{"href":"https:\/\/www.suno.com.br\/noticias\/wp-json\/wp\/v2\/suno_column\/198841"}],"collection":[{"href":"https:\/\/www.suno.com.br\/noticias\/wp-json\/wp\/v2\/suno_column"}],"about":[{"href":"https:\/\/www.suno.com.br\/noticias\/wp-json\/wp\/v2\/types\/suno_column"}],"author":[{"embeddable":true,"href":"https:\/\/www.suno.com.br\/noticias\/wp-json\/wp\/v2\/users\/133"}],"wp:attachment":[{"href":"https:\/\/www.suno.com.br\/noticias\/wp-json\/wp\/v2\/media?parent=198841"}],"wp:term":[{"taxonomy":"post_tag","embeddable":true,"href":"https:\/\/www.suno.com.br\/noticias\/wp-json\/wp\/v2\/tags?post=198841"}],"curies":[{"name":"wp","href":"https:\/\/api.w.org\/{rel}","templated":true}]}}