{"id":198276,"date":"2021-10-28T08:00:37","date_gmt":"2021-10-28T11:00:37","guid":{"rendered":"https:\/\/www.suno.com.br\/noticias\/colunas\/marco-lopes\/"},"modified":"2021-10-27T23:53:48","modified_gmt":"2021-10-28T02:53:48","slug":"a-reforma-tributaria-e-o-mercado-de-capitais","status":"publish","type":"suno_column","link":"https:\/\/www.suno.com.br\/noticias\/colunas\/rodrigo-amato\/a-reforma-tributaria-e-o-mercado-de-capitais\/","title":{"rendered":"A reforma tribut\u00e1ria e o mercado de capitais"},"content":{"rendered":"<p style=\"text-align: left;\">O pa\u00eds passa por um momento pol\u00edtico conturbado, com a discuss\u00e3o sobre o <a class=\"suno-keyword\" href=\"https:\/\/www.suno.com.br\/artigos\/teto-de-gastos\/\" target=\"_blank\" rel=\"noopener\" data-force=\"no\" data-priority=\"1\">teto de gastos<\/a> tendo de um lado a agenda social e, do outro, a da responsabilidade fiscal perante o mercado.<\/p><p style=\"text-align: left;\">O pa\u00eds passa por um momento pol\u00edtico conturbado, com a discuss\u00e3o sobre o <a class=\"suno-keyword\" href=\"https:\/\/www.suno.com.br\/artigos\/teto-de-gastos\/\" target=\"_blank\" rel=\"noopener\" data-force=\"no\" data-priority=\"1\">teto de gastos<\/a> tendo de um lado a agenda social e, do outro, a da responsabilidade fiscal perante o mercado.<\/p>\n\t<p>\n\t\t<a href=\"https:\/\/lp.suno.com.br\/planilha-controle-gastos\/\" target=\"_blank\" data-element=\"shortcode-suno-banner\" title=\"Banner SUNO, clique e saiba mais\">\n\t\t\t<picture>\n\t\t\t\t<source media=\"(max-width: 500px)\" srcset=\"https:\/\/files.sunoresearch.com.br\/n\/uploads\/2023\/03\/400x300-Planilha-controle-de-gastos.png\">\n\t\t\t\t<img class=\"newsContent__article__imgCapa newsContent__article__imgCapa--banner\"\n\t\t\t\t\tsrc=\"https:\/\/files.sunoresearch.com.br\/n\/uploads\/2023\/03\/1420x240-Planilha-controle-de-gastos.png\"\n\t\t\t\t\tdata-promo-id=\"101751\"\t\t\t\t\t\t\t\t\t\twidth='1420' height='240'\t\t\t\t\talt=\"https:\/\/files.sunoresearch.com.br\/n\/uploads\/2023\/03\/1420x240-Planilha-controle-de-gastos.png\"\n\t\t\t\t>\n\t\t\t<\/picture>\n\t\t<\/a>\n\t<\/p>\n\n\n\n\t<p>\n\t\t<a href=\"\" target=\"_blank\" data-element=\"shortcode-suno-banner\" title=\"Banner SUNO, clique e saiba mais\">\n\t\t\t<picture>\n\t\t\t\t<source media=\"(max-width: 500px)\" srcset=\"\">\n\t\t\t\t<img class=\"newsContent__article__imgCapa newsContent__article__imgCapa--banner\"\n\t\t\t\t\tsrc=\"\"\n\t\t\t\t\tdata-promo-id=\"89005\"\t\t\t\t\t\t\t\t\t\t\t\t\t\t\talt=\"\"\n\t\t\t\t>\n\t\t\t<\/picture>\n\t\t<\/a>\n\t<\/p>\n\n\n<p style=\"text-align: left;\">Enfim, esta instabilidade d\u00e1 raz\u00e3o \u00e0queles que dizem que no Brasil at\u00e9 o passado \u00e9 incerto. Temos visto um <strong><a class=\"suno-keyword\" href=\"https:\/\/www.suno.com.br\/artigos\/mercado-de-capitais-conceito\/\" target=\"_blank\" rel=\"noopener\" data-force=\"no\" data-priority=\"1\">mercado de capitais<\/a><\/strong> muito movimentado no ano de 2021 e, em especial, a renda fixa privada ainda batendo recordes de volume de emiss\u00f5es. Acontece que, neste per\u00edodo de fim de ano, podemos presenciar um novo boom de emiss\u00f5es, fruto do medo desta mudan\u00e7a do passado.<\/p>\n<p style=\"text-align: left;\">Sugeriu-se no texto da reforma tribut\u00e1ria a<strong> tributa\u00e7\u00e3o de reservas de lucros<\/strong> que fossem distribu\u00eddas a partir de janeiro de 2022, e a\u00ed quem \u00e0 \u00e9poca optou por n\u00e3o distribuir est\u00e1 hoje buscando uma sa\u00edda para evitar o novo tributo sobre o velho lucro.<\/p>\n\t<p>\n\t\t<a href=\"\" target=\"_blank\" data-element=\"shortcode-suno-banner\" title=\"Banner SUNO, clique e saiba mais\">\n\t\t\t<picture>\n\t\t\t\t<source media=\"(max-width: 500px)\" srcset=\"\">\n\t\t\t\t<img class=\"newsContent__article__imgCapa newsContent__article__imgCapa--banner\"\n\t\t\t\t\tsrc=\"\"\n\t\t\t\t\tdata-promo-id=\"77053\"\t\t\t\t\t\t\t\t\t\t\t\t\t\t\talt=\"\"\n\t\t\t\t>\n\t\t\t<\/picture>\n\t\t<\/a>\n\t<\/p>\n\n\n<p style=\"text-align: left;\">Uma das maneiras que as empresas est\u00e3o encontrando para viabilizar a distribui\u00e7\u00e3o \u00e9 recorrer ao <strong>mercado de capitais<\/strong> para fazer novas emiss\u00f5es, que podem ser subscritas pelos pr\u00f3prios acionistas das companhias. Ou, ent\u00e3o, que estes novos recursos recomponham o caixa das empresas e permitam a distribui\u00e7\u00e3o neste ano, antes da tributa\u00e7\u00e3o. Fiscalmente eficiente, a opera\u00e7\u00e3o tem encontrado empres\u00e1rios inseguros estudando a alternativa.<\/p>\n<p style=\"text-align: left;\">Se queremos um mercado de <strong>renda fixa<\/strong> privada pujante e l\u00edquido, devemos dar a seguran\u00e7a jur\u00eddica aos investidores de forma ampla, e n\u00e3o seletiva. Prejudicar a <a class=\"suno-keyword\" href=\"https:\/\/www.suno.com.br\/artigos\/capacidade-de-pagamento\/\" target=\"_blank\" rel=\"noopener\" data-force=\"no\" data-priority=\"1\">capacidade de pagamento<\/a> das empresas ou alterar premissas de viabilidade de estruturas de capital vigentes n\u00e3o \u00e9 colaborar com este desenvolvimento do mercado. Quem sabe dessa vez pensaremos apenas no futuro fiscal do pa\u00eds sem alterar o passado, mas isso s\u00f3 o tempo (e o Congresso) dir\u00e1.<\/p>\n\t<p>\n\t\t<a href=\"https:\/\/lp.suno.com.br\/planilha-de-controle-de-investimentos\/\" target=\"_blank\" data-element=\"shortcode-suno-banner\" title=\"Banner SUNO, clique e saiba mais\">\n\t\t\t<picture>\n\t\t\t\t<source media=\"(max-width: 500px)\" srcset=\"https:\/\/files.sunoresearch.com.br\/n\/uploads\/2023\/03\/400x300-Controle-de-Investimentos.png\">\n\t\t\t\t<img class=\"newsContent__article__imgCapa newsContent__article__imgCapa--banner\"\n\t\t\t\t\tsrc=\"https:\/\/files.sunoresearch.com.br\/n\/uploads\/2023\/03\/1420x240-Controle-de-Investimentos.png\"\n\t\t\t\t\tdata-promo-id=\"75934\"\t\t\t\t\t\t\t\t\t\twidth='1420' height='240'\t\t\t\t\talt=\"https:\/\/files.sunoresearch.com.br\/n\/uploads\/2023\/03\/1420x240-Controle-de-Investimentos.png\"\n\t\t\t\t>\n\t\t\t<\/picture>\n\t\t<\/a>\n\t<\/p>\n\n\n","protected":false},"excerpt":{"rendered":"<p>O pa\u00eds passa por um momento pol\u00edtico conturbado, com a discuss\u00e3o sobre o teto de gastos tendo de um lado a agenda social e, do outro, a da responsabilidade fiscal pera&#8230;<\/p>\n","protected":false},"author":84,"featured_media":0,"template":"","tags":[1635,1286,83329],"class_list":["post-198276","suno_column","type-suno_column","status-publish","hentry","tag-mercado-financeiro","tag-reforma-tributaria","tag-teto-de-gastos"],"yoast_head":"<!-- This site is optimized with the Yoast SEO plugin v24.4 - https:\/\/yoast.com\/wordpress\/plugins\/seo\/ -->\n<title>A reforma tribut\u00e1ria e o mercado de capitais<\/title>\n<meta name=\"description\" content=\"Se queremos um mercado de renda fixa privada pujante e l\u00edquido, devemos dar a seguran\u00e7a jur\u00eddica aos investidores de forma ampla\" \/>\n<meta name=\"robots\" content=\"index, follow, max-snippet:-1, max-image-preview:large, max-video-preview:-1\" \/>\n<link rel=\"canonical\" href=\"https:\/\/www.suno.com.br\/noticias\/colunas\/rodrigo-amato\/a-reforma-tributaria-e-o-mercado-de-capitais\/\" \/>\n<meta property=\"og:locale\" content=\"pt_BR\" \/>\n<meta property=\"og:type\" content=\"article\" \/>\n<meta property=\"og:title\" content=\"A reforma tribut\u00e1ria e o mercado de capitais\" \/>\n<meta property=\"og:description\" content=\"Se queremos um mercado de renda fixa privada pujante e l\u00edquido, devemos dar a seguran\u00e7a jur\u00eddica aos investidores de forma ampla\" \/>\n<meta property=\"og:url\" content=\"https:\/\/www.suno.com.br\/noticias\/colunas\/rodrigo-amato\/a-reforma-tributaria-e-o-mercado-de-capitais\/\" \/>\n<meta property=\"og:site_name\" content=\"Suno Not\u00edcias\" \/>\n<meta property=\"article:publisher\" content=\"https:\/\/facebook.com\/sunoresearch\" \/>\n<meta property=\"og:image\" content=\"https:\/\/files.sunoresearch.com.br\/n\/uploads\/2022\/06\/Modelo2.jpg\" \/>\n\t<meta property=\"og:image:width\" content=\"1200\" \/>\n\t<meta property=\"og:image:height\" content=\"627\" \/>\n\t<meta property=\"og:image:type\" content=\"image\/jpeg\" \/>\n<meta name=\"twitter:card\" content=\"summary_large_image\" \/>\n<meta name=\"twitter:site\" content=\"@sunoresearch\" \/>\n<meta name=\"twitter:label1\" content=\"Est. tempo de leitura\" \/>\n\t<meta name=\"twitter:data1\" content=\"2 minutos\" \/>\n<script type=\"application\/ld+json\" class=\"yoast-schema-graph\">{\"@context\":\"https:\/\/schema.org\",\"@graph\":[{\"@type\":\"Article\",\"@id\":\"https:\/\/www.suno.com.br\/noticias\/colunas\/rodrigo-amato\/a-reforma-tributaria-e-o-mercado-de-capitais\/#article\",\"isPartOf\":{\"@id\":\"https:\/\/www.suno.com.br\/noticias\/colunas\/rodrigo-amato\/a-reforma-tributaria-e-o-mercado-de-capitais\/\"},\"author\":{\"name\":\"Rodrigo Amato\",\"@id\":\"https:\/\/www.suno.com.br\/noticias\/#\/schema\/person\/c8f66d046654c3876829fba1fdcfcf61\"},\"headline\":\"A reforma tribut\u00e1ria e o mercado de capitais\",\"datePublished\":\"2021-10-28T11:00:37+00:00\",\"mainEntityOfPage\":{\"@id\":\"https:\/\/www.suno.com.br\/noticias\/colunas\/rodrigo-amato\/a-reforma-tributaria-e-o-mercado-de-capitais\/\"},\"wordCount\":402,\"publisher\":{\"@id\":\"https:\/\/www.suno.com.br\/noticias\/#organization\"},\"keywords\":[\"mercado financeiro\",\"reforma tribut\u00e1ria\",\"teto de gastos\"],\"inLanguage\":\"pt-BR\"},{\"@type\":\"WebPage\",\"@id\":\"https:\/\/www.suno.com.br\/noticias\/colunas\/rodrigo-amato\/a-reforma-tributaria-e-o-mercado-de-capitais\/\",\"url\":\"https:\/\/www.suno.com.br\/noticias\/colunas\/rodrigo-amato\/a-reforma-tributaria-e-o-mercado-de-capitais\/\",\"name\":\"A reforma tribut\u00e1ria e o mercado de capitais\",\"isPartOf\":{\"@id\":\"https:\/\/www.suno.com.br\/noticias\/#website\"},\"datePublished\":\"2021-10-28T11:00:37+00:00\",\"description\":\"Se queremos um mercado de renda fixa privada pujante e l\u00edquido, devemos dar a seguran\u00e7a jur\u00eddica aos investidores de forma ampla\",\"breadcrumb\":{\"@id\":\"https:\/\/www.suno.com.br\/noticias\/colunas\/rodrigo-amato\/a-reforma-tributaria-e-o-mercado-de-capitais\/#breadcrumb\"},\"inLanguage\":\"pt-BR\",\"potentialAction\":[{\"@type\":\"ReadAction\",\"target\":[\"https:\/\/www.suno.com.br\/noticias\/colunas\/rodrigo-amato\/a-reforma-tributaria-e-o-mercado-de-capitais\/\"]}]},{\"@type\":\"BreadcrumbList\",\"@id\":\"https:\/\/www.suno.com.br\/noticias\/colunas\/rodrigo-amato\/a-reforma-tributaria-e-o-mercado-de-capitais\/#breadcrumb\",\"itemListElement\":[{\"@type\":\"ListItem\",\"position\":1,\"name\":\"Not\u00edcias\",\"item\":\"https:\/\/www.suno.com.br\/noticias\/\"},{\"@type\":\"ListItem\",\"position\":2,\"name\":\"Colunas\",\"item\":\"https:\/\/www.suno.com.br\/noticias\/colunas\/\"},{\"@type\":\"ListItem\",\"position\":3,\"name\":\"A reforma tribut\u00e1ria e o mercado de capitais\"}]},{\"@type\":\"WebSite\",\"@id\":\"https:\/\/www.suno.com.br\/noticias\/#website\",\"url\":\"https:\/\/www.suno.com.br\/noticias\/\",\"name\":\"Suno Not\u00edcias\",\"description\":\"Seu portal de informa\u00e7\u00e3o sobre o mundo dos investimentos\",\"publisher\":{\"@id\":\"https:\/\/www.suno.com.br\/noticias\/#organization\"},\"potentialAction\":[{\"@type\":\"SearchAction\",\"target\":{\"@type\":\"EntryPoint\",\"urlTemplate\":\"https:\/\/www.suno.com.br\/noticias\/?s={search_term_string}\"},\"query-input\":{\"@type\":\"PropertyValueSpecification\",\"valueRequired\":true,\"valueName\":\"search_term_string\"}}],\"inLanguage\":\"pt-BR\"},{\"@type\":\"Organization\",\"@id\":\"https:\/\/www.suno.com.br\/noticias\/#organization\",\"name\":\"Suno Not\u00edcias\",\"url\":\"https:\/\/www.suno.com.br\/noticias\/\",\"logo\":{\"@type\":\"ImageObject\",\"inLanguage\":\"pt-BR\",\"@id\":\"https:\/\/www.suno.com.br\/noticias\/#\/schema\/logo\/image\/\",\"url\":\"https:\/\/files.sunoresearch.com.br\/n\/uploads\/2021\/09\/suno-logo.png\",\"contentUrl\":\"https:\/\/files.sunoresearch.com.br\/n\/uploads\/2021\/09\/suno-logo.png\",\"width\":180,\"height\":180,\"caption\":\"Suno Not\u00edcias\"},\"image\":{\"@id\":\"https:\/\/www.suno.com.br\/noticias\/#\/schema\/logo\/image\/\"},\"sameAs\":[\"https:\/\/facebook.com\/sunoresearch\",\"https:\/\/x.com\/sunoresearch\",\"https:\/\/www.instagram.com\/suno\",\"https:\/\/www.linkedin.com\/company\/suno-research\/\",\"https:\/\/www.youtube.com\/c\/sunoresearch\"]},{\"@type\":\"Person\",\"@id\":\"https:\/\/www.suno.com.br\/noticias\/#\/schema\/person\/c8f66d046654c3876829fba1fdcfcf61\",\"name\":\"Rodrigo Amato\",\"image\":{\"@type\":\"ImageObject\",\"inLanguage\":\"pt-BR\",\"@id\":\"https:\/\/www.suno.com.br\/noticias\/#\/schema\/person\/image\/\",\"url\":\"https:\/\/secure.gravatar.com\/avatar\/ab183a34f6146f1f7f37662e153fe6b1?s=96&r=g\",\"contentUrl\":\"https:\/\/secure.gravatar.com\/avatar\/ab183a34f6146f1f7f37662e153fe6b1?s=96&r=g\",\"caption\":\"Rodrigo Amato\"},\"description\":\"Fundador e CEO da Laqus, empresa de tecnologia com ampla experi\u00eancia em assuntos relacionados \u00e0 tesouraria e gest\u00e3o de risco. Em junho de 2021, obteve a homologa\u00e7\u00e3o junto \u00e0 Comiss\u00e3o de Valores Mobili\u00e1rios (CVM) para atuar como Central Deposit\u00e1ria de Valores Mobili\u00e1rios, sendo a \u00fanica companhia al\u00e9m da B3 autorizada a operar neste mercado.\",\"sameAs\":[\"https:\/\/www.mark2market.com.br\/\",\"https:\/\/www.linkedin.com\/company\/mark2market\/\"],\"url\":\"https:\/\/www.suno.com.br\/noticias\/author\/rodrigo-amato\/\"}]}<\/script>\n<!-- \/ Yoast SEO plugin. -->","yoast_head_json":{"title":"A reforma tribut\u00e1ria e o mercado de capitais","description":"Se queremos um mercado de renda fixa privada pujante e l\u00edquido, devemos dar a seguran\u00e7a jur\u00eddica aos investidores de forma ampla","robots":{"index":"index","follow":"follow","max-snippet":"max-snippet:-1","max-image-preview":"max-image-preview:large","max-video-preview":"max-video-preview:-1"},"canonical":"https:\/\/www.suno.com.br\/noticias\/colunas\/rodrigo-amato\/a-reforma-tributaria-e-o-mercado-de-capitais\/","og_locale":"pt_BR","og_type":"article","og_title":"A reforma tribut\u00e1ria e o mercado de capitais","og_description":"Se queremos um mercado de renda fixa privada pujante e l\u00edquido, devemos dar a seguran\u00e7a jur\u00eddica aos investidores de forma ampla","og_url":"https:\/\/www.suno.com.br\/noticias\/colunas\/rodrigo-amato\/a-reforma-tributaria-e-o-mercado-de-capitais\/","og_site_name":"Suno Not\u00edcias","article_publisher":"https:\/\/facebook.com\/sunoresearch","og_image":[{"width":1200,"height":627,"url":"https:\/\/files.sunoresearch.com.br\/n\/uploads\/2022\/06\/Modelo2.jpg","type":"image\/jpeg"}],"twitter_card":"summary_large_image","twitter_site":"@sunoresearch","twitter_misc":{"Est. tempo de leitura":"2 minutos"},"schema":{"@context":"https:\/\/schema.org","@graph":[{"@type":"Article","@id":"https:\/\/www.suno.com.br\/noticias\/colunas\/rodrigo-amato\/a-reforma-tributaria-e-o-mercado-de-capitais\/#article","isPartOf":{"@id":"https:\/\/www.suno.com.br\/noticias\/colunas\/rodrigo-amato\/a-reforma-tributaria-e-o-mercado-de-capitais\/"},"author":{"name":"Rodrigo Amato","@id":"https:\/\/www.suno.com.br\/noticias\/#\/schema\/person\/c8f66d046654c3876829fba1fdcfcf61"},"headline":"A reforma tribut\u00e1ria e o mercado de capitais","datePublished":"2021-10-28T11:00:37+00:00","mainEntityOfPage":{"@id":"https:\/\/www.suno.com.br\/noticias\/colunas\/rodrigo-amato\/a-reforma-tributaria-e-o-mercado-de-capitais\/"},"wordCount":402,"publisher":{"@id":"https:\/\/www.suno.com.br\/noticias\/#organization"},"keywords":["mercado financeiro","reforma tribut\u00e1ria","teto de gastos"],"inLanguage":"pt-BR"},{"@type":"WebPage","@id":"https:\/\/www.suno.com.br\/noticias\/colunas\/rodrigo-amato\/a-reforma-tributaria-e-o-mercado-de-capitais\/","url":"https:\/\/www.suno.com.br\/noticias\/colunas\/rodrigo-amato\/a-reforma-tributaria-e-o-mercado-de-capitais\/","name":"A reforma tribut\u00e1ria e o mercado de capitais","isPartOf":{"@id":"https:\/\/www.suno.com.br\/noticias\/#website"},"datePublished":"2021-10-28T11:00:37+00:00","description":"Se queremos um mercado de renda fixa privada pujante e l\u00edquido, devemos dar a seguran\u00e7a jur\u00eddica aos investidores de forma ampla","breadcrumb":{"@id":"https:\/\/www.suno.com.br\/noticias\/colunas\/rodrigo-amato\/a-reforma-tributaria-e-o-mercado-de-capitais\/#breadcrumb"},"inLanguage":"pt-BR","potentialAction":[{"@type":"ReadAction","target":["https:\/\/www.suno.com.br\/noticias\/colunas\/rodrigo-amato\/a-reforma-tributaria-e-o-mercado-de-capitais\/"]}]},{"@type":"BreadcrumbList","@id":"https:\/\/www.suno.com.br\/noticias\/colunas\/rodrigo-amato\/a-reforma-tributaria-e-o-mercado-de-capitais\/#breadcrumb","itemListElement":[{"@type":"ListItem","position":1,"name":"Not\u00edcias","item":"https:\/\/www.suno.com.br\/noticias\/"},{"@type":"ListItem","position":2,"name":"Colunas","item":"https:\/\/www.suno.com.br\/noticias\/colunas\/"},{"@type":"ListItem","position":3,"name":"A reforma tribut\u00e1ria e o mercado de capitais"}]},{"@type":"WebSite","@id":"https:\/\/www.suno.com.br\/noticias\/#website","url":"https:\/\/www.suno.com.br\/noticias\/","name":"Suno Not\u00edcias","description":"Seu portal de informa\u00e7\u00e3o sobre o mundo dos investimentos","publisher":{"@id":"https:\/\/www.suno.com.br\/noticias\/#organization"},"potentialAction":[{"@type":"SearchAction","target":{"@type":"EntryPoint","urlTemplate":"https:\/\/www.suno.com.br\/noticias\/?s={search_term_string}"},"query-input":{"@type":"PropertyValueSpecification","valueRequired":true,"valueName":"search_term_string"}}],"inLanguage":"pt-BR"},{"@type":"Organization","@id":"https:\/\/www.suno.com.br\/noticias\/#organization","name":"Suno Not\u00edcias","url":"https:\/\/www.suno.com.br\/noticias\/","logo":{"@type":"ImageObject","inLanguage":"pt-BR","@id":"https:\/\/www.suno.com.br\/noticias\/#\/schema\/logo\/image\/","url":"https:\/\/files.sunoresearch.com.br\/n\/uploads\/2021\/09\/suno-logo.png","contentUrl":"https:\/\/files.sunoresearch.com.br\/n\/uploads\/2021\/09\/suno-logo.png","width":180,"height":180,"caption":"Suno Not\u00edcias"},"image":{"@id":"https:\/\/www.suno.com.br\/noticias\/#\/schema\/logo\/image\/"},"sameAs":["https:\/\/facebook.com\/sunoresearch","https:\/\/x.com\/sunoresearch","https:\/\/www.instagram.com\/suno","https:\/\/www.linkedin.com\/company\/suno-research\/","https:\/\/www.youtube.com\/c\/sunoresearch"]},{"@type":"Person","@id":"https:\/\/www.suno.com.br\/noticias\/#\/schema\/person\/c8f66d046654c3876829fba1fdcfcf61","name":"Rodrigo Amato","image":{"@type":"ImageObject","inLanguage":"pt-BR","@id":"https:\/\/www.suno.com.br\/noticias\/#\/schema\/person\/image\/","url":"https:\/\/secure.gravatar.com\/avatar\/ab183a34f6146f1f7f37662e153fe6b1?s=96&r=g","contentUrl":"https:\/\/secure.gravatar.com\/avatar\/ab183a34f6146f1f7f37662e153fe6b1?s=96&r=g","caption":"Rodrigo Amato"},"description":"Fundador e CEO da Laqus, empresa de tecnologia com ampla experi\u00eancia em assuntos relacionados \u00e0 tesouraria e gest\u00e3o de risco. Em junho de 2021, obteve a homologa\u00e7\u00e3o junto \u00e0 Comiss\u00e3o de Valores Mobili\u00e1rios (CVM) para atuar como Central Deposit\u00e1ria de Valores Mobili\u00e1rios, sendo a \u00fanica companhia al\u00e9m da B3 autorizada a operar neste mercado.","sameAs":["https:\/\/www.mark2market.com.br\/","https:\/\/www.linkedin.com\/company\/mark2market\/"],"url":"https:\/\/www.suno.com.br\/noticias\/author\/rodrigo-amato\/"}]}},"amp_enabled":true,"_links":{"self":[{"href":"https:\/\/www.suno.com.br\/noticias\/wp-json\/wp\/v2\/suno_column\/198276"}],"collection":[{"href":"https:\/\/www.suno.com.br\/noticias\/wp-json\/wp\/v2\/suno_column"}],"about":[{"href":"https:\/\/www.suno.com.br\/noticias\/wp-json\/wp\/v2\/types\/suno_column"}],"author":[{"embeddable":true,"href":"https:\/\/www.suno.com.br\/noticias\/wp-json\/wp\/v2\/users\/84"}],"wp:attachment":[{"href":"https:\/\/www.suno.com.br\/noticias\/wp-json\/wp\/v2\/media?parent=198276"}],"wp:term":[{"taxonomy":"post_tag","embeddable":true,"href":"https:\/\/www.suno.com.br\/noticias\/wp-json\/wp\/v2\/tags?post=198276"}],"curies":[{"name":"wp","href":"https:\/\/api.w.org\/{rel}","templated":true}]}}