{"id":198241,"date":"2021-10-28T07:30:29","date_gmt":"2021-10-28T10:30:29","guid":{"rendered":"https:\/\/www.suno.com.br\/noticias\/colunas\/felipe-areia\/"},"modified":"2021-10-27T21:38:40","modified_gmt":"2021-10-28T00:38:40","slug":"facebook-balanco-culpa-apple","status":"publish","type":"suno_column","link":"https:\/\/www.suno.com.br\/noticias\/colunas\/gian\/facebook-balanco-culpa-apple\/","title":{"rendered":"Facebook (FBOK34) reporta resultado abaixo do esperado e a culpa \u00e9 da Apple (AAPL34)"},"content":{"rendered":"<p>Em 2019, a <strong>Apple (AAPL34)<\/strong> come\u00e7ou a veicular campanhas de publicidade na TV com o t\u00edtulo \u201c<strong>Privacidade<\/strong>\u201d. No in\u00edcio deste mesmo ano, a gigante americana j\u00e1 havia causado impacto quando participou do evento Consumer Electronics Show, em Las Vegas, e utilizou o slogan \u201cO que acontece no seu <strong>iPhone<\/strong>, fica no seu iPhone\u201d, fazendo refer\u00eancia a famosa frase que caracteriza a cidade norte-americana.<\/p>\n\t<p>\n\t\t<a href=\"https:\/\/lp.suno.com.br\/planilha-controle-gastos\/\" target=\"_blank\" data-element=\"shortcode-suno-banner\" title=\"Banner SUNO, clique e saiba mais\">\n\t\t\t<picture>\n\t\t\t\t<source media=\"(max-width: 500px)\" srcset=\"https:\/\/files.sunoresearch.com.br\/n\/uploads\/2023\/03\/400x300-Planilha-controle-de-gastos.png\">\n\t\t\t\t<img class=\"newsContent__article__imgCapa newsContent__article__imgCapa--banner\"\n\t\t\t\t\tsrc=\"https:\/\/files.sunoresearch.com.br\/n\/uploads\/2023\/03\/1420x240-Planilha-controle-de-gastos.png\"\n\t\t\t\t\tdata-promo-id=\"101751\"\t\t\t\t\t\t\t\t\t\twidth='1420' height='240'\t\t\t\t\talt=\"https:\/\/files.sunoresearch.com.br\/n\/uploads\/2023\/03\/1420x240-Planilha-controle-de-gastos.png\"\n\t\t\t\t>\n\t\t\t<\/picture>\n\t\t<\/a>\n\t<\/p>\n\n\n<p>Ao longo destes anos, a companhia comandada por <a class=\"suno-keyword\" href=\"https:\/\/www.suno.com.br\/tudo-sobre\/tim-cook\/\" target=\"_blank\" rel=\"noopener\" data-force=\"no\" data-priority=\"2\">Tim Cook<\/a> refor\u00e7ou cada vez mais a necessidade de preservar a seguran\u00e7a dos dados dos seus usu\u00e1rios e implementou atualiza\u00e7\u00f5es em seus dispositivos. A mais emblem\u00e1tica delas ocorreu no <strong>iOS 14<\/strong>, quando os dispositivos Apple passaram a exigir que os aplicativos pedissem permiss\u00e3o dos usu\u00e1rios para rastre\u00e1-los em outros aplicativos e sites.<\/p>\n<p>A mudan\u00e7a selou a briga entre Apple e os aplicativos, que necessitam da coleta de dados para gerar receita. O descontentamento foi encabe\u00e7ado por <a href=\"https:\/\/www.suno.com.br\/tudo-sobre\/mark-zuckerberg\/\"><strong>Mark Zuckerberg<\/strong><\/a>, CEO e Fundador do <strong>Facebook (FBOK34)<\/strong>, que chegou a anunciar nos principais jornais norte-americanos como o New York Times, Wall Street Journal e Washington Post, sua cr\u00edtica \u00e0 empresa da Ma\u00e7\u00e3. O argumento \u00e9 que a nova pol\u00edtica de privacidades dificulta as pequenas empresas a manterem os seus aplicativos gratuitos.<\/p>\n<figure id=\"attachment_198243\" aria-describedby=\"caption-attachment-198243\" style=\"width: 353px\" class=\"wp-caption alignnone\"><img loading=\"lazy\" decoding=\"async\" class=\"size-full wp-image-198243\" src=\"https:\/\/files.sunoresearch.com.br\/n\/uploads\/2021\/10\/Imagem1-4.png\" alt=\"Disputa entre Facebook e Apple\" width=\"353\" height=\"429\" srcset=\"https:\/\/files.sunoresearch.com.br\/n\/uploads\/2021\/10\/Imagem1-4.png 353w, https:\/\/files.sunoresearch.com.br\/n\/uploads\/2021\/10\/Imagem1-4-247x300.png 247w, https:\/\/files.sunoresearch.com.br\/n\/uploads\/2021\/10\/Imagem1-4-150x182.png 150w\" sizes=\"(max-width: 353px) 100vw, 353px\" \/><figcaption id=\"caption-attachment-198243\" class=\"wp-caption-text\">Disputa entre Facebook e Apple<\/figcaption><\/figure>\n\t<p>\n\t\t<a href=\"https:\/\/lp.suno.com.br\/planilha-da-vida-financeira\/\" target=\"_blank\" data-element=\"shortcode-suno-banner\" title=\"Banner SUNO, clique e saiba mais\">\n\t\t\t<picture>\n\t\t\t\t<source media=\"(max-width: 500px)\" srcset=\"https:\/\/files.sunoresearch.com.br\/n\/uploads\/2023\/04\/400x300-Planilha-vida-financeira-true.png\">\n\t\t\t\t<img class=\"newsContent__article__imgCapa newsContent__article__imgCapa--banner\"\n\t\t\t\t\tsrc=\"https:\/\/files.sunoresearch.com.br\/n\/uploads\/2023\/04\/1420x240-Planilha-vida-financeira-true.png\"\n\t\t\t\t\tdata-promo-id=\"106682\"\t\t\t\t\t\t\t\t\t\twidth='1420' height='240'\t\t\t\t\talt=\"https:\/\/files.sunoresearch.com.br\/n\/uploads\/2023\/04\/1420x240-Planilha-vida-financeira-true.png\"\n\t\t\t\t>\n\t\t\t<\/picture>\n\t\t<\/a>\n\t<\/p>\n\n\n<p>Entretanto, a Apple seguiu aplicando mudan\u00e7as de privacidade em seus dispositivos, como a se\u00e7\u00e3o <strong>App Tracker Report,<\/strong> onde os usu\u00e1rios podem ver com que frequ\u00eancia os aplicativos usam as informa\u00e7\u00f5es de dados e quais ficam em segundo plano, afetando o resultado de empresas que geram receita com an\u00fancios.<\/p>\n<p>Zuckerberg se colocou ao lado dos \u201cpequenos anunciantes\u201d, mas tem um interesse enorme nos <strong>dados colhidos por aplicativos<\/strong> nos dispositivos m\u00f3veis &#8211; \u00e9 assim que o Facebook consegue dados para direcionar com mais precis\u00e3o seus an\u00fancios. E cobra para esse servi\u00e7o. Nos resultados do terceiro trimestre deste ano, a empresa apresentou uma receita abaixo do esperado pelos analistas de mercado. Na teleconfer\u00eancia, Zuckerberg culpou a Apple pelo n\u00famero. \u201cComo esperado, tivemos problemas de receita neste trimestre, incluindo as <strong>mudan\u00e7as da Apple<\/strong> que n\u00e3o est\u00e3o apenas afetando negativamente nossos neg\u00f3cios, mas milh\u00f5es de pequenas empresas em um momento que j\u00e1 \u00e9 dif\u00edcil para elas na economia.\u201d, afirmou o CEO da gigante de m\u00eddias sociais, detentora de um <a class=\"suno-keyword\" href=\"https:\/\/www.suno.com.br\/artigos\/market-share\/\" target=\"_blank\" rel=\"noopener\" data-force=\"no\" data-priority=\"2\">market share<\/a> de 23,7% no mercado de publicidade digital.<\/p>\n<p>Dias antes, o <strong>Snap (S1NA34)<\/strong>, dono da rede <strong>SnapChat<\/strong>, j\u00e1 havia relatado que as mudan\u00e7as da Apple prejudicaram sua capacidade de medir se seus an\u00fancios geraram visitas a sites ou vendas. O <strong>Twitter (TWTR34)<\/strong> disse que viu um impacto &#8220;modesto&#8221; na receita de an\u00fancios devido \u00e0s mudan\u00e7as de privacidade, que impedem os anunciantes de rastrear os usu\u00e1rios em seus dispositivos sem o seu consentimento.<\/p>\n<p>De acordo com o Facebook, os pequenos neg\u00f3cios est\u00e3o achando mais dif\u00edcil alcan\u00e7ar clientes em potencial e os pre\u00e7os dos an\u00fancios &#8211; que j\u00e1 estavam subindo &#8211; ficaram ainda mais caros. Com pre\u00e7o maior e menos acur\u00e1cia, faz menos sentido usar esse tipo de <strong>publicidade<\/strong>, o que desincentiva a entrada de novos anunciantes na plataforma e, claro, representa um risco para o neg\u00f3cio no <a class=\"suno-keyword\" href=\"https:\/\/www.suno.com.br\/artigos\/longo-prazo\/\" target=\"_blank\" rel=\"noopener\" data-force=\"no\" data-priority=\"1\">longo prazo<\/a>. Essa \u00e9 a pr\u00f3xima pedra no caminho do <strong>Facebook<\/strong>.<\/p>\n\t<p>\n\t\t<a href=\"https:\/\/lp.suno.com.br\/ebook-como-analisar-uma-acao\/\" target=\"_blank\" data-element=\"shortcode-suno-banner\" title=\"Banner SUNO, clique e saiba mais\">\n\t\t\t<picture>\n\t\t\t\t<source media=\"(max-width: 500px)\" srcset=\"https:\/\/files.sunoresearch.com.br\/n\/uploads\/2023\/03\/Ebook-Acoes-Mobile-1.jpg\">\n\t\t\t\t<img class=\"newsContent__article__imgCapa newsContent__article__imgCapa--banner\"\n\t\t\t\t\tsrc=\"https:\/\/files.sunoresearch.com.br\/n\/uploads\/2023\/03\/Ebook-Acoes-Desktop-1.jpg\"\n\t\t\t\t\tdata-promo-id=\"171998\"\t\t\t\t\t\t\t\t\t\twidth='1420' height='286'\t\t\t\t\talt=\"https:\/\/files.sunoresearch.com.br\/n\/uploads\/2023\/03\/Ebook-Acoes-Desktop-1.jpg\"\n\t\t\t\t>\n\t\t\t<\/picture>\n\t\t<\/a>\n\t<\/p>\n\n\n","protected":false},"excerpt":{"rendered":"<p>Em 2019, a Apple (AAPL34) come\u00e7ou a veicular campanhas de publicidade na TV com o t\u00edtulo \u201cPrivacidade\u201d. No in\u00edcio deste mesmo ano, a gigante americana j\u00e1 havia causado&#8230;<\/p>\n","protected":false},"author":4,"featured_media":0,"template":"","tags":[794,733],"class_list":["post-198241","suno_column","type-suno_column","status-publish","hentry","tag-apple-aapl34","tag-facebook-fbok34"],"yoast_head":"<!-- This site is optimized with the Yoast SEO plugin v24.4 - https:\/\/yoast.com\/wordpress\/plugins\/seo\/ -->\n<title>Facebook (FBOK34) reporta resultado abaixo do esperado e a culpa \u00e9 da Apple (AAPL34) - Coluna de Gian Kojikovski<\/title>\n<meta name=\"description\" content=\"Leia a coluna de Gian Kojikovski sobre como a nova pol\u00edtica de privacidades da Apple impacta o neg\u00f3cio do Facebook\" \/>\n<meta name=\"robots\" content=\"index, follow, max-snippet:-1, max-image-preview:large, max-video-preview:-1\" \/>\n<link rel=\"canonical\" href=\"https:\/\/www.suno.com.br\/noticias\/colunas\/gian\/facebook-balanco-culpa-apple\/\" \/>\n<meta property=\"og:locale\" content=\"pt_BR\" \/>\n<meta property=\"og:type\" content=\"article\" \/>\n<meta property=\"og:title\" content=\"Facebook (FBOK34) reporta resultado abaixo do esperado e a culpa \u00e9 da Apple (AAPL34) - Coluna de Gian Kojikovski\" \/>\n<meta property=\"og:description\" content=\"Leia a coluna de Gian Kojikovski sobre como a nova pol\u00edtica de privacidades da Apple impacta o neg\u00f3cio do Facebook\" \/>\n<meta property=\"og:url\" content=\"https:\/\/www.suno.com.br\/noticias\/colunas\/gian\/facebook-balanco-culpa-apple\/\" \/>\n<meta property=\"og:site_name\" content=\"Suno Not\u00edcias\" \/>\n<meta property=\"article:publisher\" content=\"https:\/\/facebook.com\/sunoresearch\" \/>\n<meta property=\"og:image\" content=\"https:\/\/files.sunoresearch.com.br\/n\/uploads\/2021\/10\/Imagem1-4.png\" \/>\n<meta name=\"twitter:card\" content=\"summary_large_image\" \/>\n<meta name=\"twitter:site\" content=\"@sunoresearch\" \/>\n<meta name=\"twitter:label1\" content=\"Est. tempo de leitura\" \/>\n\t<meta name=\"twitter:data1\" content=\"3 minutos\" \/>\n<script type=\"application\/ld+json\" class=\"yoast-schema-graph\">{\"@context\":\"https:\/\/schema.org\",\"@graph\":[{\"@type\":\"Article\",\"@id\":\"https:\/\/www.suno.com.br\/noticias\/colunas\/gian\/facebook-balanco-culpa-apple\/#article\",\"isPartOf\":{\"@id\":\"https:\/\/www.suno.com.br\/noticias\/colunas\/gian\/facebook-balanco-culpa-apple\/\"},\"author\":{\"name\":\"Gian Kojikovski\",\"@id\":\"https:\/\/www.suno.com.br\/noticias\/#\/schema\/person\/8c2753ace9edbc3c59cfa8a971ac5914\"},\"headline\":\"Facebook (FBOK34) reporta resultado abaixo do esperado e a culpa \u00e9 da Apple (AAPL34)\",\"datePublished\":\"2021-10-28T10:30:29+00:00\",\"mainEntityOfPage\":{\"@id\":\"https:\/\/www.suno.com.br\/noticias\/colunas\/gian\/facebook-balanco-culpa-apple\/\"},\"wordCount\":588,\"publisher\":{\"@id\":\"https:\/\/www.suno.com.br\/noticias\/#organization\"},\"image\":{\"@id\":\"https:\/\/www.suno.com.br\/noticias\/colunas\/gian\/facebook-balanco-culpa-apple\/#primaryimage\"},\"thumbnailUrl\":\"https:\/\/files.sunoresearch.com.br\/n\/uploads\/2021\/10\/Imagem1-4.png\",\"keywords\":[\"Apple (AAPL34)\",\"Facebook (FBOK34)\"],\"inLanguage\":\"pt-BR\"},{\"@type\":\"WebPage\",\"@id\":\"https:\/\/www.suno.com.br\/noticias\/colunas\/gian\/facebook-balanco-culpa-apple\/\",\"url\":\"https:\/\/www.suno.com.br\/noticias\/colunas\/gian\/facebook-balanco-culpa-apple\/\",\"name\":\"Facebook (FBOK34) reporta resultado abaixo do esperado e a culpa \u00e9 da Apple (AAPL34) - Coluna de Gian Kojikovski\",\"isPartOf\":{\"@id\":\"https:\/\/www.suno.com.br\/noticias\/#website\"},\"primaryImageOfPage\":{\"@id\":\"https:\/\/www.suno.com.br\/noticias\/colunas\/gian\/facebook-balanco-culpa-apple\/#primaryimage\"},\"image\":{\"@id\":\"https:\/\/www.suno.com.br\/noticias\/colunas\/gian\/facebook-balanco-culpa-apple\/#primaryimage\"},\"thumbnailUrl\":\"https:\/\/files.sunoresearch.com.br\/n\/uploads\/2021\/10\/Imagem1-4.png\",\"datePublished\":\"2021-10-28T10:30:29+00:00\",\"description\":\"Leia a coluna de Gian Kojikovski sobre como a nova pol\u00edtica de privacidades da Apple impacta o neg\u00f3cio do Facebook\",\"breadcrumb\":{\"@id\":\"https:\/\/www.suno.com.br\/noticias\/colunas\/gian\/facebook-balanco-culpa-apple\/#breadcrumb\"},\"inLanguage\":\"pt-BR\",\"potentialAction\":[{\"@type\":\"ReadAction\",\"target\":[\"https:\/\/www.suno.com.br\/noticias\/colunas\/gian\/facebook-balanco-culpa-apple\/\"]}]},{\"@type\":\"ImageObject\",\"inLanguage\":\"pt-BR\",\"@id\":\"https:\/\/www.suno.com.br\/noticias\/colunas\/gian\/facebook-balanco-culpa-apple\/#primaryimage\",\"url\":\"https:\/\/files.sunoresearch.com.br\/n\/uploads\/2021\/10\/Imagem1-4.png\",\"contentUrl\":\"https:\/\/files.sunoresearch.com.br\/n\/uploads\/2021\/10\/Imagem1-4.png\"},{\"@type\":\"BreadcrumbList\",\"@id\":\"https:\/\/www.suno.com.br\/noticias\/colunas\/gian\/facebook-balanco-culpa-apple\/#breadcrumb\",\"itemListElement\":[{\"@type\":\"ListItem\",\"position\":1,\"name\":\"Not\u00edcias\",\"item\":\"https:\/\/www.suno.com.br\/noticias\/\"},{\"@type\":\"ListItem\",\"position\":2,\"name\":\"Colunas\",\"item\":\"https:\/\/www.suno.com.br\/noticias\/colunas\/\"},{\"@type\":\"ListItem\",\"position\":3,\"name\":\"Facebook (FBOK34) reporta resultado abaixo do esperado e a culpa \u00e9 da Apple (AAPL34)\"}]},{\"@type\":\"WebSite\",\"@id\":\"https:\/\/www.suno.com.br\/noticias\/#website\",\"url\":\"https:\/\/www.suno.com.br\/noticias\/\",\"name\":\"Suno Not\u00edcias\",\"description\":\"Seu portal de informa\u00e7\u00e3o sobre o mundo dos investimentos\",\"publisher\":{\"@id\":\"https:\/\/www.suno.com.br\/noticias\/#organization\"},\"potentialAction\":[{\"@type\":\"SearchAction\",\"target\":{\"@type\":\"EntryPoint\",\"urlTemplate\":\"https:\/\/www.suno.com.br\/noticias\/?s={search_term_string}\"},\"query-input\":{\"@type\":\"PropertyValueSpecification\",\"valueRequired\":true,\"valueName\":\"search_term_string\"}}],\"inLanguage\":\"pt-BR\"},{\"@type\":\"Organization\",\"@id\":\"https:\/\/www.suno.com.br\/noticias\/#organization\",\"name\":\"Suno Not\u00edcias\",\"url\":\"https:\/\/www.suno.com.br\/noticias\/\",\"logo\":{\"@type\":\"ImageObject\",\"inLanguage\":\"pt-BR\",\"@id\":\"https:\/\/www.suno.com.br\/noticias\/#\/schema\/logo\/image\/\",\"url\":\"https:\/\/files.sunoresearch.com.br\/n\/uploads\/2021\/09\/suno-logo.png\",\"contentUrl\":\"https:\/\/files.sunoresearch.com.br\/n\/uploads\/2021\/09\/suno-logo.png\",\"width\":180,\"height\":180,\"caption\":\"Suno Not\u00edcias\"},\"image\":{\"@id\":\"https:\/\/www.suno.com.br\/noticias\/#\/schema\/logo\/image\/\"},\"sameAs\":[\"https:\/\/facebook.com\/sunoresearch\",\"https:\/\/x.com\/sunoresearch\",\"https:\/\/www.instagram.com\/suno\",\"https:\/\/www.linkedin.com\/company\/suno-research\/\",\"https:\/\/www.youtube.com\/c\/sunoresearch\"]},{\"@type\":\"Person\",\"@id\":\"https:\/\/www.suno.com.br\/noticias\/#\/schema\/person\/8c2753ace9edbc3c59cfa8a971ac5914\",\"name\":\"Gian Kojikovski\",\"image\":{\"@type\":\"ImageObject\",\"inLanguage\":\"pt-BR\",\"@id\":\"https:\/\/www.suno.com.br\/noticias\/#\/schema\/person\/image\/\",\"url\":\"https:\/\/secure.gravatar.com\/avatar\/9b6de4deaf8443278f037ed55611af64?s=96&r=g\",\"contentUrl\":\"https:\/\/secure.gravatar.com\/avatar\/9b6de4deaf8443278f037ed55611af64?s=96&r=g\",\"caption\":\"Gian Kojikovski\"},\"description\":\"Gian Kojikovski \u00e9 diretor e s\u00f3cio da Suno e escreve sobre neg\u00f3cios, marketing, pol\u00edtica e finan\u00e7as. Tem passagem pelas reda\u00e7\u00f5es de Veja e Exame e \u00e9 vencedor do Pr\u00eamio CNI de Jornalismo de 2016 na categoria especial de Inova\u00e7\u00e3o e finalista do Citi Journalistic Excellence Award de 2018.\",\"sameAs\":[\"https:\/\/www.suno.com.br\",\"https:\/\/x.com\/https:\/\/twitter.com\/giankojikovski\"],\"url\":\"https:\/\/www.suno.com.br\/noticias\/author\/gian\/\"}]}<\/script>\n<!-- \/ Yoast SEO plugin. -->","yoast_head_json":{"title":"Facebook (FBOK34) reporta resultado abaixo do esperado e a culpa \u00e9 da Apple (AAPL34) - Coluna de Gian Kojikovski","description":"Leia a coluna de Gian Kojikovski sobre como a nova pol\u00edtica de privacidades da Apple impacta o neg\u00f3cio do Facebook","robots":{"index":"index","follow":"follow","max-snippet":"max-snippet:-1","max-image-preview":"max-image-preview:large","max-video-preview":"max-video-preview:-1"},"canonical":"https:\/\/www.suno.com.br\/noticias\/colunas\/gian\/facebook-balanco-culpa-apple\/","og_locale":"pt_BR","og_type":"article","og_title":"Facebook (FBOK34) reporta resultado abaixo do esperado e a culpa \u00e9 da Apple (AAPL34) - Coluna de Gian Kojikovski","og_description":"Leia a coluna de Gian Kojikovski sobre como a nova pol\u00edtica de privacidades da Apple impacta o neg\u00f3cio do Facebook","og_url":"https:\/\/www.suno.com.br\/noticias\/colunas\/gian\/facebook-balanco-culpa-apple\/","og_site_name":"Suno Not\u00edcias","article_publisher":"https:\/\/facebook.com\/sunoresearch","og_image":[{"url":"https:\/\/files.sunoresearch.com.br\/n\/uploads\/2021\/10\/Imagem1-4.png","type":"","width":"","height":""}],"twitter_card":"summary_large_image","twitter_site":"@sunoresearch","twitter_misc":{"Est. tempo de leitura":"3 minutos"},"schema":{"@context":"https:\/\/schema.org","@graph":[{"@type":"Article","@id":"https:\/\/www.suno.com.br\/noticias\/colunas\/gian\/facebook-balanco-culpa-apple\/#article","isPartOf":{"@id":"https:\/\/www.suno.com.br\/noticias\/colunas\/gian\/facebook-balanco-culpa-apple\/"},"author":{"name":"Gian Kojikovski","@id":"https:\/\/www.suno.com.br\/noticias\/#\/schema\/person\/8c2753ace9edbc3c59cfa8a971ac5914"},"headline":"Facebook (FBOK34) reporta resultado abaixo do esperado e a culpa \u00e9 da Apple (AAPL34)","datePublished":"2021-10-28T10:30:29+00:00","mainEntityOfPage":{"@id":"https:\/\/www.suno.com.br\/noticias\/colunas\/gian\/facebook-balanco-culpa-apple\/"},"wordCount":588,"publisher":{"@id":"https:\/\/www.suno.com.br\/noticias\/#organization"},"image":{"@id":"https:\/\/www.suno.com.br\/noticias\/colunas\/gian\/facebook-balanco-culpa-apple\/#primaryimage"},"thumbnailUrl":"https:\/\/files.sunoresearch.com.br\/n\/uploads\/2021\/10\/Imagem1-4.png","keywords":["Apple (AAPL34)","Facebook (FBOK34)"],"inLanguage":"pt-BR"},{"@type":"WebPage","@id":"https:\/\/www.suno.com.br\/noticias\/colunas\/gian\/facebook-balanco-culpa-apple\/","url":"https:\/\/www.suno.com.br\/noticias\/colunas\/gian\/facebook-balanco-culpa-apple\/","name":"Facebook (FBOK34) reporta resultado abaixo do esperado e a culpa \u00e9 da Apple (AAPL34) - Coluna de Gian Kojikovski","isPartOf":{"@id":"https:\/\/www.suno.com.br\/noticias\/#website"},"primaryImageOfPage":{"@id":"https:\/\/www.suno.com.br\/noticias\/colunas\/gian\/facebook-balanco-culpa-apple\/#primaryimage"},"image":{"@id":"https:\/\/www.suno.com.br\/noticias\/colunas\/gian\/facebook-balanco-culpa-apple\/#primaryimage"},"thumbnailUrl":"https:\/\/files.sunoresearch.com.br\/n\/uploads\/2021\/10\/Imagem1-4.png","datePublished":"2021-10-28T10:30:29+00:00","description":"Leia a coluna de Gian Kojikovski sobre como a nova pol\u00edtica de privacidades da Apple impacta o neg\u00f3cio do Facebook","breadcrumb":{"@id":"https:\/\/www.suno.com.br\/noticias\/colunas\/gian\/facebook-balanco-culpa-apple\/#breadcrumb"},"inLanguage":"pt-BR","potentialAction":[{"@type":"ReadAction","target":["https:\/\/www.suno.com.br\/noticias\/colunas\/gian\/facebook-balanco-culpa-apple\/"]}]},{"@type":"ImageObject","inLanguage":"pt-BR","@id":"https:\/\/www.suno.com.br\/noticias\/colunas\/gian\/facebook-balanco-culpa-apple\/#primaryimage","url":"https:\/\/files.sunoresearch.com.br\/n\/uploads\/2021\/10\/Imagem1-4.png","contentUrl":"https:\/\/files.sunoresearch.com.br\/n\/uploads\/2021\/10\/Imagem1-4.png"},{"@type":"BreadcrumbList","@id":"https:\/\/www.suno.com.br\/noticias\/colunas\/gian\/facebook-balanco-culpa-apple\/#breadcrumb","itemListElement":[{"@type":"ListItem","position":1,"name":"Not\u00edcias","item":"https:\/\/www.suno.com.br\/noticias\/"},{"@type":"ListItem","position":2,"name":"Colunas","item":"https:\/\/www.suno.com.br\/noticias\/colunas\/"},{"@type":"ListItem","position":3,"name":"Facebook (FBOK34) reporta resultado abaixo do esperado e a culpa \u00e9 da Apple (AAPL34)"}]},{"@type":"WebSite","@id":"https:\/\/www.suno.com.br\/noticias\/#website","url":"https:\/\/www.suno.com.br\/noticias\/","name":"Suno Not\u00edcias","description":"Seu portal de informa\u00e7\u00e3o sobre o mundo dos investimentos","publisher":{"@id":"https:\/\/www.suno.com.br\/noticias\/#organization"},"potentialAction":[{"@type":"SearchAction","target":{"@type":"EntryPoint","urlTemplate":"https:\/\/www.suno.com.br\/noticias\/?s={search_term_string}"},"query-input":{"@type":"PropertyValueSpecification","valueRequired":true,"valueName":"search_term_string"}}],"inLanguage":"pt-BR"},{"@type":"Organization","@id":"https:\/\/www.suno.com.br\/noticias\/#organization","name":"Suno Not\u00edcias","url":"https:\/\/www.suno.com.br\/noticias\/","logo":{"@type":"ImageObject","inLanguage":"pt-BR","@id":"https:\/\/www.suno.com.br\/noticias\/#\/schema\/logo\/image\/","url":"https:\/\/files.sunoresearch.com.br\/n\/uploads\/2021\/09\/suno-logo.png","contentUrl":"https:\/\/files.sunoresearch.com.br\/n\/uploads\/2021\/09\/suno-logo.png","width":180,"height":180,"caption":"Suno Not\u00edcias"},"image":{"@id":"https:\/\/www.suno.com.br\/noticias\/#\/schema\/logo\/image\/"},"sameAs":["https:\/\/facebook.com\/sunoresearch","https:\/\/x.com\/sunoresearch","https:\/\/www.instagram.com\/suno","https:\/\/www.linkedin.com\/company\/suno-research\/","https:\/\/www.youtube.com\/c\/sunoresearch"]},{"@type":"Person","@id":"https:\/\/www.suno.com.br\/noticias\/#\/schema\/person\/8c2753ace9edbc3c59cfa8a971ac5914","name":"Gian Kojikovski","image":{"@type":"ImageObject","inLanguage":"pt-BR","@id":"https:\/\/www.suno.com.br\/noticias\/#\/schema\/person\/image\/","url":"https:\/\/secure.gravatar.com\/avatar\/9b6de4deaf8443278f037ed55611af64?s=96&r=g","contentUrl":"https:\/\/secure.gravatar.com\/avatar\/9b6de4deaf8443278f037ed55611af64?s=96&r=g","caption":"Gian Kojikovski"},"description":"Gian Kojikovski \u00e9 diretor e s\u00f3cio da Suno e escreve sobre neg\u00f3cios, marketing, pol\u00edtica e finan\u00e7as. Tem passagem pelas reda\u00e7\u00f5es de Veja e Exame e \u00e9 vencedor do Pr\u00eamio CNI de Jornalismo de 2016 na categoria especial de Inova\u00e7\u00e3o e finalista do Citi Journalistic Excellence Award de 2018.","sameAs":["https:\/\/www.suno.com.br","https:\/\/x.com\/https:\/\/twitter.com\/giankojikovski"],"url":"https:\/\/www.suno.com.br\/noticias\/author\/gian\/"}]}},"amp_enabled":true,"_links":{"self":[{"href":"https:\/\/www.suno.com.br\/noticias\/wp-json\/wp\/v2\/suno_column\/198241"}],"collection":[{"href":"https:\/\/www.suno.com.br\/noticias\/wp-json\/wp\/v2\/suno_column"}],"about":[{"href":"https:\/\/www.suno.com.br\/noticias\/wp-json\/wp\/v2\/types\/suno_column"}],"author":[{"embeddable":true,"href":"https:\/\/www.suno.com.br\/noticias\/wp-json\/wp\/v2\/users\/4"}],"wp:attachment":[{"href":"https:\/\/www.suno.com.br\/noticias\/wp-json\/wp\/v2\/media?parent=198241"}],"wp:term":[{"taxonomy":"post_tag","embeddable":true,"href":"https:\/\/www.suno.com.br\/noticias\/wp-json\/wp\/v2\/tags?post=198241"}],"curies":[{"name":"wp","href":"https:\/\/api.w.org\/{rel}","templated":true}]}}