{"id":197773,"date":"2021-10-27T13:00:48","date_gmt":"2021-10-27T16:00:48","guid":{"rendered":"https:\/\/www.suno.com.br\/noticias\/colunas\/marco-lopes\/"},"modified":"2021-10-26T23:51:24","modified_gmt":"2021-10-27T02:51:24","slug":"o-primeiro-ciclo-de-alta-dos-juros-dos-ultimos-6-anos-veio-com-tudo","status":"publish","type":"suno_column","link":"https:\/\/www.suno.com.br\/noticias\/colunas\/joao-beck\/o-primeiro-ciclo-de-alta-dos-juros-dos-ultimos-6-anos-veio-com-tudo\/","title":{"rendered":"O primeiro ciclo de alta dos juros dos \u00faltimos 6 anos veio com tudo"},"content":{"rendered":"<p>Esse \u00e9 o primeiro ciclo de alta de <strong>juros<\/strong> em seis anos &#8211; e, para a maioria dos investidores brasileiros, o primeiro da vida. Pelo menos para os que conheceram o universo da <a class=\"suno-keyword\" href=\"https:\/\/www.suno.com.br\/guias\/bolsa-de-valores\/\" target=\"_blank\" rel=\"noopener\" data-force=\"no\" data-priority=\"3\">bolsa de valores<\/a> a partir de 2015.<\/p>\n\t<p>\n\t\t<a href=\"https:\/\/lp.suno.com.br\/planilha-controle-gastos\/\" target=\"_blank\" data-element=\"shortcode-suno-banner\" title=\"Banner SUNO, clique e saiba mais\">\n\t\t\t<picture>\n\t\t\t\t<source media=\"(max-width: 500px)\" srcset=\"https:\/\/files.sunoresearch.com.br\/n\/uploads\/2023\/03\/400x300-Planilha-controle-de-gastos.png\">\n\t\t\t\t<img class=\"newsContent__article__imgCapa newsContent__article__imgCapa--banner\"\n\t\t\t\t\tsrc=\"https:\/\/files.sunoresearch.com.br\/n\/uploads\/2023\/03\/1420x240-Planilha-controle-de-gastos.png\"\n\t\t\t\t\tdata-promo-id=\"101751\"\t\t\t\t\t\t\t\t\t\twidth='1420' height='240'\t\t\t\t\talt=\"https:\/\/files.sunoresearch.com.br\/n\/uploads\/2023\/03\/1420x240-Planilha-controle-de-gastos.png\"\n\t\t\t\t>\n\t\t\t<\/picture>\n\t\t<\/a>\n\t<\/p>\n\n\n<p>A virada do ano de 2015 encobria um drag\u00e3o adormecido: a infla\u00e7\u00e3o. Que foi suprimida for\u00e7adamente por anseios eleitorais utilizando o que se tinha ao alcance atrav\u00e9s dos <a class=\"suno-keyword\" href=\"https:\/\/www.suno.com.br\/artigos\/precos-administrados\/\" target=\"_blank\" rel=\"noopener\" data-force=\"no\" data-priority=\"1\">pre\u00e7os administrados<\/a>. Ap\u00f3s uma elei\u00e7\u00e3o apertada, os pre\u00e7os sa\u00edram do cativeiro controlado pelo governo e mostraram seu poder de fogo. A <strong>acelera\u00e7\u00e3o de pre\u00e7os<\/strong> ultrapassou os 10 por cento anuais.<\/p>\n<p>E no trem da infla\u00e7\u00e3o que chega, vem engatilhada uma alta da taxa de juros logo no primeiro vag\u00e3o. Entre o fim do primeiro mandato e o in\u00edcio do segundo, j\u00e1 com o Ministro da Fazenda Joaquim Levy, houve uma pisada funda no freio da economia.<\/p>\n\t<p>\n\t\t<a href=\"\" target=\"_blank\" data-element=\"shortcode-suno-banner\" title=\"Banner SUNO, clique e saiba mais\">\n\t\t\t<picture>\n\t\t\t\t<source media=\"(max-width: 500px)\" srcset=\"\">\n\t\t\t\t<img class=\"newsContent__article__imgCapa newsContent__article__imgCapa--banner\"\n\t\t\t\t\tsrc=\"\"\n\t\t\t\t\tdata-promo-id=\"89005\"\t\t\t\t\t\t\t\t\t\t\t\t\t\t\talt=\"\"\n\t\t\t\t>\n\t\t\t<\/picture>\n\t\t<\/a>\n\t<\/p>\n\n\n<p>Passados alguns meses e infla\u00e7\u00e3o domesticada, se inicia novamente o ciclo de queda da <strong>Taxa Selic<\/strong> que durou at\u00e9 o in\u00edcio deste ano. O primeiro alvo foram os 4,25 % em 2020 e ali ficaria se n\u00e3o fosse a pandemia, diagnosticada com mais dois pontos percentuais extras, levando a taxa de juros para n\u00edveis de pa\u00eds desenvolvido a 2% anuais.<\/p>\n<p>Pois bem. Eu chequei no site da B3 quantos CPFs a bolsa registrava em 2015: 557 mil.<\/p>\n<p>Ent\u00e3o busquei quantos CPFs temos hoje na bolsa: 3,8 milh\u00f5es.<\/p>\n\t<p>\n\t\t<a href=\"\" target=\"_blank\" data-element=\"shortcode-suno-banner\" title=\"Banner SUNO, clique e saiba mais\">\n\t\t\t<picture>\n\t\t\t\t<source media=\"(max-width: 500px)\" srcset=\"\">\n\t\t\t\t<img class=\"newsContent__article__imgCapa newsContent__article__imgCapa--banner\"\n\t\t\t\t\tsrc=\"\"\n\t\t\t\t\tdata-promo-id=\"77053\"\t\t\t\t\t\t\t\t\t\t\t\t\t\t\talt=\"\"\n\t\t\t\t>\n\t\t\t<\/picture>\n\t\t<\/a>\n\t<\/p>\n\n\n<h2>Investidor com caracter\u00edsticas de um empreendedor<\/h2>\n<p>Ou seja. Para mais de 85% dos investidores, um ciclo de alta da taxa de juros como o atual \u00e9 in\u00e9dito, mesmo sendo algo intr\u00ednseco em qualquer modelo econ\u00f4mico de um <strong>Banco Central<\/strong> que utiliza o arcabou\u00e7o de metas de infla\u00e7\u00e3o e ajuste de expectativas.<\/p>\n<p>Esse ciclo de alta freou o <a class=\"suno-keyword\" href=\"https:\/\/www.suno.com.br\/artigos\/mercado-de-acoes\/\" target=\"_blank\" rel=\"noopener\" data-force=\"no\" data-priority=\"2\">mercado de a\u00e7\u00f5es<\/a>, os t\u00edtulos Indexados \u00e0 infla\u00e7\u00e3o e uma parcela relevante dos <strong><a class=\"suno-keyword\" href=\"https:\/\/www.suno.com.br\/artigos\/fundos-multimercados\/\" target=\"_blank\" rel=\"noopener\" data-force=\"no\" data-priority=\"1\">fundos multimercados<\/a><\/strong> que se beneficiam de cen\u00e1rios de queda de juros. E frustrou o investidor iniciante que acreditou que aumentando o risco da <a class=\"suno-keyword\" href=\"https:\/\/www.suno.com.br\/guias\/carteira-de-investimentos\/\" target=\"_blank\" rel=\"noopener\" data-force=\"no\" data-priority=\"1\">carteira de investimentos<\/a> resultaria de imediato numa rentabilidade maior. Mas n\u00e3o \u00e9 t\u00e3o \u00f3bvio, ou quando ocorre, exige do investidor outras atribui\u00e7\u00f5es que ele n\u00e3o se acostuma: paci\u00eancia, resili\u00eancia.<\/p>\n<p>O mercado de a\u00e7\u00f5es exige do investidor caracter\u00edsticas de um empreendedor. Como um dono de restaurante, que entende que o retorno de um investimento demora. Que n\u00e3o cria expectativas grandes e, por isso, n\u00e3o se frustra. Que tem <strong><a class=\"suno-keyword\" href=\"https:\/\/www.suno.com.br\/artigos\/a-importancia-da-margem-de-seguranca\/\" target=\"_blank\" rel=\"noopener\" data-force=\"no\" data-priority=\"1\">margem de seguran\u00e7a<\/a><\/strong> para lidar com uma chuva inesperada e espantar os fregueses. E sabe que uma temporada de faturamento baixo n\u00e3o o faz desistir do neg\u00f3cio e vend\u00ea-lo.<\/p>\n<p>\u00c9 esse o teste que 85% das pessoas est\u00e3o experimentando atualmente pela primeira vez. Muitos n\u00e3o ir\u00e3o chegar vivos do outro lado do rio. E, aos que conseguirem, entender\u00e3o que bolsa n\u00e3o \u00e9 uma competi\u00e7\u00e3o por quem ganha mais, mas sim um jogo de sobreviv\u00eancia.<\/p>\n\t<p>\n\t\t<a href=\"https:\/\/lp.suno.com.br\/planilha-de-controle-de-investimentos\/\" target=\"_blank\" data-element=\"shortcode-suno-banner\" title=\"Banner SUNO, clique e saiba mais\">\n\t\t\t<picture>\n\t\t\t\t<source media=\"(max-width: 500px)\" srcset=\"https:\/\/files.sunoresearch.com.br\/n\/uploads\/2023\/03\/400x300-Controle-de-Investimentos.png\">\n\t\t\t\t<img class=\"newsContent__article__imgCapa newsContent__article__imgCapa--banner\"\n\t\t\t\t\tsrc=\"https:\/\/files.sunoresearch.com.br\/n\/uploads\/2023\/03\/1420x240-Controle-de-Investimentos.png\"\n\t\t\t\t\tdata-promo-id=\"75934\"\t\t\t\t\t\t\t\t\t\twidth='1420' height='240'\t\t\t\t\talt=\"https:\/\/files.sunoresearch.com.br\/n\/uploads\/2023\/03\/1420x240-Controle-de-Investimentos.png\"\n\t\t\t\t>\n\t\t\t<\/picture>\n\t\t<\/a>\n\t<\/p>\n\n\n<p>&nbsp;<\/p>\n","protected":false},"excerpt":{"rendered":"<p>Esse \u00e9 o primeiro ciclo de alta de juros em seis anos &#8211; e, para a maioria dos investidores brasileiros, o primeiro da vida. Pelo menos para os que conheceram o u&#8230;<\/p>\n","protected":false},"author":136,"featured_media":0,"template":"","tags":[850,1752],"class_list":["post-197773","suno_column","type-suno_column","status-publish","hentry","tag-inflacao","tag-taxa-de-juros"],"yoast_head":"<!-- This site is optimized with the Yoast SEO plugin v24.4 - https:\/\/yoast.com\/wordpress\/plugins\/seo\/ -->\n<title>O primeiro ciclo de alta dos juros dos \u00faltimos 6 anos veio com tudo<\/title>\n<meta name=\"description\" content=\"Para mais de 85% dos investidores, que conheceram o universo da bolsa a partir de 2015, um ciclo de alta da juros como o atual \u00e9 in\u00e9dito\" \/>\n<meta name=\"robots\" content=\"index, follow, max-snippet:-1, max-image-preview:large, max-video-preview:-1\" \/>\n<link rel=\"canonical\" href=\"https:\/\/www.suno.com.br\/noticias\/colunas\/joao-beck\/o-primeiro-ciclo-de-alta-dos-juros-dos-ultimos-6-anos-veio-com-tudo\/\" \/>\n<meta property=\"og:locale\" content=\"pt_BR\" \/>\n<meta property=\"og:type\" content=\"article\" \/>\n<meta property=\"og:title\" content=\"O primeiro ciclo de alta dos juros dos \u00faltimos 6 anos veio com tudo\" \/>\n<meta property=\"og:description\" content=\"Para mais de 85% dos investidores, que conheceram o universo da bolsa a partir de 2015, um ciclo de alta da juros como o atual \u00e9 in\u00e9dito\" \/>\n<meta property=\"og:url\" content=\"https:\/\/www.suno.com.br\/noticias\/colunas\/joao-beck\/o-primeiro-ciclo-de-alta-dos-juros-dos-ultimos-6-anos-veio-com-tudo\/\" \/>\n<meta property=\"og:site_name\" content=\"Suno Not\u00edcias\" \/>\n<meta property=\"article:publisher\" content=\"https:\/\/facebook.com\/sunoresearch\" \/>\n<meta property=\"og:image\" content=\"https:\/\/files.sunoresearch.com.br\/n\/uploads\/2022\/06\/Modelo2.jpg\" \/>\n\t<meta property=\"og:image:width\" content=\"1200\" \/>\n\t<meta property=\"og:image:height\" content=\"627\" \/>\n\t<meta property=\"og:image:type\" content=\"image\/jpeg\" \/>\n<meta name=\"twitter:card\" content=\"summary_large_image\" \/>\n<meta name=\"twitter:site\" content=\"@sunoresearch\" \/>\n<meta name=\"twitter:label1\" content=\"Est. tempo de leitura\" \/>\n\t<meta name=\"twitter:data1\" content=\"3 minutos\" \/>\n<script type=\"application\/ld+json\" class=\"yoast-schema-graph\">{\"@context\":\"https:\/\/schema.org\",\"@graph\":[{\"@type\":\"Article\",\"@id\":\"https:\/\/www.suno.com.br\/noticias\/colunas\/joao-beck\/o-primeiro-ciclo-de-alta-dos-juros-dos-ultimos-6-anos-veio-com-tudo\/#article\",\"isPartOf\":{\"@id\":\"https:\/\/www.suno.com.br\/noticias\/colunas\/joao-beck\/o-primeiro-ciclo-de-alta-dos-juros-dos-ultimos-6-anos-veio-com-tudo\/\"},\"author\":{\"name\":\"Jo\u00e3o Beck\",\"@id\":\"https:\/\/www.suno.com.br\/noticias\/#\/schema\/person\/a076fde087ef7a75fce8a393f2aaa473\"},\"headline\":\"O primeiro ciclo de alta dos juros dos \u00faltimos 6 anos veio com tudo\",\"datePublished\":\"2021-10-27T16:00:48+00:00\",\"mainEntityOfPage\":{\"@id\":\"https:\/\/www.suno.com.br\/noticias\/colunas\/joao-beck\/o-primeiro-ciclo-de-alta-dos-juros-dos-ultimos-6-anos-veio-com-tudo\/\"},\"wordCount\":525,\"publisher\":{\"@id\":\"https:\/\/www.suno.com.br\/noticias\/#organization\"},\"keywords\":[\"infla\u00e7\u00e3o\",\"taxa de juros\"],\"inLanguage\":\"pt-BR\"},{\"@type\":\"WebPage\",\"@id\":\"https:\/\/www.suno.com.br\/noticias\/colunas\/joao-beck\/o-primeiro-ciclo-de-alta-dos-juros-dos-ultimos-6-anos-veio-com-tudo\/\",\"url\":\"https:\/\/www.suno.com.br\/noticias\/colunas\/joao-beck\/o-primeiro-ciclo-de-alta-dos-juros-dos-ultimos-6-anos-veio-com-tudo\/\",\"name\":\"O primeiro ciclo de alta dos juros dos \u00faltimos 6 anos veio com tudo\",\"isPartOf\":{\"@id\":\"https:\/\/www.suno.com.br\/noticias\/#website\"},\"datePublished\":\"2021-10-27T16:00:48+00:00\",\"description\":\"Para mais de 85% dos investidores, que conheceram o universo da bolsa a partir de 2015, um ciclo de alta da juros como o atual \u00e9 in\u00e9dito\",\"breadcrumb\":{\"@id\":\"https:\/\/www.suno.com.br\/noticias\/colunas\/joao-beck\/o-primeiro-ciclo-de-alta-dos-juros-dos-ultimos-6-anos-veio-com-tudo\/#breadcrumb\"},\"inLanguage\":\"pt-BR\",\"potentialAction\":[{\"@type\":\"ReadAction\",\"target\":[\"https:\/\/www.suno.com.br\/noticias\/colunas\/joao-beck\/o-primeiro-ciclo-de-alta-dos-juros-dos-ultimos-6-anos-veio-com-tudo\/\"]}]},{\"@type\":\"BreadcrumbList\",\"@id\":\"https:\/\/www.suno.com.br\/noticias\/colunas\/joao-beck\/o-primeiro-ciclo-de-alta-dos-juros-dos-ultimos-6-anos-veio-com-tudo\/#breadcrumb\",\"itemListElement\":[{\"@type\":\"ListItem\",\"position\":1,\"name\":\"Not\u00edcias\",\"item\":\"https:\/\/www.suno.com.br\/noticias\/\"},{\"@type\":\"ListItem\",\"position\":2,\"name\":\"Colunas\",\"item\":\"https:\/\/www.suno.com.br\/noticias\/colunas\/\"},{\"@type\":\"ListItem\",\"position\":3,\"name\":\"O primeiro ciclo de alta dos juros dos \u00faltimos 6 anos veio com tudo\"}]},{\"@type\":\"WebSite\",\"@id\":\"https:\/\/www.suno.com.br\/noticias\/#website\",\"url\":\"https:\/\/www.suno.com.br\/noticias\/\",\"name\":\"Suno Not\u00edcias\",\"description\":\"Seu portal de informa\u00e7\u00e3o sobre o mundo dos investimentos\",\"publisher\":{\"@id\":\"https:\/\/www.suno.com.br\/noticias\/#organization\"},\"potentialAction\":[{\"@type\":\"SearchAction\",\"target\":{\"@type\":\"EntryPoint\",\"urlTemplate\":\"https:\/\/www.suno.com.br\/noticias\/?s={search_term_string}\"},\"query-input\":{\"@type\":\"PropertyValueSpecification\",\"valueRequired\":true,\"valueName\":\"search_term_string\"}}],\"inLanguage\":\"pt-BR\"},{\"@type\":\"Organization\",\"@id\":\"https:\/\/www.suno.com.br\/noticias\/#organization\",\"name\":\"Suno Not\u00edcias\",\"url\":\"https:\/\/www.suno.com.br\/noticias\/\",\"logo\":{\"@type\":\"ImageObject\",\"inLanguage\":\"pt-BR\",\"@id\":\"https:\/\/www.suno.com.br\/noticias\/#\/schema\/logo\/image\/\",\"url\":\"https:\/\/files.sunoresearch.com.br\/n\/uploads\/2021\/09\/suno-logo.png\",\"contentUrl\":\"https:\/\/files.sunoresearch.com.br\/n\/uploads\/2021\/09\/suno-logo.png\",\"width\":180,\"height\":180,\"caption\":\"Suno Not\u00edcias\"},\"image\":{\"@id\":\"https:\/\/www.suno.com.br\/noticias\/#\/schema\/logo\/image\/\"},\"sameAs\":[\"https:\/\/facebook.com\/sunoresearch\",\"https:\/\/x.com\/sunoresearch\",\"https:\/\/www.instagram.com\/suno\",\"https:\/\/www.linkedin.com\/company\/suno-research\/\",\"https:\/\/www.youtube.com\/c\/sunoresearch\"]},{\"@type\":\"Person\",\"@id\":\"https:\/\/www.suno.com.br\/noticias\/#\/schema\/person\/a076fde087ef7a75fce8a393f2aaa473\",\"name\":\"Jo\u00e3o Beck\",\"image\":{\"@type\":\"ImageObject\",\"inLanguage\":\"pt-BR\",\"@id\":\"https:\/\/www.suno.com.br\/noticias\/#\/schema\/person\/image\/\",\"url\":\"https:\/\/secure.gravatar.com\/avatar\/0abd4dc8e4528b4368021c9f95ba1db4?s=96&r=g\",\"contentUrl\":\"https:\/\/secure.gravatar.com\/avatar\/0abd4dc8e4528b4368021c9f95ba1db4?s=96&r=g\",\"caption\":\"Jo\u00e3o Beck\"},\"description\":\"Jo\u00e3o Beck: \u00e9 especialista em investimentos e um dos s\u00f3cios da BRA, um dos maiores escrit\u00f3rios credenciados da XP, com mais de 40 mil clientes e cerca de R$ 3 bilh\u00f5es de ativos sob cust\u00f3dia. Graduado em economia pela UERJ\",\"sameAs\":[\"https:\/\/instagram.com\/joaobeck?utm_medium=copy_link\"],\"url\":\"https:\/\/www.suno.com.br\/noticias\/author\/joao-beck\/\"}]}<\/script>\n<!-- \/ Yoast SEO plugin. -->","yoast_head_json":{"title":"O primeiro ciclo de alta dos juros dos \u00faltimos 6 anos veio com tudo","description":"Para mais de 85% dos investidores, que conheceram o universo da bolsa a partir de 2015, um ciclo de alta da juros como o atual \u00e9 in\u00e9dito","robots":{"index":"index","follow":"follow","max-snippet":"max-snippet:-1","max-image-preview":"max-image-preview:large","max-video-preview":"max-video-preview:-1"},"canonical":"https:\/\/www.suno.com.br\/noticias\/colunas\/joao-beck\/o-primeiro-ciclo-de-alta-dos-juros-dos-ultimos-6-anos-veio-com-tudo\/","og_locale":"pt_BR","og_type":"article","og_title":"O primeiro ciclo de alta dos juros dos \u00faltimos 6 anos veio com tudo","og_description":"Para mais de 85% dos investidores, que conheceram o universo da bolsa a partir de 2015, um ciclo de alta da juros como o atual \u00e9 in\u00e9dito","og_url":"https:\/\/www.suno.com.br\/noticias\/colunas\/joao-beck\/o-primeiro-ciclo-de-alta-dos-juros-dos-ultimos-6-anos-veio-com-tudo\/","og_site_name":"Suno Not\u00edcias","article_publisher":"https:\/\/facebook.com\/sunoresearch","og_image":[{"width":1200,"height":627,"url":"https:\/\/files.sunoresearch.com.br\/n\/uploads\/2022\/06\/Modelo2.jpg","type":"image\/jpeg"}],"twitter_card":"summary_large_image","twitter_site":"@sunoresearch","twitter_misc":{"Est. tempo de leitura":"3 minutos"},"schema":{"@context":"https:\/\/schema.org","@graph":[{"@type":"Article","@id":"https:\/\/www.suno.com.br\/noticias\/colunas\/joao-beck\/o-primeiro-ciclo-de-alta-dos-juros-dos-ultimos-6-anos-veio-com-tudo\/#article","isPartOf":{"@id":"https:\/\/www.suno.com.br\/noticias\/colunas\/joao-beck\/o-primeiro-ciclo-de-alta-dos-juros-dos-ultimos-6-anos-veio-com-tudo\/"},"author":{"name":"Jo\u00e3o Beck","@id":"https:\/\/www.suno.com.br\/noticias\/#\/schema\/person\/a076fde087ef7a75fce8a393f2aaa473"},"headline":"O primeiro ciclo de alta dos juros dos \u00faltimos 6 anos veio com tudo","datePublished":"2021-10-27T16:00:48+00:00","mainEntityOfPage":{"@id":"https:\/\/www.suno.com.br\/noticias\/colunas\/joao-beck\/o-primeiro-ciclo-de-alta-dos-juros-dos-ultimos-6-anos-veio-com-tudo\/"},"wordCount":525,"publisher":{"@id":"https:\/\/www.suno.com.br\/noticias\/#organization"},"keywords":["infla\u00e7\u00e3o","taxa de juros"],"inLanguage":"pt-BR"},{"@type":"WebPage","@id":"https:\/\/www.suno.com.br\/noticias\/colunas\/joao-beck\/o-primeiro-ciclo-de-alta-dos-juros-dos-ultimos-6-anos-veio-com-tudo\/","url":"https:\/\/www.suno.com.br\/noticias\/colunas\/joao-beck\/o-primeiro-ciclo-de-alta-dos-juros-dos-ultimos-6-anos-veio-com-tudo\/","name":"O primeiro ciclo de alta dos juros dos \u00faltimos 6 anos veio com tudo","isPartOf":{"@id":"https:\/\/www.suno.com.br\/noticias\/#website"},"datePublished":"2021-10-27T16:00:48+00:00","description":"Para mais de 85% dos investidores, que conheceram o universo da bolsa a partir de 2015, um ciclo de alta da juros como o atual \u00e9 in\u00e9dito","breadcrumb":{"@id":"https:\/\/www.suno.com.br\/noticias\/colunas\/joao-beck\/o-primeiro-ciclo-de-alta-dos-juros-dos-ultimos-6-anos-veio-com-tudo\/#breadcrumb"},"inLanguage":"pt-BR","potentialAction":[{"@type":"ReadAction","target":["https:\/\/www.suno.com.br\/noticias\/colunas\/joao-beck\/o-primeiro-ciclo-de-alta-dos-juros-dos-ultimos-6-anos-veio-com-tudo\/"]}]},{"@type":"BreadcrumbList","@id":"https:\/\/www.suno.com.br\/noticias\/colunas\/joao-beck\/o-primeiro-ciclo-de-alta-dos-juros-dos-ultimos-6-anos-veio-com-tudo\/#breadcrumb","itemListElement":[{"@type":"ListItem","position":1,"name":"Not\u00edcias","item":"https:\/\/www.suno.com.br\/noticias\/"},{"@type":"ListItem","position":2,"name":"Colunas","item":"https:\/\/www.suno.com.br\/noticias\/colunas\/"},{"@type":"ListItem","position":3,"name":"O primeiro ciclo de alta dos juros dos \u00faltimos 6 anos veio com tudo"}]},{"@type":"WebSite","@id":"https:\/\/www.suno.com.br\/noticias\/#website","url":"https:\/\/www.suno.com.br\/noticias\/","name":"Suno Not\u00edcias","description":"Seu portal de informa\u00e7\u00e3o sobre o mundo dos investimentos","publisher":{"@id":"https:\/\/www.suno.com.br\/noticias\/#organization"},"potentialAction":[{"@type":"SearchAction","target":{"@type":"EntryPoint","urlTemplate":"https:\/\/www.suno.com.br\/noticias\/?s={search_term_string}"},"query-input":{"@type":"PropertyValueSpecification","valueRequired":true,"valueName":"search_term_string"}}],"inLanguage":"pt-BR"},{"@type":"Organization","@id":"https:\/\/www.suno.com.br\/noticias\/#organization","name":"Suno Not\u00edcias","url":"https:\/\/www.suno.com.br\/noticias\/","logo":{"@type":"ImageObject","inLanguage":"pt-BR","@id":"https:\/\/www.suno.com.br\/noticias\/#\/schema\/logo\/image\/","url":"https:\/\/files.sunoresearch.com.br\/n\/uploads\/2021\/09\/suno-logo.png","contentUrl":"https:\/\/files.sunoresearch.com.br\/n\/uploads\/2021\/09\/suno-logo.png","width":180,"height":180,"caption":"Suno Not\u00edcias"},"image":{"@id":"https:\/\/www.suno.com.br\/noticias\/#\/schema\/logo\/image\/"},"sameAs":["https:\/\/facebook.com\/sunoresearch","https:\/\/x.com\/sunoresearch","https:\/\/www.instagram.com\/suno","https:\/\/www.linkedin.com\/company\/suno-research\/","https:\/\/www.youtube.com\/c\/sunoresearch"]},{"@type":"Person","@id":"https:\/\/www.suno.com.br\/noticias\/#\/schema\/person\/a076fde087ef7a75fce8a393f2aaa473","name":"Jo\u00e3o Beck","image":{"@type":"ImageObject","inLanguage":"pt-BR","@id":"https:\/\/www.suno.com.br\/noticias\/#\/schema\/person\/image\/","url":"https:\/\/secure.gravatar.com\/avatar\/0abd4dc8e4528b4368021c9f95ba1db4?s=96&r=g","contentUrl":"https:\/\/secure.gravatar.com\/avatar\/0abd4dc8e4528b4368021c9f95ba1db4?s=96&r=g","caption":"Jo\u00e3o Beck"},"description":"Jo\u00e3o Beck: \u00e9 especialista em investimentos e um dos s\u00f3cios da BRA, um dos maiores escrit\u00f3rios credenciados da XP, com mais de 40 mil clientes e cerca de R$ 3 bilh\u00f5es de ativos sob cust\u00f3dia. Graduado em economia pela UERJ","sameAs":["https:\/\/instagram.com\/joaobeck?utm_medium=copy_link"],"url":"https:\/\/www.suno.com.br\/noticias\/author\/joao-beck\/"}]}},"amp_enabled":true,"_links":{"self":[{"href":"https:\/\/www.suno.com.br\/noticias\/wp-json\/wp\/v2\/suno_column\/197773"}],"collection":[{"href":"https:\/\/www.suno.com.br\/noticias\/wp-json\/wp\/v2\/suno_column"}],"about":[{"href":"https:\/\/www.suno.com.br\/noticias\/wp-json\/wp\/v2\/types\/suno_column"}],"author":[{"embeddable":true,"href":"https:\/\/www.suno.com.br\/noticias\/wp-json\/wp\/v2\/users\/136"}],"wp:attachment":[{"href":"https:\/\/www.suno.com.br\/noticias\/wp-json\/wp\/v2\/media?parent=197773"}],"wp:term":[{"taxonomy":"post_tag","embeddable":true,"href":"https:\/\/www.suno.com.br\/noticias\/wp-json\/wp\/v2\/tags?post=197773"}],"curies":[{"name":"wp","href":"https:\/\/api.w.org\/{rel}","templated":true}]}}