{"id":196733,"date":"2021-10-25T08:00:56","date_gmt":"2021-10-25T11:00:56","guid":{"rendered":"https:\/\/www.suno.com.br\/noticias\/colunas\/marco-lopes\/"},"modified":"2021-10-22T23:27:24","modified_gmt":"2021-10-23T02:27:24","slug":"teto-gastos-brasil-abismo-economico","status":"publish","type":"suno_column","link":"https:\/\/www.suno.com.br\/noticias\/colunas\/lucas-pedrosa\/teto-gastos-brasil-abismo-economico\/","title":{"rendered":"O teto furou: o Brasil e o flerte com o abismo econ\u00f4mico"},"content":{"rendered":"<p>Ouvi falar certa feita que o Brasil \u00e9 um pa\u00eds latino-americano at\u00edpico: enquanto a maioria dos pa\u00edses latinos economicamente j\u00e1 \u201cderam errado\u201d, o Brasil ainda n\u00e3o deu errado. Todavia, enquanto <strong>pa\u00edses desenvolvidos<\/strong> e alguns emergentes, inclusive o Chile encabe\u00e7ando a lista de pa\u00edses latinos, j\u00e1 deram ou, no segundo caso, est\u00e3o no caminho para \u201cdar certo\u201d, o Brasil tamb\u00e9m n\u00e3o deu certo.<\/p>\n\t<p>\n\t\t<a href=\"https:\/\/lp.suno.com.br\/planilha-controle-gastos\/\" target=\"_blank\" data-element=\"shortcode-suno-banner\" title=\"Banner SUNO, clique e saiba mais\">\n\t\t\t<picture>\n\t\t\t\t<source media=\"(max-width: 500px)\" srcset=\"https:\/\/files.sunoresearch.com.br\/n\/uploads\/2023\/03\/400x300-Planilha-controle-de-gastos.png\">\n\t\t\t\t<img class=\"newsContent__article__imgCapa newsContent__article__imgCapa--banner\"\n\t\t\t\t\tsrc=\"https:\/\/files.sunoresearch.com.br\/n\/uploads\/2023\/03\/1420x240-Planilha-controle-de-gastos.png\"\n\t\t\t\t\tdata-promo-id=\"101751\"\t\t\t\t\t\t\t\t\t\twidth='1420' height='240'\t\t\t\t\talt=\"https:\/\/files.sunoresearch.com.br\/n\/uploads\/2023\/03\/1420x240-Planilha-controle-de-gastos.png\"\n\t\t\t\t>\n\t\t\t<\/picture>\n\t\t<\/a>\n\t<\/p>\n\n\n<p>Esta \u00e9 uma an\u00e1lise interessante: diferentemente de pa\u00edses como a Venezuela, Cuba e Argentina que j\u00e1 \u201csaltaram de cabe\u00e7a\u201d numa situa\u00e7\u00e3o econ\u00f4mica dif\u00edcil, na qual o retorno para a normalidade seria absurdamente complicado e demorado, o Brasil ainda pode ter um caminho de <strong>crescimento sustentado<\/strong> logo \u201cali na frente\u201d, se fizer as escolhas certas.<\/p>\n<p>Um autor certa vez disse algo do tipo: \u201cO Brasil flerta com o abismo; chega pr\u00f3ximo dele, mas nunca pula. Sempre que est\u00e1 pr\u00f3ximo do abismo, d\u00e1 alguns passos para tr\u00e1s.\u201d<\/p>\n<p>O exemplo mais recente da veracidade dessa cita\u00e7\u00e3o \u00e9 a <strong>reforma da previd\u00eancia<\/strong> ocorrida no ano de 2019. Era uma reforma que deveria ter acontecido h\u00e1 mais de 20 anos atr\u00e1s, ainda no governo FHC, se f\u00f4ssemos economicamente mais respons\u00e1veis.<\/p>\n\t<p>\n\t\t<a href=\"\" target=\"_blank\" data-element=\"shortcode-suno-banner\" title=\"Banner SUNO, clique e saiba mais\">\n\t\t\t<picture>\n\t\t\t\t<source media=\"(max-width: 500px)\" srcset=\"\">\n\t\t\t\t<img class=\"newsContent__article__imgCapa newsContent__article__imgCapa--banner\"\n\t\t\t\t\tsrc=\"\"\n\t\t\t\t\tdata-promo-id=\"77053\"\t\t\t\t\t\t\t\t\t\t\t\t\t\t\talt=\"\"\n\t\t\t\t>\n\t\t\t<\/picture>\n\t\t<\/a>\n\t<\/p>\n\n\n<p>Mas, como ainda havia formas de atras\u00e1-la sem grandes danos no <a class=\"suno-keyword\" href=\"https:\/\/www.suno.com.br\/artigos\/curto-prazo\/\" target=\"_blank\" rel=\"noopener\" data-force=\"no\" data-priority=\"1\">curto prazo<\/a>, demorou-se mais de 20 anos at\u00e9 que a sociedade fosse convencida da necessidade dela e a pedisse. Assim, quando est\u00e1vamos pr\u00f3ximos de um caminho sem volta a ponto de criar uma previd\u00eancia insustent\u00e1vel ainda no m\u00e9dio prazo, fizemos a reforma.<\/p>\n<p>O <strong><a class=\"suno-keyword\" href=\"https:\/\/www.suno.com.br\/artigos\/teto-de-gastos\/\" target=\"_blank\" rel=\"noopener\" data-force=\"no\" data-priority=\"1\">teto de gastos<\/a><\/strong> tamb\u00e9m foi um exemplo recente. O Brasil tinha embarcado numa grande crise a partir de 2014 e, para dar ao <strong>setor privado<\/strong> a garantia de que o governo federal n\u00e3o iria fazer \u201cfirulas\u201d no <a class=\"suno-keyword\" href=\"https:\/\/www.suno.com.br\/artigos\/orcamento-publico\/\" target=\"_blank\" rel=\"noopener\" data-force=\"no\" data-priority=\"1\">or\u00e7amento p\u00fablico<\/a>, isto \u00e9, que ele iria a partir de ent\u00e3o gastar com mais responsabilidade, sem aumentar de forma \u201creal\u201d o or\u00e7amento, fez-se a Emenda Constitucional que instituiu o <strong>Novo Regime Fiscal<\/strong> tamb\u00e9m conhecido como Teto de Gastos em 2016.<\/p>\n<p>O presidente Michel Temer, como sabemos, aparentava n\u00e3o ter interesses eleitorais. Tanto \u00e9 que n\u00e3o disputou nenhum cargo eletivo no ano de 2018. Esse pode ter sido um dos motivos pelos quais sua <strong><a class=\"suno-keyword\" href=\"https:\/\/www.suno.com.br\/artigos\/politica-fiscal\/\" target=\"_blank\" rel=\"noopener\" data-force=\"no\" data-priority=\"1\">pol\u00edtica fiscal<\/a><\/strong> de austeridade permaneceu, ainda no \u00faltimo ano do seu mandato, dentro do que havia sido prometido.<\/p>\n<p>Todavia, o atual governo aparenta olhar para a elei\u00e7\u00e3o de 2022 com interesse e, apesar de ter ganhado a elei\u00e7\u00e3o em 2018 prometendo uma plataforma liberal, pouco entregou de fato nesse sentido. Agora tamb\u00e9m, com vistas a ampliar os gastos com aux\u00edlios financeiros para a popula\u00e7\u00e3o no ano de 2022 via <strong>Aux\u00edlio Brasil<\/strong> parece estar disposto a quebrar um dos principais instrumentos de confian\u00e7a dos investidores no saneamento fiscal do governo brasileiro no <a class=\"suno-keyword\" href=\"https:\/\/www.suno.com.br\/artigos\/longo-prazo\/\" target=\"_blank\" rel=\"noopener\" data-force=\"no\" data-priority=\"1\">longo prazo<\/a>: o teto.<\/p>\n<p>Claramente as consequ\u00eancias seriam tr\u00e1gicas, caso isso viesse a se concretizar:<strong> <a class=\"suno-keyword\" href=\"https:\/\/www.suno.com.br\/artigos\/fuga-de-capitais\/\" target=\"_blank\" rel=\"noopener\" data-force=\"no\" data-priority=\"1\">fuga de capitais<\/a><\/strong>, redu\u00e7\u00e3o dos investimentos, aumento da<strong> taxa de juros<\/strong>, aumento da infla\u00e7\u00e3o e consequentemente desacelera\u00e7\u00e3o do crescimento econ\u00f4mico.<\/p>\n\t<p>\n\t\t<a href=\"https:\/\/lp.suno.com.br\/planilha-de-controle-de-investimentos\/\" target=\"_blank\" data-element=\"shortcode-suno-banner\" title=\"Banner SUNO, clique e saiba mais\">\n\t\t\t<picture>\n\t\t\t\t<source media=\"(max-width: 500px)\" srcset=\"https:\/\/files.sunoresearch.com.br\/n\/uploads\/2023\/03\/400x300-Controle-de-Investimentos.png\">\n\t\t\t\t<img class=\"newsContent__article__imgCapa newsContent__article__imgCapa--banner\"\n\t\t\t\t\tsrc=\"https:\/\/files.sunoresearch.com.br\/n\/uploads\/2023\/03\/1420x240-Controle-de-Investimentos.png\"\n\t\t\t\t\tdata-promo-id=\"75934\"\t\t\t\t\t\t\t\t\t\twidth='1420' height='240'\t\t\t\t\talt=\"https:\/\/files.sunoresearch.com.br\/n\/uploads\/2023\/03\/1420x240-Controle-de-Investimentos.png\"\n\t\t\t\t>\n\t\t\t<\/picture>\n\t\t<\/a>\n\t<\/p>\n\n\n<p>Desta forma, uma pol\u00edtica que vem com uma inten\u00e7\u00e3o de \u201creduzir a pobreza\u201d na verdade pode acabar \u201caumentando a pobreza no m\u00e9dio prazo\u201d. Infla\u00e7\u00e3o, <strong>juros altos<\/strong> e baixo crescimento s\u00e3o formas indiretas de tirar ou fazer com que n\u00e3o entre dinheiro no bolso de toda a popula\u00e7\u00e3o. Nada mais seria do que \u201cdar com uma m\u00e3o e tirar com a outra\u201d.<\/p>\n<p>Na verdade, o mercado j\u00e1 est\u00e1 precificando o que pode acontecer: a bolsa caiu nos \u00faltimos dias e a taxa de juros do <strong><a class=\"suno-keyword\" href=\"https:\/\/www.suno.com.br\/artigos\/tesouro-nacional\/\" target=\"_blank\" rel=\"noopener\" data-force=\"no\" data-priority=\"2\">Tesouro Nacional<\/a><\/strong> vem crescendo, pois menos pessoas est\u00e3o dispostas a alocar recursos no Brasil ou <a class=\"suno-keyword\" href=\"https:\/\/www.suno.com.br\/artigos\/emprestar-dinheiro\/\" target=\"_blank\" rel=\"noopener\" data-force=\"no\" data-priority=\"1\">emprestar dinheiro<\/a> para o governo federal.<\/p>\n<p>Estamos dando passos em dire\u00e7\u00e3o ao abismo novamente. Estamos cada vez chegando mais perto. A hist\u00f3ria do Brasil diz que vai chegar um momento em que vamos recuar. Tor\u00e7o para que n\u00e3o pulemos. Brasil, vamos dar alguns passos para tr\u00e1s?<\/p>\n\t<p>\n\t\t<a href=\"\" target=\"_blank\" data-element=\"shortcode-suno-banner\" title=\"Banner SUNO, clique e saiba mais\">\n\t\t\t<picture>\n\t\t\t\t<source media=\"(max-width: 500px)\" srcset=\"\">\n\t\t\t\t<img class=\"newsContent__article__imgCapa newsContent__article__imgCapa--banner\"\n\t\t\t\t\tsrc=\"\"\n\t\t\t\t\tdata-promo-id=\"89005\"\t\t\t\t\t\t\t\t\t\t\t\t\t\t\talt=\"\"\n\t\t\t\t>\n\t\t\t<\/picture>\n\t\t<\/a>\n\t<\/p>\n\n\n","protected":false},"excerpt":{"rendered":"<p>Ouvi falar certa feita que o Brasil \u00e9 um pa\u00eds latino-americano at\u00edpico: enquanto a maioria dos pa\u00edses latinos economicamente j\u00e1 \u201cderam errado\u201d, o Brasil ainda n\u00e3o deu &#8230;<\/p>\n","protected":false},"author":124,"featured_media":0,"template":"","tags":[850,1752,1044,83329],"class_list":["post-196733","suno_column","type-suno_column","status-publish","hentry","tag-inflacao","tag-taxa-de-juros","tag-tesouro-nacional","tag-teto-de-gastos"],"yoast_head":"<!-- This site is optimized with the Yoast SEO plugin v24.4 - https:\/\/yoast.com\/wordpress\/plugins\/seo\/ -->\n<title>O teto furou: o Brasil e o flerte com o abismo econ\u00f4mico<\/title>\n<meta name=\"description\" content=\"Pol\u00edtica para \u201creduzir a pobreza\u201d pode acabar \u201caumentando a pobreza no m\u00e9dio prazo\u201d, com infla\u00e7\u00e3o, juros altos e baixo crescimento\" \/>\n<meta name=\"robots\" content=\"index, follow, max-snippet:-1, max-image-preview:large, max-video-preview:-1\" \/>\n<link rel=\"canonical\" href=\"https:\/\/www.suno.com.br\/noticias\/colunas\/lucas-pedrosa\/teto-gastos-brasil-abismo-economico\/\" \/>\n<meta property=\"og:locale\" content=\"pt_BR\" \/>\n<meta property=\"og:type\" content=\"article\" \/>\n<meta property=\"og:title\" content=\"O teto furou: o Brasil e o flerte com o abismo econ\u00f4mico\" \/>\n<meta property=\"og:description\" content=\"Pol\u00edtica para \u201creduzir a pobreza\u201d pode acabar \u201caumentando a pobreza no m\u00e9dio prazo\u201d, com infla\u00e7\u00e3o, juros altos e baixo crescimento\" \/>\n<meta property=\"og:url\" content=\"https:\/\/www.suno.com.br\/noticias\/colunas\/lucas-pedrosa\/teto-gastos-brasil-abismo-economico\/\" \/>\n<meta property=\"og:site_name\" content=\"Suno Not\u00edcias\" \/>\n<meta property=\"article:publisher\" content=\"https:\/\/facebook.com\/sunoresearch\" \/>\n<meta property=\"og:image\" content=\"https:\/\/files.sunoresearch.com.br\/n\/uploads\/2022\/06\/Modelo2.jpg\" \/>\n\t<meta property=\"og:image:width\" content=\"1200\" \/>\n\t<meta property=\"og:image:height\" content=\"627\" \/>\n\t<meta property=\"og:image:type\" content=\"image\/jpeg\" \/>\n<meta name=\"twitter:card\" content=\"summary_large_image\" \/>\n<meta name=\"twitter:site\" content=\"@sunoresearch\" \/>\n<meta name=\"twitter:label1\" content=\"Est. tempo de leitura\" \/>\n\t<meta name=\"twitter:data1\" content=\"3 minutos\" \/>\n<script type=\"application\/ld+json\" class=\"yoast-schema-graph\">{\"@context\":\"https:\/\/schema.org\",\"@graph\":[{\"@type\":\"Article\",\"@id\":\"https:\/\/www.suno.com.br\/noticias\/colunas\/lucas-pedrosa\/teto-gastos-brasil-abismo-economico\/#article\",\"isPartOf\":{\"@id\":\"https:\/\/www.suno.com.br\/noticias\/colunas\/lucas-pedrosa\/teto-gastos-brasil-abismo-economico\/\"},\"author\":{\"name\":\"Lucas Pedrosa\",\"@id\":\"https:\/\/www.suno.com.br\/noticias\/#\/schema\/person\/759a7b1ac843dbffd94dac7b7d7aa5ee\"},\"headline\":\"O teto furou: o Brasil e o flerte com o abismo econ\u00f4mico\",\"datePublished\":\"2021-10-25T11:00:56+00:00\",\"mainEntityOfPage\":{\"@id\":\"https:\/\/www.suno.com.br\/noticias\/colunas\/lucas-pedrosa\/teto-gastos-brasil-abismo-economico\/\"},\"wordCount\":700,\"publisher\":{\"@id\":\"https:\/\/www.suno.com.br\/noticias\/#organization\"},\"keywords\":[\"infla\u00e7\u00e3o\",\"taxa de juros\",\"Tesouro Nacional\",\"teto de gastos\"],\"inLanguage\":\"pt-BR\"},{\"@type\":\"WebPage\",\"@id\":\"https:\/\/www.suno.com.br\/noticias\/colunas\/lucas-pedrosa\/teto-gastos-brasil-abismo-economico\/\",\"url\":\"https:\/\/www.suno.com.br\/noticias\/colunas\/lucas-pedrosa\/teto-gastos-brasil-abismo-economico\/\",\"name\":\"O teto furou: o Brasil e o flerte com o abismo econ\u00f4mico\",\"isPartOf\":{\"@id\":\"https:\/\/www.suno.com.br\/noticias\/#website\"},\"datePublished\":\"2021-10-25T11:00:56+00:00\",\"description\":\"Pol\u00edtica para \u201creduzir a pobreza\u201d pode acabar \u201caumentando a pobreza no m\u00e9dio prazo\u201d, com infla\u00e7\u00e3o, juros altos e baixo crescimento\",\"breadcrumb\":{\"@id\":\"https:\/\/www.suno.com.br\/noticias\/colunas\/lucas-pedrosa\/teto-gastos-brasil-abismo-economico\/#breadcrumb\"},\"inLanguage\":\"pt-BR\",\"potentialAction\":[{\"@type\":\"ReadAction\",\"target\":[\"https:\/\/www.suno.com.br\/noticias\/colunas\/lucas-pedrosa\/teto-gastos-brasil-abismo-economico\/\"]}]},{\"@type\":\"BreadcrumbList\",\"@id\":\"https:\/\/www.suno.com.br\/noticias\/colunas\/lucas-pedrosa\/teto-gastos-brasil-abismo-economico\/#breadcrumb\",\"itemListElement\":[{\"@type\":\"ListItem\",\"position\":1,\"name\":\"Not\u00edcias\",\"item\":\"https:\/\/www.suno.com.br\/noticias\/\"},{\"@type\":\"ListItem\",\"position\":2,\"name\":\"Colunas\",\"item\":\"https:\/\/www.suno.com.br\/noticias\/colunas\/\"},{\"@type\":\"ListItem\",\"position\":3,\"name\":\"O teto furou: o Brasil e o flerte com o abismo econ\u00f4mico\"}]},{\"@type\":\"WebSite\",\"@id\":\"https:\/\/www.suno.com.br\/noticias\/#website\",\"url\":\"https:\/\/www.suno.com.br\/noticias\/\",\"name\":\"Suno Not\u00edcias\",\"description\":\"Seu portal de informa\u00e7\u00e3o sobre o mundo dos investimentos\",\"publisher\":{\"@id\":\"https:\/\/www.suno.com.br\/noticias\/#organization\"},\"potentialAction\":[{\"@type\":\"SearchAction\",\"target\":{\"@type\":\"EntryPoint\",\"urlTemplate\":\"https:\/\/www.suno.com.br\/noticias\/?s={search_term_string}\"},\"query-input\":{\"@type\":\"PropertyValueSpecification\",\"valueRequired\":true,\"valueName\":\"search_term_string\"}}],\"inLanguage\":\"pt-BR\"},{\"@type\":\"Organization\",\"@id\":\"https:\/\/www.suno.com.br\/noticias\/#organization\",\"name\":\"Suno Not\u00edcias\",\"url\":\"https:\/\/www.suno.com.br\/noticias\/\",\"logo\":{\"@type\":\"ImageObject\",\"inLanguage\":\"pt-BR\",\"@id\":\"https:\/\/www.suno.com.br\/noticias\/#\/schema\/logo\/image\/\",\"url\":\"https:\/\/files.sunoresearch.com.br\/n\/uploads\/2021\/09\/suno-logo.png\",\"contentUrl\":\"https:\/\/files.sunoresearch.com.br\/n\/uploads\/2021\/09\/suno-logo.png\",\"width\":180,\"height\":180,\"caption\":\"Suno Not\u00edcias\"},\"image\":{\"@id\":\"https:\/\/www.suno.com.br\/noticias\/#\/schema\/logo\/image\/\"},\"sameAs\":[\"https:\/\/facebook.com\/sunoresearch\",\"https:\/\/x.com\/sunoresearch\",\"https:\/\/www.instagram.com\/suno\",\"https:\/\/www.linkedin.com\/company\/suno-research\/\",\"https:\/\/www.youtube.com\/c\/sunoresearch\"]},{\"@type\":\"Person\",\"@id\":\"https:\/\/www.suno.com.br\/noticias\/#\/schema\/person\/759a7b1ac843dbffd94dac7b7d7aa5ee\",\"name\":\"Lucas Pedrosa\",\"image\":{\"@type\":\"ImageObject\",\"inLanguage\":\"pt-BR\",\"@id\":\"https:\/\/www.suno.com.br\/noticias\/#\/schema\/person\/image\/\",\"url\":\"https:\/\/secure.gravatar.com\/avatar\/8002a3752d04fc87c5daca7d3402c98a?s=96&r=g\",\"contentUrl\":\"https:\/\/secure.gravatar.com\/avatar\/8002a3752d04fc87c5daca7d3402c98a?s=96&r=g\",\"caption\":\"Lucas Pedrosa\"},\"description\":\"Lucas Pedrosa \u00e9 gestor p\u00fablico de carreira, professor universit\u00e1rio, membro de comit\u00ea de investimentos e pesquisador em temas econ\u00f4micos e de pol\u00edticas p\u00fablicas.\",\"sameAs\":[\"https:\/\/www.linkedin.com\/in\/lucas-pedrosa-2b86a572\/%20\"],\"url\":\"https:\/\/www.suno.com.br\/noticias\/author\/lucas-pedrosa\/\"}]}<\/script>\n<!-- \/ Yoast SEO plugin. -->","yoast_head_json":{"title":"O teto furou: o Brasil e o flerte com o abismo econ\u00f4mico","description":"Pol\u00edtica para \u201creduzir a pobreza\u201d pode acabar \u201caumentando a pobreza no m\u00e9dio prazo\u201d, com infla\u00e7\u00e3o, juros altos e baixo crescimento","robots":{"index":"index","follow":"follow","max-snippet":"max-snippet:-1","max-image-preview":"max-image-preview:large","max-video-preview":"max-video-preview:-1"},"canonical":"https:\/\/www.suno.com.br\/noticias\/colunas\/lucas-pedrosa\/teto-gastos-brasil-abismo-economico\/","og_locale":"pt_BR","og_type":"article","og_title":"O teto furou: o Brasil e o flerte com o abismo econ\u00f4mico","og_description":"Pol\u00edtica para \u201creduzir a pobreza\u201d pode acabar \u201caumentando a pobreza no m\u00e9dio prazo\u201d, com infla\u00e7\u00e3o, juros altos e baixo crescimento","og_url":"https:\/\/www.suno.com.br\/noticias\/colunas\/lucas-pedrosa\/teto-gastos-brasil-abismo-economico\/","og_site_name":"Suno Not\u00edcias","article_publisher":"https:\/\/facebook.com\/sunoresearch","og_image":[{"width":1200,"height":627,"url":"https:\/\/files.sunoresearch.com.br\/n\/uploads\/2022\/06\/Modelo2.jpg","type":"image\/jpeg"}],"twitter_card":"summary_large_image","twitter_site":"@sunoresearch","twitter_misc":{"Est. tempo de leitura":"3 minutos"},"schema":{"@context":"https:\/\/schema.org","@graph":[{"@type":"Article","@id":"https:\/\/www.suno.com.br\/noticias\/colunas\/lucas-pedrosa\/teto-gastos-brasil-abismo-economico\/#article","isPartOf":{"@id":"https:\/\/www.suno.com.br\/noticias\/colunas\/lucas-pedrosa\/teto-gastos-brasil-abismo-economico\/"},"author":{"name":"Lucas Pedrosa","@id":"https:\/\/www.suno.com.br\/noticias\/#\/schema\/person\/759a7b1ac843dbffd94dac7b7d7aa5ee"},"headline":"O teto furou: o Brasil e o flerte com o abismo econ\u00f4mico","datePublished":"2021-10-25T11:00:56+00:00","mainEntityOfPage":{"@id":"https:\/\/www.suno.com.br\/noticias\/colunas\/lucas-pedrosa\/teto-gastos-brasil-abismo-economico\/"},"wordCount":700,"publisher":{"@id":"https:\/\/www.suno.com.br\/noticias\/#organization"},"keywords":["infla\u00e7\u00e3o","taxa de juros","Tesouro Nacional","teto de gastos"],"inLanguage":"pt-BR"},{"@type":"WebPage","@id":"https:\/\/www.suno.com.br\/noticias\/colunas\/lucas-pedrosa\/teto-gastos-brasil-abismo-economico\/","url":"https:\/\/www.suno.com.br\/noticias\/colunas\/lucas-pedrosa\/teto-gastos-brasil-abismo-economico\/","name":"O teto furou: o Brasil e o flerte com o abismo econ\u00f4mico","isPartOf":{"@id":"https:\/\/www.suno.com.br\/noticias\/#website"},"datePublished":"2021-10-25T11:00:56+00:00","description":"Pol\u00edtica para \u201creduzir a pobreza\u201d pode acabar \u201caumentando a pobreza no m\u00e9dio prazo\u201d, com infla\u00e7\u00e3o, juros altos e baixo crescimento","breadcrumb":{"@id":"https:\/\/www.suno.com.br\/noticias\/colunas\/lucas-pedrosa\/teto-gastos-brasil-abismo-economico\/#breadcrumb"},"inLanguage":"pt-BR","potentialAction":[{"@type":"ReadAction","target":["https:\/\/www.suno.com.br\/noticias\/colunas\/lucas-pedrosa\/teto-gastos-brasil-abismo-economico\/"]}]},{"@type":"BreadcrumbList","@id":"https:\/\/www.suno.com.br\/noticias\/colunas\/lucas-pedrosa\/teto-gastos-brasil-abismo-economico\/#breadcrumb","itemListElement":[{"@type":"ListItem","position":1,"name":"Not\u00edcias","item":"https:\/\/www.suno.com.br\/noticias\/"},{"@type":"ListItem","position":2,"name":"Colunas","item":"https:\/\/www.suno.com.br\/noticias\/colunas\/"},{"@type":"ListItem","position":3,"name":"O teto furou: o Brasil e o flerte com o abismo econ\u00f4mico"}]},{"@type":"WebSite","@id":"https:\/\/www.suno.com.br\/noticias\/#website","url":"https:\/\/www.suno.com.br\/noticias\/","name":"Suno Not\u00edcias","description":"Seu portal de informa\u00e7\u00e3o sobre o mundo dos investimentos","publisher":{"@id":"https:\/\/www.suno.com.br\/noticias\/#organization"},"potentialAction":[{"@type":"SearchAction","target":{"@type":"EntryPoint","urlTemplate":"https:\/\/www.suno.com.br\/noticias\/?s={search_term_string}"},"query-input":{"@type":"PropertyValueSpecification","valueRequired":true,"valueName":"search_term_string"}}],"inLanguage":"pt-BR"},{"@type":"Organization","@id":"https:\/\/www.suno.com.br\/noticias\/#organization","name":"Suno Not\u00edcias","url":"https:\/\/www.suno.com.br\/noticias\/","logo":{"@type":"ImageObject","inLanguage":"pt-BR","@id":"https:\/\/www.suno.com.br\/noticias\/#\/schema\/logo\/image\/","url":"https:\/\/files.sunoresearch.com.br\/n\/uploads\/2021\/09\/suno-logo.png","contentUrl":"https:\/\/files.sunoresearch.com.br\/n\/uploads\/2021\/09\/suno-logo.png","width":180,"height":180,"caption":"Suno Not\u00edcias"},"image":{"@id":"https:\/\/www.suno.com.br\/noticias\/#\/schema\/logo\/image\/"},"sameAs":["https:\/\/facebook.com\/sunoresearch","https:\/\/x.com\/sunoresearch","https:\/\/www.instagram.com\/suno","https:\/\/www.linkedin.com\/company\/suno-research\/","https:\/\/www.youtube.com\/c\/sunoresearch"]},{"@type":"Person","@id":"https:\/\/www.suno.com.br\/noticias\/#\/schema\/person\/759a7b1ac843dbffd94dac7b7d7aa5ee","name":"Lucas Pedrosa","image":{"@type":"ImageObject","inLanguage":"pt-BR","@id":"https:\/\/www.suno.com.br\/noticias\/#\/schema\/person\/image\/","url":"https:\/\/secure.gravatar.com\/avatar\/8002a3752d04fc87c5daca7d3402c98a?s=96&r=g","contentUrl":"https:\/\/secure.gravatar.com\/avatar\/8002a3752d04fc87c5daca7d3402c98a?s=96&r=g","caption":"Lucas Pedrosa"},"description":"Lucas Pedrosa \u00e9 gestor p\u00fablico de carreira, professor universit\u00e1rio, membro de comit\u00ea de investimentos e pesquisador em temas econ\u00f4micos e de pol\u00edticas p\u00fablicas.","sameAs":["https:\/\/www.linkedin.com\/in\/lucas-pedrosa-2b86a572\/%20"],"url":"https:\/\/www.suno.com.br\/noticias\/author\/lucas-pedrosa\/"}]}},"amp_enabled":true,"_links":{"self":[{"href":"https:\/\/www.suno.com.br\/noticias\/wp-json\/wp\/v2\/suno_column\/196733"}],"collection":[{"href":"https:\/\/www.suno.com.br\/noticias\/wp-json\/wp\/v2\/suno_column"}],"about":[{"href":"https:\/\/www.suno.com.br\/noticias\/wp-json\/wp\/v2\/types\/suno_column"}],"author":[{"embeddable":true,"href":"https:\/\/www.suno.com.br\/noticias\/wp-json\/wp\/v2\/users\/124"}],"wp:attachment":[{"href":"https:\/\/www.suno.com.br\/noticias\/wp-json\/wp\/v2\/media?parent=196733"}],"wp:term":[{"taxonomy":"post_tag","embeddable":true,"href":"https:\/\/www.suno.com.br\/noticias\/wp-json\/wp\/v2\/tags?post=196733"}],"curies":[{"name":"wp","href":"https:\/\/api.w.org\/{rel}","templated":true}]}}