{"id":192709,"date":"2021-10-11T10:02:26","date_gmt":"2021-10-11T13:02:26","guid":{"rendered":"https:\/\/www.suno.com.br\/noticias\/colunas\/felipe-areia\/"},"modified":"2021-10-11T10:02:26","modified_gmt":"2021-10-11T13:02:26","slug":"eua-china-centro-atencoes","status":"publish","type":"suno_column","link":"https:\/\/www.suno.com.br\/noticias\/colunas\/julio-hegedus-netto\/eua-china-centro-atencoes\/","title":{"rendered":"EUA e China no centro das aten\u00e7\u00f5es"},"content":{"rendered":"<p>No Brasil, semana mais curta pelo feriado de Nossa Senhora Aparecida (dia 12), com poucos indicadores. Destaque apenas para o <strong>IBC Br<\/strong>, pr\u00e9via do PIB, na sexta-feira e o <strong>indicador de servi\u00e7os<\/strong>. No Congresso, debates devem perder for\u00e7a, mas segue em curso a \u201c<a href=\"https:\/\/www.suno.com.br\/noticias\/guedes-mansueto-cotado-substituir-diz-site\/\">fritura do ministro Guedes<\/a>\u201d.<\/p>\n\t<p>\n\t\t<a href=\"https:\/\/lp.suno.com.br\/planilha-controle-gastos\/\" target=\"_blank\" data-element=\"shortcode-suno-banner\" title=\"Banner SUNO, clique e saiba mais\">\n\t\t\t<picture>\n\t\t\t\t<source media=\"(max-width: 500px)\" srcset=\"https:\/\/files.sunoresearch.com.br\/n\/uploads\/2023\/03\/400x300-Planilha-controle-de-gastos.png\">\n\t\t\t\t<img class=\"newsContent__article__imgCapa newsContent__article__imgCapa--banner\"\n\t\t\t\t\tsrc=\"https:\/\/files.sunoresearch.com.br\/n\/uploads\/2023\/03\/1420x240-Planilha-controle-de-gastos.png\"\n\t\t\t\t\tdata-promo-id=\"101751\"\t\t\t\t\t\t\t\t\t\twidth='1420' height='240'\t\t\t\t\talt=\"https:\/\/files.sunoresearch.com.br\/n\/uploads\/2023\/03\/1420x240-Planilha-controle-de-gastos.png\"\n\t\t\t\t>\n\t\t\t<\/picture>\n\t\t<\/a>\n\t<\/p>\n\n\n<p>Nos mercados globais, na semana continuam os receios com a pandemia, amea\u00e7a de infla\u00e7\u00e3o e crise energ\u00e9tica.<\/p>\n<p>Destaquemos, nos EUA, a temporada de balan\u00e7os do terceiro trimestre, a <strong>ata do FOMC<\/strong> do Federal Reserve (Fed), e uma agenda repleta de indicadores, com o CPI, o PPI, dados de varejo, e variados de atividade. O <strong>Payroll<\/strong> de setembro, mais fraco do que o esperado, parece n\u00e3o ter alterado a inten\u00e7\u00e3o de iniciar o tapering em novembro. O que pode ser adiado \u00e9 a <strong>eleva\u00e7\u00e3o da taxa de juros<\/strong>, antes definida para meados de 2022. No FMI, temos um encontro de l\u00edderes na quarta-feira, com a divulga\u00e7\u00e3o das expectativas para a economia global e debates sobre a <a class=\"suno-keyword\" href=\"https:\/\/www.suno.com.br\/artigos\/estabilidade-financeira\/\" target=\"_blank\" rel=\"noopener\" data-force=\"no\" data-priority=\"1\">estabilidade financeira<\/a>.<\/p>\n<p>Na China, as aten\u00e7\u00f5es (ou tens\u00f5es) s\u00f3 aumentam. Temos o imbr\u00f3glio China Taiwan, com discuss\u00f5es sobre sua soberania, e da incorporadora <strong>Evergrande<\/strong>, em \u201cimplos\u00e3o controlada\u201d.<\/p>\n<p>Isso porque, os pagamentos dos diversos cupons de d\u00edvida, a vencer, n\u00e3o t\u00eam sido saudados de forma adequada, causando desconforto nos mercados.<\/p>\n<p>Na central de boatos de Bras\u00edlia, um nome a ser \u201cventilado\u201d, para <strong>substituir <a href=\"https:\/\/www.suno.com.br\/tudo-sobre\/paulo-guedes\/\">Paulo Guedes<\/a> na Economia<\/strong>, seria o de <a href=\"https:\/\/www.suno.com.br\/tudo-sobre\/mansueto-almeida\/\"><strong>Mansueto de Almeida<\/strong><\/a>, hoje economista-chefe do BTG Pactual. Mas ser\u00e1 que ele estaria disposto a assumir este \u201cpepino\u201d? N\u00e3o acreditamos. O que \u00e9 fato \u00e9 que o Centr\u00e3o se movimenta para ir em cima do <a class=\"suno-keyword\" href=\"https:\/\/www.suno.com.br\/artigos\/ministerio-da-economia\/\" target=\"_blank\" rel=\"noopener\" data-force=\"no\" data-priority=\"3\">minist\u00e9rio da Economia<\/a>, de olho na \u201cchave do cofre do Tesouro\u201d. J\u00e1 Guedes n\u00e3o se mostra confort\u00e1vel com estes avan\u00e7os. Se disse contrariado com a proposta de R$ 300 milh\u00f5es para a compra de botij\u00f5es de g\u00e1s pelos mais pobres e j\u00e1 entregou a Susep, sob o comando de Solange Vieira, para a turma do Centr\u00e3o. Em paralelo, Dias Toffolli, do STF, arquivou os pedidos de investiga\u00e7\u00e3o contra Guedes e <a href=\"https:\/\/www.suno.com.br\/tudo-sobre\/roberto-campos-neto\/\">Roberto Campos Neto<\/a>, sobre o epis\u00f3dio das contas em offshores.<\/p>\n\t<p>\n\t\t<a href=\"https:\/\/lp.suno.com.br\/planilha-da-vida-financeira\/\" target=\"_blank\" data-element=\"shortcode-suno-banner\" title=\"Banner SUNO, clique e saiba mais\">\n\t\t\t<picture>\n\t\t\t\t<source media=\"(max-width: 500px)\" srcset=\"https:\/\/files.sunoresearch.com.br\/n\/uploads\/2023\/04\/400x300-Planilha-vida-financeira-true.png\">\n\t\t\t\t<img class=\"newsContent__article__imgCapa newsContent__article__imgCapa--banner\"\n\t\t\t\t\tsrc=\"https:\/\/files.sunoresearch.com.br\/n\/uploads\/2023\/04\/1420x240-Planilha-vida-financeira-true.png\"\n\t\t\t\t\tdata-promo-id=\"106682\"\t\t\t\t\t\t\t\t\t\twidth='1420' height='240'\t\t\t\t\talt=\"https:\/\/files.sunoresearch.com.br\/n\/uploads\/2023\/04\/1420x240-Planilha-vida-financeira-true.png\"\n\t\t\t\t>\n\t\t\t<\/picture>\n\t\t<\/a>\n\t<\/p>\n\n\n<p>Sobre os bastidores do Congresso, teremos vota\u00e7\u00e3o na C\u00e2mara do texto PLP 16\/21 sobre o projeto de lei que trata do <strong>ICMS sobre combust\u00edveis<\/strong> e o relator da MP 1061\/21 tratando do parecer do Aux\u00edlio Brasil.<\/p>\n<p>No BCE, <a class=\"suno-keyword\" href=\"https:\/\/www.suno.com.br\/tudo-sobre\/christine-lagarde\/\" target=\"_blank\" rel=\"noopener\" data-force=\"no\" data-priority=\"2\">Christine Lagarde<\/a> acha que alta no pre\u00e7o da energia e problemas nas cadeias de suprimento devem segurar o crescimento da <a class=\"suno-keyword\" href=\"https:\/\/www.suno.com.br\/artigos\/zona-do-euro\/\" target=\"_blank\" rel=\"noopener\" data-force=\"no\" data-priority=\"1\">Zona do Euro<\/a> neste ano e no pr\u00f3ximo.<\/p>\n<p>Nos EUA, o Goldman Sachs j\u00e1 corta suas previs\u00f5es de crescimento para este ano e o pr\u00f3ximo, culpando um atraso na recupera\u00e7\u00e3o dos gastos com consumo. Segundo a institui\u00e7\u00e3o, o crescimento neste ano deve ficar em 5,6% e 4% no pr\u00f3ximo.<\/p>\n<p>Pre\u00e7os globais de alimentos seguem em alta forte, tendo chegado ao patamar mais elevado em setembro, de acordo com o \u00cdndice das Na\u00e7\u00f5es Unidas.<\/p>\n<figure id=\"attachment_192713\" aria-describedby=\"caption-attachment-192713\" style=\"width: 926px\" class=\"wp-caption alignnone\"><img loading=\"lazy\" decoding=\"async\" class=\"size-full wp-image-192713\" src=\"https:\/\/files.sunoresearch.com.br\/n\/uploads\/2021\/10\/image2.png\" alt=\"Pre\u00e7o dos Alimentos\" width=\"926\" height=\"463\" srcset=\"https:\/\/files.sunoresearch.com.br\/n\/uploads\/2021\/10\/image2.png 926w, https:\/\/files.sunoresearch.com.br\/n\/uploads\/2021\/10\/image2-300x150.png 300w, https:\/\/files.sunoresearch.com.br\/n\/uploads\/2021\/10\/image2-768x384.png 768w, https:\/\/files.sunoresearch.com.br\/n\/uploads\/2021\/10\/image2-400x200.png 400w, https:\/\/files.sunoresearch.com.br\/n\/uploads\/2021\/10\/image2-600x300.png 600w, https:\/\/files.sunoresearch.com.br\/n\/uploads\/2021\/10\/image2-150x75.png 150w\" sizes=\"(max-width: 926px) 100vw, 926px\" \/><figcaption id=\"caption-attachment-192713\" class=\"wp-caption-text\">Pre\u00e7o dos Alimentos<\/figcaption><\/figure>\n<p>&nbsp;<\/p>\n<p><strong>Na China 1<\/strong>. As vendas das 100 maiores empresas imobili\u00e1rias do pa\u00eds despencaram 36% em setembro, contra o mesmo m\u00eas do ano anterior, aprofundando um ciclo baixista iniciado em julho.<\/p>\n<p><strong>Na China 2<\/strong>. A temperatura continua elevada no imbr\u00f3glio Taiwan. Segundo a Global Times, \u00e9 firme a inten\u00e7\u00e3o de <strong>Xi Jinping<\/strong>, presidente chin\u00eas, de reunificar este pequeno pa\u00eds ao \u201cgrande Drag\u00e3o\u201d. Disse neste fim de semana, \u201cque nenhuma pot\u00eancia ousar\u00e1 reconhecer abertamente Taiwan como estado soberano independente. A ilha de Taiwan finalmente ser\u00e1 reunificada ao continente chin\u00eas\u201d. Em paralelo, o Exercito chin\u00eas segue \u201cestacionado\u201d nas fronteiras.<\/p>\n<p>Na falta de insumos nas v\u00e1rias cadeias produtivas, um fato a chamar aten\u00e7\u00e3o \u00e9 a alta nos pre\u00e7os dos carros usados nos EUA, j\u00e1 que os chips dos novos seguem em falta. Isso acaba acarretando numa explos\u00e3o de pre\u00e7o dos usados.<\/p>\n\t<p>\n\t\t<a href=\"https:\/\/lp.suno.com.br\/ebook-como-analisar-uma-acao\/\" target=\"_blank\" data-element=\"shortcode-suno-banner\" title=\"Banner SUNO, clique e saiba mais\">\n\t\t\t<picture>\n\t\t\t\t<source media=\"(max-width: 500px)\" srcset=\"https:\/\/files.sunoresearch.com.br\/n\/uploads\/2023\/03\/Ebook-Acoes-Mobile-1.jpg\">\n\t\t\t\t<img class=\"newsContent__article__imgCapa newsContent__article__imgCapa--banner\"\n\t\t\t\t\tsrc=\"https:\/\/files.sunoresearch.com.br\/n\/uploads\/2023\/03\/Ebook-Acoes-Desktop-1.jpg\"\n\t\t\t\t\tdata-promo-id=\"171998\"\t\t\t\t\t\t\t\t\t\twidth='1420' height='286'\t\t\t\t\talt=\"https:\/\/files.sunoresearch.com.br\/n\/uploads\/2023\/03\/Ebook-Acoes-Desktop-1.jpg\"\n\t\t\t\t>\n\t\t\t<\/picture>\n\t\t<\/a>\n\t<\/p>\n\n\n<p>INDICADORES<\/p>\n<p><strong>IPCA de setembro<\/strong>. Continua repercutindo o \u00edndice do IBGE de setembro, menor do que o esperado. <a href=\"https:\/\/www.suno.com.br\/noticias\/ipca-sobe-116-em-setembro-e-atinge-alta-de-1025-em-12-meses\/\">Registrou 1,16%, contra 0,87% em agosto<\/a>, em <a href=\"https:\/\/www.suno.com.br\/noticias\/petrobras-aumento-gasolina-gas\/\">dia de reajuste de combust\u00edvel<\/a> (7% na gasolina). No ano, \u00edndice do IBGE acumula 6,90% e 10,25% em 12 meses. Maiores press\u00f5es partiram da energia (0,31 ponto percentual), gasolina (0,14 p.p.) e passagens a\u00e9reas (0,10 p.p.). Alimentos e servi\u00e7os surpreenderam favoravelmente. O que \u00e9 fato. Infla\u00e7\u00e3o neste patamar j\u00e1 come\u00e7a a preocupar, por considerada \u201cinfla\u00e7\u00e3o aberta\u201d, provocando variadas distor\u00e7\u00f5es na economia e estimulando a indexa\u00e7\u00e3o. No sistema de metas de infla\u00e7\u00e3o, este ano \u00e9 3,75%, recuando a 3,5% em 2022. O Bacen j\u00e1 considera este ano como \u201cperdido\u201d, perseguindo a meta para o ano que vem, da\u00ed a puxada da Selic nas \u00faltimas <a class=\"suno-keyword\" href=\"https:\/\/www.suno.com.br\/artigos\/copom\/\" target=\"_blank\" rel=\"noopener\" data-force=\"no\" data-priority=\"2\">reuni\u00f5es do Copom<\/a>.<\/p>\n<p>J\u00e1 o <strong>IGP-M<\/strong>, na primeira pr\u00e9via de outubro, <a href=\"https:\/\/www.suno.com.br\/noticias\/igp-m-inflacao-cai-previa-outubro\/\">recuou 0,91%, contra -1,09% na mesma pr\u00e9via de setembro<\/a>. O IPA recuou 1,52% e o IPC 1,0%. Em setembro, o IGP-M fechou com defla\u00e7\u00e3o de 1,19%. J\u00e1 o IPC-S registrou 1,43% na primeira semana de outubro, repetindo a taxa de setembro. Em 12 meses passou de 9,61% para 10,45%.<\/p>\n<p>No gr\u00e1fico a seguir, observa-se como a pandemia distorceu o sistema de pre\u00e7os relativos no Brasil, com os \u00edndices do IBGE e da FGV dando saltos, tanto por problemas de fornecimento das cadeias produtivas, choques de petr\u00f3leo e energia e efeito c\u00e2mbio nos IGPs.<\/p>\n<figure id=\"attachment_192715\" aria-describedby=\"caption-attachment-192715\" style=\"width: 883px\" class=\"wp-caption alignnone\"><img loading=\"lazy\" decoding=\"async\" class=\"size-full wp-image-192715\" src=\"https:\/\/files.sunoresearch.com.br\/n\/uploads\/2021\/10\/image4.png\" alt=\"Infla\u00e7\u00e3o acumulada no Brasil\" width=\"883\" height=\"497\" srcset=\"https:\/\/files.sunoresearch.com.br\/n\/uploads\/2021\/10\/image4.png 883w, https:\/\/files.sunoresearch.com.br\/n\/uploads\/2021\/10\/image4-300x169.png 300w, https:\/\/files.sunoresearch.com.br\/n\/uploads\/2021\/10\/image4-768x432.png 768w, https:\/\/files.sunoresearch.com.br\/n\/uploads\/2021\/10\/image4-800x450.png 800w, https:\/\/files.sunoresearch.com.br\/n\/uploads\/2021\/10\/image4-150x84.png 150w\" sizes=\"(max-width: 883px) 100vw, 883px\" \/><figcaption id=\"caption-attachment-192715\" class=\"wp-caption-text\">Infla\u00e7\u00e3o acumulada no Brasil<\/figcaption><\/figure>\n<p>Nos EUA, o payroll fechou setembro em 194 mil novas vagas no setor n\u00e3o agr\u00edcola, quando o esperado eram +500 mil. Ganhos consider\u00e1veis ocorreram em lazer e hotelaria, servi\u00e7os empresariais, com\u00e9rcio, transporte e armazenamento, refor\u00e7ando a reabertura da economia.<\/p>\n\t<p>\n\t\t<a href=\"https:\/\/lp.suno.com.br\/planilha-de-controle-de-investimentos\/\" target=\"_blank\" data-element=\"shortcode-suno-banner\" title=\"Banner SUNO, clique e saiba mais\">\n\t\t\t<picture>\n\t\t\t\t<source media=\"(max-width: 500px)\" srcset=\"https:\/\/files.sunoresearch.com.br\/n\/uploads\/2023\/03\/400x300-Controle-de-Investimentos.png\">\n\t\t\t\t<img class=\"newsContent__article__imgCapa newsContent__article__imgCapa--banner\"\n\t\t\t\t\tsrc=\"https:\/\/files.sunoresearch.com.br\/n\/uploads\/2023\/03\/1420x240-Controle-de-Investimentos.png\"\n\t\t\t\t\tdata-promo-id=\"75934\"\t\t\t\t\t\t\t\t\t\twidth='1420' height='240'\t\t\t\t\talt=\"https:\/\/files.sunoresearch.com.br\/n\/uploads\/2023\/03\/1420x240-Controle-de-Investimentos.png\"\n\t\t\t\t>\n\t\t\t<\/picture>\n\t\t<\/a>\n\t<\/p>\n\n\n<p>MERCADOS<\/p>\n<p>Nos mercados globais, a semana (11 a 15\/10) deve ser marcada pelos receios com a pandemia, uma <a class=\"suno-keyword\" href=\"https:\/\/www.suno.com.br\/artigos\/politica-monetaria\/\" target=\"_blank\" rel=\"noopener\" data-force=\"no\" data-priority=\"1\">pol\u00edtica monet\u00e1ria<\/a> mais r\u00edgida com a amea\u00e7a de infla\u00e7\u00e3o e a crise energ\u00e9tica no horizonte. Em NY, os futuros recuam, na Austr\u00e1lia, o dia tamb\u00e9m foi de queda, mas no Jap\u00e3o, a bolsa subiu. Lembremos que nos EUA, as bolsas ca\u00edram na sexta-feira, depois do payroll mais fraco do que o previsto (194 mil contra 500 mil). Por outro lado, o impacto da alta da energia cobra o seu pre\u00e7o por uma pol\u00edtica monet\u00e1ria mais cautelosa. Nos futuros do Tesouro norte-americano, a tend\u00eancia \u00e9 de queda, depois do avan\u00e7o de para 1,6% nos \u201cT10years\u201d. Hoje, segunda-feira, n\u00e3o temos neg\u00f3cio neste mercado pelo feriado nos EUA. Na \u00c1sia, a tens\u00e3o com Taiwan \u00e9 destaque. O presidente da pequena ilha diz que \u201cenfrenta desafios e que ir\u00e1 defender sua soberania\u201d.<\/p>\n<p>Entre os Emergentes, os mercados de a\u00e7\u00f5es da \u00cdndia e da R\u00fassia \u201cganham terreno\u201d contra o <a class=\"suno-keyword\" href=\"https:\/\/www.suno.com.br\/artigos\/sp-500\/\" target=\"_blank\" rel=\"noopener\" data-force=\"no\" data-priority=\"3\">S&amp;P 500<\/a> ultimamente, enquanto o Brasil perde espa\u00e7o.<\/p>\n<figure id=\"attachment_192716\" aria-describedby=\"caption-attachment-192716\" style=\"width: 501px\" class=\"wp-caption alignnone\"><img loading=\"lazy\" decoding=\"async\" class=\"size-full wp-image-192716\" src=\"https:\/\/files.sunoresearch.com.br\/n\/uploads\/2021\/10\/image3.png\" alt=\"Compara\u00e7\u00e3o entre \u00edndice Ibovespa e emergentes\" width=\"501\" height=\"264\" srcset=\"https:\/\/files.sunoresearch.com.br\/n\/uploads\/2021\/10\/image3.png 501w, https:\/\/files.sunoresearch.com.br\/n\/uploads\/2021\/10\/image3-300x158.png 300w, https:\/\/files.sunoresearch.com.br\/n\/uploads\/2021\/10\/image3-150x79.png 150w\" sizes=\"(max-width: 501px) 100vw, 501px\" \/><figcaption id=\"caption-attachment-192716\" class=\"wp-caption-text\">Compara\u00e7\u00e3o entre \u00edndice Ibovespa e emergentes<\/figcaption><\/figure>\n<p>No Brasil, o <strong>Ibovespa<\/strong> fechou sexta-feira em alta de 2%, a 112.833, na semana no negativo de 0,05%. J\u00e1 o d\u00f3lar tamb\u00e9m encerrou o dia em leve queda, a R$ 5,5154, ainda pressionada pelas incertezas no campo dom\u00e9stico.<\/p>\n<p>Nesta madrugada do dia 11\/10, na Europa (04h05), os mercados futuros operavam com perdas. <strong>DAX<\/strong> (Alemanha) recuando 0,47%, a 15.137 pontos; <a class=\"suno-keyword\" href=\"https:\/\/www.suno.com.br\/artigos\/ftse-100\/\" target=\"_blank\" rel=\"noopener\" data-force=\"no\" data-priority=\"1\">FTSE 100<\/a> (Reino Unido), +0,25%, a 7.095 pontos; <a class=\"suno-keyword\" href=\"https:\/\/www.suno.com.br\/artigos\/cac-40\/\" target=\"_blank\" rel=\"noopener\" data-force=\"no\" data-priority=\"1\">CAC 40<\/a> +0,13%, a 6.608 pontos, e EuroStoxx50 -0,03%, a 4.097 pontos.<\/p>\n<p>Nesta madrugada do dia 11\/10, na \u00c1sia (05h05), os mercados operaram, em sua maioria, em queda: S&amp;P\/ASX (Austr\u00e1lia), -0,28%, a 7.299 pontos; <strong>Nikkei<\/strong> (Jap\u00e3o) +1,60%, a 28.498 pontos; <strong>Kospi<\/strong> (Coreia), 0,00%, a 2.956 pontos; Shangai -0,01%, a 3.591, e <a class=\"suno-keyword\" href=\"https:\/\/www.suno.com.br\/artigos\/hang-seng\/\" target=\"_blank\" rel=\"noopener\" data-force=\"no\" data-priority=\"1\">Hang Seng<\/a>, +1,68%, a 24.255 pontos.<\/p>\n<p>No fluxo de investidores estrangeiros em bolsa de valores, em outubro o saldo segue positivo em R$ 4,76 bilh\u00f5es, no ano, a R$ 47,03 bilh\u00f5es. Em 10 preg\u00f5es, s\u00e3o 6 no positivo e 4 no negativo. Os institucionais seguem no negativo no ano, R$ 54,76 bilh\u00f5es, assim como investidores <a class=\"suno-keyword\" href=\"https:\/\/www.suno.com.br\/artigos\/pessoa-fisica\/\" target=\"_blank\" rel=\"noopener\" data-force=\"no\" data-priority=\"1\">Pessoa F\u00edsica<\/a>, desconfiados com as crises pol\u00edticas e institucionais e a fragilidade da economia (R$ 770 milh\u00f5es).<\/p>\n<figure id=\"attachment_192718\" aria-describedby=\"caption-attachment-192718\" style=\"width: 817px\" class=\"wp-caption alignnone\"><img loading=\"lazy\" decoding=\"async\" class=\"size-full wp-image-192718\" src=\"https:\/\/files.sunoresearch.com.br\/n\/uploads\/2021\/10\/image5.png\" alt=\"Investidores na B3\" width=\"817\" height=\"528\" srcset=\"https:\/\/files.sunoresearch.com.br\/n\/uploads\/2021\/10\/image5.png 817w, https:\/\/files.sunoresearch.com.br\/n\/uploads\/2021\/10\/image5-300x194.png 300w, https:\/\/files.sunoresearch.com.br\/n\/uploads\/2021\/10\/image5-768x496.png 768w, https:\/\/files.sunoresearch.com.br\/n\/uploads\/2021\/10\/image5-150x97.png 150w\" sizes=\"(max-width: 817px) 100vw, 817px\" \/><figcaption id=\"caption-attachment-192718\" class=\"wp-caption-text\">Investidores na B3<\/figcaption><\/figure>\n<p>No futuro, as bolsas de NY operavam em QUEDA neste dia 11\/10: Dow Jones recuando 0,25%, a 34.541 pontos, S&amp;P 500, -0,39%, a 4.365 pontos, e Nasdaq -0,36%, a 14.767 pontos. No mercado de Treasuries, US 2Y avan\u00e7ando 0,57%, a 0,3198, US 10Y +0,42%, a 1,612 e US 30Y, +0,25%, a 2,165. No DXY, o d\u00f3lar +0,05%, a 94,123, e <a class=\"suno-keyword\" href=\"https:\/\/www.suno.com.br\/artigos\/embi\/\" target=\"_blank\" rel=\"noopener\" data-force=\"no\" data-priority=\"1\">risco pa\u00eds<\/a>, CDS 5 ANOS, a 204,4 pontos. <a class=\"suno-keyword\" href=\"https:\/\/www.suno.com.br\/artigos\/wti\/\" target=\"_blank\" rel=\"noopener\" data-force=\"no\" data-priority=\"1\">Petr\u00f3leo WTI<\/a>, a US$ 81,08 (+2,18%) e Petr\u00f3leo Brent US$ 83,74 (+1,64%). G\u00e1s Natural em ALTA FORTE de 2,81%, a US$ 5,777.<\/p>\n<p>Na agenda desta segunda-feira (11), POUCAS novidades a n\u00e3o ser pela pesquisa Focus.<\/p>\n\t<p>\n\t\t<a href=\"\" target=\"_blank\" data-element=\"shortcode-suno-banner\" title=\"Banner SUNO, clique e saiba mais\">\n\t\t\t<picture>\n\t\t\t\t<source media=\"(max-width: 500px)\" srcset=\"\">\n\t\t\t\t<img class=\"newsContent__article__imgCapa newsContent__article__imgCapa--banner\"\n\t\t\t\t\tsrc=\"\"\n\t\t\t\t\tdata-promo-id=\"184190\"\t\t\t\t\t\t\t\t\t\t\t\t\t\t\talt=\"\"\n\t\t\t\t>\n\t\t\t<\/picture>\n\t\t<\/a>\n\t<\/p>\n\n\n<table>\n<tbody>\n<tr>\n<td><b>Agenda Semanal<\/b><\/td>\n<td><b>\u00a0<\/b><\/td>\n<\/tr>\n<tr>\n<td><b>2\u00aa feira (11)<\/b><\/td>\n<td><span style=\"font-weight: 400;\">Pesquisa Focus; Leil\u00e3o TN: NTN-B; Decis\u00e3o de Pol\u00edtica Monet\u00e1ria (Chile)<\/span><\/td>\n<\/tr>\n<tr>\n<td><b>3\u00aa feira (12)<\/b><\/td>\n<td><span style=\"font-weight: 400;\">Feriado Nossa Senhora Aparecida (Brasil); Taxa de desemprego (Reino Unido); Percep\u00e7\u00e3o Econ\u00f4mica ZEW (Alemanha); Percep\u00e7\u00e3o Econ\u00f4mica ZEW (Zona do Euro); Relat\u00f3rio do FMI de perspectiva global e Relat\u00f3rio estabilidade financeira; Ofertas de Emprego JOLTs (EUA). \u00a0<\/span><\/td>\n<\/tr>\n<tr>\n<td><b>4\u00aa feira (13)<\/b><\/td>\n<td><span style=\"font-weight: 400;\">Balan\u00e7a Comercial (China); IPC (Alemanha); Balan\u00e7a Comercial (Set, Reino Unido); Produ\u00e7\u00e3o Industrial (Set, Reino Unido); PIB terceiro trimestre (Reino Unido); Produ\u00e7\u00e3o Industrial (Set, Euro); FMI Monitor Fiscal; Vencimento de op\u00e7\u00f5es sobre Ibovespa (Brasil); Rolagem de \u00cdndice &#8211; V21 p\/ Z21 (Brasil); IPC (Set, EUA); Confian\u00e7a do Consumidor (Set, Brasil); Leil\u00e3o T-Bond 30 anos (EUA); Fluxo Cambial Estrangeiro (Set, Brasil); Ata da Reuni\u00e3o do FOMC (EUA); Decis\u00e3o de Pol\u00edtica Monet\u00e1ria (Chile); IPC | IPP (Set, China).\u00a0<\/span><\/td>\n<\/tr>\n<tr>\n<td><b>5\u00aa feira (14)<\/b><\/td>\n<td><span style=\"font-weight: 400;\">Produ\u00e7\u00e3o Industrial (Set, Jap\u00e3o); Crescimento Setor de Servi\u00e7os (Set, IBGE, Brasil); IPP e N\u00facleo do IPP (Set, EUA); Pedidos de Iniciais Seguro-Desemprego (EUA); Leil\u00e3o TN: LFT, NTN-F, LTN (Brasil);\u00a0<\/span><\/p>\n<p><span style=\"font-weight: 400;\">Estoques de Petr\u00f3leo em Cushing<\/span><\/td>\n<\/tr>\n<tr>\n<td><b>6\u00aa feira (15)<\/b><\/td>\n<td><span style=\"font-weight: 400;\">Balan\u00e7a Comercial (Set, Euro); IBC-Br (Set, BACEN, Brasil); Exerc\u00edcio de Op\u00e7\u00f5es &#8211; S\u00e9ries J e V (Brasil); Pre\u00e7os Bens Importados e Bens Exportados (EUA); Vendas no Varejo (Set, EUA); N\u00facleo de Vendas no Varejo (EUA);\u00a0 \u00cdnd Empire State Ativ Industrial (Set, EUA); Confian\u00e7a Consumidor Michigan (Set, EUA); Contagem Sondas Baker Hughes.\u00a0<\/span><\/td>\n<\/tr>\n<\/tbody>\n<\/table>\n<p>&nbsp;<\/p>\n","protected":false},"excerpt":{"rendered":"<p>No Brasil, semana mais curta pelo feriado de Nossa Senhora Aparecida (dia 12), com poucos indicadores. Destaque apenas para o IBC Br, pr\u00e9via do PIB, na sexta-feira e o&#8230;<\/p>\n","protected":false},"author":82,"featured_media":0,"template":"","tags":[776,15483],"class_list":["post-192709","suno_column","type-suno_column","status-publish","hentry","tag-federal-reseve-fed","tag-payroll"],"yoast_head":"<!-- This site is optimized with the Yoast SEO plugin v24.4 - https:\/\/yoast.com\/wordpress\/plugins\/seo\/ -->\n<title>EUA e China no centro das aten\u00e7\u00f5es - Coluna de Julio Hegedus Netto<\/title>\n<meta name=\"description\" content=\"Leia a coluna de Julio Hegedus Netto com destaque apenas para o IBC Br, o indicador de servi\u00e7os, fritura de Paulo Guedes e ata do Fed\" \/>\n<meta name=\"robots\" content=\"index, follow, max-snippet:-1, max-image-preview:large, max-video-preview:-1\" \/>\n<link rel=\"canonical\" href=\"https:\/\/www.suno.com.br\/noticias\/colunas\/julio-hegedus-netto\/eua-china-centro-atencoes\/\" \/>\n<meta property=\"og:locale\" content=\"pt_BR\" \/>\n<meta property=\"og:type\" content=\"article\" \/>\n<meta property=\"og:title\" content=\"EUA e China no centro das aten\u00e7\u00f5es - Coluna de Julio Hegedus Netto\" \/>\n<meta property=\"og:description\" content=\"Leia a coluna de Julio Hegedus Netto com destaque apenas para o IBC Br, o indicador de servi\u00e7os, fritura de Paulo Guedes e ata do Fed\" \/>\n<meta property=\"og:url\" content=\"https:\/\/www.suno.com.br\/noticias\/colunas\/julio-hegedus-netto\/eua-china-centro-atencoes\/\" \/>\n<meta property=\"og:site_name\" content=\"Suno Not\u00edcias\" \/>\n<meta property=\"article:publisher\" content=\"https:\/\/facebook.com\/sunoresearch\" \/>\n<meta property=\"og:image\" content=\"https:\/\/files.sunoresearch.com.br\/n\/uploads\/2021\/10\/image2.png\" \/>\n<meta name=\"twitter:card\" content=\"summary_large_image\" \/>\n<meta name=\"twitter:site\" content=\"@sunoresearch\" \/>\n<meta name=\"twitter:label1\" content=\"Est. tempo de leitura\" \/>\n\t<meta name=\"twitter:data1\" content=\"8 minutos\" \/>\n<script type=\"application\/ld+json\" class=\"yoast-schema-graph\">{\"@context\":\"https:\/\/schema.org\",\"@graph\":[{\"@type\":\"Article\",\"@id\":\"https:\/\/www.suno.com.br\/noticias\/colunas\/julio-hegedus-netto\/eua-china-centro-atencoes\/#article\",\"isPartOf\":{\"@id\":\"https:\/\/www.suno.com.br\/noticias\/colunas\/julio-hegedus-netto\/eua-china-centro-atencoes\/\"},\"author\":{\"name\":\"Julio Hegedus Netto\",\"@id\":\"https:\/\/www.suno.com.br\/noticias\/#\/schema\/person\/c5d31719f2f2f38c8d575fc08e55df1a\"},\"headline\":\"EUA e China no centro das aten\u00e7\u00f5es\",\"datePublished\":\"2021-10-11T13:02:26+00:00\",\"mainEntityOfPage\":{\"@id\":\"https:\/\/www.suno.com.br\/noticias\/colunas\/julio-hegedus-netto\/eua-china-centro-atencoes\/\"},\"wordCount\":1699,\"publisher\":{\"@id\":\"https:\/\/www.suno.com.br\/noticias\/#organization\"},\"image\":{\"@id\":\"https:\/\/www.suno.com.br\/noticias\/colunas\/julio-hegedus-netto\/eua-china-centro-atencoes\/#primaryimage\"},\"thumbnailUrl\":\"https:\/\/files.sunoresearch.com.br\/n\/uploads\/2021\/10\/image2.png\",\"keywords\":[\"Federal Reserve (FED)\",\"Payroll\"],\"inLanguage\":\"pt-BR\"},{\"@type\":\"WebPage\",\"@id\":\"https:\/\/www.suno.com.br\/noticias\/colunas\/julio-hegedus-netto\/eua-china-centro-atencoes\/\",\"url\":\"https:\/\/www.suno.com.br\/noticias\/colunas\/julio-hegedus-netto\/eua-china-centro-atencoes\/\",\"name\":\"EUA e China no centro das aten\u00e7\u00f5es - Coluna de Julio Hegedus Netto\",\"isPartOf\":{\"@id\":\"https:\/\/www.suno.com.br\/noticias\/#website\"},\"primaryImageOfPage\":{\"@id\":\"https:\/\/www.suno.com.br\/noticias\/colunas\/julio-hegedus-netto\/eua-china-centro-atencoes\/#primaryimage\"},\"image\":{\"@id\":\"https:\/\/www.suno.com.br\/noticias\/colunas\/julio-hegedus-netto\/eua-china-centro-atencoes\/#primaryimage\"},\"thumbnailUrl\":\"https:\/\/files.sunoresearch.com.br\/n\/uploads\/2021\/10\/image2.png\",\"datePublished\":\"2021-10-11T13:02:26+00:00\",\"description\":\"Leia a coluna de Julio Hegedus Netto com destaque apenas para o IBC Br, o indicador de servi\u00e7os, fritura de Paulo Guedes e ata do Fed\",\"breadcrumb\":{\"@id\":\"https:\/\/www.suno.com.br\/noticias\/colunas\/julio-hegedus-netto\/eua-china-centro-atencoes\/#breadcrumb\"},\"inLanguage\":\"pt-BR\",\"potentialAction\":[{\"@type\":\"ReadAction\",\"target\":[\"https:\/\/www.suno.com.br\/noticias\/colunas\/julio-hegedus-netto\/eua-china-centro-atencoes\/\"]}]},{\"@type\":\"ImageObject\",\"inLanguage\":\"pt-BR\",\"@id\":\"https:\/\/www.suno.com.br\/noticias\/colunas\/julio-hegedus-netto\/eua-china-centro-atencoes\/#primaryimage\",\"url\":\"https:\/\/files.sunoresearch.com.br\/n\/uploads\/2021\/10\/image2.png\",\"contentUrl\":\"https:\/\/files.sunoresearch.com.br\/n\/uploads\/2021\/10\/image2.png\"},{\"@type\":\"BreadcrumbList\",\"@id\":\"https:\/\/www.suno.com.br\/noticias\/colunas\/julio-hegedus-netto\/eua-china-centro-atencoes\/#breadcrumb\",\"itemListElement\":[{\"@type\":\"ListItem\",\"position\":1,\"name\":\"Not\u00edcias\",\"item\":\"https:\/\/www.suno.com.br\/noticias\/\"},{\"@type\":\"ListItem\",\"position\":2,\"name\":\"Colunas\",\"item\":\"https:\/\/www.suno.com.br\/noticias\/colunas\/\"},{\"@type\":\"ListItem\",\"position\":3,\"name\":\"EUA e China no centro das aten\u00e7\u00f5es\"}]},{\"@type\":\"WebSite\",\"@id\":\"https:\/\/www.suno.com.br\/noticias\/#website\",\"url\":\"https:\/\/www.suno.com.br\/noticias\/\",\"name\":\"Suno Not\u00edcias\",\"description\":\"Seu portal de informa\u00e7\u00e3o sobre o mundo dos investimentos\",\"publisher\":{\"@id\":\"https:\/\/www.suno.com.br\/noticias\/#organization\"},\"potentialAction\":[{\"@type\":\"SearchAction\",\"target\":{\"@type\":\"EntryPoint\",\"urlTemplate\":\"https:\/\/www.suno.com.br\/noticias\/?s={search_term_string}\"},\"query-input\":{\"@type\":\"PropertyValueSpecification\",\"valueRequired\":true,\"valueName\":\"search_term_string\"}}],\"inLanguage\":\"pt-BR\"},{\"@type\":\"Organization\",\"@id\":\"https:\/\/www.suno.com.br\/noticias\/#organization\",\"name\":\"Suno Not\u00edcias\",\"url\":\"https:\/\/www.suno.com.br\/noticias\/\",\"logo\":{\"@type\":\"ImageObject\",\"inLanguage\":\"pt-BR\",\"@id\":\"https:\/\/www.suno.com.br\/noticias\/#\/schema\/logo\/image\/\",\"url\":\"https:\/\/files.sunoresearch.com.br\/n\/uploads\/2021\/09\/suno-logo.png\",\"contentUrl\":\"https:\/\/files.sunoresearch.com.br\/n\/uploads\/2021\/09\/suno-logo.png\",\"width\":180,\"height\":180,\"caption\":\"Suno Not\u00edcias\"},\"image\":{\"@id\":\"https:\/\/www.suno.com.br\/noticias\/#\/schema\/logo\/image\/\"},\"sameAs\":[\"https:\/\/facebook.com\/sunoresearch\",\"https:\/\/x.com\/sunoresearch\",\"https:\/\/www.instagram.com\/suno\",\"https:\/\/www.linkedin.com\/company\/suno-research\/\",\"https:\/\/www.youtube.com\/c\/sunoresearch\"]},{\"@type\":\"Person\",\"@id\":\"https:\/\/www.suno.com.br\/noticias\/#\/schema\/person\/c5d31719f2f2f38c8d575fc08e55df1a\",\"name\":\"Julio Hegedus Netto\",\"image\":{\"@type\":\"ImageObject\",\"inLanguage\":\"pt-BR\",\"@id\":\"https:\/\/www.suno.com.br\/noticias\/#\/schema\/person\/image\/\",\"url\":\"https:\/\/secure.gravatar.com\/avatar\/870043f332ebddfffd4a9e3a5dd46c13?s=96&r=g\",\"contentUrl\":\"https:\/\/secure.gravatar.com\/avatar\/870043f332ebddfffd4a9e3a5dd46c13?s=96&r=g\",\"caption\":\"Julio Hegedus Netto\"},\"description\":\"Economista-chefe da Lopes Filho por 26 anos, com mestrado na UFF e na UCAM e doutorando em Portugal. Escrevo relat\u00f3rios para a OHM RESEARCH e disponibilizo conte\u00fados no IML, Investing.com, Linkedin e Suno Not\u00edcias.\",\"sameAs\":[\"https:\/\/jhn031299.blogspot.com\/\",\"https:\/\/www.facebook.com\/julio.hegedus.5\",\"https:\/\/www.linkedin.com\/in\/juliohegedusnetto\/\",\"https:\/\/x.com\/JuHegedus\"],\"url\":\"https:\/\/www.suno.com.br\/noticias\/author\/julio-hegedus-netto\/\"}]}<\/script>\n<!-- \/ Yoast SEO plugin. -->","yoast_head_json":{"title":"EUA e China no centro das aten\u00e7\u00f5es - Coluna de Julio Hegedus Netto","description":"Leia a coluna de Julio Hegedus Netto com destaque apenas para o IBC Br, o indicador de servi\u00e7os, fritura de Paulo Guedes e ata do Fed","robots":{"index":"index","follow":"follow","max-snippet":"max-snippet:-1","max-image-preview":"max-image-preview:large","max-video-preview":"max-video-preview:-1"},"canonical":"https:\/\/www.suno.com.br\/noticias\/colunas\/julio-hegedus-netto\/eua-china-centro-atencoes\/","og_locale":"pt_BR","og_type":"article","og_title":"EUA e China no centro das aten\u00e7\u00f5es - Coluna de Julio Hegedus Netto","og_description":"Leia a coluna de Julio Hegedus Netto com destaque apenas para o IBC Br, o indicador de servi\u00e7os, fritura de Paulo Guedes e ata do Fed","og_url":"https:\/\/www.suno.com.br\/noticias\/colunas\/julio-hegedus-netto\/eua-china-centro-atencoes\/","og_site_name":"Suno Not\u00edcias","article_publisher":"https:\/\/facebook.com\/sunoresearch","og_image":[{"url":"https:\/\/files.sunoresearch.com.br\/n\/uploads\/2021\/10\/image2.png","type":"","width":"","height":""}],"twitter_card":"summary_large_image","twitter_site":"@sunoresearch","twitter_misc":{"Est. tempo de leitura":"8 minutos"},"schema":{"@context":"https:\/\/schema.org","@graph":[{"@type":"Article","@id":"https:\/\/www.suno.com.br\/noticias\/colunas\/julio-hegedus-netto\/eua-china-centro-atencoes\/#article","isPartOf":{"@id":"https:\/\/www.suno.com.br\/noticias\/colunas\/julio-hegedus-netto\/eua-china-centro-atencoes\/"},"author":{"name":"Julio Hegedus Netto","@id":"https:\/\/www.suno.com.br\/noticias\/#\/schema\/person\/c5d31719f2f2f38c8d575fc08e55df1a"},"headline":"EUA e China no centro das aten\u00e7\u00f5es","datePublished":"2021-10-11T13:02:26+00:00","mainEntityOfPage":{"@id":"https:\/\/www.suno.com.br\/noticias\/colunas\/julio-hegedus-netto\/eua-china-centro-atencoes\/"},"wordCount":1699,"publisher":{"@id":"https:\/\/www.suno.com.br\/noticias\/#organization"},"image":{"@id":"https:\/\/www.suno.com.br\/noticias\/colunas\/julio-hegedus-netto\/eua-china-centro-atencoes\/#primaryimage"},"thumbnailUrl":"https:\/\/files.sunoresearch.com.br\/n\/uploads\/2021\/10\/image2.png","keywords":["Federal Reserve (FED)","Payroll"],"inLanguage":"pt-BR"},{"@type":"WebPage","@id":"https:\/\/www.suno.com.br\/noticias\/colunas\/julio-hegedus-netto\/eua-china-centro-atencoes\/","url":"https:\/\/www.suno.com.br\/noticias\/colunas\/julio-hegedus-netto\/eua-china-centro-atencoes\/","name":"EUA e China no centro das aten\u00e7\u00f5es - Coluna de Julio Hegedus Netto","isPartOf":{"@id":"https:\/\/www.suno.com.br\/noticias\/#website"},"primaryImageOfPage":{"@id":"https:\/\/www.suno.com.br\/noticias\/colunas\/julio-hegedus-netto\/eua-china-centro-atencoes\/#primaryimage"},"image":{"@id":"https:\/\/www.suno.com.br\/noticias\/colunas\/julio-hegedus-netto\/eua-china-centro-atencoes\/#primaryimage"},"thumbnailUrl":"https:\/\/files.sunoresearch.com.br\/n\/uploads\/2021\/10\/image2.png","datePublished":"2021-10-11T13:02:26+00:00","description":"Leia a coluna de Julio Hegedus Netto com destaque apenas para o IBC Br, o indicador de servi\u00e7os, fritura de Paulo Guedes e ata do Fed","breadcrumb":{"@id":"https:\/\/www.suno.com.br\/noticias\/colunas\/julio-hegedus-netto\/eua-china-centro-atencoes\/#breadcrumb"},"inLanguage":"pt-BR","potentialAction":[{"@type":"ReadAction","target":["https:\/\/www.suno.com.br\/noticias\/colunas\/julio-hegedus-netto\/eua-china-centro-atencoes\/"]}]},{"@type":"ImageObject","inLanguage":"pt-BR","@id":"https:\/\/www.suno.com.br\/noticias\/colunas\/julio-hegedus-netto\/eua-china-centro-atencoes\/#primaryimage","url":"https:\/\/files.sunoresearch.com.br\/n\/uploads\/2021\/10\/image2.png","contentUrl":"https:\/\/files.sunoresearch.com.br\/n\/uploads\/2021\/10\/image2.png"},{"@type":"BreadcrumbList","@id":"https:\/\/www.suno.com.br\/noticias\/colunas\/julio-hegedus-netto\/eua-china-centro-atencoes\/#breadcrumb","itemListElement":[{"@type":"ListItem","position":1,"name":"Not\u00edcias","item":"https:\/\/www.suno.com.br\/noticias\/"},{"@type":"ListItem","position":2,"name":"Colunas","item":"https:\/\/www.suno.com.br\/noticias\/colunas\/"},{"@type":"ListItem","position":3,"name":"EUA e China no centro das aten\u00e7\u00f5es"}]},{"@type":"WebSite","@id":"https:\/\/www.suno.com.br\/noticias\/#website","url":"https:\/\/www.suno.com.br\/noticias\/","name":"Suno Not\u00edcias","description":"Seu portal de informa\u00e7\u00e3o sobre o mundo dos investimentos","publisher":{"@id":"https:\/\/www.suno.com.br\/noticias\/#organization"},"potentialAction":[{"@type":"SearchAction","target":{"@type":"EntryPoint","urlTemplate":"https:\/\/www.suno.com.br\/noticias\/?s={search_term_string}"},"query-input":{"@type":"PropertyValueSpecification","valueRequired":true,"valueName":"search_term_string"}}],"inLanguage":"pt-BR"},{"@type":"Organization","@id":"https:\/\/www.suno.com.br\/noticias\/#organization","name":"Suno Not\u00edcias","url":"https:\/\/www.suno.com.br\/noticias\/","logo":{"@type":"ImageObject","inLanguage":"pt-BR","@id":"https:\/\/www.suno.com.br\/noticias\/#\/schema\/logo\/image\/","url":"https:\/\/files.sunoresearch.com.br\/n\/uploads\/2021\/09\/suno-logo.png","contentUrl":"https:\/\/files.sunoresearch.com.br\/n\/uploads\/2021\/09\/suno-logo.png","width":180,"height":180,"caption":"Suno Not\u00edcias"},"image":{"@id":"https:\/\/www.suno.com.br\/noticias\/#\/schema\/logo\/image\/"},"sameAs":["https:\/\/facebook.com\/sunoresearch","https:\/\/x.com\/sunoresearch","https:\/\/www.instagram.com\/suno","https:\/\/www.linkedin.com\/company\/suno-research\/","https:\/\/www.youtube.com\/c\/sunoresearch"]},{"@type":"Person","@id":"https:\/\/www.suno.com.br\/noticias\/#\/schema\/person\/c5d31719f2f2f38c8d575fc08e55df1a","name":"Julio Hegedus Netto","image":{"@type":"ImageObject","inLanguage":"pt-BR","@id":"https:\/\/www.suno.com.br\/noticias\/#\/schema\/person\/image\/","url":"https:\/\/secure.gravatar.com\/avatar\/870043f332ebddfffd4a9e3a5dd46c13?s=96&r=g","contentUrl":"https:\/\/secure.gravatar.com\/avatar\/870043f332ebddfffd4a9e3a5dd46c13?s=96&r=g","caption":"Julio Hegedus Netto"},"description":"Economista-chefe da Lopes Filho por 26 anos, com mestrado na UFF e na UCAM e doutorando em Portugal. Escrevo relat\u00f3rios para a OHM RESEARCH e disponibilizo conte\u00fados no IML, Investing.com, Linkedin e Suno Not\u00edcias.","sameAs":["https:\/\/jhn031299.blogspot.com\/","https:\/\/www.facebook.com\/julio.hegedus.5","https:\/\/www.linkedin.com\/in\/juliohegedusnetto\/","https:\/\/x.com\/JuHegedus"],"url":"https:\/\/www.suno.com.br\/noticias\/author\/julio-hegedus-netto\/"}]}},"amp_enabled":true,"_links":{"self":[{"href":"https:\/\/www.suno.com.br\/noticias\/wp-json\/wp\/v2\/suno_column\/192709"}],"collection":[{"href":"https:\/\/www.suno.com.br\/noticias\/wp-json\/wp\/v2\/suno_column"}],"about":[{"href":"https:\/\/www.suno.com.br\/noticias\/wp-json\/wp\/v2\/types\/suno_column"}],"author":[{"embeddable":true,"href":"https:\/\/www.suno.com.br\/noticias\/wp-json\/wp\/v2\/users\/82"}],"wp:attachment":[{"href":"https:\/\/www.suno.com.br\/noticias\/wp-json\/wp\/v2\/media?parent=192709"}],"wp:term":[{"taxonomy":"post_tag","embeddable":true,"href":"https:\/\/www.suno.com.br\/noticias\/wp-json\/wp\/v2\/tags?post=192709"}],"curies":[{"name":"wp","href":"https:\/\/api.w.org\/{rel}","templated":true}]}}