{"id":192560,"date":"2021-10-09T13:45:55","date_gmt":"2021-10-09T16:45:55","guid":{"rendered":"https:\/\/www.suno.com.br\/noticias\/colunas\/marco-lopes\/"},"modified":"2021-10-09T13:45:55","modified_gmt":"2021-10-09T16:45:55","slug":"crise-hidrica-conta-luz-dicas-economizar","status":"publish","type":"suno_column","link":"https:\/\/www.suno.com.br\/noticias\/colunas\/bia-moraes\/crise-hidrica-conta-luz-dicas-economizar\/","title":{"rendered":"Conta de luz nas alturas? Tr\u00eas dicas pr\u00e1ticas para economizar"},"content":{"rendered":"<p>Em 2021, o Brasil entrou em uma <strong>crise h\u00eddrica<\/strong> que levou a um aumento significativo da conta de energia el\u00e9trica, e isso vem pesando no bolso, na infla\u00e7\u00e3o e no <a class=\"suno-keyword\" href=\"https:\/\/www.suno.com.br\/artigos\/custo-vida\/\" target=\"_blank\" rel=\"noopener\" data-force=\"no\" data-priority=\"1\">custo de vida<\/a> de maneira geral.<\/p>\n\t<p>\n\t\t<a href=\"https:\/\/lp.suno.com.br\/planilha-controle-gastos\/\" target=\"_blank\" data-element=\"shortcode-suno-banner\" title=\"Banner SUNO, clique e saiba mais\">\n\t\t\t<picture>\n\t\t\t\t<source media=\"(max-width: 500px)\" srcset=\"https:\/\/files.sunoresearch.com.br\/n\/uploads\/2023\/03\/400x300-Planilha-controle-de-gastos.png\">\n\t\t\t\t<img class=\"newsContent__article__imgCapa newsContent__article__imgCapa--banner\"\n\t\t\t\t\tsrc=\"https:\/\/files.sunoresearch.com.br\/n\/uploads\/2023\/03\/1420x240-Planilha-controle-de-gastos.png\"\n\t\t\t\t\tdata-promo-id=\"101751\"\t\t\t\t\t\t\t\t\t\twidth='1420' height='240'\t\t\t\t\talt=\"https:\/\/files.sunoresearch.com.br\/n\/uploads\/2023\/03\/1420x240-Planilha-controle-de-gastos.png\"\n\t\t\t\t>\n\t\t\t<\/picture>\n\t\t<\/a>\n\t<\/p>\n\n\n<p>Para entender a atual situa\u00e7\u00e3o energ\u00e9tica do pa\u00eds e saber como podemos economizar energia el\u00e9trica no nosso cotidiano, \u00e9 interessante conhecer, minimamente, como se estrutura o <strong>sistema el\u00e9trico<\/strong> brasileiro. A <strong>conta de energia el\u00e9trica<\/strong> pode variar de acordo com a bandeira vigente, que \u00e9 determinada pelo governo e depende das condi\u00e7\u00f5es de abastecimento de energia no pa\u00eds. Tudo isso pode gerar um acr\u00e9scimo ao valor final dessa conta.<\/p>\n<p>Esse valor a mais \u00e9 determinado pela bandeira, que pode ser verde, amarela, vermelha patamar 1 e vermelha patamar 2. A cada bandeira, a conta de luz vai ficando mais cara.<\/p>\n\t<p>\n\t\t<a href=\"\" target=\"_blank\" data-element=\"shortcode-suno-banner\" title=\"Banner SUNO, clique e saiba mais\">\n\t\t\t<picture>\n\t\t\t\t<source media=\"(max-width: 500px)\" srcset=\"\">\n\t\t\t\t<img class=\"newsContent__article__imgCapa newsContent__article__imgCapa--banner\"\n\t\t\t\t\tsrc=\"\"\n\t\t\t\t\tdata-promo-id=\"77053\"\t\t\t\t\t\t\t\t\t\t\t\t\t\t\talt=\"\"\n\t\t\t\t>\n\t\t\t<\/picture>\n\t\t<\/a>\n\t<\/p>\n\n\n<p>Em 29 de junho de 2021, a <strong>Aneel<\/strong> (Ag\u00eancia Nacional de Energia El\u00e9trica) fez um reajuste de 52% no valor da bandeira vermelha 2, passando de R$ 6,24 para R$ 9,49 por 100 kWh. Hoje, a <strong>conta de luz<\/strong> j\u00e1 est\u00e1 na bandeira tarif\u00e1ria mais alta e, segundo a Aneel, at\u00e9 abril de ano que vem, as coisas ainda podem piorar, quando poder\u00e1 ser cobrado um valor de R$ 14,20 por 100kW\/h.<\/p>\n<h2>Como isso afeta outras contas pessoais<\/h2>\n<p>O aumento do custo da energia acaba causando um efeito domin\u00f3 nas nossas finan\u00e7as, uma verdadeira rea\u00e7\u00e3o em cadeia.<\/p>\n<p>A energia ajuda na forma\u00e7\u00e3o de pre\u00e7os de diversos produtos e servi\u00e7os, assim como os combust\u00edveis. Isso ocorre porque todas as empresas repassam esse aumento no<strong> custo de energia<\/strong> aos seus consumidores por meio de seus pre\u00e7os.<\/p>\n<p>Por consequ\u00eancia, os alimentos ficam mais caros, mat\u00e9ria prima fica mais cara, o que aumenta a infla\u00e7\u00e3o e diminui o nosso <a class=\"suno-keyword\" href=\"https:\/\/www.suno.com.br\/artigos\/poder-de-compra\/\" target=\"_blank\" rel=\"noopener\" data-force=\"no\" data-priority=\"1\">poder de compra<\/a> em geral.<\/p>\n<p>Por\u00e9m, apesar dessa situa\u00e7\u00e3o impactar diretamente nossas <a class=\"suno-keyword\" href=\"https:\/\/www.suno.com.br\/artigos\/financas-pessoais\/\" target=\"_blank\" rel=\"noopener\" data-force=\"no\" data-priority=\"1\">finan\u00e7as pessoais<\/a>, existem maneiras para conseguirmos economizar no <a class=\"suno-keyword\" href=\"https:\/\/www.suno.com.br\/artigos\/curto-prazo\/\" target=\"_blank\" rel=\"noopener\" data-force=\"no\" data-priority=\"1\">curto prazo<\/a>. Listei tr\u00eas dicas pr\u00e1ticas que podem ajudar nesse per\u00edodo:<\/p>\n<p><strong>1 &#8211; Aten\u00e7\u00e3o ao comprar eletrodom\u00e9sticos<\/strong><br \/>\nAntes de comprar um eletrodom\u00e9stico, \u00e9 importante prestar aten\u00e7\u00e3o \u00e0s etiquetas do Inmetro, que servem para indicar aos consumidores a classifica\u00e7\u00e3o do aparelho de acordo com a sua efici\u00eancia el\u00e9trica, e, portanto, quais equipamentos consomem menos energia el\u00e9trica.<\/p>\n<p>Ele informa, com letras de A a G, a<strong> efici\u00eancia energ\u00e9tica<\/strong>, sendo a letra A a mais eficiente e a G a menos, ou seja, d\u00ea prefer\u00eancia aos eletrodom\u00e9sticos com classifica\u00e7\u00e3o A.<\/p>\n<p><strong>2 &#8211; Quando o ar-condicionado estiver ligado, evite a luz do sol<\/strong><br \/>\nA luz solar faz com que a temperatura do ambiente aumente enquanto o ar-condicionado busca fazer exatamente o contr\u00e1rio. Nesse cen\u00e1rio, o aparelho precisa trabalhar mais e por consequ\u00eancia gasta mais energia. Por isso, cortinas podem ajudar.<\/p>\n<p>Al\u00e9m disso, uma curiosidade a respeito dos aparelhos deste tipo de aparelho \u00e9 que, quando programados para funcionar com temperaturas menores que 23\u00b0, eles consomem mais energia. Ent\u00e3o nada de climinha de montanha se quiser economizar.<\/p>\n\t<p>\n\t\t<a href=\"\" target=\"_blank\" data-element=\"shortcode-suno-banner\" title=\"Banner SUNO, clique e saiba mais\">\n\t\t\t<picture>\n\t\t\t\t<source media=\"(max-width: 500px)\" srcset=\"\">\n\t\t\t\t<img class=\"newsContent__article__imgCapa newsContent__article__imgCapa--banner\"\n\t\t\t\t\tsrc=\"\"\n\t\t\t\t\tdata-promo-id=\"89005\"\t\t\t\t\t\t\t\t\t\t\t\t\t\t\talt=\"\"\n\t\t\t\t>\n\t\t\t<\/picture>\n\t\t<\/a>\n\t<\/p>\n\n\n<p><strong>3 &#8211; N\u00e3o deixe que o seu tempo de banho ultrapasse 15 minutos<\/strong><br \/>\nQuinze minutos \u00e9 tempo suficiente para tomar banho, segundo especialistas. Mais do que isso, voc\u00ea gasta seu tempo de maneira ineficaz, al\u00e9m de gastar mais energia e dinheiro.<\/p>\n<p>A dica \u00e9: se gosta de tomar banho ouvindo m\u00fasica, crie uma playlist com mais ou menos 5 m\u00fasicas. Ao final dela, saiba que \u00e9 hora de desligar o chuveiro.<\/p>\n<p>S\u00e3o pequenos h\u00e1bitos como esses que, aos poucos, fazem a diferen\u00e7a nas <strong>contas do fim do m\u00eas<\/strong>. Eu acredito mesmo que a <a class=\"suno-keyword\" href=\"https:\/\/www.suno.com.br\/artigos\/educacao-financeira\/\" target=\"_blank\" rel=\"noopener\" data-force=\"no\" data-priority=\"2\">educa\u00e7\u00e3o financeira<\/a> passa muito por atitudes que voc\u00ea toma hoje e que impactam no futuro.<\/p>\n<p>Estabelecer limites de consumo e criar um <strong>planejamento financeiro<\/strong> s\u00e3o dois aspectos fundamentais para otimizar a <strong>receita mensal<\/strong>. E eu te convido a come\u00e7ar a experimentar esse processo. Vamos juntos?<\/p>\n\t<p>\n\t\t<a href=\"https:\/\/lp.suno.com.br\/planilha-de-controle-de-investimentos\/\" target=\"_blank\" data-element=\"shortcode-suno-banner\" title=\"Banner SUNO, clique e saiba mais\">\n\t\t\t<picture>\n\t\t\t\t<source media=\"(max-width: 500px)\" srcset=\"https:\/\/files.sunoresearch.com.br\/n\/uploads\/2023\/03\/400x300-Controle-de-Investimentos.png\">\n\t\t\t\t<img class=\"newsContent__article__imgCapa newsContent__article__imgCapa--banner\"\n\t\t\t\t\tsrc=\"https:\/\/files.sunoresearch.com.br\/n\/uploads\/2023\/03\/1420x240-Controle-de-Investimentos.png\"\n\t\t\t\t\tdata-promo-id=\"75934\"\t\t\t\t\t\t\t\t\t\twidth='1420' height='240'\t\t\t\t\talt=\"https:\/\/files.sunoresearch.com.br\/n\/uploads\/2023\/03\/1420x240-Controle-de-Investimentos.png\"\n\t\t\t\t>\n\t\t\t<\/picture>\n\t\t<\/a>\n\t<\/p>\n\n\n","protected":false},"excerpt":{"rendered":"<p>Em 2021, o Brasil entrou em uma crise h\u00eddrica que levou a um aumento significativo da conta de energia el\u00e9trica, e isso vem pesando no bolso, na infla\u00e7\u00e3o e no custo de&#8230;<\/p>\n","protected":false},"author":126,"featured_media":0,"template":"","tags":[106435,2153],"class_list":["post-192560","suno_column","type-suno_column","status-publish","hentry","tag-crise-hidrica","tag-energia-eletrica"],"yoast_head":"<!-- This site is optimized with the Yoast SEO plugin v24.4 - https:\/\/yoast.com\/wordpress\/plugins\/seo\/ -->\n<title>Conta de luz nas alturas? Tr\u00eas dicas pr\u00e1ticas para economizar<\/title>\n<meta name=\"description\" content=\"Em 2021, a crise h\u00eddrica levou a um aumento significativo da conta de energia el\u00e9trica, e isso vem pesando no bolso e no custo de vida\" \/>\n<meta name=\"robots\" content=\"index, follow, max-snippet:-1, max-image-preview:large, max-video-preview:-1\" \/>\n<link rel=\"canonical\" href=\"https:\/\/www.suno.com.br\/noticias\/colunas\/bia-moraes\/crise-hidrica-conta-luz-dicas-economizar\/\" \/>\n<meta property=\"og:locale\" content=\"pt_BR\" \/>\n<meta property=\"og:type\" content=\"article\" \/>\n<meta property=\"og:title\" content=\"Conta de luz nas alturas? Tr\u00eas dicas pr\u00e1ticas para economizar\" \/>\n<meta property=\"og:description\" content=\"Em 2021, a crise h\u00eddrica levou a um aumento significativo da conta de energia el\u00e9trica, e isso vem pesando no bolso e no custo de vida\" \/>\n<meta property=\"og:url\" content=\"https:\/\/www.suno.com.br\/noticias\/colunas\/bia-moraes\/crise-hidrica-conta-luz-dicas-economizar\/\" \/>\n<meta property=\"og:site_name\" content=\"Suno Not\u00edcias\" \/>\n<meta property=\"article:publisher\" content=\"https:\/\/facebook.com\/sunoresearch\" \/>\n<meta property=\"og:image\" content=\"https:\/\/files.sunoresearch.com.br\/n\/uploads\/2022\/06\/Modelo2.jpg\" \/>\n\t<meta property=\"og:image:width\" content=\"1200\" \/>\n\t<meta property=\"og:image:height\" content=\"627\" \/>\n\t<meta property=\"og:image:type\" content=\"image\/jpeg\" \/>\n<meta name=\"twitter:card\" content=\"summary_large_image\" \/>\n<meta name=\"twitter:site\" content=\"@sunoresearch\" \/>\n<meta name=\"twitter:label1\" content=\"Est. tempo de leitura\" \/>\n\t<meta name=\"twitter:data1\" content=\"3 minutos\" \/>\n<script type=\"application\/ld+json\" class=\"yoast-schema-graph\">{\"@context\":\"https:\/\/schema.org\",\"@graph\":[{\"@type\":\"Article\",\"@id\":\"https:\/\/www.suno.com.br\/noticias\/colunas\/bia-moraes\/crise-hidrica-conta-luz-dicas-economizar\/#article\",\"isPartOf\":{\"@id\":\"https:\/\/www.suno.com.br\/noticias\/colunas\/bia-moraes\/crise-hidrica-conta-luz-dicas-economizar\/\"},\"author\":{\"name\":\"Bia Moraes\",\"@id\":\"https:\/\/www.suno.com.br\/noticias\/#\/schema\/person\/f8e110678751c27c3faec6443db53ce9\"},\"headline\":\"Conta de luz nas alturas? Tr\u00eas dicas pr\u00e1ticas para economizar\",\"datePublished\":\"2021-10-09T16:45:55+00:00\",\"mainEntityOfPage\":{\"@id\":\"https:\/\/www.suno.com.br\/noticias\/colunas\/bia-moraes\/crise-hidrica-conta-luz-dicas-economizar\/\"},\"wordCount\":680,\"publisher\":{\"@id\":\"https:\/\/www.suno.com.br\/noticias\/#organization\"},\"keywords\":[\"crise h\u00eddrica\",\"energia el\u00e9trica\"],\"inLanguage\":\"pt-BR\"},{\"@type\":\"WebPage\",\"@id\":\"https:\/\/www.suno.com.br\/noticias\/colunas\/bia-moraes\/crise-hidrica-conta-luz-dicas-economizar\/\",\"url\":\"https:\/\/www.suno.com.br\/noticias\/colunas\/bia-moraes\/crise-hidrica-conta-luz-dicas-economizar\/\",\"name\":\"Conta de luz nas alturas? Tr\u00eas dicas pr\u00e1ticas para economizar\",\"isPartOf\":{\"@id\":\"https:\/\/www.suno.com.br\/noticias\/#website\"},\"datePublished\":\"2021-10-09T16:45:55+00:00\",\"description\":\"Em 2021, a crise h\u00eddrica levou a um aumento significativo da conta de energia el\u00e9trica, e isso vem pesando no bolso e no custo de vida\",\"breadcrumb\":{\"@id\":\"https:\/\/www.suno.com.br\/noticias\/colunas\/bia-moraes\/crise-hidrica-conta-luz-dicas-economizar\/#breadcrumb\"},\"inLanguage\":\"pt-BR\",\"potentialAction\":[{\"@type\":\"ReadAction\",\"target\":[\"https:\/\/www.suno.com.br\/noticias\/colunas\/bia-moraes\/crise-hidrica-conta-luz-dicas-economizar\/\"]}]},{\"@type\":\"BreadcrumbList\",\"@id\":\"https:\/\/www.suno.com.br\/noticias\/colunas\/bia-moraes\/crise-hidrica-conta-luz-dicas-economizar\/#breadcrumb\",\"itemListElement\":[{\"@type\":\"ListItem\",\"position\":1,\"name\":\"Not\u00edcias\",\"item\":\"https:\/\/www.suno.com.br\/noticias\/\"},{\"@type\":\"ListItem\",\"position\":2,\"name\":\"Colunas\",\"item\":\"https:\/\/www.suno.com.br\/noticias\/colunas\/\"},{\"@type\":\"ListItem\",\"position\":3,\"name\":\"Conta de luz nas alturas? Tr\u00eas dicas pr\u00e1ticas para economizar\"}]},{\"@type\":\"WebSite\",\"@id\":\"https:\/\/www.suno.com.br\/noticias\/#website\",\"url\":\"https:\/\/www.suno.com.br\/noticias\/\",\"name\":\"Suno Not\u00edcias\",\"description\":\"Seu portal de informa\u00e7\u00e3o sobre o mundo dos investimentos\",\"publisher\":{\"@id\":\"https:\/\/www.suno.com.br\/noticias\/#organization\"},\"potentialAction\":[{\"@type\":\"SearchAction\",\"target\":{\"@type\":\"EntryPoint\",\"urlTemplate\":\"https:\/\/www.suno.com.br\/noticias\/?s={search_term_string}\"},\"query-input\":{\"@type\":\"PropertyValueSpecification\",\"valueRequired\":true,\"valueName\":\"search_term_string\"}}],\"inLanguage\":\"pt-BR\"},{\"@type\":\"Organization\",\"@id\":\"https:\/\/www.suno.com.br\/noticias\/#organization\",\"name\":\"Suno Not\u00edcias\",\"url\":\"https:\/\/www.suno.com.br\/noticias\/\",\"logo\":{\"@type\":\"ImageObject\",\"inLanguage\":\"pt-BR\",\"@id\":\"https:\/\/www.suno.com.br\/noticias\/#\/schema\/logo\/image\/\",\"url\":\"https:\/\/files.sunoresearch.com.br\/n\/uploads\/2021\/09\/suno-logo.png\",\"contentUrl\":\"https:\/\/files.sunoresearch.com.br\/n\/uploads\/2021\/09\/suno-logo.png\",\"width\":180,\"height\":180,\"caption\":\"Suno Not\u00edcias\"},\"image\":{\"@id\":\"https:\/\/www.suno.com.br\/noticias\/#\/schema\/logo\/image\/\"},\"sameAs\":[\"https:\/\/facebook.com\/sunoresearch\",\"https:\/\/x.com\/sunoresearch\",\"https:\/\/www.instagram.com\/suno\",\"https:\/\/www.linkedin.com\/company\/suno-research\/\",\"https:\/\/www.youtube.com\/c\/sunoresearch\"]},{\"@type\":\"Person\",\"@id\":\"https:\/\/www.suno.com.br\/noticias\/#\/schema\/person\/f8e110678751c27c3faec6443db53ce9\",\"name\":\"Bia Moraes\",\"image\":{\"@type\":\"ImageObject\",\"inLanguage\":\"pt-BR\",\"@id\":\"https:\/\/www.suno.com.br\/noticias\/#\/schema\/person\/image\/\",\"url\":\"https:\/\/secure.gravatar.com\/avatar\/11a9f9f3038feaac173dcdd2ee966d3f?s=96&r=g\",\"contentUrl\":\"https:\/\/secure.gravatar.com\/avatar\/11a9f9f3038feaac173dcdd2ee966d3f?s=96&r=g\",\"caption\":\"Bia Moraes\"},\"description\":\"Bia Moraes \u00e9 especialista em finan\u00e7as e investimentos e educadora financeira da Ativa Investimentos. Respons\u00e1vel pelos conte\u00fados das redes sociais da corretora, Bia tamb\u00e9m \u00e9 criadora do canal do YouTube P\u00e9 de Meia\",\"sameAs\":[\"https:\/\/www.ativainvestimentos.com.br\/\",\"https:\/\/www.instagram.com\/canalpedemeia\/\",\"https:\/\/www.youtube.com\/channel\/UCGdDBOKHmWHDPuC8eUKqyGA\"],\"url\":\"https:\/\/www.suno.com.br\/noticias\/author\/bia-moraes\/\"}]}<\/script>\n<!-- \/ Yoast SEO plugin. -->","yoast_head_json":{"title":"Conta de luz nas alturas? Tr\u00eas dicas pr\u00e1ticas para economizar","description":"Em 2021, a crise h\u00eddrica levou a um aumento significativo da conta de energia el\u00e9trica, e isso vem pesando no bolso e no custo de vida","robots":{"index":"index","follow":"follow","max-snippet":"max-snippet:-1","max-image-preview":"max-image-preview:large","max-video-preview":"max-video-preview:-1"},"canonical":"https:\/\/www.suno.com.br\/noticias\/colunas\/bia-moraes\/crise-hidrica-conta-luz-dicas-economizar\/","og_locale":"pt_BR","og_type":"article","og_title":"Conta de luz nas alturas? Tr\u00eas dicas pr\u00e1ticas para economizar","og_description":"Em 2021, a crise h\u00eddrica levou a um aumento significativo da conta de energia el\u00e9trica, e isso vem pesando no bolso e no custo de vida","og_url":"https:\/\/www.suno.com.br\/noticias\/colunas\/bia-moraes\/crise-hidrica-conta-luz-dicas-economizar\/","og_site_name":"Suno Not\u00edcias","article_publisher":"https:\/\/facebook.com\/sunoresearch","og_image":[{"width":1200,"height":627,"url":"https:\/\/files.sunoresearch.com.br\/n\/uploads\/2022\/06\/Modelo2.jpg","type":"image\/jpeg"}],"twitter_card":"summary_large_image","twitter_site":"@sunoresearch","twitter_misc":{"Est. tempo de leitura":"3 minutos"},"schema":{"@context":"https:\/\/schema.org","@graph":[{"@type":"Article","@id":"https:\/\/www.suno.com.br\/noticias\/colunas\/bia-moraes\/crise-hidrica-conta-luz-dicas-economizar\/#article","isPartOf":{"@id":"https:\/\/www.suno.com.br\/noticias\/colunas\/bia-moraes\/crise-hidrica-conta-luz-dicas-economizar\/"},"author":{"name":"Bia Moraes","@id":"https:\/\/www.suno.com.br\/noticias\/#\/schema\/person\/f8e110678751c27c3faec6443db53ce9"},"headline":"Conta de luz nas alturas? Tr\u00eas dicas pr\u00e1ticas para economizar","datePublished":"2021-10-09T16:45:55+00:00","mainEntityOfPage":{"@id":"https:\/\/www.suno.com.br\/noticias\/colunas\/bia-moraes\/crise-hidrica-conta-luz-dicas-economizar\/"},"wordCount":680,"publisher":{"@id":"https:\/\/www.suno.com.br\/noticias\/#organization"},"keywords":["crise h\u00eddrica","energia el\u00e9trica"],"inLanguage":"pt-BR"},{"@type":"WebPage","@id":"https:\/\/www.suno.com.br\/noticias\/colunas\/bia-moraes\/crise-hidrica-conta-luz-dicas-economizar\/","url":"https:\/\/www.suno.com.br\/noticias\/colunas\/bia-moraes\/crise-hidrica-conta-luz-dicas-economizar\/","name":"Conta de luz nas alturas? Tr\u00eas dicas pr\u00e1ticas para economizar","isPartOf":{"@id":"https:\/\/www.suno.com.br\/noticias\/#website"},"datePublished":"2021-10-09T16:45:55+00:00","description":"Em 2021, a crise h\u00eddrica levou a um aumento significativo da conta de energia el\u00e9trica, e isso vem pesando no bolso e no custo de vida","breadcrumb":{"@id":"https:\/\/www.suno.com.br\/noticias\/colunas\/bia-moraes\/crise-hidrica-conta-luz-dicas-economizar\/#breadcrumb"},"inLanguage":"pt-BR","potentialAction":[{"@type":"ReadAction","target":["https:\/\/www.suno.com.br\/noticias\/colunas\/bia-moraes\/crise-hidrica-conta-luz-dicas-economizar\/"]}]},{"@type":"BreadcrumbList","@id":"https:\/\/www.suno.com.br\/noticias\/colunas\/bia-moraes\/crise-hidrica-conta-luz-dicas-economizar\/#breadcrumb","itemListElement":[{"@type":"ListItem","position":1,"name":"Not\u00edcias","item":"https:\/\/www.suno.com.br\/noticias\/"},{"@type":"ListItem","position":2,"name":"Colunas","item":"https:\/\/www.suno.com.br\/noticias\/colunas\/"},{"@type":"ListItem","position":3,"name":"Conta de luz nas alturas? Tr\u00eas dicas pr\u00e1ticas para economizar"}]},{"@type":"WebSite","@id":"https:\/\/www.suno.com.br\/noticias\/#website","url":"https:\/\/www.suno.com.br\/noticias\/","name":"Suno Not\u00edcias","description":"Seu portal de informa\u00e7\u00e3o sobre o mundo dos investimentos","publisher":{"@id":"https:\/\/www.suno.com.br\/noticias\/#organization"},"potentialAction":[{"@type":"SearchAction","target":{"@type":"EntryPoint","urlTemplate":"https:\/\/www.suno.com.br\/noticias\/?s={search_term_string}"},"query-input":{"@type":"PropertyValueSpecification","valueRequired":true,"valueName":"search_term_string"}}],"inLanguage":"pt-BR"},{"@type":"Organization","@id":"https:\/\/www.suno.com.br\/noticias\/#organization","name":"Suno Not\u00edcias","url":"https:\/\/www.suno.com.br\/noticias\/","logo":{"@type":"ImageObject","inLanguage":"pt-BR","@id":"https:\/\/www.suno.com.br\/noticias\/#\/schema\/logo\/image\/","url":"https:\/\/files.sunoresearch.com.br\/n\/uploads\/2021\/09\/suno-logo.png","contentUrl":"https:\/\/files.sunoresearch.com.br\/n\/uploads\/2021\/09\/suno-logo.png","width":180,"height":180,"caption":"Suno Not\u00edcias"},"image":{"@id":"https:\/\/www.suno.com.br\/noticias\/#\/schema\/logo\/image\/"},"sameAs":["https:\/\/facebook.com\/sunoresearch","https:\/\/x.com\/sunoresearch","https:\/\/www.instagram.com\/suno","https:\/\/www.linkedin.com\/company\/suno-research\/","https:\/\/www.youtube.com\/c\/sunoresearch"]},{"@type":"Person","@id":"https:\/\/www.suno.com.br\/noticias\/#\/schema\/person\/f8e110678751c27c3faec6443db53ce9","name":"Bia Moraes","image":{"@type":"ImageObject","inLanguage":"pt-BR","@id":"https:\/\/www.suno.com.br\/noticias\/#\/schema\/person\/image\/","url":"https:\/\/secure.gravatar.com\/avatar\/11a9f9f3038feaac173dcdd2ee966d3f?s=96&r=g","contentUrl":"https:\/\/secure.gravatar.com\/avatar\/11a9f9f3038feaac173dcdd2ee966d3f?s=96&r=g","caption":"Bia Moraes"},"description":"Bia Moraes \u00e9 especialista em finan\u00e7as e investimentos e educadora financeira da Ativa Investimentos. Respons\u00e1vel pelos conte\u00fados das redes sociais da corretora, Bia tamb\u00e9m \u00e9 criadora do canal do YouTube P\u00e9 de Meia","sameAs":["https:\/\/www.ativainvestimentos.com.br\/","https:\/\/www.instagram.com\/canalpedemeia\/","https:\/\/www.youtube.com\/channel\/UCGdDBOKHmWHDPuC8eUKqyGA"],"url":"https:\/\/www.suno.com.br\/noticias\/author\/bia-moraes\/"}]}},"amp_enabled":true,"_links":{"self":[{"href":"https:\/\/www.suno.com.br\/noticias\/wp-json\/wp\/v2\/suno_column\/192560"}],"collection":[{"href":"https:\/\/www.suno.com.br\/noticias\/wp-json\/wp\/v2\/suno_column"}],"about":[{"href":"https:\/\/www.suno.com.br\/noticias\/wp-json\/wp\/v2\/types\/suno_column"}],"author":[{"embeddable":true,"href":"https:\/\/www.suno.com.br\/noticias\/wp-json\/wp\/v2\/users\/126"}],"wp:attachment":[{"href":"https:\/\/www.suno.com.br\/noticias\/wp-json\/wp\/v2\/media?parent=192560"}],"wp:term":[{"taxonomy":"post_tag","embeddable":true,"href":"https:\/\/www.suno.com.br\/noticias\/wp-json\/wp\/v2\/tags?post=192560"}],"curies":[{"name":"wp","href":"https:\/\/api.w.org\/{rel}","templated":true}]}}