{"id":189261,"date":"2021-09-30T09:58:50","date_gmt":"2021-09-30T12:58:50","guid":{"rendered":"https:\/\/www.suno.com.br\/noticias\/colunas\/felipe-areia\/"},"modified":"2021-09-30T09:58:50","modified_gmt":"2021-09-30T12:58:50","slug":"crise-energetica-fontes-renovaveis","status":"publish","type":"suno_column","link":"https:\/\/www.suno.com.br\/noticias\/colunas\/gian\/crise-energetica-fontes-renovaveis\/","title":{"rendered":"A crise energ\u00e9tica e a migra\u00e7\u00e3o para a fontes renov\u00e1veis"},"content":{"rendered":"<p>O Brasil enfrenta uma <strong>crise h\u00eddrica<\/strong> e estamos sentindo os problemas no bolso. Desde junho deste ano &#8211; in\u00edcio da <strong>esta\u00e7\u00e3o de seca<\/strong> nas principais bacias hidrogr\u00e1ficas &#8211; a Aneel tem adotado a <strong>bandeira tarif\u00e1ria vermelha de n\u00edvel 2<\/strong> na cobran\u00e7a de <strong>energia el\u00e9trica<\/strong>. As tarifas s\u00e3o sempre elevadas quando as usinas hidrel\u00e9tricas &#8211; principal fonte de energia do pa\u00eds &#8211; n\u00e3o conseguem abastecer toda a demanda, e as termel\u00e9tricas, que possuem um custo mais elevado e s\u00e3o altamente poluentes, precisam ser utilizadas.<\/p>\n\t<p>\n\t\t<a href=\"https:\/\/lp.suno.com.br\/planilha-controle-gastos\/\" target=\"_blank\" data-element=\"shortcode-suno-banner\" title=\"Banner SUNO, clique e saiba mais\">\n\t\t\t<picture>\n\t\t\t\t<source media=\"(max-width: 500px)\" srcset=\"https:\/\/files.sunoresearch.com.br\/n\/uploads\/2023\/03\/400x300-Planilha-controle-de-gastos.png\">\n\t\t\t\t<img class=\"newsContent__article__imgCapa newsContent__article__imgCapa--banner\"\n\t\t\t\t\tsrc=\"https:\/\/files.sunoresearch.com.br\/n\/uploads\/2023\/03\/1420x240-Planilha-controle-de-gastos.png\"\n\t\t\t\t\tdata-promo-id=\"101751\"\t\t\t\t\t\t\t\t\t\twidth='1420' height='240'\t\t\t\t\talt=\"https:\/\/files.sunoresearch.com.br\/n\/uploads\/2023\/03\/1420x240-Planilha-controle-de-gastos.png\"\n\t\t\t\t>\n\t\t\t<\/picture>\n\t\t<\/a>\n\t<\/p>\n\n\n<p>Entretanto, a falta de capacidade das usinas de energias renov\u00e1veis em abastecer toda a demanda energ\u00e9tica n\u00e3o \u00e9 uma particularidade do Brasil. Com a maior ado\u00e7\u00e3o das medidas <a href=\"https:\/\/www.suno.com.br\/artigos\/esg\/\">ESG (Environmental, Social and Corporate Governance)<\/a>, pa\u00edses decidiram reduzir a produ\u00e7\u00e3o de energia a base de <strong>combust\u00edveis f\u00f3sseis<\/strong> no intuito de diminuir a emiss\u00e3o de carbono e agora sofrem com escassez e alto <a class=\"suno-keyword\" href=\"https:\/\/www.suno.com.br\/artigos\/custo-producao\/\" target=\"_blank\" rel=\"noopener\" data-force=\"no\" data-priority=\"1\">custo de produ\u00e7\u00e3o<\/a>.<\/p>\n<p>A China, maior produtora mundial de di\u00f3xido de carbono e outros gases poluentes, anunciou na c\u00fapula das Na\u00e7\u00f5es Unidas de 2020 que iria reduzir as suas emiss\u00f5es em mais de 65% dos n\u00edveis de 2005 at\u00e9 2030. Uma das medidas tomadas pelo governo <strong>Xi Jinping<\/strong> para o cumprimento da meta foi o corte na produ\u00e7\u00e3o de energia a base de carv\u00e3o mineral &#8211; maior fonte de abastecimento energ\u00e9tico do pa\u00eds.<\/p>\n<p>Desde ent\u00e3o, a escassez de suprimentos de carv\u00e3o, o endurecimento dos padr\u00f5es de emiss\u00f5es e a forte demanda dos fabricantes e da ind\u00fastria levaram os pre\u00e7os do carv\u00e3o a patamares recordes e causaram uma grave crise de energia no pa\u00eds. Autoridades t\u00eam come\u00e7ado a adotar apag\u00f5es programados em Pequim e Xangai &#8211; as duas cidades mais populosas &#8211; e ind\u00fastrias t\u00eam interrompido a produ\u00e7\u00e3o em suas f\u00e1bricas, incluindo fornecedoras de companhias americanas como <strong>Apple (AAPL34) e Tesla (TSLA34)<\/strong>.<\/p>\n<figure id=\"attachment_189265\" aria-describedby=\"caption-attachment-189265\" style=\"width: 713px\" class=\"wp-caption alignnone\"><img loading=\"lazy\" decoding=\"async\" class=\"size-full wp-image-189265\" src=\"https:\/\/files.sunoresearch.com.br\/n\/uploads\/2021\/09\/foto-gian.jpg\" alt=\"Pre\u00e7o do carv\u00e3o\" width=\"713\" height=\"406\" srcset=\"https:\/\/files.sunoresearch.com.br\/n\/uploads\/2021\/09\/foto-gian.jpg 713w, https:\/\/files.sunoresearch.com.br\/n\/uploads\/2021\/09\/foto-gian-300x171.jpg 300w, https:\/\/files.sunoresearch.com.br\/n\/uploads\/2021\/09\/foto-gian-150x85.jpg 150w\" sizes=\"(max-width: 713px) 100vw, 713px\" \/><figcaption id=\"caption-attachment-189265\" class=\"wp-caption-text\">Pre\u00e7o do carv\u00e3o<\/figcaption><\/figure>\n\t<p>\n\t\t<a href=\"https:\/\/lp.suno.com.br\/planilha-da-vida-financeira\/\" target=\"_blank\" data-element=\"shortcode-suno-banner\" title=\"Banner SUNO, clique e saiba mais\">\n\t\t\t<picture>\n\t\t\t\t<source media=\"(max-width: 500px)\" srcset=\"https:\/\/files.sunoresearch.com.br\/n\/uploads\/2023\/04\/400x300-Planilha-vida-financeira-true.png\">\n\t\t\t\t<img class=\"newsContent__article__imgCapa newsContent__article__imgCapa--banner\"\n\t\t\t\t\tsrc=\"https:\/\/files.sunoresearch.com.br\/n\/uploads\/2023\/04\/1420x240-Planilha-vida-financeira-true.png\"\n\t\t\t\t\tdata-promo-id=\"106682\"\t\t\t\t\t\t\t\t\t\twidth='1420' height='240'\t\t\t\t\talt=\"https:\/\/files.sunoresearch.com.br\/n\/uploads\/2023\/04\/1420x240-Planilha-vida-financeira-true.png\"\n\t\t\t\t>\n\t\t\t<\/picture>\n\t\t<\/a>\n\t<\/p>\n\n\n<p>Outro fator que agrava a crise de energia global \u00e9 o aumento dos pre\u00e7os no mercado de <strong>g\u00e1s natural<\/strong>. Na Europa, onde quase 25% do abastecimento \u00e9 a g\u00e1s, a popula\u00e7\u00e3o tem sentido no bolso aumento do custo neste in\u00edcio de inverno, quando a demanda por aquecimento \u00e9 maior. Os motivos s\u00e3o o baixo estoque de armazenamento de g\u00e1s; a maior demanda de outras regi\u00f5es e os altos pre\u00e7os do carbono na <a class=\"suno-keyword\" href=\"https:\/\/www.suno.com.br\/artigos\/uniao-europeia\/\" target=\"_blank\" rel=\"noopener\" data-force=\"no\" data-priority=\"2\">Uni\u00e3o Europeia<\/a>. Especula-se ainda que a R\u00fassia, principal fornecedora da commodity, estaria reduzindo propositalmente o suprimento para aumentar seu valor.<\/p>\n<p>Apenas este ano, os pre\u00e7os do mercado de g\u00e1s sofreram alta de 280% na Europa. O problema tem sido t\u00e3o grave, que legisladores do Parlamento Europeu t\u00eam exigido investiga\u00e7\u00f5es sobre a manipula\u00e7\u00e3o de abastecimento vinda da R\u00fassia. O Kremlin rebateu as acusa\u00e7\u00f5es e ainda afirmou ser tarde demais para medidas urgentes para aumentar as reservas de g\u00e1s no armazenamento subterr\u00e2neo.<\/p>\n<p>Como reflexo, <a class=\"suno-keyword\" href=\"https:\/\/www.suno.com.br\/artigos\/instituicoes-financeiras\/\" target=\"_blank\" rel=\"noopener\" data-force=\"no\" data-priority=\"1\">institui\u00e7\u00f5es financeiras<\/a> come\u00e7am a projetar maior <strong>demanda global por petr\u00f3leo<\/strong>, outra fonte de energia que j\u00e1 come\u00e7ava a ser substitu\u00edda. O Goldman Sachs projeta o <strong>Brent<\/strong> no quarto trimestre de 2021 a US$ 80, patamar n\u00e3o atingido desde outubro de 2018, mas muito pr\u00f3ximo dos atuais US$ 79 o barril. Nesta semana, vimos os brit\u00e2nicos correrem aos postos de gasolina e secarem as bombas por receio da escassez do produto no Reino Unido. O mundo migra em massa para energias menos poluentes ou renov\u00e1veis, mas parece n\u00e3o ter se perguntado ainda se ela dar\u00e1 conta de sua demanda.<\/p>\n\t<p>\n\t\t<a href=\"https:\/\/lp.suno.com.br\/ebook-como-analisar-uma-acao\/\" target=\"_blank\" data-element=\"shortcode-suno-banner\" title=\"Banner SUNO, clique e saiba mais\">\n\t\t\t<picture>\n\t\t\t\t<source media=\"(max-width: 500px)\" srcset=\"https:\/\/files.sunoresearch.com.br\/n\/uploads\/2023\/03\/Ebook-Acoes-Mobile-1.jpg\">\n\t\t\t\t<img class=\"newsContent__article__imgCapa newsContent__article__imgCapa--banner\"\n\t\t\t\t\tsrc=\"https:\/\/files.sunoresearch.com.br\/n\/uploads\/2023\/03\/Ebook-Acoes-Desktop-1.jpg\"\n\t\t\t\t\tdata-promo-id=\"171998\"\t\t\t\t\t\t\t\t\t\twidth='1420' height='286'\t\t\t\t\talt=\"https:\/\/files.sunoresearch.com.br\/n\/uploads\/2023\/03\/Ebook-Acoes-Desktop-1.jpg\"\n\t\t\t\t>\n\t\t\t<\/picture>\n\t\t<\/a>\n\t<\/p>\n\n\n<p>&nbsp;<\/p>\n","protected":false},"excerpt":{"rendered":"<p>O Brasil enfrenta uma crise h\u00eddrica e estamos sentindo os problemas no bolso. Desde junho deste ano &#8211; in\u00edcio da esta\u00e7\u00e3o de seca nas principais bacias hidrogr\u00e1fic&#8230;<\/p>\n","protected":false},"author":4,"featured_media":0,"template":"","tags":[106454,106435,2153,1467,766,104982,866,731],"class_list":["post-189261","suno_column","type-suno_column","status-publish","hentry","tag-crise-energetica","tag-crise-hidrica","tag-energia-eletrica","tag-gas-natural","tag-petroleo","tag-petroleo-brent","tag-russia","tag-uniao-europeia"],"yoast_head":"<!-- This site is optimized with the Yoast SEO plugin v24.4 - https:\/\/yoast.com\/wordpress\/plugins\/seo\/ -->\n<title>A crise energ\u00e9tica e a migra\u00e7\u00e3o para a fontes renov\u00e1veis - Coluna de Gian Kojikovski<\/title>\n<meta name=\"description\" content=\"Leia a coluna de Gian Kojikovski sobre se a fontes mais limpas como o g\u00e1s natural e renov\u00e1veis dar\u00e3o conta da demanda de energia\" \/>\n<meta name=\"robots\" content=\"index, follow, max-snippet:-1, max-image-preview:large, max-video-preview:-1\" \/>\n<link rel=\"canonical\" href=\"https:\/\/www.suno.com.br\/noticias\/colunas\/gian\/crise-energetica-fontes-renovaveis\/\" \/>\n<meta property=\"og:locale\" content=\"pt_BR\" \/>\n<meta property=\"og:type\" content=\"article\" \/>\n<meta property=\"og:title\" content=\"A crise energ\u00e9tica e a migra\u00e7\u00e3o para a fontes renov\u00e1veis - Coluna de Gian Kojikovski\" \/>\n<meta property=\"og:description\" content=\"Leia a coluna de Gian Kojikovski sobre se a fontes mais limpas como o g\u00e1s natural e renov\u00e1veis dar\u00e3o conta da demanda de energia\" \/>\n<meta property=\"og:url\" content=\"https:\/\/www.suno.com.br\/noticias\/colunas\/gian\/crise-energetica-fontes-renovaveis\/\" \/>\n<meta property=\"og:site_name\" content=\"Suno Not\u00edcias\" \/>\n<meta property=\"article:publisher\" content=\"https:\/\/facebook.com\/sunoresearch\" \/>\n<meta property=\"og:image\" content=\"https:\/\/files.sunoresearch.com.br\/n\/uploads\/2021\/09\/foto-gian.jpg\" \/>\n<meta name=\"twitter:card\" content=\"summary_large_image\" \/>\n<meta name=\"twitter:site\" content=\"@sunoresearch\" \/>\n<meta name=\"twitter:label1\" content=\"Est. tempo de leitura\" \/>\n\t<meta name=\"twitter:data1\" content=\"3 minutos\" \/>\n<script type=\"application\/ld+json\" class=\"yoast-schema-graph\">{\"@context\":\"https:\/\/schema.org\",\"@graph\":[{\"@type\":\"Article\",\"@id\":\"https:\/\/www.suno.com.br\/noticias\/colunas\/gian\/crise-energetica-fontes-renovaveis\/#article\",\"isPartOf\":{\"@id\":\"https:\/\/www.suno.com.br\/noticias\/colunas\/gian\/crise-energetica-fontes-renovaveis\/\"},\"author\":{\"name\":\"Gian Kojikovski\",\"@id\":\"https:\/\/www.suno.com.br\/noticias\/#\/schema\/person\/8c2753ace9edbc3c59cfa8a971ac5914\"},\"headline\":\"A crise energ\u00e9tica e a migra\u00e7\u00e3o para a fontes renov\u00e1veis\",\"datePublished\":\"2021-09-30T12:58:50+00:00\",\"mainEntityOfPage\":{\"@id\":\"https:\/\/www.suno.com.br\/noticias\/colunas\/gian\/crise-energetica-fontes-renovaveis\/\"},\"wordCount\":646,\"publisher\":{\"@id\":\"https:\/\/www.suno.com.br\/noticias\/#organization\"},\"image\":{\"@id\":\"https:\/\/www.suno.com.br\/noticias\/colunas\/gian\/crise-energetica-fontes-renovaveis\/#primaryimage\"},\"thumbnailUrl\":\"https:\/\/files.sunoresearch.com.br\/n\/uploads\/2021\/09\/foto-gian.jpg\",\"keywords\":[\"crise energ\u00e9tica\",\"crise h\u00eddrica\",\"energia el\u00e9trica\",\"g\u00e1s natural\",\"Petr\u00f3leo\",\"Petr\u00f3leo Brent\",\"R\u00fassia\",\"Uni\u00e3o Europeia\"],\"inLanguage\":\"pt-BR\"},{\"@type\":\"WebPage\",\"@id\":\"https:\/\/www.suno.com.br\/noticias\/colunas\/gian\/crise-energetica-fontes-renovaveis\/\",\"url\":\"https:\/\/www.suno.com.br\/noticias\/colunas\/gian\/crise-energetica-fontes-renovaveis\/\",\"name\":\"A crise energ\u00e9tica e a migra\u00e7\u00e3o para a fontes renov\u00e1veis - Coluna de Gian Kojikovski\",\"isPartOf\":{\"@id\":\"https:\/\/www.suno.com.br\/noticias\/#website\"},\"primaryImageOfPage\":{\"@id\":\"https:\/\/www.suno.com.br\/noticias\/colunas\/gian\/crise-energetica-fontes-renovaveis\/#primaryimage\"},\"image\":{\"@id\":\"https:\/\/www.suno.com.br\/noticias\/colunas\/gian\/crise-energetica-fontes-renovaveis\/#primaryimage\"},\"thumbnailUrl\":\"https:\/\/files.sunoresearch.com.br\/n\/uploads\/2021\/09\/foto-gian.jpg\",\"datePublished\":\"2021-09-30T12:58:50+00:00\",\"description\":\"Leia a coluna de Gian Kojikovski sobre se a fontes mais limpas como o g\u00e1s natural e renov\u00e1veis dar\u00e3o conta da demanda de energia\",\"breadcrumb\":{\"@id\":\"https:\/\/www.suno.com.br\/noticias\/colunas\/gian\/crise-energetica-fontes-renovaveis\/#breadcrumb\"},\"inLanguage\":\"pt-BR\",\"potentialAction\":[{\"@type\":\"ReadAction\",\"target\":[\"https:\/\/www.suno.com.br\/noticias\/colunas\/gian\/crise-energetica-fontes-renovaveis\/\"]}]},{\"@type\":\"ImageObject\",\"inLanguage\":\"pt-BR\",\"@id\":\"https:\/\/www.suno.com.br\/noticias\/colunas\/gian\/crise-energetica-fontes-renovaveis\/#primaryimage\",\"url\":\"https:\/\/files.sunoresearch.com.br\/n\/uploads\/2021\/09\/foto-gian.jpg\",\"contentUrl\":\"https:\/\/files.sunoresearch.com.br\/n\/uploads\/2021\/09\/foto-gian.jpg\"},{\"@type\":\"BreadcrumbList\",\"@id\":\"https:\/\/www.suno.com.br\/noticias\/colunas\/gian\/crise-energetica-fontes-renovaveis\/#breadcrumb\",\"itemListElement\":[{\"@type\":\"ListItem\",\"position\":1,\"name\":\"Not\u00edcias\",\"item\":\"https:\/\/www.suno.com.br\/noticias\/\"},{\"@type\":\"ListItem\",\"position\":2,\"name\":\"Colunas\",\"item\":\"https:\/\/www.suno.com.br\/noticias\/colunas\/\"},{\"@type\":\"ListItem\",\"position\":3,\"name\":\"A crise energ\u00e9tica e a migra\u00e7\u00e3o para a fontes renov\u00e1veis\"}]},{\"@type\":\"WebSite\",\"@id\":\"https:\/\/www.suno.com.br\/noticias\/#website\",\"url\":\"https:\/\/www.suno.com.br\/noticias\/\",\"name\":\"Suno Not\u00edcias\",\"description\":\"Seu portal de informa\u00e7\u00e3o sobre o mundo dos investimentos\",\"publisher\":{\"@id\":\"https:\/\/www.suno.com.br\/noticias\/#organization\"},\"potentialAction\":[{\"@type\":\"SearchAction\",\"target\":{\"@type\":\"EntryPoint\",\"urlTemplate\":\"https:\/\/www.suno.com.br\/noticias\/?s={search_term_string}\"},\"query-input\":{\"@type\":\"PropertyValueSpecification\",\"valueRequired\":true,\"valueName\":\"search_term_string\"}}],\"inLanguage\":\"pt-BR\"},{\"@type\":\"Organization\",\"@id\":\"https:\/\/www.suno.com.br\/noticias\/#organization\",\"name\":\"Suno Not\u00edcias\",\"url\":\"https:\/\/www.suno.com.br\/noticias\/\",\"logo\":{\"@type\":\"ImageObject\",\"inLanguage\":\"pt-BR\",\"@id\":\"https:\/\/www.suno.com.br\/noticias\/#\/schema\/logo\/image\/\",\"url\":\"https:\/\/files.sunoresearch.com.br\/n\/uploads\/2021\/09\/suno-logo.png\",\"contentUrl\":\"https:\/\/files.sunoresearch.com.br\/n\/uploads\/2021\/09\/suno-logo.png\",\"width\":180,\"height\":180,\"caption\":\"Suno Not\u00edcias\"},\"image\":{\"@id\":\"https:\/\/www.suno.com.br\/noticias\/#\/schema\/logo\/image\/\"},\"sameAs\":[\"https:\/\/facebook.com\/sunoresearch\",\"https:\/\/x.com\/sunoresearch\",\"https:\/\/www.instagram.com\/suno\",\"https:\/\/www.linkedin.com\/company\/suno-research\/\",\"https:\/\/www.youtube.com\/c\/sunoresearch\"]},{\"@type\":\"Person\",\"@id\":\"https:\/\/www.suno.com.br\/noticias\/#\/schema\/person\/8c2753ace9edbc3c59cfa8a971ac5914\",\"name\":\"Gian Kojikovski\",\"image\":{\"@type\":\"ImageObject\",\"inLanguage\":\"pt-BR\",\"@id\":\"https:\/\/www.suno.com.br\/noticias\/#\/schema\/person\/image\/\",\"url\":\"https:\/\/secure.gravatar.com\/avatar\/9b6de4deaf8443278f037ed55611af64?s=96&r=g\",\"contentUrl\":\"https:\/\/secure.gravatar.com\/avatar\/9b6de4deaf8443278f037ed55611af64?s=96&r=g\",\"caption\":\"Gian Kojikovski\"},\"description\":\"Gian Kojikovski \u00e9 diretor e s\u00f3cio da Suno e escreve sobre neg\u00f3cios, marketing, pol\u00edtica e finan\u00e7as. Tem passagem pelas reda\u00e7\u00f5es de Veja e Exame e \u00e9 vencedor do Pr\u00eamio CNI de Jornalismo de 2016 na categoria especial de Inova\u00e7\u00e3o e finalista do Citi Journalistic Excellence Award de 2018.\",\"sameAs\":[\"https:\/\/www.suno.com.br\",\"https:\/\/x.com\/https:\/\/twitter.com\/giankojikovski\"],\"url\":\"https:\/\/www.suno.com.br\/noticias\/author\/gian\/\"}]}<\/script>\n<!-- \/ Yoast SEO plugin. -->","yoast_head_json":{"title":"A crise energ\u00e9tica e a migra\u00e7\u00e3o para a fontes renov\u00e1veis - Coluna de Gian Kojikovski","description":"Leia a coluna de Gian Kojikovski sobre se a fontes mais limpas como o g\u00e1s natural e renov\u00e1veis dar\u00e3o conta da demanda de energia","robots":{"index":"index","follow":"follow","max-snippet":"max-snippet:-1","max-image-preview":"max-image-preview:large","max-video-preview":"max-video-preview:-1"},"canonical":"https:\/\/www.suno.com.br\/noticias\/colunas\/gian\/crise-energetica-fontes-renovaveis\/","og_locale":"pt_BR","og_type":"article","og_title":"A crise energ\u00e9tica e a migra\u00e7\u00e3o para a fontes renov\u00e1veis - Coluna de Gian Kojikovski","og_description":"Leia a coluna de Gian Kojikovski sobre se a fontes mais limpas como o g\u00e1s natural e renov\u00e1veis dar\u00e3o conta da demanda de energia","og_url":"https:\/\/www.suno.com.br\/noticias\/colunas\/gian\/crise-energetica-fontes-renovaveis\/","og_site_name":"Suno Not\u00edcias","article_publisher":"https:\/\/facebook.com\/sunoresearch","og_image":[{"url":"https:\/\/files.sunoresearch.com.br\/n\/uploads\/2021\/09\/foto-gian.jpg","type":"","width":"","height":""}],"twitter_card":"summary_large_image","twitter_site":"@sunoresearch","twitter_misc":{"Est. tempo de leitura":"3 minutos"},"schema":{"@context":"https:\/\/schema.org","@graph":[{"@type":"Article","@id":"https:\/\/www.suno.com.br\/noticias\/colunas\/gian\/crise-energetica-fontes-renovaveis\/#article","isPartOf":{"@id":"https:\/\/www.suno.com.br\/noticias\/colunas\/gian\/crise-energetica-fontes-renovaveis\/"},"author":{"name":"Gian Kojikovski","@id":"https:\/\/www.suno.com.br\/noticias\/#\/schema\/person\/8c2753ace9edbc3c59cfa8a971ac5914"},"headline":"A crise energ\u00e9tica e a migra\u00e7\u00e3o para a fontes renov\u00e1veis","datePublished":"2021-09-30T12:58:50+00:00","mainEntityOfPage":{"@id":"https:\/\/www.suno.com.br\/noticias\/colunas\/gian\/crise-energetica-fontes-renovaveis\/"},"wordCount":646,"publisher":{"@id":"https:\/\/www.suno.com.br\/noticias\/#organization"},"image":{"@id":"https:\/\/www.suno.com.br\/noticias\/colunas\/gian\/crise-energetica-fontes-renovaveis\/#primaryimage"},"thumbnailUrl":"https:\/\/files.sunoresearch.com.br\/n\/uploads\/2021\/09\/foto-gian.jpg","keywords":["crise energ\u00e9tica","crise h\u00eddrica","energia el\u00e9trica","g\u00e1s natural","Petr\u00f3leo","Petr\u00f3leo Brent","R\u00fassia","Uni\u00e3o Europeia"],"inLanguage":"pt-BR"},{"@type":"WebPage","@id":"https:\/\/www.suno.com.br\/noticias\/colunas\/gian\/crise-energetica-fontes-renovaveis\/","url":"https:\/\/www.suno.com.br\/noticias\/colunas\/gian\/crise-energetica-fontes-renovaveis\/","name":"A crise energ\u00e9tica e a migra\u00e7\u00e3o para a fontes renov\u00e1veis - Coluna de Gian Kojikovski","isPartOf":{"@id":"https:\/\/www.suno.com.br\/noticias\/#website"},"primaryImageOfPage":{"@id":"https:\/\/www.suno.com.br\/noticias\/colunas\/gian\/crise-energetica-fontes-renovaveis\/#primaryimage"},"image":{"@id":"https:\/\/www.suno.com.br\/noticias\/colunas\/gian\/crise-energetica-fontes-renovaveis\/#primaryimage"},"thumbnailUrl":"https:\/\/files.sunoresearch.com.br\/n\/uploads\/2021\/09\/foto-gian.jpg","datePublished":"2021-09-30T12:58:50+00:00","description":"Leia a coluna de Gian Kojikovski sobre se a fontes mais limpas como o g\u00e1s natural e renov\u00e1veis dar\u00e3o conta da demanda de energia","breadcrumb":{"@id":"https:\/\/www.suno.com.br\/noticias\/colunas\/gian\/crise-energetica-fontes-renovaveis\/#breadcrumb"},"inLanguage":"pt-BR","potentialAction":[{"@type":"ReadAction","target":["https:\/\/www.suno.com.br\/noticias\/colunas\/gian\/crise-energetica-fontes-renovaveis\/"]}]},{"@type":"ImageObject","inLanguage":"pt-BR","@id":"https:\/\/www.suno.com.br\/noticias\/colunas\/gian\/crise-energetica-fontes-renovaveis\/#primaryimage","url":"https:\/\/files.sunoresearch.com.br\/n\/uploads\/2021\/09\/foto-gian.jpg","contentUrl":"https:\/\/files.sunoresearch.com.br\/n\/uploads\/2021\/09\/foto-gian.jpg"},{"@type":"BreadcrumbList","@id":"https:\/\/www.suno.com.br\/noticias\/colunas\/gian\/crise-energetica-fontes-renovaveis\/#breadcrumb","itemListElement":[{"@type":"ListItem","position":1,"name":"Not\u00edcias","item":"https:\/\/www.suno.com.br\/noticias\/"},{"@type":"ListItem","position":2,"name":"Colunas","item":"https:\/\/www.suno.com.br\/noticias\/colunas\/"},{"@type":"ListItem","position":3,"name":"A crise energ\u00e9tica e a migra\u00e7\u00e3o para a fontes renov\u00e1veis"}]},{"@type":"WebSite","@id":"https:\/\/www.suno.com.br\/noticias\/#website","url":"https:\/\/www.suno.com.br\/noticias\/","name":"Suno Not\u00edcias","description":"Seu portal de informa\u00e7\u00e3o sobre o mundo dos investimentos","publisher":{"@id":"https:\/\/www.suno.com.br\/noticias\/#organization"},"potentialAction":[{"@type":"SearchAction","target":{"@type":"EntryPoint","urlTemplate":"https:\/\/www.suno.com.br\/noticias\/?s={search_term_string}"},"query-input":{"@type":"PropertyValueSpecification","valueRequired":true,"valueName":"search_term_string"}}],"inLanguage":"pt-BR"},{"@type":"Organization","@id":"https:\/\/www.suno.com.br\/noticias\/#organization","name":"Suno Not\u00edcias","url":"https:\/\/www.suno.com.br\/noticias\/","logo":{"@type":"ImageObject","inLanguage":"pt-BR","@id":"https:\/\/www.suno.com.br\/noticias\/#\/schema\/logo\/image\/","url":"https:\/\/files.sunoresearch.com.br\/n\/uploads\/2021\/09\/suno-logo.png","contentUrl":"https:\/\/files.sunoresearch.com.br\/n\/uploads\/2021\/09\/suno-logo.png","width":180,"height":180,"caption":"Suno Not\u00edcias"},"image":{"@id":"https:\/\/www.suno.com.br\/noticias\/#\/schema\/logo\/image\/"},"sameAs":["https:\/\/facebook.com\/sunoresearch","https:\/\/x.com\/sunoresearch","https:\/\/www.instagram.com\/suno","https:\/\/www.linkedin.com\/company\/suno-research\/","https:\/\/www.youtube.com\/c\/sunoresearch"]},{"@type":"Person","@id":"https:\/\/www.suno.com.br\/noticias\/#\/schema\/person\/8c2753ace9edbc3c59cfa8a971ac5914","name":"Gian Kojikovski","image":{"@type":"ImageObject","inLanguage":"pt-BR","@id":"https:\/\/www.suno.com.br\/noticias\/#\/schema\/person\/image\/","url":"https:\/\/secure.gravatar.com\/avatar\/9b6de4deaf8443278f037ed55611af64?s=96&r=g","contentUrl":"https:\/\/secure.gravatar.com\/avatar\/9b6de4deaf8443278f037ed55611af64?s=96&r=g","caption":"Gian Kojikovski"},"description":"Gian Kojikovski \u00e9 diretor e s\u00f3cio da Suno e escreve sobre neg\u00f3cios, marketing, pol\u00edtica e finan\u00e7as. Tem passagem pelas reda\u00e7\u00f5es de Veja e Exame e \u00e9 vencedor do Pr\u00eamio CNI de Jornalismo de 2016 na categoria especial de Inova\u00e7\u00e3o e finalista do Citi Journalistic Excellence Award de 2018.","sameAs":["https:\/\/www.suno.com.br","https:\/\/x.com\/https:\/\/twitter.com\/giankojikovski"],"url":"https:\/\/www.suno.com.br\/noticias\/author\/gian\/"}]}},"amp_enabled":true,"_links":{"self":[{"href":"https:\/\/www.suno.com.br\/noticias\/wp-json\/wp\/v2\/suno_column\/189261"}],"collection":[{"href":"https:\/\/www.suno.com.br\/noticias\/wp-json\/wp\/v2\/suno_column"}],"about":[{"href":"https:\/\/www.suno.com.br\/noticias\/wp-json\/wp\/v2\/types\/suno_column"}],"author":[{"embeddable":true,"href":"https:\/\/www.suno.com.br\/noticias\/wp-json\/wp\/v2\/users\/4"}],"wp:attachment":[{"href":"https:\/\/www.suno.com.br\/noticias\/wp-json\/wp\/v2\/media?parent=189261"}],"wp:term":[{"taxonomy":"post_tag","embeddable":true,"href":"https:\/\/www.suno.com.br\/noticias\/wp-json\/wp\/v2\/tags?post=189261"}],"curies":[{"name":"wp","href":"https:\/\/api.w.org\/{rel}","templated":true}]}}