{"id":188270,"date":"2021-09-29T08:00:30","date_gmt":"2021-09-29T11:00:30","guid":{"rendered":"https:\/\/www.suno.com.br\/noticias\/colunas\/natalia-gomez\/"},"modified":"2021-09-28T16:46:35","modified_gmt":"2021-09-28T19:46:35","slug":"evergrande-china","status":"publish","type":"suno_column","link":"https:\/\/www.suno.com.br\/noticias\/colunas\/rodrigo-dias\/evergrande-china\/","title":{"rendered":"Desaquecimento na China e o temor com Evergrande"},"content":{"rendered":"<p>O<strong> crescimento chin\u00eas<\/strong> j\u00e1 vinha no radar do mercado desde o segundo trimestre deste ano. Os recorrentes dados de vendas no varejo e produ\u00e7\u00e3o industrial abaixo das expectativas sinalizaram cautela aos investidores.<\/p>\n\t<p>\n\t\t<a href=\"https:\/\/lp.suno.com.br\/planilha-controle-gastos\/\" target=\"_blank\" data-element=\"shortcode-suno-banner\" title=\"Banner SUNO, clique e saiba mais\">\n\t\t\t<picture>\n\t\t\t\t<source media=\"(max-width: 500px)\" srcset=\"https:\/\/files.sunoresearch.com.br\/n\/uploads\/2023\/03\/400x300-Planilha-controle-de-gastos.png\">\n\t\t\t\t<img class=\"newsContent__article__imgCapa newsContent__article__imgCapa--banner\"\n\t\t\t\t\tsrc=\"https:\/\/files.sunoresearch.com.br\/n\/uploads\/2023\/03\/1420x240-Planilha-controle-de-gastos.png\"\n\t\t\t\t\tdata-promo-id=\"101751\"\t\t\t\t\t\t\t\t\t\twidth='1420' height='240'\t\t\t\t\talt=\"https:\/\/files.sunoresearch.com.br\/n\/uploads\/2023\/03\/1420x240-Planilha-controle-de-gastos.png\"\n\t\t\t\t>\n\t\t\t<\/picture>\n\t\t<\/a>\n\t<\/p>\n\n\n<p>As pol\u00edticas governamentais intervencionistas em diversos setores tamb\u00e9m foram manchete, com impactos que atingem desde o setor de educa\u00e7\u00e3o at\u00e9 o sider\u00fargico.<\/p>\n<p>Com pautas que variam entre o controle da internet, a preocupa\u00e7\u00e3o ambiental e o controle da infla\u00e7\u00e3o, os \u00faltimos meses foram turbulentos por l\u00e1 e a volatilidade se espalhou pelo resto do mundo, em especial no Brasil, resultando na vertiginosa queda no pre\u00e7o do <strong>min\u00e9rio de ferro<\/strong>.<\/p>\n<p>N\u00e3o bastasse o cen\u00e1rio acima comentado, as \u00faltimas semanas serviram para nos alertar para outro risco, o de cr\u00e9dito dos grandes conglomerados chineses.<\/p>\n<p>Motivados por um per\u00edodo de prosperidade e pela sofistica\u00e7\u00e3o do mercado de cr\u00e9dito local,<strong> empresas chinesas<\/strong> atingiram elevadas taxas de crescimento e alavancagem, em um movimento simbi\u00f3tico que pouco preocupava investidores internacionais at\u00e9 que o<strong>\u00a0Evergrande<\/strong> Real Estate Group, um dos maiores incorporadores imobili\u00e1rios do pa\u00eds asi\u00e1tico, passou a gerar not\u00edcias preocupantes na m\u00eddia.<\/p>\n\t<p>\n\t\t<a href=\"\" target=\"_blank\" data-element=\"shortcode-suno-banner\" title=\"Banner SUNO, clique e saiba mais\">\n\t\t\t<picture>\n\t\t\t\t<source media=\"(max-width: 500px)\" srcset=\"\">\n\t\t\t\t<img class=\"newsContent__article__imgCapa newsContent__article__imgCapa--banner\"\n\t\t\t\t\tsrc=\"\"\n\t\t\t\t\tdata-promo-id=\"77030\"\t\t\t\t\t\t\t\t\t\t\t\t\t\t\talt=\"\"\n\t\t\t\t>\n\t\t\t<\/picture>\n\t\t<\/a>\n\t<\/p>\n\n\n<p>Para entender o ocorrido, novamente chegamos \u00e0s pol\u00edticas estatais. Cientes do elevado n\u00edvel de endividamento das empresas locais e com o fantasma da crise no setor imobili\u00e1rio americano em 2008 nos Estados Unidos, a diretriz governamental foi na dire\u00e7\u00e3o de redu\u00e7\u00e3o do n\u00edvel de endividamento no setor, medida que vem sendo implementada.<\/p>\n<p>Ainda, ap\u00f3s o forte est\u00edmulo credit\u00edcio dado na primeira metade do ano passado, com vistas a retomar a economia durante a pandemia, o<strong> volume de cr\u00e9dito<\/strong> foi reduzindo em 2021, o que acelerou o problema das empresas alavancadas.<\/p>\n<p>Mesmo a qualidade das informa\u00e7\u00f5es que chegam da China n\u00e3o sendo de boa qualidade, tudo indica que o cont\u00e1gio ser\u00e1 limitado. O governo do Xi tende a <strong>injetar recursos<\/strong> na economia, aumentando a liquidez, a fim de evitar que outras empresas do setor da constru\u00e7\u00e3o civil chinesa sofram dificuldades.<\/p>\n<p>Importante notar que em 2022 teremos dois eventos importantes \u2014 as <strong>Olimp\u00edadas de Inverno<\/strong> e o processo de recondu\u00e7\u00e3o do Presidente Xi Jinping, o que nos faz imaginar que uma crise ser\u00e1 evitada a todo custo.<\/p>\n<p>Importante destacar tamb\u00e9m, que diferentemente do setor banc\u00e1rio, que atua de forma alavancada e com diversos instrumentos derivativos, o<strong> setor imobili\u00e1rio<\/strong> tem menor capacidade de gerar um efeito cascata.<\/p>\n\t<p>\n\t\t<a href=\"\" target=\"_blank\" data-element=\"shortcode-suno-banner\" title=\"Banner SUNO, clique e saiba mais\">\n\t\t\t<picture>\n\t\t\t\t<source media=\"(max-width: 500px)\" srcset=\"\">\n\t\t\t\t<img class=\"newsContent__article__imgCapa newsContent__article__imgCapa--banner\"\n\t\t\t\t\tsrc=\"\"\n\t\t\t\t\tdata-promo-id=\"92668\"\t\t\t\t\t\t\t\t\t\t\t\t\t\t\talt=\"\"\n\t\t\t\t>\n\t\t\t<\/picture>\n\t\t<\/a>\n\t<\/p>\n\n\n<p>A queda do <a href=\"https:\/\/www.suno.com.br\/artigos\/o-que-commodities\/\">pre\u00e7o das commodities<\/a>, pode contribuir positivamente para a queda da infla\u00e7\u00e3o mundial, em especial a do Brasil, j\u00e1 sentida em alguns <strong>pre\u00e7os agr\u00edcolas<\/strong> e com maior intensidade no pre\u00e7o do min\u00e9rio.<\/p>\n<p>Apesar da <strong>depend\u00eancia do Brasil com a China<\/strong> atrav\u00e9s do com\u00e9rcio internacional, o que sugere impactar nosso PIB, podemos ter como benef\u00edcio o al\u00edvio inflacion\u00e1rio corrigindo as expectativas dos juros para baixo.<\/p>\n<p>Vale destacar que a <a href=\"https:\/\/www.suno.com.br\/artigos\/curva-de-juros\/\">curva de juros<\/a> sofre influ\u00eancia de outros fatores, principalmente o risco fiscal. Mesmo assim, a sinaliza\u00e7\u00e3o de uma infla\u00e7\u00e3o dentro da meta para o ciclo 2022\/23 seria muito bem recebida pelo mercado.<\/p>\n<p>Com a infla\u00e7\u00e3o no Brasil, que pode ser impactada por diversos fatores tempor\u00e1rios, como os que prejudicam a produ\u00e7\u00e3o no caso da falta de componentes e dos pre\u00e7os de commodities, j\u00e1 comentados acima, as proje\u00e7\u00f5es para o fim do ciclo de alta na taxa Selic encontram-se entre 8% e 9,50%.<\/p>\n<p>Diante desse cen\u00e1rio, a <strong>renda fixa<\/strong> volta a ser destaque na carteira dos investidores, em especial os fundos de cr\u00e9dito, que voltaram a receber bom volume de capta\u00e7\u00e3o e que apresentam uma taxa de carrego\u00a0interessante.<\/p>\n\t<p>\n\t\t<a href=\"https:\/\/lp.suno.com.br\/planilha-de-controle-de-investimentos\/\" target=\"_blank\" data-element=\"shortcode-suno-banner\" title=\"Banner SUNO, clique e saiba mais\">\n\t\t\t<picture>\n\t\t\t\t<source media=\"(max-width: 500px)\" srcset=\"https:\/\/files.sunoresearch.com.br\/n\/uploads\/2023\/03\/400x300-Controle-de-Investimentos.png\">\n\t\t\t\t<img class=\"newsContent__article__imgCapa newsContent__article__imgCapa--banner\"\n\t\t\t\t\tsrc=\"https:\/\/files.sunoresearch.com.br\/n\/uploads\/2023\/03\/1420x240-Controle-de-Investimentos.png\"\n\t\t\t\t\tdata-promo-id=\"75934\"\t\t\t\t\t\t\t\t\t\twidth='1420' height='240'\t\t\t\t\talt=\"https:\/\/files.sunoresearch.com.br\/n\/uploads\/2023\/03\/1420x240-Controle-de-Investimentos.png\"\n\t\t\t\t>\n\t\t\t<\/picture>\n\t\t<\/a>\n\t<\/p>\n\n\n","protected":false},"excerpt":{"rendered":"<p>O crescimento chin\u00eas j\u00e1 vinha no radar do mercado desde o segundo trimestre deste ano. Os recorrentes dados de vendas no varejo e produ\u00e7\u00e3o industrial abaixo das expect&#8230;<\/p>\n","protected":false},"author":75,"featured_media":0,"template":"","tags":[],"class_list":["post-188270","suno_column","type-suno_column","status-publish","hentry"],"yoast_head":"<!-- This site is optimized with the Yoast SEO plugin v24.4 - https:\/\/yoast.com\/wordpress\/plugins\/seo\/ -->\n<title>Desaquecimento na China e o temor com Evergrande - Suno Not\u00edcias<\/title>\n<meta name=\"description\" content=\"A China vai evitar uma crise a todo custo, tendo em vista as Olimp\u00edadas de Inverno e o processo de recondu\u00e7\u00e3o do Presidente Xi Jinping.\" \/>\n<meta name=\"robots\" content=\"index, follow, max-snippet:-1, max-image-preview:large, max-video-preview:-1\" \/>\n<link rel=\"canonical\" href=\"https:\/\/www.suno.com.br\/noticias\/colunas\/rodrigo-dias\/evergrande-china\/\" \/>\n<meta property=\"og:locale\" content=\"pt_BR\" \/>\n<meta property=\"og:type\" content=\"article\" \/>\n<meta property=\"og:title\" content=\"Desaquecimento na China e o temor com Evergrande - Suno Not\u00edcias\" \/>\n<meta property=\"og:description\" content=\"A China vai evitar uma crise a todo custo, tendo em vista as Olimp\u00edadas de Inverno e o processo de recondu\u00e7\u00e3o do Presidente Xi Jinping.\" \/>\n<meta property=\"og:url\" content=\"https:\/\/www.suno.com.br\/noticias\/colunas\/rodrigo-dias\/evergrande-china\/\" \/>\n<meta property=\"og:site_name\" content=\"Suno Not\u00edcias\" \/>\n<meta property=\"article:publisher\" content=\"https:\/\/facebook.com\/sunoresearch\" \/>\n<meta property=\"og:image\" content=\"https:\/\/files.sunoresearch.com.br\/n\/uploads\/2022\/06\/Modelo2.jpg\" \/>\n\t<meta property=\"og:image:width\" content=\"1200\" \/>\n\t<meta property=\"og:image:height\" content=\"627\" \/>\n\t<meta property=\"og:image:type\" content=\"image\/jpeg\" \/>\n<meta name=\"twitter:card\" content=\"summary_large_image\" \/>\n<meta name=\"twitter:site\" content=\"@sunoresearch\" \/>\n<meta name=\"twitter:label1\" content=\"Est. tempo de leitura\" \/>\n\t<meta name=\"twitter:data1\" content=\"3 minutos\" \/>\n<script type=\"application\/ld+json\" class=\"yoast-schema-graph\">{\"@context\":\"https:\/\/schema.org\",\"@graph\":[{\"@type\":\"Article\",\"@id\":\"https:\/\/www.suno.com.br\/noticias\/colunas\/rodrigo-dias\/evergrande-china\/#article\",\"isPartOf\":{\"@id\":\"https:\/\/www.suno.com.br\/noticias\/colunas\/rodrigo-dias\/evergrande-china\/\"},\"author\":{\"name\":\"Rodrigo Dias\",\"@id\":\"https:\/\/www.suno.com.br\/noticias\/#\/schema\/person\/3ea9c02b91a18c0957118e89c10db0fe\"},\"headline\":\"Desaquecimento na China e o temor com Evergrande\",\"datePublished\":\"2021-09-29T11:00:30+00:00\",\"mainEntityOfPage\":{\"@id\":\"https:\/\/www.suno.com.br\/noticias\/colunas\/rodrigo-dias\/evergrande-china\/\"},\"wordCount\":647,\"publisher\":{\"@id\":\"https:\/\/www.suno.com.br\/noticias\/#organization\"},\"inLanguage\":\"pt-BR\"},{\"@type\":\"WebPage\",\"@id\":\"https:\/\/www.suno.com.br\/noticias\/colunas\/rodrigo-dias\/evergrande-china\/\",\"url\":\"https:\/\/www.suno.com.br\/noticias\/colunas\/rodrigo-dias\/evergrande-china\/\",\"name\":\"Desaquecimento na China e o temor com Evergrande - Suno Not\u00edcias\",\"isPartOf\":{\"@id\":\"https:\/\/www.suno.com.br\/noticias\/#website\"},\"datePublished\":\"2021-09-29T11:00:30+00:00\",\"description\":\"A China vai evitar uma crise a todo custo, tendo em vista as Olimp\u00edadas de Inverno e o processo de recondu\u00e7\u00e3o do Presidente Xi Jinping.\",\"breadcrumb\":{\"@id\":\"https:\/\/www.suno.com.br\/noticias\/colunas\/rodrigo-dias\/evergrande-china\/#breadcrumb\"},\"inLanguage\":\"pt-BR\",\"potentialAction\":[{\"@type\":\"ReadAction\",\"target\":[\"https:\/\/www.suno.com.br\/noticias\/colunas\/rodrigo-dias\/evergrande-china\/\"]}]},{\"@type\":\"BreadcrumbList\",\"@id\":\"https:\/\/www.suno.com.br\/noticias\/colunas\/rodrigo-dias\/evergrande-china\/#breadcrumb\",\"itemListElement\":[{\"@type\":\"ListItem\",\"position\":1,\"name\":\"Not\u00edcias\",\"item\":\"https:\/\/www.suno.com.br\/noticias\/\"},{\"@type\":\"ListItem\",\"position\":2,\"name\":\"Colunas\",\"item\":\"https:\/\/www.suno.com.br\/noticias\/colunas\/\"},{\"@type\":\"ListItem\",\"position\":3,\"name\":\"Desaquecimento na China e o temor com Evergrande\"}]},{\"@type\":\"WebSite\",\"@id\":\"https:\/\/www.suno.com.br\/noticias\/#website\",\"url\":\"https:\/\/www.suno.com.br\/noticias\/\",\"name\":\"Suno Not\u00edcias\",\"description\":\"Seu portal de informa\u00e7\u00e3o sobre o mundo dos investimentos\",\"publisher\":{\"@id\":\"https:\/\/www.suno.com.br\/noticias\/#organization\"},\"potentialAction\":[{\"@type\":\"SearchAction\",\"target\":{\"@type\":\"EntryPoint\",\"urlTemplate\":\"https:\/\/www.suno.com.br\/noticias\/?s={search_term_string}\"},\"query-input\":{\"@type\":\"PropertyValueSpecification\",\"valueRequired\":true,\"valueName\":\"search_term_string\"}}],\"inLanguage\":\"pt-BR\"},{\"@type\":\"Organization\",\"@id\":\"https:\/\/www.suno.com.br\/noticias\/#organization\",\"name\":\"Suno Not\u00edcias\",\"url\":\"https:\/\/www.suno.com.br\/noticias\/\",\"logo\":{\"@type\":\"ImageObject\",\"inLanguage\":\"pt-BR\",\"@id\":\"https:\/\/www.suno.com.br\/noticias\/#\/schema\/logo\/image\/\",\"url\":\"https:\/\/files.sunoresearch.com.br\/n\/uploads\/2021\/09\/suno-logo.png\",\"contentUrl\":\"https:\/\/files.sunoresearch.com.br\/n\/uploads\/2021\/09\/suno-logo.png\",\"width\":180,\"height\":180,\"caption\":\"Suno Not\u00edcias\"},\"image\":{\"@id\":\"https:\/\/www.suno.com.br\/noticias\/#\/schema\/logo\/image\/\"},\"sameAs\":[\"https:\/\/facebook.com\/sunoresearch\",\"https:\/\/x.com\/sunoresearch\",\"https:\/\/www.instagram.com\/suno\",\"https:\/\/www.linkedin.com\/company\/suno-research\/\",\"https:\/\/www.youtube.com\/c\/sunoresearch\"]},{\"@type\":\"Person\",\"@id\":\"https:\/\/www.suno.com.br\/noticias\/#\/schema\/person\/3ea9c02b91a18c0957118e89c10db0fe\",\"name\":\"Rodrigo Dias\",\"image\":{\"@type\":\"ImageObject\",\"inLanguage\":\"pt-BR\",\"@id\":\"https:\/\/www.suno.com.br\/noticias\/#\/schema\/person\/image\/\",\"url\":\"https:\/\/secure.gravatar.com\/avatar\/b29dfdbff3f7d9c83a9ab087f75d6447?s=96&r=g\",\"contentUrl\":\"https:\/\/secure.gravatar.com\/avatar\/b29dfdbff3f7d9c83a9ab087f75d6447?s=96&r=g\",\"caption\":\"Rodrigo Dias\"},\"description\":\"Com mais de 20 anos de experi\u00eancia profissional no mercado financeiro e de capitais, Rodrigo fundou e \u00e9 CEO e CIO da Buti\u00e1 Investimentos.\",\"sameAs\":[\"https:\/\/www.butiainvestimentos.com.br\",\"https:\/\/pt-br.facebook.com\/butiainvestimentos\",\"https:\/\/www.instagram.com\/butiainvest\/\",\"https:\/\/linkedin.com\/in\/rodrigo-d-b82b2b24\",\"https:\/\/www.youtube.com\/channel\/UCng3BUt1Pbl-YZg-P_IPeKg\"],\"url\":\"https:\/\/www.suno.com.br\/noticias\/author\/rodrigo-dias\/\"}]}<\/script>\n<!-- \/ Yoast SEO plugin. -->","yoast_head_json":{"title":"Desaquecimento na China e o temor com Evergrande - Suno Not\u00edcias","description":"A China vai evitar uma crise a todo custo, tendo em vista as Olimp\u00edadas de Inverno e o processo de recondu\u00e7\u00e3o do Presidente Xi Jinping.","robots":{"index":"index","follow":"follow","max-snippet":"max-snippet:-1","max-image-preview":"max-image-preview:large","max-video-preview":"max-video-preview:-1"},"canonical":"https:\/\/www.suno.com.br\/noticias\/colunas\/rodrigo-dias\/evergrande-china\/","og_locale":"pt_BR","og_type":"article","og_title":"Desaquecimento na China e o temor com Evergrande - Suno Not\u00edcias","og_description":"A China vai evitar uma crise a todo custo, tendo em vista as Olimp\u00edadas de Inverno e o processo de recondu\u00e7\u00e3o do Presidente Xi Jinping.","og_url":"https:\/\/www.suno.com.br\/noticias\/colunas\/rodrigo-dias\/evergrande-china\/","og_site_name":"Suno Not\u00edcias","article_publisher":"https:\/\/facebook.com\/sunoresearch","og_image":[{"width":1200,"height":627,"url":"https:\/\/files.sunoresearch.com.br\/n\/uploads\/2022\/06\/Modelo2.jpg","type":"image\/jpeg"}],"twitter_card":"summary_large_image","twitter_site":"@sunoresearch","twitter_misc":{"Est. tempo de leitura":"3 minutos"},"schema":{"@context":"https:\/\/schema.org","@graph":[{"@type":"Article","@id":"https:\/\/www.suno.com.br\/noticias\/colunas\/rodrigo-dias\/evergrande-china\/#article","isPartOf":{"@id":"https:\/\/www.suno.com.br\/noticias\/colunas\/rodrigo-dias\/evergrande-china\/"},"author":{"name":"Rodrigo Dias","@id":"https:\/\/www.suno.com.br\/noticias\/#\/schema\/person\/3ea9c02b91a18c0957118e89c10db0fe"},"headline":"Desaquecimento na China e o temor com Evergrande","datePublished":"2021-09-29T11:00:30+00:00","mainEntityOfPage":{"@id":"https:\/\/www.suno.com.br\/noticias\/colunas\/rodrigo-dias\/evergrande-china\/"},"wordCount":647,"publisher":{"@id":"https:\/\/www.suno.com.br\/noticias\/#organization"},"inLanguage":"pt-BR"},{"@type":"WebPage","@id":"https:\/\/www.suno.com.br\/noticias\/colunas\/rodrigo-dias\/evergrande-china\/","url":"https:\/\/www.suno.com.br\/noticias\/colunas\/rodrigo-dias\/evergrande-china\/","name":"Desaquecimento na China e o temor com Evergrande - Suno Not\u00edcias","isPartOf":{"@id":"https:\/\/www.suno.com.br\/noticias\/#website"},"datePublished":"2021-09-29T11:00:30+00:00","description":"A China vai evitar uma crise a todo custo, tendo em vista as Olimp\u00edadas de Inverno e o processo de recondu\u00e7\u00e3o do Presidente Xi Jinping.","breadcrumb":{"@id":"https:\/\/www.suno.com.br\/noticias\/colunas\/rodrigo-dias\/evergrande-china\/#breadcrumb"},"inLanguage":"pt-BR","potentialAction":[{"@type":"ReadAction","target":["https:\/\/www.suno.com.br\/noticias\/colunas\/rodrigo-dias\/evergrande-china\/"]}]},{"@type":"BreadcrumbList","@id":"https:\/\/www.suno.com.br\/noticias\/colunas\/rodrigo-dias\/evergrande-china\/#breadcrumb","itemListElement":[{"@type":"ListItem","position":1,"name":"Not\u00edcias","item":"https:\/\/www.suno.com.br\/noticias\/"},{"@type":"ListItem","position":2,"name":"Colunas","item":"https:\/\/www.suno.com.br\/noticias\/colunas\/"},{"@type":"ListItem","position":3,"name":"Desaquecimento na China e o temor com Evergrande"}]},{"@type":"WebSite","@id":"https:\/\/www.suno.com.br\/noticias\/#website","url":"https:\/\/www.suno.com.br\/noticias\/","name":"Suno Not\u00edcias","description":"Seu portal de informa\u00e7\u00e3o sobre o mundo dos investimentos","publisher":{"@id":"https:\/\/www.suno.com.br\/noticias\/#organization"},"potentialAction":[{"@type":"SearchAction","target":{"@type":"EntryPoint","urlTemplate":"https:\/\/www.suno.com.br\/noticias\/?s={search_term_string}"},"query-input":{"@type":"PropertyValueSpecification","valueRequired":true,"valueName":"search_term_string"}}],"inLanguage":"pt-BR"},{"@type":"Organization","@id":"https:\/\/www.suno.com.br\/noticias\/#organization","name":"Suno Not\u00edcias","url":"https:\/\/www.suno.com.br\/noticias\/","logo":{"@type":"ImageObject","inLanguage":"pt-BR","@id":"https:\/\/www.suno.com.br\/noticias\/#\/schema\/logo\/image\/","url":"https:\/\/files.sunoresearch.com.br\/n\/uploads\/2021\/09\/suno-logo.png","contentUrl":"https:\/\/files.sunoresearch.com.br\/n\/uploads\/2021\/09\/suno-logo.png","width":180,"height":180,"caption":"Suno Not\u00edcias"},"image":{"@id":"https:\/\/www.suno.com.br\/noticias\/#\/schema\/logo\/image\/"},"sameAs":["https:\/\/facebook.com\/sunoresearch","https:\/\/x.com\/sunoresearch","https:\/\/www.instagram.com\/suno","https:\/\/www.linkedin.com\/company\/suno-research\/","https:\/\/www.youtube.com\/c\/sunoresearch"]},{"@type":"Person","@id":"https:\/\/www.suno.com.br\/noticias\/#\/schema\/person\/3ea9c02b91a18c0957118e89c10db0fe","name":"Rodrigo Dias","image":{"@type":"ImageObject","inLanguage":"pt-BR","@id":"https:\/\/www.suno.com.br\/noticias\/#\/schema\/person\/image\/","url":"https:\/\/secure.gravatar.com\/avatar\/b29dfdbff3f7d9c83a9ab087f75d6447?s=96&r=g","contentUrl":"https:\/\/secure.gravatar.com\/avatar\/b29dfdbff3f7d9c83a9ab087f75d6447?s=96&r=g","caption":"Rodrigo Dias"},"description":"Com mais de 20 anos de experi\u00eancia profissional no mercado financeiro e de capitais, Rodrigo fundou e \u00e9 CEO e CIO da Buti\u00e1 Investimentos.","sameAs":["https:\/\/www.butiainvestimentos.com.br","https:\/\/pt-br.facebook.com\/butiainvestimentos","https:\/\/www.instagram.com\/butiainvest\/","https:\/\/linkedin.com\/in\/rodrigo-d-b82b2b24","https:\/\/www.youtube.com\/channel\/UCng3BUt1Pbl-YZg-P_IPeKg"],"url":"https:\/\/www.suno.com.br\/noticias\/author\/rodrigo-dias\/"}]}},"amp_enabled":true,"_links":{"self":[{"href":"https:\/\/www.suno.com.br\/noticias\/wp-json\/wp\/v2\/suno_column\/188270"}],"collection":[{"href":"https:\/\/www.suno.com.br\/noticias\/wp-json\/wp\/v2\/suno_column"}],"about":[{"href":"https:\/\/www.suno.com.br\/noticias\/wp-json\/wp\/v2\/types\/suno_column"}],"author":[{"embeddable":true,"href":"https:\/\/www.suno.com.br\/noticias\/wp-json\/wp\/v2\/users\/75"}],"wp:attachment":[{"href":"https:\/\/www.suno.com.br\/noticias\/wp-json\/wp\/v2\/media?parent=188270"}],"wp:term":[{"taxonomy":"post_tag","embeddable":true,"href":"https:\/\/www.suno.com.br\/noticias\/wp-json\/wp\/v2\/tags?post=188270"}],"curies":[{"name":"wp","href":"https:\/\/api.w.org\/{rel}","templated":true}]}}