{"id":188265,"date":"2021-09-28T07:26:47","date_gmt":"2021-09-28T10:26:47","guid":{"rendered":"https:\/\/www.suno.com.br\/noticias\/colunas\/natalia-gomez\/"},"modified":"2021-09-28T07:26:47","modified_gmt":"2021-09-28T10:26:47","slug":"crise-hidrica","status":"publish","type":"suno_column","link":"https:\/\/www.suno.com.br\/noticias\/colunas\/vinicius-torres\/crise-hidrica\/","title":{"rendered":"Crise h\u00eddrica de mal a pior: para al\u00e9m do setor energ\u00e9tico"},"content":{"rendered":"<p><span style=\"font-weight: 400;\">Assim como os reservat\u00f3rios h\u00eddricos, o Ibovespa foi impactado recentemente pelas m\u00e1s not\u00edcias sobre a <strong>crise energ\u00e9tica<\/strong>, o que respingou sobre <a href=\"https:\/\/www.suno.com.br\/acoes\/TAEE11\/\">Taesa (TAEE11)<\/a>, <a href=\"http:\/\/EDP Brasil (ENBR3)\">EDP Brasil (ENBR3)<\/a> e <a href=\"https:\/\/www.suno.com.br\/acoes\/CPLE6\/\">Copel (CPLE6)<\/a>.<\/span><\/p>\n\t<p>\n\t\t<a href=\"https:\/\/lp.suno.com.br\/planilha-controle-gastos\/\" target=\"_blank\" data-element=\"shortcode-suno-banner\" title=\"Banner SUNO, clique e saiba mais\">\n\t\t\t<picture>\n\t\t\t\t<source media=\"(max-width: 500px)\" srcset=\"https:\/\/files.sunoresearch.com.br\/n\/uploads\/2023\/03\/400x300-Planilha-controle-de-gastos.png\">\n\t\t\t\t<img class=\"newsContent__article__imgCapa newsContent__article__imgCapa--banner\"\n\t\t\t\t\tsrc=\"https:\/\/files.sunoresearch.com.br\/n\/uploads\/2023\/03\/1420x240-Planilha-controle-de-gastos.png\"\n\t\t\t\t\tdata-promo-id=\"101751\"\t\t\t\t\t\t\t\t\t\twidth='1420' height='240'\t\t\t\t\talt=\"https:\/\/files.sunoresearch.com.br\/n\/uploads\/2023\/03\/1420x240-Planilha-controle-de-gastos.png\"\n\t\t\t\t>\n\t\t\t<\/picture>\n\t\t<\/a>\n\t<\/p>\n\n\n<p><span style=\"font-weight: 400;\">Mesmo assim, muitas empresas do setor ca\u00edram pouco ou ficaram praticamente est\u00e1veis. Como explicar isso? E em rela\u00e7\u00e3o aos outros setores da bolsa? A <strong>crise h\u00eddrica<\/strong> muda algo para eles? Vamos responder a estas quest\u00f5es.<\/span><\/p>\n<p><b>Impacto no mercado em geral<\/b><\/p>\n<p><span style=\"font-weight: 400;\">O que justifica as quedas das empresas de energia na bolsa? A rea\u00e7\u00e3o do mercado foi provocada por declara\u00e7\u00f5es pol\u00eamicas. O Ministro da Economia Paulo Guedes afirmou que h\u00e1 uma crise h\u00eddrica no pa\u00eds, com o governo anunciando novas a\u00e7\u00f5es de conten\u00e7\u00e3o, conferindo compensa\u00e7\u00f5es aos consumidores que reduzirem ao consumo, por exemplo.<\/span><\/p>\n<p><span style=\"font-weight: 400;\">O Comit\u00ea de Monitoramento do Setor El\u00e9trico (CMSE) afirmou no mesmo dia que h\u00e1 uma \u201crelevante piora\u201d das condi\u00e7\u00f5es h\u00eddricas no pa\u00eds, destacando que medidas de conten\u00e7\u00e3o devem ser tomadas. No mesmo sentido, os reservat\u00f3rios de \u00e1gua do Sudeste e Centro-Oeste, que respondem por 70% do abastecimento, j\u00e1 est\u00e3o apenas com 23% da capacidade de armazenamento.<\/span><\/p>\n<p><span style=\"font-weight: 400;\">Assim, o Brasil passa pela <strong>pior seca<\/strong> dos \u00faltimos 91 anos. Isso logicamente afeta a produ\u00e7\u00e3o de energia em hidrel\u00e9tricas em todo o pa\u00eds.<\/span><\/p>\n<p><span style=\"font-weight: 400;\">Nesse contexto, o foco \u00e9 sempre as el\u00e9tricas. Mas ser\u00e1 que em um mercado que as press\u00f5es sempre influenciam ativos em geral, somente elas sofrem?<\/span><\/p>\n<p><span style=\"font-weight: 400;\">Logicamente n\u00e3o. Alguns setores podem ser impactados pela alta do pre\u00e7o da energia, por exemplo. A <a href=\"https:\/\/www.suno.com.br\/acoes\/GOAU4\/\">Metal\u00fargica Gerdau (GOAU4)<\/a> \u00e9 um desses casos, visto que utiliza bastante energia, e com a falta desta, o pre\u00e7o aumenta. Nesse sentido, j\u00e1 foi previsto novo reajuste na bandeira vermelha para setembro.<\/span><\/p>\n<p><span style=\"font-weight: 400;\">Isso pode encarecer as atividades altamente dependentes da energia e, consequentemente, reduzir suas margens de lucro.<\/span><\/p>\n<p><span style=\"font-weight: 400;\">Ainda, outros setores espec\u00edficos podem sofrer diretamente com a mudan\u00e7a, apesar do energ\u00e9tico ter mais visibilidade. O setor agr\u00edcola, que come\u00e7ou a ter alguma participa\u00e7\u00e3o na bolsa recentemente, \u00e9 um desses que tende a sofrer com a falta de chuvas. A <a href=\"https:\/\/www.suno.com.br\/acoes\/SLCE3\/\">SLC Agr\u00edcola (SLCE3),<\/a> produtora brasileira de soja, milho e algod\u00e3o, \u00e9 uma destas.<\/span><\/p>\n<p><span style=\"font-weight: 400;\">Mas vale sempre lembrar que todo momento de crise \u00e9 tamb\u00e9m de oportunidades. Afinal, sempre que o mercado reage mais forte do que apontam os fundamentos, surge um gap relevante.<\/span><\/p>\n\t<p>\n\t\t<a href=\"https:\/\/lp.suno.com.br\/planilha-da-vida-financeira\/\" target=\"_blank\" data-element=\"shortcode-suno-banner\" title=\"Banner SUNO, clique e saiba mais\">\n\t\t\t<picture>\n\t\t\t\t<source media=\"(max-width: 500px)\" srcset=\"https:\/\/files.sunoresearch.com.br\/n\/uploads\/2023\/04\/400x300-Planilha-vida-financeira-true.png\">\n\t\t\t\t<img class=\"newsContent__article__imgCapa newsContent__article__imgCapa--banner\"\n\t\t\t\t\tsrc=\"https:\/\/files.sunoresearch.com.br\/n\/uploads\/2023\/04\/1420x240-Planilha-vida-financeira-true.png\"\n\t\t\t\t\tdata-promo-id=\"106682\"\t\t\t\t\t\t\t\t\t\twidth='1420' height='240'\t\t\t\t\talt=\"https:\/\/files.sunoresearch.com.br\/n\/uploads\/2023\/04\/1420x240-Planilha-vida-financeira-true.png\"\n\t\t\t\t>\n\t\t\t<\/picture>\n\t\t<\/a>\n\t<\/p>\n\n\n<p><b>Setor energ\u00e9tico: o defensivo virou agressivo?<\/b><\/p>\n<p><span style=\"font-weight: 400;\">Falando do t\u00edpico<strong> setor energ\u00e9tico<\/strong>, \u00e9 preciso separar como os setores s\u00e3o impactados de maneira diversa pela escassez h\u00eddrica. As geradoras logicamente s\u00e3o respons\u00e1veis por gerar energia el\u00e9trica. Como possuem contratos que obrigam o fornecimento, sofrem mais com a escassez. Assim, se n\u00e3o forem capazes de gerar a capacidade contratada, devem adquirir e repassar aos consumidores, reduzindo as margens de lucro.<\/span><\/p>\n<p><span style=\"font-weight: 400;\">J\u00e1 as transmissoras fazem a intermedia\u00e7\u00e3o entre a geradora e a distribuidora por meio das linhas de transmiss\u00e3o. \u00c9 o segmento mais seguro para se ter em fun\u00e7\u00e3o de seus contratos com remunera\u00e7\u00e3o fixa e corrigidos pela infla\u00e7\u00e3o. O impacto aqui \u00e9 muito baixo.<\/span><\/p>\n<p><span style=\"font-weight: 400;\">As distribuidoras por sua vez entregam a energia ao consumidor final, podendo repassar custos para este, de forma a minimizar impactos. Assim, com algumas empresas sofrendo menos, pode ser uma boa oportunidade para comprar ativos descontados em segmentos defensivos.<\/span><\/p>\n<p><span style=\"font-weight: 400;\">Por fim, vale ficar atendo \u00e0s empresas que atuam com energia renov\u00e1vel, como solar e e\u00f3lica, e que j\u00e1 vem subindo em bolsa.<\/span><\/p>\n<p><span style=\"font-weight: 400;\">Trata-se, na verdade, n\u00e3o somente de uma tend\u00eancia de curto prazo para substituir a aus\u00eancia de energia proveniente de fontes tradicionais, mas tamb\u00e9m de longo prazo, com um apelo cada vez maior por estas fontes.<\/span><\/p>\n<p><i><span style=\"font-weight: 400;\">Essa coluna tem como \u00fanico prop\u00f3sito fornecer informa\u00e7\u00f5es e n\u00e3o constitui ou deve ser interpretada como uma oferta, solicita\u00e7\u00e3o ou recomenda\u00e7\u00e3o de compra ou venda de qualquer instrumento financeiro ou de participa\u00e7\u00e3o em qualquer estrat\u00e9gia de neg\u00f3cio espec\u00edfica. Possui finalidade meramente informativa, n\u00e3o configurando an\u00e1lise de valores mobili\u00e1rios nos termos da Instru\u00e7\u00e3o CVM N\u00ba 598, e n\u00e3o tendo como objetivo a consultoria, oferta, solicita\u00e7\u00e3o de oferta e\/ou recomenda\u00e7\u00e3o para a compra ou venda de qualquer investimento e\/ou produto espec\u00edfico.<\/span><\/i><\/p>\n\t<p>\n\t\t<a href=\"https:\/\/lp.suno.com.br\/ebook-como-analisar-uma-acao\/\" target=\"_blank\" data-element=\"shortcode-suno-banner\" title=\"Banner SUNO, clique e saiba mais\">\n\t\t\t<picture>\n\t\t\t\t<source media=\"(max-width: 500px)\" srcset=\"https:\/\/files.sunoresearch.com.br\/n\/uploads\/2023\/03\/Ebook-Acoes-Mobile-1.jpg\">\n\t\t\t\t<img class=\"newsContent__article__imgCapa newsContent__article__imgCapa--banner\"\n\t\t\t\t\tsrc=\"https:\/\/files.sunoresearch.com.br\/n\/uploads\/2023\/03\/Ebook-Acoes-Desktop-1.jpg\"\n\t\t\t\t\tdata-promo-id=\"171998\"\t\t\t\t\t\t\t\t\t\twidth='1420' height='286'\t\t\t\t\talt=\"https:\/\/files.sunoresearch.com.br\/n\/uploads\/2023\/03\/Ebook-Acoes-Desktop-1.jpg\"\n\t\t\t\t>\n\t\t\t<\/picture>\n\t\t<\/a>\n\t<\/p>\n\n\n","protected":false},"excerpt":{"rendered":"<p>Assim como os reservat\u00f3rios h\u00eddricos, o Ibovespa foi impactado recentemente pelas m\u00e1s not\u00edcias sobre a crise energ\u00e9tica, o que respingou sobre Taesa (TAEE11), EDP Bras&#8230;<\/p>\n","protected":false},"author":114,"featured_media":0,"template":"","tags":[106435],"class_list":["post-188265","suno_column","type-suno_column","status-publish","hentry","tag-crise-hidrica"],"yoast_head":"<!-- This site is optimized with the Yoast SEO plugin v24.4 - https:\/\/yoast.com\/wordpress\/plugins\/seo\/ -->\n<title>Crise h\u00eddrica de mal a pior: para al\u00e9m do setor energ\u00e9tico - Suno Not\u00edcias<\/title>\n<meta name=\"description\" content=\"Neste artigo, descubra qual \u00e9 o impacto da crise h\u00eddrica sobre os diferentes setores da bolsa, desde empresas el\u00e9tricas at\u00e9 a ind\u00fastria.\" \/>\n<meta name=\"robots\" content=\"index, follow, max-snippet:-1, max-image-preview:large, max-video-preview:-1\" \/>\n<link rel=\"canonical\" href=\"https:\/\/www.suno.com.br\/noticias\/colunas\/vinicius-torres\/crise-hidrica\/\" \/>\n<meta property=\"og:locale\" content=\"pt_BR\" \/>\n<meta property=\"og:type\" content=\"article\" \/>\n<meta property=\"og:title\" content=\"Crise h\u00eddrica de mal a pior: para al\u00e9m do setor energ\u00e9tico - Suno Not\u00edcias\" \/>\n<meta property=\"og:description\" content=\"Neste artigo, descubra qual \u00e9 o impacto da crise h\u00eddrica sobre os diferentes setores da bolsa, desde empresas el\u00e9tricas at\u00e9 a ind\u00fastria.\" \/>\n<meta property=\"og:url\" content=\"https:\/\/www.suno.com.br\/noticias\/colunas\/vinicius-torres\/crise-hidrica\/\" \/>\n<meta property=\"og:site_name\" content=\"Suno Not\u00edcias\" \/>\n<meta property=\"article:publisher\" content=\"https:\/\/facebook.com\/sunoresearch\" \/>\n<meta property=\"og:image\" content=\"https:\/\/files.sunoresearch.com.br\/n\/uploads\/2022\/06\/Modelo2.jpg\" \/>\n\t<meta property=\"og:image:width\" content=\"1200\" \/>\n\t<meta property=\"og:image:height\" content=\"627\" \/>\n\t<meta property=\"og:image:type\" content=\"image\/jpeg\" \/>\n<meta name=\"twitter:card\" content=\"summary_large_image\" \/>\n<meta name=\"twitter:site\" content=\"@sunoresearch\" \/>\n<meta name=\"twitter:label1\" content=\"Est. tempo de leitura\" \/>\n\t<meta name=\"twitter:data1\" content=\"3 minutos\" \/>\n<script type=\"application\/ld+json\" class=\"yoast-schema-graph\">{\"@context\":\"https:\/\/schema.org\",\"@graph\":[{\"@type\":\"Article\",\"@id\":\"https:\/\/www.suno.com.br\/noticias\/colunas\/vinicius-torres\/crise-hidrica\/#article\",\"isPartOf\":{\"@id\":\"https:\/\/www.suno.com.br\/noticias\/colunas\/vinicius-torres\/crise-hidrica\/\"},\"author\":{\"name\":\"Vinicius Torres\",\"@id\":\"https:\/\/www.suno.com.br\/noticias\/#\/schema\/person\/e26a4746d489a8a985039ebf655da56c\"},\"headline\":\"Crise h\u00eddrica de mal a pior: para al\u00e9m do setor energ\u00e9tico\",\"datePublished\":\"2021-09-28T10:26:47+00:00\",\"mainEntityOfPage\":{\"@id\":\"https:\/\/www.suno.com.br\/noticias\/colunas\/vinicius-torres\/crise-hidrica\/\"},\"wordCount\":754,\"publisher\":{\"@id\":\"https:\/\/www.suno.com.br\/noticias\/#organization\"},\"keywords\":[\"crise h\u00eddrica\"],\"inLanguage\":\"pt-BR\"},{\"@type\":\"WebPage\",\"@id\":\"https:\/\/www.suno.com.br\/noticias\/colunas\/vinicius-torres\/crise-hidrica\/\",\"url\":\"https:\/\/www.suno.com.br\/noticias\/colunas\/vinicius-torres\/crise-hidrica\/\",\"name\":\"Crise h\u00eddrica de mal a pior: para al\u00e9m do setor energ\u00e9tico - Suno Not\u00edcias\",\"isPartOf\":{\"@id\":\"https:\/\/www.suno.com.br\/noticias\/#website\"},\"datePublished\":\"2021-09-28T10:26:47+00:00\",\"description\":\"Neste artigo, descubra qual \u00e9 o impacto da crise h\u00eddrica sobre os diferentes setores da bolsa, desde empresas el\u00e9tricas at\u00e9 a ind\u00fastria.\",\"breadcrumb\":{\"@id\":\"https:\/\/www.suno.com.br\/noticias\/colunas\/vinicius-torres\/crise-hidrica\/#breadcrumb\"},\"inLanguage\":\"pt-BR\",\"potentialAction\":[{\"@type\":\"ReadAction\",\"target\":[\"https:\/\/www.suno.com.br\/noticias\/colunas\/vinicius-torres\/crise-hidrica\/\"]}]},{\"@type\":\"BreadcrumbList\",\"@id\":\"https:\/\/www.suno.com.br\/noticias\/colunas\/vinicius-torres\/crise-hidrica\/#breadcrumb\",\"itemListElement\":[{\"@type\":\"ListItem\",\"position\":1,\"name\":\"Not\u00edcias\",\"item\":\"https:\/\/www.suno.com.br\/noticias\/\"},{\"@type\":\"ListItem\",\"position\":2,\"name\":\"Colunas\",\"item\":\"https:\/\/www.suno.com.br\/noticias\/colunas\/\"},{\"@type\":\"ListItem\",\"position\":3,\"name\":\"Crise h\u00eddrica de mal a pior: para al\u00e9m do setor energ\u00e9tico\"}]},{\"@type\":\"WebSite\",\"@id\":\"https:\/\/www.suno.com.br\/noticias\/#website\",\"url\":\"https:\/\/www.suno.com.br\/noticias\/\",\"name\":\"Suno Not\u00edcias\",\"description\":\"Seu portal de informa\u00e7\u00e3o sobre o mundo dos investimentos\",\"publisher\":{\"@id\":\"https:\/\/www.suno.com.br\/noticias\/#organization\"},\"potentialAction\":[{\"@type\":\"SearchAction\",\"target\":{\"@type\":\"EntryPoint\",\"urlTemplate\":\"https:\/\/www.suno.com.br\/noticias\/?s={search_term_string}\"},\"query-input\":{\"@type\":\"PropertyValueSpecification\",\"valueRequired\":true,\"valueName\":\"search_term_string\"}}],\"inLanguage\":\"pt-BR\"},{\"@type\":\"Organization\",\"@id\":\"https:\/\/www.suno.com.br\/noticias\/#organization\",\"name\":\"Suno Not\u00edcias\",\"url\":\"https:\/\/www.suno.com.br\/noticias\/\",\"logo\":{\"@type\":\"ImageObject\",\"inLanguage\":\"pt-BR\",\"@id\":\"https:\/\/www.suno.com.br\/noticias\/#\/schema\/logo\/image\/\",\"url\":\"https:\/\/files.sunoresearch.com.br\/n\/uploads\/2021\/09\/suno-logo.png\",\"contentUrl\":\"https:\/\/files.sunoresearch.com.br\/n\/uploads\/2021\/09\/suno-logo.png\",\"width\":180,\"height\":180,\"caption\":\"Suno Not\u00edcias\"},\"image\":{\"@id\":\"https:\/\/www.suno.com.br\/noticias\/#\/schema\/logo\/image\/\"},\"sameAs\":[\"https:\/\/facebook.com\/sunoresearch\",\"https:\/\/x.com\/sunoresearch\",\"https:\/\/www.instagram.com\/suno\",\"https:\/\/www.linkedin.com\/company\/suno-research\/\",\"https:\/\/www.youtube.com\/c\/sunoresearch\"]},{\"@type\":\"Person\",\"@id\":\"https:\/\/www.suno.com.br\/noticias\/#\/schema\/person\/e26a4746d489a8a985039ebf655da56c\",\"name\":\"Vinicius Torres\",\"image\":{\"@type\":\"ImageObject\",\"inLanguage\":\"pt-BR\",\"@id\":\"https:\/\/www.suno.com.br\/noticias\/#\/schema\/person\/image\/\",\"url\":\"https:\/\/secure.gravatar.com\/avatar\/f34cdf7d729c2e441421021e605ae60a?s=96&r=g\",\"contentUrl\":\"https:\/\/secure.gravatar.com\/avatar\/f34cdf7d729c2e441421021e605ae60a?s=96&r=g\",\"caption\":\"Vinicius Torres\"},\"description\":\"Gestor certificado pela ANBIMA, CFA Level 2 Candidate. Possui 10 anos de experi\u00eancia no mercado financeiro, com passagem por Stock Picking e Portfolio Management. Atualmente atua na \u00e1rea de Portfolio Solutions na APX Invest como Head de Renda Vari\u00e1vel.\",\"sameAs\":[\"https:\/\/www.linkedin.com\/in\/vinicius-torres-cga\/\",\"https:\/\/www.instagram.com\/viniciusctorres\",\"https:\/\/x.com\/torrescvinicius\"],\"url\":\"https:\/\/www.suno.com.br\/noticias\/author\/vinicius-torres\/\"}]}<\/script>\n<!-- \/ Yoast SEO plugin. -->","yoast_head_json":{"title":"Crise h\u00eddrica de mal a pior: para al\u00e9m do setor energ\u00e9tico - Suno Not\u00edcias","description":"Neste artigo, descubra qual \u00e9 o impacto da crise h\u00eddrica sobre os diferentes setores da bolsa, desde empresas el\u00e9tricas at\u00e9 a ind\u00fastria.","robots":{"index":"index","follow":"follow","max-snippet":"max-snippet:-1","max-image-preview":"max-image-preview:large","max-video-preview":"max-video-preview:-1"},"canonical":"https:\/\/www.suno.com.br\/noticias\/colunas\/vinicius-torres\/crise-hidrica\/","og_locale":"pt_BR","og_type":"article","og_title":"Crise h\u00eddrica de mal a pior: para al\u00e9m do setor energ\u00e9tico - Suno Not\u00edcias","og_description":"Neste artigo, descubra qual \u00e9 o impacto da crise h\u00eddrica sobre os diferentes setores da bolsa, desde empresas el\u00e9tricas at\u00e9 a ind\u00fastria.","og_url":"https:\/\/www.suno.com.br\/noticias\/colunas\/vinicius-torres\/crise-hidrica\/","og_site_name":"Suno Not\u00edcias","article_publisher":"https:\/\/facebook.com\/sunoresearch","og_image":[{"width":1200,"height":627,"url":"https:\/\/files.sunoresearch.com.br\/n\/uploads\/2022\/06\/Modelo2.jpg","type":"image\/jpeg"}],"twitter_card":"summary_large_image","twitter_site":"@sunoresearch","twitter_misc":{"Est. tempo de leitura":"3 minutos"},"schema":{"@context":"https:\/\/schema.org","@graph":[{"@type":"Article","@id":"https:\/\/www.suno.com.br\/noticias\/colunas\/vinicius-torres\/crise-hidrica\/#article","isPartOf":{"@id":"https:\/\/www.suno.com.br\/noticias\/colunas\/vinicius-torres\/crise-hidrica\/"},"author":{"name":"Vinicius Torres","@id":"https:\/\/www.suno.com.br\/noticias\/#\/schema\/person\/e26a4746d489a8a985039ebf655da56c"},"headline":"Crise h\u00eddrica de mal a pior: para al\u00e9m do setor energ\u00e9tico","datePublished":"2021-09-28T10:26:47+00:00","mainEntityOfPage":{"@id":"https:\/\/www.suno.com.br\/noticias\/colunas\/vinicius-torres\/crise-hidrica\/"},"wordCount":754,"publisher":{"@id":"https:\/\/www.suno.com.br\/noticias\/#organization"},"keywords":["crise h\u00eddrica"],"inLanguage":"pt-BR"},{"@type":"WebPage","@id":"https:\/\/www.suno.com.br\/noticias\/colunas\/vinicius-torres\/crise-hidrica\/","url":"https:\/\/www.suno.com.br\/noticias\/colunas\/vinicius-torres\/crise-hidrica\/","name":"Crise h\u00eddrica de mal a pior: para al\u00e9m do setor energ\u00e9tico - Suno Not\u00edcias","isPartOf":{"@id":"https:\/\/www.suno.com.br\/noticias\/#website"},"datePublished":"2021-09-28T10:26:47+00:00","description":"Neste artigo, descubra qual \u00e9 o impacto da crise h\u00eddrica sobre os diferentes setores da bolsa, desde empresas el\u00e9tricas at\u00e9 a ind\u00fastria.","breadcrumb":{"@id":"https:\/\/www.suno.com.br\/noticias\/colunas\/vinicius-torres\/crise-hidrica\/#breadcrumb"},"inLanguage":"pt-BR","potentialAction":[{"@type":"ReadAction","target":["https:\/\/www.suno.com.br\/noticias\/colunas\/vinicius-torres\/crise-hidrica\/"]}]},{"@type":"BreadcrumbList","@id":"https:\/\/www.suno.com.br\/noticias\/colunas\/vinicius-torres\/crise-hidrica\/#breadcrumb","itemListElement":[{"@type":"ListItem","position":1,"name":"Not\u00edcias","item":"https:\/\/www.suno.com.br\/noticias\/"},{"@type":"ListItem","position":2,"name":"Colunas","item":"https:\/\/www.suno.com.br\/noticias\/colunas\/"},{"@type":"ListItem","position":3,"name":"Crise h\u00eddrica de mal a pior: para al\u00e9m do setor energ\u00e9tico"}]},{"@type":"WebSite","@id":"https:\/\/www.suno.com.br\/noticias\/#website","url":"https:\/\/www.suno.com.br\/noticias\/","name":"Suno Not\u00edcias","description":"Seu portal de informa\u00e7\u00e3o sobre o mundo dos investimentos","publisher":{"@id":"https:\/\/www.suno.com.br\/noticias\/#organization"},"potentialAction":[{"@type":"SearchAction","target":{"@type":"EntryPoint","urlTemplate":"https:\/\/www.suno.com.br\/noticias\/?s={search_term_string}"},"query-input":{"@type":"PropertyValueSpecification","valueRequired":true,"valueName":"search_term_string"}}],"inLanguage":"pt-BR"},{"@type":"Organization","@id":"https:\/\/www.suno.com.br\/noticias\/#organization","name":"Suno Not\u00edcias","url":"https:\/\/www.suno.com.br\/noticias\/","logo":{"@type":"ImageObject","inLanguage":"pt-BR","@id":"https:\/\/www.suno.com.br\/noticias\/#\/schema\/logo\/image\/","url":"https:\/\/files.sunoresearch.com.br\/n\/uploads\/2021\/09\/suno-logo.png","contentUrl":"https:\/\/files.sunoresearch.com.br\/n\/uploads\/2021\/09\/suno-logo.png","width":180,"height":180,"caption":"Suno Not\u00edcias"},"image":{"@id":"https:\/\/www.suno.com.br\/noticias\/#\/schema\/logo\/image\/"},"sameAs":["https:\/\/facebook.com\/sunoresearch","https:\/\/x.com\/sunoresearch","https:\/\/www.instagram.com\/suno","https:\/\/www.linkedin.com\/company\/suno-research\/","https:\/\/www.youtube.com\/c\/sunoresearch"]},{"@type":"Person","@id":"https:\/\/www.suno.com.br\/noticias\/#\/schema\/person\/e26a4746d489a8a985039ebf655da56c","name":"Vinicius Torres","image":{"@type":"ImageObject","inLanguage":"pt-BR","@id":"https:\/\/www.suno.com.br\/noticias\/#\/schema\/person\/image\/","url":"https:\/\/secure.gravatar.com\/avatar\/f34cdf7d729c2e441421021e605ae60a?s=96&r=g","contentUrl":"https:\/\/secure.gravatar.com\/avatar\/f34cdf7d729c2e441421021e605ae60a?s=96&r=g","caption":"Vinicius Torres"},"description":"Gestor certificado pela ANBIMA, CFA Level 2 Candidate. Possui 10 anos de experi\u00eancia no mercado financeiro, com passagem por Stock Picking e Portfolio Management. Atualmente atua na \u00e1rea de Portfolio Solutions na APX Invest como Head de Renda Vari\u00e1vel.","sameAs":["https:\/\/www.linkedin.com\/in\/vinicius-torres-cga\/","https:\/\/www.instagram.com\/viniciusctorres","https:\/\/x.com\/torrescvinicius"],"url":"https:\/\/www.suno.com.br\/noticias\/author\/vinicius-torres\/"}]}},"amp_enabled":true,"_links":{"self":[{"href":"https:\/\/www.suno.com.br\/noticias\/wp-json\/wp\/v2\/suno_column\/188265"}],"collection":[{"href":"https:\/\/www.suno.com.br\/noticias\/wp-json\/wp\/v2\/suno_column"}],"about":[{"href":"https:\/\/www.suno.com.br\/noticias\/wp-json\/wp\/v2\/types\/suno_column"}],"author":[{"embeddable":true,"href":"https:\/\/www.suno.com.br\/noticias\/wp-json\/wp\/v2\/users\/114"}],"wp:attachment":[{"href":"https:\/\/www.suno.com.br\/noticias\/wp-json\/wp\/v2\/media?parent=188265"}],"wp:term":[{"taxonomy":"post_tag","embeddable":true,"href":"https:\/\/www.suno.com.br\/noticias\/wp-json\/wp\/v2\/tags?post=188265"}],"curies":[{"name":"wp","href":"https:\/\/api.w.org\/{rel}","templated":true}]}}