{"id":188263,"date":"2021-10-06T08:27:08","date_gmt":"2021-10-06T11:27:08","guid":{"rendered":"https:\/\/www.suno.com.br\/noticias\/colunas\/natalia-gomez\/"},"modified":"2021-10-06T08:27:08","modified_gmt":"2021-10-06T11:27:08","slug":"estagflacao-nao-ocorrera","status":"publish","type":"suno_column","link":"https:\/\/www.suno.com.br\/noticias\/colunas\/lucas-pedrosa\/estagflacao-nao-ocorrera\/","title":{"rendered":"O Brasil n\u00e3o caminha para a estagfla\u00e7\u00e3o: por que podemos ser mais otimistas"},"content":{"rendered":"<p>O brasileiro est\u00e1 sendo bombardeado todos os dias com reportagens de grandes redes de comunica\u00e7\u00e3o e artigos de formadores de opini\u00e3o do mercado sobre a \u201cinescap\u00e1vel <strong>estagfla\u00e7\u00e3o<\/strong>\u201d \u2013 a ideia de que o Brasil ir\u00e1 vivenciar um per\u00edodo de baixo crescimento econ\u00f4mico aliado a altas taxas de infla\u00e7\u00e3o no pr\u00f3ximo ano.<\/p>\n\t<p>\n\t\t<a href=\"https:\/\/lp.suno.com.br\/planilha-controle-gastos\/\" target=\"_blank\" data-element=\"shortcode-suno-banner\" title=\"Banner SUNO, clique e saiba mais\">\n\t\t\t<picture>\n\t\t\t\t<source media=\"(max-width: 500px)\" srcset=\"https:\/\/files.sunoresearch.com.br\/n\/uploads\/2023\/03\/400x300-Planilha-controle-de-gastos.png\">\n\t\t\t\t<img class=\"newsContent__article__imgCapa newsContent__article__imgCapa--banner\"\n\t\t\t\t\tsrc=\"https:\/\/files.sunoresearch.com.br\/n\/uploads\/2023\/03\/1420x240-Planilha-controle-de-gastos.png\"\n\t\t\t\t\tdata-promo-id=\"101751\"\t\t\t\t\t\t\t\t\t\twidth='1420' height='240'\t\t\t\t\talt=\"https:\/\/files.sunoresearch.com.br\/n\/uploads\/2023\/03\/1420x240-Planilha-controle-de-gastos.png\"\n\t\t\t\t>\n\t\t\t<\/picture>\n\t\t<\/a>\n\t<\/p>\n\n\n<p>Isso por conta da pol\u00edtica de aumento da <a href=\"https:\/\/www.suno.com.br\/artigos\/taxa-selic\/\"><strong>taxa Selic<\/strong> <\/a>pelo Banco Central, aliada \u00e0 baixa oferta e posterior expans\u00e3o do consumo esperada ao fim da pandemia.<\/p>\n<p>Entretanto, estas expectativas talvez estejam sendo superdimensionadas e a estagfla\u00e7\u00e3o t\u00e3o aguardada, que coloca medo em todos, provavelmente n\u00e3o ocorrer\u00e1. Recordo-me que logo no come\u00e7o da pandemia do coronav\u00edrus, eu falava para os mais chegados sobre a infla\u00e7\u00e3o. Dizia que seria de dois d\u00edgitos e que chegaria ao Brasil e aos pa\u00edses que fecharam o com\u00e9rcio.<\/p>\n<p>Afinal, estava acontecendo uma supress\u00e3o gigantesca de oferta, com o fechamento de todos os servi\u00e7os n\u00e3o essenciais, assim como tamb\u00e9m, a popula\u00e7\u00e3o perdeu renda e ao mesmo tempo<br \/>\nelevou consubstancialmente sua taxa de poupan\u00e7a.<\/p>\n<p>Estes fatores, em um primeiro momento, fariam com que houvesse pandemia e ao mesmo tempo n\u00e3o existisse <strong>infla\u00e7\u00e3o.<\/strong> Todavia, com a reabertura do com\u00e9rcio, a expectativa da vida voltando ao normal e o aumento da<a href=\"https:\/\/www.suno.com.br\/artigos\/confianca-do-consumidor\/\"> confian\u00e7a do consumidor<\/a>, a economia se reaqueceria rapidamente, enquanto a oferta de bens e servi\u00e7os levaria um tempo maior para se recompor.<\/p>\n<p>Afinal, \u00e9 muito f\u00e1cil fazer uma determinada atividade produtiva parar, mas faz\u00ea-la voltar a funcionar como antes, depois de muito tempo operando bem abaixo do seu n\u00edvel normal, \u00e9 uma tarefa herc\u00falea. Assim, haveria no m\u00e9dio prazo uma infla\u00e7\u00e3o que eu acreditava \u00e0 \u00e9poca que chegaria a dois d\u00edgitos \u2013 pouco mais de 10%.<\/p>\n<p>Essa an\u00e1lise era bem trivial. Para testar sua validade emp\u00edrica, bastaria observar o que ocorreu com a economia mundial nas duas Guerras Mundiais.<\/p>\n\t<p>\n\t\t<a href=\"https:\/\/lp.suno.com.br\/planilha-da-vida-financeira\/\" target=\"_blank\" data-element=\"shortcode-suno-banner\" title=\"Banner SUNO, clique e saiba mais\">\n\t\t\t<picture>\n\t\t\t\t<source media=\"(max-width: 500px)\" srcset=\"https:\/\/files.sunoresearch.com.br\/n\/uploads\/2023\/04\/400x300-Planilha-vida-financeira-true.png\">\n\t\t\t\t<img class=\"newsContent__article__imgCapa newsContent__article__imgCapa--banner\"\n\t\t\t\t\tsrc=\"https:\/\/files.sunoresearch.com.br\/n\/uploads\/2023\/04\/1420x240-Planilha-vida-financeira-true.png\"\n\t\t\t\t\tdata-promo-id=\"106682\"\t\t\t\t\t\t\t\t\t\twidth='1420' height='240'\t\t\t\t\talt=\"https:\/\/files.sunoresearch.com.br\/n\/uploads\/2023\/04\/1420x240-Planilha-vida-financeira-true.png\"\n\t\t\t\t>\n\t\t\t<\/picture>\n\t\t<\/a>\n\t<\/p>\n\n\n<p>Durante os conflitos, assim como ocorreu com a pandemia, a <strong>produ\u00e7\u00e3o de bens e servi\u00e7os<\/strong> n\u00e3o essenciais foi suprimida, fazendo com que os esfor\u00e7os produtivos se direcionassem para as<br \/>\nnecessidades da guerra. Com a guerra, a popula\u00e7\u00e3o, que n\u00e3o tinha certeza sobre seu futuro, decidiu elevar a sua poupan\u00e7a e isso contribuiu para que n\u00e3o houvesse infla\u00e7\u00e3o significante durante o conflito.<\/p>\n<p>Contudo, ao fim das guerras, a taxa de consumo voltou aos patamares normais, enquanto a produ\u00e7\u00e3o de bens e servi\u00e7os levou algum tempo para \u201cpegar no tranco\u201d. Isso causou infla\u00e7\u00f5es de dois d\u00edgitos \u00e0 \u00e9poca para a maioria dos pa\u00edses afetados pelos conflitos.<\/p>\n<p>Atualmente, o medo de estagfla\u00e7\u00e3o voltou a assombrar o brasileiro \u2013 a ideia de que vai haver um crescimento menor da <strong>economia<\/strong> e uma infla\u00e7\u00e3o maior. Todavia, creio que essa an\u00e1lise est\u00e1 sendo por demais pessimista.<\/p>\n<p>O principal ponto de acredita\u00e7\u00e3o no <strong>baixo crescimento<\/strong> para o ano que vem \u00e9 o n\u00edvel da taxa Selic. A taxa serve para controlar a infla\u00e7\u00e3o. Ent\u00e3o, em uma situa\u00e7\u00e3o de enfraquecimento da infla\u00e7\u00e3o, essa taxa voltaria a baixos n\u00edveis e um dos grandes fatores que barraria o crescimento\u00a0seria derrocado. Da\u00ed, ao mesmo tempo, se teria uma situa\u00e7\u00e3o de bom crescimento aliado a uma baixa infla\u00e7\u00e3o.<\/p>\n<p>Sendo assim, o ponto de debate nosso aqui \u00e9 um: a infla\u00e7\u00e3o ser\u00e1 controlada ou n\u00e3o nos pr\u00f3ximos meses?<\/p>\n<p>Apesar de muitos responderem \u201cn\u00e3o\u201d, irei em linha contr\u00e1ria. Acredito que a infla\u00e7\u00e3o ficar\u00e1 mais controlada nos pr\u00f3ximos meses e isso garantir\u00e1 um crescimento moderado e uma infla\u00e7\u00e3o\u00a0 reduzida.<\/p>\n<p>Um dos motivos em que embaso essa cren\u00e7a \u00e9 o fato dos setores de alimenta\u00e7\u00e3o, bebidas e transportes terem quase 40% de peso no c\u00e1lculo do <strong>IPCA<\/strong>. Al\u00e9m de que, alimenta\u00e7\u00e3o e transporte s\u00e3o insumos b\u00e1sicos de qualquer cadeia produtiva. Desta forma, o encarecimento desses insumos tem influ\u00eancia em provocar uma \u201cinfla\u00e7\u00e3o de rebote\u201d nos demais setores.<\/p>\n<p>O consumo de itens do setor de alimenta\u00e7\u00e3o e bebidas se manteve relativamente constante desde o come\u00e7o da pandemia, devido a sua inelasticidade no que diz respeito \u00e0 renda e aos pre\u00e7os \u2013 quando a renda ou os pre\u00e7os dos alimentos mudam, ainda assim a sua demanda muda pouco. O setor de transportes, entretanto, tendeu ao aumento conforme se foi saindo da pandemia, afinal, ocorreram mais viagens.<\/p>\n\t<p>\n\t\t<a href=\"https:\/\/lp.suno.com.br\/ebook-como-analisar-uma-acao\/\" target=\"_blank\" data-element=\"shortcode-suno-banner\" title=\"Banner SUNO, clique e saiba mais\">\n\t\t\t<picture>\n\t\t\t\t<source media=\"(max-width: 500px)\" srcset=\"https:\/\/files.sunoresearch.com.br\/n\/uploads\/2023\/03\/Ebook-Acoes-Mobile-1.jpg\">\n\t\t\t\t<img class=\"newsContent__article__imgCapa newsContent__article__imgCapa--banner\"\n\t\t\t\t\tsrc=\"https:\/\/files.sunoresearch.com.br\/n\/uploads\/2023\/03\/Ebook-Acoes-Desktop-1.jpg\"\n\t\t\t\t\tdata-promo-id=\"171998\"\t\t\t\t\t\t\t\t\t\twidth='1420' height='286'\t\t\t\t\talt=\"https:\/\/files.sunoresearch.com.br\/n\/uploads\/2023\/03\/Ebook-Acoes-Desktop-1.jpg\"\n\t\t\t\t>\n\t\t\t<\/picture>\n\t\t<\/a>\n\t<\/p>\n\n\n<p>Todavia, o aumento de consumo no setor n\u00e3o \u00e9 expressivo o suficiente para justificar o aumento elevado do<strong> pre\u00e7o<\/strong>. Al\u00e9m do mais, o setor de transporte tamb\u00e9m \u00e9 um insumo da cadeia de produ\u00e7\u00e3o de alimentos e bebidas, assim, o aumento de um provoca uma infla\u00e7\u00e3o de rebote no outro.<\/p>\n<p>A infla\u00e7\u00e3o no setor aliment\u00edcio, que acarreta forte press\u00e3o na infla\u00e7\u00e3o nacional medida, em partes, se deve ao aumento do d\u00f3lar, isto \u00e9, com a desvaloriza\u00e7\u00e3o do real, a exporta\u00e7\u00e3o de alimentos e bebidas aumenta, fazendo com que a oferta interna desse bens seja menor, elevando o pre\u00e7o.<\/p>\n<p>Para os combust\u00edveis, o aumento est\u00e1 relacionado ao <strong>d\u00f3lar<\/strong>. Se o d\u00f3lar aumenta, o custo da importa\u00e7\u00e3o de combust\u00edveis para uso nos transportes tamb\u00e9m aumenta, alimentando a infla\u00e7\u00e3o.<\/p>\n<p>Todavia, a desvaloriza\u00e7\u00e3o do real frente ao d\u00f3lar pode ter chegado ao fim. Diante de toda a turbul\u00eancia que se vive, as expectativas para as reformas e a elei\u00e7\u00e3o do ano que vem, o c\u00e2mbio j\u00e1 resta precificado pelo mercado. Afinal, o c\u00e2mbio esperado para o fim do ano que v\u00eam est\u00e1 em linha com a nossa taxa atual.<\/p>\n<p>Assim, diante dessa situa\u00e7\u00e3o, a grande aposta no retorno de uma infla\u00e7\u00e3o ano que vem seria um cen\u00e1rio eleitoral imensamente inst\u00e1vel, coisa que o mercado j\u00e1 resta precificado e n\u00e3o precisamos nos preocupar.<\/p>\n<p>Desta forma, podemos dizer que n\u00e3o vamos ter num futuro pr\u00f3ximo, aumento expressivo do d\u00f3lar, o que acabar\u00e1 segurando o recrudescimento<strong> inflacion\u00e1rio<\/strong> de ent\u00e3o. Isto, aliado ao recente aumento das taxas de juros pelo Banco Central, tendem a segurar a infla\u00e7\u00e3o.<\/p>\n<p>Al\u00e9m do mais, outro argumento dos que apostam na estagfla\u00e7\u00e3o \u00e9 o fato de que no retorno completo ao normal, com o fim da pandemia, o consumo aumentar\u00e1 expressivamente e a oferta n\u00e3o corresponder\u00e1 em aumento. Todavia, essa \u00e9 uma an\u00e1lise que precisa de maior aprofundamento.<\/p>\n\t<p>\n\t\t<a href=\"https:\/\/lp.suno.com.br\/planilha-de-controle-de-investimentos\/\" target=\"_blank\" data-element=\"shortcode-suno-banner\" title=\"Banner SUNO, clique e saiba mais\">\n\t\t\t<picture>\n\t\t\t\t<source media=\"(max-width: 500px)\" srcset=\"https:\/\/files.sunoresearch.com.br\/n\/uploads\/2023\/03\/400x300-Controle-de-Investimentos.png\">\n\t\t\t\t<img class=\"newsContent__article__imgCapa newsContent__article__imgCapa--banner\"\n\t\t\t\t\tsrc=\"https:\/\/files.sunoresearch.com.br\/n\/uploads\/2023\/03\/1420x240-Controle-de-Investimentos.png\"\n\t\t\t\t\tdata-promo-id=\"75934\"\t\t\t\t\t\t\t\t\t\twidth='1420' height='240'\t\t\t\t\talt=\"https:\/\/files.sunoresearch.com.br\/n\/uploads\/2023\/03\/1420x240-Controle-de-Investimentos.png\"\n\t\t\t\t>\n\t\t\t<\/picture>\n\t\t<\/a>\n\t<\/p>\n\n\n<p>Com o fim da pandemia, o <strong>setor de alimenta\u00e7\u00e3o<\/strong> e bebidas tende a continuar na mesma toada, devido a sua inelasticidade. Para o setor de transportes, muitos acreditam num aumento da demanda, contudo, vale lembrar que as mudan\u00e7as no sentido de home office e reuni\u00f5es de neg\u00f3cios por videoconfer\u00eancias s\u00e3o coisas que muito provavelmente vieram pra ficar.<\/p>\n<p>Assim, as viagens a neg\u00f3cio ou transporte para o trabalho tendem a continuar aproximadamente com a mesma demanda da atualidade, o que n\u00e3o sobrecarregaria o setor. Todavia, de fato, a tend\u00eancia do uso dos transportes para o turismo de lazer pode aumentar.<\/p>\n<p>Nessa situa\u00e7\u00e3o, haveria mais uso da capacidade hoje ociosa no transporte a\u00e9reo, assim como mais utiliza\u00e7\u00e3o da ociosidade do setor hoteleiro, n\u00e3o precisando necessariamente um aumento de oferta para suprir o aumento de demanda.<\/p>\n<p>Al\u00e9m do mais, o grande carro-chefe da retomada da economia p\u00f3s-pand\u00eamica \u00e9 o setor de shows e eventos. O setor hoje resta praticamente ocioso, entretanto, ter\u00e1 sua <strong>capacidade<\/strong> utilizada no seu retorno. Assim, parte da renda que estava em poupan\u00e7a ou estava sendo destinada para outros setores, ser\u00e1 direcionada para um setor que est\u00e1, no momento, com ociosidade.<\/p>\n<p>Ademais, o retorno do turismo de lazer e do setores de shows e eventos poder\u00e1 contribuir significantemente para o crescimento do PIB brasileiro no ano que vem.<\/p>\n<p>Desta forma, muito provavelmente a infla\u00e7\u00e3o ser\u00e1 de fato alta somente neste ano, entretanto, no ano que vem, ela tender\u00e1 \u00e0 voltar para dentro da meta. Da forma semelhante, o <strong>PIB<\/strong> tender\u00e1 a ter um crescimento ano que vem, embora ainda pequeno.<\/p>\n<p>Claramente, gostar\u00edamos de poder esperar mais, no entanto, um crescimento mais robusto da economia brasileira s\u00f3 vira ap\u00f3s realizadas as grandes <strong>reformas<\/strong> institucionais e econ\u00f4micas.<\/p>\n\t<p>\n\t\t<a href=\"\" target=\"_blank\" data-element=\"shortcode-suno-banner\" title=\"Banner SUNO, clique e saiba mais\">\n\t\t\t<picture>\n\t\t\t\t<source media=\"(max-width: 500px)\" srcset=\"\">\n\t\t\t\t<img class=\"newsContent__article__imgCapa newsContent__article__imgCapa--banner\"\n\t\t\t\t\tsrc=\"\"\n\t\t\t\t\tdata-promo-id=\"184190\"\t\t\t\t\t\t\t\t\t\t\t\t\t\t\talt=\"\"\n\t\t\t\t>\n\t\t\t<\/picture>\n\t\t<\/a>\n\t<\/p>\n\n\n","protected":false},"excerpt":{"rendered":"<p>O brasileiro est\u00e1 sendo bombardeado todos os dias com reportagens de grandes redes de comunica\u00e7\u00e3o e artigos de formadores de opini\u00e3o do mercado sobre a \u201cinescap\u00e1vel es&#8230;<\/p>\n","protected":false},"author":124,"featured_media":0,"template":"","tags":[850],"class_list":["post-188263","suno_column","type-suno_column","status-publish","hentry","tag-inflacao"],"yoast_head":"<!-- This site is optimized with the Yoast SEO plugin v24.4 - https:\/\/yoast.com\/wordpress\/plugins\/seo\/ -->\n<title>O Brasil n\u00e3o caminha para a estagfla\u00e7\u00e3o: por que podemos ser mais otimistas - Suno Not\u00edcias<\/title>\n<meta name=\"description\" content=\"Leia este artigo para saber por que a estagfla\u00e7\u00e3o, t\u00e3o falada e temida por todos nos \u00faltimos tempos, n\u00e3o dever\u00e1 se concretizar.\" \/>\n<meta name=\"robots\" content=\"index, follow, max-snippet:-1, max-image-preview:large, max-video-preview:-1\" \/>\n<link rel=\"canonical\" href=\"https:\/\/www.suno.com.br\/noticias\/colunas\/lucas-pedrosa\/estagflacao-nao-ocorrera\/\" \/>\n<meta property=\"og:locale\" content=\"pt_BR\" \/>\n<meta property=\"og:type\" content=\"article\" \/>\n<meta property=\"og:title\" content=\"O Brasil n\u00e3o caminha para a estagfla\u00e7\u00e3o: por que podemos ser mais otimistas - Suno Not\u00edcias\" \/>\n<meta property=\"og:description\" content=\"Leia este artigo para saber por que a estagfla\u00e7\u00e3o, t\u00e3o falada e temida por todos nos \u00faltimos tempos, n\u00e3o dever\u00e1 se concretizar.\" \/>\n<meta property=\"og:url\" content=\"https:\/\/www.suno.com.br\/noticias\/colunas\/lucas-pedrosa\/estagflacao-nao-ocorrera\/\" \/>\n<meta property=\"og:site_name\" content=\"Suno Not\u00edcias\" \/>\n<meta property=\"article:publisher\" content=\"https:\/\/facebook.com\/sunoresearch\" \/>\n<meta property=\"og:image\" content=\"https:\/\/files.sunoresearch.com.br\/n\/uploads\/2022\/06\/Modelo2.jpg\" \/>\n\t<meta property=\"og:image:width\" content=\"1200\" \/>\n\t<meta property=\"og:image:height\" content=\"627\" \/>\n\t<meta property=\"og:image:type\" content=\"image\/jpeg\" \/>\n<meta name=\"twitter:card\" content=\"summary_large_image\" \/>\n<meta name=\"twitter:site\" content=\"@sunoresearch\" \/>\n<meta name=\"twitter:label1\" content=\"Est. tempo de leitura\" \/>\n\t<meta name=\"twitter:data1\" content=\"6 minutos\" \/>\n<script type=\"application\/ld+json\" class=\"yoast-schema-graph\">{\"@context\":\"https:\/\/schema.org\",\"@graph\":[{\"@type\":\"Article\",\"@id\":\"https:\/\/www.suno.com.br\/noticias\/colunas\/lucas-pedrosa\/estagflacao-nao-ocorrera\/#article\",\"isPartOf\":{\"@id\":\"https:\/\/www.suno.com.br\/noticias\/colunas\/lucas-pedrosa\/estagflacao-nao-ocorrera\/\"},\"author\":{\"name\":\"Lucas Pedrosa\",\"@id\":\"https:\/\/www.suno.com.br\/noticias\/#\/schema\/person\/759a7b1ac843dbffd94dac7b7d7aa5ee\"},\"headline\":\"O Brasil n\u00e3o caminha para a estagfla\u00e7\u00e3o: por que podemos ser mais otimistas\",\"datePublished\":\"2021-10-06T11:27:08+00:00\",\"mainEntityOfPage\":{\"@id\":\"https:\/\/www.suno.com.br\/noticias\/colunas\/lucas-pedrosa\/estagflacao-nao-ocorrera\/\"},\"wordCount\":1429,\"publisher\":{\"@id\":\"https:\/\/www.suno.com.br\/noticias\/#organization\"},\"keywords\":[\"infla\u00e7\u00e3o\"],\"inLanguage\":\"pt-BR\"},{\"@type\":\"WebPage\",\"@id\":\"https:\/\/www.suno.com.br\/noticias\/colunas\/lucas-pedrosa\/estagflacao-nao-ocorrera\/\",\"url\":\"https:\/\/www.suno.com.br\/noticias\/colunas\/lucas-pedrosa\/estagflacao-nao-ocorrera\/\",\"name\":\"O Brasil n\u00e3o caminha para a estagfla\u00e7\u00e3o: por que podemos ser mais otimistas - Suno Not\u00edcias\",\"isPartOf\":{\"@id\":\"https:\/\/www.suno.com.br\/noticias\/#website\"},\"datePublished\":\"2021-10-06T11:27:08+00:00\",\"description\":\"Leia este artigo para saber por que a estagfla\u00e7\u00e3o, t\u00e3o falada e temida por todos nos \u00faltimos tempos, n\u00e3o dever\u00e1 se concretizar.\",\"breadcrumb\":{\"@id\":\"https:\/\/www.suno.com.br\/noticias\/colunas\/lucas-pedrosa\/estagflacao-nao-ocorrera\/#breadcrumb\"},\"inLanguage\":\"pt-BR\",\"potentialAction\":[{\"@type\":\"ReadAction\",\"target\":[\"https:\/\/www.suno.com.br\/noticias\/colunas\/lucas-pedrosa\/estagflacao-nao-ocorrera\/\"]}]},{\"@type\":\"BreadcrumbList\",\"@id\":\"https:\/\/www.suno.com.br\/noticias\/colunas\/lucas-pedrosa\/estagflacao-nao-ocorrera\/#breadcrumb\",\"itemListElement\":[{\"@type\":\"ListItem\",\"position\":1,\"name\":\"Not\u00edcias\",\"item\":\"https:\/\/www.suno.com.br\/noticias\/\"},{\"@type\":\"ListItem\",\"position\":2,\"name\":\"Colunas\",\"item\":\"https:\/\/www.suno.com.br\/noticias\/colunas\/\"},{\"@type\":\"ListItem\",\"position\":3,\"name\":\"O Brasil n\u00e3o caminha para a estagfla\u00e7\u00e3o: por que podemos ser mais otimistas\"}]},{\"@type\":\"WebSite\",\"@id\":\"https:\/\/www.suno.com.br\/noticias\/#website\",\"url\":\"https:\/\/www.suno.com.br\/noticias\/\",\"name\":\"Suno Not\u00edcias\",\"description\":\"Seu portal de informa\u00e7\u00e3o sobre o mundo dos investimentos\",\"publisher\":{\"@id\":\"https:\/\/www.suno.com.br\/noticias\/#organization\"},\"potentialAction\":[{\"@type\":\"SearchAction\",\"target\":{\"@type\":\"EntryPoint\",\"urlTemplate\":\"https:\/\/www.suno.com.br\/noticias\/?s={search_term_string}\"},\"query-input\":{\"@type\":\"PropertyValueSpecification\",\"valueRequired\":true,\"valueName\":\"search_term_string\"}}],\"inLanguage\":\"pt-BR\"},{\"@type\":\"Organization\",\"@id\":\"https:\/\/www.suno.com.br\/noticias\/#organization\",\"name\":\"Suno Not\u00edcias\",\"url\":\"https:\/\/www.suno.com.br\/noticias\/\",\"logo\":{\"@type\":\"ImageObject\",\"inLanguage\":\"pt-BR\",\"@id\":\"https:\/\/www.suno.com.br\/noticias\/#\/schema\/logo\/image\/\",\"url\":\"https:\/\/files.sunoresearch.com.br\/n\/uploads\/2021\/09\/suno-logo.png\",\"contentUrl\":\"https:\/\/files.sunoresearch.com.br\/n\/uploads\/2021\/09\/suno-logo.png\",\"width\":180,\"height\":180,\"caption\":\"Suno Not\u00edcias\"},\"image\":{\"@id\":\"https:\/\/www.suno.com.br\/noticias\/#\/schema\/logo\/image\/\"},\"sameAs\":[\"https:\/\/facebook.com\/sunoresearch\",\"https:\/\/x.com\/sunoresearch\",\"https:\/\/www.instagram.com\/suno\",\"https:\/\/www.linkedin.com\/company\/suno-research\/\",\"https:\/\/www.youtube.com\/c\/sunoresearch\"]},{\"@type\":\"Person\",\"@id\":\"https:\/\/www.suno.com.br\/noticias\/#\/schema\/person\/759a7b1ac843dbffd94dac7b7d7aa5ee\",\"name\":\"Lucas Pedrosa\",\"image\":{\"@type\":\"ImageObject\",\"inLanguage\":\"pt-BR\",\"@id\":\"https:\/\/www.suno.com.br\/noticias\/#\/schema\/person\/image\/\",\"url\":\"https:\/\/secure.gravatar.com\/avatar\/8002a3752d04fc87c5daca7d3402c98a?s=96&r=g\",\"contentUrl\":\"https:\/\/secure.gravatar.com\/avatar\/8002a3752d04fc87c5daca7d3402c98a?s=96&r=g\",\"caption\":\"Lucas Pedrosa\"},\"description\":\"Lucas Pedrosa \u00e9 gestor p\u00fablico de carreira, professor universit\u00e1rio, membro de comit\u00ea de investimentos e pesquisador em temas econ\u00f4micos e de pol\u00edticas p\u00fablicas.\",\"sameAs\":[\"https:\/\/www.linkedin.com\/in\/lucas-pedrosa-2b86a572\/%20\"],\"url\":\"https:\/\/www.suno.com.br\/noticias\/author\/lucas-pedrosa\/\"}]}<\/script>\n<!-- \/ Yoast SEO plugin. -->","yoast_head_json":{"title":"O Brasil n\u00e3o caminha para a estagfla\u00e7\u00e3o: por que podemos ser mais otimistas - Suno Not\u00edcias","description":"Leia este artigo para saber por que a estagfla\u00e7\u00e3o, t\u00e3o falada e temida por todos nos \u00faltimos tempos, n\u00e3o dever\u00e1 se concretizar.","robots":{"index":"index","follow":"follow","max-snippet":"max-snippet:-1","max-image-preview":"max-image-preview:large","max-video-preview":"max-video-preview:-1"},"canonical":"https:\/\/www.suno.com.br\/noticias\/colunas\/lucas-pedrosa\/estagflacao-nao-ocorrera\/","og_locale":"pt_BR","og_type":"article","og_title":"O Brasil n\u00e3o caminha para a estagfla\u00e7\u00e3o: por que podemos ser mais otimistas - Suno Not\u00edcias","og_description":"Leia este artigo para saber por que a estagfla\u00e7\u00e3o, t\u00e3o falada e temida por todos nos \u00faltimos tempos, n\u00e3o dever\u00e1 se concretizar.","og_url":"https:\/\/www.suno.com.br\/noticias\/colunas\/lucas-pedrosa\/estagflacao-nao-ocorrera\/","og_site_name":"Suno Not\u00edcias","article_publisher":"https:\/\/facebook.com\/sunoresearch","og_image":[{"width":1200,"height":627,"url":"https:\/\/files.sunoresearch.com.br\/n\/uploads\/2022\/06\/Modelo2.jpg","type":"image\/jpeg"}],"twitter_card":"summary_large_image","twitter_site":"@sunoresearch","twitter_misc":{"Est. tempo de leitura":"6 minutos"},"schema":{"@context":"https:\/\/schema.org","@graph":[{"@type":"Article","@id":"https:\/\/www.suno.com.br\/noticias\/colunas\/lucas-pedrosa\/estagflacao-nao-ocorrera\/#article","isPartOf":{"@id":"https:\/\/www.suno.com.br\/noticias\/colunas\/lucas-pedrosa\/estagflacao-nao-ocorrera\/"},"author":{"name":"Lucas Pedrosa","@id":"https:\/\/www.suno.com.br\/noticias\/#\/schema\/person\/759a7b1ac843dbffd94dac7b7d7aa5ee"},"headline":"O Brasil n\u00e3o caminha para a estagfla\u00e7\u00e3o: por que podemos ser mais otimistas","datePublished":"2021-10-06T11:27:08+00:00","mainEntityOfPage":{"@id":"https:\/\/www.suno.com.br\/noticias\/colunas\/lucas-pedrosa\/estagflacao-nao-ocorrera\/"},"wordCount":1429,"publisher":{"@id":"https:\/\/www.suno.com.br\/noticias\/#organization"},"keywords":["infla\u00e7\u00e3o"],"inLanguage":"pt-BR"},{"@type":"WebPage","@id":"https:\/\/www.suno.com.br\/noticias\/colunas\/lucas-pedrosa\/estagflacao-nao-ocorrera\/","url":"https:\/\/www.suno.com.br\/noticias\/colunas\/lucas-pedrosa\/estagflacao-nao-ocorrera\/","name":"O Brasil n\u00e3o caminha para a estagfla\u00e7\u00e3o: por que podemos ser mais otimistas - Suno Not\u00edcias","isPartOf":{"@id":"https:\/\/www.suno.com.br\/noticias\/#website"},"datePublished":"2021-10-06T11:27:08+00:00","description":"Leia este artigo para saber por que a estagfla\u00e7\u00e3o, t\u00e3o falada e temida por todos nos \u00faltimos tempos, n\u00e3o dever\u00e1 se concretizar.","breadcrumb":{"@id":"https:\/\/www.suno.com.br\/noticias\/colunas\/lucas-pedrosa\/estagflacao-nao-ocorrera\/#breadcrumb"},"inLanguage":"pt-BR","potentialAction":[{"@type":"ReadAction","target":["https:\/\/www.suno.com.br\/noticias\/colunas\/lucas-pedrosa\/estagflacao-nao-ocorrera\/"]}]},{"@type":"BreadcrumbList","@id":"https:\/\/www.suno.com.br\/noticias\/colunas\/lucas-pedrosa\/estagflacao-nao-ocorrera\/#breadcrumb","itemListElement":[{"@type":"ListItem","position":1,"name":"Not\u00edcias","item":"https:\/\/www.suno.com.br\/noticias\/"},{"@type":"ListItem","position":2,"name":"Colunas","item":"https:\/\/www.suno.com.br\/noticias\/colunas\/"},{"@type":"ListItem","position":3,"name":"O Brasil n\u00e3o caminha para a estagfla\u00e7\u00e3o: por que podemos ser mais otimistas"}]},{"@type":"WebSite","@id":"https:\/\/www.suno.com.br\/noticias\/#website","url":"https:\/\/www.suno.com.br\/noticias\/","name":"Suno Not\u00edcias","description":"Seu portal de informa\u00e7\u00e3o sobre o mundo dos investimentos","publisher":{"@id":"https:\/\/www.suno.com.br\/noticias\/#organization"},"potentialAction":[{"@type":"SearchAction","target":{"@type":"EntryPoint","urlTemplate":"https:\/\/www.suno.com.br\/noticias\/?s={search_term_string}"},"query-input":{"@type":"PropertyValueSpecification","valueRequired":true,"valueName":"search_term_string"}}],"inLanguage":"pt-BR"},{"@type":"Organization","@id":"https:\/\/www.suno.com.br\/noticias\/#organization","name":"Suno Not\u00edcias","url":"https:\/\/www.suno.com.br\/noticias\/","logo":{"@type":"ImageObject","inLanguage":"pt-BR","@id":"https:\/\/www.suno.com.br\/noticias\/#\/schema\/logo\/image\/","url":"https:\/\/files.sunoresearch.com.br\/n\/uploads\/2021\/09\/suno-logo.png","contentUrl":"https:\/\/files.sunoresearch.com.br\/n\/uploads\/2021\/09\/suno-logo.png","width":180,"height":180,"caption":"Suno Not\u00edcias"},"image":{"@id":"https:\/\/www.suno.com.br\/noticias\/#\/schema\/logo\/image\/"},"sameAs":["https:\/\/facebook.com\/sunoresearch","https:\/\/x.com\/sunoresearch","https:\/\/www.instagram.com\/suno","https:\/\/www.linkedin.com\/company\/suno-research\/","https:\/\/www.youtube.com\/c\/sunoresearch"]},{"@type":"Person","@id":"https:\/\/www.suno.com.br\/noticias\/#\/schema\/person\/759a7b1ac843dbffd94dac7b7d7aa5ee","name":"Lucas Pedrosa","image":{"@type":"ImageObject","inLanguage":"pt-BR","@id":"https:\/\/www.suno.com.br\/noticias\/#\/schema\/person\/image\/","url":"https:\/\/secure.gravatar.com\/avatar\/8002a3752d04fc87c5daca7d3402c98a?s=96&r=g","contentUrl":"https:\/\/secure.gravatar.com\/avatar\/8002a3752d04fc87c5daca7d3402c98a?s=96&r=g","caption":"Lucas Pedrosa"},"description":"Lucas Pedrosa \u00e9 gestor p\u00fablico de carreira, professor universit\u00e1rio, membro de comit\u00ea de investimentos e pesquisador em temas econ\u00f4micos e de pol\u00edticas p\u00fablicas.","sameAs":["https:\/\/www.linkedin.com\/in\/lucas-pedrosa-2b86a572\/%20"],"url":"https:\/\/www.suno.com.br\/noticias\/author\/lucas-pedrosa\/"}]}},"amp_enabled":true,"_links":{"self":[{"href":"https:\/\/www.suno.com.br\/noticias\/wp-json\/wp\/v2\/suno_column\/188263"}],"collection":[{"href":"https:\/\/www.suno.com.br\/noticias\/wp-json\/wp\/v2\/suno_column"}],"about":[{"href":"https:\/\/www.suno.com.br\/noticias\/wp-json\/wp\/v2\/types\/suno_column"}],"author":[{"embeddable":true,"href":"https:\/\/www.suno.com.br\/noticias\/wp-json\/wp\/v2\/users\/124"}],"wp:attachment":[{"href":"https:\/\/www.suno.com.br\/noticias\/wp-json\/wp\/v2\/media?parent=188263"}],"wp:term":[{"taxonomy":"post_tag","embeddable":true,"href":"https:\/\/www.suno.com.br\/noticias\/wp-json\/wp\/v2\/tags?post=188263"}],"curies":[{"name":"wp","href":"https:\/\/api.w.org\/{rel}","templated":true}]}}