{"id":186843,"date":"2021-10-13T08:00:07","date_gmt":"2021-10-13T11:00:07","guid":{"rendered":"https:\/\/www.suno.com.br\/noticias\/colunas\/natalia-gomez\/"},"modified":"2021-10-13T10:24:11","modified_gmt":"2021-10-13T13:24:11","slug":"gestao-administrar-construcao-futuro","status":"publish","type":"suno_column","link":"https:\/\/www.suno.com.br\/noticias\/colunas\/pedro-signorelli\/gestao-administrar-construcao-futuro\/","title":{"rendered":"Como administrar a gest\u00e3o do presente visando a constru\u00e7\u00e3o do futuro"},"content":{"rendered":"<p dir=\"ltr\">Quando falamos do sucesso das empresas, muito naturalmente pensamos no gestor, por\u00e9m \u00e9 muito importante estender esse conceito para a <strong>Gest\u00e3o<\/strong> Integrada, pois\u00a0 \u00e9 preciso ter clara a ideia de que todas as \u00e1reas e pessoas da empresa est\u00e3o envolvidas em maior ou menor grau na condu\u00e7\u00e3o das atividades do dia a dia e nos projetos e produtos que v\u00e3o fazer o futuro chegar para cada organiza\u00e7\u00e3o.<\/p><p dir=\"ltr\">Quando falamos do sucesso das empresas, muito naturalmente pensamos no gestor, por\u00e9m \u00e9 muito importante estender esse conceito para a <strong>Gest\u00e3o<\/strong> Integrada, pois\u00a0 \u00e9 preciso ter clara a ideia de que todas as \u00e1reas e pessoas da empresa est\u00e3o envolvidas em maior ou menor grau na condu\u00e7\u00e3o das atividades do dia a dia e nos projetos e produtos que v\u00e3o fazer o futuro chegar para cada organiza\u00e7\u00e3o.<\/p>\n<p dir=\"ltr\">\t<p>\n\t\t<a href=\"https:\/\/lp.suno.com.br\/planilha-controle-gastos\/\" target=\"_blank\" data-element=\"shortcode-suno-banner\" title=\"Banner SUNO, clique e saiba mais\">\n\t\t\t<picture>\n\t\t\t\t<source media=\"(max-width: 500px)\" srcset=\"https:\/\/files.sunoresearch.com.br\/n\/uploads\/2023\/03\/400x300-Planilha-controle-de-gastos.png\">\n\t\t\t\t<img class=\"newsContent__article__imgCapa newsContent__article__imgCapa--banner\"\n\t\t\t\t\tsrc=\"https:\/\/files.sunoresearch.com.br\/n\/uploads\/2023\/03\/1420x240-Planilha-controle-de-gastos.png\"\n\t\t\t\t\tdata-promo-id=\"101751\"\t\t\t\t\t\t\t\t\t\twidth='1420' height='240'\t\t\t\t\talt=\"https:\/\/files.sunoresearch.com.br\/n\/uploads\/2023\/03\/1420x240-Planilha-controle-de-gastos.png\"\n\t\t\t\t>\n\t\t\t<\/picture>\n\t\t<\/a>\n\t<\/p>\n\n<\/p>\n<p dir=\"ltr\">No livro \u201cO Sistema Amazon\u201d, que aborda o modelo de gest\u00e3o da gigante norte-americana, o palestrante Ram Charan, um dos mais renomados consultores de neg\u00f3cios da atualidade, defende que o Sistema de Gest\u00e3o Integrada, entre outras coisas, \u00e9 uma necessidade, n\u00e3o uma op\u00e7\u00e3o.<\/p>\n<p dir=\"ltr\">Ele elenca tr\u00eas caminhos de lideran\u00e7a tendo a gest\u00e3o integrada no radar. O primeiro \u00e9 sobre aptid\u00e3o para colocar em pr\u00e1tica os m\u00e9todos pensados. O autor destaca que\u00a0 \u201cSer inteligente n\u00e3o significa estar apto a tomar as decis\u00f5es certas nos neg\u00f3cios\u201d.<\/p>\n<p dir=\"ltr\">Ele quer dizer que nem sempre a<strong> capacidade te\u00f3rica<\/strong> \u00e9 a solu\u00e7\u00e3o, afinal aplic\u00e1-la bem \u00e9 uma outra hist\u00f3ria. A pessoa precisa estar munida das informa\u00e7\u00f5es corretas para tomar a decis\u00e3o certa nos neg\u00f3cios e, com frequ\u00eancia, os processos das empresas n\u00e3o ajudam nisso.<\/p>\n<p dir=\"ltr\">No segundo caminho, Charan fala sobre encontrar \u201cas causas por que o desempenho \u00e9 bom e por que o desempenho n\u00e3o \u00e9 bom\u201d. Esse fator pode esconder problemas s\u00e9rios das organiza\u00e7\u00f5es.<\/p>\n<p dir=\"ltr\">Voc\u00ea precisa falar das coisas que n\u00e3o funcionaram bem para corrigi-las e, em contrapartida, entender o que funcionou bem para poder refor\u00e7ar, replicar e dar amplo conhecimento desse caminho acertado a todos na companhia.<\/p>\n\t<p>\n\t\t<a href=\"\" target=\"_blank\" data-element=\"shortcode-suno-banner\" title=\"Banner SUNO, clique e saiba mais\">\n\t\t\t<picture>\n\t\t\t\t<source media=\"(max-width: 500px)\" srcset=\"\">\n\t\t\t\t<img class=\"newsContent__article__imgCapa newsContent__article__imgCapa--banner\"\n\t\t\t\t\tsrc=\"\"\n\t\t\t\t\tdata-promo-id=\"89005\"\t\t\t\t\t\t\t\t\t\t\t\t\t\t\talt=\"\"\n\t\t\t\t>\n\t\t\t<\/picture>\n\t\t<\/a>\n\t<\/p>\n\n\n<p dir=\"ltr\">J\u00e1 no terceiro apontamento do consultor, o <strong>tema \u00e9 foco<\/strong>. O autor aborda a import\u00e2ncia de\u00a0 definir \u201ctr\u00eas ou quatro prioridades dominantes que ajudar\u00e3o a atingir a vis\u00e3o e a estrat\u00e9gia\u201d. As pessoas n\u00e3o entenderam, e os l\u00edderes s\u00e3o os principais culpados disso:\u00a0 n\u00e3o d\u00e1 pra fazer tudo ao mesmo tempo.<\/p>\n<p dir=\"ltr\">Quando tudo \u00e9 prioridade, nada \u00e9 prioridade. Essa \u00e9 uma frase t\u00e3o simples, mas a verdade \u00e9 que \u00e9 dif\u00edcil de ser entendida na pr\u00e1tica. Foque nas reais prioridades e as resolva de uma vez por todas. N\u00e3o tente mudar tudo junto e ao mesmo tempo. N\u00e3o vai dar certo.<\/p>\n<p dir=\"ltr\">Eu combino tr\u00eas pontos de apoio para este sistema: a gest\u00e3o do dia a dia, a gest\u00e3o da inova\u00e7\u00e3o e o desenvolvimento de pessoas. Muitos s\u00e3o os aspectos em torno de uma organiza\u00e7\u00e3o bem sucedida, mas o Sistema de <strong>Gest\u00e3o Integrada<\/strong> foca em processos de gest\u00e3o do business usual, gest\u00e3o da transforma\u00e7\u00e3o e de avalia\u00e7\u00e3o comportamental dos colaboradores.<\/p>\n\t<p>\n\t\t<a href=\"\" target=\"_blank\" data-element=\"shortcode-suno-banner\" title=\"Banner SUNO, clique e saiba mais\">\n\t\t\t<picture>\n\t\t\t\t<source media=\"(max-width: 500px)\" srcset=\"\">\n\t\t\t\t<img class=\"newsContent__article__imgCapa newsContent__article__imgCapa--banner\"\n\t\t\t\t\tsrc=\"\"\n\t\t\t\t\tdata-promo-id=\"77053\"\t\t\t\t\t\t\t\t\t\t\t\t\t\t\talt=\"\"\n\t\t\t\t>\n\t\t\t<\/picture>\n\t\t<\/a>\n\t<\/p>\n\n\n<p dir=\"ltr\">Para a \u00e1rea de Pessoas, estamos falando das perspectivas, objetiva e subjetiva, do processo de avalia\u00e7\u00e3o de desempenho, que em geral, se faz anualmente nas organiza\u00e7\u00f5es, e que recomendo fortemente que seja revisto. Finalmente, o CEO, a \u00e1rea de <strong>Gest\u00e3o ou Estrat\u00e9gia<\/strong> e a \u00e1rea respons\u00e1vel por pessoas ou cultura tem que trabalhar juntas para que de fato ocorra a integra\u00e7\u00e3o e tudo funcione bem.<\/p>\n<h2 dir=\"ltr\">Implementa\u00e7\u00e3o de um modelo de gest\u00e3o robusto<\/h2>\n<p dir=\"ltr\">A implementa\u00e7\u00e3o de um modelo de gest\u00e3o robusto \u00e9 o que vai viabilizar a aplica\u00e7\u00e3o destes tr\u00eas pontos e tirar o melhor proveito de cada um deles ter\u00e1 em seu cora\u00e7\u00e3o, os OKRs, Objectives and Key Results (Objetivos e resultados chave).<\/p>\n<p dir=\"ltr\">Ela \u00e9 fant\u00e1stica, moderna, apesar de n\u00e3o ser nova, determina o papel de cada um na equipe e no todo e, dentre outras, permite <strong>ajustes constantes<\/strong>, o que a torna cada vez mais atual, levando em conta que tudo pode mudar em segundos. No entanto, n\u00e3o funciona sozinha.<\/p>\n<p dir=\"ltr\"><strong>Intel (ITLC34) e Google (GOGL34) <\/strong>s\u00e3o dois casos \u00f3bvios de sucesso na utiliza\u00e7\u00e3o dessa <strong>ferramenta de gest\u00e3o<\/strong>. Vale destacar que usaram a mesma ferramenta, mas em contextos bastante diferentes.<\/p>\n<p dir=\"ltr\">No fundo, o que fizeram muito bem foi traduzir metas de <a class=\"suno-keyword\" href=\"https:\/\/www.suno.com.br\/artigos\/longo-prazo\/\" target=\"_blank\" rel=\"noopener\" data-force=\"no\" data-priority=\"1\">longo prazo<\/a> em metas muito concretas de <a class=\"suno-keyword\" href=\"https:\/\/www.suno.com.br\/artigos\/curto-prazo\/\" target=\"_blank\" rel=\"noopener\" data-force=\"no\" data-priority=\"1\">curto prazo<\/a>, com muita clareza, foco e alinhamento, gerando um n\u00edvel de engajamento muito acima da m\u00e9dia. \u00c9 exatamente assim que defino e trabalho com os OKRs, desde minha experi\u00eancia de grande sucesso na Nextel.<\/p>\n<p dir=\"ltr\">O que h\u00e1 em comum entre esses casos? Nas tr\u00eas situa\u00e7\u00f5es, as organiza\u00e7\u00f5es tinham um desafio gigante pela frente e sa\u00edram de uma situa\u00e7\u00e3o e de um tamanho para se tornarem muito melhores do que eram, usando os OKRs como ferramenta.<\/p>\n<p dir=\"ltr\">Dentre os pontos centrais para essas conquistas, destaco a <strong>defini\u00e7\u00e3o clara de metas<\/strong>, ponto tamb\u00e9m apontado pelo milion\u00e1rio John Doerr, como vital para o sucesso das empresas.<\/p>\n\t<p>\n\t\t<a href=\"https:\/\/lp.suno.com.br\/planilha-de-controle-de-investimentos\/\" target=\"_blank\" data-element=\"shortcode-suno-banner\" title=\"Banner SUNO, clique e saiba mais\">\n\t\t\t<picture>\n\t\t\t\t<source media=\"(max-width: 500px)\" srcset=\"https:\/\/files.sunoresearch.com.br\/n\/uploads\/2023\/03\/400x300-Controle-de-Investimentos.png\">\n\t\t\t\t<img class=\"newsContent__article__imgCapa newsContent__article__imgCapa--banner\"\n\t\t\t\t\tsrc=\"https:\/\/files.sunoresearch.com.br\/n\/uploads\/2023\/03\/1420x240-Controle-de-Investimentos.png\"\n\t\t\t\t\tdata-promo-id=\"75934\"\t\t\t\t\t\t\t\t\t\twidth='1420' height='240'\t\t\t\t\talt=\"https:\/\/files.sunoresearch.com.br\/n\/uploads\/2023\/03\/1420x240-Controle-de-Investimentos.png\"\n\t\t\t\t>\n\t\t\t<\/picture>\n\t\t<\/a>\n\t<\/p>\n\n\n","protected":false},"excerpt":{"rendered":"<p>Quando falamos do sucesso das empresas, muito naturalmente pensamos no gestor, por\u00e9m \u00e9 muito importante estender esse conceito para a Gest\u00e3o Integrada, pois\u00a0 \u00e9 preciso&#8230;<\/p>\n","protected":false},"author":115,"featured_media":0,"template":"","tags":[1372,694,701,1364],"class_list":["post-186843","suno_column","type-suno_column","status-publish","hentry","tag-alphabet-gogl34-gogl35","tag-amazon-amzo34","tag-google","tag-intel-itlc34"],"yoast_head":"<!-- This site is optimized with the Yoast SEO plugin v24.4 - https:\/\/yoast.com\/wordpress\/plugins\/seo\/ -->\n<title>Como administrar a gest\u00e3o do presente visando a constru\u00e7\u00e3o do futuro<\/title>\n<meta name=\"description\" content=\"Todas as \u00e1reas e pessoas da empresa devem estar envolvidas em maior ou menor grau na condu\u00e7\u00e3o das atividades do dia a dia e nos projetos\" \/>\n<meta name=\"robots\" content=\"index, follow, max-snippet:-1, max-image-preview:large, max-video-preview:-1\" \/>\n<link rel=\"canonical\" href=\"https:\/\/www.suno.com.br\/noticias\/colunas\/pedro-signorelli\/gestao-administrar-construcao-futuro\/\" \/>\n<meta property=\"og:locale\" content=\"pt_BR\" \/>\n<meta property=\"og:type\" content=\"article\" \/>\n<meta property=\"og:title\" content=\"Como administrar a gest\u00e3o do presente visando a constru\u00e7\u00e3o do futuro\" \/>\n<meta property=\"og:description\" content=\"Todas as \u00e1reas e pessoas da empresa devem estar envolvidas em maior ou menor grau na condu\u00e7\u00e3o das atividades do dia a dia e nos projetos\" \/>\n<meta property=\"og:url\" content=\"https:\/\/www.suno.com.br\/noticias\/colunas\/pedro-signorelli\/gestao-administrar-construcao-futuro\/\" \/>\n<meta property=\"og:site_name\" content=\"Suno Not\u00edcias\" \/>\n<meta property=\"article:publisher\" content=\"https:\/\/facebook.com\/sunoresearch\" \/>\n<meta property=\"og:image\" content=\"https:\/\/files.sunoresearch.com.br\/n\/uploads\/2022\/06\/Modelo2.jpg\" \/>\n\t<meta property=\"og:image:width\" content=\"1200\" \/>\n\t<meta property=\"og:image:height\" content=\"627\" \/>\n\t<meta property=\"og:image:type\" content=\"image\/jpeg\" \/>\n<meta name=\"twitter:card\" content=\"summary_large_image\" \/>\n<meta name=\"twitter:site\" content=\"@sunoresearch\" \/>\n<meta name=\"twitter:label1\" content=\"Est. tempo de leitura\" \/>\n\t<meta name=\"twitter:data1\" content=\"4 minutos\" \/>\n<script type=\"application\/ld+json\" class=\"yoast-schema-graph\">{\"@context\":\"https:\/\/schema.org\",\"@graph\":[{\"@type\":\"Article\",\"@id\":\"https:\/\/www.suno.com.br\/noticias\/colunas\/pedro-signorelli\/gestao-administrar-construcao-futuro\/#article\",\"isPartOf\":{\"@id\":\"https:\/\/www.suno.com.br\/noticias\/colunas\/pedro-signorelli\/gestao-administrar-construcao-futuro\/\"},\"author\":{\"name\":\"Pedro Signorelli\",\"@id\":\"https:\/\/www.suno.com.br\/noticias\/#\/schema\/person\/6385c52ff9d123bfc99eecc3a056a741\"},\"headline\":\"Como administrar a gest\u00e3o do presente visando a constru\u00e7\u00e3o do futuro\",\"datePublished\":\"2021-10-13T11:00:07+00:00\",\"dateModified\":\"2021-10-13T13:24:11+00:00\",\"mainEntityOfPage\":{\"@id\":\"https:\/\/www.suno.com.br\/noticias\/colunas\/pedro-signorelli\/gestao-administrar-construcao-futuro\/\"},\"wordCount\":827,\"publisher\":{\"@id\":\"https:\/\/www.suno.com.br\/noticias\/#organization\"},\"keywords\":[\"Alphabet (GOGL34\/GOGL35)\",\"Amazon (AMZO34)\",\"Google\",\"Intel (ITLC34)\"],\"inLanguage\":\"pt-BR\"},{\"@type\":\"WebPage\",\"@id\":\"https:\/\/www.suno.com.br\/noticias\/colunas\/pedro-signorelli\/gestao-administrar-construcao-futuro\/\",\"url\":\"https:\/\/www.suno.com.br\/noticias\/colunas\/pedro-signorelli\/gestao-administrar-construcao-futuro\/\",\"name\":\"Como administrar a gest\u00e3o do presente visando a constru\u00e7\u00e3o do futuro\",\"isPartOf\":{\"@id\":\"https:\/\/www.suno.com.br\/noticias\/#website\"},\"datePublished\":\"2021-10-13T11:00:07+00:00\",\"dateModified\":\"2021-10-13T13:24:11+00:00\",\"description\":\"Todas as \u00e1reas e pessoas da empresa devem estar envolvidas em maior ou menor grau na condu\u00e7\u00e3o das atividades do dia a dia e nos projetos\",\"breadcrumb\":{\"@id\":\"https:\/\/www.suno.com.br\/noticias\/colunas\/pedro-signorelli\/gestao-administrar-construcao-futuro\/#breadcrumb\"},\"inLanguage\":\"pt-BR\",\"potentialAction\":[{\"@type\":\"ReadAction\",\"target\":[\"https:\/\/www.suno.com.br\/noticias\/colunas\/pedro-signorelli\/gestao-administrar-construcao-futuro\/\"]}]},{\"@type\":\"BreadcrumbList\",\"@id\":\"https:\/\/www.suno.com.br\/noticias\/colunas\/pedro-signorelli\/gestao-administrar-construcao-futuro\/#breadcrumb\",\"itemListElement\":[{\"@type\":\"ListItem\",\"position\":1,\"name\":\"Not\u00edcias\",\"item\":\"https:\/\/www.suno.com.br\/noticias\/\"},{\"@type\":\"ListItem\",\"position\":2,\"name\":\"Colunas\",\"item\":\"https:\/\/www.suno.com.br\/noticias\/colunas\/\"},{\"@type\":\"ListItem\",\"position\":3,\"name\":\"Como administrar a gest\u00e3o do presente visando a constru\u00e7\u00e3o do futuro\"}]},{\"@type\":\"WebSite\",\"@id\":\"https:\/\/www.suno.com.br\/noticias\/#website\",\"url\":\"https:\/\/www.suno.com.br\/noticias\/\",\"name\":\"Suno Not\u00edcias\",\"description\":\"Seu portal de informa\u00e7\u00e3o sobre o mundo dos investimentos\",\"publisher\":{\"@id\":\"https:\/\/www.suno.com.br\/noticias\/#organization\"},\"potentialAction\":[{\"@type\":\"SearchAction\",\"target\":{\"@type\":\"EntryPoint\",\"urlTemplate\":\"https:\/\/www.suno.com.br\/noticias\/?s={search_term_string}\"},\"query-input\":{\"@type\":\"PropertyValueSpecification\",\"valueRequired\":true,\"valueName\":\"search_term_string\"}}],\"inLanguage\":\"pt-BR\"},{\"@type\":\"Organization\",\"@id\":\"https:\/\/www.suno.com.br\/noticias\/#organization\",\"name\":\"Suno Not\u00edcias\",\"url\":\"https:\/\/www.suno.com.br\/noticias\/\",\"logo\":{\"@type\":\"ImageObject\",\"inLanguage\":\"pt-BR\",\"@id\":\"https:\/\/www.suno.com.br\/noticias\/#\/schema\/logo\/image\/\",\"url\":\"https:\/\/files.sunoresearch.com.br\/n\/uploads\/2021\/09\/suno-logo.png\",\"contentUrl\":\"https:\/\/files.sunoresearch.com.br\/n\/uploads\/2021\/09\/suno-logo.png\",\"width\":180,\"height\":180,\"caption\":\"Suno Not\u00edcias\"},\"image\":{\"@id\":\"https:\/\/www.suno.com.br\/noticias\/#\/schema\/logo\/image\/\"},\"sameAs\":[\"https:\/\/facebook.com\/sunoresearch\",\"https:\/\/x.com\/sunoresearch\",\"https:\/\/www.instagram.com\/suno\",\"https:\/\/www.linkedin.com\/company\/suno-research\/\",\"https:\/\/www.youtube.com\/c\/sunoresearch\"]},{\"@type\":\"Person\",\"@id\":\"https:\/\/www.suno.com.br\/noticias\/#\/schema\/person\/6385c52ff9d123bfc99eecc3a056a741\",\"name\":\"Pedro Signorelli\",\"image\":{\"@type\":\"ImageObject\",\"inLanguage\":\"pt-BR\",\"@id\":\"https:\/\/www.suno.com.br\/noticias\/#\/schema\/person\/image\/\",\"url\":\"https:\/\/secure.gravatar.com\/avatar\/2ede14d9d34352dfc1fb58af8a73db29?s=96&r=g\",\"contentUrl\":\"https:\/\/secure.gravatar.com\/avatar\/2ede14d9d34352dfc1fb58af8a73db29?s=96&r=g\",\"caption\":\"Pedro Signorelli\"},\"url\":\"https:\/\/www.suno.com.br\/noticias\/author\/pedro-signorelli\/\"}]}<\/script>\n<!-- \/ Yoast SEO plugin. -->","yoast_head_json":{"title":"Como administrar a gest\u00e3o do presente visando a constru\u00e7\u00e3o do futuro","description":"Todas as \u00e1reas e pessoas da empresa devem estar envolvidas em maior ou menor grau na condu\u00e7\u00e3o das atividades do dia a dia e nos projetos","robots":{"index":"index","follow":"follow","max-snippet":"max-snippet:-1","max-image-preview":"max-image-preview:large","max-video-preview":"max-video-preview:-1"},"canonical":"https:\/\/www.suno.com.br\/noticias\/colunas\/pedro-signorelli\/gestao-administrar-construcao-futuro\/","og_locale":"pt_BR","og_type":"article","og_title":"Como administrar a gest\u00e3o do presente visando a constru\u00e7\u00e3o do futuro","og_description":"Todas as \u00e1reas e pessoas da empresa devem estar envolvidas em maior ou menor grau na condu\u00e7\u00e3o das atividades do dia a dia e nos projetos","og_url":"https:\/\/www.suno.com.br\/noticias\/colunas\/pedro-signorelli\/gestao-administrar-construcao-futuro\/","og_site_name":"Suno Not\u00edcias","article_publisher":"https:\/\/facebook.com\/sunoresearch","og_image":[{"width":1200,"height":627,"url":"https:\/\/files.sunoresearch.com.br\/n\/uploads\/2022\/06\/Modelo2.jpg","type":"image\/jpeg"}],"twitter_card":"summary_large_image","twitter_site":"@sunoresearch","twitter_misc":{"Est. tempo de leitura":"4 minutos"},"schema":{"@context":"https:\/\/schema.org","@graph":[{"@type":"Article","@id":"https:\/\/www.suno.com.br\/noticias\/colunas\/pedro-signorelli\/gestao-administrar-construcao-futuro\/#article","isPartOf":{"@id":"https:\/\/www.suno.com.br\/noticias\/colunas\/pedro-signorelli\/gestao-administrar-construcao-futuro\/"},"author":{"name":"Pedro Signorelli","@id":"https:\/\/www.suno.com.br\/noticias\/#\/schema\/person\/6385c52ff9d123bfc99eecc3a056a741"},"headline":"Como administrar a gest\u00e3o do presente visando a constru\u00e7\u00e3o do futuro","datePublished":"2021-10-13T11:00:07+00:00","dateModified":"2021-10-13T13:24:11+00:00","mainEntityOfPage":{"@id":"https:\/\/www.suno.com.br\/noticias\/colunas\/pedro-signorelli\/gestao-administrar-construcao-futuro\/"},"wordCount":827,"publisher":{"@id":"https:\/\/www.suno.com.br\/noticias\/#organization"},"keywords":["Alphabet (GOGL34\/GOGL35)","Amazon (AMZO34)","Google","Intel (ITLC34)"],"inLanguage":"pt-BR"},{"@type":"WebPage","@id":"https:\/\/www.suno.com.br\/noticias\/colunas\/pedro-signorelli\/gestao-administrar-construcao-futuro\/","url":"https:\/\/www.suno.com.br\/noticias\/colunas\/pedro-signorelli\/gestao-administrar-construcao-futuro\/","name":"Como administrar a gest\u00e3o do presente visando a constru\u00e7\u00e3o do futuro","isPartOf":{"@id":"https:\/\/www.suno.com.br\/noticias\/#website"},"datePublished":"2021-10-13T11:00:07+00:00","dateModified":"2021-10-13T13:24:11+00:00","description":"Todas as \u00e1reas e pessoas da empresa devem estar envolvidas em maior ou menor grau na condu\u00e7\u00e3o das atividades do dia a dia e nos projetos","breadcrumb":{"@id":"https:\/\/www.suno.com.br\/noticias\/colunas\/pedro-signorelli\/gestao-administrar-construcao-futuro\/#breadcrumb"},"inLanguage":"pt-BR","potentialAction":[{"@type":"ReadAction","target":["https:\/\/www.suno.com.br\/noticias\/colunas\/pedro-signorelli\/gestao-administrar-construcao-futuro\/"]}]},{"@type":"BreadcrumbList","@id":"https:\/\/www.suno.com.br\/noticias\/colunas\/pedro-signorelli\/gestao-administrar-construcao-futuro\/#breadcrumb","itemListElement":[{"@type":"ListItem","position":1,"name":"Not\u00edcias","item":"https:\/\/www.suno.com.br\/noticias\/"},{"@type":"ListItem","position":2,"name":"Colunas","item":"https:\/\/www.suno.com.br\/noticias\/colunas\/"},{"@type":"ListItem","position":3,"name":"Como administrar a gest\u00e3o do presente visando a constru\u00e7\u00e3o do futuro"}]},{"@type":"WebSite","@id":"https:\/\/www.suno.com.br\/noticias\/#website","url":"https:\/\/www.suno.com.br\/noticias\/","name":"Suno Not\u00edcias","description":"Seu portal de informa\u00e7\u00e3o sobre o mundo dos investimentos","publisher":{"@id":"https:\/\/www.suno.com.br\/noticias\/#organization"},"potentialAction":[{"@type":"SearchAction","target":{"@type":"EntryPoint","urlTemplate":"https:\/\/www.suno.com.br\/noticias\/?s={search_term_string}"},"query-input":{"@type":"PropertyValueSpecification","valueRequired":true,"valueName":"search_term_string"}}],"inLanguage":"pt-BR"},{"@type":"Organization","@id":"https:\/\/www.suno.com.br\/noticias\/#organization","name":"Suno Not\u00edcias","url":"https:\/\/www.suno.com.br\/noticias\/","logo":{"@type":"ImageObject","inLanguage":"pt-BR","@id":"https:\/\/www.suno.com.br\/noticias\/#\/schema\/logo\/image\/","url":"https:\/\/files.sunoresearch.com.br\/n\/uploads\/2021\/09\/suno-logo.png","contentUrl":"https:\/\/files.sunoresearch.com.br\/n\/uploads\/2021\/09\/suno-logo.png","width":180,"height":180,"caption":"Suno Not\u00edcias"},"image":{"@id":"https:\/\/www.suno.com.br\/noticias\/#\/schema\/logo\/image\/"},"sameAs":["https:\/\/facebook.com\/sunoresearch","https:\/\/x.com\/sunoresearch","https:\/\/www.instagram.com\/suno","https:\/\/www.linkedin.com\/company\/suno-research\/","https:\/\/www.youtube.com\/c\/sunoresearch"]},{"@type":"Person","@id":"https:\/\/www.suno.com.br\/noticias\/#\/schema\/person\/6385c52ff9d123bfc99eecc3a056a741","name":"Pedro Signorelli","image":{"@type":"ImageObject","inLanguage":"pt-BR","@id":"https:\/\/www.suno.com.br\/noticias\/#\/schema\/person\/image\/","url":"https:\/\/secure.gravatar.com\/avatar\/2ede14d9d34352dfc1fb58af8a73db29?s=96&r=g","contentUrl":"https:\/\/secure.gravatar.com\/avatar\/2ede14d9d34352dfc1fb58af8a73db29?s=96&r=g","caption":"Pedro Signorelli"},"url":"https:\/\/www.suno.com.br\/noticias\/author\/pedro-signorelli\/"}]}},"amp_enabled":true,"_links":{"self":[{"href":"https:\/\/www.suno.com.br\/noticias\/wp-json\/wp\/v2\/suno_column\/186843"}],"collection":[{"href":"https:\/\/www.suno.com.br\/noticias\/wp-json\/wp\/v2\/suno_column"}],"about":[{"href":"https:\/\/www.suno.com.br\/noticias\/wp-json\/wp\/v2\/types\/suno_column"}],"author":[{"embeddable":true,"href":"https:\/\/www.suno.com.br\/noticias\/wp-json\/wp\/v2\/users\/115"}],"wp:attachment":[{"href":"https:\/\/www.suno.com.br\/noticias\/wp-json\/wp\/v2\/media?parent=186843"}],"wp:term":[{"taxonomy":"post_tag","embeddable":true,"href":"https:\/\/www.suno.com.br\/noticias\/wp-json\/wp\/v2\/tags?post=186843"}],"curies":[{"name":"wp","href":"https:\/\/api.w.org\/{rel}","templated":true}]}}