{"id":183174,"date":"2021-09-13T14:05:31","date_gmt":"2021-09-13T17:05:31","guid":{"rendered":"https:\/\/www.suno.com.br\/noticias\/colunas\/felipe-areia\/"},"modified":"2021-09-13T14:05:31","modified_gmt":"2021-09-13T17:05:31","slug":"cenario-politico-defensivo","status":"publish","type":"suno_column","link":"https:\/\/www.suno.com.br\/noticias\/colunas\/julio-hegedus-netto\/cenario-politico-defensivo\/","title":{"rendered":"Cen\u00e1rio pol\u00edtico segue defensivo"},"content":{"rendered":"<p>Nem a mudan\u00e7a de tom do presidente <strong>Jair Bolsonaro<\/strong>, <a href=\"https:\/\/www.suno.com.br\/noticias\/ibovespa-positivo-nota-bolsonaro\/\">divulgando uma \u201c<strong>Carta \u00e0 Na\u00e7\u00e3o<\/strong>\u201d<\/a>, respeitando os poderes, parece ter sido suficiente para tirar o mercado de uma postura mais cautelosa e defensiva. A desconfian\u00e7a maior recai sobre a dura\u00e7\u00e3o desta tr\u00e9gua, na rela\u00e7\u00e3o do presidente com o STF. Neste contexto, como ficam as pautas econ\u00f4micas? As manifesta\u00e7\u00f5es do dia 12, da oposi\u00e7\u00e3o, sem <strong>Partido dos Trabalhadores (PT)<\/strong>, se mostraram um fiasco. O PT, em cima da hora, resolveu n\u00e3o participar, pois sabiam que estas seriam um FIASCO, na boa, com ele ou sem ele.<\/p>\n\t<p>\n\t\t<a href=\"https:\/\/lp.suno.com.br\/planilha-controle-gastos\/\" target=\"_blank\" data-element=\"shortcode-suno-banner\" title=\"Banner SUNO, clique e saiba mais\">\n\t\t\t<picture>\n\t\t\t\t<source media=\"(max-width: 500px)\" srcset=\"https:\/\/files.sunoresearch.com.br\/n\/uploads\/2023\/03\/400x300-Planilha-controle-de-gastos.png\">\n\t\t\t\t<img class=\"newsContent__article__imgCapa newsContent__article__imgCapa--banner\"\n\t\t\t\t\tsrc=\"https:\/\/files.sunoresearch.com.br\/n\/uploads\/2023\/03\/1420x240-Planilha-controle-de-gastos.png\"\n\t\t\t\t\tdata-promo-id=\"101751\"\t\t\t\t\t\t\t\t\t\twidth='1420' height='240'\t\t\t\t\talt=\"https:\/\/files.sunoresearch.com.br\/n\/uploads\/2023\/03\/1420x240-Planilha-controle-de-gastos.png\"\n\t\t\t\t>\n\t\t\t<\/picture>\n\t\t<\/a>\n\t<\/p>\n\n\n<p>Na semana passada, o mercado fechou em baixa. A <a class=\"suno-keyword\" href=\"https:\/\/www.suno.com.br\/artigos\/bolsa-de-valores\/\" target=\"_blank\" rel=\"noopener\" data-force=\"no\" data-priority=\"3\">bolsa de valores<\/a> encerrou a semana recuando 2,3%, e o d\u00f3lar em alta (+1,6%, R$ 5,26). No <strong>mercado de juro<\/strong>, as taxas curtas e m\u00e9dias recuaram um pouco, mas as longas operaram em alta. A justificar a queda nas curtas, as vendas de varejo acima do esperado e algum desanuviamento de ambiente. \u00c9 de se esperar, no entanto, no <a href=\"https:\/\/www.suno.com.br\/artigos\/copom\/\"><strong>Comit\u00ea de Pol\u00edticas Monet\u00e1rias (Copom)<\/strong><\/a> deste m\u00eas, uma \u201cpuxada\u201d mais forte da Selic, acima de 1 ponto percentual, talvez a 6,5%, atualmente em 5,25%, pelas press\u00f5es inflacion\u00e1rias e a \u201cdesancoragem das expectativas\u201d.<\/p>\n<p>O ministro da Economia, <a href=\"https:\/\/www.suno.com.br\/tudo-sobre\/paulo-guedes\/\"><strong>Paulo Guedes<\/strong><\/a>, segue na sua cruzada pelo <strong>avan\u00e7o da agenda econ\u00f4mica<\/strong> no Congresso. Duas pautas o mobilizam: o debate em torno dos <strong>precat\u00f3rios<\/strong> e a obten\u00e7\u00e3o de recursos para tocar o \u201c<strong>Aux\u00edlio Brasil<\/strong>\u201d. J\u00e1 parece consenso os <strong>R$ 300 por fam\u00edlia<\/strong>, faltando agora a obten\u00e7\u00e3o de recursos. Na semana, Guedes e equipe se re\u00fanem com Arthur Lira, Rodrigo Pacheco e Luiz Fux para tratar desta agenda. Por outro lado, Guedes reconhece que a infla\u00e7\u00e3o se encontra num patamar acima do esperado. Na semana passada, o <a href=\"https:\/\/www.suno.com.br\/noticias\/ipca-acelera-em-agosto-puxado-por-combustiveis\/\">IPCA veio mais alto, em 12 meses a 9,68%<\/a>, impactado pela \u201cbandeira da crise h\u00eddrica\u201d e os reajustes de alimentos e combust\u00edveis.<\/p>\n<p>Por outro lado, uma boa not\u00edcia veio das <strong>vendas do varejo<\/strong> de julho, avan\u00e7ando 1,2%, recorde para a s\u00e9rie hist\u00f3rica. Foi o quarto m\u00eas seguido de alta. No ano, as vendas acumulam 6,6% e em 12 meses 5,9%. Estejamos atentos, no entanto, \u00e0 infla\u00e7\u00e3o ascendente, que tende a corroer o <a class=\"suno-keyword\" href=\"https:\/\/www.suno.com.br\/artigos\/poder-de-compra\/\" target=\"_blank\" rel=\"noopener\" data-force=\"no\" data-priority=\"1\">poder de compra<\/a> dos consumidores.<\/p>\n<p>Retornando \u00e0 arena pol\u00edtica, \u00e9 importante uma leitura mais isenta sobre o \u201crecuo\u201d do presidente Bolsonaro nos embates com os ministros do STF. Sem d\u00favida que foi um recuo estrat\u00e9gico, at\u00e9 pela sua sobreviv\u00eancia, visto que se n\u00e3o agisse desta forma, estaria estimulando o STF a ir em frente nas press\u00f5es sobre o Congresso para o <strong>pedido de impeachment<\/strong>. H\u00e1 uma ilus\u00e3o de que ele deve mudar de foco, com a ajuda do <strong>ex-presidente Michel Temer<\/strong>. Ser\u00e1 que isso se confirma? Poucos acreditam nesta tese. Nesta semana saberemos melhor.<\/p>\n<p>Por outro lado, como disse Paulo Guedes, sua pauta est\u00e1 na mesa, principalmente, pelas negocia\u00e7\u00f5es sobre os precat\u00f3rios, o que permitir\u00e1 amealhar recursos para o \u201cAux\u00edlio Brasil\u201d. A <a class=\"suno-keyword\" href=\"https:\/\/www.suno.com.br\/artigos\/reforma-tributaria\/\" target=\"_blank\" rel=\"noopener\" data-force=\"no\" data-priority=\"2\">reforma tribut\u00e1ria<\/a>, de <strong>Arthur Lira<\/strong>, por enquanto, est\u00e1 em cima do telhado.<\/p>\n\t<p>\n\t\t<a href=\"https:\/\/lp.suno.com.br\/planilha-da-vida-financeira\/\" target=\"_blank\" data-element=\"shortcode-suno-banner\" title=\"Banner SUNO, clique e saiba mais\">\n\t\t\t<picture>\n\t\t\t\t<source media=\"(max-width: 500px)\" srcset=\"https:\/\/files.sunoresearch.com.br\/n\/uploads\/2023\/04\/400x300-Planilha-vida-financeira-true.png\">\n\t\t\t\t<img class=\"newsContent__article__imgCapa newsContent__article__imgCapa--banner\"\n\t\t\t\t\tsrc=\"https:\/\/files.sunoresearch.com.br\/n\/uploads\/2023\/04\/1420x240-Planilha-vida-financeira-true.png\"\n\t\t\t\t\tdata-promo-id=\"106682\"\t\t\t\t\t\t\t\t\t\twidth='1420' height='240'\t\t\t\t\talt=\"https:\/\/files.sunoresearch.com.br\/n\/uploads\/2023\/04\/1420x240-Planilha-vida-financeira-true.png\"\n\t\t\t\t>\n\t\t\t<\/picture>\n\t\t<\/a>\n\t<\/p>\n\n\n<h3>EUA<\/h3>\n<p>Os democratas se mobilizam para sustentar seus fara\u00f4nicos <strong>programas de est\u00edmulo econ\u00f4mico<\/strong>. Devem propor no Congresso um aumento de al\u00edquota de imposto corporativo a 26,5%. Proposta \u00e9 elevar a taxa de neg\u00f3cios, atualmente, de 21%, para algo em torno de 26% a 28%. O problema \u00e9 que esta pesada taxa\u00e7\u00e3o sobre as empresas devem inibir novos investimentos. Como fica? Infla\u00e7\u00e3o na veia, dado um salto do consumo, diante de uma <a class=\"suno-keyword\" href=\"https:\/\/www.suno.com.br\/artigos\/capacidade-produtiva\/\" target=\"_blank\" rel=\"noopener\" data-force=\"no\" data-priority=\"1\">capacidade produtiva<\/a> limitada? Com a palavra os luminares do Congresso em Washington DC.<\/p>\n<h3>MERCADOS<\/h3>\n<p>Os mercados asi\u00e1ticos n\u00e3o se mostram robustos neste in\u00edcio de semana, diante da perspectiva de um <strong>crescimento mais lento da economia global<\/strong>, por mais uma <strong>onda da pandemia de covid-19<\/strong>. Nos EUA, as a\u00e7\u00f5es recuaram na semana passada, no maio recuo desde junho, devido \u00e0 cautela dos investidores sobre os desafios da reabertura econ\u00f4mica, com a <strong>cepa Delta<\/strong>.<\/p>\n<p>No Brasil, o mercado fechou a semana PASSADA ainda na defensiva, desconfiado por esta mudan\u00e7a de postura do presidente. \u00c9 a segunda semana negativa seguida para o \u00edndice da bolsa paulistano, ainda mais depois da sess\u00e3o do dia 08. Na semana, o <strong>Ibovespa<\/strong> recua 2,3%, perdendo 3,8% no m\u00eas e quase 4,0% no ano. Na sexta-feira, recuou 0,93%, a 114.285 pontos. J\u00e1 o d\u00f3lar fechou o dia em alta ante o real, +0,76%, a R$ 5,267.<\/p>\n<p>O que se tem de evid\u00eancia \u00e9 que o ingresso de recursos externos \u00e0 bolsa paulistana perde \u00edmpeto, dado o clima pol\u00edtico institucional. No dia 09 de setembro, foram R$ 643 milh\u00f5es de retiradas de recursos EXTERNOS da B3. Ver figura a seguir.<\/p>\n<figure id=\"attachment_183176\" aria-describedby=\"caption-attachment-183176\" style=\"width: 527px\" class=\"wp-caption alignnone\"><img loading=\"lazy\" decoding=\"async\" class=\"size-full wp-image-183176\" src=\"https:\/\/files.sunoresearch.com.br\/n\/uploads\/2021\/09\/Imagem1-2.png\" alt=\"Fluxo de investimento da B3\" width=\"527\" height=\"342\" srcset=\"https:\/\/files.sunoresearch.com.br\/n\/uploads\/2021\/09\/Imagem1-2.png 527w, https:\/\/files.sunoresearch.com.br\/n\/uploads\/2021\/09\/Imagem1-2-300x195.png 300w, https:\/\/files.sunoresearch.com.br\/n\/uploads\/2021\/09\/Imagem1-2-150x97.png 150w\" sizes=\"(max-width: 527px) 100vw, 527px\" \/><figcaption id=\"caption-attachment-183176\" class=\"wp-caption-text\">Fluxo de investimento da B3<\/figcaption><\/figure>\n<p>Nesta madrugada (05h05), dia 13\/09, na \u00c1sia os mercados operaram em SUAVE RECUPERA\u00c7\u00c3O. <strong>Nikkei<\/strong> avan\u00e7ando 0,22%, a 30.447 pontos; <strong>KOSPI<\/strong>, na Coreia do Sul, +0,07%, a 3.127 pontos; <strong>Shanghai<\/strong>, +0,33%, a 3.715 pontos, e <a class=\"suno-keyword\" href=\"https:\/\/www.suno.com.br\/artigos\/hang-seng\/\" target=\"_blank\" rel=\"noopener\" data-force=\"no\" data-priority=\"1\"><strong>Hang Seng<\/strong><\/a>, -1,66%, a 25.772 pontos.<\/p>\n<p>Nesta madrugada do dia 13\/09, na Europa (04h05), nos futuros os mercados operavam em ALTA. <strong>DAX<\/strong> (Alemanha) avan\u00e7ando 0,57%, a 15.698 pontos; <strong><a class=\"suno-keyword\" href=\"https:\/\/www.suno.com.br\/artigos\/ftse-100\/\" target=\"_blank\" rel=\"noopener\" data-force=\"no\" data-priority=\"1\">FTSE 100<\/a><\/strong> (Reino Unido), +0,52%, a 7.065 pontos; <strong><a class=\"suno-keyword\" href=\"https:\/\/www.suno.com.br\/artigos\/cac-40\/\" target=\"_blank\" rel=\"noopener\" data-force=\"no\" data-priority=\"1\">CAC 40<\/a><\/strong> (Fran\u00e7a), +0,48%, a 6.695 pontos, e <strong>EuroStoxx50<\/strong>, +0,48%, a 4.190 pontos.<\/p>\n<p>Nos EUA, as bolsas de NY no <a class=\"suno-keyword\" href=\"https:\/\/www.suno.com.br\/artigos\/contrato-futuro\/\" target=\"_blank\" rel=\"noopener\" data-force=\"no\" data-priority=\"1\">mercado futuro<\/a>, operavam \u00e0s 05h05, dia 13\/09, da seguinte forma: <strong>Dow Jones<\/strong> avan\u00e7ando 0,48%, a 34.773 pontos, <strong>S&amp;P 500<\/strong>, +0,44%, a 4.477 pontos, e <strong>Nasdaq<\/strong> 0,34%, a 15.493 pontos. No mercado de <strong>Treasuries, US 2Y<\/strong> avan\u00e7ando 1,80%, a 0,2209, US 10Y -0,50%, a 1,334 e US 30Y, -0,65%, a 1,921. No <strong>DXY<\/strong>, o d\u00f3lar avan\u00e7ava 0,24%, a 92,793. <a class=\"suno-keyword\" href=\"https:\/\/www.suno.com.br\/artigos\/wti\/\" target=\"_blank\" rel=\"noopener\" data-force=\"no\" data-priority=\"1\"><strong>Petr\u00f3leo<\/strong> <strong>WTI<\/strong><\/a>, a US$ 70,22 (+0,72%) e <strong>Petr\u00f3leo Brent<\/strong> US$ 73,43 (+0,70%).<\/p>\n<p>Na agenda da semana, estejamos atentos aos <strong>dados de infla\u00e7\u00e3o<\/strong> nos EUA (CPI) na ter\u00e7a-feira, a <strong>produ\u00e7\u00e3o industrial<\/strong> na quarta-feira e as vendas de varejo na quinta-feira. Na China, tamb\u00e9m temos as <strong>vendas de varejo<\/strong> e a <strong>produ\u00e7\u00e3o industrial<\/strong> na ter\u00e7a-feira. No Brasil, aten\u00e7\u00e3o com os dados de servi\u00e7o de julho, do IBGE, na ter\u00e7a-feira, e o IBC, \u00edndice de atividade do BACEN, na quarta-feira. Estes dados serviram de par\u00e2metro para as reuni\u00f5es dos bancos centrais americano e brasileiro na semana seguinte. Esta semana \u00e9 de sil\u00eancio com os diretores dos Fed REGIONAIS n\u00e3o podendo emitir opini\u00e3o.<\/p>\n\t<p>\n\t\t<a href=\"https:\/\/lp.suno.com.br\/ebook-como-analisar-uma-acao\/\" target=\"_blank\" data-element=\"shortcode-suno-banner\" title=\"Banner SUNO, clique e saiba mais\">\n\t\t\t<picture>\n\t\t\t\t<source media=\"(max-width: 500px)\" srcset=\"https:\/\/files.sunoresearch.com.br\/n\/uploads\/2023\/03\/Ebook-Acoes-Mobile-1.jpg\">\n\t\t\t\t<img class=\"newsContent__article__imgCapa newsContent__article__imgCapa--banner\"\n\t\t\t\t\tsrc=\"https:\/\/files.sunoresearch.com.br\/n\/uploads\/2023\/03\/Ebook-Acoes-Desktop-1.jpg\"\n\t\t\t\t\tdata-promo-id=\"171998\"\t\t\t\t\t\t\t\t\t\twidth='1420' height='286'\t\t\t\t\talt=\"https:\/\/files.sunoresearch.com.br\/n\/uploads\/2023\/03\/Ebook-Acoes-Desktop-1.jpg\"\n\t\t\t\t>\n\t\t\t<\/picture>\n\t\t<\/a>\n\t<\/p>\n\n\n<table>\n<tbody>\n<tr>\n<td colspan=\"2\" width=\"142\"><strong>Agenda Semanal<\/strong><\/td>\n<td width=\"454\"><strong>\u00a0<\/strong><\/td>\n<\/tr>\n<tr>\n<td width=\"123\"><strong>2\u00aa feira (13)<\/strong><\/td>\n<td colspan=\"2\" width=\"472\">Pesquisa Focus (Brasil); Balan\u00e7o Or\u00e7ament\u00e1rio Federal, Dados fiscais (EUA).<\/td>\n<\/tr>\n<tr>\n<td width=\"123\"><strong>3\u00aa feira (14)<\/strong><\/td>\n<td colspan=\"2\" width=\"472\">Produ\u00e7\u00e3o Industrial (Jap\u00e3o); Taxa de Desemprego (Reino Unido); Crescimento do Setor de Servi\u00e7os (Jul, IBGE) (Brasil); Rendimento Real (EUA); IPC (Ago) (EUA); Leil\u00e3o TN: NTN-B (Brasil); Produ\u00e7\u00e3o Industrial (China).<\/td>\n<\/tr>\n<tr>\n<td width=\"123\"><strong>4\u00aa feira (15)<\/strong><\/td>\n<td colspan=\"2\" width=\"472\">IPP Bens Intermedi\u00e1rios (Reino Unido); IPC (Agosto) (Reino Unido); Produ\u00e7\u00e3o Industrial (Ago) (Euro); IBC-Br (Ago) (Brasil); Venc op\u00e7\u00f5es sobre Ibovespa (Brasil); Pre\u00e7os Bens Importados (EUA); Pre\u00e7os Bens Exportados (EUA); \u00cdndice Empire State Ativ Industrial (EUA); \u00a0\u00a0Produ\u00e7\u00e3o Industrial (EUA); Estoques de Petr\u00f3leo em Cushing; Confian\u00e7a do Consumidor Reuters\/Ipsos (Ago) (Brasil); Fluxo Cambial Estrangeiro (Brasil); Balan\u00e7a Comercial (Ago) (Jap\u00e3o).<\/td>\n<\/tr>\n<tr>\n<td width=\"123\"><strong>5\u00aa feira (16)<\/strong><\/td>\n<td colspan=\"2\" width=\"472\">Balan\u00e7a Comercial (Ago, Euro); N\u00facleo de Vendas no Varejo (EUA); Vendas no Varejo (Ago, EUA); \u00cdnd Ativ Indust. Fed Filad\u00e9lfia (Ago, EUA); Pedidos Iniciais por Seguro-Desemprego (EUA); Leil\u00e3o TN: LFT, NTN-F, LTN (BRASIL).<\/td>\n<\/tr>\n<tr>\n<td width=\"123\"><strong>6\u00aa feira (17)<\/strong><\/td>\n<td colspan=\"2\" width=\"472\">N\u00facleo e Vendas no Varejo (Ago, Reino Unido); IPC (Ago, Euro); Exerc\u00edcio de Op\u00e7\u00f5es &#8211; S\u00e9ries I e U (Brasil); Confian\u00e7a do Consumidor Michigan \u00a0(EUA); Contagem Sondas Baker Hughes<\/td>\n<\/tr>\n<\/tbody>\n<\/table>\n\t<p>\n\t\t<a href=\"https:\/\/lp.suno.com.br\/planilha-de-controle-de-investimentos\/\" target=\"_blank\" data-element=\"shortcode-suno-banner\" title=\"Banner SUNO, clique e saiba mais\">\n\t\t\t<picture>\n\t\t\t\t<source media=\"(max-width: 500px)\" srcset=\"https:\/\/files.sunoresearch.com.br\/n\/uploads\/2023\/03\/400x300-Controle-de-Investimentos.png\">\n\t\t\t\t<img class=\"newsContent__article__imgCapa newsContent__article__imgCapa--banner\"\n\t\t\t\t\tsrc=\"https:\/\/files.sunoresearch.com.br\/n\/uploads\/2023\/03\/1420x240-Controle-de-Investimentos.png\"\n\t\t\t\t\tdata-promo-id=\"75934\"\t\t\t\t\t\t\t\t\t\twidth='1420' height='240'\t\t\t\t\talt=\"https:\/\/files.sunoresearch.com.br\/n\/uploads\/2023\/03\/1420x240-Controle-de-Investimentos.png\"\n\t\t\t\t>\n\t\t\t<\/picture>\n\t\t<\/a>\n\t<\/p>\n\n\n","protected":false},"excerpt":{"rendered":"<p>Nem a mudan\u00e7a de tom do presidente Jair Bolsonaro, divulgando uma \u201cCarta \u00e0 Na\u00e7\u00e3o\u201d, respeitando os poderes, parece ter sido suficiente para tirar o mercado de uma postu&#8230;<\/p>\n","protected":false},"author":82,"featured_media":0,"template":"","tags":[],"class_list":["post-183174","suno_column","type-suno_column","status-publish","hentry"],"yoast_head":"<!-- This site is optimized with the Yoast SEO plugin v24.4 - https:\/\/yoast.com\/wordpress\/plugins\/seo\/ -->\n<title>Cen\u00e1rio pol\u00edtico segue defensivo - Coluna de Julio Hegedus Neto<\/title>\n<meta name=\"description\" content=\"Leia a coluna de Julio Hegedus Neto sobre como a mudan\u00e7a no tom de Bolsonaro tira mercado de posi\u00e7\u00e3o cautelosa\" \/>\n<meta name=\"robots\" content=\"index, follow, max-snippet:-1, max-image-preview:large, max-video-preview:-1\" \/>\n<link rel=\"canonical\" href=\"https:\/\/www.suno.com.br\/noticias\/colunas\/julio-hegedus-netto\/cenario-politico-defensivo\/\" \/>\n<meta property=\"og:locale\" content=\"pt_BR\" \/>\n<meta property=\"og:type\" content=\"article\" \/>\n<meta property=\"og:title\" content=\"Cen\u00e1rio pol\u00edtico segue defensivo - Coluna de Julio Hegedus Neto\" \/>\n<meta property=\"og:description\" content=\"Leia a coluna de Julio Hegedus Neto sobre como a mudan\u00e7a no tom de Bolsonaro tira mercado de posi\u00e7\u00e3o cautelosa\" \/>\n<meta property=\"og:url\" content=\"https:\/\/www.suno.com.br\/noticias\/colunas\/julio-hegedus-netto\/cenario-politico-defensivo\/\" \/>\n<meta property=\"og:site_name\" content=\"Suno Not\u00edcias\" \/>\n<meta property=\"article:publisher\" content=\"https:\/\/facebook.com\/sunoresearch\" \/>\n<meta property=\"og:image\" content=\"https:\/\/files.sunoresearch.com.br\/n\/uploads\/2021\/09\/Imagem1-2.png\" \/>\n<meta name=\"twitter:card\" content=\"summary_large_image\" \/>\n<meta name=\"twitter:site\" content=\"@sunoresearch\" \/>\n<meta name=\"twitter:label1\" content=\"Est. tempo de leitura\" \/>\n\t<meta name=\"twitter:data1\" content=\"6 minutos\" \/>\n<script type=\"application\/ld+json\" class=\"yoast-schema-graph\">{\"@context\":\"https:\/\/schema.org\",\"@graph\":[{\"@type\":\"Article\",\"@id\":\"https:\/\/www.suno.com.br\/noticias\/colunas\/julio-hegedus-netto\/cenario-politico-defensivo\/#article\",\"isPartOf\":{\"@id\":\"https:\/\/www.suno.com.br\/noticias\/colunas\/julio-hegedus-netto\/cenario-politico-defensivo\/\"},\"author\":{\"name\":\"Julio Hegedus Netto\",\"@id\":\"https:\/\/www.suno.com.br\/noticias\/#\/schema\/person\/c5d31719f2f2f38c8d575fc08e55df1a\"},\"headline\":\"Cen\u00e1rio pol\u00edtico segue defensivo\",\"datePublished\":\"2021-09-13T17:05:31+00:00\",\"mainEntityOfPage\":{\"@id\":\"https:\/\/www.suno.com.br\/noticias\/colunas\/julio-hegedus-netto\/cenario-politico-defensivo\/\"},\"wordCount\":1243,\"publisher\":{\"@id\":\"https:\/\/www.suno.com.br\/noticias\/#organization\"},\"image\":{\"@id\":\"https:\/\/www.suno.com.br\/noticias\/colunas\/julio-hegedus-netto\/cenario-politico-defensivo\/#primaryimage\"},\"thumbnailUrl\":\"https:\/\/files.sunoresearch.com.br\/n\/uploads\/2021\/09\/Imagem1-2.png\",\"inLanguage\":\"pt-BR\"},{\"@type\":\"WebPage\",\"@id\":\"https:\/\/www.suno.com.br\/noticias\/colunas\/julio-hegedus-netto\/cenario-politico-defensivo\/\",\"url\":\"https:\/\/www.suno.com.br\/noticias\/colunas\/julio-hegedus-netto\/cenario-politico-defensivo\/\",\"name\":\"Cen\u00e1rio pol\u00edtico segue defensivo - Coluna de Julio Hegedus Neto\",\"isPartOf\":{\"@id\":\"https:\/\/www.suno.com.br\/noticias\/#website\"},\"primaryImageOfPage\":{\"@id\":\"https:\/\/www.suno.com.br\/noticias\/colunas\/julio-hegedus-netto\/cenario-politico-defensivo\/#primaryimage\"},\"image\":{\"@id\":\"https:\/\/www.suno.com.br\/noticias\/colunas\/julio-hegedus-netto\/cenario-politico-defensivo\/#primaryimage\"},\"thumbnailUrl\":\"https:\/\/files.sunoresearch.com.br\/n\/uploads\/2021\/09\/Imagem1-2.png\",\"datePublished\":\"2021-09-13T17:05:31+00:00\",\"description\":\"Leia a coluna de Julio Hegedus Neto sobre como a mudan\u00e7a no tom de Bolsonaro tira mercado de posi\u00e7\u00e3o cautelosa\",\"breadcrumb\":{\"@id\":\"https:\/\/www.suno.com.br\/noticias\/colunas\/julio-hegedus-netto\/cenario-politico-defensivo\/#breadcrumb\"},\"inLanguage\":\"pt-BR\",\"potentialAction\":[{\"@type\":\"ReadAction\",\"target\":[\"https:\/\/www.suno.com.br\/noticias\/colunas\/julio-hegedus-netto\/cenario-politico-defensivo\/\"]}]},{\"@type\":\"ImageObject\",\"inLanguage\":\"pt-BR\",\"@id\":\"https:\/\/www.suno.com.br\/noticias\/colunas\/julio-hegedus-netto\/cenario-politico-defensivo\/#primaryimage\",\"url\":\"https:\/\/files.sunoresearch.com.br\/n\/uploads\/2021\/09\/Imagem1-2.png\",\"contentUrl\":\"https:\/\/files.sunoresearch.com.br\/n\/uploads\/2021\/09\/Imagem1-2.png\"},{\"@type\":\"BreadcrumbList\",\"@id\":\"https:\/\/www.suno.com.br\/noticias\/colunas\/julio-hegedus-netto\/cenario-politico-defensivo\/#breadcrumb\",\"itemListElement\":[{\"@type\":\"ListItem\",\"position\":1,\"name\":\"Not\u00edcias\",\"item\":\"https:\/\/www.suno.com.br\/noticias\/\"},{\"@type\":\"ListItem\",\"position\":2,\"name\":\"Colunas\",\"item\":\"https:\/\/www.suno.com.br\/noticias\/colunas\/\"},{\"@type\":\"ListItem\",\"position\":3,\"name\":\"Cen\u00e1rio pol\u00edtico segue defensivo\"}]},{\"@type\":\"WebSite\",\"@id\":\"https:\/\/www.suno.com.br\/noticias\/#website\",\"url\":\"https:\/\/www.suno.com.br\/noticias\/\",\"name\":\"Suno Not\u00edcias\",\"description\":\"Seu portal de informa\u00e7\u00e3o sobre o mundo dos investimentos\",\"publisher\":{\"@id\":\"https:\/\/www.suno.com.br\/noticias\/#organization\"},\"potentialAction\":[{\"@type\":\"SearchAction\",\"target\":{\"@type\":\"EntryPoint\",\"urlTemplate\":\"https:\/\/www.suno.com.br\/noticias\/?s={search_term_string}\"},\"query-input\":{\"@type\":\"PropertyValueSpecification\",\"valueRequired\":true,\"valueName\":\"search_term_string\"}}],\"inLanguage\":\"pt-BR\"},{\"@type\":\"Organization\",\"@id\":\"https:\/\/www.suno.com.br\/noticias\/#organization\",\"name\":\"Suno Not\u00edcias\",\"url\":\"https:\/\/www.suno.com.br\/noticias\/\",\"logo\":{\"@type\":\"ImageObject\",\"inLanguage\":\"pt-BR\",\"@id\":\"https:\/\/www.suno.com.br\/noticias\/#\/schema\/logo\/image\/\",\"url\":\"https:\/\/files.sunoresearch.com.br\/n\/uploads\/2021\/09\/suno-logo.png\",\"contentUrl\":\"https:\/\/files.sunoresearch.com.br\/n\/uploads\/2021\/09\/suno-logo.png\",\"width\":180,\"height\":180,\"caption\":\"Suno Not\u00edcias\"},\"image\":{\"@id\":\"https:\/\/www.suno.com.br\/noticias\/#\/schema\/logo\/image\/\"},\"sameAs\":[\"https:\/\/facebook.com\/sunoresearch\",\"https:\/\/x.com\/sunoresearch\",\"https:\/\/www.instagram.com\/suno\",\"https:\/\/www.linkedin.com\/company\/suno-research\/\",\"https:\/\/www.youtube.com\/c\/sunoresearch\"]},{\"@type\":\"Person\",\"@id\":\"https:\/\/www.suno.com.br\/noticias\/#\/schema\/person\/c5d31719f2f2f38c8d575fc08e55df1a\",\"name\":\"Julio Hegedus Netto\",\"image\":{\"@type\":\"ImageObject\",\"inLanguage\":\"pt-BR\",\"@id\":\"https:\/\/www.suno.com.br\/noticias\/#\/schema\/person\/image\/\",\"url\":\"https:\/\/secure.gravatar.com\/avatar\/870043f332ebddfffd4a9e3a5dd46c13?s=96&r=g\",\"contentUrl\":\"https:\/\/secure.gravatar.com\/avatar\/870043f332ebddfffd4a9e3a5dd46c13?s=96&r=g\",\"caption\":\"Julio Hegedus Netto\"},\"description\":\"Economista-chefe da Lopes Filho por 26 anos, com mestrado na UFF e na UCAM e doutorando em Portugal. Escrevo relat\u00f3rios para a OHM RESEARCH e disponibilizo conte\u00fados no IML, Investing.com, Linkedin e Suno Not\u00edcias.\",\"sameAs\":[\"https:\/\/jhn031299.blogspot.com\/\",\"https:\/\/www.facebook.com\/julio.hegedus.5\",\"https:\/\/www.linkedin.com\/in\/juliohegedusnetto\/\",\"https:\/\/x.com\/JuHegedus\"],\"url\":\"https:\/\/www.suno.com.br\/noticias\/author\/julio-hegedus-netto\/\"}]}<\/script>\n<!-- \/ Yoast SEO plugin. -->","yoast_head_json":{"title":"Cen\u00e1rio pol\u00edtico segue defensivo - Coluna de Julio Hegedus Neto","description":"Leia a coluna de Julio Hegedus Neto sobre como a mudan\u00e7a no tom de Bolsonaro tira mercado de posi\u00e7\u00e3o cautelosa","robots":{"index":"index","follow":"follow","max-snippet":"max-snippet:-1","max-image-preview":"max-image-preview:large","max-video-preview":"max-video-preview:-1"},"canonical":"https:\/\/www.suno.com.br\/noticias\/colunas\/julio-hegedus-netto\/cenario-politico-defensivo\/","og_locale":"pt_BR","og_type":"article","og_title":"Cen\u00e1rio pol\u00edtico segue defensivo - Coluna de Julio Hegedus Neto","og_description":"Leia a coluna de Julio Hegedus Neto sobre como a mudan\u00e7a no tom de Bolsonaro tira mercado de posi\u00e7\u00e3o cautelosa","og_url":"https:\/\/www.suno.com.br\/noticias\/colunas\/julio-hegedus-netto\/cenario-politico-defensivo\/","og_site_name":"Suno Not\u00edcias","article_publisher":"https:\/\/facebook.com\/sunoresearch","og_image":[{"url":"https:\/\/files.sunoresearch.com.br\/n\/uploads\/2021\/09\/Imagem1-2.png","type":"","width":"","height":""}],"twitter_card":"summary_large_image","twitter_site":"@sunoresearch","twitter_misc":{"Est. tempo de leitura":"6 minutos"},"schema":{"@context":"https:\/\/schema.org","@graph":[{"@type":"Article","@id":"https:\/\/www.suno.com.br\/noticias\/colunas\/julio-hegedus-netto\/cenario-politico-defensivo\/#article","isPartOf":{"@id":"https:\/\/www.suno.com.br\/noticias\/colunas\/julio-hegedus-netto\/cenario-politico-defensivo\/"},"author":{"name":"Julio Hegedus Netto","@id":"https:\/\/www.suno.com.br\/noticias\/#\/schema\/person\/c5d31719f2f2f38c8d575fc08e55df1a"},"headline":"Cen\u00e1rio pol\u00edtico segue defensivo","datePublished":"2021-09-13T17:05:31+00:00","mainEntityOfPage":{"@id":"https:\/\/www.suno.com.br\/noticias\/colunas\/julio-hegedus-netto\/cenario-politico-defensivo\/"},"wordCount":1243,"publisher":{"@id":"https:\/\/www.suno.com.br\/noticias\/#organization"},"image":{"@id":"https:\/\/www.suno.com.br\/noticias\/colunas\/julio-hegedus-netto\/cenario-politico-defensivo\/#primaryimage"},"thumbnailUrl":"https:\/\/files.sunoresearch.com.br\/n\/uploads\/2021\/09\/Imagem1-2.png","inLanguage":"pt-BR"},{"@type":"WebPage","@id":"https:\/\/www.suno.com.br\/noticias\/colunas\/julio-hegedus-netto\/cenario-politico-defensivo\/","url":"https:\/\/www.suno.com.br\/noticias\/colunas\/julio-hegedus-netto\/cenario-politico-defensivo\/","name":"Cen\u00e1rio pol\u00edtico segue defensivo - Coluna de Julio Hegedus Neto","isPartOf":{"@id":"https:\/\/www.suno.com.br\/noticias\/#website"},"primaryImageOfPage":{"@id":"https:\/\/www.suno.com.br\/noticias\/colunas\/julio-hegedus-netto\/cenario-politico-defensivo\/#primaryimage"},"image":{"@id":"https:\/\/www.suno.com.br\/noticias\/colunas\/julio-hegedus-netto\/cenario-politico-defensivo\/#primaryimage"},"thumbnailUrl":"https:\/\/files.sunoresearch.com.br\/n\/uploads\/2021\/09\/Imagem1-2.png","datePublished":"2021-09-13T17:05:31+00:00","description":"Leia a coluna de Julio Hegedus Neto sobre como a mudan\u00e7a no tom de Bolsonaro tira mercado de posi\u00e7\u00e3o cautelosa","breadcrumb":{"@id":"https:\/\/www.suno.com.br\/noticias\/colunas\/julio-hegedus-netto\/cenario-politico-defensivo\/#breadcrumb"},"inLanguage":"pt-BR","potentialAction":[{"@type":"ReadAction","target":["https:\/\/www.suno.com.br\/noticias\/colunas\/julio-hegedus-netto\/cenario-politico-defensivo\/"]}]},{"@type":"ImageObject","inLanguage":"pt-BR","@id":"https:\/\/www.suno.com.br\/noticias\/colunas\/julio-hegedus-netto\/cenario-politico-defensivo\/#primaryimage","url":"https:\/\/files.sunoresearch.com.br\/n\/uploads\/2021\/09\/Imagem1-2.png","contentUrl":"https:\/\/files.sunoresearch.com.br\/n\/uploads\/2021\/09\/Imagem1-2.png"},{"@type":"BreadcrumbList","@id":"https:\/\/www.suno.com.br\/noticias\/colunas\/julio-hegedus-netto\/cenario-politico-defensivo\/#breadcrumb","itemListElement":[{"@type":"ListItem","position":1,"name":"Not\u00edcias","item":"https:\/\/www.suno.com.br\/noticias\/"},{"@type":"ListItem","position":2,"name":"Colunas","item":"https:\/\/www.suno.com.br\/noticias\/colunas\/"},{"@type":"ListItem","position":3,"name":"Cen\u00e1rio pol\u00edtico segue defensivo"}]},{"@type":"WebSite","@id":"https:\/\/www.suno.com.br\/noticias\/#website","url":"https:\/\/www.suno.com.br\/noticias\/","name":"Suno Not\u00edcias","description":"Seu portal de informa\u00e7\u00e3o sobre o mundo dos investimentos","publisher":{"@id":"https:\/\/www.suno.com.br\/noticias\/#organization"},"potentialAction":[{"@type":"SearchAction","target":{"@type":"EntryPoint","urlTemplate":"https:\/\/www.suno.com.br\/noticias\/?s={search_term_string}"},"query-input":{"@type":"PropertyValueSpecification","valueRequired":true,"valueName":"search_term_string"}}],"inLanguage":"pt-BR"},{"@type":"Organization","@id":"https:\/\/www.suno.com.br\/noticias\/#organization","name":"Suno Not\u00edcias","url":"https:\/\/www.suno.com.br\/noticias\/","logo":{"@type":"ImageObject","inLanguage":"pt-BR","@id":"https:\/\/www.suno.com.br\/noticias\/#\/schema\/logo\/image\/","url":"https:\/\/files.sunoresearch.com.br\/n\/uploads\/2021\/09\/suno-logo.png","contentUrl":"https:\/\/files.sunoresearch.com.br\/n\/uploads\/2021\/09\/suno-logo.png","width":180,"height":180,"caption":"Suno Not\u00edcias"},"image":{"@id":"https:\/\/www.suno.com.br\/noticias\/#\/schema\/logo\/image\/"},"sameAs":["https:\/\/facebook.com\/sunoresearch","https:\/\/x.com\/sunoresearch","https:\/\/www.instagram.com\/suno","https:\/\/www.linkedin.com\/company\/suno-research\/","https:\/\/www.youtube.com\/c\/sunoresearch"]},{"@type":"Person","@id":"https:\/\/www.suno.com.br\/noticias\/#\/schema\/person\/c5d31719f2f2f38c8d575fc08e55df1a","name":"Julio Hegedus Netto","image":{"@type":"ImageObject","inLanguage":"pt-BR","@id":"https:\/\/www.suno.com.br\/noticias\/#\/schema\/person\/image\/","url":"https:\/\/secure.gravatar.com\/avatar\/870043f332ebddfffd4a9e3a5dd46c13?s=96&r=g","contentUrl":"https:\/\/secure.gravatar.com\/avatar\/870043f332ebddfffd4a9e3a5dd46c13?s=96&r=g","caption":"Julio Hegedus Netto"},"description":"Economista-chefe da Lopes Filho por 26 anos, com mestrado na UFF e na UCAM e doutorando em Portugal. Escrevo relat\u00f3rios para a OHM RESEARCH e disponibilizo conte\u00fados no IML, Investing.com, Linkedin e Suno Not\u00edcias.","sameAs":["https:\/\/jhn031299.blogspot.com\/","https:\/\/www.facebook.com\/julio.hegedus.5","https:\/\/www.linkedin.com\/in\/juliohegedusnetto\/","https:\/\/x.com\/JuHegedus"],"url":"https:\/\/www.suno.com.br\/noticias\/author\/julio-hegedus-netto\/"}]}},"amp_enabled":true,"_links":{"self":[{"href":"https:\/\/www.suno.com.br\/noticias\/wp-json\/wp\/v2\/suno_column\/183174"}],"collection":[{"href":"https:\/\/www.suno.com.br\/noticias\/wp-json\/wp\/v2\/suno_column"}],"about":[{"href":"https:\/\/www.suno.com.br\/noticias\/wp-json\/wp\/v2\/types\/suno_column"}],"author":[{"embeddable":true,"href":"https:\/\/www.suno.com.br\/noticias\/wp-json\/wp\/v2\/users\/82"}],"wp:attachment":[{"href":"https:\/\/www.suno.com.br\/noticias\/wp-json\/wp\/v2\/media?parent=183174"}],"wp:term":[{"taxonomy":"post_tag","embeddable":true,"href":"https:\/\/www.suno.com.br\/noticias\/wp-json\/wp\/v2\/tags?post=183174"}],"curies":[{"name":"wp","href":"https:\/\/api.w.org\/{rel}","templated":true}]}}