{"id":183161,"date":"2021-09-14T08:00:38","date_gmt":"2021-09-14T11:00:38","guid":{"rendered":"https:\/\/www.suno.com.br\/noticias\/colunas\/natalia-gomez\/"},"modified":"2021-09-14T09:30:02","modified_gmt":"2021-09-14T12:30:02","slug":"educacao-financeira-pandemia","status":"publish","type":"suno_column","link":"https:\/\/www.suno.com.br\/noticias\/colunas\/silvia-alambert-hala\/educacao-financeira-pandemia\/","title":{"rendered":"Sa\u00fade financeira na pandemia"},"content":{"rendered":"<p>O per\u00edodo de pandemia tem se mostrado desafiador sob diversos aspectos na vida de todos n\u00f3s e, conforme o tempo passa, fica cada vez mais evidente a falta que a <a href=\"https:\/\/www.suno.com.br\/artigos\/educacao-financeira\/\"><strong>educa\u00e7\u00e3o financeira<\/strong><\/a> faz na vida de grande parcela da popula\u00e7\u00e3o.<\/p>\n\t<p>\n\t\t<a href=\"https:\/\/lp.suno.com.br\/planilha-controle-gastos\/\" target=\"_blank\" data-element=\"shortcode-suno-banner\" title=\"Banner SUNO, clique e saiba mais\">\n\t\t\t<picture>\n\t\t\t\t<source media=\"(max-width: 500px)\" srcset=\"https:\/\/files.sunoresearch.com.br\/n\/uploads\/2023\/03\/400x300-Planilha-controle-de-gastos.png\">\n\t\t\t\t<img class=\"newsContent__article__imgCapa newsContent__article__imgCapa--banner\"\n\t\t\t\t\tsrc=\"https:\/\/files.sunoresearch.com.br\/n\/uploads\/2023\/03\/1420x240-Planilha-controle-de-gastos.png\"\n\t\t\t\t\tdata-promo-id=\"101751\"\t\t\t\t\t\t\t\t\t\twidth='1420' height='240'\t\t\t\t\talt=\"https:\/\/files.sunoresearch.com.br\/n\/uploads\/2023\/03\/1420x240-Planilha-controle-de-gastos.png\"\n\t\t\t\t>\n\t\t\t<\/picture>\n\t\t<\/a>\n\t<\/p>\n\n\n<p>Manter-se saud\u00e1vel, assim como manter uma<a href=\"https:\/\/www.suno.com.br\/artigos\/fonte-de-renda\/\"> fonte de renda<\/a>, t\u00eam sido as maiores preocupa\u00e7\u00f5es das pessoas desde o in\u00edcio da pandemia. Considerando que uma pandemia sempre traz restri\u00e7\u00f5es consigo, um v\u00edrus e um lockdown era tudo o que o pa\u00eds menos precisava para perturbar a sa\u00fade f\u00edsica, metal e financeira dos brasileiros, uma vez que j\u00e1 v\u00ednhamos de um hist\u00f3rico de dificuldades da <strong>retomada econ\u00f4mica<\/strong>.<\/p>\n<p>Curioso como ao priorizar a sa\u00fade as pessoas se tornam mais atentas ao futuro, seja por instinto de sobreviv\u00eancia ou pelo simples fato de terem vivenciado um per\u00edodo pand\u00eamico, que resultou em cerca de 219 milh\u00f5es de casos e mais de 4,5 milh\u00f5es de \u00f3bitos no mundo.<\/p>\n<p>Ao olhar para si mesmas, muitas pessoas se deram conta que nunca se sentiram t\u00e3o vulner\u00e1veis f\u00edsica, mental e\u00a0 financeiramente e tiveram que conviver com a realidade do outro tamb\u00e9m. Assim, e pelo menos por um per\u00edodo, as pessoas conseguiram se ver no outro e fazer essa autorreflex\u00e3o sobre o que buscam para suas vidas: o que serve, o que n\u00e3o serve, espa\u00e7os para melhoria e como ajudar o pr\u00f3ximo.<\/p>\n<p>A mudan\u00e7a de comportamento durante a pandemia \u00e9 um ponto interessante a ser analisado e, assim como muitos adotaram novos h\u00e1bitos para manter o f\u00edsico saud\u00e1vel, como come\u00e7ar a andar de bicicleta, correr ou fazer gin\u00e1stica em casa e tomar suplementos vitam\u00ednicos, por exemplo, muitos come\u00e7aram a entender como mudan\u00e7as econ\u00f4micas bruscas e repentinas est\u00e3o propensas a ocorrer a qualquer momento e como estar preparado para isso, sem depender apenas de seus empregos ou<strong> fontes de renda<\/strong> atuais ou de subs\u00eddios do governo, \u00e9 de extrema import\u00e2ncia.<\/p>\n\t<p>\n\t\t<a href=\"https:\/\/lp.suno.com.br\/planilha-da-vida-financeira\/\" target=\"_blank\" data-element=\"shortcode-suno-banner\" title=\"Banner SUNO, clique e saiba mais\">\n\t\t\t<picture>\n\t\t\t\t<source media=\"(max-width: 500px)\" srcset=\"https:\/\/files.sunoresearch.com.br\/n\/uploads\/2023\/04\/400x300-Planilha-vida-financeira-true.png\">\n\t\t\t\t<img class=\"newsContent__article__imgCapa newsContent__article__imgCapa--banner\"\n\t\t\t\t\tsrc=\"https:\/\/files.sunoresearch.com.br\/n\/uploads\/2023\/04\/1420x240-Planilha-vida-financeira-true.png\"\n\t\t\t\t\tdata-promo-id=\"106682\"\t\t\t\t\t\t\t\t\t\twidth='1420' height='240'\t\t\t\t\talt=\"https:\/\/files.sunoresearch.com.br\/n\/uploads\/2023\/04\/1420x240-Planilha-vida-financeira-true.png\"\n\t\t\t\t>\n\t\t\t<\/picture>\n\t\t<\/a>\n\t<\/p>\n\n\n<p>Com o COVID-19 tamb\u00e9m aprendemos que cuidar da sa\u00fade \u00e9 o ponto crucial para fazer com que toda a din\u00e2mica de nossa vida ocorra em equil\u00edbrio, j\u00e1 que um indiv\u00edduo doente impacta\u00a0 emocional, social e financeiramente mais pessoas al\u00e9m de si: impacta a sua fam\u00edlia, amigos, colegas de trabalho, que ir\u00e3o dispor de tempo, energia e talvez at\u00e9 <strong>dinheiro<\/strong> para ajudar com os gastos m\u00e9dicos e hospitalares, caso esse indiv\u00edduo precise.<\/p>\n<p>Dessa forma, a pandemia tem sido a catalisadora da urg\u00eancia da educa\u00e7\u00e3o financeira na vida dos cidad\u00e3os desde cedo. Os <strong>mercados financeiro<\/strong> e securit\u00e1rio se surpreenderam com o aumento de pessoas juntando dinheiro para formar uma<strong> reserva financeira<\/strong> e das contrata\u00e7\u00f5es de seguro de vida em um cen\u00e1rio de retra\u00e7\u00e3o na economia e de desemprego.<\/p>\n<p>De acordo com uma pesquisa da Neon baseada nas \u201cprincipais contas digitais do pa\u00eds\u201d, o<a href=\"https:\/\/www.suno.com.br\/artigos\/fonte-de-renda\/\"> mercado financeiro<\/a> viu o n\u00famero de pessoas das classes A, B e C, que juntaram dinheiro para formar\u00a0 uma reserva emergencial, saltar de 44% em abril de 2020, no in\u00edcio da pandemia, para 57% em junho de 2021.<\/p>\n<p>Por meio dos dados da Superintend\u00eancia de Seguros Privados (<strong>Susep<\/strong>), foi poss\u00edvel identificar que o segmento de seguros encerrou o ano de 2020 com alta de 11,3% frente a 2019 e, no primeiro trimestre de 2021, viu o crescimento de 14,6% em rela\u00e7\u00e3o ao mesmo per\u00edodo de 2020.<\/p>\n\t<p>\n\t\t<a href=\"https:\/\/lp.suno.com.br\/ebook-como-analisar-uma-acao\/\" target=\"_blank\" data-element=\"shortcode-suno-banner\" title=\"Banner SUNO, clique e saiba mais\">\n\t\t\t<picture>\n\t\t\t\t<source media=\"(max-width: 500px)\" srcset=\"https:\/\/files.sunoresearch.com.br\/n\/uploads\/2023\/03\/Ebook-Acoes-Mobile-1.jpg\">\n\t\t\t\t<img class=\"newsContent__article__imgCapa newsContent__article__imgCapa--banner\"\n\t\t\t\t\tsrc=\"https:\/\/files.sunoresearch.com.br\/n\/uploads\/2023\/03\/Ebook-Acoes-Desktop-1.jpg\"\n\t\t\t\t\tdata-promo-id=\"171998\"\t\t\t\t\t\t\t\t\t\twidth='1420' height='286'\t\t\t\t\talt=\"https:\/\/files.sunoresearch.com.br\/n\/uploads\/2023\/03\/Ebook-Acoes-Desktop-1.jpg\"\n\t\t\t\t>\n\t\t\t<\/picture>\n\t\t<\/a>\n\t<\/p>\n\n\n<p>Apesar de os n\u00fameros apontarem que h\u00e1 uma maior preocupa\u00e7\u00e3o dos brasileiros com rela\u00e7\u00e3o ao <a href=\"https:\/\/www.suno.com.br\/artigos\/seu-dinheiro\/\">seu dinheiro<\/a> e com o futuro \u00e9 importante frisar que \u201c<strong>guardar dinheiro<\/strong>\u201d, possuir uma conta de investimento ou ter um seguro de vida n\u00e3o significa ser educado financeiramente.<\/p>\n<p>A educa\u00e7\u00e3o financeira vai muito al\u00e9m do dinheiro, do sentimento de perda moment\u00e2nea do controle da pr\u00f3pria vida financeira e do impulso inconsciente de se colocar em movimento para gerar a sensa\u00e7\u00e3o de que algo est\u00e1 sendo feito.<\/p>\n<p>A <strong>educa\u00e7\u00e3o financeira<\/strong> tem poder transformacional, que gerar\u00e1 um impacto na vida das pessoas que a receberem e que ser\u00e1 transportada por gera\u00e7\u00f5es dentro das fam\u00edlias, tal como a art\u00e9ria que leva o sangue, rico em nutrientes e oxig\u00eanio para todo o corpo. Requer mais que um per\u00edodo de crise para que seu ensinamento se torne um h\u00e1bito, pensando na tranquilidade e bem-estar para o futuro, e n\u00e3o apenas uma medida emergencial.<\/p>\n\t<p>\n\t\t<a href=\"https:\/\/lp.suno.com.br\/planilha-de-controle-de-investimentos\/\" target=\"_blank\" data-element=\"shortcode-suno-banner\" title=\"Banner SUNO, clique e saiba mais\">\n\t\t\t<picture>\n\t\t\t\t<source media=\"(max-width: 500px)\" srcset=\"https:\/\/files.sunoresearch.com.br\/n\/uploads\/2023\/03\/400x300-Controle-de-Investimentos.png\">\n\t\t\t\t<img class=\"newsContent__article__imgCapa newsContent__article__imgCapa--banner\"\n\t\t\t\t\tsrc=\"https:\/\/files.sunoresearch.com.br\/n\/uploads\/2023\/03\/1420x240-Controle-de-Investimentos.png\"\n\t\t\t\t\tdata-promo-id=\"75934\"\t\t\t\t\t\t\t\t\t\twidth='1420' height='240'\t\t\t\t\talt=\"https:\/\/files.sunoresearch.com.br\/n\/uploads\/2023\/03\/1420x240-Controle-de-Investimentos.png\"\n\t\t\t\t>\n\t\t\t<\/picture>\n\t\t<\/a>\n\t<\/p>\n\n\n","protected":false},"excerpt":{"rendered":"<p>O per\u00edodo de pandemia tem se mostrado desafiador sob diversos aspectos na vida de todos n\u00f3s e, conforme o tempo passa, fica cada vez mais evidente a falta que a educa\u00e7&#8230;<\/p>\n","protected":false},"author":85,"featured_media":0,"template":"","tags":[],"class_list":["post-183161","suno_column","type-suno_column","status-publish","hentry"],"yoast_head":"<!-- This site is optimized with the Yoast SEO plugin v24.4 - https:\/\/yoast.com\/wordpress\/plugins\/seo\/ -->\n<title>Sa\u00fade financeira na pandemia - Suno Not\u00edcias<\/title>\n<meta name=\"description\" content=\"T\u00e3o importante quanto as art\u00e9rias que levam o sangue, a educa\u00e7\u00e3o financeira \u00e9 importante para manter a sa\u00fade financeira. Leia mais.\" \/>\n<meta name=\"robots\" content=\"index, follow, max-snippet:-1, max-image-preview:large, max-video-preview:-1\" \/>\n<link rel=\"canonical\" href=\"https:\/\/www.suno.com.br\/noticias\/colunas\/silvia-alambert-hala\/educacao-financeira-pandemia\/\" \/>\n<meta property=\"og:locale\" content=\"pt_BR\" \/>\n<meta property=\"og:type\" content=\"article\" \/>\n<meta property=\"og:title\" content=\"Sa\u00fade financeira na pandemia - Suno Not\u00edcias\" \/>\n<meta property=\"og:description\" content=\"T\u00e3o importante quanto as art\u00e9rias que levam o sangue, a educa\u00e7\u00e3o financeira \u00e9 importante para manter a sa\u00fade financeira. Leia mais.\" \/>\n<meta property=\"og:url\" content=\"https:\/\/www.suno.com.br\/noticias\/colunas\/silvia-alambert-hala\/educacao-financeira-pandemia\/\" \/>\n<meta property=\"og:site_name\" content=\"Suno Not\u00edcias\" \/>\n<meta property=\"article:publisher\" content=\"https:\/\/facebook.com\/sunoresearch\" \/>\n<meta property=\"og:image\" content=\"https:\/\/files.sunoresearch.com.br\/n\/uploads\/2022\/06\/Modelo2.jpg\" \/>\n\t<meta property=\"og:image:width\" content=\"1200\" \/>\n\t<meta property=\"og:image:height\" content=\"627\" \/>\n\t<meta property=\"og:image:type\" content=\"image\/jpeg\" \/>\n<meta name=\"twitter:card\" content=\"summary_large_image\" \/>\n<meta name=\"twitter:site\" content=\"@sunoresearch\" \/>\n<meta name=\"twitter:label1\" content=\"Est. tempo de leitura\" \/>\n\t<meta name=\"twitter:data1\" content=\"4 minutos\" \/>\n<script type=\"application\/ld+json\" class=\"yoast-schema-graph\">{\"@context\":\"https:\/\/schema.org\",\"@graph\":[{\"@type\":\"Article\",\"@id\":\"https:\/\/www.suno.com.br\/noticias\/colunas\/silvia-alambert-hala\/educacao-financeira-pandemia\/#article\",\"isPartOf\":{\"@id\":\"https:\/\/www.suno.com.br\/noticias\/colunas\/silvia-alambert-hala\/educacao-financeira-pandemia\/\"},\"author\":{\"name\":\"Silvia Alambert Hala\",\"@id\":\"https:\/\/www.suno.com.br\/noticias\/#\/schema\/person\/53240a47f8580f70c7d752284216042c\"},\"headline\":\"Sa\u00fade financeira na pandemia\",\"datePublished\":\"2021-09-14T11:00:38+00:00\",\"dateModified\":\"2021-09-14T12:30:02+00:00\",\"mainEntityOfPage\":{\"@id\":\"https:\/\/www.suno.com.br\/noticias\/colunas\/silvia-alambert-hala\/educacao-financeira-pandemia\/\"},\"wordCount\":775,\"publisher\":{\"@id\":\"https:\/\/www.suno.com.br\/noticias\/#organization\"},\"inLanguage\":\"pt-BR\"},{\"@type\":\"WebPage\",\"@id\":\"https:\/\/www.suno.com.br\/noticias\/colunas\/silvia-alambert-hala\/educacao-financeira-pandemia\/\",\"url\":\"https:\/\/www.suno.com.br\/noticias\/colunas\/silvia-alambert-hala\/educacao-financeira-pandemia\/\",\"name\":\"Sa\u00fade financeira na pandemia - Suno Not\u00edcias\",\"isPartOf\":{\"@id\":\"https:\/\/www.suno.com.br\/noticias\/#website\"},\"datePublished\":\"2021-09-14T11:00:38+00:00\",\"dateModified\":\"2021-09-14T12:30:02+00:00\",\"description\":\"T\u00e3o importante quanto as art\u00e9rias que levam o sangue, a educa\u00e7\u00e3o financeira \u00e9 importante para manter a sa\u00fade financeira. Leia mais.\",\"breadcrumb\":{\"@id\":\"https:\/\/www.suno.com.br\/noticias\/colunas\/silvia-alambert-hala\/educacao-financeira-pandemia\/#breadcrumb\"},\"inLanguage\":\"pt-BR\",\"potentialAction\":[{\"@type\":\"ReadAction\",\"target\":[\"https:\/\/www.suno.com.br\/noticias\/colunas\/silvia-alambert-hala\/educacao-financeira-pandemia\/\"]}]},{\"@type\":\"BreadcrumbList\",\"@id\":\"https:\/\/www.suno.com.br\/noticias\/colunas\/silvia-alambert-hala\/educacao-financeira-pandemia\/#breadcrumb\",\"itemListElement\":[{\"@type\":\"ListItem\",\"position\":1,\"name\":\"Not\u00edcias\",\"item\":\"https:\/\/www.suno.com.br\/noticias\/\"},{\"@type\":\"ListItem\",\"position\":2,\"name\":\"Colunas\",\"item\":\"https:\/\/www.suno.com.br\/noticias\/colunas\/\"},{\"@type\":\"ListItem\",\"position\":3,\"name\":\"Sa\u00fade financeira na pandemia\"}]},{\"@type\":\"WebSite\",\"@id\":\"https:\/\/www.suno.com.br\/noticias\/#website\",\"url\":\"https:\/\/www.suno.com.br\/noticias\/\",\"name\":\"Suno Not\u00edcias\",\"description\":\"Seu portal de informa\u00e7\u00e3o sobre o mundo dos investimentos\",\"publisher\":{\"@id\":\"https:\/\/www.suno.com.br\/noticias\/#organization\"},\"potentialAction\":[{\"@type\":\"SearchAction\",\"target\":{\"@type\":\"EntryPoint\",\"urlTemplate\":\"https:\/\/www.suno.com.br\/noticias\/?s={search_term_string}\"},\"query-input\":{\"@type\":\"PropertyValueSpecification\",\"valueRequired\":true,\"valueName\":\"search_term_string\"}}],\"inLanguage\":\"pt-BR\"},{\"@type\":\"Organization\",\"@id\":\"https:\/\/www.suno.com.br\/noticias\/#organization\",\"name\":\"Suno Not\u00edcias\",\"url\":\"https:\/\/www.suno.com.br\/noticias\/\",\"logo\":{\"@type\":\"ImageObject\",\"inLanguage\":\"pt-BR\",\"@id\":\"https:\/\/www.suno.com.br\/noticias\/#\/schema\/logo\/image\/\",\"url\":\"https:\/\/files.sunoresearch.com.br\/n\/uploads\/2021\/09\/suno-logo.png\",\"contentUrl\":\"https:\/\/files.sunoresearch.com.br\/n\/uploads\/2021\/09\/suno-logo.png\",\"width\":180,\"height\":180,\"caption\":\"Suno Not\u00edcias\"},\"image\":{\"@id\":\"https:\/\/www.suno.com.br\/noticias\/#\/schema\/logo\/image\/\"},\"sameAs\":[\"https:\/\/facebook.com\/sunoresearch\",\"https:\/\/x.com\/sunoresearch\",\"https:\/\/www.instagram.com\/suno\",\"https:\/\/www.linkedin.com\/company\/suno-research\/\",\"https:\/\/www.youtube.com\/c\/sunoresearch\"]},{\"@type\":\"Person\",\"@id\":\"https:\/\/www.suno.com.br\/noticias\/#\/schema\/person\/53240a47f8580f70c7d752284216042c\",\"name\":\"Silvia Alambert Hala\",\"image\":{\"@type\":\"ImageObject\",\"inLanguage\":\"pt-BR\",\"@id\":\"https:\/\/www.suno.com.br\/noticias\/#\/schema\/person\/image\/\",\"url\":\"https:\/\/secure.gravatar.com\/avatar\/8f10278ee18788aca9d67db0765d800c?s=96&r=g\",\"contentUrl\":\"https:\/\/secure.gravatar.com\/avatar\/8f10278ee18788aca9d67db0765d800c?s=96&r=g\",\"caption\":\"Silvia Alambert Hala\"},\"description\":\"Silvia Alambert Hala \u00e9 CKO da Progress Educacional, co-fundadora da The Money Camp\u2122 Brasil. Certificada pela Creative Wealth\u00ae Intl (USA), atua h\u00e1 14 anos como educadora financeira de crian\u00e7as, jovens e adultos e co-autora do livro \u201cPai, ensinas-me a poupar!\u201d (Ed. Rei dos Livros, Portugal).\",\"sameAs\":[\"@SilviaAlambertHala\",\"https:\/\/www.linkedin.com\/in\/silviaalambert\/\"],\"url\":\"https:\/\/www.suno.com.br\/noticias\/author\/silvia-alambert-hala\/\"}]}<\/script>\n<!-- \/ Yoast SEO plugin. -->","yoast_head_json":{"title":"Sa\u00fade financeira na pandemia - Suno Not\u00edcias","description":"T\u00e3o importante quanto as art\u00e9rias que levam o sangue, a educa\u00e7\u00e3o financeira \u00e9 importante para manter a sa\u00fade financeira. Leia mais.","robots":{"index":"index","follow":"follow","max-snippet":"max-snippet:-1","max-image-preview":"max-image-preview:large","max-video-preview":"max-video-preview:-1"},"canonical":"https:\/\/www.suno.com.br\/noticias\/colunas\/silvia-alambert-hala\/educacao-financeira-pandemia\/","og_locale":"pt_BR","og_type":"article","og_title":"Sa\u00fade financeira na pandemia - Suno Not\u00edcias","og_description":"T\u00e3o importante quanto as art\u00e9rias que levam o sangue, a educa\u00e7\u00e3o financeira \u00e9 importante para manter a sa\u00fade financeira. Leia mais.","og_url":"https:\/\/www.suno.com.br\/noticias\/colunas\/silvia-alambert-hala\/educacao-financeira-pandemia\/","og_site_name":"Suno Not\u00edcias","article_publisher":"https:\/\/facebook.com\/sunoresearch","og_image":[{"width":1200,"height":627,"url":"https:\/\/files.sunoresearch.com.br\/n\/uploads\/2022\/06\/Modelo2.jpg","type":"image\/jpeg"}],"twitter_card":"summary_large_image","twitter_site":"@sunoresearch","twitter_misc":{"Est. tempo de leitura":"4 minutos"},"schema":{"@context":"https:\/\/schema.org","@graph":[{"@type":"Article","@id":"https:\/\/www.suno.com.br\/noticias\/colunas\/silvia-alambert-hala\/educacao-financeira-pandemia\/#article","isPartOf":{"@id":"https:\/\/www.suno.com.br\/noticias\/colunas\/silvia-alambert-hala\/educacao-financeira-pandemia\/"},"author":{"name":"Silvia Alambert Hala","@id":"https:\/\/www.suno.com.br\/noticias\/#\/schema\/person\/53240a47f8580f70c7d752284216042c"},"headline":"Sa\u00fade financeira na pandemia","datePublished":"2021-09-14T11:00:38+00:00","dateModified":"2021-09-14T12:30:02+00:00","mainEntityOfPage":{"@id":"https:\/\/www.suno.com.br\/noticias\/colunas\/silvia-alambert-hala\/educacao-financeira-pandemia\/"},"wordCount":775,"publisher":{"@id":"https:\/\/www.suno.com.br\/noticias\/#organization"},"inLanguage":"pt-BR"},{"@type":"WebPage","@id":"https:\/\/www.suno.com.br\/noticias\/colunas\/silvia-alambert-hala\/educacao-financeira-pandemia\/","url":"https:\/\/www.suno.com.br\/noticias\/colunas\/silvia-alambert-hala\/educacao-financeira-pandemia\/","name":"Sa\u00fade financeira na pandemia - Suno Not\u00edcias","isPartOf":{"@id":"https:\/\/www.suno.com.br\/noticias\/#website"},"datePublished":"2021-09-14T11:00:38+00:00","dateModified":"2021-09-14T12:30:02+00:00","description":"T\u00e3o importante quanto as art\u00e9rias que levam o sangue, a educa\u00e7\u00e3o financeira \u00e9 importante para manter a sa\u00fade financeira. Leia mais.","breadcrumb":{"@id":"https:\/\/www.suno.com.br\/noticias\/colunas\/silvia-alambert-hala\/educacao-financeira-pandemia\/#breadcrumb"},"inLanguage":"pt-BR","potentialAction":[{"@type":"ReadAction","target":["https:\/\/www.suno.com.br\/noticias\/colunas\/silvia-alambert-hala\/educacao-financeira-pandemia\/"]}]},{"@type":"BreadcrumbList","@id":"https:\/\/www.suno.com.br\/noticias\/colunas\/silvia-alambert-hala\/educacao-financeira-pandemia\/#breadcrumb","itemListElement":[{"@type":"ListItem","position":1,"name":"Not\u00edcias","item":"https:\/\/www.suno.com.br\/noticias\/"},{"@type":"ListItem","position":2,"name":"Colunas","item":"https:\/\/www.suno.com.br\/noticias\/colunas\/"},{"@type":"ListItem","position":3,"name":"Sa\u00fade financeira na pandemia"}]},{"@type":"WebSite","@id":"https:\/\/www.suno.com.br\/noticias\/#website","url":"https:\/\/www.suno.com.br\/noticias\/","name":"Suno Not\u00edcias","description":"Seu portal de informa\u00e7\u00e3o sobre o mundo dos investimentos","publisher":{"@id":"https:\/\/www.suno.com.br\/noticias\/#organization"},"potentialAction":[{"@type":"SearchAction","target":{"@type":"EntryPoint","urlTemplate":"https:\/\/www.suno.com.br\/noticias\/?s={search_term_string}"},"query-input":{"@type":"PropertyValueSpecification","valueRequired":true,"valueName":"search_term_string"}}],"inLanguage":"pt-BR"},{"@type":"Organization","@id":"https:\/\/www.suno.com.br\/noticias\/#organization","name":"Suno Not\u00edcias","url":"https:\/\/www.suno.com.br\/noticias\/","logo":{"@type":"ImageObject","inLanguage":"pt-BR","@id":"https:\/\/www.suno.com.br\/noticias\/#\/schema\/logo\/image\/","url":"https:\/\/files.sunoresearch.com.br\/n\/uploads\/2021\/09\/suno-logo.png","contentUrl":"https:\/\/files.sunoresearch.com.br\/n\/uploads\/2021\/09\/suno-logo.png","width":180,"height":180,"caption":"Suno Not\u00edcias"},"image":{"@id":"https:\/\/www.suno.com.br\/noticias\/#\/schema\/logo\/image\/"},"sameAs":["https:\/\/facebook.com\/sunoresearch","https:\/\/x.com\/sunoresearch","https:\/\/www.instagram.com\/suno","https:\/\/www.linkedin.com\/company\/suno-research\/","https:\/\/www.youtube.com\/c\/sunoresearch"]},{"@type":"Person","@id":"https:\/\/www.suno.com.br\/noticias\/#\/schema\/person\/53240a47f8580f70c7d752284216042c","name":"Silvia Alambert Hala","image":{"@type":"ImageObject","inLanguage":"pt-BR","@id":"https:\/\/www.suno.com.br\/noticias\/#\/schema\/person\/image\/","url":"https:\/\/secure.gravatar.com\/avatar\/8f10278ee18788aca9d67db0765d800c?s=96&r=g","contentUrl":"https:\/\/secure.gravatar.com\/avatar\/8f10278ee18788aca9d67db0765d800c?s=96&r=g","caption":"Silvia Alambert Hala"},"description":"Silvia Alambert Hala \u00e9 CKO da Progress Educacional, co-fundadora da The Money Camp\u2122 Brasil. Certificada pela Creative Wealth\u00ae Intl (USA), atua h\u00e1 14 anos como educadora financeira de crian\u00e7as, jovens e adultos e co-autora do livro \u201cPai, ensinas-me a poupar!\u201d (Ed. Rei dos Livros, Portugal).","sameAs":["@SilviaAlambertHala","https:\/\/www.linkedin.com\/in\/silviaalambert\/"],"url":"https:\/\/www.suno.com.br\/noticias\/author\/silvia-alambert-hala\/"}]}},"amp_enabled":true,"_links":{"self":[{"href":"https:\/\/www.suno.com.br\/noticias\/wp-json\/wp\/v2\/suno_column\/183161"}],"collection":[{"href":"https:\/\/www.suno.com.br\/noticias\/wp-json\/wp\/v2\/suno_column"}],"about":[{"href":"https:\/\/www.suno.com.br\/noticias\/wp-json\/wp\/v2\/types\/suno_column"}],"author":[{"embeddable":true,"href":"https:\/\/www.suno.com.br\/noticias\/wp-json\/wp\/v2\/users\/85"}],"wp:attachment":[{"href":"https:\/\/www.suno.com.br\/noticias\/wp-json\/wp\/v2\/media?parent=183161"}],"wp:term":[{"taxonomy":"post_tag","embeddable":true,"href":"https:\/\/www.suno.com.br\/noticias\/wp-json\/wp\/v2\/tags?post=183161"}],"curies":[{"name":"wp","href":"https:\/\/api.w.org\/{rel}","templated":true}]}}