{"id":181458,"date":"2021-09-06T11:28:36","date_gmt":"2021-09-06T14:28:36","guid":{"rendered":"https:\/\/www.suno.com.br\/noticias\/colunas\/felipe-areia\/"},"modified":"2021-09-06T11:28:36","modified_gmt":"2021-09-06T14:28:36","slug":"semana-feriados-stf-bolsonaro","status":"publish","type":"suno_column","link":"https:\/\/www.suno.com.br\/noticias\/colunas\/julio-hegedus-netto\/semana-feriados-stf-bolsonaro\/","title":{"rendered":"Semana curta com feriados, mas intensa"},"content":{"rendered":"<p>Uma semana mais curta pelos feriados no Brasil e nos EUA, mas n\u00e3o menos intensa. Nos EUA, temos o feriado do Dia do Trabalhador, hoje, dia 06; no Brasil, o da Independ\u00eancia, dia 07, que pode representar um \u201cmarco divis\u00f3rio\u201d sobre a <strong>governabilidade do presidente Jair Bolsonaro<\/strong> e sua rela\u00e7\u00e3o com os poderes. Como est\u00e1 instigando v\u00e1rias manifesta\u00e7\u00f5es pelo Brasil, pode sim representar sua for\u00e7a ou \u201cocaso\u201d. Tudo depender\u00e1 do que deve acontecer. No feriado dos EUA, pelo Dia do Trabalho, teremos \u201cesvaziamento\u201d nos mercados do Brasil.<\/p>\n\t<p>\n\t\t<a href=\"https:\/\/lp.suno.com.br\/planilha-controle-gastos\/\" target=\"_blank\" data-element=\"shortcode-suno-banner\" title=\"Banner SUNO, clique e saiba mais\">\n\t\t\t<picture>\n\t\t\t\t<source media=\"(max-width: 500px)\" srcset=\"https:\/\/files.sunoresearch.com.br\/n\/uploads\/2023\/03\/400x300-Planilha-controle-de-gastos.png\">\n\t\t\t\t<img class=\"newsContent__article__imgCapa newsContent__article__imgCapa--banner\"\n\t\t\t\t\tsrc=\"https:\/\/files.sunoresearch.com.br\/n\/uploads\/2023\/03\/1420x240-Planilha-controle-de-gastos.png\"\n\t\t\t\t\tdata-promo-id=\"101751\"\t\t\t\t\t\t\t\t\t\twidth='1420' height='240'\t\t\t\t\talt=\"https:\/\/files.sunoresearch.com.br\/n\/uploads\/2023\/03\/1420x240-Planilha-controle-de-gastos.png\"\n\t\t\t\t>\n\t\t\t<\/picture>\n\t\t<\/a>\n\t<\/p>\n\n\n<p>Muitos comentam, inclusive, que este \u201ctom incendi\u00e1rio\u201d tem por objetivo tumultuar o processo, provocar confrontos e da\u00ed, uma poss\u00edvel <strong>interven\u00e7\u00e3o militar<\/strong>, no objetivo de manter a \u201cordem p\u00fablica\u201d.<\/p>\n<p>Em resposta, o <strong>Supremo Tribunal Federal (STF)<\/strong> tem marcado, no dia 10, em plen\u00e1rio virtual, o julgamento de um mandato de injun\u00e7\u00e3o, ajuizado pelo deputado Kim Kataguiri (DEM), pedindo, entre outras coisas, que a Corte determine um prazo para <strong>Arthur Lira (PP)<\/strong> decidir sobre os <strong>pedidos de impeachment contra Jair Bolsonaro<\/strong>.<\/p>\n<p>Os militares cancelaram todos os <strong>desfiles militares<\/strong> num claro sinal de que n\u00e3o est\u00e3o acompanhando as provoca\u00e7\u00f5es do presidente.<\/p>\n<p>Ele, no entanto, segue na sua cruzada incendi\u00e1ria pelo <strong>voto impresso<\/strong>. Em Bras\u00edlia, muita movimenta\u00e7\u00e3o j\u00e1 se observa entre os ministros do STE para tornar o presidente ineleg\u00edvel em 2022. Seria uma solu\u00e7\u00e3o intermedi\u00e1ria, diante tamb\u00e9m da hip\u00f3tese de impeachment, algo considerado traum\u00e1tico neste momento. Contra ele, pesam muitos \u201cdelitos\u201d, o maior o \u201ccrime de responsabilidade\u201d, pela postura negacionista frente \u00e0 pandemia.<\/p>\n<p>Ali\u00e1s, inevit\u00e1vel dizer que os mercados refletem, e muito, o clima pol\u00edtico a\u00e7odado e incerto do momento. Diante de tanta instabilidade, como investir, vendo os estrangeiros retirarem recursos e derrubando os mercados? Diante de tantas interven\u00e7\u00f5es desastradas do presidente na cena nacional, como pensar no futuro? N\u00e3o resta d\u00favida de que os capitais gostam de previsibilidade e estabilidade, nada que se v\u00ea neste momento. Da\u00ed, os mercados estarem \u201centregando\u201d.<\/p>\n\t<p>\n\t\t<a href=\"https:\/\/lp.suno.com.br\/planilha-da-vida-financeira\/\" target=\"_blank\" data-element=\"shortcode-suno-banner\" title=\"Banner SUNO, clique e saiba mais\">\n\t\t\t<picture>\n\t\t\t\t<source media=\"(max-width: 500px)\" srcset=\"https:\/\/files.sunoresearch.com.br\/n\/uploads\/2023\/04\/400x300-Planilha-vida-financeira-true.png\">\n\t\t\t\t<img class=\"newsContent__article__imgCapa newsContent__article__imgCapa--banner\"\n\t\t\t\t\tsrc=\"https:\/\/files.sunoresearch.com.br\/n\/uploads\/2023\/04\/1420x240-Planilha-vida-financeira-true.png\"\n\t\t\t\t\tdata-promo-id=\"106682\"\t\t\t\t\t\t\t\t\t\twidth='1420' height='240'\t\t\t\t\talt=\"https:\/\/files.sunoresearch.com.br\/n\/uploads\/2023\/04\/1420x240-Planilha-vida-financeira-true.png\"\n\t\t\t\t>\n\t\t\t<\/picture>\n\t\t<\/a>\n\t<\/p>\n\n\n<p><strong>No STF<\/strong><\/p>\n<p>Temos uma agenda carregada por l\u00e1.<\/p>\n<p>Na demarca\u00e7\u00e3o sobre terras ind\u00edgenas, a decis\u00e3o ser\u00e1 seguir ou n\u00e3o o crit\u00e9rio do <strong>marco temporal<\/strong>. Por este crit\u00e9rio, os \u00edndios s\u00f3 podem reivindicar a demarca\u00e7\u00e3o das terras que eram ocupadas por eles antes da promulga\u00e7\u00e3o da Constitui\u00e7\u00e3o de 1988.<\/p>\n<p>A PGR, representada por Augusto Aras, j\u00e1 apresentou manifesta\u00e7\u00e3o contr\u00e1ria a este \u201cmarco temporal\u201d. J\u00e1 o relator da a\u00e7\u00e3o, Edson Fachin, deve apresentar parecer favor\u00e1vel aos \u00edndios, devendo seguir seu entendimento.<\/p>\n<p>Isso ir\u00e1 significar a desapropria\u00e7\u00e3o de diversas \u00e1reas ocupadas pelo agroneg\u00f3cio, representando um consider\u00e1vel preju\u00edzo econ\u00f4mico ao Pa\u00eds. Nesta tese, inclusive, n\u00e3o cabe se apoiar em paradigmas hist\u00f3ricos, antropol\u00f3gicos, mas sim, considerar se os \u00edndios, em direito a certas terras, s\u00e3o produtivos ou n\u00e3o. Tese esta, ali\u00e1s, sempre defendida pelos movimentos sociais e suas a\u00e7\u00f5es contra os latifundi\u00e1rios (MST).<\/p>\n\t<p>\n\t\t<a href=\"https:\/\/lp.suno.com.br\/ebook-como-analisar-uma-acao\/\" target=\"_blank\" data-element=\"shortcode-suno-banner\" title=\"Banner SUNO, clique e saiba mais\">\n\t\t\t<picture>\n\t\t\t\t<source media=\"(max-width: 500px)\" srcset=\"https:\/\/files.sunoresearch.com.br\/n\/uploads\/2023\/03\/Ebook-Acoes-Mobile-1.jpg\">\n\t\t\t\t<img class=\"newsContent__article__imgCapa newsContent__article__imgCapa--banner\"\n\t\t\t\t\tsrc=\"https:\/\/files.sunoresearch.com.br\/n\/uploads\/2023\/03\/Ebook-Acoes-Desktop-1.jpg\"\n\t\t\t\t\tdata-promo-id=\"171998\"\t\t\t\t\t\t\t\t\t\twidth='1420' height='286'\t\t\t\t\talt=\"https:\/\/files.sunoresearch.com.br\/n\/uploads\/2023\/03\/Ebook-Acoes-Desktop-1.jpg\"\n\t\t\t\t>\n\t\t\t<\/picture>\n\t\t<\/a>\n\t<\/p>\n\n\n<p><strong>No Congresso<\/strong><\/p>\n<p>O projeto em torno do IR chega ao Senado nesta semana. Em paralelo, na \u201ccalada da noite\u201d, num clima de muita instabilidade institucional e pol\u00edtica, o Congresso deve votar o projeto de lei que trata da <strong>Reforma Eleitoral<\/strong>, num texto de 896 artigos. Os partidos t\u00eam at\u00e9 as 14hs de quarta-feira para apresentar emendas e destaques, sendo que a vota\u00e7\u00e3o est\u00e1 marcada para as 16hs do mesmo dia. Ou seja, prazo zero para o debate e reconsidera\u00e7\u00f5es. Por que tanta pressa?<\/p>\n<p>Simplesmente, porque em um dos pontos temos a <strong>quarentena de cinco anos<\/strong> para militares, policiais, ju\u00edzes, promotores, membros da seguran\u00e7a, caso queiram concorrer a algum cargo eletivo. Isso deve impedir a candidatura do <strong>ex-juiz Sergio Moro<\/strong>, por exemplo. Nada mais cir\u00fargico ou \u201cencomendado\u201d.<\/p>\n<p>Sobre a <strong>reforma do IR<\/strong> no Congresso, depois de aprovado o parecer com 398 votos a 77, agora \u00e9 saber se passa pelo Senado. A perspectiva \u00e9 de aprova\u00e7\u00e3o, mas alguns pontos devem ser colocados.<\/p>\n<ul>\n<li>A vers\u00e3o aprovada n\u00e3o foi a que o governo queria.<\/li>\n<li>Observa-se nas duas casas, C\u00e2mara e Senado, os presidentes, Arthur Lira e Rodrigo Pacheco, se movimentando com independ\u00eancia, dentro dos seus \u201cprojetos pessoais\u201d.<\/li>\n<li>Pacheco defende uma reforma mais ampla, por emenda constitucional, enquanto que Lira quer continuar \u201cfatiando\u201d.<\/li>\n<li>Os entes subnacionais devem se mobilizar pela perda de receitas, prevista em R$ 15 bilh\u00f5es, ao contr\u00e1rio dos empres\u00e1rios, reclamando do aumento da carga fiscal.<\/li>\n<li>Acreditamos, no entanto, que a vota\u00e7\u00e3o \u201cacachapante\u201d na C\u00e2mara deve ser um fator a ser considerado, ainda mais num parecer que alivia para as fam\u00edlias e institui a cobran\u00e7a sobre lucros e dividendos.<\/li>\n<\/ul>\n<p>No Congresso ainda temos uma agenda bem ampla. A reforma administrativa deve ingressar em vota\u00e7\u00e3o entre os dias 14 a 16 de setembro na Comiss\u00e3o Especial; depois, esta PEC vai para plen\u00e1rio e ser deliberada em dois turnos e dois ter\u00e7os; Lira deve tamb\u00e9m retomar a <a class=\"suno-keyword\" href=\"https:\/\/www.suno.com.br\/artigos\/reforma-tributaria\/\" target=\"_blank\" rel=\"noopener\" data-force=\"no\" data-priority=\"2\">reforma tribut\u00e1ria<\/a>, na tributa\u00e7\u00e3o sobre o consumo e a cria\u00e7\u00e3o da CBS, com a unifica\u00e7\u00e3o do PIS e do Cofins; outro ponto desta reforma \u00e9 a cria\u00e7\u00e3o de um novo Refis, por Rodrigo Pacheco, que, no entanto, s\u00f3 deve avan\u00e7ar se a reforma do IR for aprovada.<\/p>\n\t<p>\n\t\t<a href=\"https:\/\/lp.suno.com.br\/planilha-de-controle-de-investimentos\/\" target=\"_blank\" data-element=\"shortcode-suno-banner\" title=\"Banner SUNO, clique e saiba mais\">\n\t\t\t<picture>\n\t\t\t\t<source media=\"(max-width: 500px)\" srcset=\"https:\/\/files.sunoresearch.com.br\/n\/uploads\/2023\/03\/400x300-Controle-de-Investimentos.png\">\n\t\t\t\t<img class=\"newsContent__article__imgCapa newsContent__article__imgCapa--banner\"\n\t\t\t\t\tsrc=\"https:\/\/files.sunoresearch.com.br\/n\/uploads\/2023\/03\/1420x240-Controle-de-Investimentos.png\"\n\t\t\t\t\tdata-promo-id=\"75934\"\t\t\t\t\t\t\t\t\t\twidth='1420' height='240'\t\t\t\t\talt=\"https:\/\/files.sunoresearch.com.br\/n\/uploads\/2023\/03\/1420x240-Controle-de-Investimentos.png\"\n\t\t\t\t>\n\t\t\t<\/picture>\n\t\t<\/a>\n\t<\/p>\n\n\n<p><strong>Mercados<\/strong><\/p>\n<p>No Brasil, no dia 03\/09, no fechamento, o <strong>d\u00f3lar<\/strong> avan\u00e7ou 0,03% contra o real, cotada a R$ 5,1923. J\u00e1 o <strong>Ibovespa<\/strong> voltou a subir, +0,22%, a 116.933 mil pontos. Na avalia\u00e7\u00e3o para setembro, observamos ainda muita volatilidade e instabilidade, mantendo como boas op\u00e7\u00f5es pap\u00e9is ligados \u00e0 <strong>commodities e ao setor financeiro<\/strong>.<\/p>\n<p>Na \u00c1sia, os mercados operaram avan\u00e7ando, refletindo a sa\u00edda planejada do primeiro ministro japon\u00eas (<strong>Yoshihide Suga<\/strong>). A perspectiva \u00e9 de que o pr\u00f3ximo primeiro ministro fa\u00e7a uma gest\u00e3o melhor. Na China, a perspectiva \u00e9 de que as autoridades apertem mais sobre a regula\u00e7\u00e3o nas opera\u00e7\u00f5es financeiras.<\/p>\n<p>Nesta madrugada (05h05), dia 06\/09, os mercados operaram em ALTA. Nikkei avan\u00e7ando 1,83%, a 29.659 pontos; KOSPI, na Cor\u00e9ia do Sul, +0,07%, a 3.203 pontos; Shanghai, +1,12%, a 3.621 pontos, e <a class=\"suno-keyword\" href=\"https:\/\/www.suno.com.br\/artigos\/hang-seng\/\" target=\"_blank\" rel=\"noopener\" data-force=\"no\" data-priority=\"1\">Hang Seng<\/a>, +0,90%, a 26.136 pontos.<\/p>\n<p>Nesta madrugada do dia 06\/09, na Europa (04h05), nos futuros, os mercados operavam em ALTA. DAX (Alemanha) avan\u00e7ando 0,31%, a 15.829 pontos; <a class=\"suno-keyword\" href=\"https:\/\/www.suno.com.br\/artigos\/ftse-100\/\" target=\"_blank\" rel=\"noopener\" data-force=\"no\" data-priority=\"1\">FTSE 100<\/a> (Reino Unido), +0,30%, a 7.159 pontos; <a class=\"suno-keyword\" href=\"https:\/\/www.suno.com.br\/artigos\/cac-40\/\" target=\"_blank\" rel=\"noopener\" data-force=\"no\" data-priority=\"1\">CAC 40<\/a> (Fran\u00e7a), +0,26%, a 6.707 pontos, e EuroStoxx50, -0,40%, a 4.218 pontos.<\/p>\n<p>Nos EUA, as bolsas de NY no <a class=\"suno-keyword\" href=\"https:\/\/www.suno.com.br\/artigos\/contrato-futuro\/\" target=\"_blank\" rel=\"noopener\" data-force=\"no\" data-priority=\"1\">mercado futuro<\/a>, operavam \u00e0s 05h05, dia 06\/09, da seguinte forma: o Dow Jones avan\u00e7ando 0,17%, a 35.413 pontos, o S&amp;P 500, +0,18%, a 4.542 pontos, e o Nasdaq +0,28%, a 15.697 pontos. No mercado de treasuries, US 2Y avan\u00e7ando 0,05%, a 0,2081, US 10Y +0,28%, a 1,326 e US 30Y, -0,21%, a 1,946. No DXY, o d\u00f3lar avan\u00e7ava 0,23%, a 92,248. <a class=\"suno-keyword\" href=\"https:\/\/www.suno.com.br\/artigos\/wti\/\" target=\"_blank\" rel=\"noopener\" data-force=\"no\" data-priority=\"1\">Petr\u00f3leo WTI<\/a>, a US$ 68,62 (-0,97%) e Petr\u00f3leo Brent US$ 71,94 (-0,92%).<\/p>\n\t<p>\n\t\t<a href=\"\" target=\"_blank\" data-element=\"shortcode-suno-banner\" title=\"Banner SUNO, clique e saiba mais\">\n\t\t\t<picture>\n\t\t\t\t<source media=\"(max-width: 500px)\" srcset=\"\">\n\t\t\t\t<img class=\"newsContent__article__imgCapa newsContent__article__imgCapa--banner\"\n\t\t\t\t\tsrc=\"\"\n\t\t\t\t\tdata-promo-id=\"89005\"\t\t\t\t\t\t\t\t\t\t\t\t\t\t\talt=\"\"\n\t\t\t\t>\n\t\t\t<\/picture>\n\t\t<\/a>\n\t<\/p>\n\n\n<table>\n<tbody>\n<tr>\n<td colspan=\"2\" width=\"142\"><strong>Agenda Semanal<\/strong><\/td>\n<td width=\"454\"><strong>\u00a0<\/strong><\/td>\n<\/tr>\n<tr>\n<td width=\"123\"><strong>2\u00aa feira (6)<\/strong><\/td>\n<td colspan=\"2\" width=\"472\"><strong>Feriado nos EUA (Dia do Trabalho);<\/strong> Dia do Trabalho (Canad\u00e1); Boletim Focus (Brasil); Encomendas \u00e0 Ind\u00fastria (Jul); Alemanha; PMI Constru\u00e7\u00e3o (IHS Mrkit) (Alemanha) (Ago); PMI Constru\u00e7\u00e3o (Reino Unido) (Ago); Confian\u00e7a do Investidor Sentix (Euro); Infla\u00e7\u00e3o (Ago) (Austr\u00e1lia);<\/td>\n<\/tr>\n<tr>\n<td width=\"123\"><strong>3\u00aa feira (7)<\/strong><\/td>\n<td colspan=\"2\" width=\"472\"><strong>Feriado no Brasil (Independ\u00eancia);<\/strong> Vendas do varejo (Ago) (Reino Unido); Gastos dom\u00e9sticos, massa salarias, rendimento, horas extras (Jul) (Jap\u00e3o); Reservas Cambiais (Ago) (Jap\u00e3o); Reservas Cambiais (China); Balan\u00e7a Comercial (Ago) (China); Decis\u00e3o de taxa de juros (Austr\u00e1lia); \u00cdndice de Indicadores Antecedentes (Jul) (Jap\u00e3o); \u00cdndice de Pre\u00e7os de Im\u00f3veis Halifax (Ago) (Reino UNIDO); Produ\u00e7\u00e3o Industrial (Jul) (Alemanha); \u00edndice ZEW de Condi\u00e7\u00f5es Econ\u00f4micas (Set); PIB (Segundo trimestre) (Erro); Percep\u00e7\u00e3o Econ\u00f4mica (Euro) (Set).<\/td>\n<\/tr>\n<tr>\n<td width=\"123\"><strong>4\u00aa feira (8)<\/strong><\/td>\n<td colspan=\"2\" width=\"472\">PIB (Segundo trimestre) (Jap\u00e3o); Contas externas (Jul) (Jap\u00e3o); Empr\u00e9stimos e cr\u00e9dito (Jul) (Jap\u00e3o); \u00edndice de Compras MBA (EUA); Pedidos de refinanciamento hipotec\u00e1rio (EUA); IGP-DI (FGV) (Ago) (Brasil); \u00edndice Reebok (Anual) (EUA); <strong>Livro Bege (EUA); <\/strong>Cr\u00e9dito ao Consumidor (Jul) (EUA)<\/td>\n<\/tr>\n<tr>\n<td width=\"123\"><strong>5\u00aa feira (9)<\/strong><\/td>\n<td colspan=\"2\" width=\"472\">\u00cdndice de pre\u00e7os de im\u00f3veis (Ago) (Reino Unido); PPI e CPI (Ago) (China); Balan\u00e7a Comercial (Jul) (Alemanha); <strong>Decis\u00e3o de taxa de BCE; IPCA (Ago) (Brasil);<\/strong> Pedidos Iniciais de Seguro Desemprego (EUA).<\/td>\n<\/tr>\n<tr>\n<td width=\"123\"><strong>6\u00aa feira (10)<\/strong><\/td>\n<td colspan=\"2\" width=\"472\">Expectativa de infla\u00e7\u00e3o (Euro); PIB Segundo trimestre (Reino Unido); Produ\u00e7\u00e3o Industrial (Jul) Reino Unido; Balan\u00e7a Comercial (Jul) (Reino Unido); CPI (Ago) (Alemanha); Encontro do Eurogrupo; Vendas de varejo (PMC IBGE) (Jul) (Brasil); PPI MENSAL e ANUAL (Ago) (EUA); Vendas no atacado (Jul) (EUA).<\/td>\n<\/tr>\n<\/tbody>\n<\/table>\n\t<p>\n\t\t<a href=\"\" target=\"_blank\" data-element=\"shortcode-suno-banner\" title=\"Banner SUNO, clique e saiba mais\">\n\t\t\t<picture>\n\t\t\t\t<source media=\"(max-width: 500px)\" srcset=\"\">\n\t\t\t\t<img class=\"newsContent__article__imgCapa newsContent__article__imgCapa--banner\"\n\t\t\t\t\tsrc=\"\"\n\t\t\t\t\tdata-promo-id=\"77053\"\t\t\t\t\t\t\t\t\t\t\t\t\t\t\talt=\"\"\n\t\t\t\t>\n\t\t\t<\/picture>\n\t\t<\/a>\n\t<\/p>\n\n\n","protected":false},"excerpt":{"rendered":"<p>Uma semana mais curta pelos feriados no Brasil e nos EUA, mas n\u00e3o menos intensa. Nos EUA, temos o feriado do Dia do Trabalhador, hoje, dia 06; no Brasil, o da Independ&#8230;<\/p>\n","protected":false},"author":82,"featured_media":0,"template":"","tags":[],"class_list":["post-181458","suno_column","type-suno_column","status-publish","hentry"],"yoast_head":"<!-- This site is optimized with the Yoast SEO plugin v24.4 - https:\/\/yoast.com\/wordpress\/plugins\/seo\/ -->\n<title>Semana curta com feriados, mas intensa - Coluna de Julio Hegedus Neto<\/title>\n<meta name=\"description\" content=\"Leia a coluna de Julio Hegedus Neto sobre reforma eleitoral, do IR e o 7 de Setembro que devem atrair a aten\u00e7\u00e3o nesta semana\" \/>\n<meta name=\"robots\" content=\"index, follow, max-snippet:-1, max-image-preview:large, max-video-preview:-1\" \/>\n<link rel=\"canonical\" href=\"https:\/\/www.suno.com.br\/noticias\/colunas\/julio-hegedus-netto\/semana-feriados-stf-bolsonaro\/\" \/>\n<meta property=\"og:locale\" content=\"pt_BR\" \/>\n<meta property=\"og:type\" content=\"article\" \/>\n<meta property=\"og:title\" content=\"Semana curta com feriados, mas intensa - Coluna de Julio Hegedus Neto\" \/>\n<meta property=\"og:description\" content=\"Leia a coluna de Julio Hegedus Neto sobre reforma eleitoral, do IR e o 7 de Setembro que devem atrair a aten\u00e7\u00e3o nesta semana\" \/>\n<meta property=\"og:url\" content=\"https:\/\/www.suno.com.br\/noticias\/colunas\/julio-hegedus-netto\/semana-feriados-stf-bolsonaro\/\" \/>\n<meta property=\"og:site_name\" content=\"Suno Not\u00edcias\" \/>\n<meta property=\"article:publisher\" content=\"https:\/\/facebook.com\/sunoresearch\" \/>\n<meta property=\"og:image\" content=\"https:\/\/files.sunoresearch.com.br\/n\/uploads\/2022\/06\/Modelo2.jpg\" \/>\n\t<meta property=\"og:image:width\" content=\"1200\" \/>\n\t<meta property=\"og:image:height\" content=\"627\" \/>\n\t<meta property=\"og:image:type\" content=\"image\/jpeg\" \/>\n<meta name=\"twitter:card\" content=\"summary_large_image\" \/>\n<meta name=\"twitter:site\" content=\"@sunoresearch\" \/>\n<meta name=\"twitter:label1\" content=\"Est. tempo de leitura\" \/>\n\t<meta name=\"twitter:data1\" content=\"6 minutos\" \/>\n<script type=\"application\/ld+json\" class=\"yoast-schema-graph\">{\"@context\":\"https:\/\/schema.org\",\"@graph\":[{\"@type\":\"Article\",\"@id\":\"https:\/\/www.suno.com.br\/noticias\/colunas\/julio-hegedus-netto\/semana-feriados-stf-bolsonaro\/#article\",\"isPartOf\":{\"@id\":\"https:\/\/www.suno.com.br\/noticias\/colunas\/julio-hegedus-netto\/semana-feriados-stf-bolsonaro\/\"},\"author\":{\"name\":\"Julio Hegedus Netto\",\"@id\":\"https:\/\/www.suno.com.br\/noticias\/#\/schema\/person\/c5d31719f2f2f38c8d575fc08e55df1a\"},\"headline\":\"Semana curta com feriados, mas intensa\",\"datePublished\":\"2021-09-06T14:28:36+00:00\",\"mainEntityOfPage\":{\"@id\":\"https:\/\/www.suno.com.br\/noticias\/colunas\/julio-hegedus-netto\/semana-feriados-stf-bolsonaro\/\"},\"wordCount\":1411,\"publisher\":{\"@id\":\"https:\/\/www.suno.com.br\/noticias\/#organization\"},\"inLanguage\":\"pt-BR\"},{\"@type\":\"WebPage\",\"@id\":\"https:\/\/www.suno.com.br\/noticias\/colunas\/julio-hegedus-netto\/semana-feriados-stf-bolsonaro\/\",\"url\":\"https:\/\/www.suno.com.br\/noticias\/colunas\/julio-hegedus-netto\/semana-feriados-stf-bolsonaro\/\",\"name\":\"Semana curta com feriados, mas intensa - Coluna de Julio Hegedus Neto\",\"isPartOf\":{\"@id\":\"https:\/\/www.suno.com.br\/noticias\/#website\"},\"datePublished\":\"2021-09-06T14:28:36+00:00\",\"description\":\"Leia a coluna de Julio Hegedus Neto sobre reforma eleitoral, do IR e o 7 de Setembro que devem atrair a aten\u00e7\u00e3o nesta semana\",\"breadcrumb\":{\"@id\":\"https:\/\/www.suno.com.br\/noticias\/colunas\/julio-hegedus-netto\/semana-feriados-stf-bolsonaro\/#breadcrumb\"},\"inLanguage\":\"pt-BR\",\"potentialAction\":[{\"@type\":\"ReadAction\",\"target\":[\"https:\/\/www.suno.com.br\/noticias\/colunas\/julio-hegedus-netto\/semana-feriados-stf-bolsonaro\/\"]}]},{\"@type\":\"BreadcrumbList\",\"@id\":\"https:\/\/www.suno.com.br\/noticias\/colunas\/julio-hegedus-netto\/semana-feriados-stf-bolsonaro\/#breadcrumb\",\"itemListElement\":[{\"@type\":\"ListItem\",\"position\":1,\"name\":\"Not\u00edcias\",\"item\":\"https:\/\/www.suno.com.br\/noticias\/\"},{\"@type\":\"ListItem\",\"position\":2,\"name\":\"Colunas\",\"item\":\"https:\/\/www.suno.com.br\/noticias\/colunas\/\"},{\"@type\":\"ListItem\",\"position\":3,\"name\":\"Semana curta com feriados, mas intensa\"}]},{\"@type\":\"WebSite\",\"@id\":\"https:\/\/www.suno.com.br\/noticias\/#website\",\"url\":\"https:\/\/www.suno.com.br\/noticias\/\",\"name\":\"Suno Not\u00edcias\",\"description\":\"Seu portal de informa\u00e7\u00e3o sobre o mundo dos investimentos\",\"publisher\":{\"@id\":\"https:\/\/www.suno.com.br\/noticias\/#organization\"},\"potentialAction\":[{\"@type\":\"SearchAction\",\"target\":{\"@type\":\"EntryPoint\",\"urlTemplate\":\"https:\/\/www.suno.com.br\/noticias\/?s={search_term_string}\"},\"query-input\":{\"@type\":\"PropertyValueSpecification\",\"valueRequired\":true,\"valueName\":\"search_term_string\"}}],\"inLanguage\":\"pt-BR\"},{\"@type\":\"Organization\",\"@id\":\"https:\/\/www.suno.com.br\/noticias\/#organization\",\"name\":\"Suno Not\u00edcias\",\"url\":\"https:\/\/www.suno.com.br\/noticias\/\",\"logo\":{\"@type\":\"ImageObject\",\"inLanguage\":\"pt-BR\",\"@id\":\"https:\/\/www.suno.com.br\/noticias\/#\/schema\/logo\/image\/\",\"url\":\"https:\/\/files.sunoresearch.com.br\/n\/uploads\/2021\/09\/suno-logo.png\",\"contentUrl\":\"https:\/\/files.sunoresearch.com.br\/n\/uploads\/2021\/09\/suno-logo.png\",\"width\":180,\"height\":180,\"caption\":\"Suno Not\u00edcias\"},\"image\":{\"@id\":\"https:\/\/www.suno.com.br\/noticias\/#\/schema\/logo\/image\/\"},\"sameAs\":[\"https:\/\/facebook.com\/sunoresearch\",\"https:\/\/x.com\/sunoresearch\",\"https:\/\/www.instagram.com\/suno\",\"https:\/\/www.linkedin.com\/company\/suno-research\/\",\"https:\/\/www.youtube.com\/c\/sunoresearch\"]},{\"@type\":\"Person\",\"@id\":\"https:\/\/www.suno.com.br\/noticias\/#\/schema\/person\/c5d31719f2f2f38c8d575fc08e55df1a\",\"name\":\"Julio Hegedus Netto\",\"image\":{\"@type\":\"ImageObject\",\"inLanguage\":\"pt-BR\",\"@id\":\"https:\/\/www.suno.com.br\/noticias\/#\/schema\/person\/image\/\",\"url\":\"https:\/\/secure.gravatar.com\/avatar\/870043f332ebddfffd4a9e3a5dd46c13?s=96&r=g\",\"contentUrl\":\"https:\/\/secure.gravatar.com\/avatar\/870043f332ebddfffd4a9e3a5dd46c13?s=96&r=g\",\"caption\":\"Julio Hegedus Netto\"},\"description\":\"Economista-chefe da Lopes Filho por 26 anos, com mestrado na UFF e na UCAM e doutorando em Portugal. Escrevo relat\u00f3rios para a OHM RESEARCH e disponibilizo conte\u00fados no IML, Investing.com, Linkedin e Suno Not\u00edcias.\",\"sameAs\":[\"https:\/\/jhn031299.blogspot.com\/\",\"https:\/\/www.facebook.com\/julio.hegedus.5\",\"https:\/\/www.linkedin.com\/in\/juliohegedusnetto\/\",\"https:\/\/x.com\/JuHegedus\"],\"url\":\"https:\/\/www.suno.com.br\/noticias\/author\/julio-hegedus-netto\/\"}]}<\/script>\n<!-- \/ Yoast SEO plugin. -->","yoast_head_json":{"title":"Semana curta com feriados, mas intensa - Coluna de Julio Hegedus Neto","description":"Leia a coluna de Julio Hegedus Neto sobre reforma eleitoral, do IR e o 7 de Setembro que devem atrair a aten\u00e7\u00e3o nesta semana","robots":{"index":"index","follow":"follow","max-snippet":"max-snippet:-1","max-image-preview":"max-image-preview:large","max-video-preview":"max-video-preview:-1"},"canonical":"https:\/\/www.suno.com.br\/noticias\/colunas\/julio-hegedus-netto\/semana-feriados-stf-bolsonaro\/","og_locale":"pt_BR","og_type":"article","og_title":"Semana curta com feriados, mas intensa - Coluna de Julio Hegedus Neto","og_description":"Leia a coluna de Julio Hegedus Neto sobre reforma eleitoral, do IR e o 7 de Setembro que devem atrair a aten\u00e7\u00e3o nesta semana","og_url":"https:\/\/www.suno.com.br\/noticias\/colunas\/julio-hegedus-netto\/semana-feriados-stf-bolsonaro\/","og_site_name":"Suno Not\u00edcias","article_publisher":"https:\/\/facebook.com\/sunoresearch","og_image":[{"width":1200,"height":627,"url":"https:\/\/files.sunoresearch.com.br\/n\/uploads\/2022\/06\/Modelo2.jpg","type":"image\/jpeg"}],"twitter_card":"summary_large_image","twitter_site":"@sunoresearch","twitter_misc":{"Est. tempo de leitura":"6 minutos"},"schema":{"@context":"https:\/\/schema.org","@graph":[{"@type":"Article","@id":"https:\/\/www.suno.com.br\/noticias\/colunas\/julio-hegedus-netto\/semana-feriados-stf-bolsonaro\/#article","isPartOf":{"@id":"https:\/\/www.suno.com.br\/noticias\/colunas\/julio-hegedus-netto\/semana-feriados-stf-bolsonaro\/"},"author":{"name":"Julio Hegedus Netto","@id":"https:\/\/www.suno.com.br\/noticias\/#\/schema\/person\/c5d31719f2f2f38c8d575fc08e55df1a"},"headline":"Semana curta com feriados, mas intensa","datePublished":"2021-09-06T14:28:36+00:00","mainEntityOfPage":{"@id":"https:\/\/www.suno.com.br\/noticias\/colunas\/julio-hegedus-netto\/semana-feriados-stf-bolsonaro\/"},"wordCount":1411,"publisher":{"@id":"https:\/\/www.suno.com.br\/noticias\/#organization"},"inLanguage":"pt-BR"},{"@type":"WebPage","@id":"https:\/\/www.suno.com.br\/noticias\/colunas\/julio-hegedus-netto\/semana-feriados-stf-bolsonaro\/","url":"https:\/\/www.suno.com.br\/noticias\/colunas\/julio-hegedus-netto\/semana-feriados-stf-bolsonaro\/","name":"Semana curta com feriados, mas intensa - Coluna de Julio Hegedus Neto","isPartOf":{"@id":"https:\/\/www.suno.com.br\/noticias\/#website"},"datePublished":"2021-09-06T14:28:36+00:00","description":"Leia a coluna de Julio Hegedus Neto sobre reforma eleitoral, do IR e o 7 de Setembro que devem atrair a aten\u00e7\u00e3o nesta semana","breadcrumb":{"@id":"https:\/\/www.suno.com.br\/noticias\/colunas\/julio-hegedus-netto\/semana-feriados-stf-bolsonaro\/#breadcrumb"},"inLanguage":"pt-BR","potentialAction":[{"@type":"ReadAction","target":["https:\/\/www.suno.com.br\/noticias\/colunas\/julio-hegedus-netto\/semana-feriados-stf-bolsonaro\/"]}]},{"@type":"BreadcrumbList","@id":"https:\/\/www.suno.com.br\/noticias\/colunas\/julio-hegedus-netto\/semana-feriados-stf-bolsonaro\/#breadcrumb","itemListElement":[{"@type":"ListItem","position":1,"name":"Not\u00edcias","item":"https:\/\/www.suno.com.br\/noticias\/"},{"@type":"ListItem","position":2,"name":"Colunas","item":"https:\/\/www.suno.com.br\/noticias\/colunas\/"},{"@type":"ListItem","position":3,"name":"Semana curta com feriados, mas intensa"}]},{"@type":"WebSite","@id":"https:\/\/www.suno.com.br\/noticias\/#website","url":"https:\/\/www.suno.com.br\/noticias\/","name":"Suno Not\u00edcias","description":"Seu portal de informa\u00e7\u00e3o sobre o mundo dos investimentos","publisher":{"@id":"https:\/\/www.suno.com.br\/noticias\/#organization"},"potentialAction":[{"@type":"SearchAction","target":{"@type":"EntryPoint","urlTemplate":"https:\/\/www.suno.com.br\/noticias\/?s={search_term_string}"},"query-input":{"@type":"PropertyValueSpecification","valueRequired":true,"valueName":"search_term_string"}}],"inLanguage":"pt-BR"},{"@type":"Organization","@id":"https:\/\/www.suno.com.br\/noticias\/#organization","name":"Suno Not\u00edcias","url":"https:\/\/www.suno.com.br\/noticias\/","logo":{"@type":"ImageObject","inLanguage":"pt-BR","@id":"https:\/\/www.suno.com.br\/noticias\/#\/schema\/logo\/image\/","url":"https:\/\/files.sunoresearch.com.br\/n\/uploads\/2021\/09\/suno-logo.png","contentUrl":"https:\/\/files.sunoresearch.com.br\/n\/uploads\/2021\/09\/suno-logo.png","width":180,"height":180,"caption":"Suno Not\u00edcias"},"image":{"@id":"https:\/\/www.suno.com.br\/noticias\/#\/schema\/logo\/image\/"},"sameAs":["https:\/\/facebook.com\/sunoresearch","https:\/\/x.com\/sunoresearch","https:\/\/www.instagram.com\/suno","https:\/\/www.linkedin.com\/company\/suno-research\/","https:\/\/www.youtube.com\/c\/sunoresearch"]},{"@type":"Person","@id":"https:\/\/www.suno.com.br\/noticias\/#\/schema\/person\/c5d31719f2f2f38c8d575fc08e55df1a","name":"Julio Hegedus Netto","image":{"@type":"ImageObject","inLanguage":"pt-BR","@id":"https:\/\/www.suno.com.br\/noticias\/#\/schema\/person\/image\/","url":"https:\/\/secure.gravatar.com\/avatar\/870043f332ebddfffd4a9e3a5dd46c13?s=96&r=g","contentUrl":"https:\/\/secure.gravatar.com\/avatar\/870043f332ebddfffd4a9e3a5dd46c13?s=96&r=g","caption":"Julio Hegedus Netto"},"description":"Economista-chefe da Lopes Filho por 26 anos, com mestrado na UFF e na UCAM e doutorando em Portugal. Escrevo relat\u00f3rios para a OHM RESEARCH e disponibilizo conte\u00fados no IML, Investing.com, Linkedin e Suno Not\u00edcias.","sameAs":["https:\/\/jhn031299.blogspot.com\/","https:\/\/www.facebook.com\/julio.hegedus.5","https:\/\/www.linkedin.com\/in\/juliohegedusnetto\/","https:\/\/x.com\/JuHegedus"],"url":"https:\/\/www.suno.com.br\/noticias\/author\/julio-hegedus-netto\/"}]}},"amp_enabled":true,"_links":{"self":[{"href":"https:\/\/www.suno.com.br\/noticias\/wp-json\/wp\/v2\/suno_column\/181458"}],"collection":[{"href":"https:\/\/www.suno.com.br\/noticias\/wp-json\/wp\/v2\/suno_column"}],"about":[{"href":"https:\/\/www.suno.com.br\/noticias\/wp-json\/wp\/v2\/types\/suno_column"}],"author":[{"embeddable":true,"href":"https:\/\/www.suno.com.br\/noticias\/wp-json\/wp\/v2\/users\/82"}],"wp:attachment":[{"href":"https:\/\/www.suno.com.br\/noticias\/wp-json\/wp\/v2\/media?parent=181458"}],"wp:term":[{"taxonomy":"post_tag","embeddable":true,"href":"https:\/\/www.suno.com.br\/noticias\/wp-json\/wp\/v2\/tags?post=181458"}],"curies":[{"name":"wp","href":"https:\/\/api.w.org\/{rel}","templated":true}]}}