{"id":180928,"date":"2021-09-09T08:00:55","date_gmt":"2021-09-09T11:00:55","guid":{"rendered":"https:\/\/www.suno.com.br\/noticias\/colunas\/natalia-gomez\/"},"modified":"2021-09-03T14:09:50","modified_gmt":"2021-09-03T17:09:50","slug":"o-brasil-e-um-dos-poucos-paises-que-nao-tributa-dividendos-e-dai-por-conta-disso-teremos-que-consumir-acucar-de-beterraba","status":"publish","type":"suno_column","link":"https:\/\/www.suno.com.br\/noticias\/colunas\/simone-pasianotto\/o-brasil-e-um-dos-poucos-paises-que-nao-tributa-dividendos-e-dai-por-conta-disso-teremos-que-consumir-acucar-de-beterraba\/","title":{"rendered":"O Brasil \u00e9 um dos poucos pa\u00edses que n\u00e3o tributa dividendos; por isso teremos que consumir a\u00e7\u00facar de beterraba?"},"content":{"rendered":"<p>O Brasil \u00e9 um dos poucos pa\u00edses ao redor do mundo que n\u00e3o tributa o pagamento de <strong>dividendos<\/strong> aos acionistas, segundo levantamento da Tax Foundation e<br \/>\nda OCDE (Organiza\u00e7\u00e3o para Coopera\u00e7\u00e3o e Desenvolvimento Econ\u00f4mico). A Col\u00f4mbia, a Est\u00f4nia e a Let\u00f4nia seriam outras tr\u00eas na\u00e7\u00f5es que n\u00e3o cobram impostos na distribui\u00e7\u00e3o de resultados.<\/p><p>O Brasil \u00e9 um dos poucos pa\u00edses ao redor do mundo que n\u00e3o tributa o pagamento de <strong>dividendos<\/strong> aos acionistas, segundo levantamento da Tax Foundation e<br \/>\nda OCDE (Organiza\u00e7\u00e3o para Coopera\u00e7\u00e3o e Desenvolvimento Econ\u00f4mico). A Col\u00f4mbia, a Est\u00f4nia e a Let\u00f4nia seriam outras tr\u00eas na\u00e7\u00f5es que n\u00e3o cobram impostos na distribui\u00e7\u00e3o de resultados.<\/p>\n\t<p>\n\t\t<a href=\"https:\/\/lp.suno.com.br\/planilha-controle-gastos\/\" target=\"_blank\" data-element=\"shortcode-suno-banner\" title=\"Banner SUNO, clique e saiba mais\">\n\t\t\t<picture>\n\t\t\t\t<source media=\"(max-width: 500px)\" srcset=\"https:\/\/files.sunoresearch.com.br\/n\/uploads\/2023\/03\/400x300-Planilha-controle-de-gastos.png\">\n\t\t\t\t<img class=\"newsContent__article__imgCapa newsContent__article__imgCapa--banner\"\n\t\t\t\t\tsrc=\"https:\/\/files.sunoresearch.com.br\/n\/uploads\/2023\/03\/1420x240-Planilha-controle-de-gastos.png\"\n\t\t\t\t\tdata-promo-id=\"101751\"\t\t\t\t\t\t\t\t\t\twidth='1420' height='240'\t\t\t\t\talt=\"https:\/\/files.sunoresearch.com.br\/n\/uploads\/2023\/03\/1420x240-Planilha-controle-de-gastos.png\"\n\t\t\t\t>\n\t\t\t<\/picture>\n\t\t<\/a>\n\t<\/p>\n\n\n\n<p>Em linhas gerais, o argumento de que o Brasil \u00e9 um dos poucos pa\u00edses que n\u00e3o tributa dividendos e somente por isso deve adotar tal pr\u00e1tica \u00e9 totalmente descabida.<br \/>\nSeria o mesmo que dizer que o Brasil \u00e9 um dos poucos pa\u00edses no mundo que n\u00e3o consome a\u00e7\u00facar de beterraba e por isso, deveria passar a consumir.<\/p>\n<p>Uma poss\u00edvel <strong>taxa\u00e7\u00e3o de dividendos<\/strong> pode colocar o Brasil em p\u00e9 de igualdade com as pr\u00e1ticas tribut\u00e1rias abra\u00e7adas pela grande maioria dos pa\u00edses no mundo, mas na contram\u00e3o, n\u00e3o aliviaria a alta carga de impostos paga pelas empresas e incidentes sob o consumo no mercado dom\u00e9stico.<\/p>\n<p>Al\u00e9m do mais, teoricamente, os mesmos pa\u00edses que tributam dividendos j\u00e1 resolveram seu problema tribut\u00e1rio, de modo que a tributa\u00e7\u00e3o do consumo \u00e9 muito menos representativa que a tributa\u00e7\u00e3o da renda e dos lucros no total das receitas.<\/p>\n\t<p>\n\t\t<a href=\"https:\/\/lp.suno.com.br\/planilha-da-vida-financeira\/\" target=\"_blank\" data-element=\"shortcode-suno-banner\" title=\"Banner SUNO, clique e saiba mais\">\n\t\t\t<picture>\n\t\t\t\t<source media=\"(max-width: 500px)\" srcset=\"https:\/\/files.sunoresearch.com.br\/n\/uploads\/2023\/04\/400x300-Planilha-vida-financeira-true.png\">\n\t\t\t\t<img class=\"newsContent__article__imgCapa newsContent__article__imgCapa--banner\"\n\t\t\t\t\tsrc=\"https:\/\/files.sunoresearch.com.br\/n\/uploads\/2023\/04\/1420x240-Planilha-vida-financeira-true.png\"\n\t\t\t\t\tdata-promo-id=\"106682\"\t\t\t\t\t\t\t\t\t\twidth='1420' height='240'\t\t\t\t\talt=\"https:\/\/files.sunoresearch.com.br\/n\/uploads\/2023\/04\/1420x240-Planilha-vida-financeira-true.png\"\n\t\t\t\t>\n\t\t\t<\/picture>\n\t\t<\/a>\n\t<\/p>\n\n\n<p>Primeiro, \u00e9 importante advertir os desavisados que um <strong>imposto sobre dividendos<\/strong> vigorou no pa\u00eds at\u00e9 1995, quando foi deixado de lado em troca de uma al\u00edquota maior do Imposto de Renda de Pessoas Jur\u00eddicas (IRPJ).<\/p>\n<p>Na ocasi\u00e3o, a op\u00e7\u00e3o foi encravar o percentual do imposto sobre dividendos no IRPJ como forma de abreviar o recolhimento do tributo, uma vez que o fisco n\u00e3o precisaria aguardar a efetiva distribui\u00e7\u00e3o dos lucros para recolher os impostos.<\/p>\n<p>Mas trazendo a luz \u00e0 compara\u00e7\u00e3o entre a realidade brasileira \u00e0 do exterior, \u00e9 necess\u00e1rio considerar o peso dos impostos indiretos. O que quero dizer \u00e9 que tenho<br \/>\nouvido muito gente comparando as <strong>al\u00edquotas de IRPJ<\/strong> e da proposta do imposto sobre dividendos com as de outros pa\u00edses, mas \u00e9 preciso considerar a tributa\u00e7\u00e3o indireta<br \/>\nsobre o consumo, que efetivamente no Brasil \u00e9 muito mais alta.<\/p>\n<p>Ou seja, para fazermos tal compara\u00e7\u00e3o, \u00e9 preciso considerar n\u00e3o apenas o conjunto de tributos pagos por empresas e acionistas, mas tamb\u00e9m as al\u00edquotas \u201cjabuticabas\u201d que somente existem no Brasil, como a <a href=\"https:\/\/www.suno.com.br\/artigos\/csll\/\">Contribui\u00e7\u00e3o Social sobre o Lucro L\u00edquido (CSLL)<\/a>, pagas pelas empresas e incidentes sobre o resultado financeiro no exerc\u00edcio.<\/p>\n\t<p>\n\t\t<a href=\"https:\/\/lp.suno.com.br\/ebook-como-analisar-uma-acao\/\" target=\"_blank\" data-element=\"shortcode-suno-banner\" title=\"Banner SUNO, clique e saiba mais\">\n\t\t\t<picture>\n\t\t\t\t<source media=\"(max-width: 500px)\" srcset=\"https:\/\/files.sunoresearch.com.br\/n\/uploads\/2023\/03\/Ebook-Acoes-Mobile-1.jpg\">\n\t\t\t\t<img class=\"newsContent__article__imgCapa newsContent__article__imgCapa--banner\"\n\t\t\t\t\tsrc=\"https:\/\/files.sunoresearch.com.br\/n\/uploads\/2023\/03\/Ebook-Acoes-Desktop-1.jpg\"\n\t\t\t\t\tdata-promo-id=\"171998\"\t\t\t\t\t\t\t\t\t\twidth='1420' height='286'\t\t\t\t\talt=\"https:\/\/files.sunoresearch.com.br\/n\/uploads\/2023\/03\/Ebook-Acoes-Desktop-1.jpg\"\n\t\t\t\t>\n\t\t\t<\/picture>\n\t\t<\/a>\n\t<\/p>\n\n\n<p>Al\u00e9m disso, \u00e9 preciso tamb\u00e9m computar, no final das contas, os impostos indiretos sobre consumo, que no Brasil \u00e9 significativamente elevado, comparado ao \u201cresto do mundo\u201d.<\/p>\n<p>Em grande parte dos pa\u00edses localizados na Am\u00e9rica do Sul, a mediana das<strong> al\u00edquotas sobre dividendos<\/strong> gira em torno de 10%, que somadas aos demais impostos<br \/>\nincidentes sobre as empresas, levaria a <a href=\"https:\/\/www.suno.com.br\/artigos\/carga-tributaria\/\">carga tribut\u00e1ria<\/a> de Pessoas Jur\u00eddicas a algo em torno de 35%.<\/p>\n<p>No Brasil, esse indicador atualmente \u00e9 de 25%, mas se incluirmos no c\u00e1lculo a incid\u00eancia da CSLL, a carga chega aos 35%. Apesar de esse n\u00famero estar dentro dos padr\u00f5es esperados para a regi\u00e3o, o c\u00e1lculo n\u00e3o leva em considera\u00e7\u00e3o os impostos indiretos. At\u00e9 aqui, tudo bem&#8230;.<\/p>\n<p>Mas se considerarmos a proposta de reforma tribut\u00e1ria que reintroduziria a taxa\u00e7\u00e3o sobre o pagamento de dividendos em 20%, com uma contrapartida de redu\u00e7\u00e3o do IRPJ (sobre lucros superiores a R$ 20 mil) dos atuais 25% para 20% a partir de 2023, a carga tribut\u00e1ria total sobre empresas passaria dos atuais 35% para algo em torno de 42%, considerando que a CSLL se manteria inalterada.<\/p>\n<p>Traduzindo, apenas aproximar as al\u00edquotas locais \u00e0s taxas praticadas em pa\u00edses da OECD, n\u00e3o quer dizer que evolu\u00edmos na quest\u00e3o tribut\u00e1ria, com equidade no custo tribut\u00e1rio entre os agentes econ\u00f4micos.<\/p>\n<p>Isso porque a <strong>carga tribut\u00e1ria brasileira<\/strong> n\u00e3o pode ser espelhada e assemelhadas \u00e0s cargas tribut\u00e1rias dos pa\u00edses centrais. Para que o<a href=\"https:\/\/www.suno.com.br\/artigos\/sistema-tributario\/\"> sistema tribut\u00e1rio<\/a> pudesse ser comparado ao dos pa\u00edses da OECD seria necess\u00e1rio realizarmos uma ampla e complexa reforma tribut\u00e1ria, tirando o forte peso dos tributos indiretos, previdenci\u00e1rios e sobre consumo.<\/p>\n\t<p>\n\t\t<a href=\"https:\/\/lp.suno.com.br\/planilha-de-controle-de-investimentos\/\" target=\"_blank\" data-element=\"shortcode-suno-banner\" title=\"Banner SUNO, clique e saiba mais\">\n\t\t\t<picture>\n\t\t\t\t<source media=\"(max-width: 500px)\" srcset=\"https:\/\/files.sunoresearch.com.br\/n\/uploads\/2023\/03\/400x300-Controle-de-Investimentos.png\">\n\t\t\t\t<img class=\"newsContent__article__imgCapa newsContent__article__imgCapa--banner\"\n\t\t\t\t\tsrc=\"https:\/\/files.sunoresearch.com.br\/n\/uploads\/2023\/03\/1420x240-Controle-de-Investimentos.png\"\n\t\t\t\t\tdata-promo-id=\"75934\"\t\t\t\t\t\t\t\t\t\twidth='1420' height='240'\t\t\t\t\talt=\"https:\/\/files.sunoresearch.com.br\/n\/uploads\/2023\/03\/1420x240-Controle-de-Investimentos.png\"\n\t\t\t\t>\n\t\t\t<\/picture>\n\t\t<\/a>\n\t<\/p>\n\n\n","protected":false},"excerpt":{"rendered":"<p>O Brasil \u00e9 um dos poucos pa\u00edses ao redor do mundo que n\u00e3o tributa o pagamento de dividendos aos acionistas, segundo levantamento da Tax Foundation e da OCDE (Organiza\u00e7&#8230;<\/p>\n","protected":false},"author":83,"featured_media":0,"template":"","tags":[],"class_list":["post-180928","suno_column","type-suno_column","status-publish","hentry"],"yoast_head":"<!-- This site is optimized with the Yoast SEO plugin v24.4 - https:\/\/yoast.com\/wordpress\/plugins\/seo\/ -->\n<title>O Brasil \u00e9 um dos poucos pa\u00edses que n\u00e3o tributa dividendos; por isso teremos que consumir a\u00e7\u00facar de beterraba? - Suno Not\u00edcias<\/title>\n<meta name=\"robots\" content=\"index, follow, max-snippet:-1, max-image-preview:large, max-video-preview:-1\" \/>\n<link rel=\"canonical\" href=\"https:\/\/www.suno.com.br\/noticias\/colunas\/simone-pasianotto\/o-brasil-e-um-dos-poucos-paises-que-nao-tributa-dividendos-e-dai-por-conta-disso-teremos-que-consumir-acucar-de-beterraba\/\" \/>\n<meta property=\"og:locale\" content=\"pt_BR\" \/>\n<meta property=\"og:type\" content=\"article\" \/>\n<meta property=\"og:title\" content=\"O Brasil \u00e9 um dos poucos pa\u00edses que n\u00e3o tributa dividendos; por isso teremos que consumir a\u00e7\u00facar de beterraba? - Suno Not\u00edcias\" \/>\n<meta property=\"og:description\" content=\"O Brasil \u00e9 um dos poucos pa\u00edses ao redor do mundo que n\u00e3o tributa o pagamento de dividendos aos acionistas, segundo levantamento da Tax Foundation e da OCDE (Organiza\u00e7...\" \/>\n<meta property=\"og:url\" content=\"https:\/\/www.suno.com.br\/noticias\/colunas\/simone-pasianotto\/o-brasil-e-um-dos-poucos-paises-que-nao-tributa-dividendos-e-dai-por-conta-disso-teremos-que-consumir-acucar-de-beterraba\/\" \/>\n<meta property=\"og:site_name\" content=\"Suno Not\u00edcias\" \/>\n<meta property=\"article:publisher\" content=\"https:\/\/facebook.com\/sunoresearch\" \/>\n<meta property=\"og:image\" content=\"https:\/\/files.sunoresearch.com.br\/n\/uploads\/2022\/06\/Modelo2.jpg\" \/>\n\t<meta property=\"og:image:width\" content=\"1200\" \/>\n\t<meta property=\"og:image:height\" content=\"627\" \/>\n\t<meta property=\"og:image:type\" content=\"image\/jpeg\" \/>\n<meta name=\"twitter:card\" content=\"summary_large_image\" \/>\n<meta name=\"twitter:site\" content=\"@sunoresearch\" \/>\n<meta name=\"twitter:label1\" content=\"Est. tempo de leitura\" \/>\n\t<meta name=\"twitter:data1\" content=\"4 minutos\" \/>\n<script type=\"application\/ld+json\" class=\"yoast-schema-graph\">{\"@context\":\"https:\/\/schema.org\",\"@graph\":[{\"@type\":\"Article\",\"@id\":\"https:\/\/www.suno.com.br\/noticias\/colunas\/simone-pasianotto\/o-brasil-e-um-dos-poucos-paises-que-nao-tributa-dividendos-e-dai-por-conta-disso-teremos-que-consumir-acucar-de-beterraba\/#article\",\"isPartOf\":{\"@id\":\"https:\/\/www.suno.com.br\/noticias\/colunas\/simone-pasianotto\/o-brasil-e-um-dos-poucos-paises-que-nao-tributa-dividendos-e-dai-por-conta-disso-teremos-que-consumir-acucar-de-beterraba\/\"},\"author\":{\"name\":\"Simone Pasianotto\",\"@id\":\"https:\/\/www.suno.com.br\/noticias\/#\/schema\/person\/b6752df7a8903bf17fc5a9343e188470\"},\"headline\":\"O Brasil \u00e9 um dos poucos pa\u00edses que n\u00e3o tributa dividendos; por isso teremos que consumir a\u00e7\u00facar de beterraba?\",\"datePublished\":\"2021-09-09T11:00:55+00:00\",\"mainEntityOfPage\":{\"@id\":\"https:\/\/www.suno.com.br\/noticias\/colunas\/simone-pasianotto\/o-brasil-e-um-dos-poucos-paises-que-nao-tributa-dividendos-e-dai-por-conta-disso-teremos-que-consumir-acucar-de-beterraba\/\"},\"wordCount\":781,\"publisher\":{\"@id\":\"https:\/\/www.suno.com.br\/noticias\/#organization\"},\"inLanguage\":\"pt-BR\"},{\"@type\":\"WebPage\",\"@id\":\"https:\/\/www.suno.com.br\/noticias\/colunas\/simone-pasianotto\/o-brasil-e-um-dos-poucos-paises-que-nao-tributa-dividendos-e-dai-por-conta-disso-teremos-que-consumir-acucar-de-beterraba\/\",\"url\":\"https:\/\/www.suno.com.br\/noticias\/colunas\/simone-pasianotto\/o-brasil-e-um-dos-poucos-paises-que-nao-tributa-dividendos-e-dai-por-conta-disso-teremos-que-consumir-acucar-de-beterraba\/\",\"name\":\"O Brasil \u00e9 um dos poucos pa\u00edses que n\u00e3o tributa dividendos; por isso teremos que consumir a\u00e7\u00facar de beterraba? - Suno Not\u00edcias\",\"isPartOf\":{\"@id\":\"https:\/\/www.suno.com.br\/noticias\/#website\"},\"datePublished\":\"2021-09-09T11:00:55+00:00\",\"breadcrumb\":{\"@id\":\"https:\/\/www.suno.com.br\/noticias\/colunas\/simone-pasianotto\/o-brasil-e-um-dos-poucos-paises-que-nao-tributa-dividendos-e-dai-por-conta-disso-teremos-que-consumir-acucar-de-beterraba\/#breadcrumb\"},\"inLanguage\":\"pt-BR\",\"potentialAction\":[{\"@type\":\"ReadAction\",\"target\":[\"https:\/\/www.suno.com.br\/noticias\/colunas\/simone-pasianotto\/o-brasil-e-um-dos-poucos-paises-que-nao-tributa-dividendos-e-dai-por-conta-disso-teremos-que-consumir-acucar-de-beterraba\/\"]}]},{\"@type\":\"BreadcrumbList\",\"@id\":\"https:\/\/www.suno.com.br\/noticias\/colunas\/simone-pasianotto\/o-brasil-e-um-dos-poucos-paises-que-nao-tributa-dividendos-e-dai-por-conta-disso-teremos-que-consumir-acucar-de-beterraba\/#breadcrumb\",\"itemListElement\":[{\"@type\":\"ListItem\",\"position\":1,\"name\":\"Not\u00edcias\",\"item\":\"https:\/\/www.suno.com.br\/noticias\/\"},{\"@type\":\"ListItem\",\"position\":2,\"name\":\"Colunas\",\"item\":\"https:\/\/www.suno.com.br\/noticias\/colunas\/\"},{\"@type\":\"ListItem\",\"position\":3,\"name\":\"O Brasil \u00e9 um dos poucos pa\u00edses que n\u00e3o tributa dividendos; por isso teremos que consumir a\u00e7\u00facar de beterraba?\"}]},{\"@type\":\"WebSite\",\"@id\":\"https:\/\/www.suno.com.br\/noticias\/#website\",\"url\":\"https:\/\/www.suno.com.br\/noticias\/\",\"name\":\"Suno Not\u00edcias\",\"description\":\"Seu portal de informa\u00e7\u00e3o sobre o mundo dos investimentos\",\"publisher\":{\"@id\":\"https:\/\/www.suno.com.br\/noticias\/#organization\"},\"potentialAction\":[{\"@type\":\"SearchAction\",\"target\":{\"@type\":\"EntryPoint\",\"urlTemplate\":\"https:\/\/www.suno.com.br\/noticias\/?s={search_term_string}\"},\"query-input\":{\"@type\":\"PropertyValueSpecification\",\"valueRequired\":true,\"valueName\":\"search_term_string\"}}],\"inLanguage\":\"pt-BR\"},{\"@type\":\"Organization\",\"@id\":\"https:\/\/www.suno.com.br\/noticias\/#organization\",\"name\":\"Suno Not\u00edcias\",\"url\":\"https:\/\/www.suno.com.br\/noticias\/\",\"logo\":{\"@type\":\"ImageObject\",\"inLanguage\":\"pt-BR\",\"@id\":\"https:\/\/www.suno.com.br\/noticias\/#\/schema\/logo\/image\/\",\"url\":\"https:\/\/files.sunoresearch.com.br\/n\/uploads\/2021\/09\/suno-logo.png\",\"contentUrl\":\"https:\/\/files.sunoresearch.com.br\/n\/uploads\/2021\/09\/suno-logo.png\",\"width\":180,\"height\":180,\"caption\":\"Suno Not\u00edcias\"},\"image\":{\"@id\":\"https:\/\/www.suno.com.br\/noticias\/#\/schema\/logo\/image\/\"},\"sameAs\":[\"https:\/\/facebook.com\/sunoresearch\",\"https:\/\/x.com\/sunoresearch\",\"https:\/\/www.instagram.com\/suno\",\"https:\/\/www.linkedin.com\/company\/suno-research\/\",\"https:\/\/www.youtube.com\/c\/sunoresearch\"]},{\"@type\":\"Person\",\"@id\":\"https:\/\/www.suno.com.br\/noticias\/#\/schema\/person\/b6752df7a8903bf17fc5a9343e188470\",\"name\":\"Simone Pasianotto\",\"image\":{\"@type\":\"ImageObject\",\"inLanguage\":\"pt-BR\",\"@id\":\"https:\/\/www.suno.com.br\/noticias\/#\/schema\/person\/image\/\",\"url\":\"https:\/\/secure.gravatar.com\/avatar\/946d6f8762eb10f2be7cbbb8d74698d5?s=96&r=g\",\"contentUrl\":\"https:\/\/secure.gravatar.com\/avatar\/946d6f8762eb10f2be7cbbb8d74698d5?s=96&r=g\",\"caption\":\"Simone Pasianotto\"},\"description\":\"Bacharel em Ci\u00eancias Econ\u00f4micas (USP) e Comunica\u00e7\u00e3o Social (UMESP), com mestrado em Economia (Unicamp). Mais de 20 anos de experi\u00eancia profissional em Intelig\u00eancia de Mercado. Atuou como economista na AT Kearney, Roland Berger, Banco Haitong, LCA Consultores, FIPE, Sindipe\u00e7as e Grupo Ecorodovias. Atualmente \u00e9 economista-chefe da REAG Investimentos e professora de Finan\u00e7as Corporativas na ESPM e de Intelig\u00eancia Competitiva no MBA da FIA.\",\"sameAs\":[\"https:\/\/www.linkedin.com\/in\/simonepasianotto\/\"],\"url\":\"https:\/\/www.suno.com.br\/noticias\/author\/simone-pasianotto\/\"}]}<\/script>\n<!-- \/ Yoast SEO plugin. -->","yoast_head_json":{"title":"O Brasil \u00e9 um dos poucos pa\u00edses que n\u00e3o tributa dividendos; por isso teremos que consumir a\u00e7\u00facar de beterraba? - Suno Not\u00edcias","robots":{"index":"index","follow":"follow","max-snippet":"max-snippet:-1","max-image-preview":"max-image-preview:large","max-video-preview":"max-video-preview:-1"},"canonical":"https:\/\/www.suno.com.br\/noticias\/colunas\/simone-pasianotto\/o-brasil-e-um-dos-poucos-paises-que-nao-tributa-dividendos-e-dai-por-conta-disso-teremos-que-consumir-acucar-de-beterraba\/","og_locale":"pt_BR","og_type":"article","og_title":"O Brasil \u00e9 um dos poucos pa\u00edses que n\u00e3o tributa dividendos; por isso teremos que consumir a\u00e7\u00facar de beterraba? - Suno Not\u00edcias","og_description":"O Brasil \u00e9 um dos poucos pa\u00edses ao redor do mundo que n\u00e3o tributa o pagamento de dividendos aos acionistas, segundo levantamento da Tax Foundation e da OCDE (Organiza\u00e7...","og_url":"https:\/\/www.suno.com.br\/noticias\/colunas\/simone-pasianotto\/o-brasil-e-um-dos-poucos-paises-que-nao-tributa-dividendos-e-dai-por-conta-disso-teremos-que-consumir-acucar-de-beterraba\/","og_site_name":"Suno Not\u00edcias","article_publisher":"https:\/\/facebook.com\/sunoresearch","og_image":[{"width":1200,"height":627,"url":"https:\/\/files.sunoresearch.com.br\/n\/uploads\/2022\/06\/Modelo2.jpg","type":"image\/jpeg"}],"twitter_card":"summary_large_image","twitter_site":"@sunoresearch","twitter_misc":{"Est. tempo de leitura":"4 minutos"},"schema":{"@context":"https:\/\/schema.org","@graph":[{"@type":"Article","@id":"https:\/\/www.suno.com.br\/noticias\/colunas\/simone-pasianotto\/o-brasil-e-um-dos-poucos-paises-que-nao-tributa-dividendos-e-dai-por-conta-disso-teremos-que-consumir-acucar-de-beterraba\/#article","isPartOf":{"@id":"https:\/\/www.suno.com.br\/noticias\/colunas\/simone-pasianotto\/o-brasil-e-um-dos-poucos-paises-que-nao-tributa-dividendos-e-dai-por-conta-disso-teremos-que-consumir-acucar-de-beterraba\/"},"author":{"name":"Simone Pasianotto","@id":"https:\/\/www.suno.com.br\/noticias\/#\/schema\/person\/b6752df7a8903bf17fc5a9343e188470"},"headline":"O Brasil \u00e9 um dos poucos pa\u00edses que n\u00e3o tributa dividendos; por isso teremos que consumir a\u00e7\u00facar de beterraba?","datePublished":"2021-09-09T11:00:55+00:00","mainEntityOfPage":{"@id":"https:\/\/www.suno.com.br\/noticias\/colunas\/simone-pasianotto\/o-brasil-e-um-dos-poucos-paises-que-nao-tributa-dividendos-e-dai-por-conta-disso-teremos-que-consumir-acucar-de-beterraba\/"},"wordCount":781,"publisher":{"@id":"https:\/\/www.suno.com.br\/noticias\/#organization"},"inLanguage":"pt-BR"},{"@type":"WebPage","@id":"https:\/\/www.suno.com.br\/noticias\/colunas\/simone-pasianotto\/o-brasil-e-um-dos-poucos-paises-que-nao-tributa-dividendos-e-dai-por-conta-disso-teremos-que-consumir-acucar-de-beterraba\/","url":"https:\/\/www.suno.com.br\/noticias\/colunas\/simone-pasianotto\/o-brasil-e-um-dos-poucos-paises-que-nao-tributa-dividendos-e-dai-por-conta-disso-teremos-que-consumir-acucar-de-beterraba\/","name":"O Brasil \u00e9 um dos poucos pa\u00edses que n\u00e3o tributa dividendos; por isso teremos que consumir a\u00e7\u00facar de beterraba? - Suno Not\u00edcias","isPartOf":{"@id":"https:\/\/www.suno.com.br\/noticias\/#website"},"datePublished":"2021-09-09T11:00:55+00:00","breadcrumb":{"@id":"https:\/\/www.suno.com.br\/noticias\/colunas\/simone-pasianotto\/o-brasil-e-um-dos-poucos-paises-que-nao-tributa-dividendos-e-dai-por-conta-disso-teremos-que-consumir-acucar-de-beterraba\/#breadcrumb"},"inLanguage":"pt-BR","potentialAction":[{"@type":"ReadAction","target":["https:\/\/www.suno.com.br\/noticias\/colunas\/simone-pasianotto\/o-brasil-e-um-dos-poucos-paises-que-nao-tributa-dividendos-e-dai-por-conta-disso-teremos-que-consumir-acucar-de-beterraba\/"]}]},{"@type":"BreadcrumbList","@id":"https:\/\/www.suno.com.br\/noticias\/colunas\/simone-pasianotto\/o-brasil-e-um-dos-poucos-paises-que-nao-tributa-dividendos-e-dai-por-conta-disso-teremos-que-consumir-acucar-de-beterraba\/#breadcrumb","itemListElement":[{"@type":"ListItem","position":1,"name":"Not\u00edcias","item":"https:\/\/www.suno.com.br\/noticias\/"},{"@type":"ListItem","position":2,"name":"Colunas","item":"https:\/\/www.suno.com.br\/noticias\/colunas\/"},{"@type":"ListItem","position":3,"name":"O Brasil \u00e9 um dos poucos pa\u00edses que n\u00e3o tributa dividendos; por isso teremos que consumir a\u00e7\u00facar de beterraba?"}]},{"@type":"WebSite","@id":"https:\/\/www.suno.com.br\/noticias\/#website","url":"https:\/\/www.suno.com.br\/noticias\/","name":"Suno Not\u00edcias","description":"Seu portal de informa\u00e7\u00e3o sobre o mundo dos investimentos","publisher":{"@id":"https:\/\/www.suno.com.br\/noticias\/#organization"},"potentialAction":[{"@type":"SearchAction","target":{"@type":"EntryPoint","urlTemplate":"https:\/\/www.suno.com.br\/noticias\/?s={search_term_string}"},"query-input":{"@type":"PropertyValueSpecification","valueRequired":true,"valueName":"search_term_string"}}],"inLanguage":"pt-BR"},{"@type":"Organization","@id":"https:\/\/www.suno.com.br\/noticias\/#organization","name":"Suno Not\u00edcias","url":"https:\/\/www.suno.com.br\/noticias\/","logo":{"@type":"ImageObject","inLanguage":"pt-BR","@id":"https:\/\/www.suno.com.br\/noticias\/#\/schema\/logo\/image\/","url":"https:\/\/files.sunoresearch.com.br\/n\/uploads\/2021\/09\/suno-logo.png","contentUrl":"https:\/\/files.sunoresearch.com.br\/n\/uploads\/2021\/09\/suno-logo.png","width":180,"height":180,"caption":"Suno Not\u00edcias"},"image":{"@id":"https:\/\/www.suno.com.br\/noticias\/#\/schema\/logo\/image\/"},"sameAs":["https:\/\/facebook.com\/sunoresearch","https:\/\/x.com\/sunoresearch","https:\/\/www.instagram.com\/suno","https:\/\/www.linkedin.com\/company\/suno-research\/","https:\/\/www.youtube.com\/c\/sunoresearch"]},{"@type":"Person","@id":"https:\/\/www.suno.com.br\/noticias\/#\/schema\/person\/b6752df7a8903bf17fc5a9343e188470","name":"Simone Pasianotto","image":{"@type":"ImageObject","inLanguage":"pt-BR","@id":"https:\/\/www.suno.com.br\/noticias\/#\/schema\/person\/image\/","url":"https:\/\/secure.gravatar.com\/avatar\/946d6f8762eb10f2be7cbbb8d74698d5?s=96&r=g","contentUrl":"https:\/\/secure.gravatar.com\/avatar\/946d6f8762eb10f2be7cbbb8d74698d5?s=96&r=g","caption":"Simone Pasianotto"},"description":"Bacharel em Ci\u00eancias Econ\u00f4micas (USP) e Comunica\u00e7\u00e3o Social (UMESP), com mestrado em Economia (Unicamp). Mais de 20 anos de experi\u00eancia profissional em Intelig\u00eancia de Mercado. Atuou como economista na AT Kearney, Roland Berger, Banco Haitong, LCA Consultores, FIPE, Sindipe\u00e7as e Grupo Ecorodovias. Atualmente \u00e9 economista-chefe da REAG Investimentos e professora de Finan\u00e7as Corporativas na ESPM e de Intelig\u00eancia Competitiva no MBA da FIA.","sameAs":["https:\/\/www.linkedin.com\/in\/simonepasianotto\/"],"url":"https:\/\/www.suno.com.br\/noticias\/author\/simone-pasianotto\/"}]}},"amp_enabled":true,"_links":{"self":[{"href":"https:\/\/www.suno.com.br\/noticias\/wp-json\/wp\/v2\/suno_column\/180928"}],"collection":[{"href":"https:\/\/www.suno.com.br\/noticias\/wp-json\/wp\/v2\/suno_column"}],"about":[{"href":"https:\/\/www.suno.com.br\/noticias\/wp-json\/wp\/v2\/types\/suno_column"}],"author":[{"embeddable":true,"href":"https:\/\/www.suno.com.br\/noticias\/wp-json\/wp\/v2\/users\/83"}],"wp:attachment":[{"href":"https:\/\/www.suno.com.br\/noticias\/wp-json\/wp\/v2\/media?parent=180928"}],"wp:term":[{"taxonomy":"post_tag","embeddable":true,"href":"https:\/\/www.suno.com.br\/noticias\/wp-json\/wp\/v2\/tags?post=180928"}],"curies":[{"name":"wp","href":"https:\/\/api.w.org\/{rel}","templated":true}]}}