{"id":179373,"date":"2021-08-30T09:47:45","date_gmt":"2021-08-30T12:47:45","guid":{"rendered":"https:\/\/www.suno.com.br\/noticias\/colunas\/felipe-areia\/"},"modified":"2021-08-30T16:10:06","modified_gmt":"2021-08-30T19:10:06","slug":"agosto-desgosto-payroll-tapering","status":"publish","type":"suno_column","link":"https:\/\/www.suno.com.br\/noticias\/colunas\/julio-hegedus-netto\/agosto-desgosto-payroll-tapering\/","title":{"rendered":"Agosto, m\u00eas do desgosto"},"content":{"rendered":"<p>Muitos comentam que preferem ficar de fora do mercado em agosto, conhecido tamb\u00e9m como \u201cm\u00eas do desgosto\u201d, visto que \u00e9 nesta \u00e9poca que os piores progn\u00f3sticos se confirmam. \u00c9 um m\u00eas de f\u00e9rias de ver\u00e3o no Hemisf\u00e9rio Norte, um sufoco de calor, da\u00ed, muitos conhecerem o per\u00edodo, tamb\u00e9m, como \u201cm\u00eas do cachorro louco\u201d. L\u00e1 em cima, todos saem das suas cidades e v\u00e3o para o campo ou as praias. Como resultado, acaba se tornando um per\u00edodo fraco de neg\u00f3cios para os <strong>mercados de ativos, com poucas novidades e volume fraco<\/strong>. A bolsa paulistana, por exemplo, \u201cabastecida\u201d com metade de recursos de fora, acaba mais fraca e com poucas novidades.<\/p>\n\t<p>\n\t\t<a href=\"https:\/\/lp.suno.com.br\/planilha-controle-gastos\/\" target=\"_blank\" data-element=\"shortcode-suno-banner\" title=\"Banner SUNO, clique e saiba mais\">\n\t\t\t<picture>\n\t\t\t\t<source media=\"(max-width: 500px)\" srcset=\"https:\/\/files.sunoresearch.com.br\/n\/uploads\/2023\/03\/400x300-Planilha-controle-de-gastos.png\">\n\t\t\t\t<img class=\"newsContent__article__imgCapa newsContent__article__imgCapa--banner\"\n\t\t\t\t\tsrc=\"https:\/\/files.sunoresearch.com.br\/n\/uploads\/2023\/03\/1420x240-Planilha-controle-de-gastos.png\"\n\t\t\t\t\tdata-promo-id=\"101751\"\t\t\t\t\t\t\t\t\t\twidth='1420' height='240'\t\t\t\t\talt=\"https:\/\/files.sunoresearch.com.br\/n\/uploads\/2023\/03\/1420x240-Planilha-controle-de-gastos.png\"\n\t\t\t\t>\n\t\t\t<\/picture>\n\t\t<\/a>\n\t<\/p>\n\n\n<p>Neste agosto de 2021, no entanto, para contrariar, isso n\u00e3o aconteceu.<\/p>\n<p>Tivemos uma s\u00e9rie de eventos marcantes. Uma \u201cretirada desastrada dos EUA\u201d no <strong>Afeganist\u00e3o<\/strong>, os mercados operando, todos, de olho nos comunicados e declara\u00e7\u00f5es de <strong><a class=\"suno-keyword\" href=\"https:\/\/www.suno.com.br\/tudo-sobre\/jerome-powell\/\" target=\"_blank\" rel=\"noopener\" data-force=\"no\" data-priority=\"2\">Jerome Powell<\/a><\/strong>, sobre o <strong>in\u00edcio do tapering<\/strong>, e no Brasil, um festival de declara\u00e7\u00f5es pol\u00eamicas e desastradas deste presidente, \u201cconspira\u00e7\u00f5es\u201d aos montes, muitos torcendo para acabar logo, ao nosso ver, um dos mais desastrados ciclos de governo da hist\u00f3ria republicana.<\/p>\n<p>Muitos v\u00e3o se colocar contra os meus argumentos, mas \u00e9 absolutamente despropositado um presidente viver em campanha, a tumultuar o processo pol\u00edtico, desafiando as institui\u00e7\u00f5es, em declara\u00e7\u00f5es desastradas e incendi\u00e1rias.<\/p>\n<p>Um presidente, em regime presidencialista, \u00e9 o \u201cfarol\u201d desta na\u00e7\u00e3o. O que diz, repercute, para o bem ou para o mal.<\/p>\n<p>O problema \u00e9 que <strong>Jair Bolsonaro<\/strong> s\u00f3 d\u00e1 declara\u00e7\u00f5es erradas, fora do tempo e do espa\u00e7o. Defender que as pessoas se armem, mesmo faltando comida no prato? \u201cEsticar a corda\u201d contra o STF e o TSE, neste papo de <strong>voto impresso<\/strong>? Atacar os poderes da rep\u00fablica a todo momento? Falar em ruptura, de manh\u00e3, de tarde, de noite? Ser contr\u00e1rio ao uso de m\u00e1scaras, \u00e0 vacina\u00e7\u00e3o, ao isolamento social, quando sabemos que foram estes protocolos de comportamento, que salvaram vidas no mundo inteiro?<\/p>\n<p>Acreditamos que passado estes quase tr\u00eas anos de governo, o apoio ao presidente Bolsonaro, em termos eleitorais, n\u00e3o chegue a 20%, mais localizados nas classes mais pobres, nos evang\u00e9licos e em parte da \u201cfam\u00edlia militar\u201d.<\/p>\n<p>Importante um adendo.<\/p>\n<p>O alto comando das <strong>For\u00e7as Armadas<\/strong> rejeita qualquer discurso que pregue a \u201cruptura\u201d, na opini\u00e3o deles, uma \u201caventura\u201d. Dito isso, as For\u00e7as Armadas n\u00e3o est\u00e3o \u201cfechadas com Bolsonaro\u201d. Talvez soldados, policiais, baixa oficialidade, o apoie, mas isso n\u00e3o representa um peso consider\u00e1vel para se tentar um \u201cgolpe\u201d.<\/p>\n<p>No dia 07 de setembro teremos novas manifesta\u00e7\u00f5es, mas at\u00e9 neste caso, n\u00e3o h\u00e1 apoio dos militares que, pelo clima a\u00e7odado, j\u00e1 cancelaram qualquer desfile militar.<\/p>\n<p>Retornando ao mundo real&#8230;<\/p>\n\t<p>\n\t\t<a href=\"https:\/\/lp.suno.com.br\/planilha-da-vida-financeira\/\" target=\"_blank\" data-element=\"shortcode-suno-banner\" title=\"Banner SUNO, clique e saiba mais\">\n\t\t\t<picture>\n\t\t\t\t<source media=\"(max-width: 500px)\" srcset=\"https:\/\/files.sunoresearch.com.br\/n\/uploads\/2023\/04\/400x300-Planilha-vida-financeira-true.png\">\n\t\t\t\t<img class=\"newsContent__article__imgCapa newsContent__article__imgCapa--banner\"\n\t\t\t\t\tsrc=\"https:\/\/files.sunoresearch.com.br\/n\/uploads\/2023\/04\/1420x240-Planilha-vida-financeira-true.png\"\n\t\t\t\t\tdata-promo-id=\"106682\"\t\t\t\t\t\t\t\t\t\twidth='1420' height='240'\t\t\t\t\talt=\"https:\/\/files.sunoresearch.com.br\/n\/uploads\/2023\/04\/1420x240-Planilha-vida-financeira-true.png\"\n\t\t\t\t>\n\t\t\t<\/picture>\n\t\t<\/a>\n\t<\/p>\n\n\n<p>Na agenda no Congresso e no esfor\u00e7o herc\u00faleo do ministro <strong><a class=\"suno-keyword\" href=\"https:\/\/www.suno.com.br\/tudo-sobre\/paulo-guedes\/\" target=\"_blank\" rel=\"noopener\" data-force=\"no\" data-priority=\"2\">Paulo Guedes<\/a><\/strong> de tentar entregar o que prometeu, uma boa not\u00edcia veio da entrevista de <strong>Artur Lira<\/strong>, presidente da C\u00e2mara, refor\u00e7ando a responsabilidade fiscal e o <strong>teto dos gastos<\/strong>. Isso, inclusive, vem sendo apregoado por <strong>Roberto Campos Neto<\/strong>, presidente do BACEN, mais blindado do que nunca, depois do STF ter rejeitado as \u201cpuxadas de tapete\u201d dos esquerdistas de sempre (PT e PSOL), contra a autonomia do <strong>Banco Central<\/strong>. Disse RCN que o governo precisa refor\u00e7ar a narrativa sobre a situa\u00e7\u00e3o fiscal do Pa\u00eds.<\/p>\n<p>Falando do lan\u00e7amento do <strong>Aux\u00edlio Brasil<\/strong>, parece que um cr\u00e9dito extraordin\u00e1rio est\u00e1 sendo \u201cnegociado\u201d. Neste contexto, o Congresso teria que autorizar a execu\u00e7\u00e3o e, desta forma, o governo teria controle sobre os gastos com a medida.<\/p>\n<p>E a crise h\u00eddrica segue incomodando<\/p>\n<p>Segundo o economista Gesner Oliveira, ex-presidente da <a class=\"suno-keyword\" href=\"https:\/\/www.suno.com.br\/acoes\/SBSP3\/\" target=\"_blank\" rel=\"noopener\" data-force=\"yes\" data-priority=\"2\">Sabesp (SBSP3)<\/a> e do Conselho Administrativo de Defesa Econ\u00f4mica (Cade), um dos motivos do problema \u00e9 a pouca flexibilidade nas matrizes energ\u00e9ticas dispon\u00edveis. Para ele, \u201co Brasil deveria pensar em alternativas de energia de m\u00e9dio e <a class=\"suno-keyword\" href=\"https:\/\/www.suno.com.br\/artigos\/longo-prazo\/\" target=\"_blank\" rel=\"noopener\" data-force=\"no\" data-priority=\"1\">longo prazo<\/a>, com estrat\u00e9gia e planejamento para ter as <strong>fontes e\u00f3lica e solar<\/strong> como op\u00e7\u00f5es\u201d.<\/p>\n<p>E a crise h\u00eddrica, a maior da hist\u00f3ria, mesmo com o Pa\u00eds cheio de <strong>usinas termoel\u00e9tricas<\/strong>, tende a provocar impactos em cascata sobre a \u201ctr\u00edade infla\u00e7\u00e3o, juros e recupera\u00e7\u00e3o econ\u00f4mica\u201d. Muitos acham que o governo est\u00e1 segurando a decis\u00e3o do <strong>racionamento ou da redu\u00e7\u00e3o do consumo<\/strong>, pensando nos seus impactos eleitorais. Achamos esta leitura totalmente equivocada. Pior que est\u00e1 n\u00e3o fica. A cada declara\u00e7\u00e3o amalucada deste presidente, num \u201csinceric\u00eddio\u201d in\u00fatil, menos pontos na popularidade se verificam. N\u00e3o \u00e9 adotar as medidas corretas que ir\u00e3o minar sua j\u00e1 escassa base eleitoral.<\/p>\n<p>Por fim, o IPEA divulgou nesta sexta-feira a previs\u00e3o de que o <strong><a class=\"suno-keyword\" href=\"https:\/\/www.suno.com.br\/artigos\/pib-produto-interno-bruto\/\" target=\"_blank\" rel=\"noopener\" data-force=\"no\" data-priority=\"2\">Produto Interno Bruto (PIB)<\/a> do Brasil<\/strong> dever\u00e1 ficar praticamente est\u00e1vel no segundo trimestre deste ano, crescendo 0,1% contra os tr\u00eas meses anteriores, pela s\u00e9rie dessazonalizada. Na proje\u00e7\u00e3o anterior sobre a atividade econ\u00f4mica, o Ipea previa alta de 0,2% do PIB no segundo trimestre.<\/p>\n<p>Nesta semana, estejamos atentos aos dados de mercado de trabalho nos EUA, para termos no\u00e7\u00e3o de qu\u00e3o aquecido est\u00e1 este segmento da economia dos EUA. Lembremos que o Fed se baseia no que chamam de \u201cduplo mandato\u201d, de olho atento na <strong>infla\u00e7\u00e3o e no emprego<\/strong>.<\/p>\n\t<p>\n\t\t<a href=\"https:\/\/lp.suno.com.br\/ebook-como-analisar-uma-acao\/\" target=\"_blank\" data-element=\"shortcode-suno-banner\" title=\"Banner SUNO, clique e saiba mais\">\n\t\t\t<picture>\n\t\t\t\t<source media=\"(max-width: 500px)\" srcset=\"https:\/\/files.sunoresearch.com.br\/n\/uploads\/2023\/03\/Ebook-Acoes-Mobile-1.jpg\">\n\t\t\t\t<img class=\"newsContent__article__imgCapa newsContent__article__imgCapa--banner\"\n\t\t\t\t\tsrc=\"https:\/\/files.sunoresearch.com.br\/n\/uploads\/2023\/03\/Ebook-Acoes-Desktop-1.jpg\"\n\t\t\t\t\tdata-promo-id=\"171998\"\t\t\t\t\t\t\t\t\t\twidth='1420' height='286'\t\t\t\t\talt=\"https:\/\/files.sunoresearch.com.br\/n\/uploads\/2023\/03\/Ebook-Acoes-Desktop-1.jpg\"\n\t\t\t\t>\n\t\t\t<\/picture>\n\t\t<\/a>\n\t<\/p>\n\n\n<p><strong>Mercados<\/strong><\/p>\n<p>Iniciamos a semana com os mercados buscando um norte, uma dire\u00e7\u00e3o.<\/p>\n<p>Nos EUA, Jerome Powell deu mais \u00eanfase ao gradualismo, mesmo n\u00e3o descartando o \u201cdesmonte\u201d, pelo tapering. Em paralelo, causa preocupa\u00e7\u00e3o o <strong>furac\u00e3o monstro Ida<\/strong> no litoral dos EUA; no Afeganist\u00e3o, segue o impasse sobre a retirada dos \u201crefugiados\u201d.<\/p>\n<p>No Brasil no dia 27, no fechamento, a moeda norte-americana recuou 1,15%, cotada a R$ 5,197, no menor patamar em mais de duas semanas, desde 10 de agosto. J\u00e1 o <strong>Ibovespa<\/strong>, na sua volatilidade habitual, refletindo estes descaminhos da arena pol\u00edtica, voltou a avan\u00e7ar forte, +1,65%, a 120.678 mil pontos, na semana avan\u00e7ando 2,22%.<\/p>\n<p>Neste dia 30, na Europa (05h05) os mercados futuros operavam em queda. <strong>Dax<\/strong> recuando 0,01%, a 15.850 pontos; <strong><a class=\"suno-keyword\" href=\"https:\/\/www.suno.com.br\/artigos\/ftse-100\/\" target=\"_blank\" rel=\"noopener\" data-force=\"no\" data-priority=\"1\">FTSE 100<\/a><\/strong>, +0,32%, a 7.148 pontos; <strong><a class=\"suno-keyword\" href=\"https:\/\/www.suno.com.br\/artigos\/cac-40\/\" target=\"_blank\" rel=\"noopener\" data-force=\"no\" data-priority=\"1\">CAC 40<\/a><\/strong>, +0,01%, a 6.682 pontos; e <strong>EuroStoxx<\/strong> 0,06%, a 4.193 pontos.<\/p>\n<p>Nesta madrugada, na \u00c1sia (5h05), os mercados fecharam em ALTA. <strong>Nikkei<\/strong> avan\u00e7ou 0,54%, a 27.789 pontos; <strong>Kospi<\/strong>, na Cor\u00e9ia do Sul, +0,33%, a 3.144 pontos; Shanghai, +0,17%, a 3.528 pontos, e <strong><a class=\"suno-keyword\" href=\"https:\/\/www.suno.com.br\/artigos\/hang-seng\/\" target=\"_blank\" rel=\"noopener\" data-force=\"no\" data-priority=\"1\">Hang Seng<\/a><\/strong>, 0,32%, a 25.488 pontos.<\/p>\n<p>Nos EUA, as bolsas de NY operavam em suave alta no futuro (05h05). O <strong>Dow Jones<\/strong> avan\u00e7ando 0,04%, a 35.418 pontos, o S&amp;P <strong>500<\/strong>, +0,05%, a 4.507 pontos, e o <strong>Nasdaq<\/strong> 0,11%, a 15.449 pontos. No mercado de treasuries, os US 2Y recuando 0,88%, a 0,2151, os US 10Y -0,89%, a 1,300 e os US 30Y, -0,47%, a 1,910. No <strong>DXY<\/strong>, o <strong>d\u00f3lar<\/strong> recuava 0,99%, a 92,688. <strong><a class=\"suno-keyword\" href=\"https:\/\/www.suno.com.br\/artigos\/wti\/\" target=\"_blank\" rel=\"noopener\" data-force=\"no\" data-priority=\"1\">Petr\u00f3leo WTI<\/a><\/strong>, a US$ 68,06 (-0,99%) e <strong>Petr\u00f3leo Brent <\/strong>US$ 71,41 (-0,40%).<\/p>\n<p>Na agenda de hoje, o PMI Industrial da China em agosto, para o qual se prev\u00ea ligeiro recuo. Na agenda semanal, como destaque o <strong>Payroll<\/strong> de agosto nos EUA. Estejamos atentos o PMI tamb\u00e9m dos EUA, <a class=\"suno-keyword\" href=\"https:\/\/www.suno.com.br\/artigos\/zona-do-euro\/\" target=\"_blank\" rel=\"noopener\" data-force=\"no\" data-priority=\"1\">Zona do Euro<\/a>, Jap\u00e3o, Alemanha e Reino Unido.<\/p>\n<p>&nbsp;<\/p>\n<table style=\"height: 535px;\" width=\"877\">\n<tbody>\n<tr>\n<td colspan=\"2\" width=\"142\"><strong>Agenda Semanal<\/strong><\/td>\n<td width=\"454\"><strong>\u00a0<\/strong><\/td>\n<\/tr>\n<tr>\n<td width=\"123\"><strong>2\u00aa feira (30)<\/strong><\/td>\n<td colspan=\"2\" width=\"472\">IGP-M (Ago) (Brasil); Boletim Focus; IPC (Alemanha); Vendas Pendentes de Moradias (EUA); Produ\u00e7\u00e3o Industrial (Jap\u00e3o); PMI Ind., Composto e n\u00e3o-manufatura (China); Feriado Banc\u00e1rio (Reino Unido).<\/td>\n<\/tr>\n<tr>\n<td width=\"123\"><strong>3\u00aa feira (31)<\/strong><\/td>\n<td colspan=\"2\" width=\"472\">Taxa de Desemprego (Alemanha); IPC (Euro); Vencimento D\u00f3lar PTAX de agosto (Brasil); Dados Fiscais \u2013 saldo prim\u00e1rio e d\u00edvida p\u00fablica (Brasil); \u00cdndice de Pre\u00e7os Im\u00f3veis (EUA); PMI de Chicago (Brasil); Confian\u00e7a do Consumidor CB (EUA);<\/p>\n<p>PMI Industrial Caixin (China).<\/td>\n<\/tr>\n<tr>\n<td width=\"123\"><strong>4\u00aa feira (01)<\/strong><\/td>\n<td colspan=\"2\" width=\"472\">Vendas no Varejo (Alemanha); PMI Industrial (Alemanha); Taxa de Desemprego (Euro); PIB (Q2) (Brasil); Varia\u00e7\u00e3o de Empregos Privados ADP (EUA); PMI Industrial Markit (EUA); PMI Industrial (EUA); PMI Industrial ISM (EUA); Estoques de Petr\u00f3leo em Cushing; Fluxo Cambial Estrangeiro e Balan\u00e7a Comercial (Ago) (Brasil).<\/td>\n<\/tr>\n<tr>\n<td width=\"123\"><strong>5\u00aa feira (02)<\/strong><\/td>\n<td colspan=\"2\" width=\"472\">\u00a0Produ\u00e7\u00e3o Industrial (PIM IBGE, Jul) (Brasil); Balan\u00e7a Comercial (Ago) (EUA); Pedidos Iniciais por Seguro-Desemprego (EUA); PMI Setor de Servi\u00e7os (Ago) (JAP\u00c3O); PMI Setor de Servi\u00e7os Caixin (China).<\/td>\n<\/tr>\n<tr>\n<td width=\"123\"><strong>6\u00aa feira (03)<\/strong><\/td>\n<td colspan=\"2\" width=\"472\">PMI Composto e Servi\u00e7os (Alemanha); PMI Composto Markit (Ago) (Euro); PMI Composto e Servi\u00e7os (Reino UNIDO); vendas no Varejo (Jul) (Euro); Relat\u00f3rio de Emprego (Payroll) n\u00e3o-agr\u00edcola (EUA);\u00a0 Taxa de Desemprego (EUA);\u00a0 PMI Composto e Servi\u00e7os Markit (Brasil); PMI Setor de Servi\u00e7os (EUA); PMI ISM N\u00e3o-Manufatura (EUA); Contagem Sondas Baker Hughes<\/td>\n<\/tr>\n<\/tbody>\n<\/table>\n<p>&nbsp;<\/p>\n<p>&#8212;<\/p>\n<p><em>Os textos e opini\u00f5es publicados na \u00e1rea de colunistas s\u00e3o de responsabilidade do autor e n\u00e3o representam, necessariamente, a vis\u00e3o do <\/em>Suno Not\u00edcias <em>ou do <\/em>Grupo Suno<\/p>\n\t<p>\n\t\t<a href=\"https:\/\/lp.suno.com.br\/planilha-de-controle-de-investimentos\/\" target=\"_blank\" data-element=\"shortcode-suno-banner\" title=\"Banner SUNO, clique e saiba mais\">\n\t\t\t<picture>\n\t\t\t\t<source media=\"(max-width: 500px)\" srcset=\"https:\/\/files.sunoresearch.com.br\/n\/uploads\/2023\/03\/400x300-Controle-de-Investimentos.png\">\n\t\t\t\t<img class=\"newsContent__article__imgCapa newsContent__article__imgCapa--banner\"\n\t\t\t\t\tsrc=\"https:\/\/files.sunoresearch.com.br\/n\/uploads\/2023\/03\/1420x240-Controle-de-Investimentos.png\"\n\t\t\t\t\tdata-promo-id=\"75934\"\t\t\t\t\t\t\t\t\t\twidth='1420' height='240'\t\t\t\t\talt=\"https:\/\/files.sunoresearch.com.br\/n\/uploads\/2023\/03\/1420x240-Controle-de-Investimentos.png\"\n\t\t\t\t>\n\t\t\t<\/picture>\n\t\t<\/a>\n\t<\/p>\n\n\n","protected":false},"excerpt":{"rendered":"<p>Muitos comentam que preferem ficar de fora do mercado em agosto, conhecido tamb\u00e9m como \u201cm\u00eas do desgosto\u201d, visto que \u00e9 nesta \u00e9poca que os piores progn\u00f3sticos se confirm&#8230;<\/p>\n","protected":false},"author":82,"featured_media":0,"template":"","tags":[],"class_list":["post-179373","suno_column","type-suno_column","status-publish","hentry"],"yoast_head":"<!-- This site is optimized with the Yoast SEO plugin v24.4 - https:\/\/yoast.com\/wordpress\/plugins\/seo\/ -->\n<title>Agosto, m\u00eas do desgosto - Coluna de Julio Hegedus Netto<\/title>\n<meta name=\"description\" content=\"Leia a coluna de Julio Hegedus Netto que destaca a aten\u00e7\u00e3o aos dados do mercado de trabalho dos EUA e \u00e0s informa\u00e7\u00f5es da crise h\u00eddrica\" \/>\n<meta name=\"robots\" content=\"index, follow, max-snippet:-1, max-image-preview:large, max-video-preview:-1\" \/>\n<link rel=\"canonical\" href=\"https:\/\/www.suno.com.br\/noticias\/colunas\/julio-hegedus-netto\/agosto-desgosto-payroll-tapering\/\" \/>\n<meta property=\"og:locale\" content=\"pt_BR\" \/>\n<meta property=\"og:type\" content=\"article\" \/>\n<meta property=\"og:title\" content=\"Agosto, m\u00eas do desgosto - Coluna de Julio Hegedus Netto\" \/>\n<meta property=\"og:description\" content=\"Leia a coluna de Julio Hegedus Netto que destaca a aten\u00e7\u00e3o aos dados do mercado de trabalho dos EUA e \u00e0s informa\u00e7\u00f5es da crise h\u00eddrica\" \/>\n<meta property=\"og:url\" content=\"https:\/\/www.suno.com.br\/noticias\/colunas\/julio-hegedus-netto\/agosto-desgosto-payroll-tapering\/\" \/>\n<meta property=\"og:site_name\" content=\"Suno Not\u00edcias\" \/>\n<meta property=\"article:publisher\" content=\"https:\/\/facebook.com\/sunoresearch\" \/>\n<meta property=\"og:image\" content=\"https:\/\/files.sunoresearch.com.br\/n\/uploads\/2022\/06\/Modelo2.jpg\" \/>\n\t<meta property=\"og:image:width\" content=\"1200\" \/>\n\t<meta property=\"og:image:height\" content=\"627\" \/>\n\t<meta property=\"og:image:type\" content=\"image\/jpeg\" \/>\n<meta name=\"twitter:card\" content=\"summary_large_image\" \/>\n<meta name=\"twitter:site\" content=\"@sunoresearch\" \/>\n<meta name=\"twitter:label1\" content=\"Est. tempo de leitura\" \/>\n\t<meta name=\"twitter:data1\" content=\"6 minutos\" \/>\n<script type=\"application\/ld+json\" class=\"yoast-schema-graph\">{\"@context\":\"https:\/\/schema.org\",\"@graph\":[{\"@type\":\"Article\",\"@id\":\"https:\/\/www.suno.com.br\/noticias\/colunas\/julio-hegedus-netto\/agosto-desgosto-payroll-tapering\/#article\",\"isPartOf\":{\"@id\":\"https:\/\/www.suno.com.br\/noticias\/colunas\/julio-hegedus-netto\/agosto-desgosto-payroll-tapering\/\"},\"author\":{\"name\":\"Julio Hegedus Netto\",\"@id\":\"https:\/\/www.suno.com.br\/noticias\/#\/schema\/person\/c5d31719f2f2f38c8d575fc08e55df1a\"},\"headline\":\"Agosto, m\u00eas do desgosto\",\"datePublished\":\"2021-08-30T12:47:45+00:00\",\"dateModified\":\"2021-08-30T19:10:06+00:00\",\"mainEntityOfPage\":{\"@id\":\"https:\/\/www.suno.com.br\/noticias\/colunas\/julio-hegedus-netto\/agosto-desgosto-payroll-tapering\/\"},\"wordCount\":1444,\"publisher\":{\"@id\":\"https:\/\/www.suno.com.br\/noticias\/#organization\"},\"inLanguage\":\"pt-BR\"},{\"@type\":\"WebPage\",\"@id\":\"https:\/\/www.suno.com.br\/noticias\/colunas\/julio-hegedus-netto\/agosto-desgosto-payroll-tapering\/\",\"url\":\"https:\/\/www.suno.com.br\/noticias\/colunas\/julio-hegedus-netto\/agosto-desgosto-payroll-tapering\/\",\"name\":\"Agosto, m\u00eas do desgosto - Coluna de Julio Hegedus Netto\",\"isPartOf\":{\"@id\":\"https:\/\/www.suno.com.br\/noticias\/#website\"},\"datePublished\":\"2021-08-30T12:47:45+00:00\",\"dateModified\":\"2021-08-30T19:10:06+00:00\",\"description\":\"Leia a coluna de Julio Hegedus Netto que destaca a aten\u00e7\u00e3o aos dados do mercado de trabalho dos EUA e \u00e0s informa\u00e7\u00f5es da crise h\u00eddrica\",\"breadcrumb\":{\"@id\":\"https:\/\/www.suno.com.br\/noticias\/colunas\/julio-hegedus-netto\/agosto-desgosto-payroll-tapering\/#breadcrumb\"},\"inLanguage\":\"pt-BR\",\"potentialAction\":[{\"@type\":\"ReadAction\",\"target\":[\"https:\/\/www.suno.com.br\/noticias\/colunas\/julio-hegedus-netto\/agosto-desgosto-payroll-tapering\/\"]}]},{\"@type\":\"BreadcrumbList\",\"@id\":\"https:\/\/www.suno.com.br\/noticias\/colunas\/julio-hegedus-netto\/agosto-desgosto-payroll-tapering\/#breadcrumb\",\"itemListElement\":[{\"@type\":\"ListItem\",\"position\":1,\"name\":\"Not\u00edcias\",\"item\":\"https:\/\/www.suno.com.br\/noticias\/\"},{\"@type\":\"ListItem\",\"position\":2,\"name\":\"Colunas\",\"item\":\"https:\/\/www.suno.com.br\/noticias\/colunas\/\"},{\"@type\":\"ListItem\",\"position\":3,\"name\":\"Agosto, m\u00eas do desgosto\"}]},{\"@type\":\"WebSite\",\"@id\":\"https:\/\/www.suno.com.br\/noticias\/#website\",\"url\":\"https:\/\/www.suno.com.br\/noticias\/\",\"name\":\"Suno Not\u00edcias\",\"description\":\"Seu portal de informa\u00e7\u00e3o sobre o mundo dos investimentos\",\"publisher\":{\"@id\":\"https:\/\/www.suno.com.br\/noticias\/#organization\"},\"potentialAction\":[{\"@type\":\"SearchAction\",\"target\":{\"@type\":\"EntryPoint\",\"urlTemplate\":\"https:\/\/www.suno.com.br\/noticias\/?s={search_term_string}\"},\"query-input\":{\"@type\":\"PropertyValueSpecification\",\"valueRequired\":true,\"valueName\":\"search_term_string\"}}],\"inLanguage\":\"pt-BR\"},{\"@type\":\"Organization\",\"@id\":\"https:\/\/www.suno.com.br\/noticias\/#organization\",\"name\":\"Suno Not\u00edcias\",\"url\":\"https:\/\/www.suno.com.br\/noticias\/\",\"logo\":{\"@type\":\"ImageObject\",\"inLanguage\":\"pt-BR\",\"@id\":\"https:\/\/www.suno.com.br\/noticias\/#\/schema\/logo\/image\/\",\"url\":\"https:\/\/files.sunoresearch.com.br\/n\/uploads\/2021\/09\/suno-logo.png\",\"contentUrl\":\"https:\/\/files.sunoresearch.com.br\/n\/uploads\/2021\/09\/suno-logo.png\",\"width\":180,\"height\":180,\"caption\":\"Suno Not\u00edcias\"},\"image\":{\"@id\":\"https:\/\/www.suno.com.br\/noticias\/#\/schema\/logo\/image\/\"},\"sameAs\":[\"https:\/\/facebook.com\/sunoresearch\",\"https:\/\/x.com\/sunoresearch\",\"https:\/\/www.instagram.com\/suno\",\"https:\/\/www.linkedin.com\/company\/suno-research\/\",\"https:\/\/www.youtube.com\/c\/sunoresearch\"]},{\"@type\":\"Person\",\"@id\":\"https:\/\/www.suno.com.br\/noticias\/#\/schema\/person\/c5d31719f2f2f38c8d575fc08e55df1a\",\"name\":\"Julio Hegedus Netto\",\"image\":{\"@type\":\"ImageObject\",\"inLanguage\":\"pt-BR\",\"@id\":\"https:\/\/www.suno.com.br\/noticias\/#\/schema\/person\/image\/\",\"url\":\"https:\/\/secure.gravatar.com\/avatar\/870043f332ebddfffd4a9e3a5dd46c13?s=96&r=g\",\"contentUrl\":\"https:\/\/secure.gravatar.com\/avatar\/870043f332ebddfffd4a9e3a5dd46c13?s=96&r=g\",\"caption\":\"Julio Hegedus Netto\"},\"description\":\"Economista-chefe da Lopes Filho por 26 anos, com mestrado na UFF e na UCAM e doutorando em Portugal. Escrevo relat\u00f3rios para a OHM RESEARCH e disponibilizo conte\u00fados no IML, Investing.com, Linkedin e Suno Not\u00edcias.\",\"sameAs\":[\"https:\/\/jhn031299.blogspot.com\/\",\"https:\/\/www.facebook.com\/julio.hegedus.5\",\"https:\/\/www.linkedin.com\/in\/juliohegedusnetto\/\",\"https:\/\/x.com\/JuHegedus\"],\"url\":\"https:\/\/www.suno.com.br\/noticias\/author\/julio-hegedus-netto\/\"}]}<\/script>\n<!-- \/ Yoast SEO plugin. -->","yoast_head_json":{"title":"Agosto, m\u00eas do desgosto - Coluna de Julio Hegedus Netto","description":"Leia a coluna de Julio Hegedus Netto que destaca a aten\u00e7\u00e3o aos dados do mercado de trabalho dos EUA e \u00e0s informa\u00e7\u00f5es da crise h\u00eddrica","robots":{"index":"index","follow":"follow","max-snippet":"max-snippet:-1","max-image-preview":"max-image-preview:large","max-video-preview":"max-video-preview:-1"},"canonical":"https:\/\/www.suno.com.br\/noticias\/colunas\/julio-hegedus-netto\/agosto-desgosto-payroll-tapering\/","og_locale":"pt_BR","og_type":"article","og_title":"Agosto, m\u00eas do desgosto - Coluna de Julio Hegedus Netto","og_description":"Leia a coluna de Julio Hegedus Netto que destaca a aten\u00e7\u00e3o aos dados do mercado de trabalho dos EUA e \u00e0s informa\u00e7\u00f5es da crise h\u00eddrica","og_url":"https:\/\/www.suno.com.br\/noticias\/colunas\/julio-hegedus-netto\/agosto-desgosto-payroll-tapering\/","og_site_name":"Suno Not\u00edcias","article_publisher":"https:\/\/facebook.com\/sunoresearch","og_image":[{"width":1200,"height":627,"url":"https:\/\/files.sunoresearch.com.br\/n\/uploads\/2022\/06\/Modelo2.jpg","type":"image\/jpeg"}],"twitter_card":"summary_large_image","twitter_site":"@sunoresearch","twitter_misc":{"Est. tempo de leitura":"6 minutos"},"schema":{"@context":"https:\/\/schema.org","@graph":[{"@type":"Article","@id":"https:\/\/www.suno.com.br\/noticias\/colunas\/julio-hegedus-netto\/agosto-desgosto-payroll-tapering\/#article","isPartOf":{"@id":"https:\/\/www.suno.com.br\/noticias\/colunas\/julio-hegedus-netto\/agosto-desgosto-payroll-tapering\/"},"author":{"name":"Julio Hegedus Netto","@id":"https:\/\/www.suno.com.br\/noticias\/#\/schema\/person\/c5d31719f2f2f38c8d575fc08e55df1a"},"headline":"Agosto, m\u00eas do desgosto","datePublished":"2021-08-30T12:47:45+00:00","dateModified":"2021-08-30T19:10:06+00:00","mainEntityOfPage":{"@id":"https:\/\/www.suno.com.br\/noticias\/colunas\/julio-hegedus-netto\/agosto-desgosto-payroll-tapering\/"},"wordCount":1444,"publisher":{"@id":"https:\/\/www.suno.com.br\/noticias\/#organization"},"inLanguage":"pt-BR"},{"@type":"WebPage","@id":"https:\/\/www.suno.com.br\/noticias\/colunas\/julio-hegedus-netto\/agosto-desgosto-payroll-tapering\/","url":"https:\/\/www.suno.com.br\/noticias\/colunas\/julio-hegedus-netto\/agosto-desgosto-payroll-tapering\/","name":"Agosto, m\u00eas do desgosto - Coluna de Julio Hegedus Netto","isPartOf":{"@id":"https:\/\/www.suno.com.br\/noticias\/#website"},"datePublished":"2021-08-30T12:47:45+00:00","dateModified":"2021-08-30T19:10:06+00:00","description":"Leia a coluna de Julio Hegedus Netto que destaca a aten\u00e7\u00e3o aos dados do mercado de trabalho dos EUA e \u00e0s informa\u00e7\u00f5es da crise h\u00eddrica","breadcrumb":{"@id":"https:\/\/www.suno.com.br\/noticias\/colunas\/julio-hegedus-netto\/agosto-desgosto-payroll-tapering\/#breadcrumb"},"inLanguage":"pt-BR","potentialAction":[{"@type":"ReadAction","target":["https:\/\/www.suno.com.br\/noticias\/colunas\/julio-hegedus-netto\/agosto-desgosto-payroll-tapering\/"]}]},{"@type":"BreadcrumbList","@id":"https:\/\/www.suno.com.br\/noticias\/colunas\/julio-hegedus-netto\/agosto-desgosto-payroll-tapering\/#breadcrumb","itemListElement":[{"@type":"ListItem","position":1,"name":"Not\u00edcias","item":"https:\/\/www.suno.com.br\/noticias\/"},{"@type":"ListItem","position":2,"name":"Colunas","item":"https:\/\/www.suno.com.br\/noticias\/colunas\/"},{"@type":"ListItem","position":3,"name":"Agosto, m\u00eas do desgosto"}]},{"@type":"WebSite","@id":"https:\/\/www.suno.com.br\/noticias\/#website","url":"https:\/\/www.suno.com.br\/noticias\/","name":"Suno Not\u00edcias","description":"Seu portal de informa\u00e7\u00e3o sobre o mundo dos investimentos","publisher":{"@id":"https:\/\/www.suno.com.br\/noticias\/#organization"},"potentialAction":[{"@type":"SearchAction","target":{"@type":"EntryPoint","urlTemplate":"https:\/\/www.suno.com.br\/noticias\/?s={search_term_string}"},"query-input":{"@type":"PropertyValueSpecification","valueRequired":true,"valueName":"search_term_string"}}],"inLanguage":"pt-BR"},{"@type":"Organization","@id":"https:\/\/www.suno.com.br\/noticias\/#organization","name":"Suno Not\u00edcias","url":"https:\/\/www.suno.com.br\/noticias\/","logo":{"@type":"ImageObject","inLanguage":"pt-BR","@id":"https:\/\/www.suno.com.br\/noticias\/#\/schema\/logo\/image\/","url":"https:\/\/files.sunoresearch.com.br\/n\/uploads\/2021\/09\/suno-logo.png","contentUrl":"https:\/\/files.sunoresearch.com.br\/n\/uploads\/2021\/09\/suno-logo.png","width":180,"height":180,"caption":"Suno Not\u00edcias"},"image":{"@id":"https:\/\/www.suno.com.br\/noticias\/#\/schema\/logo\/image\/"},"sameAs":["https:\/\/facebook.com\/sunoresearch","https:\/\/x.com\/sunoresearch","https:\/\/www.instagram.com\/suno","https:\/\/www.linkedin.com\/company\/suno-research\/","https:\/\/www.youtube.com\/c\/sunoresearch"]},{"@type":"Person","@id":"https:\/\/www.suno.com.br\/noticias\/#\/schema\/person\/c5d31719f2f2f38c8d575fc08e55df1a","name":"Julio Hegedus Netto","image":{"@type":"ImageObject","inLanguage":"pt-BR","@id":"https:\/\/www.suno.com.br\/noticias\/#\/schema\/person\/image\/","url":"https:\/\/secure.gravatar.com\/avatar\/870043f332ebddfffd4a9e3a5dd46c13?s=96&r=g","contentUrl":"https:\/\/secure.gravatar.com\/avatar\/870043f332ebddfffd4a9e3a5dd46c13?s=96&r=g","caption":"Julio Hegedus Netto"},"description":"Economista-chefe da Lopes Filho por 26 anos, com mestrado na UFF e na UCAM e doutorando em Portugal. Escrevo relat\u00f3rios para a OHM RESEARCH e disponibilizo conte\u00fados no IML, Investing.com, Linkedin e Suno Not\u00edcias.","sameAs":["https:\/\/jhn031299.blogspot.com\/","https:\/\/www.facebook.com\/julio.hegedus.5","https:\/\/www.linkedin.com\/in\/juliohegedusnetto\/","https:\/\/x.com\/JuHegedus"],"url":"https:\/\/www.suno.com.br\/noticias\/author\/julio-hegedus-netto\/"}]}},"amp_enabled":true,"_links":{"self":[{"href":"https:\/\/www.suno.com.br\/noticias\/wp-json\/wp\/v2\/suno_column\/179373"}],"collection":[{"href":"https:\/\/www.suno.com.br\/noticias\/wp-json\/wp\/v2\/suno_column"}],"about":[{"href":"https:\/\/www.suno.com.br\/noticias\/wp-json\/wp\/v2\/types\/suno_column"}],"author":[{"embeddable":true,"href":"https:\/\/www.suno.com.br\/noticias\/wp-json\/wp\/v2\/users\/82"}],"wp:attachment":[{"href":"https:\/\/www.suno.com.br\/noticias\/wp-json\/wp\/v2\/media?parent=179373"}],"wp:term":[{"taxonomy":"post_tag","embeddable":true,"href":"https:\/\/www.suno.com.br\/noticias\/wp-json\/wp\/v2\/tags?post=179373"}],"curies":[{"name":"wp","href":"https:\/\/api.w.org\/{rel}","templated":true}]}}