{"id":178672,"date":"2021-08-26T12:49:07","date_gmt":"2021-08-26T15:49:07","guid":{"rendered":"https:\/\/www.suno.com.br\/noticias\/colunas\/felipe-areia\/"},"modified":"2021-09-09T10:45:01","modified_gmt":"2021-09-09T13:45:01","slug":"pandemia-acabando","status":"publish","type":"suno_column","link":"https:\/\/www.suno.com.br\/noticias\/colunas\/gian\/pandemia-acabando\/","title":{"rendered":"A pandemia de covid-19 est\u00e1 realmente acabando?"},"content":{"rendered":"<p>Com exce\u00e7\u00e3o da Am\u00e9rica Latina, quase todo o mundo ocidental v\u00ea um crescimento no n\u00famero de casos de <strong>Covid-19<\/strong> nas \u00faltimas semanas. Alguns pa\u00edses, como o Reino Unido, j\u00e1 passaram pela \u201c<strong>quarta onda<\/strong>\u201d, enquanto outros, como Alemanha e Israel, caminham para um novo pico.<\/p>\n\t<p>\n\t\t<a href=\"https:\/\/lp.suno.com.br\/planilha-controle-gastos\/\" target=\"_blank\" data-element=\"shortcode-suno-banner\" title=\"Banner SUNO, clique e saiba mais\">\n\t\t\t<picture>\n\t\t\t\t<source media=\"(max-width: 500px)\" srcset=\"https:\/\/files.sunoresearch.com.br\/n\/uploads\/2023\/03\/400x300-Planilha-controle-de-gastos.png\">\n\t\t\t\t<img class=\"newsContent__article__imgCapa newsContent__article__imgCapa--banner\"\n\t\t\t\t\tsrc=\"https:\/\/files.sunoresearch.com.br\/n\/uploads\/2023\/03\/1420x240-Planilha-controle-de-gastos.png\"\n\t\t\t\t\tdata-promo-id=\"101751\"\t\t\t\t\t\t\t\t\t\twidth='1420' height='240'\t\t\t\t\talt=\"https:\/\/files.sunoresearch.com.br\/n\/uploads\/2023\/03\/1420x240-Planilha-controle-de-gastos.png\"\n\t\t\t\t>\n\t\t\t<\/picture>\n\t\t<\/a>\n\t<\/p>\n\n\n<p>Diferente das primeiras tr\u00eas ondas, que ocorreram no primeiro e segundo semestre de 2020 e no in\u00edcio de 2021 (com diferen\u00e7as de semanas entre os pa\u00edses), o <strong>crescimento dos casos<\/strong> n\u00e3o vem acompanhado por um aumento de igual ritmo em hospitaliza\u00e7\u00f5es e mortes. Essa quarta onda \u00e9 causada principalmente pela <strong>variante Delta<\/strong>, muito mais contagiosa e potencialmente tamb\u00e9m mais mortal. No entanto, as ocorr\u00eancias fatais foram inversamente proporcionais ao n\u00famero de vacinados em cada pa\u00eds, ainda que a contamina\u00e7\u00e3o seguisse ocorrendo.<\/p>\n<p>Desses dados simples, \u00e9 poss\u00edvel tirar algumas conclus\u00f5es:<\/p>\n<p>1) As <strong>vacinas<\/strong>, ainda que desenvolvidas em tempo recorde, funcionam e salvam vidas. Podem n\u00e3o ser as melhores, dado o tempo recorde de testes, e talvez tenham que seguir sendo aprimoradas. \u00c9 poss\u00edvel que mais doses sejam necess\u00e1rias para cada indiv\u00edduo, ou mesmo ciclos anuais por algum tempo, mas as vacinas criadas funcionaram muito bem at\u00e9 aqui.<\/p>\n<p>Se n\u00e3o fosse a Delta, provavelmente n\u00e3o estar\u00edamos vendo novos picos de casos.<\/p>\n<p>2) Se a essa nova variante tivesse se espalhado seis meses atr\u00e1s, antes da vacina\u00e7\u00e3o tomar uma propor\u00e7\u00e3o significativa na maior parte dos pa\u00edses desenvolvidos e em desenvolvimento, a <strong>superlota\u00e7\u00e3o dos sistemas de sa\u00fade<\/strong> que vimos em pa\u00edses como It\u00e1lia, Estados Unidos e Brasil com h\u00e1 alguns meses seria apenas um treinamento para o que poderia acontecer. Isso porque a Delta \u00e9 94% mais contagiosa do que a cepa original, de acordo com um estudo do Imperial College, da Inglaterra.<\/p>\n<p>3) A estrat\u00e9gia de <strong>diminuir a circula\u00e7\u00e3o de pessoa<\/strong>s (e consequentemente do v\u00edrus) por um tempo foi acertada, ainda que com alto custo econ\u00f4mico, uma vez que diminuiu a superlota\u00e7\u00e3o dos sistemas de sa\u00fade. De quebra, menor circula\u00e7\u00e3o do v\u00edrus faz com que a possibilidade de novas cepas, adaptadas para serem mais contagiosas, tamb\u00e9m seja menor. Ainda assim, vimos variantes mais eficientes em contamina\u00e7\u00e3o surgindo no Brasil, \u00c1frica do Sul, Inglaterra e \u00cdndia.<\/p>\n<p>4) A diminui\u00e7\u00e3o das medidas restritivas \u00e9 acertada para o momento em que vivemos, com <strong>menos hospitaliza\u00e7\u00f5es e morte<\/strong>s, que se concentram principalmente em n\u00e3o vacinados. Em julho, 99% dos mortos e 97% dos internados nos Estados Unidos faziam parte do grupo que n\u00e3o tinha tomado nenhuma ou apenas uma dose do imunizante, de acordo com o <strong>Centro para Controle de Doen\u00e7as (CDC)<\/strong>.<\/p>\n<p>5) Essa<strong> reabertura total<\/strong>, no entanto, pode ser um tiro no p\u00e9 se uma grande parte dos adultos n\u00e3o se vacinarem. A chance do surgimento de uma cepa mais contagiosa, mortal e resistente \u00e0s vacinas passa a ser uma quest\u00e3o de sorte. Uma possibilidade pequena, mas que n\u00e3o pode ser ignorada. E a\u00ed voltaremos ao in\u00edcio da jornada.<\/p>\n<p><img loading=\"lazy\" decoding=\"async\" class=\"alignnone size-full wp-image-178676\" src=\"https:\/\/storage.googleapis.com\/wp-noticias\/2021\/08\/56f902f4-unnamed.jpg\" alt=\"\" width=\"554\" height=\"368\" srcset=\"https:\/\/files.sunoresearch.com.br\/n\/uploads\/2021\/08\/56f902f4-unnamed.jpg 554w, https:\/\/files.sunoresearch.com.br\/n\/uploads\/2021\/08\/56f902f4-unnamed-300x199.jpg 300w, https:\/\/files.sunoresearch.com.br\/n\/uploads\/2021\/08\/56f902f4-unnamed-150x100.jpg 150w\" sizes=\"(max-width: 554px) 100vw, 554px\" \/><\/p>\n<p><img loading=\"lazy\" decoding=\"async\" class=\"alignnone size-full wp-image-178677\" src=\"https:\/\/storage.googleapis.com\/wp-noticias\/2021\/08\/7c421ca7-unnamed-1.jpg\" alt=\"\" width=\"551\" height=\"374\" srcset=\"https:\/\/files.sunoresearch.com.br\/n\/uploads\/2021\/08\/7c421ca7-unnamed-1.jpg 551w, https:\/\/files.sunoresearch.com.br\/n\/uploads\/2021\/08\/7c421ca7-unnamed-1-300x204.jpg 300w, https:\/\/files.sunoresearch.com.br\/n\/uploads\/2021\/08\/7c421ca7-unnamed-1-150x102.jpg 150w\" sizes=\"(max-width: 551px) 100vw, 551px\" \/><\/p>\n<p><em>*m\u00e9dia m\u00f3vel de sete dias de novos casos e de mortes no Reino Unido. Aumento de fatalidades n\u00e3o acompanhou o de casos na \u00faltima onda da doen\u00e7a. O mesmo ocorreu em diversos outros pa\u00edses com alta taxa de vacina\u00e7\u00e3o.<\/em><\/p>\n\t<p>\n\t\t<a href=\"https:\/\/lp.suno.com.br\/planilha-da-vida-financeira\/\" target=\"_blank\" data-element=\"shortcode-suno-banner\" title=\"Banner SUNO, clique e saiba mais\">\n\t\t\t<picture>\n\t\t\t\t<source media=\"(max-width: 500px)\" srcset=\"https:\/\/files.sunoresearch.com.br\/n\/uploads\/2023\/04\/400x300-Planilha-vida-financeira-true.png\">\n\t\t\t\t<img class=\"newsContent__article__imgCapa newsContent__article__imgCapa--banner\"\n\t\t\t\t\tsrc=\"https:\/\/files.sunoresearch.com.br\/n\/uploads\/2023\/04\/1420x240-Planilha-vida-financeira-true.png\"\n\t\t\t\t\tdata-promo-id=\"106682\"\t\t\t\t\t\t\t\t\t\twidth='1420' height='240'\t\t\t\t\talt=\"https:\/\/files.sunoresearch.com.br\/n\/uploads\/2023\/04\/1420x240-Planilha-vida-financeira-true.png\"\n\t\t\t\t>\n\t\t\t<\/picture>\n\t\t<\/a>\n\t<\/p>\n\n\n<p>Sabendo da mudan\u00e7a no perfil de interna\u00e7\u00f5es, a Alemanha, por exemplo, mudou o crit\u00e9rio para decidir sobre a ado\u00e7\u00e3o de <strong>medidas restritivas<\/strong>. Antes, o pa\u00eds se baseava na <strong>taxa de infec\u00e7\u00f5es a cada 100 mil habitantes<\/strong>. A partir dessa semana, o n\u00famero de interna\u00e7\u00f5es ser\u00e1 o fator-chave. Aliada ao incentivo \u00e0 vacina\u00e7\u00e3o, essa \u00e9 a melhor forma de equilibrar a retomada econ\u00f4mica com a capacidade de atendimento aos doentes. A tend\u00eancia \u00e9 ver outros pa\u00edses seguindo a iniciativa.<\/p>\n<p>Isso n\u00e3o quer dizer que n\u00e3o haver\u00e1 mais mortes ou novos casos, mas que a <strong>Covid-19<\/strong> deixar\u00e1 de representar um risco sist\u00eamico para a humanidade.<\/p>\n<p>&#8212;<\/p>\n<p><em>Os textos e opini\u00f5es publicados na \u00e1rea de colunistas s\u00e3o de responsabilidade do autor e n\u00e3o representam, necessariamente, a vis\u00e3o do <\/em>Suno Not\u00edcias <em>ou do <\/em>Grupo Suno<\/p>\n\t<p>\n\t\t<a href=\"https:\/\/lp.suno.com.br\/ebook-como-analisar-uma-acao\/\" target=\"_blank\" data-element=\"shortcode-suno-banner\" title=\"Banner SUNO, clique e saiba mais\">\n\t\t\t<picture>\n\t\t\t\t<source media=\"(max-width: 500px)\" srcset=\"https:\/\/files.sunoresearch.com.br\/n\/uploads\/2023\/03\/Ebook-Acoes-Mobile-1.jpg\">\n\t\t\t\t<img class=\"newsContent__article__imgCapa newsContent__article__imgCapa--banner\"\n\t\t\t\t\tsrc=\"https:\/\/files.sunoresearch.com.br\/n\/uploads\/2023\/03\/Ebook-Acoes-Desktop-1.jpg\"\n\t\t\t\t\tdata-promo-id=\"171998\"\t\t\t\t\t\t\t\t\t\twidth='1420' height='286'\t\t\t\t\talt=\"https:\/\/files.sunoresearch.com.br\/n\/uploads\/2023\/03\/Ebook-Acoes-Desktop-1.jpg\"\n\t\t\t\t>\n\t\t\t<\/picture>\n\t\t<\/a>\n\t<\/p>\n\n\n","protected":false},"excerpt":{"rendered":"<p>Com exce\u00e7\u00e3o da Am\u00e9rica Latina, quase todo o mundo ocidental v\u00ea um crescimento no n\u00famero de casos de Covid-19 nas \u00faltimas semanas. Alguns pa\u00edses, como o Reino Unido, j\u00e1&#8230;<\/p>\n","protected":false},"author":4,"featured_media":0,"template":"","tags":[],"class_list":["post-178672","suno_column","type-suno_column","status-publish","hentry"],"yoast_head":"<!-- This site is optimized with the Yoast SEO plugin v24.4 - https:\/\/yoast.com\/wordpress\/plugins\/seo\/ -->\n<title>A pandemia de covid-19 est\u00e1 realmente acabando?<\/title>\n<meta name=\"description\" content=\"Quando a pandemia da Covid-19 deixar\u00e1 de representar um risco sist\u00eamico para a humanidade? Leia nesta coluna do Suno Not\u00edcias.\" \/>\n<meta name=\"robots\" content=\"index, follow, max-snippet:-1, max-image-preview:large, max-video-preview:-1\" \/>\n<link rel=\"canonical\" href=\"https:\/\/www.suno.com.br\/noticias\/colunas\/gian\/pandemia-acabando\/\" \/>\n<meta property=\"og:locale\" content=\"pt_BR\" \/>\n<meta property=\"og:type\" content=\"article\" \/>\n<meta property=\"og:title\" content=\"A pandemia de covid-19 est\u00e1 realmente acabando?\" \/>\n<meta property=\"og:description\" content=\"Quando a pandemia da Covid-19 deixar\u00e1 de representar um risco sist\u00eamico para a humanidade? Leia nesta coluna do Suno Not\u00edcias.\" \/>\n<meta property=\"og:url\" content=\"https:\/\/www.suno.com.br\/noticias\/colunas\/gian\/pandemia-acabando\/\" \/>\n<meta property=\"og:site_name\" content=\"Suno Not\u00edcias\" \/>\n<meta property=\"article:publisher\" content=\"https:\/\/facebook.com\/sunoresearch\" \/>\n<meta property=\"og:image\" content=\"https:\/\/storage.googleapis.com\/wp-noticias\/2021\/08\/56f902f4-unnamed.jpg\" \/>\n<meta name=\"twitter:card\" content=\"summary_large_image\" \/>\n<meta name=\"twitter:site\" content=\"@sunoresearch\" \/>\n<meta name=\"twitter:label1\" content=\"Est. tempo de leitura\" \/>\n\t<meta name=\"twitter:data1\" content=\"4 minutos\" \/>\n<script type=\"application\/ld+json\" class=\"yoast-schema-graph\">{\"@context\":\"https:\/\/schema.org\",\"@graph\":[{\"@type\":\"Article\",\"@id\":\"https:\/\/www.suno.com.br\/noticias\/colunas\/gian\/pandemia-acabando\/#article\",\"isPartOf\":{\"@id\":\"https:\/\/www.suno.com.br\/noticias\/colunas\/gian\/pandemia-acabando\/\"},\"author\":{\"name\":\"Gian Kojikovski\",\"@id\":\"https:\/\/www.suno.com.br\/noticias\/#\/schema\/person\/8c2753ace9edbc3c59cfa8a971ac5914\"},\"headline\":\"A pandemia de covid-19 est\u00e1 realmente acabando?\",\"datePublished\":\"2021-08-26T15:49:07+00:00\",\"dateModified\":\"2021-09-09T13:45:01+00:00\",\"mainEntityOfPage\":{\"@id\":\"https:\/\/www.suno.com.br\/noticias\/colunas\/gian\/pandemia-acabando\/\"},\"wordCount\":721,\"publisher\":{\"@id\":\"https:\/\/www.suno.com.br\/noticias\/#organization\"},\"image\":{\"@id\":\"https:\/\/www.suno.com.br\/noticias\/colunas\/gian\/pandemia-acabando\/#primaryimage\"},\"thumbnailUrl\":\"https:\/\/storage.googleapis.com\/wp-noticias\/2021\/08\/56f902f4-unnamed.jpg\",\"inLanguage\":\"pt-BR\"},{\"@type\":\"WebPage\",\"@id\":\"https:\/\/www.suno.com.br\/noticias\/colunas\/gian\/pandemia-acabando\/\",\"url\":\"https:\/\/www.suno.com.br\/noticias\/colunas\/gian\/pandemia-acabando\/\",\"name\":\"A pandemia de covid-19 est\u00e1 realmente acabando?\",\"isPartOf\":{\"@id\":\"https:\/\/www.suno.com.br\/noticias\/#website\"},\"primaryImageOfPage\":{\"@id\":\"https:\/\/www.suno.com.br\/noticias\/colunas\/gian\/pandemia-acabando\/#primaryimage\"},\"image\":{\"@id\":\"https:\/\/www.suno.com.br\/noticias\/colunas\/gian\/pandemia-acabando\/#primaryimage\"},\"thumbnailUrl\":\"https:\/\/storage.googleapis.com\/wp-noticias\/2021\/08\/56f902f4-unnamed.jpg\",\"datePublished\":\"2021-08-26T15:49:07+00:00\",\"dateModified\":\"2021-09-09T13:45:01+00:00\",\"description\":\"Quando a pandemia da Covid-19 deixar\u00e1 de representar um risco sist\u00eamico para a humanidade? Leia nesta coluna do Suno Not\u00edcias.\",\"breadcrumb\":{\"@id\":\"https:\/\/www.suno.com.br\/noticias\/colunas\/gian\/pandemia-acabando\/#breadcrumb\"},\"inLanguage\":\"pt-BR\",\"potentialAction\":[{\"@type\":\"ReadAction\",\"target\":[\"https:\/\/www.suno.com.br\/noticias\/colunas\/gian\/pandemia-acabando\/\"]}]},{\"@type\":\"ImageObject\",\"inLanguage\":\"pt-BR\",\"@id\":\"https:\/\/www.suno.com.br\/noticias\/colunas\/gian\/pandemia-acabando\/#primaryimage\",\"url\":\"https:\/\/storage.googleapis.com\/wp-noticias\/2021\/08\/56f902f4-unnamed.jpg\",\"contentUrl\":\"https:\/\/storage.googleapis.com\/wp-noticias\/2021\/08\/56f902f4-unnamed.jpg\"},{\"@type\":\"BreadcrumbList\",\"@id\":\"https:\/\/www.suno.com.br\/noticias\/colunas\/gian\/pandemia-acabando\/#breadcrumb\",\"itemListElement\":[{\"@type\":\"ListItem\",\"position\":1,\"name\":\"Not\u00edcias\",\"item\":\"https:\/\/www.suno.com.br\/noticias\/\"},{\"@type\":\"ListItem\",\"position\":2,\"name\":\"Colunas\",\"item\":\"https:\/\/www.suno.com.br\/noticias\/colunas\/\"},{\"@type\":\"ListItem\",\"position\":3,\"name\":\"A pandemia de covid-19 est\u00e1 realmente acabando?\"}]},{\"@type\":\"WebSite\",\"@id\":\"https:\/\/www.suno.com.br\/noticias\/#website\",\"url\":\"https:\/\/www.suno.com.br\/noticias\/\",\"name\":\"Suno Not\u00edcias\",\"description\":\"Seu portal de informa\u00e7\u00e3o sobre o mundo dos investimentos\",\"publisher\":{\"@id\":\"https:\/\/www.suno.com.br\/noticias\/#organization\"},\"potentialAction\":[{\"@type\":\"SearchAction\",\"target\":{\"@type\":\"EntryPoint\",\"urlTemplate\":\"https:\/\/www.suno.com.br\/noticias\/?s={search_term_string}\"},\"query-input\":{\"@type\":\"PropertyValueSpecification\",\"valueRequired\":true,\"valueName\":\"search_term_string\"}}],\"inLanguage\":\"pt-BR\"},{\"@type\":\"Organization\",\"@id\":\"https:\/\/www.suno.com.br\/noticias\/#organization\",\"name\":\"Suno Not\u00edcias\",\"url\":\"https:\/\/www.suno.com.br\/noticias\/\",\"logo\":{\"@type\":\"ImageObject\",\"inLanguage\":\"pt-BR\",\"@id\":\"https:\/\/www.suno.com.br\/noticias\/#\/schema\/logo\/image\/\",\"url\":\"https:\/\/files.sunoresearch.com.br\/n\/uploads\/2021\/09\/suno-logo.png\",\"contentUrl\":\"https:\/\/files.sunoresearch.com.br\/n\/uploads\/2021\/09\/suno-logo.png\",\"width\":180,\"height\":180,\"caption\":\"Suno Not\u00edcias\"},\"image\":{\"@id\":\"https:\/\/www.suno.com.br\/noticias\/#\/schema\/logo\/image\/\"},\"sameAs\":[\"https:\/\/facebook.com\/sunoresearch\",\"https:\/\/x.com\/sunoresearch\",\"https:\/\/www.instagram.com\/suno\",\"https:\/\/www.linkedin.com\/company\/suno-research\/\",\"https:\/\/www.youtube.com\/c\/sunoresearch\"]},{\"@type\":\"Person\",\"@id\":\"https:\/\/www.suno.com.br\/noticias\/#\/schema\/person\/8c2753ace9edbc3c59cfa8a971ac5914\",\"name\":\"Gian Kojikovski\",\"image\":{\"@type\":\"ImageObject\",\"inLanguage\":\"pt-BR\",\"@id\":\"https:\/\/www.suno.com.br\/noticias\/#\/schema\/person\/image\/\",\"url\":\"https:\/\/secure.gravatar.com\/avatar\/9b6de4deaf8443278f037ed55611af64?s=96&r=g\",\"contentUrl\":\"https:\/\/secure.gravatar.com\/avatar\/9b6de4deaf8443278f037ed55611af64?s=96&r=g\",\"caption\":\"Gian Kojikovski\"},\"description\":\"Gian Kojikovski \u00e9 diretor e s\u00f3cio da Suno e escreve sobre neg\u00f3cios, marketing, pol\u00edtica e finan\u00e7as. Tem passagem pelas reda\u00e7\u00f5es de Veja e Exame e \u00e9 vencedor do Pr\u00eamio CNI de Jornalismo de 2016 na categoria especial de Inova\u00e7\u00e3o e finalista do Citi Journalistic Excellence Award de 2018.\",\"sameAs\":[\"https:\/\/www.suno.com.br\",\"https:\/\/x.com\/https:\/\/twitter.com\/giankojikovski\"],\"url\":\"https:\/\/www.suno.com.br\/noticias\/author\/gian\/\"}]}<\/script>\n<!-- \/ Yoast SEO plugin. -->","yoast_head_json":{"title":"A pandemia de covid-19 est\u00e1 realmente acabando?","description":"Quando a pandemia da Covid-19 deixar\u00e1 de representar um risco sist\u00eamico para a humanidade? Leia nesta coluna do Suno Not\u00edcias.","robots":{"index":"index","follow":"follow","max-snippet":"max-snippet:-1","max-image-preview":"max-image-preview:large","max-video-preview":"max-video-preview:-1"},"canonical":"https:\/\/www.suno.com.br\/noticias\/colunas\/gian\/pandemia-acabando\/","og_locale":"pt_BR","og_type":"article","og_title":"A pandemia de covid-19 est\u00e1 realmente acabando?","og_description":"Quando a pandemia da Covid-19 deixar\u00e1 de representar um risco sist\u00eamico para a humanidade? Leia nesta coluna do Suno Not\u00edcias.","og_url":"https:\/\/www.suno.com.br\/noticias\/colunas\/gian\/pandemia-acabando\/","og_site_name":"Suno Not\u00edcias","article_publisher":"https:\/\/facebook.com\/sunoresearch","og_image":[{"url":"https:\/\/storage.googleapis.com\/wp-noticias\/2021\/08\/56f902f4-unnamed.jpg","type":"","width":"","height":""}],"twitter_card":"summary_large_image","twitter_site":"@sunoresearch","twitter_misc":{"Est. tempo de leitura":"4 minutos"},"schema":{"@context":"https:\/\/schema.org","@graph":[{"@type":"Article","@id":"https:\/\/www.suno.com.br\/noticias\/colunas\/gian\/pandemia-acabando\/#article","isPartOf":{"@id":"https:\/\/www.suno.com.br\/noticias\/colunas\/gian\/pandemia-acabando\/"},"author":{"name":"Gian Kojikovski","@id":"https:\/\/www.suno.com.br\/noticias\/#\/schema\/person\/8c2753ace9edbc3c59cfa8a971ac5914"},"headline":"A pandemia de covid-19 est\u00e1 realmente acabando?","datePublished":"2021-08-26T15:49:07+00:00","dateModified":"2021-09-09T13:45:01+00:00","mainEntityOfPage":{"@id":"https:\/\/www.suno.com.br\/noticias\/colunas\/gian\/pandemia-acabando\/"},"wordCount":721,"publisher":{"@id":"https:\/\/www.suno.com.br\/noticias\/#organization"},"image":{"@id":"https:\/\/www.suno.com.br\/noticias\/colunas\/gian\/pandemia-acabando\/#primaryimage"},"thumbnailUrl":"https:\/\/storage.googleapis.com\/wp-noticias\/2021\/08\/56f902f4-unnamed.jpg","inLanguage":"pt-BR"},{"@type":"WebPage","@id":"https:\/\/www.suno.com.br\/noticias\/colunas\/gian\/pandemia-acabando\/","url":"https:\/\/www.suno.com.br\/noticias\/colunas\/gian\/pandemia-acabando\/","name":"A pandemia de covid-19 est\u00e1 realmente acabando?","isPartOf":{"@id":"https:\/\/www.suno.com.br\/noticias\/#website"},"primaryImageOfPage":{"@id":"https:\/\/www.suno.com.br\/noticias\/colunas\/gian\/pandemia-acabando\/#primaryimage"},"image":{"@id":"https:\/\/www.suno.com.br\/noticias\/colunas\/gian\/pandemia-acabando\/#primaryimage"},"thumbnailUrl":"https:\/\/storage.googleapis.com\/wp-noticias\/2021\/08\/56f902f4-unnamed.jpg","datePublished":"2021-08-26T15:49:07+00:00","dateModified":"2021-09-09T13:45:01+00:00","description":"Quando a pandemia da Covid-19 deixar\u00e1 de representar um risco sist\u00eamico para a humanidade? Leia nesta coluna do Suno Not\u00edcias.","breadcrumb":{"@id":"https:\/\/www.suno.com.br\/noticias\/colunas\/gian\/pandemia-acabando\/#breadcrumb"},"inLanguage":"pt-BR","potentialAction":[{"@type":"ReadAction","target":["https:\/\/www.suno.com.br\/noticias\/colunas\/gian\/pandemia-acabando\/"]}]},{"@type":"ImageObject","inLanguage":"pt-BR","@id":"https:\/\/www.suno.com.br\/noticias\/colunas\/gian\/pandemia-acabando\/#primaryimage","url":"https:\/\/storage.googleapis.com\/wp-noticias\/2021\/08\/56f902f4-unnamed.jpg","contentUrl":"https:\/\/storage.googleapis.com\/wp-noticias\/2021\/08\/56f902f4-unnamed.jpg"},{"@type":"BreadcrumbList","@id":"https:\/\/www.suno.com.br\/noticias\/colunas\/gian\/pandemia-acabando\/#breadcrumb","itemListElement":[{"@type":"ListItem","position":1,"name":"Not\u00edcias","item":"https:\/\/www.suno.com.br\/noticias\/"},{"@type":"ListItem","position":2,"name":"Colunas","item":"https:\/\/www.suno.com.br\/noticias\/colunas\/"},{"@type":"ListItem","position":3,"name":"A pandemia de covid-19 est\u00e1 realmente acabando?"}]},{"@type":"WebSite","@id":"https:\/\/www.suno.com.br\/noticias\/#website","url":"https:\/\/www.suno.com.br\/noticias\/","name":"Suno Not\u00edcias","description":"Seu portal de informa\u00e7\u00e3o sobre o mundo dos investimentos","publisher":{"@id":"https:\/\/www.suno.com.br\/noticias\/#organization"},"potentialAction":[{"@type":"SearchAction","target":{"@type":"EntryPoint","urlTemplate":"https:\/\/www.suno.com.br\/noticias\/?s={search_term_string}"},"query-input":{"@type":"PropertyValueSpecification","valueRequired":true,"valueName":"search_term_string"}}],"inLanguage":"pt-BR"},{"@type":"Organization","@id":"https:\/\/www.suno.com.br\/noticias\/#organization","name":"Suno Not\u00edcias","url":"https:\/\/www.suno.com.br\/noticias\/","logo":{"@type":"ImageObject","inLanguage":"pt-BR","@id":"https:\/\/www.suno.com.br\/noticias\/#\/schema\/logo\/image\/","url":"https:\/\/files.sunoresearch.com.br\/n\/uploads\/2021\/09\/suno-logo.png","contentUrl":"https:\/\/files.sunoresearch.com.br\/n\/uploads\/2021\/09\/suno-logo.png","width":180,"height":180,"caption":"Suno Not\u00edcias"},"image":{"@id":"https:\/\/www.suno.com.br\/noticias\/#\/schema\/logo\/image\/"},"sameAs":["https:\/\/facebook.com\/sunoresearch","https:\/\/x.com\/sunoresearch","https:\/\/www.instagram.com\/suno","https:\/\/www.linkedin.com\/company\/suno-research\/","https:\/\/www.youtube.com\/c\/sunoresearch"]},{"@type":"Person","@id":"https:\/\/www.suno.com.br\/noticias\/#\/schema\/person\/8c2753ace9edbc3c59cfa8a971ac5914","name":"Gian Kojikovski","image":{"@type":"ImageObject","inLanguage":"pt-BR","@id":"https:\/\/www.suno.com.br\/noticias\/#\/schema\/person\/image\/","url":"https:\/\/secure.gravatar.com\/avatar\/9b6de4deaf8443278f037ed55611af64?s=96&r=g","contentUrl":"https:\/\/secure.gravatar.com\/avatar\/9b6de4deaf8443278f037ed55611af64?s=96&r=g","caption":"Gian Kojikovski"},"description":"Gian Kojikovski \u00e9 diretor e s\u00f3cio da Suno e escreve sobre neg\u00f3cios, marketing, pol\u00edtica e finan\u00e7as. Tem passagem pelas reda\u00e7\u00f5es de Veja e Exame e \u00e9 vencedor do Pr\u00eamio CNI de Jornalismo de 2016 na categoria especial de Inova\u00e7\u00e3o e finalista do Citi Journalistic Excellence Award de 2018.","sameAs":["https:\/\/www.suno.com.br","https:\/\/x.com\/https:\/\/twitter.com\/giankojikovski"],"url":"https:\/\/www.suno.com.br\/noticias\/author\/gian\/"}]}},"amp_enabled":true,"_links":{"self":[{"href":"https:\/\/www.suno.com.br\/noticias\/wp-json\/wp\/v2\/suno_column\/178672"}],"collection":[{"href":"https:\/\/www.suno.com.br\/noticias\/wp-json\/wp\/v2\/suno_column"}],"about":[{"href":"https:\/\/www.suno.com.br\/noticias\/wp-json\/wp\/v2\/types\/suno_column"}],"author":[{"embeddable":true,"href":"https:\/\/www.suno.com.br\/noticias\/wp-json\/wp\/v2\/users\/4"}],"wp:attachment":[{"href":"https:\/\/www.suno.com.br\/noticias\/wp-json\/wp\/v2\/media?parent=178672"}],"wp:term":[{"taxonomy":"post_tag","embeddable":true,"href":"https:\/\/www.suno.com.br\/noticias\/wp-json\/wp\/v2\/tags?post=178672"}],"curies":[{"name":"wp","href":"https:\/\/api.w.org\/{rel}","templated":true}]}}