{"id":177297,"date":"2021-08-23T10:20:30","date_gmt":"2021-08-23T13:20:30","guid":{"rendered":"https:\/\/www.suno.com.br\/noticias\/colunas\/felipe-areia\/"},"modified":"2021-08-30T16:11:27","modified_gmt":"2021-08-30T19:11:27","slug":"semana-tensao-politica-jackson-hole-ipca","status":"publish","type":"suno_column","link":"https:\/\/www.suno.com.br\/noticias\/colunas\/julio-hegedus-netto\/semana-tensao-politica-jackson-hole-ipca\/","title":{"rendered":"Mais uma semana de tens\u00e3o pol\u00edtica"},"content":{"rendered":"<p>Ingressamos na \u00faltima semana de agosto e a impress\u00e3o \u00e9 que nada deve mudar em rela\u00e7\u00e3o \u00e0 anterior.<\/p>\n<p>Continuaremos monitorando de perto as \u201cescaramu\u00e7as\u201d do <strong>presidente Jair Bolsonaro<\/strong>, visando \u201cesticar a corda\u201d at\u00e9 o m\u00e1ximo, talvez pensando numa <strong>interven\u00e7\u00e3o militar<\/strong>, algo, ao nosso ver, improv\u00e1vel. Membros das <strong>For\u00e7as Armadas<\/strong> j\u00e1 deixaram isso claro: n\u00e3o parecem dispostos a ingressar numa \u201caventura pol\u00edtica\u201d. Sexta-feira, Bolsonaro enviou o <strong>pedido de impeachment<\/strong> apenas de <strong>Alexandre de Moraes<\/strong>, deixando de fora <strong>Luiz Roberto Barroso<\/strong>. Rodrigo Pacheco, presidente do Senado, no entanto, j\u00e1 deixou bem claro que n\u00e3o dever\u00e1 levar adiante este pedido.<\/p>\n\t<p>\n\t\t<a href=\"https:\/\/lp.suno.com.br\/planilha-controle-gastos\/\" target=\"_blank\" data-element=\"shortcode-suno-banner\" title=\"Banner SUNO, clique e saiba mais\">\n\t\t\t<picture>\n\t\t\t\t<source media=\"(max-width: 500px)\" srcset=\"https:\/\/files.sunoresearch.com.br\/n\/uploads\/2023\/03\/400x300-Planilha-controle-de-gastos.png\">\n\t\t\t\t<img class=\"newsContent__article__imgCapa newsContent__article__imgCapa--banner\"\n\t\t\t\t\tsrc=\"https:\/\/files.sunoresearch.com.br\/n\/uploads\/2023\/03\/1420x240-Planilha-controle-de-gastos.png\"\n\t\t\t\t\tdata-promo-id=\"101751\"\t\t\t\t\t\t\t\t\t\twidth='1420' height='240'\t\t\t\t\talt=\"https:\/\/files.sunoresearch.com.br\/n\/uploads\/2023\/03\/1420x240-Planilha-controle-de-gastos.png\"\n\t\t\t\t>\n\t\t\t<\/picture>\n\t\t<\/a>\n\t<\/p>\n\n\n<p>Na agenda desta semana continuamos encalacrados em tr\u00eas temas (j\u00e1 atrasados): a <a class=\"suno-keyword\" href=\"https:\/\/www.suno.com.br\/artigos\/reforma-tributaria\/\" target=\"_blank\" rel=\"noopener\" data-force=\"no\" data-priority=\"2\"><strong>Reforma Tribut\u00e1ria<\/strong><\/a>, \u201cmeio de lado\u201d neste momento, abrindo espa\u00e7o para a <strong>Reforma Administrativa<\/strong>, devendo ingressar em debate em Comiss\u00e3o nesta semana; a <strong>PEC do Precat\u00f3rio<\/strong>, com o parcelamento visto como \u00fanica alternativa para n\u00e3o inviabilizar o setor p\u00fablico neste ano, e novos debates sobre o <strong>Or\u00e7amento 2022<\/strong>, de novidade, o veto do presidente ao <strong>fundo eleitoral<\/strong> de R$ 5,8 bilh\u00f5es. Isso, no entanto, me parece mais encena\u00e7\u00e3o, j\u00e1 que este fundo deve recuar a R$ 4 bilh\u00f5es, bem mais do que os R$ 2 bilh\u00f5es anteriores.<\/p>\n<p>Sobre esta LDO 2022, a <strong>meta de <a class=\"suno-keyword\" href=\"https:\/\/www.suno.com.br\/artigos\/deficit-primario\/\" target=\"_blank\" rel=\"noopener\" data-force=\"no\" data-priority=\"1\">d\u00e9ficit prim\u00e1rio<\/a> <\/strong>\u00e9 de R$ 170,47 bilh\u00f5es para o or\u00e7amento fiscal e a previd\u00eancia, e de R$ 4,42 bilh\u00f5es para as estatais. As premissas para estes dados s\u00e3o o PIB crescendo 2,5%, o IPCA a 3,5%, a Selic a 4,74% e o d\u00f3lar a R$ 5,15. Esta pe\u00e7a fiscal, por muitos, considerada uma \u201cpe\u00e7a de fic\u00e7\u00e3o\u201d define as metas fiscais para cada ano. Importante que o governo esteja contando muito com um ganho fiscal consider\u00e1vel para poder pensar em atravessar este ano e o pr\u00f3ximo. Isso, ali\u00e1s, ser\u00e1 essencial para sustentar o <strong>Aux\u00edlio Brasil<\/strong>, em gesta\u00e7\u00e3o, a substituir o Bolsa Fam\u00edlia.<\/p>\n<p><strong>No Afeganist\u00e3o<\/strong><\/p>\n<p>Boris Johnson, primeiro-ministro ingl\u00eas, convocou uma reuni\u00e3o com os <strong>l\u00edderes do G-7<\/strong>, a acontecer na ter\u00e7a-feira, dia 24, pouco mais de uma semana depois da invas\u00e3o de Cabul pelos Talib\u00e3s. Objetivo \u00e9 tentar sair do atoleiro humanit\u00e1rio que se transformou este debate, com milh\u00f5es de afeg\u00e3s fugindo do pa\u00eds.<\/p>\n<p><strong>Pandemia<\/strong><\/p>\n<p>Sobre a pandemia, no Brasil continuamos vacinando, mas ainda falta. J\u00e1 s\u00e3o 122,12 milh\u00f5es com a primeira dose (57,6% do total) e 54,8 milh\u00f5es com a segunda mais \u00fanica (25,9%). O debate do momento versa sobre o grau de estragos que a <strong>variante Delta<\/strong> ainda pode gerar. Uma terceira dose, para refor\u00e7o mais aos idosos, j\u00e1 \u00e9 largamente debatida. O problema \u00e9 que ainda h\u00e1 muitos que ainda nem receberam a primeira dose! No Reino Unido, pessoas j\u00e1 vacinadas, est\u00e3o padecendo quando contaminadas pelo Delta. Sinal de preocupa\u00e7\u00e3o.<\/p>\n<p><strong>Em Jackson Hole<\/strong><\/p>\n<p>Tem in\u00edcio nesta semana o <strong>simp\u00f3sio de Jackson Hole<\/strong>, reunindo v\u00e1rios presidentes e diretores de bancos centrais. O t\u00e3o aguardado discurso de <strong><a class=\"suno-keyword\" href=\"https:\/\/www.suno.com.br\/tudo-sobre\/jerome-powell\/\" target=\"_blank\" rel=\"noopener\" data-force=\"no\" data-priority=\"2\">Jerome Powell<\/a><\/strong>, presidente do Fed, ser\u00e1 na sexta-feira as 11h00, com o tema \u201cperspectivas Econ\u00f4micas\u201d. Continuamos a achar que a redu\u00e7\u00e3o nas compras l\u00edquidas de t\u00edtulos pelo Fed, <strong>tapering<\/strong>, acontece no segundo semestre, n\u00e3o sabendo quando. Isso pode ocorrer ou na reuni\u00e3o do FOMC de setembro, ou na de novembro.<\/p>\n<p>No Brasil, o real segue afetado por esta central de boatos do Fed, j\u00e1 que o <strong>in\u00edcio do aperto monet\u00e1rio<\/strong> por l\u00e1 deve gerar um refluxo de recursos para o Brasil, buscando a \u201carbitragem do juro\u201d. Isso tamb\u00e9m porque a nossa moeda segue vol\u00e1til, tamb\u00e9m de olho na instabilidade dom\u00e9stica, com o risco fiscal na mesa, al\u00e9m do pol\u00edtico e do institucional. Por outro lado, a atividade econ\u00f4mica segue retomando, beneficiando a arrecada\u00e7\u00e3o e tamb\u00e9m algum impacto fiscal mitigado.<\/p>\n<p>No gr\u00e1fico, observamos como os pa\u00edses responderam \u00e0 pandemia. No caso do Brasil, h\u00e1 de observar a forte volatilidade no c\u00e2mbio e juro.<\/p>\n<figure id=\"attachment_177302\" aria-describedby=\"caption-attachment-177302\" style=\"width: 314px\" class=\"wp-caption alignnone\"><img loading=\"lazy\" decoding=\"async\" class=\"size-full wp-image-177302\" src=\"https:\/\/storage.googleapis.com\/wp-noticias\/2021\/08\/99f6fb55-imagem1.png\" alt=\"Forte volatilidade no c\u00e2mbio e juro\" width=\"314\" height=\"287\" srcset=\"https:\/\/files.sunoresearch.com.br\/n\/uploads\/2021\/08\/99f6fb55-imagem1.png 314w, https:\/\/files.sunoresearch.com.br\/n\/uploads\/2021\/08\/99f6fb55-imagem1-300x274.png 300w, https:\/\/files.sunoresearch.com.br\/n\/uploads\/2021\/08\/99f6fb55-imagem1-150x137.png 150w\" sizes=\"(max-width: 314px) 100vw, 314px\" \/><figcaption id=\"caption-attachment-177302\" class=\"wp-caption-text\">Forte volatilidade no c\u00e2mbio e juro<\/figcaption><\/figure>\n\t<p>\n\t\t<a href=\"https:\/\/lp.suno.com.br\/planilha-da-vida-financeira\/\" target=\"_blank\" data-element=\"shortcode-suno-banner\" title=\"Banner SUNO, clique e saiba mais\">\n\t\t\t<picture>\n\t\t\t\t<source media=\"(max-width: 500px)\" srcset=\"https:\/\/files.sunoresearch.com.br\/n\/uploads\/2023\/04\/400x300-Planilha-vida-financeira-true.png\">\n\t\t\t\t<img class=\"newsContent__article__imgCapa newsContent__article__imgCapa--banner\"\n\t\t\t\t\tsrc=\"https:\/\/files.sunoresearch.com.br\/n\/uploads\/2023\/04\/1420x240-Planilha-vida-financeira-true.png\"\n\t\t\t\t\tdata-promo-id=\"106682\"\t\t\t\t\t\t\t\t\t\twidth='1420' height='240'\t\t\t\t\talt=\"https:\/\/files.sunoresearch.com.br\/n\/uploads\/2023\/04\/1420x240-Planilha-vida-financeira-true.png\"\n\t\t\t\t>\n\t\t\t<\/picture>\n\t\t<\/a>\n\t<\/p>\n\n\n<p><strong>Mercados<\/strong><\/p>\n<p>Mercados globais indicando alta nesta segunda-feira. Na \u00c1sia, todos fecharam no azul.<\/p>\n<p>No Brasil, no dia 20 o <strong>Ibovespa<\/strong> operou avan\u00e7ando 0,76%, a 118.053 pontos. Mesmo assim, na semana acumula perdas de 2,5%. No mercado cambial, o <strong>d\u00f3lar<\/strong> fechou em queda contra o real, recuando 0,49%, a R$ 5,396.Nesta segunda-feira, dia 23, as bolsas internacionais operavam em alta nesta segunda-feira (dia 23), refletindo um otimismo maior com a retomada da economia, embora a Delta siga no radar.<\/p>\n<p>Nesta madrugada, na \u00c1sia (5h05), os mercados fecharam em alta. <strong>Nikkei<\/strong> avan\u00e7ou 1,78%, a 227.494 pontos; <strong>Kospi<\/strong>, na Cor\u00e9ia do Sul, +0,97%, a 3.090 pontos; <strong>Shanghai<\/strong>, +1,45%, a 3.477 pontos, e <a class=\"suno-keyword\" href=\"https:\/\/www.suno.com.br\/artigos\/hang-seng\/\" target=\"_blank\" rel=\"noopener\" data-force=\"no\" data-priority=\"1\"><strong>Hang Seng<\/strong><\/a>, 1,07%, a 25,115 pontos.<\/p>\n<p>Na Europa (04h05) em todos os mercados os movimentos eram de alta. <strong>Dax<\/strong> avan\u00e7ando 0,65%, a 15.911 pontos; <strong><a class=\"suno-keyword\" href=\"https:\/\/www.suno.com.br\/artigos\/ftse-100\/\" target=\"_blank\" rel=\"noopener\" data-force=\"no\" data-priority=\"1\">FTSE 100<\/a><\/strong>, avan\u00e7ando 0,67%, a 7.135 pontos; <strong><a class=\"suno-keyword\" href=\"https:\/\/www.suno.com.br\/artigos\/cac-40\/\" target=\"_blank\" rel=\"noopener\" data-force=\"no\" data-priority=\"1\">CAC 40<\/a>,<\/strong> +0,95%, a 6.688 pontos; e <strong>EuroStoxx<\/strong> +0,75%, a 4.178 pontos.<\/p>\n<p>Nos EUA, as bolsas de NY operavam em suave alta no futuro dia 23. O <strong>Dow Jones<\/strong> avan\u00e7ando 0,22%, a 35.135 pontos, o <strong>S&amp;P 500<\/strong>, +0,20%, a 4.446 pontos, e o <strong>Nasdaq<\/strong>, 0,26%, a 15.131 pontos. No <strong>mercado de treasuries<\/strong>, os US 2Y avan\u00e7avam 3,71%, a 0,2323, os US 10Y +0,93%, a 1,272 e os US 30Y, +0,53%, a 1,883. No <strong>DXY<\/strong>, o d\u00f3lar recuava 0,23%, a 93,278.<\/p>\n<p>Na agenda da semana muitos indicadores. Destaque no Brasil para as<strong> contas externas, dados de cr\u00e9dito e de emprego do Caged<\/strong>. Teremos tamb\u00e9m a pr\u00e9via da <a class=\"suno-keyword\" href=\"https:\/\/www.suno.com.br\/artigos\/inflacao\/\" target=\"_blank\" rel=\"noopener\" data-force=\"no\" data-priority=\"2\">infla\u00e7\u00e3o oficial<\/a>, o <strong>IPCA-15<\/strong> de agosto e a <strong>bandeira tarif\u00e1ria de energia<\/strong> de setembro. Estejamos atentos, no entanto, aos debates em torno da PEC do Precat\u00f3rio, a reforma do IR e o Or\u00e7amento. No exterior, destaque absoluto para o simp\u00f3sio de Jackson Hole, quando saberemos o timing para o in\u00edcio do tapering. Ser\u00e1 uma semana cheia tamb\u00e9m de indicadores dos gerentes de compra, com os PMIs de v\u00e1rios pa\u00edses e nos EUA, o PIB do segundo trimestre, as encomendas de bens dur\u00e1veis e a infla\u00e7\u00e3o oficial pelo PCE.<\/p>\n\t<p>\n\t\t<a href=\"https:\/\/lp.suno.com.br\/ebook-como-analisar-uma-acao\/\" target=\"_blank\" data-element=\"shortcode-suno-banner\" title=\"Banner SUNO, clique e saiba mais\">\n\t\t\t<picture>\n\t\t\t\t<source media=\"(max-width: 500px)\" srcset=\"https:\/\/files.sunoresearch.com.br\/n\/uploads\/2023\/03\/Ebook-Acoes-Mobile-1.jpg\">\n\t\t\t\t<img class=\"newsContent__article__imgCapa newsContent__article__imgCapa--banner\"\n\t\t\t\t\tsrc=\"https:\/\/files.sunoresearch.com.br\/n\/uploads\/2023\/03\/Ebook-Acoes-Desktop-1.jpg\"\n\t\t\t\t\tdata-promo-id=\"171998\"\t\t\t\t\t\t\t\t\t\twidth='1420' height='286'\t\t\t\t\talt=\"https:\/\/files.sunoresearch.com.br\/n\/uploads\/2023\/03\/Ebook-Acoes-Desktop-1.jpg\"\n\t\t\t\t>\n\t\t\t<\/picture>\n\t\t<\/a>\n\t<\/p>\n\n\n<table>\n<tbody>\n<tr>\n<td colspan=\"2\" width=\"142\"><strong>Agenda Semanal<\/strong><\/td>\n<td width=\"454\"><strong>\u00a0<\/strong><\/td>\n<\/tr>\n<tr>\n<td width=\"123\"><strong>2\u00aa feira (23)<\/strong><\/td>\n<td colspan=\"2\" width=\"472\">PMI Composto Ind. e Servi\u00e7os (Jap\u00e3o); PMI Composto Ind. e Servi\u00e7os (Alemanha); PMI Composto Ind. e Servi\u00e7os (Uni\u00e3o Europeia); PMI Composto Ind. e Servi\u00e7os (Reino Unido); Pesquisa Focus (Brasil); PMI Composto Ind. e Servi\u00e7os (EUA); Vendas de Casas Usadas (EUA).<\/td>\n<\/tr>\n<tr>\n<td width=\"123\"><strong>3\u00aa feira (24)<\/strong><\/td>\n<td colspan=\"2\" width=\"472\">PIB (2\u00ba Trimestre) (Alemanha); Vendas de Casas Novas (EUA); Leil\u00e3o TN: NTN-B (Brasil); Estoques de Petr\u00f3leo Bruto API.<\/td>\n<\/tr>\n<tr>\n<td width=\"123\"><strong>4\u00aa feira (25)<\/strong><\/td>\n<td colspan=\"2\" width=\"472\">\u00cdndice Ifo de Clima de Neg\u00f3cios (Alemanha); Investimento Estrangeiro Direto e Transa\u00e7\u00f5es Correntes (Julho, Brasil); Confian\u00e7a do Consumidor FGV (Brasil); IPCA-15 (Brasil); N\u00facleo de Pedidos de Bens Dur\u00e1veis E Pedidos de Bens Dur\u00e1veis (EUA); Estoques de Petr\u00f3leo em Cushing; Leil\u00e3o Americano Note a 2 anos, Leil\u00e3o Americano Note a 5 anos (EUA); Fluxo Cambial Estrangeiro (Brasil);<\/td>\n<\/tr>\n<tr>\n<td width=\"123\"><strong>5\u00aa feira (26)<\/strong><\/td>\n<td colspan=\"2\" width=\"472\">BCE publica ata da Reuni\u00e3o de Pol\u00edtica Monet\u00e1ria (Euro); PIB (2\u00ba Trimestre) (EUA); Pedidos Iniciais por Seguro-Desemprego (EUA); Leil\u00e3o TN: LFT, NTN-F, LTN (Brasil); Leil\u00e3o Americano Note a 7 anos (EUA); Contagem Sondas Baker Hughes;<\/p>\n<p>pres. Joe Biden, recebe na Casa Branca o 1\u00ba min. de Israel, Naftali Bennett (EUA)<\/td>\n<\/tr>\n<tr>\n<td width=\"123\"><strong>6\u00aa feira (27)<\/strong><\/td>\n<td colspan=\"2\" width=\"472\">IPP (Brasil); N\u00facleo do \u00cdndice de Pre\u00e7os PCE (EUA); \u00cdndice de Pre\u00e7os PCE* (EUA); Balan\u00e7a Comercial de Bens (Brasil); \u00cdndice de Evolu\u00e7\u00e3o de Emprego CAGED (Brasil); Confian\u00e7a do Consumidor Michigan (EUA); Discurso Jerome Powell em Jackson Hole (EUA);<\/td>\n<\/tr>\n<\/tbody>\n<\/table>\n<p>&nbsp;<\/p>\n<p>&#8212;<\/p>\n<p><em>Os textos e opini\u00f5es publicados na \u00e1rea de colunistas s\u00e3o de responsabilidade do autor e n\u00e3o representam, necessariamente, a vis\u00e3o do <\/em>Suno Not\u00edcias <em>ou do <\/em>Grupo Suno<\/p>\n\t<p>\n\t\t<a href=\"https:\/\/lp.suno.com.br\/planilha-de-controle-de-investimentos\/\" target=\"_blank\" data-element=\"shortcode-suno-banner\" title=\"Banner SUNO, clique e saiba mais\">\n\t\t\t<picture>\n\t\t\t\t<source media=\"(max-width: 500px)\" srcset=\"https:\/\/files.sunoresearch.com.br\/n\/uploads\/2023\/03\/400x300-Controle-de-Investimentos.png\">\n\t\t\t\t<img class=\"newsContent__article__imgCapa newsContent__article__imgCapa--banner\"\n\t\t\t\t\tsrc=\"https:\/\/files.sunoresearch.com.br\/n\/uploads\/2023\/03\/1420x240-Controle-de-Investimentos.png\"\n\t\t\t\t\tdata-promo-id=\"75934\"\t\t\t\t\t\t\t\t\t\twidth='1420' height='240'\t\t\t\t\talt=\"https:\/\/files.sunoresearch.com.br\/n\/uploads\/2023\/03\/1420x240-Controle-de-Investimentos.png\"\n\t\t\t\t>\n\t\t\t<\/picture>\n\t\t<\/a>\n\t<\/p>\n\n\n","protected":false},"excerpt":{"rendered":"<p>Ingressamos na \u00faltima semana de agosto e a impress\u00e3o \u00e9 que nada deve mudar em rela\u00e7\u00e3o \u00e0 anterior. Continuaremos monitorando de perto as \u201cescaramu\u00e7as\u201d do presidente Jai&#8230;<\/p>\n","protected":false},"author":82,"featured_media":0,"template":"","tags":[1361,1899,1410,1286],"class_list":["post-177297","suno_column","type-suno_column","status-publish","hentry","tag-ipca-15","tag-jerome-powell","tag-reforma-administrativa","tag-reforma-tributaria"],"yoast_head":"<!-- This site is optimized with the Yoast SEO plugin v24.4 - https:\/\/yoast.com\/wordpress\/plugins\/seo\/ -->\n<title>Mais uma semana de tens\u00e3o pol\u00edtica - Coluna de Julio Hegedus Netto<\/title>\n<meta name=\"description\" content=\"Leia a coluna de Julio Hegedus Netto sobre os principais eventos da semana, incluindo a fala de Jerome Powell, IPCA-15 e reformas em Bras\u00edlia\" \/>\n<meta name=\"robots\" content=\"index, follow, max-snippet:-1, max-image-preview:large, max-video-preview:-1\" \/>\n<link rel=\"canonical\" href=\"https:\/\/www.suno.com.br\/noticias\/colunas\/julio-hegedus-netto\/semana-tensao-politica-jackson-hole-ipca\/\" \/>\n<meta property=\"og:locale\" content=\"pt_BR\" \/>\n<meta property=\"og:type\" content=\"article\" \/>\n<meta property=\"og:title\" content=\"Mais uma semana de tens\u00e3o pol\u00edtica - Coluna de Julio Hegedus Netto\" \/>\n<meta property=\"og:description\" content=\"Leia a coluna de Julio Hegedus Netto sobre os principais eventos da semana, incluindo a fala de Jerome Powell, IPCA-15 e reformas em Bras\u00edlia\" \/>\n<meta property=\"og:url\" content=\"https:\/\/www.suno.com.br\/noticias\/colunas\/julio-hegedus-netto\/semana-tensao-politica-jackson-hole-ipca\/\" \/>\n<meta property=\"og:site_name\" content=\"Suno Not\u00edcias\" \/>\n<meta property=\"article:publisher\" content=\"https:\/\/facebook.com\/sunoresearch\" \/>\n<meta property=\"og:image\" content=\"https:\/\/storage.googleapis.com\/wp-noticias\/2021\/08\/99f6fb55-imagem1.png\" \/>\n<meta name=\"twitter:card\" content=\"summary_large_image\" \/>\n<meta name=\"twitter:site\" content=\"@sunoresearch\" \/>\n<meta name=\"twitter:label1\" content=\"Est. tempo de leitura\" \/>\n\t<meta name=\"twitter:data1\" content=\"6 minutos\" \/>\n<script type=\"application\/ld+json\" class=\"yoast-schema-graph\">{\"@context\":\"https:\/\/schema.org\",\"@graph\":[{\"@type\":\"Article\",\"@id\":\"https:\/\/www.suno.com.br\/noticias\/colunas\/julio-hegedus-netto\/semana-tensao-politica-jackson-hole-ipca\/#article\",\"isPartOf\":{\"@id\":\"https:\/\/www.suno.com.br\/noticias\/colunas\/julio-hegedus-netto\/semana-tensao-politica-jackson-hole-ipca\/\"},\"author\":{\"name\":\"Julio Hegedus Netto\",\"@id\":\"https:\/\/www.suno.com.br\/noticias\/#\/schema\/person\/c5d31719f2f2f38c8d575fc08e55df1a\"},\"headline\":\"Mais uma semana de tens\u00e3o pol\u00edtica\",\"datePublished\":\"2021-08-23T13:20:30+00:00\",\"dateModified\":\"2021-08-30T19:11:27+00:00\",\"mainEntityOfPage\":{\"@id\":\"https:\/\/www.suno.com.br\/noticias\/colunas\/julio-hegedus-netto\/semana-tensao-politica-jackson-hole-ipca\/\"},\"wordCount\":1295,\"publisher\":{\"@id\":\"https:\/\/www.suno.com.br\/noticias\/#organization\"},\"image\":{\"@id\":\"https:\/\/www.suno.com.br\/noticias\/colunas\/julio-hegedus-netto\/semana-tensao-politica-jackson-hole-ipca\/#primaryimage\"},\"thumbnailUrl\":\"https:\/\/storage.googleapis.com\/wp-noticias\/2021\/08\/99f6fb55-imagem1.png\",\"keywords\":[\"IPCA-15\",\"Jerome Powell\",\"reforma administrativa\",\"reforma tribut\u00e1ria\"],\"inLanguage\":\"pt-BR\"},{\"@type\":\"WebPage\",\"@id\":\"https:\/\/www.suno.com.br\/noticias\/colunas\/julio-hegedus-netto\/semana-tensao-politica-jackson-hole-ipca\/\",\"url\":\"https:\/\/www.suno.com.br\/noticias\/colunas\/julio-hegedus-netto\/semana-tensao-politica-jackson-hole-ipca\/\",\"name\":\"Mais uma semana de tens\u00e3o pol\u00edtica - Coluna de Julio Hegedus Netto\",\"isPartOf\":{\"@id\":\"https:\/\/www.suno.com.br\/noticias\/#website\"},\"primaryImageOfPage\":{\"@id\":\"https:\/\/www.suno.com.br\/noticias\/colunas\/julio-hegedus-netto\/semana-tensao-politica-jackson-hole-ipca\/#primaryimage\"},\"image\":{\"@id\":\"https:\/\/www.suno.com.br\/noticias\/colunas\/julio-hegedus-netto\/semana-tensao-politica-jackson-hole-ipca\/#primaryimage\"},\"thumbnailUrl\":\"https:\/\/storage.googleapis.com\/wp-noticias\/2021\/08\/99f6fb55-imagem1.png\",\"datePublished\":\"2021-08-23T13:20:30+00:00\",\"dateModified\":\"2021-08-30T19:11:27+00:00\",\"description\":\"Leia a coluna de Julio Hegedus Netto sobre os principais eventos da semana, incluindo a fala de Jerome Powell, IPCA-15 e reformas em Bras\u00edlia\",\"breadcrumb\":{\"@id\":\"https:\/\/www.suno.com.br\/noticias\/colunas\/julio-hegedus-netto\/semana-tensao-politica-jackson-hole-ipca\/#breadcrumb\"},\"inLanguage\":\"pt-BR\",\"potentialAction\":[{\"@type\":\"ReadAction\",\"target\":[\"https:\/\/www.suno.com.br\/noticias\/colunas\/julio-hegedus-netto\/semana-tensao-politica-jackson-hole-ipca\/\"]}]},{\"@type\":\"ImageObject\",\"inLanguage\":\"pt-BR\",\"@id\":\"https:\/\/www.suno.com.br\/noticias\/colunas\/julio-hegedus-netto\/semana-tensao-politica-jackson-hole-ipca\/#primaryimage\",\"url\":\"https:\/\/storage.googleapis.com\/wp-noticias\/2021\/08\/99f6fb55-imagem1.png\",\"contentUrl\":\"https:\/\/storage.googleapis.com\/wp-noticias\/2021\/08\/99f6fb55-imagem1.png\"},{\"@type\":\"BreadcrumbList\",\"@id\":\"https:\/\/www.suno.com.br\/noticias\/colunas\/julio-hegedus-netto\/semana-tensao-politica-jackson-hole-ipca\/#breadcrumb\",\"itemListElement\":[{\"@type\":\"ListItem\",\"position\":1,\"name\":\"Not\u00edcias\",\"item\":\"https:\/\/www.suno.com.br\/noticias\/\"},{\"@type\":\"ListItem\",\"position\":2,\"name\":\"Colunas\",\"item\":\"https:\/\/www.suno.com.br\/noticias\/colunas\/\"},{\"@type\":\"ListItem\",\"position\":3,\"name\":\"Mais uma semana de tens\u00e3o pol\u00edtica\"}]},{\"@type\":\"WebSite\",\"@id\":\"https:\/\/www.suno.com.br\/noticias\/#website\",\"url\":\"https:\/\/www.suno.com.br\/noticias\/\",\"name\":\"Suno Not\u00edcias\",\"description\":\"Seu portal de informa\u00e7\u00e3o sobre o mundo dos investimentos\",\"publisher\":{\"@id\":\"https:\/\/www.suno.com.br\/noticias\/#organization\"},\"potentialAction\":[{\"@type\":\"SearchAction\",\"target\":{\"@type\":\"EntryPoint\",\"urlTemplate\":\"https:\/\/www.suno.com.br\/noticias\/?s={search_term_string}\"},\"query-input\":{\"@type\":\"PropertyValueSpecification\",\"valueRequired\":true,\"valueName\":\"search_term_string\"}}],\"inLanguage\":\"pt-BR\"},{\"@type\":\"Organization\",\"@id\":\"https:\/\/www.suno.com.br\/noticias\/#organization\",\"name\":\"Suno Not\u00edcias\",\"url\":\"https:\/\/www.suno.com.br\/noticias\/\",\"logo\":{\"@type\":\"ImageObject\",\"inLanguage\":\"pt-BR\",\"@id\":\"https:\/\/www.suno.com.br\/noticias\/#\/schema\/logo\/image\/\",\"url\":\"https:\/\/files.sunoresearch.com.br\/n\/uploads\/2021\/09\/suno-logo.png\",\"contentUrl\":\"https:\/\/files.sunoresearch.com.br\/n\/uploads\/2021\/09\/suno-logo.png\",\"width\":180,\"height\":180,\"caption\":\"Suno Not\u00edcias\"},\"image\":{\"@id\":\"https:\/\/www.suno.com.br\/noticias\/#\/schema\/logo\/image\/\"},\"sameAs\":[\"https:\/\/facebook.com\/sunoresearch\",\"https:\/\/x.com\/sunoresearch\",\"https:\/\/www.instagram.com\/suno\",\"https:\/\/www.linkedin.com\/company\/suno-research\/\",\"https:\/\/www.youtube.com\/c\/sunoresearch\"]},{\"@type\":\"Person\",\"@id\":\"https:\/\/www.suno.com.br\/noticias\/#\/schema\/person\/c5d31719f2f2f38c8d575fc08e55df1a\",\"name\":\"Julio Hegedus Netto\",\"image\":{\"@type\":\"ImageObject\",\"inLanguage\":\"pt-BR\",\"@id\":\"https:\/\/www.suno.com.br\/noticias\/#\/schema\/person\/image\/\",\"url\":\"https:\/\/secure.gravatar.com\/avatar\/870043f332ebddfffd4a9e3a5dd46c13?s=96&r=g\",\"contentUrl\":\"https:\/\/secure.gravatar.com\/avatar\/870043f332ebddfffd4a9e3a5dd46c13?s=96&r=g\",\"caption\":\"Julio Hegedus Netto\"},\"description\":\"Economista-chefe da Lopes Filho por 26 anos, com mestrado na UFF e na UCAM e doutorando em Portugal. Escrevo relat\u00f3rios para a OHM RESEARCH e disponibilizo conte\u00fados no IML, Investing.com, Linkedin e Suno Not\u00edcias.\",\"sameAs\":[\"https:\/\/jhn031299.blogspot.com\/\",\"https:\/\/www.facebook.com\/julio.hegedus.5\",\"https:\/\/www.linkedin.com\/in\/juliohegedusnetto\/\",\"https:\/\/x.com\/JuHegedus\"],\"url\":\"https:\/\/www.suno.com.br\/noticias\/author\/julio-hegedus-netto\/\"}]}<\/script>\n<!-- \/ Yoast SEO plugin. -->","yoast_head_json":{"title":"Mais uma semana de tens\u00e3o pol\u00edtica - Coluna de Julio Hegedus Netto","description":"Leia a coluna de Julio Hegedus Netto sobre os principais eventos da semana, incluindo a fala de Jerome Powell, IPCA-15 e reformas em Bras\u00edlia","robots":{"index":"index","follow":"follow","max-snippet":"max-snippet:-1","max-image-preview":"max-image-preview:large","max-video-preview":"max-video-preview:-1"},"canonical":"https:\/\/www.suno.com.br\/noticias\/colunas\/julio-hegedus-netto\/semana-tensao-politica-jackson-hole-ipca\/","og_locale":"pt_BR","og_type":"article","og_title":"Mais uma semana de tens\u00e3o pol\u00edtica - Coluna de Julio Hegedus Netto","og_description":"Leia a coluna de Julio Hegedus Netto sobre os principais eventos da semana, incluindo a fala de Jerome Powell, IPCA-15 e reformas em Bras\u00edlia","og_url":"https:\/\/www.suno.com.br\/noticias\/colunas\/julio-hegedus-netto\/semana-tensao-politica-jackson-hole-ipca\/","og_site_name":"Suno Not\u00edcias","article_publisher":"https:\/\/facebook.com\/sunoresearch","og_image":[{"url":"https:\/\/storage.googleapis.com\/wp-noticias\/2021\/08\/99f6fb55-imagem1.png","type":"","width":"","height":""}],"twitter_card":"summary_large_image","twitter_site":"@sunoresearch","twitter_misc":{"Est. tempo de leitura":"6 minutos"},"schema":{"@context":"https:\/\/schema.org","@graph":[{"@type":"Article","@id":"https:\/\/www.suno.com.br\/noticias\/colunas\/julio-hegedus-netto\/semana-tensao-politica-jackson-hole-ipca\/#article","isPartOf":{"@id":"https:\/\/www.suno.com.br\/noticias\/colunas\/julio-hegedus-netto\/semana-tensao-politica-jackson-hole-ipca\/"},"author":{"name":"Julio Hegedus Netto","@id":"https:\/\/www.suno.com.br\/noticias\/#\/schema\/person\/c5d31719f2f2f38c8d575fc08e55df1a"},"headline":"Mais uma semana de tens\u00e3o pol\u00edtica","datePublished":"2021-08-23T13:20:30+00:00","dateModified":"2021-08-30T19:11:27+00:00","mainEntityOfPage":{"@id":"https:\/\/www.suno.com.br\/noticias\/colunas\/julio-hegedus-netto\/semana-tensao-politica-jackson-hole-ipca\/"},"wordCount":1295,"publisher":{"@id":"https:\/\/www.suno.com.br\/noticias\/#organization"},"image":{"@id":"https:\/\/www.suno.com.br\/noticias\/colunas\/julio-hegedus-netto\/semana-tensao-politica-jackson-hole-ipca\/#primaryimage"},"thumbnailUrl":"https:\/\/storage.googleapis.com\/wp-noticias\/2021\/08\/99f6fb55-imagem1.png","keywords":["IPCA-15","Jerome Powell","reforma administrativa","reforma tribut\u00e1ria"],"inLanguage":"pt-BR"},{"@type":"WebPage","@id":"https:\/\/www.suno.com.br\/noticias\/colunas\/julio-hegedus-netto\/semana-tensao-politica-jackson-hole-ipca\/","url":"https:\/\/www.suno.com.br\/noticias\/colunas\/julio-hegedus-netto\/semana-tensao-politica-jackson-hole-ipca\/","name":"Mais uma semana de tens\u00e3o pol\u00edtica - Coluna de Julio Hegedus Netto","isPartOf":{"@id":"https:\/\/www.suno.com.br\/noticias\/#website"},"primaryImageOfPage":{"@id":"https:\/\/www.suno.com.br\/noticias\/colunas\/julio-hegedus-netto\/semana-tensao-politica-jackson-hole-ipca\/#primaryimage"},"image":{"@id":"https:\/\/www.suno.com.br\/noticias\/colunas\/julio-hegedus-netto\/semana-tensao-politica-jackson-hole-ipca\/#primaryimage"},"thumbnailUrl":"https:\/\/storage.googleapis.com\/wp-noticias\/2021\/08\/99f6fb55-imagem1.png","datePublished":"2021-08-23T13:20:30+00:00","dateModified":"2021-08-30T19:11:27+00:00","description":"Leia a coluna de Julio Hegedus Netto sobre os principais eventos da semana, incluindo a fala de Jerome Powell, IPCA-15 e reformas em Bras\u00edlia","breadcrumb":{"@id":"https:\/\/www.suno.com.br\/noticias\/colunas\/julio-hegedus-netto\/semana-tensao-politica-jackson-hole-ipca\/#breadcrumb"},"inLanguage":"pt-BR","potentialAction":[{"@type":"ReadAction","target":["https:\/\/www.suno.com.br\/noticias\/colunas\/julio-hegedus-netto\/semana-tensao-politica-jackson-hole-ipca\/"]}]},{"@type":"ImageObject","inLanguage":"pt-BR","@id":"https:\/\/www.suno.com.br\/noticias\/colunas\/julio-hegedus-netto\/semana-tensao-politica-jackson-hole-ipca\/#primaryimage","url":"https:\/\/storage.googleapis.com\/wp-noticias\/2021\/08\/99f6fb55-imagem1.png","contentUrl":"https:\/\/storage.googleapis.com\/wp-noticias\/2021\/08\/99f6fb55-imagem1.png"},{"@type":"BreadcrumbList","@id":"https:\/\/www.suno.com.br\/noticias\/colunas\/julio-hegedus-netto\/semana-tensao-politica-jackson-hole-ipca\/#breadcrumb","itemListElement":[{"@type":"ListItem","position":1,"name":"Not\u00edcias","item":"https:\/\/www.suno.com.br\/noticias\/"},{"@type":"ListItem","position":2,"name":"Colunas","item":"https:\/\/www.suno.com.br\/noticias\/colunas\/"},{"@type":"ListItem","position":3,"name":"Mais uma semana de tens\u00e3o pol\u00edtica"}]},{"@type":"WebSite","@id":"https:\/\/www.suno.com.br\/noticias\/#website","url":"https:\/\/www.suno.com.br\/noticias\/","name":"Suno Not\u00edcias","description":"Seu portal de informa\u00e7\u00e3o sobre o mundo dos investimentos","publisher":{"@id":"https:\/\/www.suno.com.br\/noticias\/#organization"},"potentialAction":[{"@type":"SearchAction","target":{"@type":"EntryPoint","urlTemplate":"https:\/\/www.suno.com.br\/noticias\/?s={search_term_string}"},"query-input":{"@type":"PropertyValueSpecification","valueRequired":true,"valueName":"search_term_string"}}],"inLanguage":"pt-BR"},{"@type":"Organization","@id":"https:\/\/www.suno.com.br\/noticias\/#organization","name":"Suno Not\u00edcias","url":"https:\/\/www.suno.com.br\/noticias\/","logo":{"@type":"ImageObject","inLanguage":"pt-BR","@id":"https:\/\/www.suno.com.br\/noticias\/#\/schema\/logo\/image\/","url":"https:\/\/files.sunoresearch.com.br\/n\/uploads\/2021\/09\/suno-logo.png","contentUrl":"https:\/\/files.sunoresearch.com.br\/n\/uploads\/2021\/09\/suno-logo.png","width":180,"height":180,"caption":"Suno Not\u00edcias"},"image":{"@id":"https:\/\/www.suno.com.br\/noticias\/#\/schema\/logo\/image\/"},"sameAs":["https:\/\/facebook.com\/sunoresearch","https:\/\/x.com\/sunoresearch","https:\/\/www.instagram.com\/suno","https:\/\/www.linkedin.com\/company\/suno-research\/","https:\/\/www.youtube.com\/c\/sunoresearch"]},{"@type":"Person","@id":"https:\/\/www.suno.com.br\/noticias\/#\/schema\/person\/c5d31719f2f2f38c8d575fc08e55df1a","name":"Julio Hegedus Netto","image":{"@type":"ImageObject","inLanguage":"pt-BR","@id":"https:\/\/www.suno.com.br\/noticias\/#\/schema\/person\/image\/","url":"https:\/\/secure.gravatar.com\/avatar\/870043f332ebddfffd4a9e3a5dd46c13?s=96&r=g","contentUrl":"https:\/\/secure.gravatar.com\/avatar\/870043f332ebddfffd4a9e3a5dd46c13?s=96&r=g","caption":"Julio Hegedus Netto"},"description":"Economista-chefe da Lopes Filho por 26 anos, com mestrado na UFF e na UCAM e doutorando em Portugal. Escrevo relat\u00f3rios para a OHM RESEARCH e disponibilizo conte\u00fados no IML, Investing.com, Linkedin e Suno Not\u00edcias.","sameAs":["https:\/\/jhn031299.blogspot.com\/","https:\/\/www.facebook.com\/julio.hegedus.5","https:\/\/www.linkedin.com\/in\/juliohegedusnetto\/","https:\/\/x.com\/JuHegedus"],"url":"https:\/\/www.suno.com.br\/noticias\/author\/julio-hegedus-netto\/"}]}},"amp_enabled":true,"_links":{"self":[{"href":"https:\/\/www.suno.com.br\/noticias\/wp-json\/wp\/v2\/suno_column\/177297"}],"collection":[{"href":"https:\/\/www.suno.com.br\/noticias\/wp-json\/wp\/v2\/suno_column"}],"about":[{"href":"https:\/\/www.suno.com.br\/noticias\/wp-json\/wp\/v2\/types\/suno_column"}],"author":[{"embeddable":true,"href":"https:\/\/www.suno.com.br\/noticias\/wp-json\/wp\/v2\/users\/82"}],"wp:attachment":[{"href":"https:\/\/www.suno.com.br\/noticias\/wp-json\/wp\/v2\/media?parent=177297"}],"wp:term":[{"taxonomy":"post_tag","embeddable":true,"href":"https:\/\/www.suno.com.br\/noticias\/wp-json\/wp\/v2\/tags?post=177297"}],"curies":[{"name":"wp","href":"https:\/\/api.w.org\/{rel}","templated":true}]}}