{"id":176897,"date":"2021-08-20T10:34:00","date_gmt":"2021-08-20T13:34:00","guid":{"rendered":"https:\/\/www.suno.com.br\/noticias\/colunas\/felipe-areia\/"},"modified":"2023-05-18T18:13:28","modified_gmt":"2023-05-18T21:13:28","slug":"bilionario-imoral-moda-filantropia-caridade","status":"publish","type":"suno_column","link":"https:\/\/www.suno.com.br\/noticias\/colunas\/gian\/bilionario-imoral-moda-filantropia-caridade\/","title":{"rendered":"Falar que ser bilion\u00e1rio \u00e9 imoral virou moda. Por que ser\u00e1?"},"content":{"rendered":"<p>Na \u00faltima semana, <strong><a class=\"suno-keyword\" href=\"https:\/\/www.suno.com.br\/tudo-sobre\/david-velez\/\" target=\"_blank\" rel=\"noopener\" data-force=\"no\" data-priority=\"2\">David V\u00e9lez<\/a><\/strong>, co-fundador do <strong>Nubank<\/strong>, anunciou que <a href=\"https:\/\/www.suno.com.br\/noticias\/nubank-david-velez-doar-fortuna\/\">doaria toda sua fortuna como forma de filantropia<\/a> para o The Giving Pledge. O projeto, criado em 2010 por Melinda Gates, <a href=\"https:\/\/www.suno.com.br\/tudo-sobre\/bill-gates\/\">Bill Gates<\/a> e <a href=\"https:\/\/www.suno.com.br\/artigos\/especial-warren-buffett\/\">Warren Buffett<\/a>, tem como objetivo incentivar que <strong>bilion\u00e1rios do mundo doem mais da metade de sua fortuna para caridade<\/strong>. Hoje, mais de 200 indiv\u00edduos e fam\u00edlias com mais de US$ 1 bilh\u00e3o se comprometeram com a causa, apenas uma delas no Brasil, a fam\u00edlia de Elie e Susy Horn. Elie foi fundador e \u00e9 ex-presidente da <a class=\"suno-keyword\" href=\"https:\/\/www.suno.com.br\/acoes\/CYRE3\/\" target=\"_blank\" rel=\"noopener\" data-force=\"yes\" data-priority=\"2\">Cyrela (CYRE3)<\/a>.<\/p>\n\n\n\n\t<p>\n\t\t<a href=\"https:\/\/lp.suno.com.br\/planilha-controle-gastos\/\" target=\"_blank\" data-element=\"shortcode-suno-banner\" title=\"Banner SUNO, clique e saiba mais\">\n\t\t\t<picture>\n\t\t\t\t<source media=\"(max-width: 500px)\" srcset=\"https:\/\/files.sunoresearch.com.br\/n\/uploads\/2023\/03\/400x300-Planilha-controle-de-gastos.png\">\n\t\t\t\t<img class=\"newsContent__article__imgCapa newsContent__article__imgCapa--banner\"\n\t\t\t\t\tsrc=\"https:\/\/files.sunoresearch.com.br\/n\/uploads\/2023\/03\/1420x240-Planilha-controle-de-gastos.png\"\n\t\t\t\t\tdata-promo-id=\"101751\"\t\t\t\t\t\t\t\t\t\twidth='1420' height='240'\t\t\t\t\talt=\"https:\/\/files.sunoresearch.com.br\/n\/uploads\/2023\/03\/1420x240-Planilha-controle-de-gastos.png\"\n\t\t\t\t>\n\t\t\t<\/picture>\n\t\t<\/a>\n\t<\/p>\n\n\n\n\n\n<p>Entre os filantropos est\u00e3o <a href=\"https:\/\/www.suno.com.br\/tudo-sobre\/mark-zuckerberg\/\">Mark Zuckerberg<\/a>, do <strong>Facebook (FBOK34)<\/strong>; os financistas <a href=\"https:\/\/www.suno.com.br\/tudo-sobre\/ray-dalio\/\">Ray Dalio<\/a> e Bill Ackman; Elon Musk, da Tesla e <a href=\"https:\/\/www.suno.com.br\/tudo-sobre\/reed-hastings\/\">Reed Hastings<\/a>, da <strong>Netflix (NFLX34)<\/strong>, al\u00e9m dos pr\u00f3prios fundadores do projeto. Agora, V\u00e9lez e sua mulher, Mariel Reyes, aumentam a fileira dos interessados em deixar parte da fortuna que acumularam ao longo da vida para criar melhores condi\u00e7\u00f5es no mundo. O patrim\u00f4nio de ambos \u00e9 estimado em US$ 5 bilh\u00f5es, vindos principalmente da participa\u00e7\u00e3o acion\u00e1ria no Nubank. De acordo com a carta de ades\u00e3o que assinaram, o foco da filantropia ser\u00e1 nivelar a oportunidade dos jovens da Am\u00e9rica Latina.<\/p>\n\n\n\n<p>A atitude mais do que louv\u00e1vel deveria ser inquestion\u00e1vel. \u00c9 uma doa\u00e7\u00e3o de <a class=\"suno-keyword\" href=\"https:\/\/www.suno.com.br\/artigos\/patrimonio-pessoal\/\" target=\"_blank\" rel=\"noopener\" data-force=\"no\" data-priority=\"1\">patrim\u00f4nio pessoal<\/a> voltada a melhorar o mundo. No entanto, por incr\u00edvel que pare\u00e7a, n\u00e3o faltaram cr\u00edticas sobre o an\u00fancio nas redes sociais. A frase \u201cser bilion\u00e1rio \u00e9 imoral\u201d virou o bord\u00e3o dessa turma contra boas a\u00e7\u00f5es. S\u00e3o pessoas que n\u00e3o entendem como funciona o sistema capitalista que, mesmo com todas as injusti\u00e7as, ainda \u00e9 o melhor que temos para o desenvolvimento humano.<\/p>\n\n\n\n<figure class=\"wp-block-image alignnone size-large is-resized size-full wp-image-176899\"><img loading=\"lazy\" decoding=\"async\" src=\"https:\/\/files.sunoresearch.com.br\/n\/uploads\/2021\/08\/3903516c-foto-gian-1024x723.png\" alt=\"Popula\u00e7\u00e3o vivendo na pobreza extrema\" class=\"wp-image-176899\" width=\"960\" height=\"768\"\/><figcaption class=\"wp-element-caption\">Popula\u00e7\u00e3o vivendo na pobreza extrema<\/figcaption><\/figure>\n\n\n\t<p>\n\t\t<a href=\"https:\/\/lp.suno.com.br\/planilha-da-vida-financeira\/\" target=\"_blank\" data-element=\"shortcode-suno-banner\" title=\"Banner SUNO, clique e saiba mais\">\n\t\t\t<picture>\n\t\t\t\t<source media=\"(max-width: 500px)\" srcset=\"https:\/\/files.sunoresearch.com.br\/n\/uploads\/2023\/04\/400x300-Planilha-vida-financeira-true.png\">\n\t\t\t\t<img class=\"newsContent__article__imgCapa newsContent__article__imgCapa--banner\"\n\t\t\t\t\tsrc=\"https:\/\/files.sunoresearch.com.br\/n\/uploads\/2023\/04\/1420x240-Planilha-vida-financeira-true.png\"\n\t\t\t\t\tdata-promo-id=\"106682\"\t\t\t\t\t\t\t\t\t\twidth='1420' height='240'\t\t\t\t\talt=\"https:\/\/files.sunoresearch.com.br\/n\/uploads\/2023\/04\/1420x240-Planilha-vida-financeira-true.png\"\n\t\t\t\t>\n\t\t\t<\/picture>\n\t\t<\/a>\n\t<\/p>\n\n\n\n\n\n<p>O gr\u00e1fico acima, ajustado pela infla\u00e7\u00e3o, mostra como a <strong>extrema pobreza<\/strong> relativa ao total da popula\u00e7\u00e3o diminuiu no mundo nos \u00faltimos dois s\u00e9culos. Isso acontece por um motivo simples: a <strong>livre iniciativa de empreender<\/strong>. Bilion\u00e1rios, como V\u00e9lez e a maior parte dos outros signat\u00e1rios do <strong>The Giving Pledge<\/strong> s\u00f3 existem porque criam valor para pessoas que podem consumir seus produtos ou servi\u00e7os e, assim, pagar por eles. Com isso, geram milhares &#8211; em alguns casos centenas de milhares &#8211; de empregos. Ou seja, \u00e9 uma contribui\u00e7\u00e3o efetiva para diminui\u00e7\u00e3o da pobreza, ainda que o ac\u00famulo de capital possa aumentar a desigualdade.<\/p>\n\n\n\n<p>Al\u00e9m disso, os n\u00fameros exorbitantes mostrados nos <strong>principais rankings de riqueza<\/strong> acabam por passar uma desinforma\u00e7\u00e3o, pois desconsideram que grande parte desses patrim\u00f4nios bilion\u00e1rios \u00e9 il\u00edquido e perderia muito valor se fosse transformado em dinheiro de uma hora para outra. O pr\u00f3prio David V\u00e9lez fundou uma empresa que at\u00e9 hoje n\u00e3o d\u00e1 lucro e s\u00f3 tem esse <a class=\"suno-keyword\" href=\"https:\/\/www.suno.com.br\/artigos\/valor-de-mercado\/\" target=\"_blank\" rel=\"noopener\" data-force=\"no\" data-priority=\"1\">valor de mercado<\/a> porque investidores esperam que ele e seus executivos consigam mudar o cen\u00e1rio no <a class=\"suno-keyword\" href=\"https:\/\/www.suno.com.br\/artigos\/longo-prazo\/\" target=\"_blank\" rel=\"noopener\" data-force=\"no\" data-priority=\"1\">longo prazo<\/a>. Mas qual seria a avalia\u00e7\u00e3o da empresa se ele decidisse sair hoje? Os <strong>fundos de venture capital<\/strong> que aportaram no desenvolvimento do banco aceitariam isso tranquilamente? Mesmo no caso de Elon Musk, que tem a maior parte de sua fortuna vinda da <strong>Tesla (TSLA34)<\/strong>, uma empresa listada em bolsa, qual seria a queda no valor das a\u00e7\u00f5es se ele come\u00e7asse a vender suas a\u00e7\u00f5es? Sua fortuna seria impactada, com certeza.<\/p>\n\n\n\n<p>Isso quer dizer que n\u00e3o existem problemas no sistema atual? N\u00e3o. Existem, e muitos. Um deles \u00e9 que, proporcionalmente, <strong>pessoas muito ricas pagam menos impostos<\/strong>. Outro \u00e9 que, mesmo em pa\u00edses ricos, ainda vemos mis\u00e9ria. Muitos bilion\u00e1rios n\u00e3o t\u00eam o mesmo impacto para o mundo que empreendedores como <a class=\"suno-keyword\" href=\"https:\/\/www.suno.com.br\/tudo-sobre\/jeff-bezos\/\" target=\"_blank\" rel=\"noopener\" data-force=\"no\" data-priority=\"2\">Jeff Bezos<\/a>, da Amazon, ou outros citados nesse texto. O n\u00famero de <strong>self-made billionaires<\/strong>, no entanto, \u00e9 cada vez maior. Winston Churchill dizia que a democracia \u00e9 o pior dos sistemas de governo, exceto por todos os outros. O mesmo vale para o capitalismo, que \u00e9 o pior sistema econ\u00f4mico, com exce\u00e7\u00e3o dos demais.<\/p>\n\n\n\n<p>&#8212;<\/p>\n\n\n\n<p><em>Os textos e opini\u00f5es publicados na \u00e1rea de colunistas s\u00e3o de responsabilidade do autor e n\u00e3o representam, necessariamente, a vis\u00e3o do <\/em>Suno Not\u00edcias <em>ou do <\/em>Grupo Suno<\/p>\n\n\n\t<p>\n\t\t<a href=\"https:\/\/lp.suno.com.br\/ebook-como-analisar-uma-acao\/\" target=\"_blank\" data-element=\"shortcode-suno-banner\" title=\"Banner SUNO, clique e saiba mais\">\n\t\t\t<picture>\n\t\t\t\t<source media=\"(max-width: 500px)\" srcset=\"https:\/\/files.sunoresearch.com.br\/n\/uploads\/2023\/03\/Ebook-Acoes-Mobile-1.jpg\">\n\t\t\t\t<img class=\"newsContent__article__imgCapa newsContent__article__imgCapa--banner\"\n\t\t\t\t\tsrc=\"https:\/\/files.sunoresearch.com.br\/n\/uploads\/2023\/03\/Ebook-Acoes-Desktop-1.jpg\"\n\t\t\t\t\tdata-promo-id=\"171998\"\t\t\t\t\t\t\t\t\t\twidth='1420' height='286'\t\t\t\t\talt=\"https:\/\/files.sunoresearch.com.br\/n\/uploads\/2023\/03\/Ebook-Acoes-Desktop-1.jpg\"\n\t\t\t\t>\n\t\t\t<\/picture>\n\t\t<\/a>\n\t<\/p>\n\n\n","protected":false},"excerpt":{"rendered":"<p>Na \u00faltima semana, David V\u00e9lez, co-fundador do Nubank, anunciou que doaria toda sua fortuna como forma de filantropia para o The Giving Pledge. O projeto, criado em 201&#8230;<\/p>\n","protected":false},"author":4,"featured_media":0,"template":"","tags":[],"class_list":["post-176897","suno_column","type-suno_column","status-publish","hentry"],"yoast_head":"<!-- This site is optimized with the Yoast SEO plugin v24.4 - https:\/\/yoast.com\/wordpress\/plugins\/seo\/ -->\n<title>Falar que ser bilion\u00e1rio \u00e9 imoral virou moda. Por que ser\u00e1? - Coluna de Gian Kojikovski<\/title>\n<meta name=\"description\" content=\"Leia a coluna de Gian Kojikovski sobre as desigualdades e como o capitalismo \u00e9 o melhor sistema para o desenvolvimento humano\" \/>\n<meta name=\"robots\" content=\"index, follow, max-snippet:-1, max-image-preview:large, max-video-preview:-1\" \/>\n<link rel=\"canonical\" href=\"https:\/\/www.suno.com.br\/noticias\/colunas\/gian\/bilionario-imoral-moda-filantropia-caridade\/\" \/>\n<meta property=\"og:locale\" content=\"pt_BR\" \/>\n<meta property=\"og:type\" content=\"article\" \/>\n<meta property=\"og:title\" content=\"Falar que ser bilion\u00e1rio \u00e9 imoral virou moda. Por que ser\u00e1? - Coluna de Gian Kojikovski\" \/>\n<meta property=\"og:description\" content=\"Leia a coluna de Gian Kojikovski sobre as desigualdades e como o capitalismo \u00e9 o melhor sistema para o desenvolvimento humano\" \/>\n<meta property=\"og:url\" content=\"https:\/\/www.suno.com.br\/noticias\/colunas\/gian\/bilionario-imoral-moda-filantropia-caridade\/\" \/>\n<meta property=\"og:site_name\" content=\"Suno Not\u00edcias\" \/>\n<meta property=\"article:publisher\" content=\"https:\/\/facebook.com\/sunoresearch\" \/>\n<meta property=\"og:image\" content=\"https:\/\/files.sunoresearch.com.br\/n\/uploads\/2021\/08\/3903516c-foto-gian-1024x723.png\" \/>\n<meta name=\"twitter:card\" content=\"summary_large_image\" \/>\n<meta name=\"twitter:site\" content=\"@sunoresearch\" \/>\n<meta name=\"twitter:label1\" content=\"Est. tempo de leitura\" \/>\n\t<meta name=\"twitter:data1\" content=\"4 minutos\" \/>\n<script type=\"application\/ld+json\" class=\"yoast-schema-graph\">{\"@context\":\"https:\/\/schema.org\",\"@graph\":[{\"@type\":\"Article\",\"@id\":\"https:\/\/www.suno.com.br\/noticias\/colunas\/gian\/bilionario-imoral-moda-filantropia-caridade\/#article\",\"isPartOf\":{\"@id\":\"https:\/\/www.suno.com.br\/noticias\/colunas\/gian\/bilionario-imoral-moda-filantropia-caridade\/\"},\"author\":{\"name\":\"Gian Kojikovski\",\"@id\":\"https:\/\/www.suno.com.br\/noticias\/#\/schema\/person\/8c2753ace9edbc3c59cfa8a971ac5914\"},\"headline\":\"Falar que ser bilion\u00e1rio \u00e9 imoral virou moda. Por que ser\u00e1?\",\"datePublished\":\"2021-08-20T13:34:00+00:00\",\"dateModified\":\"2023-05-18T21:13:28+00:00\",\"mainEntityOfPage\":{\"@id\":\"https:\/\/www.suno.com.br\/noticias\/colunas\/gian\/bilionario-imoral-moda-filantropia-caridade\/\"},\"wordCount\":725,\"publisher\":{\"@id\":\"https:\/\/www.suno.com.br\/noticias\/#organization\"},\"image\":{\"@id\":\"https:\/\/www.suno.com.br\/noticias\/colunas\/gian\/bilionario-imoral-moda-filantropia-caridade\/#primaryimage\"},\"thumbnailUrl\":\"https:\/\/files.sunoresearch.com.br\/n\/uploads\/2021\/08\/3903516c-foto-gian-1024x723.png\",\"inLanguage\":\"pt-BR\"},{\"@type\":\"WebPage\",\"@id\":\"https:\/\/www.suno.com.br\/noticias\/colunas\/gian\/bilionario-imoral-moda-filantropia-caridade\/\",\"url\":\"https:\/\/www.suno.com.br\/noticias\/colunas\/gian\/bilionario-imoral-moda-filantropia-caridade\/\",\"name\":\"Falar que ser bilion\u00e1rio \u00e9 imoral virou moda. Por que ser\u00e1? - Coluna de Gian Kojikovski\",\"isPartOf\":{\"@id\":\"https:\/\/www.suno.com.br\/noticias\/#website\"},\"primaryImageOfPage\":{\"@id\":\"https:\/\/www.suno.com.br\/noticias\/colunas\/gian\/bilionario-imoral-moda-filantropia-caridade\/#primaryimage\"},\"image\":{\"@id\":\"https:\/\/www.suno.com.br\/noticias\/colunas\/gian\/bilionario-imoral-moda-filantropia-caridade\/#primaryimage\"},\"thumbnailUrl\":\"https:\/\/files.sunoresearch.com.br\/n\/uploads\/2021\/08\/3903516c-foto-gian-1024x723.png\",\"datePublished\":\"2021-08-20T13:34:00+00:00\",\"dateModified\":\"2023-05-18T21:13:28+00:00\",\"description\":\"Leia a coluna de Gian Kojikovski sobre as desigualdades e como o capitalismo \u00e9 o melhor sistema para o desenvolvimento humano\",\"breadcrumb\":{\"@id\":\"https:\/\/www.suno.com.br\/noticias\/colunas\/gian\/bilionario-imoral-moda-filantropia-caridade\/#breadcrumb\"},\"inLanguage\":\"pt-BR\",\"potentialAction\":[{\"@type\":\"ReadAction\",\"target\":[\"https:\/\/www.suno.com.br\/noticias\/colunas\/gian\/bilionario-imoral-moda-filantropia-caridade\/\"]}]},{\"@type\":\"ImageObject\",\"inLanguage\":\"pt-BR\",\"@id\":\"https:\/\/www.suno.com.br\/noticias\/colunas\/gian\/bilionario-imoral-moda-filantropia-caridade\/#primaryimage\",\"url\":\"https:\/\/files.sunoresearch.com.br\/n\/uploads\/2021\/08\/3903516c-foto-gian-1024x723.png\",\"contentUrl\":\"https:\/\/files.sunoresearch.com.br\/n\/uploads\/2021\/08\/3903516c-foto-gian-1024x723.png\"},{\"@type\":\"BreadcrumbList\",\"@id\":\"https:\/\/www.suno.com.br\/noticias\/colunas\/gian\/bilionario-imoral-moda-filantropia-caridade\/#breadcrumb\",\"itemListElement\":[{\"@type\":\"ListItem\",\"position\":1,\"name\":\"Not\u00edcias\",\"item\":\"https:\/\/www.suno.com.br\/noticias\/\"},{\"@type\":\"ListItem\",\"position\":2,\"name\":\"Colunas\",\"item\":\"https:\/\/www.suno.com.br\/noticias\/colunas\/\"},{\"@type\":\"ListItem\",\"position\":3,\"name\":\"Falar que ser bilion\u00e1rio \u00e9 imoral virou moda. Por que ser\u00e1?\"}]},{\"@type\":\"WebSite\",\"@id\":\"https:\/\/www.suno.com.br\/noticias\/#website\",\"url\":\"https:\/\/www.suno.com.br\/noticias\/\",\"name\":\"Suno Not\u00edcias\",\"description\":\"Seu portal de informa\u00e7\u00e3o sobre o mundo dos investimentos\",\"publisher\":{\"@id\":\"https:\/\/www.suno.com.br\/noticias\/#organization\"},\"potentialAction\":[{\"@type\":\"SearchAction\",\"target\":{\"@type\":\"EntryPoint\",\"urlTemplate\":\"https:\/\/www.suno.com.br\/noticias\/?s={search_term_string}\"},\"query-input\":{\"@type\":\"PropertyValueSpecification\",\"valueRequired\":true,\"valueName\":\"search_term_string\"}}],\"inLanguage\":\"pt-BR\"},{\"@type\":\"Organization\",\"@id\":\"https:\/\/www.suno.com.br\/noticias\/#organization\",\"name\":\"Suno Not\u00edcias\",\"url\":\"https:\/\/www.suno.com.br\/noticias\/\",\"logo\":{\"@type\":\"ImageObject\",\"inLanguage\":\"pt-BR\",\"@id\":\"https:\/\/www.suno.com.br\/noticias\/#\/schema\/logo\/image\/\",\"url\":\"https:\/\/files.sunoresearch.com.br\/n\/uploads\/2021\/09\/suno-logo.png\",\"contentUrl\":\"https:\/\/files.sunoresearch.com.br\/n\/uploads\/2021\/09\/suno-logo.png\",\"width\":180,\"height\":180,\"caption\":\"Suno Not\u00edcias\"},\"image\":{\"@id\":\"https:\/\/www.suno.com.br\/noticias\/#\/schema\/logo\/image\/\"},\"sameAs\":[\"https:\/\/facebook.com\/sunoresearch\",\"https:\/\/x.com\/sunoresearch\",\"https:\/\/www.instagram.com\/suno\",\"https:\/\/www.linkedin.com\/company\/suno-research\/\",\"https:\/\/www.youtube.com\/c\/sunoresearch\"]},{\"@type\":\"Person\",\"@id\":\"https:\/\/www.suno.com.br\/noticias\/#\/schema\/person\/8c2753ace9edbc3c59cfa8a971ac5914\",\"name\":\"Gian Kojikovski\",\"image\":{\"@type\":\"ImageObject\",\"inLanguage\":\"pt-BR\",\"@id\":\"https:\/\/www.suno.com.br\/noticias\/#\/schema\/person\/image\/\",\"url\":\"https:\/\/secure.gravatar.com\/avatar\/9b6de4deaf8443278f037ed55611af64?s=96&r=g\",\"contentUrl\":\"https:\/\/secure.gravatar.com\/avatar\/9b6de4deaf8443278f037ed55611af64?s=96&r=g\",\"caption\":\"Gian Kojikovski\"},\"description\":\"Gian Kojikovski \u00e9 diretor e s\u00f3cio da Suno e escreve sobre neg\u00f3cios, marketing, pol\u00edtica e finan\u00e7as. Tem passagem pelas reda\u00e7\u00f5es de Veja e Exame e \u00e9 vencedor do Pr\u00eamio CNI de Jornalismo de 2016 na categoria especial de Inova\u00e7\u00e3o e finalista do Citi Journalistic Excellence Award de 2018.\",\"sameAs\":[\"https:\/\/www.suno.com.br\",\"https:\/\/x.com\/https:\/\/twitter.com\/giankojikovski\"],\"url\":\"https:\/\/www.suno.com.br\/noticias\/author\/gian\/\"}]}<\/script>\n<!-- \/ Yoast SEO plugin. -->","yoast_head_json":{"title":"Falar que ser bilion\u00e1rio \u00e9 imoral virou moda. Por que ser\u00e1? - Coluna de Gian Kojikovski","description":"Leia a coluna de Gian Kojikovski sobre as desigualdades e como o capitalismo \u00e9 o melhor sistema para o desenvolvimento humano","robots":{"index":"index","follow":"follow","max-snippet":"max-snippet:-1","max-image-preview":"max-image-preview:large","max-video-preview":"max-video-preview:-1"},"canonical":"https:\/\/www.suno.com.br\/noticias\/colunas\/gian\/bilionario-imoral-moda-filantropia-caridade\/","og_locale":"pt_BR","og_type":"article","og_title":"Falar que ser bilion\u00e1rio \u00e9 imoral virou moda. Por que ser\u00e1? - Coluna de Gian Kojikovski","og_description":"Leia a coluna de Gian Kojikovski sobre as desigualdades e como o capitalismo \u00e9 o melhor sistema para o desenvolvimento humano","og_url":"https:\/\/www.suno.com.br\/noticias\/colunas\/gian\/bilionario-imoral-moda-filantropia-caridade\/","og_site_name":"Suno Not\u00edcias","article_publisher":"https:\/\/facebook.com\/sunoresearch","og_image":[{"url":"https:\/\/files.sunoresearch.com.br\/n\/uploads\/2021\/08\/3903516c-foto-gian-1024x723.png","type":"","width":"","height":""}],"twitter_card":"summary_large_image","twitter_site":"@sunoresearch","twitter_misc":{"Est. tempo de leitura":"4 minutos"},"schema":{"@context":"https:\/\/schema.org","@graph":[{"@type":"Article","@id":"https:\/\/www.suno.com.br\/noticias\/colunas\/gian\/bilionario-imoral-moda-filantropia-caridade\/#article","isPartOf":{"@id":"https:\/\/www.suno.com.br\/noticias\/colunas\/gian\/bilionario-imoral-moda-filantropia-caridade\/"},"author":{"name":"Gian Kojikovski","@id":"https:\/\/www.suno.com.br\/noticias\/#\/schema\/person\/8c2753ace9edbc3c59cfa8a971ac5914"},"headline":"Falar que ser bilion\u00e1rio \u00e9 imoral virou moda. Por que ser\u00e1?","datePublished":"2021-08-20T13:34:00+00:00","dateModified":"2023-05-18T21:13:28+00:00","mainEntityOfPage":{"@id":"https:\/\/www.suno.com.br\/noticias\/colunas\/gian\/bilionario-imoral-moda-filantropia-caridade\/"},"wordCount":725,"publisher":{"@id":"https:\/\/www.suno.com.br\/noticias\/#organization"},"image":{"@id":"https:\/\/www.suno.com.br\/noticias\/colunas\/gian\/bilionario-imoral-moda-filantropia-caridade\/#primaryimage"},"thumbnailUrl":"https:\/\/files.sunoresearch.com.br\/n\/uploads\/2021\/08\/3903516c-foto-gian-1024x723.png","inLanguage":"pt-BR"},{"@type":"WebPage","@id":"https:\/\/www.suno.com.br\/noticias\/colunas\/gian\/bilionario-imoral-moda-filantropia-caridade\/","url":"https:\/\/www.suno.com.br\/noticias\/colunas\/gian\/bilionario-imoral-moda-filantropia-caridade\/","name":"Falar que ser bilion\u00e1rio \u00e9 imoral virou moda. Por que ser\u00e1? - Coluna de Gian Kojikovski","isPartOf":{"@id":"https:\/\/www.suno.com.br\/noticias\/#website"},"primaryImageOfPage":{"@id":"https:\/\/www.suno.com.br\/noticias\/colunas\/gian\/bilionario-imoral-moda-filantropia-caridade\/#primaryimage"},"image":{"@id":"https:\/\/www.suno.com.br\/noticias\/colunas\/gian\/bilionario-imoral-moda-filantropia-caridade\/#primaryimage"},"thumbnailUrl":"https:\/\/files.sunoresearch.com.br\/n\/uploads\/2021\/08\/3903516c-foto-gian-1024x723.png","datePublished":"2021-08-20T13:34:00+00:00","dateModified":"2023-05-18T21:13:28+00:00","description":"Leia a coluna de Gian Kojikovski sobre as desigualdades e como o capitalismo \u00e9 o melhor sistema para o desenvolvimento humano","breadcrumb":{"@id":"https:\/\/www.suno.com.br\/noticias\/colunas\/gian\/bilionario-imoral-moda-filantropia-caridade\/#breadcrumb"},"inLanguage":"pt-BR","potentialAction":[{"@type":"ReadAction","target":["https:\/\/www.suno.com.br\/noticias\/colunas\/gian\/bilionario-imoral-moda-filantropia-caridade\/"]}]},{"@type":"ImageObject","inLanguage":"pt-BR","@id":"https:\/\/www.suno.com.br\/noticias\/colunas\/gian\/bilionario-imoral-moda-filantropia-caridade\/#primaryimage","url":"https:\/\/files.sunoresearch.com.br\/n\/uploads\/2021\/08\/3903516c-foto-gian-1024x723.png","contentUrl":"https:\/\/files.sunoresearch.com.br\/n\/uploads\/2021\/08\/3903516c-foto-gian-1024x723.png"},{"@type":"BreadcrumbList","@id":"https:\/\/www.suno.com.br\/noticias\/colunas\/gian\/bilionario-imoral-moda-filantropia-caridade\/#breadcrumb","itemListElement":[{"@type":"ListItem","position":1,"name":"Not\u00edcias","item":"https:\/\/www.suno.com.br\/noticias\/"},{"@type":"ListItem","position":2,"name":"Colunas","item":"https:\/\/www.suno.com.br\/noticias\/colunas\/"},{"@type":"ListItem","position":3,"name":"Falar que ser bilion\u00e1rio \u00e9 imoral virou moda. Por que ser\u00e1?"}]},{"@type":"WebSite","@id":"https:\/\/www.suno.com.br\/noticias\/#website","url":"https:\/\/www.suno.com.br\/noticias\/","name":"Suno Not\u00edcias","description":"Seu portal de informa\u00e7\u00e3o sobre o mundo dos investimentos","publisher":{"@id":"https:\/\/www.suno.com.br\/noticias\/#organization"},"potentialAction":[{"@type":"SearchAction","target":{"@type":"EntryPoint","urlTemplate":"https:\/\/www.suno.com.br\/noticias\/?s={search_term_string}"},"query-input":{"@type":"PropertyValueSpecification","valueRequired":true,"valueName":"search_term_string"}}],"inLanguage":"pt-BR"},{"@type":"Organization","@id":"https:\/\/www.suno.com.br\/noticias\/#organization","name":"Suno Not\u00edcias","url":"https:\/\/www.suno.com.br\/noticias\/","logo":{"@type":"ImageObject","inLanguage":"pt-BR","@id":"https:\/\/www.suno.com.br\/noticias\/#\/schema\/logo\/image\/","url":"https:\/\/files.sunoresearch.com.br\/n\/uploads\/2021\/09\/suno-logo.png","contentUrl":"https:\/\/files.sunoresearch.com.br\/n\/uploads\/2021\/09\/suno-logo.png","width":180,"height":180,"caption":"Suno Not\u00edcias"},"image":{"@id":"https:\/\/www.suno.com.br\/noticias\/#\/schema\/logo\/image\/"},"sameAs":["https:\/\/facebook.com\/sunoresearch","https:\/\/x.com\/sunoresearch","https:\/\/www.instagram.com\/suno","https:\/\/www.linkedin.com\/company\/suno-research\/","https:\/\/www.youtube.com\/c\/sunoresearch"]},{"@type":"Person","@id":"https:\/\/www.suno.com.br\/noticias\/#\/schema\/person\/8c2753ace9edbc3c59cfa8a971ac5914","name":"Gian Kojikovski","image":{"@type":"ImageObject","inLanguage":"pt-BR","@id":"https:\/\/www.suno.com.br\/noticias\/#\/schema\/person\/image\/","url":"https:\/\/secure.gravatar.com\/avatar\/9b6de4deaf8443278f037ed55611af64?s=96&r=g","contentUrl":"https:\/\/secure.gravatar.com\/avatar\/9b6de4deaf8443278f037ed55611af64?s=96&r=g","caption":"Gian Kojikovski"},"description":"Gian Kojikovski \u00e9 diretor e s\u00f3cio da Suno e escreve sobre neg\u00f3cios, marketing, pol\u00edtica e finan\u00e7as. Tem passagem pelas reda\u00e7\u00f5es de Veja e Exame e \u00e9 vencedor do Pr\u00eamio CNI de Jornalismo de 2016 na categoria especial de Inova\u00e7\u00e3o e finalista do Citi Journalistic Excellence Award de 2018.","sameAs":["https:\/\/www.suno.com.br","https:\/\/x.com\/https:\/\/twitter.com\/giankojikovski"],"url":"https:\/\/www.suno.com.br\/noticias\/author\/gian\/"}]}},"amp_enabled":true,"_links":{"self":[{"href":"https:\/\/www.suno.com.br\/noticias\/wp-json\/wp\/v2\/suno_column\/176897"}],"collection":[{"href":"https:\/\/www.suno.com.br\/noticias\/wp-json\/wp\/v2\/suno_column"}],"about":[{"href":"https:\/\/www.suno.com.br\/noticias\/wp-json\/wp\/v2\/types\/suno_column"}],"author":[{"embeddable":true,"href":"https:\/\/www.suno.com.br\/noticias\/wp-json\/wp\/v2\/users\/4"}],"wp:attachment":[{"href":"https:\/\/www.suno.com.br\/noticias\/wp-json\/wp\/v2\/media?parent=176897"}],"wp:term":[{"taxonomy":"post_tag","embeddable":true,"href":"https:\/\/www.suno.com.br\/noticias\/wp-json\/wp\/v2\/tags?post=176897"}],"curies":[{"name":"wp","href":"https:\/\/api.w.org\/{rel}","templated":true}]}}