{"id":175492,"date":"2021-08-16T09:54:53","date_gmt":"2021-08-16T12:54:53","guid":{"rendered":"https:\/\/www.suno.com.br\/noticias\/colunas\/felipe-areia\/"},"modified":"2021-08-30T16:12:15","modified_gmt":"2021-08-30T19:12:15","slug":"semana-politica-fiscal-reforma","status":"publish","type":"suno_column","link":"https:\/\/www.suno.com.br\/noticias\/colunas\/julio-hegedus-netto\/semana-politica-fiscal-reforma\/","title":{"rendered":"Semana pesada na pol\u00edtica e olho no fiscal em Bras\u00edlia"},"content":{"rendered":"<p>No Brasil, mais uma semana pesada na pol\u00edtica, com novos embates esperados entre o presidente Jair Bolsonaro e o Supremo Tribunal Federal (STF), tr\u00e2mites para a <a class=\"suno-keyword\" href=\"https:\/\/www.suno.com.br\/artigos\/reforma-tributaria\/\" target=\"_blank\" rel=\"noopener noreferrer\" data-force=\"no\" data-priority=\"2\">reforma tribut\u00e1ria<\/a>, destaque para a mudan\u00e7a do IRPJ, MP do Aux\u00edlio Brasil e PEC dos precat\u00f3rios. No exterior, em destaque. Na agenda de indicadores, bem fraca, sendo destaque apenas os dados do Caged, talvez na sexta-feira, a arrecada\u00e7\u00e3o federal em dia a se confirmar e a divulga\u00e7\u00e3o dos balan\u00e7os chegando ao fim. Nos EUA, em destaque a ata do FOMC e a bateria de balan\u00e7os por l\u00e1, assim como os dados de varejo nos EUA e v\u00e1rios <a class=\"suno-keyword\" href=\"https:\/\/www.suno.com.br\/artigos\/indicadores-de-atividade\/\" target=\"_blank\" rel=\"noopener noreferrer\" data-force=\"no\" data-priority=\"1\">indicadores de atividade<\/a> na <a class=\"suno-keyword\" href=\"https:\/\/www.suno.com.br\/artigos\/zona-do-euro\/\" target=\"_blank\" rel=\"noopener noreferrer\" data-force=\"no\" data-priority=\"1\">Zona do Euro<\/a>, Jap\u00e3o, China, etc.<\/p>\n\t<p>\n\t\t<a href=\"https:\/\/lp.suno.com.br\/planilha-controle-gastos\/\" target=\"_blank\" data-element=\"shortcode-suno-banner\" title=\"Banner SUNO, clique e saiba mais\">\n\t\t\t<picture>\n\t\t\t\t<source media=\"(max-width: 500px)\" srcset=\"https:\/\/files.sunoresearch.com.br\/n\/uploads\/2023\/03\/400x300-Planilha-controle-de-gastos.png\">\n\t\t\t\t<img class=\"newsContent__article__imgCapa newsContent__article__imgCapa--banner\"\n\t\t\t\t\tsrc=\"https:\/\/files.sunoresearch.com.br\/n\/uploads\/2023\/03\/1420x240-Planilha-controle-de-gastos.png\"\n\t\t\t\t\tdata-promo-id=\"101751\"\t\t\t\t\t\t\t\t\t\twidth='1420' height='240'\t\t\t\t\talt=\"https:\/\/files.sunoresearch.com.br\/n\/uploads\/2023\/03\/1420x240-Planilha-controle-de-gastos.png\"\n\t\t\t\t>\n\t\t\t<\/picture>\n\t\t<\/a>\n\t<\/p>\n\n\n<h3>Na pol\u00edtica<\/h3>\n<p>Continuam as bravatas do presidente Bolsonaro. Desta vez, ele \u201camea\u00e7ou\u201d pedir o impeachment de alguns ministros do STF.<\/p>\n<p>Bolsonaro argumenta que os ministros <strong>Luiz Roberto Barroso<\/strong> e <strong>Alexandre de Moraes<\/strong> \u201cextrapolam com atos os limites constitucionais.\u201d<\/p>\n<p>Boatos circulavam, por\u00e9m, de que ele n\u00e3o gostou de saber que o seu vice, Hamilton Mour\u00e3o, se reunia com Luiz Roberto Barroso, para conspirar pelo impeachment e ocupar o seu lugar.<\/p>\n<p>Al\u00e9m disso, Bolsonaro tenta responder \u00e0 derrota da <strong>MP do voto impresso<\/strong> e \u00e0 pris\u00e3o de <strong>Roberto Jefferson<\/strong>. A impress\u00e3o \u00e9 que Bolsonaro segue tentando colocar \u201cbodes na sala\u201d para desviar o foco pela sua total incompet\u00eancia e criminoso negacionismo no trato da pandemia. E a <strong>CPI da Covid<\/strong> parece ter chegado a esta conclus\u00e3o.<\/p>\n<p>O fato \u00e9 que ele n\u00e3o tem poder para avan\u00e7ar no afastamento dos ministros, prerrogativa do Senado, com o presidente da casa, <strong>Rodrigo Pacheco<\/strong>, j\u00e1 tendo dito que n\u00e3o ir\u00e1 avan\u00e7ar nesta demanda. Segundo um interlocutor do presidente do Senado, \u201cn\u00e3o h\u00e1 qualquer causalidade e nenhum fato objetivo na linha de argumenta\u00e7\u00e3o de Bolsonaro\u201d. J\u00e1 s\u00e3o 17 pedidos de impeachment e todos ter\u00e3o o mesmo destino: a gaveta. Segundo um outro interlocutor, Rodrigo Pacheco n\u00e3o vai entrar na do Bolsonaro que continuar\u00e1 \u201cdan\u00e7ando sozinho\u201d.<\/p>\n<p>H\u00e1 controv\u00e9rsias neste tema, dada a atua\u00e7\u00e3o da \u201csegunda turma\u201d do STF na soltura de v\u00e1rios criminosos de colarinho branco da <strong>Lava Jato<\/strong>, julgando parcial a conduta de <strong>Sergio Moro<\/strong>, mas n\u00e3o negando a minuciosa investiga\u00e7\u00e3o do MP de Curitiba. Claro parece que se usam duas r\u00e9guas em Bras\u00edlia para avaliar o trabalho de alguns ministros do STF. Claro \u00e9 que para alguns casos Bolsonaro se omite, at\u00e9 porque sente a amea\u00e7a de Sergio Moro como poss\u00edvel candidato em 2022. Mais uma jogada pol\u00edtica.<\/p>\n<p>No front fiscal, seguem as d\u00favidas sobre quais fontes de recursos ser\u00e3o usadas para bancar o <strong>Aux\u00edlio Brasil<\/strong> e como desenrolar a <strong>PEC dos Precat\u00f3rios<\/strong>, que prev\u00ea o <a class=\"suno-keyword\" href=\"https:\/\/www.suno.com.br\/artigos\/parcelamento-de-dividas\/\" target=\"_blank\" rel=\"noopener noreferrer\" data-force=\"no\" data-priority=\"1\">parcelamento de d\u00edvidas<\/a> da Uni\u00e3o em ordens judiciais, junto a empresas e cidad\u00e3os. Uma novidade nesta semana ser\u00e1 o in\u00edcio das discuss\u00f5es sobre a reforma administrativa. H\u00e1 previs\u00e3o de tr\u00eas semin\u00e1rios sobre o tema na ter\u00e7a-feira na Comiss\u00e3o Especial, que avalia esta PEC.<\/p>\n\t<p>\n\t\t<a href=\"https:\/\/lp.suno.com.br\/planilha-da-vida-financeira\/\" target=\"_blank\" data-element=\"shortcode-suno-banner\" title=\"Banner SUNO, clique e saiba mais\">\n\t\t\t<picture>\n\t\t\t\t<source media=\"(max-width: 500px)\" srcset=\"https:\/\/files.sunoresearch.com.br\/n\/uploads\/2023\/04\/400x300-Planilha-vida-financeira-true.png\">\n\t\t\t\t<img class=\"newsContent__article__imgCapa newsContent__article__imgCapa--banner\"\n\t\t\t\t\tsrc=\"https:\/\/files.sunoresearch.com.br\/n\/uploads\/2023\/04\/1420x240-Planilha-vida-financeira-true.png\"\n\t\t\t\t\tdata-promo-id=\"106682\"\t\t\t\t\t\t\t\t\t\twidth='1420' height='240'\t\t\t\t\talt=\"https:\/\/files.sunoresearch.com.br\/n\/uploads\/2023\/04\/1420x240-Planilha-vida-financeira-true.png\"\n\t\t\t\t>\n\t\t\t<\/picture>\n\t\t<\/a>\n\t<\/p>\n\n\n<h3>Nos EUA<\/h3>\n<p>Na quarta-feira (dia 18), nos EUA, temos a <strong>ata do Fomc<\/strong> e com ela \u201cpistas\u201d sobre os novos passos do Banco Central Norte-americano, no <strong>in\u00edcio do tapering<\/strong>, processo de desacelera\u00e7\u00e3o na compra mensal de ativos pelo Fed, al\u00e9m de proje\u00e7\u00f5es de PIB e infla\u00e7\u00e3o para os pr\u00f3ximos anos.<\/p>\n<p>Em julho, os diretores regionais do Fed afirmaram que a recupera\u00e7\u00e3o estava intacta, apesar do aumento da <strong>variante Delta<\/strong> e do Payroll de julho mais forte do que o previsto. Lembremos que entre o final deste m\u00eas e o in\u00edcio do pr\u00f3ximo, acontece a reuni\u00e3o de Jackson Hole e h\u00e1 alguma expectativa de que sejam anunciadas novidades.<\/p>\n<p>Nos EUA, dentre os indicadores, aten\u00e7\u00e3o para as vendas de varejo na ter\u00e7a-feira (dia 17), para observarmos se a mudan\u00e7a de h\u00e1bitos de consumo para viagens, lazer e servi\u00e7os, n\u00e3o refletidos nas <strong>vendas do varejo<\/strong>, continuou em julho. A previs\u00e3o \u00e9 de queda de 0,2% nestes dados das vendas do varejo (e expectativa de queda acentuada nas <strong>vendas de autom\u00f3veis<\/strong>). Outros indicadores s\u00e3o a <strong>produ\u00e7\u00e3o industrial<\/strong>, tamb\u00e9m, na ter\u00e7a-feira e os <strong>pedidos de seguro-desemprego<\/strong> na quinta (dia 19), al\u00e9m do <strong>\u00cdndice Empire State de atividade industrial do Fed<\/strong> nesta segunda (dia 16) e do Fed da Filad\u00e9lfia na quinta.<\/p>\n\t<p>\n\t\t<a href=\"\" target=\"_blank\" data-element=\"shortcode-suno-banner\" title=\"Banner SUNO, clique e saiba mais\">\n\t\t\t<picture>\n\t\t\t\t<source media=\"(max-width: 500px)\" srcset=\"\">\n\t\t\t\t<img class=\"newsContent__article__imgCapa newsContent__article__imgCapa--banner\"\n\t\t\t\t\tsrc=\"\"\n\t\t\t\t\tdata-promo-id=\"89005\"\t\t\t\t\t\t\t\t\t\t\t\t\t\t\talt=\"\"\n\t\t\t\t>\n\t\t\t<\/picture>\n\t\t<\/a>\n\t<\/p>\n\n\n<h3>Na China<\/h3>\n<p>A China, lidando com o seu maior <strong>surto de Covid<\/strong>, desde o in\u00edcio da pandemia, imp\u00f4s testes em massa e restri\u00e7\u00f5es a viagens, o que deve travar a atividade econ\u00f4mica.<\/p>\n<p>Na semana passada, v\u00e1rios <a class=\"suno-keyword\" href=\"https:\/\/www.suno.com.br\/artigos\/bancos-de-investimento\/\" target=\"_blank\" rel=\"noopener noreferrer\" data-force=\"no\" data-priority=\"1\">bancos de investimento<\/a> de Wall Street, incluindo o Goldman Sachs, reduziram suas previs\u00f5es de crescimento para a China no resto deste ano. Os dados de produ\u00e7\u00e3o industrial e de varejo, nesta madrugada, mostraram desacelera\u00e7\u00e3o, aumentando os temores de que a recupera\u00e7\u00e3o da segunda maior economia do mundo esteja perdendo for\u00e7a. A recupera\u00e7\u00e3o da pandemia tem sido desigual na China, com a demanda de exporta\u00e7\u00e3o impulsionando a maior parte do crescimento econ\u00f4mico, enquanto a demanda interna tem sido retomada de forma mais lenta.<\/p>\n<h3>No mercado<\/h3>\n<p>O mercado dom\u00e9stico fechou no dia 13 em suave alta, mesmo com preocupa\u00e7\u00f5es na seara pol\u00edtica e no front fiscal. O principal \u00edndice acion\u00e1rio brasileiro, o <strong>Ibovespa<\/strong>, registrou avan\u00e7o de 0,41%, 121.193 pontos, em recuo acumulado de 1% na semana. A conjuntura pol\u00edtica conturbada tamb\u00e9m refletiu na cota\u00e7\u00e3o do d\u00f3lar, que fechou a semana com alta de 0,32% a R$ 5,2466.<\/p>\n<p>Na tabela abaixo, observamos como o real \u00e9 vol\u00e1til, frente aos emergentes, dada a grande liquidez do mercado dom\u00e9stico e o excesso de fatos, econ\u00f4micos e pol\u00edticos, que impactam na moeda nacional. Observamos tamb\u00e9m com o peso colombiano vem oscilando no <a class=\"suno-keyword\" href=\"https:\/\/www.suno.com.br\/artigos\/curto-prazo\/\" target=\"_blank\" rel=\"noopener noreferrer\" data-force=\"no\" data-priority=\"1\">curto prazo<\/a>, reflexo do ambiente pol\u00edtico a\u00e7odado, e tamb\u00e9m na Turquia e \u00c1frica do Sul, pelos mesmos motivos e tamb\u00e9m pela pandemia. Em 90 dias, grande oscila\u00e7\u00e3o da moeda peruana, pela traum\u00e1tica renova\u00e7\u00e3o de governo.<\/p>\n<figure id=\"attachment_175496\" aria-describedby=\"caption-attachment-175496\" style=\"width: 512px\" class=\"wp-caption alignnone\"><img loading=\"lazy\" decoding=\"async\" class=\"size-full wp-image-175496\" src=\"https:\/\/storage.googleapis.com\/wp-noticias\/2021\/08\/cea9f63d-imagem1.png\" alt=\"Varia\u00e7\u00e3o do real frente ao d\u00f3lar e outras moedas\" width=\"512\" height=\"255\" srcset=\"https:\/\/files.sunoresearch.com.br\/n\/uploads\/2021\/08\/cea9f63d-imagem1.png 512w, https:\/\/files.sunoresearch.com.br\/n\/uploads\/2021\/08\/cea9f63d-imagem1-300x149.png 300w, https:\/\/files.sunoresearch.com.br\/n\/uploads\/2021\/08\/cea9f63d-imagem1-400x200.png 400w, https:\/\/files.sunoresearch.com.br\/n\/uploads\/2021\/08\/cea9f63d-imagem1-150x75.png 150w\" sizes=\"(max-width: 512px) 100vw, 512px\" \/><figcaption id=\"caption-attachment-175496\" class=\"wp-caption-text\">Varia\u00e7\u00e3o do real frente ao d\u00f3lar e outras moedas<\/figcaption><\/figure>\n<p>Nesta madrugada (05h05 do dia 16), no mercado asi\u00e1tico os \u00edndices operavam, na maioria, em queda. A Bolsa Kospi, da Cor\u00e9ia do Sul, est\u00e1vel, a Nikkei -1,62%, Shanghai +0,03% e <a class=\"suno-keyword\" href=\"https:\/\/www.suno.com.br\/artigos\/hang-seng\/\" target=\"_blank\" rel=\"noopener noreferrer\" data-force=\"no\" data-priority=\"1\">Hang Seng<\/a> -0,88%. No DXY, o avan\u00e7o do d\u00f3lar era de 0,08%, a 92.590 pontos, e os barris de petr\u00f3leo recuando, WTI a US$ 67,03 (-1,73%) e Brent a US$ 69,55 (-1,47%). No <a class=\"suno-keyword\" href=\"https:\/\/www.suno.com.br\/artigos\/mercado-de-titulos\/\" target=\"_blank\" rel=\"noopener noreferrer\" data-force=\"no\" data-priority=\"1\">mercado de t\u00edtulos<\/a> norte-americano, os T Bonds de 2y recuando 5,53%, a 0,2031%, os de 10Y, -2,21% a 1,268% e os de 30y, -1,14%, a 1,926%. Na abertura da Europa (04h05), os mercados operavam EM SUAVE ALTA. DAX avan\u00e7ando 0,08%, <a class=\"suno-keyword\" href=\"https:\/\/www.suno.com.br\/artigos\/ftse-100\/\" target=\"_blank\" rel=\"noopener noreferrer\" data-force=\"no\" data-priority=\"1\">FTSE 100<\/a> 0,28%, <a class=\"suno-keyword\" href=\"https:\/\/www.suno.com.br\/artigos\/cac-40\/\" target=\"_blank\" rel=\"noopener noreferrer\" data-force=\"no\" data-priority=\"1\">CAC 40<\/a> +0,14% e Eurostoxx50 +0,04%.<\/p>\n<p>Sobre o balan\u00e7o corporativo, se encerra a divulga\u00e7\u00e3o das empresas com a\u00e7\u00f5es listadas na B3. Nesta segunda-feira, os destaques s\u00e3o <a class=\"suno-keyword\" href=\"https:\/\/www.suno.com.br\/acoes\/CASH3\/\" target=\"_blank\" rel=\"noopener noreferrer\" data-force=\"yes\" data-priority=\"2\">M\u00e9liuz (CASH3)<\/a>, <a class=\"suno-keyword\" href=\"https:\/\/www.suno.com.br\/acoes\/IRBR3\/\" target=\"_blank\" rel=\"noopener noreferrer\" data-force=\"yes\" data-priority=\"2\">IRB (IRBR3)<\/a>, <a class=\"suno-keyword\" href=\"https:\/\/www.suno.com.br\/acoes\/CMIG4\/\" target=\"_blank\" rel=\"noopener noreferrer\" data-force=\"yes\" data-priority=\"2\">Cemig (CMIG4)<\/a> e <a class=\"suno-keyword\" href=\"https:\/\/www.suno.com.br\/acoes\/AMBP3\/\" target=\"_blank\" rel=\"noopener noreferrer\" data-force=\"yes\" data-priority=\"2\">Ambipar (AMBP3)<\/a>. Nos EUA, Walmart, Target, Macy\u2019s, Lowe\u2019s, Home Depot, Ross Stores, TJX e Bath and Body Works.<\/p>\n\t<p>\n\t\t<a href=\"\" target=\"_blank\" data-element=\"shortcode-suno-banner\" title=\"Banner SUNO, clique e saiba mais\">\n\t\t\t<picture>\n\t\t\t\t<source media=\"(max-width: 500px)\" srcset=\"\">\n\t\t\t\t<img class=\"newsContent__article__imgCapa newsContent__article__imgCapa--banner\"\n\t\t\t\t\tsrc=\"\"\n\t\t\t\t\tdata-promo-id=\"77053\"\t\t\t\t\t\t\t\t\t\t\t\t\t\t\talt=\"\"\n\t\t\t\t>\n\t\t\t<\/picture>\n\t\t<\/a>\n\t<\/p>\n\n\n<h3>Na agenda desta semana<\/h3>\n<table>\n<tbody>\n<tr>\n<td colspan=\"2\" width=\"142\">\n<h3><strong>Agenda Semanal<\/strong><\/h3>\n<\/td>\n<td><strong>\u00a0<\/strong><\/td>\n<\/tr>\n<tr>\n<td><strong>2\u00aa feira (16)<\/strong><\/td>\n<td>PIB (Q2) (Jap\u00e3o); Produ\u00e7\u00e3o Industrial (Jul) (China); Produ\u00e7\u00e3o Industrial (Jun) (Jap\u00e3o); Boletim Focus (Brasil); \u00cdndice Empire State de Ativ. Industrial (EUA).<\/td>\n<\/tr>\n<tr>\n<td><strong>3\u00aa feira (17)<\/strong><\/td>\n<td>Taxa de Desemprego (Jun) (Reino Unido); PIB (Q2) (Euro); N\u00facleo de Vendas no Varejo e Vendas no Varejo (Jul) (EUA); Produ\u00e7\u00e3o Industrial (Jul) (EUA); Leil\u00e3o TN: NTN-B; Balan\u00e7a Comercial (Jul) (Jap\u00e3o).<\/td>\n<\/tr>\n<tr>\n<td><strong>4\u00aa feira (18)<\/strong><\/td>\n<td>IPP e IPC (Jul) (Reino Unido); IPC (Jul) (Euro); Rolagem de \u00cdndice &#8211; Q21 p\/ V21 e Exerc\u00edcio Op\u00e7\u00f5es do IBOVESPA (Brasil); Constru\u00e7\u00e3o de Novas Casas (Jul) (EUA); Licen\u00e7as de Constru\u00e7\u00e3o (Jul) (EUA); Estoques de Petr\u00f3leo em Cushing; Leil\u00e3o de t\u00edtulos de 20 anos (EUA); Fluxo Cambial Estrangeiro (BRASIL); Ata da Reuni\u00e3o do FOMC (EUA).<\/td>\n<\/tr>\n<tr>\n<td><strong>5\u00aa feira (19)<\/strong><\/td>\n<td>\u00cdnd Atividade Ind Fed Filad\u00e9lfia (EUA); Pedidos Iniciais Seguro-Desemprego (EUA); Leil\u00e3o TN: LFT, NTN-F, LTN (Brasil); Taxa Preferencial de Empr\u00e9stimo do BPC (China); Arrecada\u00e7\u00e3o Federal (Julho) (Brasil).<\/td>\n<\/tr>\n<tr>\n<td><strong>6\u00aa feira (20)<\/strong><\/td>\n<td>IPP (Jul) (Alemanha); Vendas no Varejo (Jul) (Reino Unido); N\u00facleo de Vendas no Varejo (Jul) (Reino Unido); Exerc\u00edcio Op\u00e7\u00f5es &#8211; S\u00e9ries H e T (Brasil); Contagem Sondas Baker Hughes; \u00cdndice de Evolu\u00e7\u00e3o de Emprego do CAGED (Brasil).<\/td>\n<\/tr>\n<\/tbody>\n<\/table>\n<p>&#8212;<\/p>\n<p><em>Os textos e opini\u00f5es publicados na \u00e1rea de colunistas s\u00e3o de responsabilidade do autor e n\u00e3o representam, necessariamente, a vis\u00e3o do <\/em>Suno Not\u00edcias <em>ou do <\/em>Grupo Suno<\/p>\n\t<p>\n\t\t<a href=\"https:\/\/lp.suno.com.br\/planilha-de-controle-de-investimentos\/\" target=\"_blank\" data-element=\"shortcode-suno-banner\" title=\"Banner SUNO, clique e saiba mais\">\n\t\t\t<picture>\n\t\t\t\t<source media=\"(max-width: 500px)\" srcset=\"https:\/\/files.sunoresearch.com.br\/n\/uploads\/2023\/03\/400x300-Controle-de-Investimentos.png\">\n\t\t\t\t<img class=\"newsContent__article__imgCapa newsContent__article__imgCapa--banner\"\n\t\t\t\t\tsrc=\"https:\/\/files.sunoresearch.com.br\/n\/uploads\/2023\/03\/1420x240-Controle-de-Investimentos.png\"\n\t\t\t\t\tdata-promo-id=\"75934\"\t\t\t\t\t\t\t\t\t\twidth='1420' height='240'\t\t\t\t\talt=\"https:\/\/files.sunoresearch.com.br\/n\/uploads\/2023\/03\/1420x240-Controle-de-Investimentos.png\"\n\t\t\t\t>\n\t\t\t<\/picture>\n\t\t<\/a>\n\t<\/p>\n\n\n","protected":false},"excerpt":{"rendered":"<p>No Brasil, mais uma semana pesada na pol\u00edtica, com novos embates esperados entre o presidente Jair Bolsonaro e o Supremo Tribunal Federal (STF), tr\u00e2mites para a reform&#8230;<\/p>\n","protected":false},"author":82,"featured_media":0,"template":"","tags":[104591,1286],"class_list":["post-175492","suno_column","type-suno_column","status-publish","hentry","tag-precatorios","tag-reforma-tributaria"],"yoast_head":"<!-- This site is optimized with the Yoast SEO plugin v24.4 - https:\/\/yoast.com\/wordpress\/plugins\/seo\/ -->\n<title>Semana pesada na pol\u00edtica e olho no fiscal em Bras\u00edlia - Coluna Julio Hegedus Netto<\/title>\n<meta name=\"description\" content=\"Leia a coluna de Julio Hegedus Netto sobre a aten\u00e7\u00e3o dos investidores na reforma tribut\u00e1ria, imposto de renda, MP do Aux\u00edlio Barsil e PEC dos Precat\u00f3rios\" \/>\n<meta name=\"robots\" content=\"index, follow, max-snippet:-1, max-image-preview:large, max-video-preview:-1\" \/>\n<link rel=\"canonical\" href=\"https:\/\/www.suno.com.br\/noticias\/colunas\/julio-hegedus-netto\/semana-politica-fiscal-reforma\/\" \/>\n<meta property=\"og:locale\" content=\"pt_BR\" \/>\n<meta property=\"og:type\" content=\"article\" \/>\n<meta property=\"og:title\" content=\"Semana pesada na pol\u00edtica e olho no fiscal em Bras\u00edlia - Coluna Julio Hegedus Netto\" \/>\n<meta property=\"og:description\" content=\"Leia a coluna de Julio Hegedus Netto sobre a aten\u00e7\u00e3o dos investidores na reforma tribut\u00e1ria, imposto de renda, MP do Aux\u00edlio Barsil e PEC dos Precat\u00f3rios\" \/>\n<meta property=\"og:url\" content=\"https:\/\/www.suno.com.br\/noticias\/colunas\/julio-hegedus-netto\/semana-politica-fiscal-reforma\/\" \/>\n<meta property=\"og:site_name\" content=\"Suno Not\u00edcias\" \/>\n<meta property=\"article:publisher\" content=\"https:\/\/facebook.com\/sunoresearch\" \/>\n<meta property=\"og:image\" content=\"https:\/\/storage.googleapis.com\/wp-noticias\/2021\/08\/cea9f63d-imagem1.png\" \/>\n<meta name=\"twitter:card\" content=\"summary_large_image\" \/>\n<meta name=\"twitter:site\" content=\"@sunoresearch\" \/>\n<meta name=\"twitter:label1\" content=\"Est. tempo de leitura\" \/>\n\t<meta name=\"twitter:data1\" content=\"7 minutos\" \/>\n<script type=\"application\/ld+json\" class=\"yoast-schema-graph\">{\"@context\":\"https:\/\/schema.org\",\"@graph\":[{\"@type\":\"Article\",\"@id\":\"https:\/\/www.suno.com.br\/noticias\/colunas\/julio-hegedus-netto\/semana-politica-fiscal-reforma\/#article\",\"isPartOf\":{\"@id\":\"https:\/\/www.suno.com.br\/noticias\/colunas\/julio-hegedus-netto\/semana-politica-fiscal-reforma\/\"},\"author\":{\"name\":\"Julio Hegedus Netto\",\"@id\":\"https:\/\/www.suno.com.br\/noticias\/#\/schema\/person\/c5d31719f2f2f38c8d575fc08e55df1a\"},\"headline\":\"Semana pesada na pol\u00edtica e olho no fiscal em Bras\u00edlia\",\"datePublished\":\"2021-08-16T12:54:53+00:00\",\"dateModified\":\"2021-08-30T19:12:15+00:00\",\"mainEntityOfPage\":{\"@id\":\"https:\/\/www.suno.com.br\/noticias\/colunas\/julio-hegedus-netto\/semana-politica-fiscal-reforma\/\"},\"wordCount\":1475,\"publisher\":{\"@id\":\"https:\/\/www.suno.com.br\/noticias\/#organization\"},\"image\":{\"@id\":\"https:\/\/www.suno.com.br\/noticias\/colunas\/julio-hegedus-netto\/semana-politica-fiscal-reforma\/#primaryimage\"},\"thumbnailUrl\":\"https:\/\/storage.googleapis.com\/wp-noticias\/2021\/08\/cea9f63d-imagem1.png\",\"keywords\":[\"precat\u00f3rios\",\"reforma tribut\u00e1ria\"],\"inLanguage\":\"pt-BR\"},{\"@type\":\"WebPage\",\"@id\":\"https:\/\/www.suno.com.br\/noticias\/colunas\/julio-hegedus-netto\/semana-politica-fiscal-reforma\/\",\"url\":\"https:\/\/www.suno.com.br\/noticias\/colunas\/julio-hegedus-netto\/semana-politica-fiscal-reforma\/\",\"name\":\"Semana pesada na pol\u00edtica e olho no fiscal em Bras\u00edlia - Coluna Julio Hegedus Netto\",\"isPartOf\":{\"@id\":\"https:\/\/www.suno.com.br\/noticias\/#website\"},\"primaryImageOfPage\":{\"@id\":\"https:\/\/www.suno.com.br\/noticias\/colunas\/julio-hegedus-netto\/semana-politica-fiscal-reforma\/#primaryimage\"},\"image\":{\"@id\":\"https:\/\/www.suno.com.br\/noticias\/colunas\/julio-hegedus-netto\/semana-politica-fiscal-reforma\/#primaryimage\"},\"thumbnailUrl\":\"https:\/\/storage.googleapis.com\/wp-noticias\/2021\/08\/cea9f63d-imagem1.png\",\"datePublished\":\"2021-08-16T12:54:53+00:00\",\"dateModified\":\"2021-08-30T19:12:15+00:00\",\"description\":\"Leia a coluna de Julio Hegedus Netto sobre a aten\u00e7\u00e3o dos investidores na reforma tribut\u00e1ria, imposto de renda, MP do Aux\u00edlio Barsil e PEC dos Precat\u00f3rios\",\"breadcrumb\":{\"@id\":\"https:\/\/www.suno.com.br\/noticias\/colunas\/julio-hegedus-netto\/semana-politica-fiscal-reforma\/#breadcrumb\"},\"inLanguage\":\"pt-BR\",\"potentialAction\":[{\"@type\":\"ReadAction\",\"target\":[\"https:\/\/www.suno.com.br\/noticias\/colunas\/julio-hegedus-netto\/semana-politica-fiscal-reforma\/\"]}]},{\"@type\":\"ImageObject\",\"inLanguage\":\"pt-BR\",\"@id\":\"https:\/\/www.suno.com.br\/noticias\/colunas\/julio-hegedus-netto\/semana-politica-fiscal-reforma\/#primaryimage\",\"url\":\"https:\/\/storage.googleapis.com\/wp-noticias\/2021\/08\/cea9f63d-imagem1.png\",\"contentUrl\":\"https:\/\/storage.googleapis.com\/wp-noticias\/2021\/08\/cea9f63d-imagem1.png\"},{\"@type\":\"BreadcrumbList\",\"@id\":\"https:\/\/www.suno.com.br\/noticias\/colunas\/julio-hegedus-netto\/semana-politica-fiscal-reforma\/#breadcrumb\",\"itemListElement\":[{\"@type\":\"ListItem\",\"position\":1,\"name\":\"Not\u00edcias\",\"item\":\"https:\/\/www.suno.com.br\/noticias\/\"},{\"@type\":\"ListItem\",\"position\":2,\"name\":\"Colunas\",\"item\":\"https:\/\/www.suno.com.br\/noticias\/colunas\/\"},{\"@type\":\"ListItem\",\"position\":3,\"name\":\"Semana pesada na pol\u00edtica e olho no fiscal em Bras\u00edlia\"}]},{\"@type\":\"WebSite\",\"@id\":\"https:\/\/www.suno.com.br\/noticias\/#website\",\"url\":\"https:\/\/www.suno.com.br\/noticias\/\",\"name\":\"Suno Not\u00edcias\",\"description\":\"Seu portal de informa\u00e7\u00e3o sobre o mundo dos investimentos\",\"publisher\":{\"@id\":\"https:\/\/www.suno.com.br\/noticias\/#organization\"},\"potentialAction\":[{\"@type\":\"SearchAction\",\"target\":{\"@type\":\"EntryPoint\",\"urlTemplate\":\"https:\/\/www.suno.com.br\/noticias\/?s={search_term_string}\"},\"query-input\":{\"@type\":\"PropertyValueSpecification\",\"valueRequired\":true,\"valueName\":\"search_term_string\"}}],\"inLanguage\":\"pt-BR\"},{\"@type\":\"Organization\",\"@id\":\"https:\/\/www.suno.com.br\/noticias\/#organization\",\"name\":\"Suno Not\u00edcias\",\"url\":\"https:\/\/www.suno.com.br\/noticias\/\",\"logo\":{\"@type\":\"ImageObject\",\"inLanguage\":\"pt-BR\",\"@id\":\"https:\/\/www.suno.com.br\/noticias\/#\/schema\/logo\/image\/\",\"url\":\"https:\/\/files.sunoresearch.com.br\/n\/uploads\/2021\/09\/suno-logo.png\",\"contentUrl\":\"https:\/\/files.sunoresearch.com.br\/n\/uploads\/2021\/09\/suno-logo.png\",\"width\":180,\"height\":180,\"caption\":\"Suno Not\u00edcias\"},\"image\":{\"@id\":\"https:\/\/www.suno.com.br\/noticias\/#\/schema\/logo\/image\/\"},\"sameAs\":[\"https:\/\/facebook.com\/sunoresearch\",\"https:\/\/x.com\/sunoresearch\",\"https:\/\/www.instagram.com\/suno\",\"https:\/\/www.linkedin.com\/company\/suno-research\/\",\"https:\/\/www.youtube.com\/c\/sunoresearch\"]},{\"@type\":\"Person\",\"@id\":\"https:\/\/www.suno.com.br\/noticias\/#\/schema\/person\/c5d31719f2f2f38c8d575fc08e55df1a\",\"name\":\"Julio Hegedus Netto\",\"image\":{\"@type\":\"ImageObject\",\"inLanguage\":\"pt-BR\",\"@id\":\"https:\/\/www.suno.com.br\/noticias\/#\/schema\/person\/image\/\",\"url\":\"https:\/\/secure.gravatar.com\/avatar\/870043f332ebddfffd4a9e3a5dd46c13?s=96&r=g\",\"contentUrl\":\"https:\/\/secure.gravatar.com\/avatar\/870043f332ebddfffd4a9e3a5dd46c13?s=96&r=g\",\"caption\":\"Julio Hegedus Netto\"},\"description\":\"Economista-chefe da Lopes Filho por 26 anos, com mestrado na UFF e na UCAM e doutorando em Portugal. Escrevo relat\u00f3rios para a OHM RESEARCH e disponibilizo conte\u00fados no IML, Investing.com, Linkedin e Suno Not\u00edcias.\",\"sameAs\":[\"https:\/\/jhn031299.blogspot.com\/\",\"https:\/\/www.facebook.com\/julio.hegedus.5\",\"https:\/\/www.linkedin.com\/in\/juliohegedusnetto\/\",\"https:\/\/x.com\/JuHegedus\"],\"url\":\"https:\/\/www.suno.com.br\/noticias\/author\/julio-hegedus-netto\/\"}]}<\/script>\n<!-- \/ Yoast SEO plugin. -->","yoast_head_json":{"title":"Semana pesada na pol\u00edtica e olho no fiscal em Bras\u00edlia - Coluna Julio Hegedus Netto","description":"Leia a coluna de Julio Hegedus Netto sobre a aten\u00e7\u00e3o dos investidores na reforma tribut\u00e1ria, imposto de renda, MP do Aux\u00edlio Barsil e PEC dos Precat\u00f3rios","robots":{"index":"index","follow":"follow","max-snippet":"max-snippet:-1","max-image-preview":"max-image-preview:large","max-video-preview":"max-video-preview:-1"},"canonical":"https:\/\/www.suno.com.br\/noticias\/colunas\/julio-hegedus-netto\/semana-politica-fiscal-reforma\/","og_locale":"pt_BR","og_type":"article","og_title":"Semana pesada na pol\u00edtica e olho no fiscal em Bras\u00edlia - Coluna Julio Hegedus Netto","og_description":"Leia a coluna de Julio Hegedus Netto sobre a aten\u00e7\u00e3o dos investidores na reforma tribut\u00e1ria, imposto de renda, MP do Aux\u00edlio Barsil e PEC dos Precat\u00f3rios","og_url":"https:\/\/www.suno.com.br\/noticias\/colunas\/julio-hegedus-netto\/semana-politica-fiscal-reforma\/","og_site_name":"Suno Not\u00edcias","article_publisher":"https:\/\/facebook.com\/sunoresearch","og_image":[{"url":"https:\/\/storage.googleapis.com\/wp-noticias\/2021\/08\/cea9f63d-imagem1.png","type":"","width":"","height":""}],"twitter_card":"summary_large_image","twitter_site":"@sunoresearch","twitter_misc":{"Est. tempo de leitura":"7 minutos"},"schema":{"@context":"https:\/\/schema.org","@graph":[{"@type":"Article","@id":"https:\/\/www.suno.com.br\/noticias\/colunas\/julio-hegedus-netto\/semana-politica-fiscal-reforma\/#article","isPartOf":{"@id":"https:\/\/www.suno.com.br\/noticias\/colunas\/julio-hegedus-netto\/semana-politica-fiscal-reforma\/"},"author":{"name":"Julio Hegedus Netto","@id":"https:\/\/www.suno.com.br\/noticias\/#\/schema\/person\/c5d31719f2f2f38c8d575fc08e55df1a"},"headline":"Semana pesada na pol\u00edtica e olho no fiscal em Bras\u00edlia","datePublished":"2021-08-16T12:54:53+00:00","dateModified":"2021-08-30T19:12:15+00:00","mainEntityOfPage":{"@id":"https:\/\/www.suno.com.br\/noticias\/colunas\/julio-hegedus-netto\/semana-politica-fiscal-reforma\/"},"wordCount":1475,"publisher":{"@id":"https:\/\/www.suno.com.br\/noticias\/#organization"},"image":{"@id":"https:\/\/www.suno.com.br\/noticias\/colunas\/julio-hegedus-netto\/semana-politica-fiscal-reforma\/#primaryimage"},"thumbnailUrl":"https:\/\/storage.googleapis.com\/wp-noticias\/2021\/08\/cea9f63d-imagem1.png","keywords":["precat\u00f3rios","reforma tribut\u00e1ria"],"inLanguage":"pt-BR"},{"@type":"WebPage","@id":"https:\/\/www.suno.com.br\/noticias\/colunas\/julio-hegedus-netto\/semana-politica-fiscal-reforma\/","url":"https:\/\/www.suno.com.br\/noticias\/colunas\/julio-hegedus-netto\/semana-politica-fiscal-reforma\/","name":"Semana pesada na pol\u00edtica e olho no fiscal em Bras\u00edlia - Coluna Julio Hegedus Netto","isPartOf":{"@id":"https:\/\/www.suno.com.br\/noticias\/#website"},"primaryImageOfPage":{"@id":"https:\/\/www.suno.com.br\/noticias\/colunas\/julio-hegedus-netto\/semana-politica-fiscal-reforma\/#primaryimage"},"image":{"@id":"https:\/\/www.suno.com.br\/noticias\/colunas\/julio-hegedus-netto\/semana-politica-fiscal-reforma\/#primaryimage"},"thumbnailUrl":"https:\/\/storage.googleapis.com\/wp-noticias\/2021\/08\/cea9f63d-imagem1.png","datePublished":"2021-08-16T12:54:53+00:00","dateModified":"2021-08-30T19:12:15+00:00","description":"Leia a coluna de Julio Hegedus Netto sobre a aten\u00e7\u00e3o dos investidores na reforma tribut\u00e1ria, imposto de renda, MP do Aux\u00edlio Barsil e PEC dos Precat\u00f3rios","breadcrumb":{"@id":"https:\/\/www.suno.com.br\/noticias\/colunas\/julio-hegedus-netto\/semana-politica-fiscal-reforma\/#breadcrumb"},"inLanguage":"pt-BR","potentialAction":[{"@type":"ReadAction","target":["https:\/\/www.suno.com.br\/noticias\/colunas\/julio-hegedus-netto\/semana-politica-fiscal-reforma\/"]}]},{"@type":"ImageObject","inLanguage":"pt-BR","@id":"https:\/\/www.suno.com.br\/noticias\/colunas\/julio-hegedus-netto\/semana-politica-fiscal-reforma\/#primaryimage","url":"https:\/\/storage.googleapis.com\/wp-noticias\/2021\/08\/cea9f63d-imagem1.png","contentUrl":"https:\/\/storage.googleapis.com\/wp-noticias\/2021\/08\/cea9f63d-imagem1.png"},{"@type":"BreadcrumbList","@id":"https:\/\/www.suno.com.br\/noticias\/colunas\/julio-hegedus-netto\/semana-politica-fiscal-reforma\/#breadcrumb","itemListElement":[{"@type":"ListItem","position":1,"name":"Not\u00edcias","item":"https:\/\/www.suno.com.br\/noticias\/"},{"@type":"ListItem","position":2,"name":"Colunas","item":"https:\/\/www.suno.com.br\/noticias\/colunas\/"},{"@type":"ListItem","position":3,"name":"Semana pesada na pol\u00edtica e olho no fiscal em Bras\u00edlia"}]},{"@type":"WebSite","@id":"https:\/\/www.suno.com.br\/noticias\/#website","url":"https:\/\/www.suno.com.br\/noticias\/","name":"Suno Not\u00edcias","description":"Seu portal de informa\u00e7\u00e3o sobre o mundo dos investimentos","publisher":{"@id":"https:\/\/www.suno.com.br\/noticias\/#organization"},"potentialAction":[{"@type":"SearchAction","target":{"@type":"EntryPoint","urlTemplate":"https:\/\/www.suno.com.br\/noticias\/?s={search_term_string}"},"query-input":{"@type":"PropertyValueSpecification","valueRequired":true,"valueName":"search_term_string"}}],"inLanguage":"pt-BR"},{"@type":"Organization","@id":"https:\/\/www.suno.com.br\/noticias\/#organization","name":"Suno Not\u00edcias","url":"https:\/\/www.suno.com.br\/noticias\/","logo":{"@type":"ImageObject","inLanguage":"pt-BR","@id":"https:\/\/www.suno.com.br\/noticias\/#\/schema\/logo\/image\/","url":"https:\/\/files.sunoresearch.com.br\/n\/uploads\/2021\/09\/suno-logo.png","contentUrl":"https:\/\/files.sunoresearch.com.br\/n\/uploads\/2021\/09\/suno-logo.png","width":180,"height":180,"caption":"Suno Not\u00edcias"},"image":{"@id":"https:\/\/www.suno.com.br\/noticias\/#\/schema\/logo\/image\/"},"sameAs":["https:\/\/facebook.com\/sunoresearch","https:\/\/x.com\/sunoresearch","https:\/\/www.instagram.com\/suno","https:\/\/www.linkedin.com\/company\/suno-research\/","https:\/\/www.youtube.com\/c\/sunoresearch"]},{"@type":"Person","@id":"https:\/\/www.suno.com.br\/noticias\/#\/schema\/person\/c5d31719f2f2f38c8d575fc08e55df1a","name":"Julio Hegedus Netto","image":{"@type":"ImageObject","inLanguage":"pt-BR","@id":"https:\/\/www.suno.com.br\/noticias\/#\/schema\/person\/image\/","url":"https:\/\/secure.gravatar.com\/avatar\/870043f332ebddfffd4a9e3a5dd46c13?s=96&r=g","contentUrl":"https:\/\/secure.gravatar.com\/avatar\/870043f332ebddfffd4a9e3a5dd46c13?s=96&r=g","caption":"Julio Hegedus Netto"},"description":"Economista-chefe da Lopes Filho por 26 anos, com mestrado na UFF e na UCAM e doutorando em Portugal. Escrevo relat\u00f3rios para a OHM RESEARCH e disponibilizo conte\u00fados no IML, Investing.com, Linkedin e Suno Not\u00edcias.","sameAs":["https:\/\/jhn031299.blogspot.com\/","https:\/\/www.facebook.com\/julio.hegedus.5","https:\/\/www.linkedin.com\/in\/juliohegedusnetto\/","https:\/\/x.com\/JuHegedus"],"url":"https:\/\/www.suno.com.br\/noticias\/author\/julio-hegedus-netto\/"}]}},"amp_enabled":true,"_links":{"self":[{"href":"https:\/\/www.suno.com.br\/noticias\/wp-json\/wp\/v2\/suno_column\/175492"}],"collection":[{"href":"https:\/\/www.suno.com.br\/noticias\/wp-json\/wp\/v2\/suno_column"}],"about":[{"href":"https:\/\/www.suno.com.br\/noticias\/wp-json\/wp\/v2\/types\/suno_column"}],"author":[{"embeddable":true,"href":"https:\/\/www.suno.com.br\/noticias\/wp-json\/wp\/v2\/users\/82"}],"wp:attachment":[{"href":"https:\/\/www.suno.com.br\/noticias\/wp-json\/wp\/v2\/media?parent=175492"}],"wp:term":[{"taxonomy":"post_tag","embeddable":true,"href":"https:\/\/www.suno.com.br\/noticias\/wp-json\/wp\/v2\/tags?post=175492"}],"curies":[{"name":"wp","href":"https:\/\/api.w.org\/{rel}","templated":true}]}}