{"id":173603,"date":"2021-08-09T17:37:34","date_gmt":"2021-08-09T20:37:34","guid":{"rendered":"https:\/\/www.suno.com.br\/noticias\/colunas\/felipe-areia\/"},"modified":"2021-08-30T16:12:37","modified_gmt":"2021-08-30T19:12:37","slug":"semana-ipca-ata-copom-politica","status":"publish","type":"suno_column","link":"https:\/\/www.suno.com.br\/noticias\/colunas\/julio-hegedus-netto\/semana-ipca-ata-copom-politica\/","title":{"rendered":"Semana de IPCA, ata do Copom e ru\u00eddos pol\u00edticos"},"content":{"rendered":"<p>Ser\u00e1 mais uma semana de <strong>confus\u00f5es na pol\u00edtica<\/strong>, com o presidente cada vez mais isolado nas suas teses pelo \u201c<strong>voto impresso<\/strong>\u201d e a sociedade questionando sua fraca governabilidade. Domingo, mais uma \u201c<strong>motociata<\/strong>\u201d, ato transloucado, mas de pouca efic\u00e1cia pol\u00edtica, reunindo cada vez menos fi\u00e9is eleitores. H\u00e1 na sociedade um cansa\u00e7o com esta polariza\u00e7\u00e3o pol\u00edtica e tanta \u201cbaz\u00f3fia\u201d de ambos os lados. No mercado, uma semana de muita infla\u00e7\u00e3o, destaque para o IPCA e o IGP-DI, ata do Copom e dados de atividade, como vendas de varejo, desempenho do setor de servi\u00e7os e IBC-Br. Nos EUA, aten\u00e7\u00e3o para o CPI e o PPI.<\/p>\n\t<p>\n\t\t<a href=\"https:\/\/lp.suno.com.br\/planilha-controle-gastos\/\" target=\"_blank\" data-element=\"shortcode-suno-banner\" title=\"Banner SUNO, clique e saiba mais\">\n\t\t\t<picture>\n\t\t\t\t<source media=\"(max-width: 500px)\" srcset=\"https:\/\/files.sunoresearch.com.br\/n\/uploads\/2023\/03\/400x300-Planilha-controle-de-gastos.png\">\n\t\t\t\t<img class=\"newsContent__article__imgCapa newsContent__article__imgCapa--banner\"\n\t\t\t\t\tsrc=\"https:\/\/files.sunoresearch.com.br\/n\/uploads\/2023\/03\/1420x240-Planilha-controle-de-gastos.png\"\n\t\t\t\t\tdata-promo-id=\"101751\"\t\t\t\t\t\t\t\t\t\twidth='1420' height='240'\t\t\t\t\talt=\"https:\/\/files.sunoresearch.com.br\/n\/uploads\/2023\/03\/1420x240-Planilha-controle-de-gastos.png\"\n\t\t\t\t>\n\t\t\t<\/picture>\n\t\t<\/a>\n\t<\/p>\n\n\n<h3>Semana no Brasil e no mundo&#8230;<\/h3>\n<p>Sobre os imbr\u00f3glios pol\u00edticos do presidente, vai se tornando cada vez mais complicada sua \u201cgovernabilidade\u201d, at\u00e9 porque, desde o in\u00edcio do mandato foram in\u00fameros movimentos em falso, erros de avalia\u00e7\u00e3o, demiss\u00f5es injustas, <strong>perdas de apoio no Congresso<\/strong>, alguma defec\u00e7\u00e3o no <a class=\"suno-keyword\" href=\"https:\/\/www.suno.com.br\/artigos\/ministerio-da-economia\/\" target=\"_blank\" rel=\"noopener noreferrer\" data-force=\"no\" data-priority=\"3\">minist\u00e9rio da Economia<\/a>, hoje s\u00f3 restando o ministro <a href=\"https:\/\/www.suno.com.br\/tudo-sobre\/paulo-guedes\/\"><strong>Paulo Guedes<\/strong><\/a>.<\/p>\n<p>Ele, ali\u00e1s, \u00e9 o respons\u00e1vel pela \u201ccostura\u201d tentada para viabilizar o novo \u201c<strong>Bolsa Fam\u00edli<\/strong>a\u201d, podendo chegar a R$ 400, um verdadeiro instrumento populista e de coopta\u00e7\u00e3o de votos, num momento em que as pesquisas mostram <strong>Jair Bolsonaro<\/strong> na \u201cbacia das almas\u201d. Como sempre, entre os governos populistas, a necessidade de \u201ccomprar apoio\u201d. Foi assim no ciclo lulo-petista, \u00e9 assim no ciclo bolsonarista. Sobre o voto impresso. <strong>Artur Lira<\/strong>, depois da derrota em Comiss\u00e3o, resolveu lev\u00e1-lo a plen\u00e1rio. Deve sofrer uma derrota acachapante, sem apoio da maioria.<\/p>\n<p>Em paralelo, \u00e9 importante monitorar a China, perdendo f\u00f4lego no seu crescimento, pela complicada transi\u00e7\u00e3o na falta de insumos e fretes elevados, impactando na <a class=\"suno-keyword\" href=\"https:\/\/www.suno.com.br\/artigos\/balanca-comercial\/\" target=\"_blank\" rel=\"noopener noreferrer\" data-force=\"no\" data-priority=\"2\">balan\u00e7a comercial<\/a>, infla\u00e7\u00e3o e diretamente, aos EUA.<\/p>\n<h3>No Congresso&#8230;<\/h3>\n<p>Segue o ministro Guedes no esfor\u00e7o de tirar do <strong>teto dos gastos<\/strong> a PEC o \u201c<a href=\"https:\/\/www.suno.com.br\/noticias\/paulo-guedes-precatorios-devo-nao-nego\/\">parcelamento de precat\u00f3rios<\/a>\u201d. Lembremos que esta PEC nem foi ainda encaminhada ao Congresso. \u00c9 objetivo equipar\u00e1-la a uma \u201cdespesa de <a class=\"suno-keyword\" href=\"https:\/\/www.suno.com.br\/artigos\/capital-financeiro\/\" target=\"_blank\" rel=\"noopener noreferrer\" data-force=\"no\" data-priority=\"1\">capital financeiro<\/a>\u201d, o que proporcionaria um espa\u00e7o de R$ 19 bilh\u00f5es, usados nos programas sociais do governo. Lembremos tamb\u00e9m que estes precat\u00f3rios, d\u00edvidas da Uni\u00e3o junto a empresas e pessoas f\u00edsicas, equivalem a quase R$ 90 bilh\u00f5es, uma <strong>verdadeira bomba para a gest\u00e3o fiscal do governo<\/strong>.<\/p>\n\t<p>\n\t\t<a href=\"https:\/\/lp.suno.com.br\/planilha-da-vida-financeira\/\" target=\"_blank\" data-element=\"shortcode-suno-banner\" title=\"Banner SUNO, clique e saiba mais\">\n\t\t\t<picture>\n\t\t\t\t<source media=\"(max-width: 500px)\" srcset=\"https:\/\/files.sunoresearch.com.br\/n\/uploads\/2023\/04\/400x300-Planilha-vida-financeira-true.png\">\n\t\t\t\t<img class=\"newsContent__article__imgCapa newsContent__article__imgCapa--banner\"\n\t\t\t\t\tsrc=\"https:\/\/files.sunoresearch.com.br\/n\/uploads\/2023\/04\/1420x240-Planilha-vida-financeira-true.png\"\n\t\t\t\t\tdata-promo-id=\"106682\"\t\t\t\t\t\t\t\t\t\twidth='1420' height='240'\t\t\t\t\talt=\"https:\/\/files.sunoresearch.com.br\/n\/uploads\/2023\/04\/1420x240-Planilha-vida-financeira-true.png\"\n\t\t\t\t>\n\t\t\t<\/picture>\n\t\t<\/a>\n\t<\/p>\n\n\n<h3>Nos EUA&#8230;<\/h3>\n<p>O Senado norte-americano retoma os seus trabalhos da semana focado na an\u00e1lise do <strong>pacote de infraestrutura de US$ 1 trilh\u00e3o<\/strong>.<\/p>\n<p>Na sexta-feira, Robert Kaplan, do Fed de Dallas, voltou a defender o <strong>tapering<\/strong>, questionando a efic\u00e1cia na <strong>compra de ativos (QE)<\/strong>. Para ele, este instrumento \u00e9 mais eficaz para <strong>estimular a demanda<\/strong>, n\u00e3o resolvendo os <strong>problemas de oferta<\/strong>. Um dos riscos de mant\u00ea-lo ser\u00e1 aumentar a \u201ctomada excessiva de risco nos mercados\u201d e os desequil\u00edbrios no <a class=\"suno-keyword\" href=\"https:\/\/www.suno.com.br\/artigos\/mercado-imobiliario\/\" target=\"_blank\" rel=\"noopener noreferrer\" data-force=\"no\" data-priority=\"2\">mercado imobili\u00e1rio<\/a>. Kaplan defende um processo gradual de at\u00e9 oito meses.<\/p>\n<p>Na gera\u00e7\u00e3o de empregos, pelo <strong>payroll<\/strong>, foram 943 mil vagas geradas, contra expectativa de 870 mil. O setor p\u00fablico gerou 240 mil vagas e o privado 703 mil. J\u00e1 a taxa de desemprego recuou a 5,4% da PEA.<\/p>\n<p>Seguem os problemas nas cadeias de suprimento dos EUA. J\u00e1 s\u00e3o 1,1 milh\u00e3o de ve\u00edculos enfrentando gargalos de produ\u00e7\u00e3o pela falta de insumos. Ford, Stellantis e GM somam 855 mil. A Ford tem atraso em cinco modelos, dos dez produzidos, incluindo a s\u00e9rie F.<\/p>\n\t<p>\n\t\t<a href=\"\" target=\"_blank\" data-element=\"shortcode-suno-banner\" title=\"Banner SUNO, clique e saiba mais\">\n\t\t\t<picture>\n\t\t\t\t<source media=\"(max-width: 500px)\" srcset=\"\">\n\t\t\t\t<img class=\"newsContent__article__imgCapa newsContent__article__imgCapa--banner\"\n\t\t\t\t\tsrc=\"\"\n\t\t\t\t\tdata-promo-id=\"77053\"\t\t\t\t\t\t\t\t\t\t\t\t\t\t\talt=\"\"\n\t\t\t\t>\n\t\t\t<\/picture>\n\t\t<\/a>\n\t<\/p>\n\n\n<h3>Na China&#8230;<\/h3>\n<p>Segundo o Goldman Sachs, a China vive uma \u201ctransi\u00e7\u00e3o complicada\u201d de retomada, com falta de insumos para \u201catender\u201d \u00e0s variadas cadeias produtivas do Pa\u00eds e do mundo, em especial, nos EUA. Para piorar, tuf\u00f5es na regi\u00e3o s\u00e3o previstos neste m\u00eas. De agosto a dezembro 16 a 18 tuf\u00f5es devem chegar ao Noroeste do Pac\u00edfico e mar da China. Cerca de 4 a 6 podem chegar no continente chin\u00eas.<\/p>\n<p>Sendo assim, segundo o Goldman, <strong>atrasos no fornecimento de suprimentos, altera\u00e7\u00f5es regulat\u00f3rias, tuf\u00f5es paralisando alguns portes e algumas produ\u00e7\u00f5es, e mais uma \u201conda de Covid19\u201d<\/strong> (ainda mais agressiva), dentre outros fatores, tendem a ser fatais para o ritmo de retomada do pa\u00eds. <strong>Restri\u00e7\u00f5es \u00e0 circula\u00e7\u00e3o<\/strong> j\u00e1 come\u00e7am a ocorrer, com regi\u00f5es de alto risco \u201cfechadas\u201d, visando preservar \u00e0s de baixo risco. Algumas f\u00e1bricas est\u00e3o fechando tamb\u00e9m por falta de estoques para exportar.<\/p>\n<p>Isso afeta o escoamento no fluxo de com\u00e9rcio e impacta o PIB chin\u00eas e a infla\u00e7\u00e3o (j\u00e1 acontecendo).<\/p>\n<p>Com tudo isso, as <strong>previs\u00f5es de crescimento do PIB<\/strong> est\u00e3o sendo revisadas.<\/p>\n<p>No terceiro trimestre o <a href=\"https:\/\/www.suno.com.br\/artigos\/pib-produto-interno-bruto\/\">PIB<\/a> deve recuar a 5,0% contra o trimestre anterior (5,0% no primeiro e 5,5% no segundo tri). Esta revis\u00e3o para baixo deve ser atribu\u00edda, em especial, ao consumo de servi\u00e7os mais fraco, incluindo viagens, alimenta\u00e7\u00e3o e entretenimento.<\/p>\n<p>Para o quarto trimestre h\u00e1 uma perspectiva de crescimento de 5,5%, desde que haja<strong> apoios fiscais<\/strong>, investimentos em infraestrutura e um suave <strong>crescimento dos servi\u00e7os<\/strong>. Neste contexto, no ano como um todo o crescimento do PIB deve ficar em torno de 8,2%, e n\u00e3o 8,7%, como antes projetado.<\/p>\n<p>O Goldman Sachs acha que esta redu\u00e7\u00e3o na \u201cvelocidade do crescimento da China\u201d s\u00f3 deve durar um trimestre. O problema \u00e9 o impacto sobre todas as cadeias de suprimento de insumos globais. Sem d\u00favida, que a interrup\u00e7\u00e3o nestas \u201ccadeias\u201d na China afetar\u00e1 diretamente as empresas automobil\u00edsticas na Europa e nos EUA. Estas interrup\u00e7\u00f5es na cadeia de suprimentos da China j\u00e1 s\u00e3o as mais graves em d\u00e9cadas.<\/p>\n<figure id=\"attachment_173605\" aria-describedby=\"caption-attachment-173605\" style=\"width: 683px\" class=\"wp-caption alignnone\"><img loading=\"lazy\" decoding=\"async\" class=\"size-full wp-image-173605\" src=\"https:\/\/storage.googleapis.com\/wp-noticias\/2021\/08\/60140511-imagem1.png\" alt=\"Crescimento do PIB da China\" width=\"683\" height=\"264\" srcset=\"https:\/\/files.sunoresearch.com.br\/n\/uploads\/2021\/08\/60140511-imagem1.png 683w, https:\/\/files.sunoresearch.com.br\/n\/uploads\/2021\/08\/60140511-imagem1-300x116.png 300w, https:\/\/files.sunoresearch.com.br\/n\/uploads\/2021\/08\/60140511-imagem1-150x58.png 150w\" sizes=\"(max-width: 683px) 100vw, 683px\" \/><figcaption id=\"caption-attachment-173605\" class=\"wp-caption-text\">Crescimento do PIB da China<\/figcaption><\/figure>\n<p>Tr\u00eas s\u00e3o os riscos principais nestas interrup\u00e7\u00f5es no fornecimento de insumos:<\/p>\n<ol>\n<li>Os pa\u00edses da \u00c1sia e Pac\u00edfico respondem por metade dos <strong>semicondutores<\/strong> usados nos EUA. Esta situa\u00e7\u00e3o parece controlada, mas o problema s\u00e3o os seus subfornecedores, em dificuldade para manter a produ\u00e7\u00e3o. Como o governo est\u00e1 adotando medidas de restri\u00e7\u00e3o mais r\u00edgidas, por causa da nova onda do Covid, muitas foram obrigadas a fechar ou limitar a produ\u00e7\u00e3o destes insumos;<\/li>\n<li>Os EUA importam pouco mais de 20% dos seus autom\u00f3veis da \u00c1sia e Pac\u00edfico. Estes fornecedores de insumos, em restri\u00e7\u00e3o, tendem a afetar tamb\u00e9m o mercado japon\u00eas, como a TOYOTA, que anunciou uma breve paralisa\u00e7\u00e3o na produ\u00e7\u00e3o. Afeta-se assim o volume de exporta\u00e7\u00f5es para os EUA, j\u00e1 em situa\u00e7\u00e3o delicada nos seus estoques de carros novos;<\/li>\n<li>As importa\u00e7\u00f5es da China para os EUA RESPONDEM por 9% no uso dom\u00e9stico de v\u00e1rios produtos vulner\u00e1veis, como pl\u00e1stico, semicondutores, m\u00f3veis e roupas. Com as restri\u00e7\u00f5es na China, estes produtores atrasar\u00e3o suas entregas.<\/li>\n<\/ol>\n<p>Resultado: <strong>efeitos colaterais nos EUA.<\/strong><\/p>\n<p>Diante de tudo isso, e com os portos fechados, os custos de frete aumentaram demais, impactando ainda mais a tal \u201cinfla\u00e7\u00e3o transit\u00f3ria\u201d.<\/p>\n<h3>Indicadores<\/h3>\n<p>Na China, a infla\u00e7\u00e3o do CPI veio em 1% em julho pela base anual, superando as proje\u00e7\u00f5es em torno de 0,8%. J\u00e1 o PPI registrou 9,0% em julho, acima das expectativas de 8,8%. J\u00e1 as exporta\u00e7\u00f5es desaceleraram 32,2% para 19,9% entre junho e julho, um pouco abaixo do esperado. J\u00e1 as importa\u00e7\u00f5es tamb\u00e9m perderam ritmo, passando de 36,7% para 28,1%. No super\u00e1vit, saldo foi a US$ 56,6 bilh\u00f5es, acima das estimativas (US$ 54 bilh\u00f5es), mas em menor intensidade. N\u00e3o resta d\u00favida que, por problema no fornecimento de insumos, esta reabertura da China vem sendo problem\u00e1tica, o que tende a afetar o humor dos mercados nesta segunda-feira.<\/p>\n<figure id=\"attachment_173609\" aria-describedby=\"caption-attachment-173609\" style=\"width: 402px\" class=\"wp-caption alignnone\"><img loading=\"lazy\" decoding=\"async\" class=\"size-full wp-image-173609\" src=\"https:\/\/storage.googleapis.com\/wp-noticias\/2021\/08\/f17d84f7-imagem2.png\" alt=\"Exporta\u00e7\u00f5es e importa\u00e7\u00f5es da China\" width=\"402\" height=\"261\" srcset=\"https:\/\/files.sunoresearch.com.br\/n\/uploads\/2021\/08\/f17d84f7-imagem2.png 402w, https:\/\/files.sunoresearch.com.br\/n\/uploads\/2021\/08\/f17d84f7-imagem2-300x195.png 300w, https:\/\/files.sunoresearch.com.br\/n\/uploads\/2021\/08\/f17d84f7-imagem2-400x261.png 400w, https:\/\/files.sunoresearch.com.br\/n\/uploads\/2021\/08\/f17d84f7-imagem2-150x97.png 150w\" sizes=\"(max-width: 402px) 100vw, 402px\" \/><figcaption id=\"caption-attachment-173609\" class=\"wp-caption-text\">Exporta\u00e7\u00f5es e importa\u00e7\u00f5es da China<\/figcaption><\/figure>\n\t<p>\n\t\t<a href=\"\" target=\"_blank\" data-element=\"shortcode-suno-banner\" title=\"Banner SUNO, clique e saiba mais\">\n\t\t\t<picture>\n\t\t\t\t<source media=\"(max-width: 500px)\" srcset=\"\">\n\t\t\t\t<img class=\"newsContent__article__imgCapa newsContent__article__imgCapa--banner\"\n\t\t\t\t\tsrc=\"\"\n\t\t\t\t\tdata-promo-id=\"89005\"\t\t\t\t\t\t\t\t\t\t\t\t\t\t\talt=\"\"\n\t\t\t\t>\n\t\t\t<\/picture>\n\t\t<\/a>\n\t<\/p>\n\n\n<h3>No mercado<\/h3>\n<p>Na sexta-feira (dia 06), o Ibovespa encerrou a semana em alta de o,97%, a 122.810 pontos, na semana subindo 0,83%, impulsionado pela <a href=\"http:\/\/www.suno.com.br\/acoes\/petr4\/\">Petrobras (PETR4)<\/a> (+5,5%). J\u00e1 o d\u00f3lar avan\u00e7ou, para fechar o dia a R$ 5,234 (+0,35%). No mercado de juro, as pontas curtas e intermedi\u00e1rias operaram pressionada, em eleva\u00e7\u00e3o, e as longas, em queda.<\/p>\n<p>Nesta madrugada (05h05 do dia 09), no mercado asi\u00e1tico, os \u00edndices operaram mistos. A BOLSA Kospi, da Cor\u00e9ia do Sul, recuou 0,30%, a Nikkei +0,33%, Shanghai +1,05% e <a class=\"suno-keyword\" href=\"https:\/\/www.suno.com.br\/artigos\/hang-seng\/\" target=\"_blank\" rel=\"noopener noreferrer\" data-force=\"no\" data-priority=\"1\">Hang Seng<\/a> -0,27%.<\/p>\n<p>No DXY, o avan\u00e7o do d\u00f3lar era de 0,01%, a 92.796 pontos, os TNotes de 10 anos subiam 0,16%, a 1,290% e os barris de petr\u00f3leo RECUAVAM FORTES, WTI a US$ 65,89 (-3,51%) e Brent a US$ 68,36 (-3,31%). Na abertura da Europa, os mercados operavam entre est\u00e1veis e em leve baixa. DAX avan\u00e7ando 0,04%, <a class=\"suno-keyword\" href=\"https:\/\/www.suno.com.br\/artigos\/ftse-100\/\" target=\"_blank\" rel=\"noopener noreferrer\" data-force=\"no\" data-priority=\"1\">FTSE 100<\/a> -0,18%, <a class=\"suno-keyword\" href=\"https:\/\/www.suno.com.br\/artigos\/cac-40\/\" target=\"_blank\" rel=\"noopener noreferrer\" data-force=\"no\" data-priority=\"1\">CAC 40<\/a> +0,14% e Eurostoxx50 +0,15%. Expectativa dos mercados quanto ao espalhamento da <strong>variante Delta<\/strong> e com os <strong>INFLA\u00c7\u00c3O<\/strong> nos EUA. Ata do Copom capitaliza no BRASIL. China no radar.<\/p>\n<p>Na agenda desta semana, no Brasil, destaque para o IPCA e o IGP-DI de julho, a ata do Copom e variados <a class=\"suno-keyword\" href=\"https:\/\/www.suno.com.br\/artigos\/indicadores-de-atividade\/\" target=\"_blank\" rel=\"noopener noreferrer\" data-force=\"no\" data-priority=\"1\">indicadores de atividade<\/a>, como as <strong>vendas de VAREJO<\/strong> e o<strong> IBC-Br<\/strong>. Nos EUA, o CPI e o PPI.<\/p>\n<p>Boa semana a todos!<\/p>\n\t<p>\n\t\t<a href=\"https:\/\/lp.suno.com.br\/ebook-como-analisar-uma-acao\/\" target=\"_blank\" data-element=\"shortcode-suno-banner\" title=\"Banner SUNO, clique e saiba mais\">\n\t\t\t<picture>\n\t\t\t\t<source media=\"(max-width: 500px)\" srcset=\"https:\/\/files.sunoresearch.com.br\/n\/uploads\/2023\/03\/Ebook-Acoes-Mobile-1.jpg\">\n\t\t\t\t<img class=\"newsContent__article__imgCapa newsContent__article__imgCapa--banner\"\n\t\t\t\t\tsrc=\"https:\/\/files.sunoresearch.com.br\/n\/uploads\/2023\/03\/Ebook-Acoes-Desktop-1.jpg\"\n\t\t\t\t\tdata-promo-id=\"171998\"\t\t\t\t\t\t\t\t\t\twidth='1420' height='286'\t\t\t\t\talt=\"https:\/\/files.sunoresearch.com.br\/n\/uploads\/2023\/03\/Ebook-Acoes-Desktop-1.jpg\"\n\t\t\t\t>\n\t\t\t<\/picture>\n\t\t<\/a>\n\t<\/p>\n\n\n<table>\n<tbody>\n<tr>\n<td>\n<h3><strong>Agenda Semanal<\/strong><\/h3>\n<\/td>\n<\/tr>\n<tr>\n<td><strong>2\u00aa feira (09)<\/strong><\/td>\n<td>\u00a0IPP (Jul) e IPC (Jul) (China); Importa\u00e7\u00f5es \/ Exporta\u00e7\u00f5es (Jun) e Balan\u00e7a Comercial (Jun) (Alemanha); IGP-DI (Jul) (BRASIL); Boletim Focus (BRASIL); Ofertas de Emprego JOLTs (Jun) (EUA); \u00cdndice de Tend\u00eancia de Emprego (Jul) (EUA); Dia da Montanha (Jap\u00e3o).<\/td>\n<\/tr>\n<tr>\n<td><strong>3\u00aa feira (10)<\/strong><\/td>\n<td>\u00cdndice ZEW de Condi\u00e7\u00f5es Atuais (Ago) (Alemanha); Percep\u00e7\u00e3o Econ\u00f4mica ZEW (Ago) (Alemanha); Percep\u00e7\u00e3o Econ\u00f4mica ZEW (Ago) (Euro); IPCA (Jul) (Brasil); Leil\u00e3o Tesouro Nacional NTN-B (Brasil).<\/td>\n<\/tr>\n<tr>\n<td><strong>4\u00aa feira (11)<\/strong><\/td>\n<td>IPC (Jul) (Alemanha); Ata do Copom (Brasil); Vendas no Varejo (Jun) (PMC \u2013 IBGE) (BRASIL); IPC (Jul) (EUA); Estoques de Petr\u00f3leo em Cushing; Confian\u00e7a do Consumidor Reuters\/Ipsos (Ago) (Brasil); IPC &#8211; Cleveland (Jul) (EUA); Leil\u00e3o Americano Note a 10 anos (EUA); Fluxo Cambial Estrangeiro (BRASIL); Balan\u00e7o Or\u00e7ament\u00e1rio Federal (Jul) (EUA).<\/td>\n<\/tr>\n<tr>\n<td><strong>5\u00aa feira (12)<\/strong><\/td>\n<td>Produ\u00e7\u00e3o Industrial (Jun) (JAP\u00c3O); PIB (Trimestral) (Q2) (REINO UNIDO); Produ\u00e7\u00e3o Industrial (Jun) (REINO UNIDO); Relat\u00f3rio Mensal da IEA (EUA); Produ\u00e7\u00e3o Industrial (Jun) (EURO); Relat\u00f3rio Mensal da OPEP; Crescimento do Setor de Servi\u00e7os (Jun) (BRASIL); N\u00facleo do IPP (Jul) (EUA); IPP (Jul) (EUA); Pedidos Iniciais por Seguro-Desemprego (EUA); Leil\u00e3o Tesouro Nacional LFT, NTN-F, LTN (BRASIL); Leil\u00e3o Americano Bond a 30 anos (EUA).<\/td>\n<\/tr>\n<tr>\n<td><strong>6\u00aa feira (13)<\/strong><\/td>\n<td>Balan\u00e7a Comercial (Jun) (EURO); IBC-Br (BRASIL); Pre\u00e7os de Bens Importados (Jul) (EUA); Pre\u00e7os de Bens Exportados (Jul) (EUA); \u00cdndice Michigan de Percep\u00e7\u00e3o do Consumidor (Ago) (EUA); Confian\u00e7a do Consumidor Michigan &#8211; Leitura Final (Ago) (EUA); Contagem de Sondas Baker Hughes.<\/td>\n<\/tr>\n<\/tbody>\n<\/table>\n<p>&#8212;<\/p>\n<p><em>Os textos e opini\u00f5es publicados na \u00e1rea de colunistas s\u00e3o de responsabilidade do autor e n\u00e3o representam, necessariamente, a vis\u00e3o do <\/em>Suno Not\u00edcias <em>ou do <\/em>Grupo Suno<\/p>\n\t<p>\n\t\t<a href=\"https:\/\/lp.suno.com.br\/planilha-de-controle-de-investimentos\/\" target=\"_blank\" data-element=\"shortcode-suno-banner\" title=\"Banner SUNO, clique e saiba mais\">\n\t\t\t<picture>\n\t\t\t\t<source media=\"(max-width: 500px)\" srcset=\"https:\/\/files.sunoresearch.com.br\/n\/uploads\/2023\/03\/400x300-Controle-de-Investimentos.png\">\n\t\t\t\t<img class=\"newsContent__article__imgCapa newsContent__article__imgCapa--banner\"\n\t\t\t\t\tsrc=\"https:\/\/files.sunoresearch.com.br\/n\/uploads\/2023\/03\/1420x240-Controle-de-Investimentos.png\"\n\t\t\t\t\tdata-promo-id=\"75934\"\t\t\t\t\t\t\t\t\t\twidth='1420' height='240'\t\t\t\t\talt=\"https:\/\/files.sunoresearch.com.br\/n\/uploads\/2023\/03\/1420x240-Controle-de-Investimentos.png\"\n\t\t\t\t>\n\t\t\t<\/picture>\n\t\t<\/a>\n\t<\/p>\n\n\n","protected":false},"excerpt":{"rendered":"<p>Ser\u00e1 mais uma semana de confus\u00f5es na pol\u00edtica, com o presidente cada vez mais isolado nas suas teses pelo \u201cvoto impresso\u201d e a sociedade questionando sua fraca governab&#8230;<\/p>\n","protected":false},"author":82,"featured_media":0,"template":"","tags":[711,1104,793,966,803],"class_list":["post-173603","suno_column","type-suno_column","status-publish","hentry","tag-china","tag-copom","tag-estados-unidos-eua","tag-ipca","tag-varejo"],"yoast_head":"<!-- This site is optimized with the Yoast SEO plugin v24.4 - https:\/\/yoast.com\/wordpress\/plugins\/seo\/ -->\n<title>Semana de IPCA, ata do Copom e ru\u00eddos pol\u00edticos - Coluna de Julio Hegedus Netto<\/title>\n<meta name=\"description\" content=\"Leia a coluna de Julio Hegedus Netto sobre os principais temas que dever\u00e3o mexer com o mercado financeiro nesta semana!\" \/>\n<meta name=\"robots\" content=\"index, follow, max-snippet:-1, max-image-preview:large, max-video-preview:-1\" \/>\n<link rel=\"canonical\" href=\"https:\/\/www.suno.com.br\/noticias\/colunas\/julio-hegedus-netto\/semana-ipca-ata-copom-politica\/\" \/>\n<meta property=\"og:locale\" content=\"pt_BR\" \/>\n<meta property=\"og:type\" content=\"article\" \/>\n<meta property=\"og:title\" content=\"Semana de IPCA, ata do Copom e ru\u00eddos pol\u00edticos - Coluna de Julio Hegedus Netto\" \/>\n<meta property=\"og:description\" content=\"Leia a coluna de Julio Hegedus Netto sobre os principais temas que dever\u00e3o mexer com o mercado financeiro nesta semana!\" \/>\n<meta property=\"og:url\" content=\"https:\/\/www.suno.com.br\/noticias\/colunas\/julio-hegedus-netto\/semana-ipca-ata-copom-politica\/\" \/>\n<meta property=\"og:site_name\" content=\"Suno Not\u00edcias\" \/>\n<meta property=\"article:publisher\" content=\"https:\/\/facebook.com\/sunoresearch\" \/>\n<meta property=\"og:image\" content=\"https:\/\/storage.googleapis.com\/wp-noticias\/2021\/08\/60140511-imagem1.png\" \/>\n<meta name=\"twitter:card\" content=\"summary_large_image\" \/>\n<meta name=\"twitter:site\" content=\"@sunoresearch\" \/>\n<meta name=\"twitter:label1\" content=\"Est. tempo de leitura\" \/>\n\t<meta name=\"twitter:data1\" content=\"9 minutos\" \/>\n<script type=\"application\/ld+json\" class=\"yoast-schema-graph\">{\"@context\":\"https:\/\/schema.org\",\"@graph\":[{\"@type\":\"Article\",\"@id\":\"https:\/\/www.suno.com.br\/noticias\/colunas\/julio-hegedus-netto\/semana-ipca-ata-copom-politica\/#article\",\"isPartOf\":{\"@id\":\"https:\/\/www.suno.com.br\/noticias\/colunas\/julio-hegedus-netto\/semana-ipca-ata-copom-politica\/\"},\"author\":{\"name\":\"Julio Hegedus Netto\",\"@id\":\"https:\/\/www.suno.com.br\/noticias\/#\/schema\/person\/c5d31719f2f2f38c8d575fc08e55df1a\"},\"headline\":\"Semana de IPCA, ata do Copom e ru\u00eddos pol\u00edticos\",\"datePublished\":\"2021-08-09T20:37:34+00:00\",\"dateModified\":\"2021-08-30T19:12:37+00:00\",\"mainEntityOfPage\":{\"@id\":\"https:\/\/www.suno.com.br\/noticias\/colunas\/julio-hegedus-netto\/semana-ipca-ata-copom-politica\/\"},\"wordCount\":1793,\"publisher\":{\"@id\":\"https:\/\/www.suno.com.br\/noticias\/#organization\"},\"image\":{\"@id\":\"https:\/\/www.suno.com.br\/noticias\/colunas\/julio-hegedus-netto\/semana-ipca-ata-copom-politica\/#primaryimage\"},\"thumbnailUrl\":\"https:\/\/storage.googleapis.com\/wp-noticias\/2021\/08\/60140511-imagem1.png\",\"keywords\":[\"China\",\"Copom\",\"Estados Unidos (EUA)\",\"IPCA\",\"varejo\"],\"inLanguage\":\"pt-BR\"},{\"@type\":\"WebPage\",\"@id\":\"https:\/\/www.suno.com.br\/noticias\/colunas\/julio-hegedus-netto\/semana-ipca-ata-copom-politica\/\",\"url\":\"https:\/\/www.suno.com.br\/noticias\/colunas\/julio-hegedus-netto\/semana-ipca-ata-copom-politica\/\",\"name\":\"Semana de IPCA, ata do Copom e ru\u00eddos pol\u00edticos - Coluna de Julio Hegedus Netto\",\"isPartOf\":{\"@id\":\"https:\/\/www.suno.com.br\/noticias\/#website\"},\"primaryImageOfPage\":{\"@id\":\"https:\/\/www.suno.com.br\/noticias\/colunas\/julio-hegedus-netto\/semana-ipca-ata-copom-politica\/#primaryimage\"},\"image\":{\"@id\":\"https:\/\/www.suno.com.br\/noticias\/colunas\/julio-hegedus-netto\/semana-ipca-ata-copom-politica\/#primaryimage\"},\"thumbnailUrl\":\"https:\/\/storage.googleapis.com\/wp-noticias\/2021\/08\/60140511-imagem1.png\",\"datePublished\":\"2021-08-09T20:37:34+00:00\",\"dateModified\":\"2021-08-30T19:12:37+00:00\",\"description\":\"Leia a coluna de Julio Hegedus Netto sobre os principais temas que dever\u00e3o mexer com o mercado financeiro nesta semana!\",\"breadcrumb\":{\"@id\":\"https:\/\/www.suno.com.br\/noticias\/colunas\/julio-hegedus-netto\/semana-ipca-ata-copom-politica\/#breadcrumb\"},\"inLanguage\":\"pt-BR\",\"potentialAction\":[{\"@type\":\"ReadAction\",\"target\":[\"https:\/\/www.suno.com.br\/noticias\/colunas\/julio-hegedus-netto\/semana-ipca-ata-copom-politica\/\"]}]},{\"@type\":\"ImageObject\",\"inLanguage\":\"pt-BR\",\"@id\":\"https:\/\/www.suno.com.br\/noticias\/colunas\/julio-hegedus-netto\/semana-ipca-ata-copom-politica\/#primaryimage\",\"url\":\"https:\/\/storage.googleapis.com\/wp-noticias\/2021\/08\/60140511-imagem1.png\",\"contentUrl\":\"https:\/\/storage.googleapis.com\/wp-noticias\/2021\/08\/60140511-imagem1.png\"},{\"@type\":\"BreadcrumbList\",\"@id\":\"https:\/\/www.suno.com.br\/noticias\/colunas\/julio-hegedus-netto\/semana-ipca-ata-copom-politica\/#breadcrumb\",\"itemListElement\":[{\"@type\":\"ListItem\",\"position\":1,\"name\":\"Not\u00edcias\",\"item\":\"https:\/\/www.suno.com.br\/noticias\/\"},{\"@type\":\"ListItem\",\"position\":2,\"name\":\"Colunas\",\"item\":\"https:\/\/www.suno.com.br\/noticias\/colunas\/\"},{\"@type\":\"ListItem\",\"position\":3,\"name\":\"Semana de IPCA, ata do Copom e ru\u00eddos pol\u00edticos\"}]},{\"@type\":\"WebSite\",\"@id\":\"https:\/\/www.suno.com.br\/noticias\/#website\",\"url\":\"https:\/\/www.suno.com.br\/noticias\/\",\"name\":\"Suno Not\u00edcias\",\"description\":\"Seu portal de informa\u00e7\u00e3o sobre o mundo dos investimentos\",\"publisher\":{\"@id\":\"https:\/\/www.suno.com.br\/noticias\/#organization\"},\"potentialAction\":[{\"@type\":\"SearchAction\",\"target\":{\"@type\":\"EntryPoint\",\"urlTemplate\":\"https:\/\/www.suno.com.br\/noticias\/?s={search_term_string}\"},\"query-input\":{\"@type\":\"PropertyValueSpecification\",\"valueRequired\":true,\"valueName\":\"search_term_string\"}}],\"inLanguage\":\"pt-BR\"},{\"@type\":\"Organization\",\"@id\":\"https:\/\/www.suno.com.br\/noticias\/#organization\",\"name\":\"Suno Not\u00edcias\",\"url\":\"https:\/\/www.suno.com.br\/noticias\/\",\"logo\":{\"@type\":\"ImageObject\",\"inLanguage\":\"pt-BR\",\"@id\":\"https:\/\/www.suno.com.br\/noticias\/#\/schema\/logo\/image\/\",\"url\":\"https:\/\/files.sunoresearch.com.br\/n\/uploads\/2021\/09\/suno-logo.png\",\"contentUrl\":\"https:\/\/files.sunoresearch.com.br\/n\/uploads\/2021\/09\/suno-logo.png\",\"width\":180,\"height\":180,\"caption\":\"Suno Not\u00edcias\"},\"image\":{\"@id\":\"https:\/\/www.suno.com.br\/noticias\/#\/schema\/logo\/image\/\"},\"sameAs\":[\"https:\/\/facebook.com\/sunoresearch\",\"https:\/\/x.com\/sunoresearch\",\"https:\/\/www.instagram.com\/suno\",\"https:\/\/www.linkedin.com\/company\/suno-research\/\",\"https:\/\/www.youtube.com\/c\/sunoresearch\"]},{\"@type\":\"Person\",\"@id\":\"https:\/\/www.suno.com.br\/noticias\/#\/schema\/person\/c5d31719f2f2f38c8d575fc08e55df1a\",\"name\":\"Julio Hegedus Netto\",\"image\":{\"@type\":\"ImageObject\",\"inLanguage\":\"pt-BR\",\"@id\":\"https:\/\/www.suno.com.br\/noticias\/#\/schema\/person\/image\/\",\"url\":\"https:\/\/secure.gravatar.com\/avatar\/870043f332ebddfffd4a9e3a5dd46c13?s=96&r=g\",\"contentUrl\":\"https:\/\/secure.gravatar.com\/avatar\/870043f332ebddfffd4a9e3a5dd46c13?s=96&r=g\",\"caption\":\"Julio Hegedus Netto\"},\"description\":\"Economista-chefe da Lopes Filho por 26 anos, com mestrado na UFF e na UCAM e doutorando em Portugal. Escrevo relat\u00f3rios para a OHM RESEARCH e disponibilizo conte\u00fados no IML, Investing.com, Linkedin e Suno Not\u00edcias.\",\"sameAs\":[\"https:\/\/jhn031299.blogspot.com\/\",\"https:\/\/www.facebook.com\/julio.hegedus.5\",\"https:\/\/www.linkedin.com\/in\/juliohegedusnetto\/\",\"https:\/\/x.com\/JuHegedus\"],\"url\":\"https:\/\/www.suno.com.br\/noticias\/author\/julio-hegedus-netto\/\"}]}<\/script>\n<!-- \/ Yoast SEO plugin. -->","yoast_head_json":{"title":"Semana de IPCA, ata do Copom e ru\u00eddos pol\u00edticos - Coluna de Julio Hegedus Netto","description":"Leia a coluna de Julio Hegedus Netto sobre os principais temas que dever\u00e3o mexer com o mercado financeiro nesta semana!","robots":{"index":"index","follow":"follow","max-snippet":"max-snippet:-1","max-image-preview":"max-image-preview:large","max-video-preview":"max-video-preview:-1"},"canonical":"https:\/\/www.suno.com.br\/noticias\/colunas\/julio-hegedus-netto\/semana-ipca-ata-copom-politica\/","og_locale":"pt_BR","og_type":"article","og_title":"Semana de IPCA, ata do Copom e ru\u00eddos pol\u00edticos - Coluna de Julio Hegedus Netto","og_description":"Leia a coluna de Julio Hegedus Netto sobre os principais temas que dever\u00e3o mexer com o mercado financeiro nesta semana!","og_url":"https:\/\/www.suno.com.br\/noticias\/colunas\/julio-hegedus-netto\/semana-ipca-ata-copom-politica\/","og_site_name":"Suno Not\u00edcias","article_publisher":"https:\/\/facebook.com\/sunoresearch","og_image":[{"url":"https:\/\/storage.googleapis.com\/wp-noticias\/2021\/08\/60140511-imagem1.png","type":"","width":"","height":""}],"twitter_card":"summary_large_image","twitter_site":"@sunoresearch","twitter_misc":{"Est. tempo de leitura":"9 minutos"},"schema":{"@context":"https:\/\/schema.org","@graph":[{"@type":"Article","@id":"https:\/\/www.suno.com.br\/noticias\/colunas\/julio-hegedus-netto\/semana-ipca-ata-copom-politica\/#article","isPartOf":{"@id":"https:\/\/www.suno.com.br\/noticias\/colunas\/julio-hegedus-netto\/semana-ipca-ata-copom-politica\/"},"author":{"name":"Julio Hegedus Netto","@id":"https:\/\/www.suno.com.br\/noticias\/#\/schema\/person\/c5d31719f2f2f38c8d575fc08e55df1a"},"headline":"Semana de IPCA, ata do Copom e ru\u00eddos pol\u00edticos","datePublished":"2021-08-09T20:37:34+00:00","dateModified":"2021-08-30T19:12:37+00:00","mainEntityOfPage":{"@id":"https:\/\/www.suno.com.br\/noticias\/colunas\/julio-hegedus-netto\/semana-ipca-ata-copom-politica\/"},"wordCount":1793,"publisher":{"@id":"https:\/\/www.suno.com.br\/noticias\/#organization"},"image":{"@id":"https:\/\/www.suno.com.br\/noticias\/colunas\/julio-hegedus-netto\/semana-ipca-ata-copom-politica\/#primaryimage"},"thumbnailUrl":"https:\/\/storage.googleapis.com\/wp-noticias\/2021\/08\/60140511-imagem1.png","keywords":["China","Copom","Estados Unidos (EUA)","IPCA","varejo"],"inLanguage":"pt-BR"},{"@type":"WebPage","@id":"https:\/\/www.suno.com.br\/noticias\/colunas\/julio-hegedus-netto\/semana-ipca-ata-copom-politica\/","url":"https:\/\/www.suno.com.br\/noticias\/colunas\/julio-hegedus-netto\/semana-ipca-ata-copom-politica\/","name":"Semana de IPCA, ata do Copom e ru\u00eddos pol\u00edticos - Coluna de Julio Hegedus Netto","isPartOf":{"@id":"https:\/\/www.suno.com.br\/noticias\/#website"},"primaryImageOfPage":{"@id":"https:\/\/www.suno.com.br\/noticias\/colunas\/julio-hegedus-netto\/semana-ipca-ata-copom-politica\/#primaryimage"},"image":{"@id":"https:\/\/www.suno.com.br\/noticias\/colunas\/julio-hegedus-netto\/semana-ipca-ata-copom-politica\/#primaryimage"},"thumbnailUrl":"https:\/\/storage.googleapis.com\/wp-noticias\/2021\/08\/60140511-imagem1.png","datePublished":"2021-08-09T20:37:34+00:00","dateModified":"2021-08-30T19:12:37+00:00","description":"Leia a coluna de Julio Hegedus Netto sobre os principais temas que dever\u00e3o mexer com o mercado financeiro nesta semana!","breadcrumb":{"@id":"https:\/\/www.suno.com.br\/noticias\/colunas\/julio-hegedus-netto\/semana-ipca-ata-copom-politica\/#breadcrumb"},"inLanguage":"pt-BR","potentialAction":[{"@type":"ReadAction","target":["https:\/\/www.suno.com.br\/noticias\/colunas\/julio-hegedus-netto\/semana-ipca-ata-copom-politica\/"]}]},{"@type":"ImageObject","inLanguage":"pt-BR","@id":"https:\/\/www.suno.com.br\/noticias\/colunas\/julio-hegedus-netto\/semana-ipca-ata-copom-politica\/#primaryimage","url":"https:\/\/storage.googleapis.com\/wp-noticias\/2021\/08\/60140511-imagem1.png","contentUrl":"https:\/\/storage.googleapis.com\/wp-noticias\/2021\/08\/60140511-imagem1.png"},{"@type":"BreadcrumbList","@id":"https:\/\/www.suno.com.br\/noticias\/colunas\/julio-hegedus-netto\/semana-ipca-ata-copom-politica\/#breadcrumb","itemListElement":[{"@type":"ListItem","position":1,"name":"Not\u00edcias","item":"https:\/\/www.suno.com.br\/noticias\/"},{"@type":"ListItem","position":2,"name":"Colunas","item":"https:\/\/www.suno.com.br\/noticias\/colunas\/"},{"@type":"ListItem","position":3,"name":"Semana de IPCA, ata do Copom e ru\u00eddos pol\u00edticos"}]},{"@type":"WebSite","@id":"https:\/\/www.suno.com.br\/noticias\/#website","url":"https:\/\/www.suno.com.br\/noticias\/","name":"Suno Not\u00edcias","description":"Seu portal de informa\u00e7\u00e3o sobre o mundo dos investimentos","publisher":{"@id":"https:\/\/www.suno.com.br\/noticias\/#organization"},"potentialAction":[{"@type":"SearchAction","target":{"@type":"EntryPoint","urlTemplate":"https:\/\/www.suno.com.br\/noticias\/?s={search_term_string}"},"query-input":{"@type":"PropertyValueSpecification","valueRequired":true,"valueName":"search_term_string"}}],"inLanguage":"pt-BR"},{"@type":"Organization","@id":"https:\/\/www.suno.com.br\/noticias\/#organization","name":"Suno Not\u00edcias","url":"https:\/\/www.suno.com.br\/noticias\/","logo":{"@type":"ImageObject","inLanguage":"pt-BR","@id":"https:\/\/www.suno.com.br\/noticias\/#\/schema\/logo\/image\/","url":"https:\/\/files.sunoresearch.com.br\/n\/uploads\/2021\/09\/suno-logo.png","contentUrl":"https:\/\/files.sunoresearch.com.br\/n\/uploads\/2021\/09\/suno-logo.png","width":180,"height":180,"caption":"Suno Not\u00edcias"},"image":{"@id":"https:\/\/www.suno.com.br\/noticias\/#\/schema\/logo\/image\/"},"sameAs":["https:\/\/facebook.com\/sunoresearch","https:\/\/x.com\/sunoresearch","https:\/\/www.instagram.com\/suno","https:\/\/www.linkedin.com\/company\/suno-research\/","https:\/\/www.youtube.com\/c\/sunoresearch"]},{"@type":"Person","@id":"https:\/\/www.suno.com.br\/noticias\/#\/schema\/person\/c5d31719f2f2f38c8d575fc08e55df1a","name":"Julio Hegedus Netto","image":{"@type":"ImageObject","inLanguage":"pt-BR","@id":"https:\/\/www.suno.com.br\/noticias\/#\/schema\/person\/image\/","url":"https:\/\/secure.gravatar.com\/avatar\/870043f332ebddfffd4a9e3a5dd46c13?s=96&r=g","contentUrl":"https:\/\/secure.gravatar.com\/avatar\/870043f332ebddfffd4a9e3a5dd46c13?s=96&r=g","caption":"Julio Hegedus Netto"},"description":"Economista-chefe da Lopes Filho por 26 anos, com mestrado na UFF e na UCAM e doutorando em Portugal. Escrevo relat\u00f3rios para a OHM RESEARCH e disponibilizo conte\u00fados no IML, Investing.com, Linkedin e Suno Not\u00edcias.","sameAs":["https:\/\/jhn031299.blogspot.com\/","https:\/\/www.facebook.com\/julio.hegedus.5","https:\/\/www.linkedin.com\/in\/juliohegedusnetto\/","https:\/\/x.com\/JuHegedus"],"url":"https:\/\/www.suno.com.br\/noticias\/author\/julio-hegedus-netto\/"}]}},"amp_enabled":true,"_links":{"self":[{"href":"https:\/\/www.suno.com.br\/noticias\/wp-json\/wp\/v2\/suno_column\/173603"}],"collection":[{"href":"https:\/\/www.suno.com.br\/noticias\/wp-json\/wp\/v2\/suno_column"}],"about":[{"href":"https:\/\/www.suno.com.br\/noticias\/wp-json\/wp\/v2\/types\/suno_column"}],"author":[{"embeddable":true,"href":"https:\/\/www.suno.com.br\/noticias\/wp-json\/wp\/v2\/users\/82"}],"wp:attachment":[{"href":"https:\/\/www.suno.com.br\/noticias\/wp-json\/wp\/v2\/media?parent=173603"}],"wp:term":[{"taxonomy":"post_tag","embeddable":true,"href":"https:\/\/www.suno.com.br\/noticias\/wp-json\/wp\/v2\/tags?post=173603"}],"curies":[{"name":"wp","href":"https:\/\/api.w.org\/{rel}","templated":true}]}}