{"id":172570,"date":"2021-08-05T11:46:14","date_gmt":"2021-08-05T14:46:14","guid":{"rendered":"https:\/\/www.suno.com.br\/noticias\/colunas\/felipe-areia\/"},"modified":"2021-08-05T17:17:14","modified_gmt":"2021-08-05T20:17:14","slug":"nao-adianta-lutar-contra-progresso-industrias","status":"publish","type":"suno_column","link":"https:\/\/www.suno.com.br\/noticias\/colunas\/gian\/nao-adianta-lutar-contra-progresso-industrias\/","title":{"rendered":"N\u00e3o adianta lutar contra o progresso das ind\u00fastrias"},"content":{"rendered":"<p>A atitude mais comum de uma <strong>gera\u00e7\u00e3o que passa dos 30 anos<\/strong> \u00e9 come\u00e7ar a <strong>encontrar defeito nos adolescentes da gera\u00e7\u00e3o posterior<\/strong>. Os motivos s\u00e3o os mais variados, mas todos passam pela diferen\u00e7a de comportamento em rela\u00e7\u00e3o a pequenas atitudes do dia a dia. \u00c9 um tal de gera\u00e7\u00e3o X reclamar da Y, que reclama da Z\u2026 uma sopa de letras que \u00e9 at\u00e9 dif\u00edcil de entender. N\u00e3o cabe aqui entrar no m\u00e9rito dos julgamentos de um grupo sobre o outro \u2013 \u00e9 uma coluna sobre o mercado, afinal -, mas existe uma grande li\u00e7\u00e3o a ser aprendida a partir disso: \u00e9 <strong>sempre a gera\u00e7\u00e3o mais velha que acaba se adaptando \u00e0s mudan\u00e7as<\/strong>, e n\u00e3o o contr\u00e1rio.<\/p>\n\t<p>\n\t\t<a href=\"https:\/\/lp.suno.com.br\/planilha-controle-gastos\/\" target=\"_blank\" data-element=\"shortcode-suno-banner\" title=\"Banner SUNO, clique e saiba mais\">\n\t\t\t<picture>\n\t\t\t\t<source media=\"(max-width: 500px)\" srcset=\"https:\/\/files.sunoresearch.com.br\/n\/uploads\/2023\/03\/400x300-Planilha-controle-de-gastos.png\">\n\t\t\t\t<img class=\"newsContent__article__imgCapa newsContent__article__imgCapa--banner\"\n\t\t\t\t\tsrc=\"https:\/\/files.sunoresearch.com.br\/n\/uploads\/2023\/03\/1420x240-Planilha-controle-de-gastos.png\"\n\t\t\t\t\tdata-promo-id=\"101751\"\t\t\t\t\t\t\t\t\t\twidth='1420' height='240'\t\t\t\t\talt=\"https:\/\/files.sunoresearch.com.br\/n\/uploads\/2023\/03\/1420x240-Planilha-controle-de-gastos.png\"\n\t\t\t\t>\n\t\t\t<\/picture>\n\t\t<\/a>\n\t<\/p>\n\n\n<p>Pense por dois minutos: as tend\u00eancias sempre s\u00e3o apontadas pelos jovens. Quem come\u00e7ou a utilizar smartphone como algo al\u00e9m de um telefone? Quem come\u00e7ou a usar o <strong>Facebook<\/strong>? O <strong>Instagram<\/strong>? O <strong>TikTok<\/strong>? Isso n\u00e3o para nas tecnologias. Tatuagens? Roupas? Quem demanda mudan\u00e7as no ambiente de trabalho? Na fabrica\u00e7\u00e3o dos produtos que consome? Na postura das empresas frente a diversos temas? Sempre os jovens.<\/p>\n<p>Multinacionais, principalmente de produtos de consumo, investem centenas de milh\u00f5es de d\u00f3lares por ano em pesquisas para entender a cabe\u00e7a dos <strong>early adopters<\/strong> dentro dos <strong>trendsetters<\/strong> (com o perd\u00e3o pelo estrangeirismo) \u2013 ou seja, para descobrir o que pensam os poucos jovens que t\u00eam poder de influenciar pequenos grupos que espalham tend\u00eancias. Sabe aquela marca de cerveja, de roupas, de refrigerante ou de goma de mascar que de uma hora para outra passou por uma mudan\u00e7a enorme tanto na identidade visual como na postura perante diferentes assuntos? Isso n\u00e3o saiu da cabe\u00e7a de um diretor ou de uma vice-presidente de marketing. \u00c9 uma adapta\u00e7\u00e3o ao que a pr\u00f3xima gera\u00e7\u00e3o est\u00e1 esperando encontrar para consumir esses produtos.<\/p>\n<figure id=\"attachment_172572\" aria-describedby=\"caption-attachment-172572\" style=\"width: 525px\" class=\"wp-caption alignnone\"><img loading=\"lazy\" decoding=\"async\" class=\"size-full wp-image-172572\" src=\"https:\/\/storage.googleapis.com\/wp-noticias\/2021\/08\/b2529196-capturar.png\" alt=\"(Meme que s\u00f3 quem \u00e9 cringe vai entender)\" width=\"525\" height=\"463\" srcset=\"https:\/\/files.sunoresearch.com.br\/n\/uploads\/2021\/08\/b2529196-capturar.png 525w, https:\/\/files.sunoresearch.com.br\/n\/uploads\/2021\/08\/b2529196-capturar-300x265.png 300w, https:\/\/files.sunoresearch.com.br\/n\/uploads\/2021\/08\/b2529196-capturar-150x132.png 150w\" sizes=\"(max-width: 525px) 100vw, 525px\" \/><figcaption id=\"caption-attachment-172572\" class=\"wp-caption-text\">(Meme que s\u00f3 quem \u00e9 cringe vai entender)<\/figcaption><\/figure>\n\t<p>\n\t\t<a href=\"https:\/\/lp.suno.com.br\/planilha-da-vida-financeira\/\" target=\"_blank\" data-element=\"shortcode-suno-banner\" title=\"Banner SUNO, clique e saiba mais\">\n\t\t\t<picture>\n\t\t\t\t<source media=\"(max-width: 500px)\" srcset=\"https:\/\/files.sunoresearch.com.br\/n\/uploads\/2023\/04\/400x300-Planilha-vida-financeira-true.png\">\n\t\t\t\t<img class=\"newsContent__article__imgCapa newsContent__article__imgCapa--banner\"\n\t\t\t\t\tsrc=\"https:\/\/files.sunoresearch.com.br\/n\/uploads\/2023\/04\/1420x240-Planilha-vida-financeira-true.png\"\n\t\t\t\t\tdata-promo-id=\"106682\"\t\t\t\t\t\t\t\t\t\twidth='1420' height='240'\t\t\t\t\talt=\"https:\/\/files.sunoresearch.com.br\/n\/uploads\/2023\/04\/1420x240-Planilha-vida-financeira-true.png\"\n\t\t\t\t>\n\t\t\t<\/picture>\n\t\t<\/a>\n\t<\/p>\n\n\n<p>O conjunto entre os bilh\u00f5es de d\u00f3lares investidos em publicidade por essas companhias ao redor do mundo e a for\u00e7a influenciadora do comportamento jovem torna qualquer assunto uma pauta contempor\u00e2nea. A partir da\u00ed, o tema se torna algo onipresente na imprensa e nas rodas de conversa e passa a moldar atitudes. \u00c9 uma roda que se retroalimenta e que muda completamente a cada par de d\u00e9cadas. Entender isso pode ser importante para entender neg\u00f3cios e estrat\u00e9gias de longo prazo.<\/p>\n<p>Por mais que as gera\u00e7\u00f5es mais velhas n\u00e3o gostem, <strong>nada para as mudan\u00e7as comportamentais<\/strong>. Mesmo que elas causem atritos e pol\u00eamicas, n\u00e3o adianta espernear. Charles Darwin ensinou que a sobreviv\u00eancia n\u00e3o depende de ser o mais r\u00e1pido, o mais forte ou o mais teimoso, mas de se adaptar melhor. No mundo dos neg\u00f3cios, tamb\u00e9m \u00e9 assim.<\/p>\n<p><em>Esse texto faz parte do\u00a0<span class=\"il\">Suno<\/span>\u00a0<span class=\"il\">Call<\/span> Assinantes, mas \u00e9 disponibilizado toda quinta-feira de forma aberta a todos. <a href=\"https:\/\/lp.suno.com.br\/suno-call\/\">Clique aqui e se inscreva para receber em seu email<\/a>.<\/em><\/p>\n\t<p>\n\t\t<a href=\"https:\/\/lp.suno.com.br\/planilha-de-controle-de-investimentos\/\" target=\"_blank\" data-element=\"shortcode-suno-banner\" title=\"Banner SUNO, clique e saiba mais\">\n\t\t\t<picture>\n\t\t\t\t<source media=\"(max-width: 500px)\" srcset=\"https:\/\/files.sunoresearch.com.br\/n\/uploads\/2023\/03\/400x300-Controle-de-Investimentos.png\">\n\t\t\t\t<img class=\"newsContent__article__imgCapa newsContent__article__imgCapa--banner\"\n\t\t\t\t\tsrc=\"https:\/\/files.sunoresearch.com.br\/n\/uploads\/2023\/03\/1420x240-Controle-de-Investimentos.png\"\n\t\t\t\t\tdata-promo-id=\"75934\"\t\t\t\t\t\t\t\t\t\twidth='1420' height='240'\t\t\t\t\talt=\"https:\/\/files.sunoresearch.com.br\/n\/uploads\/2023\/03\/1420x240-Controle-de-Investimentos.png\"\n\t\t\t\t>\n\t\t\t<\/picture>\n\t\t<\/a>\n\t<\/p>\n\n\n","protected":false},"excerpt":{"rendered":"<p>A atitude mais comum de uma gera\u00e7\u00e3o que passa dos 30 anos \u00e9 come\u00e7ar a encontrar defeito nos adolescentes da gera\u00e7\u00e3o posterior. Os motivos s\u00e3o os mais variados, mas tod&#8230;<\/p>\n","protected":false},"author":4,"featured_media":0,"template":"","tags":[],"class_list":["post-172570","suno_column","type-suno_column","status-publish","hentry"],"yoast_head":"<!-- This site is optimized with the Yoast SEO plugin v24.4 - https:\/\/yoast.com\/wordpress\/plugins\/seo\/ -->\n<title>N\u00e3o adianta lutar contra o progresso das ind\u00fastrias - Coluna de Gian Kojikovski<\/title>\n<meta name=\"description\" content=\"Leia a coluna de Gian Kojikovski sobre como \u00e9 sempre a gera\u00e7\u00e3o mais velha que acaba se adaptando \u00e0s mudan\u00e7as, e n\u00e3o o contr\u00e1rio\" \/>\n<meta name=\"robots\" content=\"index, follow, max-snippet:-1, max-image-preview:large, max-video-preview:-1\" \/>\n<link rel=\"canonical\" href=\"https:\/\/www.suno.com.br\/noticias\/colunas\/gian\/nao-adianta-lutar-contra-progresso-industrias\/\" \/>\n<meta property=\"og:locale\" content=\"pt_BR\" \/>\n<meta property=\"og:type\" content=\"article\" \/>\n<meta property=\"og:title\" content=\"N\u00e3o adianta lutar contra o progresso das ind\u00fastrias - Coluna de Gian Kojikovski\" \/>\n<meta property=\"og:description\" content=\"Leia a coluna de Gian Kojikovski sobre como \u00e9 sempre a gera\u00e7\u00e3o mais velha que acaba se adaptando \u00e0s mudan\u00e7as, e n\u00e3o o contr\u00e1rio\" \/>\n<meta property=\"og:url\" content=\"https:\/\/www.suno.com.br\/noticias\/colunas\/gian\/nao-adianta-lutar-contra-progresso-industrias\/\" \/>\n<meta property=\"og:site_name\" content=\"Suno Not\u00edcias\" \/>\n<meta property=\"article:publisher\" content=\"https:\/\/facebook.com\/sunoresearch\" \/>\n<meta property=\"og:image\" content=\"https:\/\/storage.googleapis.com\/wp-noticias\/2021\/08\/b2529196-capturar.png\" \/>\n<meta name=\"twitter:card\" content=\"summary_large_image\" \/>\n<meta name=\"twitter:site\" content=\"@sunoresearch\" \/>\n<meta name=\"twitter:label1\" content=\"Est. tempo de leitura\" \/>\n\t<meta name=\"twitter:data1\" content=\"3 minutos\" \/>\n<script type=\"application\/ld+json\" class=\"yoast-schema-graph\">{\"@context\":\"https:\/\/schema.org\",\"@graph\":[{\"@type\":\"Article\",\"@id\":\"https:\/\/www.suno.com.br\/noticias\/colunas\/gian\/nao-adianta-lutar-contra-progresso-industrias\/#article\",\"isPartOf\":{\"@id\":\"https:\/\/www.suno.com.br\/noticias\/colunas\/gian\/nao-adianta-lutar-contra-progresso-industrias\/\"},\"author\":{\"name\":\"Gian Kojikovski\",\"@id\":\"https:\/\/www.suno.com.br\/noticias\/#\/schema\/person\/8c2753ace9edbc3c59cfa8a971ac5914\"},\"headline\":\"N\u00e3o adianta lutar contra o progresso das ind\u00fastrias\",\"datePublished\":\"2021-08-05T14:46:14+00:00\",\"dateModified\":\"2021-08-05T20:17:14+00:00\",\"mainEntityOfPage\":{\"@id\":\"https:\/\/www.suno.com.br\/noticias\/colunas\/gian\/nao-adianta-lutar-contra-progresso-industrias\/\"},\"wordCount\":532,\"publisher\":{\"@id\":\"https:\/\/www.suno.com.br\/noticias\/#organization\"},\"image\":{\"@id\":\"https:\/\/www.suno.com.br\/noticias\/colunas\/gian\/nao-adianta-lutar-contra-progresso-industrias\/#primaryimage\"},\"thumbnailUrl\":\"https:\/\/storage.googleapis.com\/wp-noticias\/2021\/08\/b2529196-capturar.png\",\"inLanguage\":\"pt-BR\"},{\"@type\":\"WebPage\",\"@id\":\"https:\/\/www.suno.com.br\/noticias\/colunas\/gian\/nao-adianta-lutar-contra-progresso-industrias\/\",\"url\":\"https:\/\/www.suno.com.br\/noticias\/colunas\/gian\/nao-adianta-lutar-contra-progresso-industrias\/\",\"name\":\"N\u00e3o adianta lutar contra o progresso das ind\u00fastrias - Coluna de Gian Kojikovski\",\"isPartOf\":{\"@id\":\"https:\/\/www.suno.com.br\/noticias\/#website\"},\"primaryImageOfPage\":{\"@id\":\"https:\/\/www.suno.com.br\/noticias\/colunas\/gian\/nao-adianta-lutar-contra-progresso-industrias\/#primaryimage\"},\"image\":{\"@id\":\"https:\/\/www.suno.com.br\/noticias\/colunas\/gian\/nao-adianta-lutar-contra-progresso-industrias\/#primaryimage\"},\"thumbnailUrl\":\"https:\/\/storage.googleapis.com\/wp-noticias\/2021\/08\/b2529196-capturar.png\",\"datePublished\":\"2021-08-05T14:46:14+00:00\",\"dateModified\":\"2021-08-05T20:17:14+00:00\",\"description\":\"Leia a coluna de Gian Kojikovski sobre como \u00e9 sempre a gera\u00e7\u00e3o mais velha que acaba se adaptando \u00e0s mudan\u00e7as, e n\u00e3o o contr\u00e1rio\",\"breadcrumb\":{\"@id\":\"https:\/\/www.suno.com.br\/noticias\/colunas\/gian\/nao-adianta-lutar-contra-progresso-industrias\/#breadcrumb\"},\"inLanguage\":\"pt-BR\",\"potentialAction\":[{\"@type\":\"ReadAction\",\"target\":[\"https:\/\/www.suno.com.br\/noticias\/colunas\/gian\/nao-adianta-lutar-contra-progresso-industrias\/\"]}]},{\"@type\":\"ImageObject\",\"inLanguage\":\"pt-BR\",\"@id\":\"https:\/\/www.suno.com.br\/noticias\/colunas\/gian\/nao-adianta-lutar-contra-progresso-industrias\/#primaryimage\",\"url\":\"https:\/\/storage.googleapis.com\/wp-noticias\/2021\/08\/b2529196-capturar.png\",\"contentUrl\":\"https:\/\/storage.googleapis.com\/wp-noticias\/2021\/08\/b2529196-capturar.png\"},{\"@type\":\"BreadcrumbList\",\"@id\":\"https:\/\/www.suno.com.br\/noticias\/colunas\/gian\/nao-adianta-lutar-contra-progresso-industrias\/#breadcrumb\",\"itemListElement\":[{\"@type\":\"ListItem\",\"position\":1,\"name\":\"Not\u00edcias\",\"item\":\"https:\/\/www.suno.com.br\/noticias\/\"},{\"@type\":\"ListItem\",\"position\":2,\"name\":\"Colunas\",\"item\":\"https:\/\/www.suno.com.br\/noticias\/colunas\/\"},{\"@type\":\"ListItem\",\"position\":3,\"name\":\"N\u00e3o adianta lutar contra o progresso das ind\u00fastrias\"}]},{\"@type\":\"WebSite\",\"@id\":\"https:\/\/www.suno.com.br\/noticias\/#website\",\"url\":\"https:\/\/www.suno.com.br\/noticias\/\",\"name\":\"Suno Not\u00edcias\",\"description\":\"Seu portal de informa\u00e7\u00e3o sobre o mundo dos investimentos\",\"publisher\":{\"@id\":\"https:\/\/www.suno.com.br\/noticias\/#organization\"},\"potentialAction\":[{\"@type\":\"SearchAction\",\"target\":{\"@type\":\"EntryPoint\",\"urlTemplate\":\"https:\/\/www.suno.com.br\/noticias\/?s={search_term_string}\"},\"query-input\":{\"@type\":\"PropertyValueSpecification\",\"valueRequired\":true,\"valueName\":\"search_term_string\"}}],\"inLanguage\":\"pt-BR\"},{\"@type\":\"Organization\",\"@id\":\"https:\/\/www.suno.com.br\/noticias\/#organization\",\"name\":\"Suno Not\u00edcias\",\"url\":\"https:\/\/www.suno.com.br\/noticias\/\",\"logo\":{\"@type\":\"ImageObject\",\"inLanguage\":\"pt-BR\",\"@id\":\"https:\/\/www.suno.com.br\/noticias\/#\/schema\/logo\/image\/\",\"url\":\"https:\/\/files.sunoresearch.com.br\/n\/uploads\/2021\/09\/suno-logo.png\",\"contentUrl\":\"https:\/\/files.sunoresearch.com.br\/n\/uploads\/2021\/09\/suno-logo.png\",\"width\":180,\"height\":180,\"caption\":\"Suno Not\u00edcias\"},\"image\":{\"@id\":\"https:\/\/www.suno.com.br\/noticias\/#\/schema\/logo\/image\/\"},\"sameAs\":[\"https:\/\/facebook.com\/sunoresearch\",\"https:\/\/x.com\/sunoresearch\",\"https:\/\/www.instagram.com\/suno\",\"https:\/\/www.linkedin.com\/company\/suno-research\/\",\"https:\/\/www.youtube.com\/c\/sunoresearch\"]},{\"@type\":\"Person\",\"@id\":\"https:\/\/www.suno.com.br\/noticias\/#\/schema\/person\/8c2753ace9edbc3c59cfa8a971ac5914\",\"name\":\"Gian Kojikovski\",\"image\":{\"@type\":\"ImageObject\",\"inLanguage\":\"pt-BR\",\"@id\":\"https:\/\/www.suno.com.br\/noticias\/#\/schema\/person\/image\/\",\"url\":\"https:\/\/secure.gravatar.com\/avatar\/9b6de4deaf8443278f037ed55611af64?s=96&r=g\",\"contentUrl\":\"https:\/\/secure.gravatar.com\/avatar\/9b6de4deaf8443278f037ed55611af64?s=96&r=g\",\"caption\":\"Gian Kojikovski\"},\"description\":\"Gian Kojikovski \u00e9 diretor e s\u00f3cio da Suno e escreve sobre neg\u00f3cios, marketing, pol\u00edtica e finan\u00e7as. Tem passagem pelas reda\u00e7\u00f5es de Veja e Exame e \u00e9 vencedor do Pr\u00eamio CNI de Jornalismo de 2016 na categoria especial de Inova\u00e7\u00e3o e finalista do Citi Journalistic Excellence Award de 2018.\",\"sameAs\":[\"https:\/\/www.suno.com.br\",\"https:\/\/x.com\/https:\/\/twitter.com\/giankojikovski\"],\"url\":\"https:\/\/www.suno.com.br\/noticias\/author\/gian\/\"}]}<\/script>\n<!-- \/ Yoast SEO plugin. -->","yoast_head_json":{"title":"N\u00e3o adianta lutar contra o progresso das ind\u00fastrias - Coluna de Gian Kojikovski","description":"Leia a coluna de Gian Kojikovski sobre como \u00e9 sempre a gera\u00e7\u00e3o mais velha que acaba se adaptando \u00e0s mudan\u00e7as, e n\u00e3o o contr\u00e1rio","robots":{"index":"index","follow":"follow","max-snippet":"max-snippet:-1","max-image-preview":"max-image-preview:large","max-video-preview":"max-video-preview:-1"},"canonical":"https:\/\/www.suno.com.br\/noticias\/colunas\/gian\/nao-adianta-lutar-contra-progresso-industrias\/","og_locale":"pt_BR","og_type":"article","og_title":"N\u00e3o adianta lutar contra o progresso das ind\u00fastrias - Coluna de Gian Kojikovski","og_description":"Leia a coluna de Gian Kojikovski sobre como \u00e9 sempre a gera\u00e7\u00e3o mais velha que acaba se adaptando \u00e0s mudan\u00e7as, e n\u00e3o o contr\u00e1rio","og_url":"https:\/\/www.suno.com.br\/noticias\/colunas\/gian\/nao-adianta-lutar-contra-progresso-industrias\/","og_site_name":"Suno Not\u00edcias","article_publisher":"https:\/\/facebook.com\/sunoresearch","og_image":[{"url":"https:\/\/storage.googleapis.com\/wp-noticias\/2021\/08\/b2529196-capturar.png","type":"","width":"","height":""}],"twitter_card":"summary_large_image","twitter_site":"@sunoresearch","twitter_misc":{"Est. tempo de leitura":"3 minutos"},"schema":{"@context":"https:\/\/schema.org","@graph":[{"@type":"Article","@id":"https:\/\/www.suno.com.br\/noticias\/colunas\/gian\/nao-adianta-lutar-contra-progresso-industrias\/#article","isPartOf":{"@id":"https:\/\/www.suno.com.br\/noticias\/colunas\/gian\/nao-adianta-lutar-contra-progresso-industrias\/"},"author":{"name":"Gian Kojikovski","@id":"https:\/\/www.suno.com.br\/noticias\/#\/schema\/person\/8c2753ace9edbc3c59cfa8a971ac5914"},"headline":"N\u00e3o adianta lutar contra o progresso das ind\u00fastrias","datePublished":"2021-08-05T14:46:14+00:00","dateModified":"2021-08-05T20:17:14+00:00","mainEntityOfPage":{"@id":"https:\/\/www.suno.com.br\/noticias\/colunas\/gian\/nao-adianta-lutar-contra-progresso-industrias\/"},"wordCount":532,"publisher":{"@id":"https:\/\/www.suno.com.br\/noticias\/#organization"},"image":{"@id":"https:\/\/www.suno.com.br\/noticias\/colunas\/gian\/nao-adianta-lutar-contra-progresso-industrias\/#primaryimage"},"thumbnailUrl":"https:\/\/storage.googleapis.com\/wp-noticias\/2021\/08\/b2529196-capturar.png","inLanguage":"pt-BR"},{"@type":"WebPage","@id":"https:\/\/www.suno.com.br\/noticias\/colunas\/gian\/nao-adianta-lutar-contra-progresso-industrias\/","url":"https:\/\/www.suno.com.br\/noticias\/colunas\/gian\/nao-adianta-lutar-contra-progresso-industrias\/","name":"N\u00e3o adianta lutar contra o progresso das ind\u00fastrias - Coluna de Gian Kojikovski","isPartOf":{"@id":"https:\/\/www.suno.com.br\/noticias\/#website"},"primaryImageOfPage":{"@id":"https:\/\/www.suno.com.br\/noticias\/colunas\/gian\/nao-adianta-lutar-contra-progresso-industrias\/#primaryimage"},"image":{"@id":"https:\/\/www.suno.com.br\/noticias\/colunas\/gian\/nao-adianta-lutar-contra-progresso-industrias\/#primaryimage"},"thumbnailUrl":"https:\/\/storage.googleapis.com\/wp-noticias\/2021\/08\/b2529196-capturar.png","datePublished":"2021-08-05T14:46:14+00:00","dateModified":"2021-08-05T20:17:14+00:00","description":"Leia a coluna de Gian Kojikovski sobre como \u00e9 sempre a gera\u00e7\u00e3o mais velha que acaba se adaptando \u00e0s mudan\u00e7as, e n\u00e3o o contr\u00e1rio","breadcrumb":{"@id":"https:\/\/www.suno.com.br\/noticias\/colunas\/gian\/nao-adianta-lutar-contra-progresso-industrias\/#breadcrumb"},"inLanguage":"pt-BR","potentialAction":[{"@type":"ReadAction","target":["https:\/\/www.suno.com.br\/noticias\/colunas\/gian\/nao-adianta-lutar-contra-progresso-industrias\/"]}]},{"@type":"ImageObject","inLanguage":"pt-BR","@id":"https:\/\/www.suno.com.br\/noticias\/colunas\/gian\/nao-adianta-lutar-contra-progresso-industrias\/#primaryimage","url":"https:\/\/storage.googleapis.com\/wp-noticias\/2021\/08\/b2529196-capturar.png","contentUrl":"https:\/\/storage.googleapis.com\/wp-noticias\/2021\/08\/b2529196-capturar.png"},{"@type":"BreadcrumbList","@id":"https:\/\/www.suno.com.br\/noticias\/colunas\/gian\/nao-adianta-lutar-contra-progresso-industrias\/#breadcrumb","itemListElement":[{"@type":"ListItem","position":1,"name":"Not\u00edcias","item":"https:\/\/www.suno.com.br\/noticias\/"},{"@type":"ListItem","position":2,"name":"Colunas","item":"https:\/\/www.suno.com.br\/noticias\/colunas\/"},{"@type":"ListItem","position":3,"name":"N\u00e3o adianta lutar contra o progresso das ind\u00fastrias"}]},{"@type":"WebSite","@id":"https:\/\/www.suno.com.br\/noticias\/#website","url":"https:\/\/www.suno.com.br\/noticias\/","name":"Suno Not\u00edcias","description":"Seu portal de informa\u00e7\u00e3o sobre o mundo dos investimentos","publisher":{"@id":"https:\/\/www.suno.com.br\/noticias\/#organization"},"potentialAction":[{"@type":"SearchAction","target":{"@type":"EntryPoint","urlTemplate":"https:\/\/www.suno.com.br\/noticias\/?s={search_term_string}"},"query-input":{"@type":"PropertyValueSpecification","valueRequired":true,"valueName":"search_term_string"}}],"inLanguage":"pt-BR"},{"@type":"Organization","@id":"https:\/\/www.suno.com.br\/noticias\/#organization","name":"Suno Not\u00edcias","url":"https:\/\/www.suno.com.br\/noticias\/","logo":{"@type":"ImageObject","inLanguage":"pt-BR","@id":"https:\/\/www.suno.com.br\/noticias\/#\/schema\/logo\/image\/","url":"https:\/\/files.sunoresearch.com.br\/n\/uploads\/2021\/09\/suno-logo.png","contentUrl":"https:\/\/files.sunoresearch.com.br\/n\/uploads\/2021\/09\/suno-logo.png","width":180,"height":180,"caption":"Suno Not\u00edcias"},"image":{"@id":"https:\/\/www.suno.com.br\/noticias\/#\/schema\/logo\/image\/"},"sameAs":["https:\/\/facebook.com\/sunoresearch","https:\/\/x.com\/sunoresearch","https:\/\/www.instagram.com\/suno","https:\/\/www.linkedin.com\/company\/suno-research\/","https:\/\/www.youtube.com\/c\/sunoresearch"]},{"@type":"Person","@id":"https:\/\/www.suno.com.br\/noticias\/#\/schema\/person\/8c2753ace9edbc3c59cfa8a971ac5914","name":"Gian Kojikovski","image":{"@type":"ImageObject","inLanguage":"pt-BR","@id":"https:\/\/www.suno.com.br\/noticias\/#\/schema\/person\/image\/","url":"https:\/\/secure.gravatar.com\/avatar\/9b6de4deaf8443278f037ed55611af64?s=96&r=g","contentUrl":"https:\/\/secure.gravatar.com\/avatar\/9b6de4deaf8443278f037ed55611af64?s=96&r=g","caption":"Gian Kojikovski"},"description":"Gian Kojikovski \u00e9 diretor e s\u00f3cio da Suno e escreve sobre neg\u00f3cios, marketing, pol\u00edtica e finan\u00e7as. Tem passagem pelas reda\u00e7\u00f5es de Veja e Exame e \u00e9 vencedor do Pr\u00eamio CNI de Jornalismo de 2016 na categoria especial de Inova\u00e7\u00e3o e finalista do Citi Journalistic Excellence Award de 2018.","sameAs":["https:\/\/www.suno.com.br","https:\/\/x.com\/https:\/\/twitter.com\/giankojikovski"],"url":"https:\/\/www.suno.com.br\/noticias\/author\/gian\/"}]}},"amp_enabled":true,"_links":{"self":[{"href":"https:\/\/www.suno.com.br\/noticias\/wp-json\/wp\/v2\/suno_column\/172570"}],"collection":[{"href":"https:\/\/www.suno.com.br\/noticias\/wp-json\/wp\/v2\/suno_column"}],"about":[{"href":"https:\/\/www.suno.com.br\/noticias\/wp-json\/wp\/v2\/types\/suno_column"}],"author":[{"embeddable":true,"href":"https:\/\/www.suno.com.br\/noticias\/wp-json\/wp\/v2\/users\/4"}],"wp:attachment":[{"href":"https:\/\/www.suno.com.br\/noticias\/wp-json\/wp\/v2\/media?parent=172570"}],"wp:term":[{"taxonomy":"post_tag","embeddable":true,"href":"https:\/\/www.suno.com.br\/noticias\/wp-json\/wp\/v2\/tags?post=172570"}],"curies":[{"name":"wp","href":"https:\/\/api.w.org\/{rel}","templated":true}]}}