{"id":168489,"date":"2021-07-26T15:00:42","date_gmt":"2021-07-26T18:00:42","guid":{"rendered":"https:\/\/www.suno.com.br\/noticias\/colunas\/felipe-areia\/"},"modified":"2021-07-26T14:12:22","modified_gmt":"2021-07-26T17:12:22","slug":"pnad-caged-divergencia","status":"publish","type":"suno_column","link":"https:\/\/www.suno.com.br\/noticias\/colunas\/simone-pasianotto\/pnad-caged-divergencia\/","title":{"rendered":"Diverg\u00eancia entre PNAD e Caged: Qual a dire\u00e7\u00e3o correta do mercado de trabalho?"},"content":{"rendered":"<p>Como anda de fato o <strong><a href=\"https:\/\/www.suno.com.br\/artigos\/mercado-de-trabalho\/\">mercado de trabalho<\/a> <\/strong>no Brasil, aparentemente no meio de uma avenida de m\u00e3o dupla, no qual os dois principais indicadores do governo andam em vias opostas? Enquanto o Novo <a href=\"https:\/\/www.suno.com.br\/artigos\/caged\/\">Cadastro Geral de Empregados e Desempregados<\/a> (Novo <strong>Caged<\/strong>), do Minist\u00e9rio da Economia, sobe a ladeira, mostrando que a <strong>cria\u00e7\u00e3o de empregos com carteira assinada<\/strong> vai bem sim senhor, a <a href=\"https:\/\/www.suno.com.br\/artigos\/pnad\/\">Pesquisa Nacional por Amostra de Domic\u00edlios (Pnad)<\/a> Cont\u00ednua, do Instituto Brasileiro de Geografia e Estat\u00edstica (IBGE), desce ladeira abaixo, na banguela, mostrando que a <strong>taxa de desemprego<\/strong> \u00e9 algo preocupante, se mantendo crescente.<\/p>\n\t<p>\n\t\t<a href=\"https:\/\/lp.suno.com.br\/planilha-controle-gastos\/\" target=\"_blank\" data-element=\"shortcode-suno-banner\" title=\"Banner SUNO, clique e saiba mais\">\n\t\t\t<picture>\n\t\t\t\t<source media=\"(max-width: 500px)\" srcset=\"https:\/\/files.sunoresearch.com.br\/n\/uploads\/2023\/03\/400x300-Planilha-controle-de-gastos.png\">\n\t\t\t\t<img class=\"newsContent__article__imgCapa newsContent__article__imgCapa--banner\"\n\t\t\t\t\tsrc=\"https:\/\/files.sunoresearch.com.br\/n\/uploads\/2023\/03\/1420x240-Planilha-controle-de-gastos.png\"\n\t\t\t\t\tdata-promo-id=\"101751\"\t\t\t\t\t\t\t\t\t\twidth='1420' height='240'\t\t\t\t\talt=\"https:\/\/files.sunoresearch.com.br\/n\/uploads\/2023\/03\/1420x240-Planilha-controle-de-gastos.png\"\n\t\t\t\t>\n\t\t\t<\/picture>\n\t\t<\/a>\n\t<\/p>\n\n\n<p>De acordo com os dados do Novo Caged, o emprego com carteira assinada vem se recuperando de modo pleno e j\u00e1 at\u00e9 superou os n\u00edveis do per\u00edodo pr\u00e9-pandemia \u2013 o que tem sido alardado pelo governo. Por outro lado, a Pnad sinaliza situa\u00e7\u00e3o deplor\u00e1vel, indicando o aniquilamento de milh\u00f5es de postos de trabalho formais em pouco mais de um ano. Para falar a verdade, mesmo eu, economista e estudiosa das metodologias do Novo Caged e da Pnad Cont\u00ednua fiquei confusa ao analisar os resultados recentes de ambos os levantamentos. Imagino o cidad\u00e3o comum&#8230;<\/p>\n<p>Para o Novo Caged, o total de <strong>trabalhadores formais<\/strong> no Brasil correspondia a quase 40 milh\u00f5es em fevereiro de 2020. Com o advento da pandemia, a partir de mar\u00e7o de 2020, o ex\u00e9rcito de trabalhadores com carteira assinada recuou por quatro meses consecutivos at\u00e9 atingir 38 milh\u00f5es em junho. No segundo semestre de 2020, o estoque nacional de <strong>empregos formais<\/strong> mudou a dire\u00e7\u00e3o e passou a subir m\u00eas ap\u00f3s m\u00eas. Em fevereiro deste ano, ao passar de 40 milh\u00f5es de vagas, superou pela primeira vez o n\u00edvel pr\u00e9-pandemia, e ainda avan\u00e7ou por mais tr\u00eas meses at\u00e9 alcan\u00e7ar a marca de 40,5 milh\u00f5es em maio\u2013 \u00faltimo dado dispon\u00edvel. Nos \u00faltimos dez meses, somente em um (dezembro de 2020) o saldo de contrata\u00e7\u00f5es e demiss\u00f5es ficou negativo.<\/p>\n<p>Na contram\u00e3o, a Pnad Cont\u00ednua, que trabalha com m\u00e9dias trimestrais, contabilizou 33,6 milh\u00f5es de empregados formais com carteira assinada no setor privado no trimestre m\u00f3vel encerrado em fevereiro de 2020. Esse total despencou at\u00e9 os 29 milh\u00f5es no trimestre encerrado em agosto, voltando a subir por alguns meses, mas recuando novamente nas \u00faltimas cinco divulga\u00e7\u00f5es, chegando \u00e0 m\u00e9dia de 29,6 milh\u00f5es de vagas no relat\u00f3rio mais recente, referente ao trimestre findo em abril deste ano. Dessa maneira, na compara\u00e7\u00e3o entre o \u00faltimo dado do per\u00edodo pr\u00e9-pandemia (fevereiro de 2020) e o n\u00famero mais recente indica: a gera\u00e7\u00e3o acumulada de cerca de 500 mil postos formais de trabalho, conforme o Novo Caged (at\u00e9 maio de 2021); e o fechamento algo em torno de 4 milh\u00f5es de vagas com carteira assinada, pela medi\u00e7\u00e3o da Pnad Cont\u00ednua (at\u00e9 abril de 2021). Em qual pesquisa devo acreditar?<\/p>\n<p>A\u00ed pergunta-se, mas o mercado de trabalho n\u00e3o vai bem quando a economia vai bem e vice-versa? Sim e n\u00e3o, para deixar essa hist\u00f3ria ainda mais confusa. Siga o meu racioc\u00ednio: a <strong>cria\u00e7\u00e3o de vagas formais<\/strong> apontada pelo Novo Caged nos \u00faltimos meses deste ano de 2021 efetivamente condiz com o crescimento do <strong><a href=\"https:\/\/www.suno.com.br\/artigos\/pib-produto-interno-bruto\/\">Produto Interno Bruno (PIB)<\/a><\/strong>, contudo, essa correla\u00e7\u00e3o positiva entre PIB e mercado de trabalho n\u00e3o se confirma em 2020. No ano passado, o Novo Caged registrou a cria\u00e7\u00e3o l\u00edquida de mais de 140 mil empregos, ao passo que o PIB anual encolheu 4,1%, no pior resultado em tr\u00eas d\u00e9cadas. A Pnad Cont\u00ednua, por sua vez, caminhou alinhada \u00e0 queda do PIB no ano passado, contabilizando o encerramento de 3,8 milh\u00f5es de vagas formais. Em 2021, por\u00e9m, os dados do emprego com carteira divulgados pela pesquisa v\u00e3o mais uma vez na contram\u00e3o do desempenho da <strong>atividade econ\u00f4mica<\/strong>. E a\u00ed&#8230; continuamos sem uma resposta!<\/p>\n\t<p>\n\t\t<a href=\"https:\/\/lp.suno.com.br\/planilha-da-vida-financeira\/\" target=\"_blank\" data-element=\"shortcode-suno-banner\" title=\"Banner SUNO, clique e saiba mais\">\n\t\t\t<picture>\n\t\t\t\t<source media=\"(max-width: 500px)\" srcset=\"https:\/\/files.sunoresearch.com.br\/n\/uploads\/2023\/04\/400x300-Planilha-vida-financeira-true.png\">\n\t\t\t\t<img class=\"newsContent__article__imgCapa newsContent__article__imgCapa--banner\"\n\t\t\t\t\tsrc=\"https:\/\/files.sunoresearch.com.br\/n\/uploads\/2023\/04\/1420x240-Planilha-vida-financeira-true.png\"\n\t\t\t\t\tdata-promo-id=\"106682\"\t\t\t\t\t\t\t\t\t\twidth='1420' height='240'\t\t\t\t\talt=\"https:\/\/files.sunoresearch.com.br\/n\/uploads\/2023\/04\/1420x240-Planilha-vida-financeira-true.png\"\n\t\t\t\t>\n\t\t\t<\/picture>\n\t\t<\/a>\n\t<\/p>\n\n\n<p>A culpa de tal disparate est\u00e1 na <strong>metodologia<\/strong>, para variar. Os dados do Novo Caged s\u00e3o informados pelas empresas. Assim um dos problemas do Novo Caged seria a subnotifica\u00e7\u00e3o dos desligamentos, muito por conta de atraso na presta\u00e7\u00e3o de informa\u00e7\u00f5es por parte das empresas. Problema esse que pode ter tomado maiores propor\u00e7\u00f5es com a pandemia, que fez com que muitas empresas fechassem as portas e deixassem de prestar informa\u00e7\u00f5es ao sistema oficial de dados. J\u00e1 no caso da Pnad a coleta de dados \u00e9 realizada por meio de question\u00e1rios junto \u00e0s fam\u00edlias, que informam se estavam ou n\u00e3o empregadas. Com a pandemia, a coleta de dados, que era feita por meio de entrevistas presenciais, passou a ser por telefone, e o n\u00famero de respondentes diminuiu \u2013 o que pode ter lesado a qualidade da amostra.<\/p>\n<p>Para resumir a hist\u00f3ria, antes dessa coluna virar um tratado cient\u00edfico, gostaria de deixar aqui registrado que os dois levantamentos, tanto a PNAD como o Novo Caged t\u00eam potenciais problemas metodol\u00f3gicos que dificultam termos uma vis\u00e3o l\u00edmpida e transparente sobre o que de fato est\u00e1 acontecendo no <strong>mercado de trabalho<\/strong>. Temos aqui apenas algumas impress\u00f5es, alguns sentimentos a despeito do andar da carruagem no mercado de trabalho. Ap\u00f3s me debru\u00e7ar sobre os n\u00fameros e metodologias, consigo lhe dizer apenas que n\u00e3o h\u00e1 pesquisa melhor ou pior. S\u00e3o dois levantamentos distintos que n\u00e3o nos permite dizer em p\u00e9 anda o emprego com carteira assinada. Um indicador alternativo do mercado do trabalho, elaborado por economistas do Ita\u00fa, mostra que o emprego formal ficou 1% abaixo do n\u00edvel pr\u00e9-Covid em mar\u00e7o e que est\u00e1 agora 0,4% abaixo desse patamar em abril. Ele tamb\u00e9m mostra que o desemprego fechou em 14,1% em mar\u00e7o, contra 14,7% dos dados oficiais. Sondagens alternativas tamb\u00e9m feitas pela FGV apresentam um cen\u00e1rio um t\u00e3o quanto similar ao do Ita\u00fa: o \u00edmpeto de contrata\u00e7\u00f5es n\u00e3o est\u00e1 t\u00e3o negativo quanto indica a Pnad, nem t\u00e3o positivo quanto aponta o Novo Caged.<\/p>\n\t<p>\n\t\t<a href=\"https:\/\/lp.suno.com.br\/planilha-de-controle-de-investimentos\/\" target=\"_blank\" data-element=\"shortcode-suno-banner\" title=\"Banner SUNO, clique e saiba mais\">\n\t\t\t<picture>\n\t\t\t\t<source media=\"(max-width: 500px)\" srcset=\"https:\/\/files.sunoresearch.com.br\/n\/uploads\/2023\/03\/400x300-Controle-de-Investimentos.png\">\n\t\t\t\t<img class=\"newsContent__article__imgCapa newsContent__article__imgCapa--banner\"\n\t\t\t\t\tsrc=\"https:\/\/files.sunoresearch.com.br\/n\/uploads\/2023\/03\/1420x240-Controle-de-Investimentos.png\"\n\t\t\t\t\tdata-promo-id=\"75934\"\t\t\t\t\t\t\t\t\t\twidth='1420' height='240'\t\t\t\t\talt=\"https:\/\/files.sunoresearch.com.br\/n\/uploads\/2023\/03\/1420x240-Controle-de-Investimentos.png\"\n\t\t\t\t>\n\t\t\t<\/picture>\n\t\t<\/a>\n\t<\/p>\n\n\n","protected":false},"excerpt":{"rendered":"<p>Como anda de fato o mercado de trabalho no Brasil, aparentemente no meio de uma avenida de m\u00e3o dupla, no qual os dois principais indicadores do governo andam em vias o&#8230;<\/p>\n","protected":false},"author":83,"featured_media":0,"template":"","tags":[],"class_list":["post-168489","suno_column","type-suno_column","status-publish","hentry"],"yoast_head":"<!-- This site is optimized with the Yoast SEO plugin v24.4 - https:\/\/yoast.com\/wordpress\/plugins\/seo\/ -->\n<title>Diverg\u00eancia entre PNAD e Caged: Qual a dire\u00e7\u00e3o correta do mercado de trabalho? - Coluna de Simone Pasianotto<\/title>\n<meta name=\"description\" content=\"Leia a coluna de Simone Pasianotto que avalia os resultados em dire\u00e7\u00f5es opostas das duas principais pesquisas de emprego do Brasil\" \/>\n<meta name=\"robots\" content=\"index, follow, max-snippet:-1, max-image-preview:large, max-video-preview:-1\" \/>\n<link rel=\"canonical\" href=\"https:\/\/www.suno.com.br\/noticias\/colunas\/simone-pasianotto\/pnad-caged-divergencia\/\" \/>\n<meta property=\"og:locale\" content=\"pt_BR\" \/>\n<meta property=\"og:type\" content=\"article\" \/>\n<meta property=\"og:title\" content=\"Diverg\u00eancia entre PNAD e Caged: Qual a dire\u00e7\u00e3o correta do mercado de trabalho? - Coluna de Simone Pasianotto\" \/>\n<meta property=\"og:description\" content=\"Leia a coluna de Simone Pasianotto que avalia os resultados em dire\u00e7\u00f5es opostas das duas principais pesquisas de emprego do Brasil\" \/>\n<meta property=\"og:url\" content=\"https:\/\/www.suno.com.br\/noticias\/colunas\/simone-pasianotto\/pnad-caged-divergencia\/\" \/>\n<meta property=\"og:site_name\" content=\"Suno Not\u00edcias\" \/>\n<meta property=\"article:publisher\" content=\"https:\/\/facebook.com\/sunoresearch\" \/>\n<meta property=\"og:image\" content=\"https:\/\/files.sunoresearch.com.br\/n\/uploads\/2022\/06\/Modelo2.jpg\" \/>\n\t<meta property=\"og:image:width\" content=\"1200\" \/>\n\t<meta property=\"og:image:height\" content=\"627\" \/>\n\t<meta property=\"og:image:type\" content=\"image\/jpeg\" \/>\n<meta name=\"twitter:card\" content=\"summary_large_image\" \/>\n<meta name=\"twitter:site\" content=\"@sunoresearch\" \/>\n<meta name=\"twitter:label1\" content=\"Est. tempo de leitura\" \/>\n\t<meta name=\"twitter:data1\" content=\"5 minutos\" \/>\n<script type=\"application\/ld+json\" class=\"yoast-schema-graph\">{\"@context\":\"https:\/\/schema.org\",\"@graph\":[{\"@type\":\"Article\",\"@id\":\"https:\/\/www.suno.com.br\/noticias\/colunas\/simone-pasianotto\/pnad-caged-divergencia\/#article\",\"isPartOf\":{\"@id\":\"https:\/\/www.suno.com.br\/noticias\/colunas\/simone-pasianotto\/pnad-caged-divergencia\/\"},\"author\":{\"name\":\"Simone Pasianotto\",\"@id\":\"https:\/\/www.suno.com.br\/noticias\/#\/schema\/person\/b6752df7a8903bf17fc5a9343e188470\"},\"headline\":\"Diverg\u00eancia entre PNAD e Caged: Qual a dire\u00e7\u00e3o correta do mercado de trabalho?\",\"datePublished\":\"2021-07-26T18:00:42+00:00\",\"mainEntityOfPage\":{\"@id\":\"https:\/\/www.suno.com.br\/noticias\/colunas\/simone-pasianotto\/pnad-caged-divergencia\/\"},\"wordCount\":1030,\"publisher\":{\"@id\":\"https:\/\/www.suno.com.br\/noticias\/#organization\"},\"inLanguage\":\"pt-BR\"},{\"@type\":\"WebPage\",\"@id\":\"https:\/\/www.suno.com.br\/noticias\/colunas\/simone-pasianotto\/pnad-caged-divergencia\/\",\"url\":\"https:\/\/www.suno.com.br\/noticias\/colunas\/simone-pasianotto\/pnad-caged-divergencia\/\",\"name\":\"Diverg\u00eancia entre PNAD e Caged: Qual a dire\u00e7\u00e3o correta do mercado de trabalho? - Coluna de Simone Pasianotto\",\"isPartOf\":{\"@id\":\"https:\/\/www.suno.com.br\/noticias\/#website\"},\"datePublished\":\"2021-07-26T18:00:42+00:00\",\"description\":\"Leia a coluna de Simone Pasianotto que avalia os resultados em dire\u00e7\u00f5es opostas das duas principais pesquisas de emprego do Brasil\",\"breadcrumb\":{\"@id\":\"https:\/\/www.suno.com.br\/noticias\/colunas\/simone-pasianotto\/pnad-caged-divergencia\/#breadcrumb\"},\"inLanguage\":\"pt-BR\",\"potentialAction\":[{\"@type\":\"ReadAction\",\"target\":[\"https:\/\/www.suno.com.br\/noticias\/colunas\/simone-pasianotto\/pnad-caged-divergencia\/\"]}]},{\"@type\":\"BreadcrumbList\",\"@id\":\"https:\/\/www.suno.com.br\/noticias\/colunas\/simone-pasianotto\/pnad-caged-divergencia\/#breadcrumb\",\"itemListElement\":[{\"@type\":\"ListItem\",\"position\":1,\"name\":\"Not\u00edcias\",\"item\":\"https:\/\/www.suno.com.br\/noticias\/\"},{\"@type\":\"ListItem\",\"position\":2,\"name\":\"Colunas\",\"item\":\"https:\/\/www.suno.com.br\/noticias\/colunas\/\"},{\"@type\":\"ListItem\",\"position\":3,\"name\":\"Diverg\u00eancia entre PNAD e Caged: Qual a dire\u00e7\u00e3o correta do mercado de trabalho?\"}]},{\"@type\":\"WebSite\",\"@id\":\"https:\/\/www.suno.com.br\/noticias\/#website\",\"url\":\"https:\/\/www.suno.com.br\/noticias\/\",\"name\":\"Suno Not\u00edcias\",\"description\":\"Seu portal de informa\u00e7\u00e3o sobre o mundo dos investimentos\",\"publisher\":{\"@id\":\"https:\/\/www.suno.com.br\/noticias\/#organization\"},\"potentialAction\":[{\"@type\":\"SearchAction\",\"target\":{\"@type\":\"EntryPoint\",\"urlTemplate\":\"https:\/\/www.suno.com.br\/noticias\/?s={search_term_string}\"},\"query-input\":{\"@type\":\"PropertyValueSpecification\",\"valueRequired\":true,\"valueName\":\"search_term_string\"}}],\"inLanguage\":\"pt-BR\"},{\"@type\":\"Organization\",\"@id\":\"https:\/\/www.suno.com.br\/noticias\/#organization\",\"name\":\"Suno Not\u00edcias\",\"url\":\"https:\/\/www.suno.com.br\/noticias\/\",\"logo\":{\"@type\":\"ImageObject\",\"inLanguage\":\"pt-BR\",\"@id\":\"https:\/\/www.suno.com.br\/noticias\/#\/schema\/logo\/image\/\",\"url\":\"https:\/\/files.sunoresearch.com.br\/n\/uploads\/2021\/09\/suno-logo.png\",\"contentUrl\":\"https:\/\/files.sunoresearch.com.br\/n\/uploads\/2021\/09\/suno-logo.png\",\"width\":180,\"height\":180,\"caption\":\"Suno Not\u00edcias\"},\"image\":{\"@id\":\"https:\/\/www.suno.com.br\/noticias\/#\/schema\/logo\/image\/\"},\"sameAs\":[\"https:\/\/facebook.com\/sunoresearch\",\"https:\/\/x.com\/sunoresearch\",\"https:\/\/www.instagram.com\/suno\",\"https:\/\/www.linkedin.com\/company\/suno-research\/\",\"https:\/\/www.youtube.com\/c\/sunoresearch\"]},{\"@type\":\"Person\",\"@id\":\"https:\/\/www.suno.com.br\/noticias\/#\/schema\/person\/b6752df7a8903bf17fc5a9343e188470\",\"name\":\"Simone Pasianotto\",\"image\":{\"@type\":\"ImageObject\",\"inLanguage\":\"pt-BR\",\"@id\":\"https:\/\/www.suno.com.br\/noticias\/#\/schema\/person\/image\/\",\"url\":\"https:\/\/secure.gravatar.com\/avatar\/946d6f8762eb10f2be7cbbb8d74698d5?s=96&r=g\",\"contentUrl\":\"https:\/\/secure.gravatar.com\/avatar\/946d6f8762eb10f2be7cbbb8d74698d5?s=96&r=g\",\"caption\":\"Simone Pasianotto\"},\"description\":\"Bacharel em Ci\u00eancias Econ\u00f4micas (USP) e Comunica\u00e7\u00e3o Social (UMESP), com mestrado em Economia (Unicamp). Mais de 20 anos de experi\u00eancia profissional em Intelig\u00eancia de Mercado. Atuou como economista na AT Kearney, Roland Berger, Banco Haitong, LCA Consultores, FIPE, Sindipe\u00e7as e Grupo Ecorodovias. Atualmente \u00e9 economista-chefe da REAG Investimentos e professora de Finan\u00e7as Corporativas na ESPM e de Intelig\u00eancia Competitiva no MBA da FIA.\",\"sameAs\":[\"https:\/\/www.linkedin.com\/in\/simonepasianotto\/\"],\"url\":\"https:\/\/www.suno.com.br\/noticias\/author\/simone-pasianotto\/\"}]}<\/script>\n<!-- \/ Yoast SEO plugin. -->","yoast_head_json":{"title":"Diverg\u00eancia entre PNAD e Caged: Qual a dire\u00e7\u00e3o correta do mercado de trabalho? - Coluna de Simone Pasianotto","description":"Leia a coluna de Simone Pasianotto que avalia os resultados em dire\u00e7\u00f5es opostas das duas principais pesquisas de emprego do Brasil","robots":{"index":"index","follow":"follow","max-snippet":"max-snippet:-1","max-image-preview":"max-image-preview:large","max-video-preview":"max-video-preview:-1"},"canonical":"https:\/\/www.suno.com.br\/noticias\/colunas\/simone-pasianotto\/pnad-caged-divergencia\/","og_locale":"pt_BR","og_type":"article","og_title":"Diverg\u00eancia entre PNAD e Caged: Qual a dire\u00e7\u00e3o correta do mercado de trabalho? - Coluna de Simone Pasianotto","og_description":"Leia a coluna de Simone Pasianotto que avalia os resultados em dire\u00e7\u00f5es opostas das duas principais pesquisas de emprego do Brasil","og_url":"https:\/\/www.suno.com.br\/noticias\/colunas\/simone-pasianotto\/pnad-caged-divergencia\/","og_site_name":"Suno Not\u00edcias","article_publisher":"https:\/\/facebook.com\/sunoresearch","og_image":[{"width":1200,"height":627,"url":"https:\/\/files.sunoresearch.com.br\/n\/uploads\/2022\/06\/Modelo2.jpg","type":"image\/jpeg"}],"twitter_card":"summary_large_image","twitter_site":"@sunoresearch","twitter_misc":{"Est. tempo de leitura":"5 minutos"},"schema":{"@context":"https:\/\/schema.org","@graph":[{"@type":"Article","@id":"https:\/\/www.suno.com.br\/noticias\/colunas\/simone-pasianotto\/pnad-caged-divergencia\/#article","isPartOf":{"@id":"https:\/\/www.suno.com.br\/noticias\/colunas\/simone-pasianotto\/pnad-caged-divergencia\/"},"author":{"name":"Simone Pasianotto","@id":"https:\/\/www.suno.com.br\/noticias\/#\/schema\/person\/b6752df7a8903bf17fc5a9343e188470"},"headline":"Diverg\u00eancia entre PNAD e Caged: Qual a dire\u00e7\u00e3o correta do mercado de trabalho?","datePublished":"2021-07-26T18:00:42+00:00","mainEntityOfPage":{"@id":"https:\/\/www.suno.com.br\/noticias\/colunas\/simone-pasianotto\/pnad-caged-divergencia\/"},"wordCount":1030,"publisher":{"@id":"https:\/\/www.suno.com.br\/noticias\/#organization"},"inLanguage":"pt-BR"},{"@type":"WebPage","@id":"https:\/\/www.suno.com.br\/noticias\/colunas\/simone-pasianotto\/pnad-caged-divergencia\/","url":"https:\/\/www.suno.com.br\/noticias\/colunas\/simone-pasianotto\/pnad-caged-divergencia\/","name":"Diverg\u00eancia entre PNAD e Caged: Qual a dire\u00e7\u00e3o correta do mercado de trabalho? - Coluna de Simone Pasianotto","isPartOf":{"@id":"https:\/\/www.suno.com.br\/noticias\/#website"},"datePublished":"2021-07-26T18:00:42+00:00","description":"Leia a coluna de Simone Pasianotto que avalia os resultados em dire\u00e7\u00f5es opostas das duas principais pesquisas de emprego do Brasil","breadcrumb":{"@id":"https:\/\/www.suno.com.br\/noticias\/colunas\/simone-pasianotto\/pnad-caged-divergencia\/#breadcrumb"},"inLanguage":"pt-BR","potentialAction":[{"@type":"ReadAction","target":["https:\/\/www.suno.com.br\/noticias\/colunas\/simone-pasianotto\/pnad-caged-divergencia\/"]}]},{"@type":"BreadcrumbList","@id":"https:\/\/www.suno.com.br\/noticias\/colunas\/simone-pasianotto\/pnad-caged-divergencia\/#breadcrumb","itemListElement":[{"@type":"ListItem","position":1,"name":"Not\u00edcias","item":"https:\/\/www.suno.com.br\/noticias\/"},{"@type":"ListItem","position":2,"name":"Colunas","item":"https:\/\/www.suno.com.br\/noticias\/colunas\/"},{"@type":"ListItem","position":3,"name":"Diverg\u00eancia entre PNAD e Caged: Qual a dire\u00e7\u00e3o correta do mercado de trabalho?"}]},{"@type":"WebSite","@id":"https:\/\/www.suno.com.br\/noticias\/#website","url":"https:\/\/www.suno.com.br\/noticias\/","name":"Suno Not\u00edcias","description":"Seu portal de informa\u00e7\u00e3o sobre o mundo dos investimentos","publisher":{"@id":"https:\/\/www.suno.com.br\/noticias\/#organization"},"potentialAction":[{"@type":"SearchAction","target":{"@type":"EntryPoint","urlTemplate":"https:\/\/www.suno.com.br\/noticias\/?s={search_term_string}"},"query-input":{"@type":"PropertyValueSpecification","valueRequired":true,"valueName":"search_term_string"}}],"inLanguage":"pt-BR"},{"@type":"Organization","@id":"https:\/\/www.suno.com.br\/noticias\/#organization","name":"Suno Not\u00edcias","url":"https:\/\/www.suno.com.br\/noticias\/","logo":{"@type":"ImageObject","inLanguage":"pt-BR","@id":"https:\/\/www.suno.com.br\/noticias\/#\/schema\/logo\/image\/","url":"https:\/\/files.sunoresearch.com.br\/n\/uploads\/2021\/09\/suno-logo.png","contentUrl":"https:\/\/files.sunoresearch.com.br\/n\/uploads\/2021\/09\/suno-logo.png","width":180,"height":180,"caption":"Suno Not\u00edcias"},"image":{"@id":"https:\/\/www.suno.com.br\/noticias\/#\/schema\/logo\/image\/"},"sameAs":["https:\/\/facebook.com\/sunoresearch","https:\/\/x.com\/sunoresearch","https:\/\/www.instagram.com\/suno","https:\/\/www.linkedin.com\/company\/suno-research\/","https:\/\/www.youtube.com\/c\/sunoresearch"]},{"@type":"Person","@id":"https:\/\/www.suno.com.br\/noticias\/#\/schema\/person\/b6752df7a8903bf17fc5a9343e188470","name":"Simone Pasianotto","image":{"@type":"ImageObject","inLanguage":"pt-BR","@id":"https:\/\/www.suno.com.br\/noticias\/#\/schema\/person\/image\/","url":"https:\/\/secure.gravatar.com\/avatar\/946d6f8762eb10f2be7cbbb8d74698d5?s=96&r=g","contentUrl":"https:\/\/secure.gravatar.com\/avatar\/946d6f8762eb10f2be7cbbb8d74698d5?s=96&r=g","caption":"Simone Pasianotto"},"description":"Bacharel em Ci\u00eancias Econ\u00f4micas (USP) e Comunica\u00e7\u00e3o Social (UMESP), com mestrado em Economia (Unicamp). Mais de 20 anos de experi\u00eancia profissional em Intelig\u00eancia de Mercado. Atuou como economista na AT Kearney, Roland Berger, Banco Haitong, LCA Consultores, FIPE, Sindipe\u00e7as e Grupo Ecorodovias. Atualmente \u00e9 economista-chefe da REAG Investimentos e professora de Finan\u00e7as Corporativas na ESPM e de Intelig\u00eancia Competitiva no MBA da FIA.","sameAs":["https:\/\/www.linkedin.com\/in\/simonepasianotto\/"],"url":"https:\/\/www.suno.com.br\/noticias\/author\/simone-pasianotto\/"}]}},"amp_enabled":true,"_links":{"self":[{"href":"https:\/\/www.suno.com.br\/noticias\/wp-json\/wp\/v2\/suno_column\/168489"}],"collection":[{"href":"https:\/\/www.suno.com.br\/noticias\/wp-json\/wp\/v2\/suno_column"}],"about":[{"href":"https:\/\/www.suno.com.br\/noticias\/wp-json\/wp\/v2\/types\/suno_column"}],"author":[{"embeddable":true,"href":"https:\/\/www.suno.com.br\/noticias\/wp-json\/wp\/v2\/users\/83"}],"wp:attachment":[{"href":"https:\/\/www.suno.com.br\/noticias\/wp-json\/wp\/v2\/media?parent=168489"}],"wp:term":[{"taxonomy":"post_tag","embeddable":true,"href":"https:\/\/www.suno.com.br\/noticias\/wp-json\/wp\/v2\/tags?post=168489"}],"curies":[{"name":"wp","href":"https:\/\/api.w.org\/{rel}","templated":true}]}}