{"id":167317,"date":"2021-07-20T11:50:01","date_gmt":"2021-07-20T14:50:01","guid":{"rendered":"https:\/\/www.suno.com.br\/noticias\/colunas\/natalia-gomez\/"},"modified":"2021-07-23T10:44:45","modified_gmt":"2021-07-23T13:44:45","slug":"recuperacao-brasil","status":"publish","type":"suno_column","link":"https:\/\/www.suno.com.br\/noticias\/colunas\/gustavo-cruz\/recuperacao-brasil\/","title":{"rendered":"3 motivos para ficar otimista com Brasil"},"content":{"rendered":"<p>Desde a metade de junho estamos com as bolsas mundiais andando de lado, com investidores mais receosos sobre o cen\u00e1rio para restante do ano. Duas preocupa\u00e7\u00f5es voltaram a se instalar: eleva\u00e7\u00e3o de juros nos Estados Unidos e alta de casos em locais com vacina\u00e7\u00e3o acelerada. No entanto, vale separar o <strong>Brasil<\/strong> do bolo ao pensar no que teremos at\u00e9 o final do ano.<\/p>\n\t<p>\n\t\t<a href=\"https:\/\/lp.suno.com.br\/planilha-controle-gastos\/\" target=\"_blank\" data-element=\"shortcode-suno-banner\" title=\"Banner SUNO, clique e saiba mais\">\n\t\t\t<picture>\n\t\t\t\t<source media=\"(max-width: 500px)\" srcset=\"https:\/\/files.sunoresearch.com.br\/n\/uploads\/2023\/03\/400x300-Planilha-controle-de-gastos.png\">\n\t\t\t\t<img class=\"newsContent__article__imgCapa newsContent__article__imgCapa--banner\"\n\t\t\t\t\tsrc=\"https:\/\/files.sunoresearch.com.br\/n\/uploads\/2023\/03\/1420x240-Planilha-controle-de-gastos.png\"\n\t\t\t\t\tdata-promo-id=\"101751\"\t\t\t\t\t\t\t\t\t\twidth='1420' height='240'\t\t\t\t\talt=\"https:\/\/files.sunoresearch.com.br\/n\/uploads\/2023\/03\/1420x240-Planilha-controle-de-gastos.png\"\n\t\t\t\t>\n\t\t\t<\/picture>\n\t\t<\/a>\n\t<\/p>\n\n\n<p>Iniciei meu espa\u00e7o aqui na <strong>Suno<\/strong> explicando a import\u00e2ncia de n\u00e3o depender 100% do Brasil, em termos de investimento. O que ainda refor\u00e7o, mas utilizarei os pr\u00f3ximos par\u00e1grafos para analisar o quadro brasileiro at\u00e9 o final do ano, e destacar como os pr\u00f3ximos meses s\u00e3o promissores internamente.<\/p>\n<p>A <strong>variante delta<\/strong> est\u00e1 se tornando a dominante no mundo. Regi\u00f5es asi\u00e1ticas que n\u00e3o tinham sofrido tanto com a pandemia t\u00eam recordes de casos, al\u00e9m de partes da Europa e Estados Unidos que pareciam ter controlado definitivamente, mas est\u00e3o vendo uma nova alta de casos. Por\u00e9m, com menos hospitaliza\u00e7\u00f5es.<\/p>\n<p>Segundo a Kantar, 37% dos franceses n\u00e3o pretendem se vacinar, ante 26% nos Estados Unidos, 23% na Alemanha, de 17% na Holanda, de 14% no Reino Unido e de 12% na It\u00e1lia. No Brasil, apenas 7% n\u00e3o pretendem se <strong>vacinar<\/strong>.<\/p>\n<p>Ao cruzarmos os n\u00fameros com o Minist\u00e9rio da Sa\u00fade, 88,8% da popula\u00e7\u00e3o acima de 80 se vacinou com duas doses, 89,2% entre os que tem 75 e 79 e 87,6% a parcela que possui entre 70 e 74. Mostrando uma grande ades\u00e3o da popula\u00e7\u00e3o brasileira.<\/p>\n<p>Olhando para o caso americano, a Diretora dos Centros de Controle e Preven\u00e7\u00e3o de Doen\u00e7as (CDC), Rochelle Wolensky relata que houve alta de 70% na m\u00e9dia m\u00f3vel dos \u00faltimos sete dias, para cerca de 33 mil casos na semana mais recente. Entre as mortes, o crescimento na mesma compara\u00e7\u00e3o foi de 26%, para uma m\u00e9dia de 211 ao dia.<\/p>\n<p>Segundo Wolensky \u201ca covid-19 est\u00e1 se tornando uma pandemia dos n\u00e3o vacinados no pa\u00eds, sobretudo, em se tratando de casos graves, que exigem hospitaliza\u00e7\u00e3o\u201d. Esse\u00a0 deve ser o retrato do restante do ano, nos pa\u00edses com grande quantidade de vacinas dispon\u00edveis, um impacto grande nos n\u00e3o vacinados.<\/p>\n<p>O brasileiro se destacando, no sentido de comparecer para se vacinar mais do que a m\u00e9dia global, nos permite tra\u00e7ar um restante de ano promissor em termos de <strong>recupera\u00e7\u00e3o<\/strong>. Uma reabertura definitiva.<\/p>\n\t<p>\n\t\t<a href=\"https:\/\/lp.suno.com.br\/planilha-da-vida-financeira\/\" target=\"_blank\" data-element=\"shortcode-suno-banner\" title=\"Banner SUNO, clique e saiba mais\">\n\t\t\t<picture>\n\t\t\t\t<source media=\"(max-width: 500px)\" srcset=\"https:\/\/files.sunoresearch.com.br\/n\/uploads\/2023\/04\/400x300-Planilha-vida-financeira-true.png\">\n\t\t\t\t<img class=\"newsContent__article__imgCapa newsContent__article__imgCapa--banner\"\n\t\t\t\t\tsrc=\"https:\/\/files.sunoresearch.com.br\/n\/uploads\/2023\/04\/1420x240-Planilha-vida-financeira-true.png\"\n\t\t\t\t\tdata-promo-id=\"106682\"\t\t\t\t\t\t\t\t\t\twidth='1420' height='240'\t\t\t\t\talt=\"https:\/\/files.sunoresearch.com.br\/n\/uploads\/2023\/04\/1420x240-Planilha-vida-financeira-true.png\"\n\t\t\t\t>\n\t\t\t<\/picture>\n\t\t<\/a>\n\t<\/p>\n\n\n<p>O que torna o PIB o indicador com maior potencial de surpresa positiva no segundo semestre. O <a href=\"https:\/\/www.suno.com.br\/artigos\/boletim-focus\/\">Boletim Focus<\/a> aponta um crescimento de 5,27%, mas n\u00e3o \u00e9 exagero imaginar algo ainda maior, na faixa de 5,5%-6%.<\/p>\n<p>O Minist\u00e9rio da Sa\u00fade aponta que teremos mais 60 milh\u00f5es de doses em agosto, acima das 40 milh\u00f5es previstas para julho. Nos aproximando de toda a popula\u00e7\u00e3o adulta vacinada, com ao menos uma dose.<\/p>\n<p>Uma d\u00favida v\u00e1lida: de onde sairia essa surpresa de atividade?<\/p>\n<p>Exercitando um pouco, podemos lembrar de um setor da economia que est\u00e1 praticamente paralisado. O de eventos. Consultando a ABRAPE e a ABRAFESTA, chegamos a n\u00fameros acima de R$200 bilh\u00f5es movimentados por ano.<\/p>\n<p>Em linha com o preju\u00edzo de R$ 270 bilh\u00f5es com a pandemia, alegado pelo setor em conversas sobre socorro financeiro com Bras\u00edlia. As estimativas giram entre 2 e 3 milh\u00f5es de empregos diretos e indiretos, em mais de 60 mil empresas.<\/p>\n<p>Estamos falando de est\u00e1dios de futebol vazios, o Carnaval e S\u00e3o Jo\u00e3o que n\u00e3o ocorreram, rodeios, shows de artistas, festivais, entre outros. A previs\u00e3o do Estado de S\u00e3o Paulo \u00e9 que em outubro voltem a ocorrer shows, deixando a atividade do \u00faltimo trimestre extremamente aquecida no pa\u00eds.<\/p>\n<p>O que ainda casa com o ver\u00e3o brasileiro, que j\u00e1 concentra mais eventos historicamente.<\/p>\n<p>Um \u00faltimo vetor que pode surpreender positivamente s\u00e3o as <strong>reformas<\/strong>. O Congresso deve avan\u00e7ar a Reforma Administrativa na C\u00e2mara dos Deputados at\u00e9 o final de setembro, a <a href=\"https:\/\/www.suno.com.br\/artigos\/boletim-focus\/\">Reforma Tribut\u00e1ria<\/a> est\u00e1 indo em um ritmo acima do esperado, al\u00e9m da agenda de concess\u00f5es e privatiza\u00e7\u00f5es aquecida, com destaque para os Correios e da Eletrobr\u00e1s.<\/p>\n<p>Amarrando todos os temas, vemos que a tend\u00eancia \u00e9 que o <strong>Brasil<\/strong> se destaque positivamente no final de 2021. Ap\u00f3s 1 ano e meio sendo o destaque negativo, o momento \u00e9 ideal para o mercado financeiro loca. Ap\u00f3s 1 ano e meio sendo o destaque negativo, o momento \u00e9 ideal para o mercado financeiro local.<\/p>\n\t<p>\n\t\t<a href=\"https:\/\/lp.suno.com.br\/planilha-de-controle-de-investimentos\/\" target=\"_blank\" data-element=\"shortcode-suno-banner\" title=\"Banner SUNO, clique e saiba mais\">\n\t\t\t<picture>\n\t\t\t\t<source media=\"(max-width: 500px)\" srcset=\"https:\/\/files.sunoresearch.com.br\/n\/uploads\/2023\/03\/400x300-Controle-de-Investimentos.png\">\n\t\t\t\t<img class=\"newsContent__article__imgCapa newsContent__article__imgCapa--banner\"\n\t\t\t\t\tsrc=\"https:\/\/files.sunoresearch.com.br\/n\/uploads\/2023\/03\/1420x240-Controle-de-Investimentos.png\"\n\t\t\t\t\tdata-promo-id=\"75934\"\t\t\t\t\t\t\t\t\t\twidth='1420' height='240'\t\t\t\t\talt=\"https:\/\/files.sunoresearch.com.br\/n\/uploads\/2023\/03\/1420x240-Controle-de-Investimentos.png\"\n\t\t\t\t>\n\t\t\t<\/picture>\n\t\t<\/a>\n\t<\/p>\n\n\n","protected":false},"excerpt":{"rendered":"<p>Desde a metade de junho estamos com as bolsas mundiais andando de lado, com investidores mais receosos sobre o cen\u00e1rio para restante do ano. Duas preocupa\u00e7\u00f5es voltaram&#8230;<\/p>\n","protected":false},"author":76,"featured_media":0,"template":"","tags":[807],"class_list":["post-167317","suno_column","type-suno_column","status-publish","hentry","tag-produto-interno-bruto-pib"],"yoast_head":"<!-- This site is optimized with the Yoast SEO plugin v24.4 - https:\/\/yoast.com\/wordpress\/plugins\/seo\/ -->\n<title>3 motivos para ficar otimista com Brasil - Suno Not\u00edcias<\/title>\n<meta name=\"description\" content=\"Ap\u00f3s 1 ano e meio sendo o destaque negativo, o momento \u00e9 ideal para o mercado financeiro local. Leia sobre a economia do Brasil neste artigo.\" \/>\n<meta name=\"robots\" content=\"index, follow, max-snippet:-1, max-image-preview:large, max-video-preview:-1\" \/>\n<link rel=\"canonical\" href=\"https:\/\/www.suno.com.br\/noticias\/colunas\/gustavo-cruz\/recuperacao-brasil\/\" \/>\n<meta property=\"og:locale\" content=\"pt_BR\" \/>\n<meta property=\"og:type\" content=\"article\" \/>\n<meta property=\"og:title\" content=\"3 motivos para ficar otimista com Brasil - Suno Not\u00edcias\" \/>\n<meta property=\"og:description\" content=\"Ap\u00f3s 1 ano e meio sendo o destaque negativo, o momento \u00e9 ideal para o mercado financeiro local. Leia sobre a economia do Brasil neste artigo.\" \/>\n<meta property=\"og:url\" content=\"https:\/\/www.suno.com.br\/noticias\/colunas\/gustavo-cruz\/recuperacao-brasil\/\" \/>\n<meta property=\"og:site_name\" content=\"Suno Not\u00edcias\" \/>\n<meta property=\"article:publisher\" content=\"https:\/\/facebook.com\/sunoresearch\" \/>\n<meta property=\"og:image\" content=\"https:\/\/files.sunoresearch.com.br\/n\/uploads\/2022\/06\/Modelo2.jpg\" \/>\n\t<meta property=\"og:image:width\" content=\"1200\" \/>\n\t<meta property=\"og:image:height\" content=\"627\" \/>\n\t<meta property=\"og:image:type\" content=\"image\/jpeg\" \/>\n<meta name=\"twitter:card\" content=\"summary_large_image\" \/>\n<meta name=\"twitter:site\" content=\"@sunoresearch\" \/>\n<meta name=\"twitter:label1\" content=\"Est. tempo de leitura\" \/>\n\t<meta name=\"twitter:data1\" content=\"4 minutos\" \/>\n<script type=\"application\/ld+json\" class=\"yoast-schema-graph\">{\"@context\":\"https:\/\/schema.org\",\"@graph\":[{\"@type\":\"Article\",\"@id\":\"https:\/\/www.suno.com.br\/noticias\/colunas\/gustavo-cruz\/recuperacao-brasil\/#article\",\"isPartOf\":{\"@id\":\"https:\/\/www.suno.com.br\/noticias\/colunas\/gustavo-cruz\/recuperacao-brasil\/\"},\"author\":{\"name\":\"Gustavo Cruz\",\"@id\":\"https:\/\/www.suno.com.br\/noticias\/#\/schema\/person\/263643f607b4b8e47a40d49b3414ceba\"},\"headline\":\"3 motivos para ficar otimista com Brasil\",\"datePublished\":\"2021-07-20T14:50:01+00:00\",\"dateModified\":\"2021-07-23T13:44:45+00:00\",\"mainEntityOfPage\":{\"@id\":\"https:\/\/www.suno.com.br\/noticias\/colunas\/gustavo-cruz\/recuperacao-brasil\/\"},\"wordCount\":762,\"publisher\":{\"@id\":\"https:\/\/www.suno.com.br\/noticias\/#organization\"},\"keywords\":[\"Produto Interno Bruto (PIB)\"],\"inLanguage\":\"pt-BR\"},{\"@type\":\"WebPage\",\"@id\":\"https:\/\/www.suno.com.br\/noticias\/colunas\/gustavo-cruz\/recuperacao-brasil\/\",\"url\":\"https:\/\/www.suno.com.br\/noticias\/colunas\/gustavo-cruz\/recuperacao-brasil\/\",\"name\":\"3 motivos para ficar otimista com Brasil - Suno Not\u00edcias\",\"isPartOf\":{\"@id\":\"https:\/\/www.suno.com.br\/noticias\/#website\"},\"datePublished\":\"2021-07-20T14:50:01+00:00\",\"dateModified\":\"2021-07-23T13:44:45+00:00\",\"description\":\"Ap\u00f3s 1 ano e meio sendo o destaque negativo, o momento \u00e9 ideal para o mercado financeiro local. Leia sobre a economia do Brasil neste artigo.\",\"breadcrumb\":{\"@id\":\"https:\/\/www.suno.com.br\/noticias\/colunas\/gustavo-cruz\/recuperacao-brasil\/#breadcrumb\"},\"inLanguage\":\"pt-BR\",\"potentialAction\":[{\"@type\":\"ReadAction\",\"target\":[\"https:\/\/www.suno.com.br\/noticias\/colunas\/gustavo-cruz\/recuperacao-brasil\/\"]}]},{\"@type\":\"BreadcrumbList\",\"@id\":\"https:\/\/www.suno.com.br\/noticias\/colunas\/gustavo-cruz\/recuperacao-brasil\/#breadcrumb\",\"itemListElement\":[{\"@type\":\"ListItem\",\"position\":1,\"name\":\"Not\u00edcias\",\"item\":\"https:\/\/www.suno.com.br\/noticias\/\"},{\"@type\":\"ListItem\",\"position\":2,\"name\":\"Colunas\",\"item\":\"https:\/\/www.suno.com.br\/noticias\/colunas\/\"},{\"@type\":\"ListItem\",\"position\":3,\"name\":\"3 motivos para ficar otimista com Brasil\"}]},{\"@type\":\"WebSite\",\"@id\":\"https:\/\/www.suno.com.br\/noticias\/#website\",\"url\":\"https:\/\/www.suno.com.br\/noticias\/\",\"name\":\"Suno Not\u00edcias\",\"description\":\"Seu portal de informa\u00e7\u00e3o sobre o mundo dos investimentos\",\"publisher\":{\"@id\":\"https:\/\/www.suno.com.br\/noticias\/#organization\"},\"potentialAction\":[{\"@type\":\"SearchAction\",\"target\":{\"@type\":\"EntryPoint\",\"urlTemplate\":\"https:\/\/www.suno.com.br\/noticias\/?s={search_term_string}\"},\"query-input\":{\"@type\":\"PropertyValueSpecification\",\"valueRequired\":true,\"valueName\":\"search_term_string\"}}],\"inLanguage\":\"pt-BR\"},{\"@type\":\"Organization\",\"@id\":\"https:\/\/www.suno.com.br\/noticias\/#organization\",\"name\":\"Suno Not\u00edcias\",\"url\":\"https:\/\/www.suno.com.br\/noticias\/\",\"logo\":{\"@type\":\"ImageObject\",\"inLanguage\":\"pt-BR\",\"@id\":\"https:\/\/www.suno.com.br\/noticias\/#\/schema\/logo\/image\/\",\"url\":\"https:\/\/files.sunoresearch.com.br\/n\/uploads\/2021\/09\/suno-logo.png\",\"contentUrl\":\"https:\/\/files.sunoresearch.com.br\/n\/uploads\/2021\/09\/suno-logo.png\",\"width\":180,\"height\":180,\"caption\":\"Suno Not\u00edcias\"},\"image\":{\"@id\":\"https:\/\/www.suno.com.br\/noticias\/#\/schema\/logo\/image\/\"},\"sameAs\":[\"https:\/\/facebook.com\/sunoresearch\",\"https:\/\/x.com\/sunoresearch\",\"https:\/\/www.instagram.com\/suno\",\"https:\/\/www.linkedin.com\/company\/suno-research\/\",\"https:\/\/www.youtube.com\/c\/sunoresearch\"]},{\"@type\":\"Person\",\"@id\":\"https:\/\/www.suno.com.br\/noticias\/#\/schema\/person\/263643f607b4b8e47a40d49b3414ceba\",\"name\":\"Gustavo Cruz\",\"image\":{\"@type\":\"ImageObject\",\"inLanguage\":\"pt-BR\",\"@id\":\"https:\/\/www.suno.com.br\/noticias\/#\/schema\/person\/image\/\",\"url\":\"https:\/\/secure.gravatar.com\/avatar\/57e6d82800a2dd4c8c19cd84dc8ad9af?s=96&r=g\",\"contentUrl\":\"https:\/\/secure.gravatar.com\/avatar\/57e6d82800a2dd4c8c19cd84dc8ad9af?s=96&r=g\",\"caption\":\"Gustavo Cruz\"},\"description\":\"Estrategista da RB Investimentos desde 2020, iniciou carreira no research da XP, local onde ficou mais de quatro anos, desempenhando as fun\u00e7\u00f5es de analista e economista. Teve passagem de um ano na startup Proseek, onde foi economista da institui\u00e7\u00e3o. \u00c9 formado em economia pelo Insper e atualmente est\u00e1 realizando um MBA na Saint Paul.\",\"sameAs\":[\"https:\/\/www.instagram.com\/rbinvestimentos\",\"https:\/\/br.linkedin.com\/in\/gustavo-spinola-lopes-da-cruz-43791ab3\"],\"url\":\"https:\/\/www.suno.com.br\/noticias\/author\/gustavo-cruz\/\"}]}<\/script>\n<!-- \/ Yoast SEO plugin. -->","yoast_head_json":{"title":"3 motivos para ficar otimista com Brasil - Suno Not\u00edcias","description":"Ap\u00f3s 1 ano e meio sendo o destaque negativo, o momento \u00e9 ideal para o mercado financeiro local. Leia sobre a economia do Brasil neste artigo.","robots":{"index":"index","follow":"follow","max-snippet":"max-snippet:-1","max-image-preview":"max-image-preview:large","max-video-preview":"max-video-preview:-1"},"canonical":"https:\/\/www.suno.com.br\/noticias\/colunas\/gustavo-cruz\/recuperacao-brasil\/","og_locale":"pt_BR","og_type":"article","og_title":"3 motivos para ficar otimista com Brasil - Suno Not\u00edcias","og_description":"Ap\u00f3s 1 ano e meio sendo o destaque negativo, o momento \u00e9 ideal para o mercado financeiro local. Leia sobre a economia do Brasil neste artigo.","og_url":"https:\/\/www.suno.com.br\/noticias\/colunas\/gustavo-cruz\/recuperacao-brasil\/","og_site_name":"Suno Not\u00edcias","article_publisher":"https:\/\/facebook.com\/sunoresearch","og_image":[{"width":1200,"height":627,"url":"https:\/\/files.sunoresearch.com.br\/n\/uploads\/2022\/06\/Modelo2.jpg","type":"image\/jpeg"}],"twitter_card":"summary_large_image","twitter_site":"@sunoresearch","twitter_misc":{"Est. tempo de leitura":"4 minutos"},"schema":{"@context":"https:\/\/schema.org","@graph":[{"@type":"Article","@id":"https:\/\/www.suno.com.br\/noticias\/colunas\/gustavo-cruz\/recuperacao-brasil\/#article","isPartOf":{"@id":"https:\/\/www.suno.com.br\/noticias\/colunas\/gustavo-cruz\/recuperacao-brasil\/"},"author":{"name":"Gustavo Cruz","@id":"https:\/\/www.suno.com.br\/noticias\/#\/schema\/person\/263643f607b4b8e47a40d49b3414ceba"},"headline":"3 motivos para ficar otimista com Brasil","datePublished":"2021-07-20T14:50:01+00:00","dateModified":"2021-07-23T13:44:45+00:00","mainEntityOfPage":{"@id":"https:\/\/www.suno.com.br\/noticias\/colunas\/gustavo-cruz\/recuperacao-brasil\/"},"wordCount":762,"publisher":{"@id":"https:\/\/www.suno.com.br\/noticias\/#organization"},"keywords":["Produto Interno Bruto (PIB)"],"inLanguage":"pt-BR"},{"@type":"WebPage","@id":"https:\/\/www.suno.com.br\/noticias\/colunas\/gustavo-cruz\/recuperacao-brasil\/","url":"https:\/\/www.suno.com.br\/noticias\/colunas\/gustavo-cruz\/recuperacao-brasil\/","name":"3 motivos para ficar otimista com Brasil - Suno Not\u00edcias","isPartOf":{"@id":"https:\/\/www.suno.com.br\/noticias\/#website"},"datePublished":"2021-07-20T14:50:01+00:00","dateModified":"2021-07-23T13:44:45+00:00","description":"Ap\u00f3s 1 ano e meio sendo o destaque negativo, o momento \u00e9 ideal para o mercado financeiro local. Leia sobre a economia do Brasil neste artigo.","breadcrumb":{"@id":"https:\/\/www.suno.com.br\/noticias\/colunas\/gustavo-cruz\/recuperacao-brasil\/#breadcrumb"},"inLanguage":"pt-BR","potentialAction":[{"@type":"ReadAction","target":["https:\/\/www.suno.com.br\/noticias\/colunas\/gustavo-cruz\/recuperacao-brasil\/"]}]},{"@type":"BreadcrumbList","@id":"https:\/\/www.suno.com.br\/noticias\/colunas\/gustavo-cruz\/recuperacao-brasil\/#breadcrumb","itemListElement":[{"@type":"ListItem","position":1,"name":"Not\u00edcias","item":"https:\/\/www.suno.com.br\/noticias\/"},{"@type":"ListItem","position":2,"name":"Colunas","item":"https:\/\/www.suno.com.br\/noticias\/colunas\/"},{"@type":"ListItem","position":3,"name":"3 motivos para ficar otimista com Brasil"}]},{"@type":"WebSite","@id":"https:\/\/www.suno.com.br\/noticias\/#website","url":"https:\/\/www.suno.com.br\/noticias\/","name":"Suno Not\u00edcias","description":"Seu portal de informa\u00e7\u00e3o sobre o mundo dos investimentos","publisher":{"@id":"https:\/\/www.suno.com.br\/noticias\/#organization"},"potentialAction":[{"@type":"SearchAction","target":{"@type":"EntryPoint","urlTemplate":"https:\/\/www.suno.com.br\/noticias\/?s={search_term_string}"},"query-input":{"@type":"PropertyValueSpecification","valueRequired":true,"valueName":"search_term_string"}}],"inLanguage":"pt-BR"},{"@type":"Organization","@id":"https:\/\/www.suno.com.br\/noticias\/#organization","name":"Suno Not\u00edcias","url":"https:\/\/www.suno.com.br\/noticias\/","logo":{"@type":"ImageObject","inLanguage":"pt-BR","@id":"https:\/\/www.suno.com.br\/noticias\/#\/schema\/logo\/image\/","url":"https:\/\/files.sunoresearch.com.br\/n\/uploads\/2021\/09\/suno-logo.png","contentUrl":"https:\/\/files.sunoresearch.com.br\/n\/uploads\/2021\/09\/suno-logo.png","width":180,"height":180,"caption":"Suno Not\u00edcias"},"image":{"@id":"https:\/\/www.suno.com.br\/noticias\/#\/schema\/logo\/image\/"},"sameAs":["https:\/\/facebook.com\/sunoresearch","https:\/\/x.com\/sunoresearch","https:\/\/www.instagram.com\/suno","https:\/\/www.linkedin.com\/company\/suno-research\/","https:\/\/www.youtube.com\/c\/sunoresearch"]},{"@type":"Person","@id":"https:\/\/www.suno.com.br\/noticias\/#\/schema\/person\/263643f607b4b8e47a40d49b3414ceba","name":"Gustavo Cruz","image":{"@type":"ImageObject","inLanguage":"pt-BR","@id":"https:\/\/www.suno.com.br\/noticias\/#\/schema\/person\/image\/","url":"https:\/\/secure.gravatar.com\/avatar\/57e6d82800a2dd4c8c19cd84dc8ad9af?s=96&r=g","contentUrl":"https:\/\/secure.gravatar.com\/avatar\/57e6d82800a2dd4c8c19cd84dc8ad9af?s=96&r=g","caption":"Gustavo Cruz"},"description":"Estrategista da RB Investimentos desde 2020, iniciou carreira no research da XP, local onde ficou mais de quatro anos, desempenhando as fun\u00e7\u00f5es de analista e economista. Teve passagem de um ano na startup Proseek, onde foi economista da institui\u00e7\u00e3o. \u00c9 formado em economia pelo Insper e atualmente est\u00e1 realizando um MBA na Saint Paul.","sameAs":["https:\/\/www.instagram.com\/rbinvestimentos","https:\/\/br.linkedin.com\/in\/gustavo-spinola-lopes-da-cruz-43791ab3"],"url":"https:\/\/www.suno.com.br\/noticias\/author\/gustavo-cruz\/"}]}},"amp_enabled":true,"_links":{"self":[{"href":"https:\/\/www.suno.com.br\/noticias\/wp-json\/wp\/v2\/suno_column\/167317"}],"collection":[{"href":"https:\/\/www.suno.com.br\/noticias\/wp-json\/wp\/v2\/suno_column"}],"about":[{"href":"https:\/\/www.suno.com.br\/noticias\/wp-json\/wp\/v2\/types\/suno_column"}],"author":[{"embeddable":true,"href":"https:\/\/www.suno.com.br\/noticias\/wp-json\/wp\/v2\/users\/76"}],"wp:attachment":[{"href":"https:\/\/www.suno.com.br\/noticias\/wp-json\/wp\/v2\/media?parent=167317"}],"wp:term":[{"taxonomy":"post_tag","embeddable":true,"href":"https:\/\/www.suno.com.br\/noticias\/wp-json\/wp\/v2\/tags?post=167317"}],"curies":[{"name":"wp","href":"https:\/\/api.w.org\/{rel}","templated":true}]}}