{"id":167088,"date":"2021-07-19T16:45:09","date_gmt":"2021-07-19T19:45:09","guid":{"rendered":"https:\/\/www.suno.com.br\/noticias\/colunas\/felipe-areia\/"},"modified":"2021-07-19T16:46:39","modified_gmt":"2021-07-19T19:46:39","slug":"semana-calma-brasil-exterior","status":"publish","type":"suno_column","link":"https:\/\/www.suno.com.br\/noticias\/colunas\/julio-hegedus-netto\/semana-calma-brasil-exterior\/","title":{"rendered":"Semana calma no Brasil. J\u00e1 l\u00e1 fora&#8230;"},"content":{"rendered":"<p>Uma semana dom\u00e9stica relativamente mais calma. O <strong>recesso do parlamento<\/strong> contribui isso, assim como o retorno do presidente Bolsonaro ao \u201cdia a dia\u201d, mas talvez com certos cuidados. N\u00e3o est\u00e1 descartada uma cirurgia, por causa da \u201cobstru\u00e7\u00e3o intestinal\u201d. Uma declara\u00e7\u00e3o, ao fim do domingo, parece ter tido boa repercuss\u00e3o. Disse ele que discordava do <strong>fundo eleitoral<\/strong> de R$ 5,7 bilh\u00f5es, avaliando que os parlamentares n\u00e3o precisavam destes recursos e com estes, v\u00e1rias obras do Tarc\u00edsio Freitas (infraestrutura) e do Rog\u00e9rio Marinho (desenvolvimento regional) poderiam ser feitas. Sinais para um veto.<\/p>\n\t<p>\n\t\t<a href=\"https:\/\/lp.suno.com.br\/planilha-controle-gastos\/\" target=\"_blank\" data-element=\"shortcode-suno-banner\" title=\"Banner SUNO, clique e saiba mais\">\n\t\t\t<picture>\n\t\t\t\t<source media=\"(max-width: 500px)\" srcset=\"https:\/\/files.sunoresearch.com.br\/n\/uploads\/2023\/03\/400x300-Planilha-controle-de-gastos.png\">\n\t\t\t\t<img class=\"newsContent__article__imgCapa newsContent__article__imgCapa--banner\"\n\t\t\t\t\tsrc=\"https:\/\/files.sunoresearch.com.br\/n\/uploads\/2023\/03\/1420x240-Planilha-controle-de-gastos.png\"\n\t\t\t\t\tdata-promo-id=\"101751\"\t\t\t\t\t\t\t\t\t\twidth='1420' height='240'\t\t\t\t\talt=\"https:\/\/files.sunoresearch.com.br\/n\/uploads\/2023\/03\/1420x240-Planilha-controle-de-gastos.png\"\n\t\t\t\t>\n\t\t\t<\/picture>\n\t\t<\/a>\n\t<\/p>\n\n\n<p>Os mercados na semana passada operaram ao sabor dos fatos. Nos tr\u00eas primeiros dias at\u00e9 que tivemos algum otimismo com o encaminhamento da <a class=\"suno-keyword\" href=\"https:\/\/www.suno.com.br\/artigos\/reforma-tributaria\/\" target=\"_blank\" rel=\"noopener noreferrer\" data-force=\"no\" data-priority=\"2\">reforma tribut\u00e1ria<\/a>, a ser votada apenas depois do recesso. A <strong>redu\u00e7\u00e3o do IR<\/strong> <strong>para empresas<\/strong> foi uma boa not\u00edcia, assim como a <a href=\"https:\/\/www.suno.com.br\/noticias\/reforma-tributaria-fiis-desonerados\/\">isen\u00e7\u00e3o para <strong>fundos imobili\u00e1rios<\/strong><\/a>. Como ainda deve haver discuss\u00e3o sobre estes temas em agosto, a perspectiva \u00e9 de que algo seja alterado. A partir da quarta-feira, no entanto, o mercado acabou dando uma virada, diante de eventos no cen\u00e1rio externo, como a <a href=\"https:\/\/www.suno.com.br\/noticias\/pib-da-china-alta-pib-segundo-trimestre-79\/\">desacelera\u00e7\u00e3o da economia chinesa<\/a> (PIB com crescimento de 7,9% no segundo trimestre) e a <strong>infla\u00e7\u00e3o norte-americana<\/strong>, mais elevada do que o esperado (0,9% em junho e 5,4% em 12 meses).<\/p>\n<p>Ao fim, o <strong>d\u00f3lar<\/strong> fechou pr\u00f3ximo da estabilidade, com queda de 0,01%, a R$ 5,124, e o <strong>Ibovespa<\/strong>, em dia de vencimento de op\u00e7\u00f5es, recuando 1,18%, a 125.960 pontos.<\/p>\n<p>Para esta semana, o presidente volta ao \u201ccercadinho\u201d, mas a expectativa \u00e9 de que ele d\u00ea uma desacelerada nas declara\u00e7\u00f5es pol\u00eamicas. Ser\u00e1 uma semana carregada tamb\u00e9m de balan\u00e7os corporativos nos EUA, devendo vir melhores. Na agenda de indicadores sexta-feira ser\u00e1 um dia intenso com os v\u00e1rios PMIs dos EUA, <a class=\"suno-keyword\" href=\"https:\/\/www.suno.com.br\/artigos\/zona-do-euro\/\" target=\"_blank\" rel=\"noopener noreferrer\" data-force=\"no\" data-priority=\"1\">Zona do Euro<\/a> e Alemanha. Ser\u00e1 uma semana tamb\u00e9m de reuni\u00e3o do BCE e de IPCA-15 de julho.<\/p>\n<p><strong>Fundo eleitoral<\/strong>. A aprova\u00e7\u00e3o do fundo eleitoral de R$ 5,7 bilh\u00f5es para as elei\u00e7\u00f5es do ano que vem, continua repercutindo. Tal fundo representa um aumento muito pesado no valor anterior (R$ 2 bilh\u00f5es). O principal motivador, no entanto, \u00e9 lembrar que muito provavelmente far\u00e1 mais sentido gastar a mesma quantia no amparo aos idosos pobres e deficientes f\u00edsicos.<\/p>\n\t<p>\n\t\t<a href=\"https:\/\/lp.suno.com.br\/planilha-da-vida-financeira\/\" target=\"_blank\" data-element=\"shortcode-suno-banner\" title=\"Banner SUNO, clique e saiba mais\">\n\t\t\t<picture>\n\t\t\t\t<source media=\"(max-width: 500px)\" srcset=\"https:\/\/files.sunoresearch.com.br\/n\/uploads\/2023\/04\/400x300-Planilha-vida-financeira-true.png\">\n\t\t\t\t<img class=\"newsContent__article__imgCapa newsContent__article__imgCapa--banner\"\n\t\t\t\t\tsrc=\"https:\/\/files.sunoresearch.com.br\/n\/uploads\/2023\/04\/1420x240-Planilha-vida-financeira-true.png\"\n\t\t\t\t\tdata-promo-id=\"106682\"\t\t\t\t\t\t\t\t\t\twidth='1420' height='240'\t\t\t\t\talt=\"https:\/\/files.sunoresearch.com.br\/n\/uploads\/2023\/04\/1420x240-Planilha-vida-financeira-true.png\"\n\t\t\t\t>\n\t\t\t<\/picture>\n\t\t<\/a>\n\t<\/p>\n\n\n<p><strong>CPI em recesso?<\/strong> Um fato a repercutir nesta semana ser\u00e1 um v\u00eddeo em que o ex-ministro <strong>Antonio Pazuello<\/strong> parece negociar vacinas chinesas, <strong>Coronavac<\/strong>, cerca de 30 milh\u00f5es de doses, pelo triplo do pre\u00e7o. A averiguar este fato. Em paralelo, a discuss\u00e3o em torno do voto impresso parece que n\u00e3o deve prosperar. No entanto, o relator Filipe Barros, ligado ao governo, parece que deve retornar em agosto aceitando as sugest\u00f5es da oposi\u00e7\u00e3o.<\/p>\n<p>Na agenda desta semana, destaque para a reuni\u00e3o do BCE na quinta-feira e no Brasil, o IPCA-15 na sexta-feira e variados PMI (como dito acima).<\/p>\n<p>Na Zona do Euro, os 19 pa\u00edses envolvidos estar\u00e3o atentos ao que <strong>Cristine Lagarde<\/strong> deve dizer, dado o risco de uma terceira onda da pandemia, dado o espalhamento da cepa Delta. Por l\u00e1, o n\u00famero de novos casos aumentou 60% na semana passada e a previs\u00e3o \u00e9 de novas altas nesta semana. Estimativas do Centro Europeu de Preven\u00e7\u00e3o e Controle da Doen\u00e7a indicam que ao fim de julho os novos casos devem chegar a 420 por 100 mil habitantes (cinco vezes acima da semana anterior). No Reino Unido, na sexta-feira tivemos o maior n\u00famero de novos casos desde janeiro, o que deve adiar o fim das medidas restritivas. Na \u00c1sia, na Indon\u00e9sia, o n\u00famero de casos di\u00e1rios ultrapassou o Brasil, chegando a 56,7 mil infec\u00e7\u00f5es na quinta-feira passada.<\/p>\n<p>Sobre a <strong>reforma tribut\u00e1ria<\/strong> \u00e9 grande a expectativa sobre como o novo texto do relator, deputado Celso Sabino, deve ser debatido depois do recesso, em agosto.<\/p>\n\t<p>\n\t\t<a href=\"https:\/\/lp.suno.com.br\/planilha-de-controle-de-investimentos\/\" target=\"_blank\" data-element=\"shortcode-suno-banner\" title=\"Banner SUNO, clique e saiba mais\">\n\t\t\t<picture>\n\t\t\t\t<source media=\"(max-width: 500px)\" srcset=\"https:\/\/files.sunoresearch.com.br\/n\/uploads\/2023\/03\/400x300-Controle-de-Investimentos.png\">\n\t\t\t\t<img class=\"newsContent__article__imgCapa newsContent__article__imgCapa--banner\"\n\t\t\t\t\tsrc=\"https:\/\/files.sunoresearch.com.br\/n\/uploads\/2023\/03\/1420x240-Controle-de-Investimentos.png\"\n\t\t\t\t\tdata-promo-id=\"75934\"\t\t\t\t\t\t\t\t\t\twidth='1420' height='240'\t\t\t\t\talt=\"https:\/\/files.sunoresearch.com.br\/n\/uploads\/2023\/03\/1420x240-Controle-de-Investimentos.png\"\n\t\t\t\t>\n\t\t\t<\/picture>\n\t\t<\/a>\n\t<\/p>\n\n\n<table>\n<tbody>\n<tr>\n<td colspan=\"2\">\n<h3><strong>Agenda Semanal<\/strong><\/h3>\n<\/td>\n<td><strong>\u00a0<\/strong><\/td>\n<\/tr>\n<tr>\n<td><strong>2\u00aa feira (19)<\/strong><\/td>\n<td>Boletim Focus; IPC Nacional (Jap\u00e3o); Taxa preferencial de empr\u00e9stimos (China)<\/td>\n<\/tr>\n<tr>\n<td><strong>3\u00aa feira (20)<\/strong><\/td>\n<td>PPI (Jun) (Alemanha); Constru\u00e7\u00e3o de Novas Casas (Jun) (EUA); Ata da reuni\u00e3o de Pol\u00edtica Monet\u00e1ria (Jap\u00e3o); Balan\u00e7a Comercial (Jun) (Jap\u00e3o).<\/td>\n<\/tr>\n<tr>\n<td><strong>4\u00aa feira (21)<\/strong><\/td>\n<td>Fluxo Cambial (Brasil); Estoque de Petr\u00f3leo; Leil\u00e3o de T\u00edtulos de 20 anos (EUA).<\/td>\n<\/tr>\n<tr>\n<td><strong>5\u00aa feira (22)<\/strong><\/td>\n<td>Decis\u00e3o do BCE da taxa de Juros (Jul); Declara\u00e7\u00e3o de Pol\u00edtica Monet\u00e1ria (BCE); Pedidos Iniciais de seguros desemprego; Vendas de Casas Usadas (Jun); Feriado no Jap\u00e3o (Dia do MAR).<\/td>\n<\/tr>\n<tr>\n<td><strong>6\u00aa feira (23)<\/strong><\/td>\n<td>PMI Composto (Jul) (Alemanha); PMI Industrial (Jul) (Alemanha); PMI Servi\u00e7os (Jul) (Alemanha); PMI Composto Markit (Jul) (Euro); PMI Industrial (Jul) (Euro); PMI Servi\u00e7os (Jul) (Euro); IPCA-15 (Jul) (Brasil); PMI Composto Markit (Jul) (EUA); PMI Industrial (Jul) (EUA); PMI Servi\u00e7os (Jul) (EUA); Feriado no Jap\u00e3o (Dia do ESPORTE)<\/td>\n<\/tr>\n<\/tbody>\n<\/table>\n","protected":false},"excerpt":{"rendered":"<p>Uma semana dom\u00e9stica relativamente mais calma. O recesso do parlamento contribui isso, assim como o retorno do presidente Bolsonaro ao \u201cdia a dia\u201d, mas talvez com cert&#8230;<\/p>\n","protected":false},"author":82,"featured_media":0,"template":"","tags":[1029,863,1361],"class_list":["post-167088","suno_column","type-suno_column","status-publish","hentry","tag-balancos-trimestrais","tag-banco-central-europeu-bce","tag-ipca-15"],"yoast_head":"<!-- This site is optimized with the Yoast SEO plugin v24.4 - https:\/\/yoast.com\/wordpress\/plugins\/seo\/ -->\n<title>Semana calma no Brasil. J\u00e1 l\u00e1 fora... - Coluna Julio Hegedus Netto<\/title>\n<meta name=\"description\" content=\"Leia a coluna de Julio Hegedus Netto sobre a semana carregada de balan\u00e7os nos EUA, PMIs e reuni\u00e3o do BCE. Clique e saiba mais!\" \/>\n<meta name=\"robots\" content=\"index, follow, max-snippet:-1, max-image-preview:large, max-video-preview:-1\" \/>\n<link rel=\"canonical\" href=\"https:\/\/www.suno.com.br\/noticias\/colunas\/julio-hegedus-netto\/semana-calma-brasil-exterior\/\" \/>\n<meta property=\"og:locale\" content=\"pt_BR\" \/>\n<meta property=\"og:type\" content=\"article\" \/>\n<meta property=\"og:title\" content=\"Semana calma no Brasil. J\u00e1 l\u00e1 fora... - Coluna Julio Hegedus Netto\" \/>\n<meta property=\"og:description\" content=\"Leia a coluna de Julio Hegedus Netto sobre a semana carregada de balan\u00e7os nos EUA, PMIs e reuni\u00e3o do BCE. Clique e saiba mais!\" \/>\n<meta property=\"og:url\" content=\"https:\/\/www.suno.com.br\/noticias\/colunas\/julio-hegedus-netto\/semana-calma-brasil-exterior\/\" \/>\n<meta property=\"og:site_name\" content=\"Suno Not\u00edcias\" \/>\n<meta property=\"article:publisher\" content=\"https:\/\/facebook.com\/sunoresearch\" \/>\n<meta property=\"og:image\" content=\"https:\/\/files.sunoresearch.com.br\/n\/uploads\/2022\/06\/Modelo2.jpg\" \/>\n\t<meta property=\"og:image:width\" content=\"1200\" \/>\n\t<meta property=\"og:image:height\" content=\"627\" \/>\n\t<meta property=\"og:image:type\" content=\"image\/jpeg\" \/>\n<meta name=\"twitter:card\" content=\"summary_large_image\" \/>\n<meta name=\"twitter:site\" content=\"@sunoresearch\" \/>\n<meta name=\"twitter:label1\" content=\"Est. tempo de leitura\" \/>\n\t<meta name=\"twitter:data1\" content=\"4 minutos\" \/>\n<script type=\"application\/ld+json\" class=\"yoast-schema-graph\">{\"@context\":\"https:\/\/schema.org\",\"@graph\":[{\"@type\":\"Article\",\"@id\":\"https:\/\/www.suno.com.br\/noticias\/colunas\/julio-hegedus-netto\/semana-calma-brasil-exterior\/#article\",\"isPartOf\":{\"@id\":\"https:\/\/www.suno.com.br\/noticias\/colunas\/julio-hegedus-netto\/semana-calma-brasil-exterior\/\"},\"author\":{\"name\":\"Julio Hegedus Netto\",\"@id\":\"https:\/\/www.suno.com.br\/noticias\/#\/schema\/person\/c5d31719f2f2f38c8d575fc08e55df1a\"},\"headline\":\"Semana calma no Brasil. J\u00e1 l\u00e1 fora&#8230;\",\"datePublished\":\"2021-07-19T19:45:09+00:00\",\"dateModified\":\"2021-07-19T19:46:39+00:00\",\"mainEntityOfPage\":{\"@id\":\"https:\/\/www.suno.com.br\/noticias\/colunas\/julio-hegedus-netto\/semana-calma-brasil-exterior\/\"},\"wordCount\":806,\"publisher\":{\"@id\":\"https:\/\/www.suno.com.br\/noticias\/#organization\"},\"keywords\":[\"balan\u00e7os trimestrais\",\"Banco Central Europeu (BCE)\",\"IPCA-15\"],\"inLanguage\":\"pt-BR\"},{\"@type\":\"WebPage\",\"@id\":\"https:\/\/www.suno.com.br\/noticias\/colunas\/julio-hegedus-netto\/semana-calma-brasil-exterior\/\",\"url\":\"https:\/\/www.suno.com.br\/noticias\/colunas\/julio-hegedus-netto\/semana-calma-brasil-exterior\/\",\"name\":\"Semana calma no Brasil. J\u00e1 l\u00e1 fora... - Coluna Julio Hegedus Netto\",\"isPartOf\":{\"@id\":\"https:\/\/www.suno.com.br\/noticias\/#website\"},\"datePublished\":\"2021-07-19T19:45:09+00:00\",\"dateModified\":\"2021-07-19T19:46:39+00:00\",\"description\":\"Leia a coluna de Julio Hegedus Netto sobre a semana carregada de balan\u00e7os nos EUA, PMIs e reuni\u00e3o do BCE. Clique e saiba mais!\",\"breadcrumb\":{\"@id\":\"https:\/\/www.suno.com.br\/noticias\/colunas\/julio-hegedus-netto\/semana-calma-brasil-exterior\/#breadcrumb\"},\"inLanguage\":\"pt-BR\",\"potentialAction\":[{\"@type\":\"ReadAction\",\"target\":[\"https:\/\/www.suno.com.br\/noticias\/colunas\/julio-hegedus-netto\/semana-calma-brasil-exterior\/\"]}]},{\"@type\":\"BreadcrumbList\",\"@id\":\"https:\/\/www.suno.com.br\/noticias\/colunas\/julio-hegedus-netto\/semana-calma-brasil-exterior\/#breadcrumb\",\"itemListElement\":[{\"@type\":\"ListItem\",\"position\":1,\"name\":\"Not\u00edcias\",\"item\":\"https:\/\/www.suno.com.br\/noticias\/\"},{\"@type\":\"ListItem\",\"position\":2,\"name\":\"Colunas\",\"item\":\"https:\/\/www.suno.com.br\/noticias\/colunas\/\"},{\"@type\":\"ListItem\",\"position\":3,\"name\":\"Semana calma no Brasil. J\u00e1 l\u00e1 fora&#8230;\"}]},{\"@type\":\"WebSite\",\"@id\":\"https:\/\/www.suno.com.br\/noticias\/#website\",\"url\":\"https:\/\/www.suno.com.br\/noticias\/\",\"name\":\"Suno Not\u00edcias\",\"description\":\"Seu portal de informa\u00e7\u00e3o sobre o mundo dos investimentos\",\"publisher\":{\"@id\":\"https:\/\/www.suno.com.br\/noticias\/#organization\"},\"potentialAction\":[{\"@type\":\"SearchAction\",\"target\":{\"@type\":\"EntryPoint\",\"urlTemplate\":\"https:\/\/www.suno.com.br\/noticias\/?s={search_term_string}\"},\"query-input\":{\"@type\":\"PropertyValueSpecification\",\"valueRequired\":true,\"valueName\":\"search_term_string\"}}],\"inLanguage\":\"pt-BR\"},{\"@type\":\"Organization\",\"@id\":\"https:\/\/www.suno.com.br\/noticias\/#organization\",\"name\":\"Suno Not\u00edcias\",\"url\":\"https:\/\/www.suno.com.br\/noticias\/\",\"logo\":{\"@type\":\"ImageObject\",\"inLanguage\":\"pt-BR\",\"@id\":\"https:\/\/www.suno.com.br\/noticias\/#\/schema\/logo\/image\/\",\"url\":\"https:\/\/files.sunoresearch.com.br\/n\/uploads\/2021\/09\/suno-logo.png\",\"contentUrl\":\"https:\/\/files.sunoresearch.com.br\/n\/uploads\/2021\/09\/suno-logo.png\",\"width\":180,\"height\":180,\"caption\":\"Suno Not\u00edcias\"},\"image\":{\"@id\":\"https:\/\/www.suno.com.br\/noticias\/#\/schema\/logo\/image\/\"},\"sameAs\":[\"https:\/\/facebook.com\/sunoresearch\",\"https:\/\/x.com\/sunoresearch\",\"https:\/\/www.instagram.com\/suno\",\"https:\/\/www.linkedin.com\/company\/suno-research\/\",\"https:\/\/www.youtube.com\/c\/sunoresearch\"]},{\"@type\":\"Person\",\"@id\":\"https:\/\/www.suno.com.br\/noticias\/#\/schema\/person\/c5d31719f2f2f38c8d575fc08e55df1a\",\"name\":\"Julio Hegedus Netto\",\"image\":{\"@type\":\"ImageObject\",\"inLanguage\":\"pt-BR\",\"@id\":\"https:\/\/www.suno.com.br\/noticias\/#\/schema\/person\/image\/\",\"url\":\"https:\/\/secure.gravatar.com\/avatar\/870043f332ebddfffd4a9e3a5dd46c13?s=96&r=g\",\"contentUrl\":\"https:\/\/secure.gravatar.com\/avatar\/870043f332ebddfffd4a9e3a5dd46c13?s=96&r=g\",\"caption\":\"Julio Hegedus Netto\"},\"description\":\"Economista-chefe da Lopes Filho por 26 anos, com mestrado na UFF e na UCAM e doutorando em Portugal. Escrevo relat\u00f3rios para a OHM RESEARCH e disponibilizo conte\u00fados no IML, Investing.com, Linkedin e Suno Not\u00edcias.\",\"sameAs\":[\"https:\/\/jhn031299.blogspot.com\/\",\"https:\/\/www.facebook.com\/julio.hegedus.5\",\"https:\/\/www.linkedin.com\/in\/juliohegedusnetto\/\",\"https:\/\/x.com\/JuHegedus\"],\"url\":\"https:\/\/www.suno.com.br\/noticias\/author\/julio-hegedus-netto\/\"}]}<\/script>\n<!-- \/ Yoast SEO plugin. -->","yoast_head_json":{"title":"Semana calma no Brasil. J\u00e1 l\u00e1 fora... - Coluna Julio Hegedus Netto","description":"Leia a coluna de Julio Hegedus Netto sobre a semana carregada de balan\u00e7os nos EUA, PMIs e reuni\u00e3o do BCE. Clique e saiba mais!","robots":{"index":"index","follow":"follow","max-snippet":"max-snippet:-1","max-image-preview":"max-image-preview:large","max-video-preview":"max-video-preview:-1"},"canonical":"https:\/\/www.suno.com.br\/noticias\/colunas\/julio-hegedus-netto\/semana-calma-brasil-exterior\/","og_locale":"pt_BR","og_type":"article","og_title":"Semana calma no Brasil. J\u00e1 l\u00e1 fora... - Coluna Julio Hegedus Netto","og_description":"Leia a coluna de Julio Hegedus Netto sobre a semana carregada de balan\u00e7os nos EUA, PMIs e reuni\u00e3o do BCE. Clique e saiba mais!","og_url":"https:\/\/www.suno.com.br\/noticias\/colunas\/julio-hegedus-netto\/semana-calma-brasil-exterior\/","og_site_name":"Suno Not\u00edcias","article_publisher":"https:\/\/facebook.com\/sunoresearch","og_image":[{"width":1200,"height":627,"url":"https:\/\/files.sunoresearch.com.br\/n\/uploads\/2022\/06\/Modelo2.jpg","type":"image\/jpeg"}],"twitter_card":"summary_large_image","twitter_site":"@sunoresearch","twitter_misc":{"Est. tempo de leitura":"4 minutos"},"schema":{"@context":"https:\/\/schema.org","@graph":[{"@type":"Article","@id":"https:\/\/www.suno.com.br\/noticias\/colunas\/julio-hegedus-netto\/semana-calma-brasil-exterior\/#article","isPartOf":{"@id":"https:\/\/www.suno.com.br\/noticias\/colunas\/julio-hegedus-netto\/semana-calma-brasil-exterior\/"},"author":{"name":"Julio Hegedus Netto","@id":"https:\/\/www.suno.com.br\/noticias\/#\/schema\/person\/c5d31719f2f2f38c8d575fc08e55df1a"},"headline":"Semana calma no Brasil. J\u00e1 l\u00e1 fora&#8230;","datePublished":"2021-07-19T19:45:09+00:00","dateModified":"2021-07-19T19:46:39+00:00","mainEntityOfPage":{"@id":"https:\/\/www.suno.com.br\/noticias\/colunas\/julio-hegedus-netto\/semana-calma-brasil-exterior\/"},"wordCount":806,"publisher":{"@id":"https:\/\/www.suno.com.br\/noticias\/#organization"},"keywords":["balan\u00e7os trimestrais","Banco Central Europeu (BCE)","IPCA-15"],"inLanguage":"pt-BR"},{"@type":"WebPage","@id":"https:\/\/www.suno.com.br\/noticias\/colunas\/julio-hegedus-netto\/semana-calma-brasil-exterior\/","url":"https:\/\/www.suno.com.br\/noticias\/colunas\/julio-hegedus-netto\/semana-calma-brasil-exterior\/","name":"Semana calma no Brasil. J\u00e1 l\u00e1 fora... - Coluna Julio Hegedus Netto","isPartOf":{"@id":"https:\/\/www.suno.com.br\/noticias\/#website"},"datePublished":"2021-07-19T19:45:09+00:00","dateModified":"2021-07-19T19:46:39+00:00","description":"Leia a coluna de Julio Hegedus Netto sobre a semana carregada de balan\u00e7os nos EUA, PMIs e reuni\u00e3o do BCE. Clique e saiba mais!","breadcrumb":{"@id":"https:\/\/www.suno.com.br\/noticias\/colunas\/julio-hegedus-netto\/semana-calma-brasil-exterior\/#breadcrumb"},"inLanguage":"pt-BR","potentialAction":[{"@type":"ReadAction","target":["https:\/\/www.suno.com.br\/noticias\/colunas\/julio-hegedus-netto\/semana-calma-brasil-exterior\/"]}]},{"@type":"BreadcrumbList","@id":"https:\/\/www.suno.com.br\/noticias\/colunas\/julio-hegedus-netto\/semana-calma-brasil-exterior\/#breadcrumb","itemListElement":[{"@type":"ListItem","position":1,"name":"Not\u00edcias","item":"https:\/\/www.suno.com.br\/noticias\/"},{"@type":"ListItem","position":2,"name":"Colunas","item":"https:\/\/www.suno.com.br\/noticias\/colunas\/"},{"@type":"ListItem","position":3,"name":"Semana calma no Brasil. J\u00e1 l\u00e1 fora&#8230;"}]},{"@type":"WebSite","@id":"https:\/\/www.suno.com.br\/noticias\/#website","url":"https:\/\/www.suno.com.br\/noticias\/","name":"Suno Not\u00edcias","description":"Seu portal de informa\u00e7\u00e3o sobre o mundo dos investimentos","publisher":{"@id":"https:\/\/www.suno.com.br\/noticias\/#organization"},"potentialAction":[{"@type":"SearchAction","target":{"@type":"EntryPoint","urlTemplate":"https:\/\/www.suno.com.br\/noticias\/?s={search_term_string}"},"query-input":{"@type":"PropertyValueSpecification","valueRequired":true,"valueName":"search_term_string"}}],"inLanguage":"pt-BR"},{"@type":"Organization","@id":"https:\/\/www.suno.com.br\/noticias\/#organization","name":"Suno Not\u00edcias","url":"https:\/\/www.suno.com.br\/noticias\/","logo":{"@type":"ImageObject","inLanguage":"pt-BR","@id":"https:\/\/www.suno.com.br\/noticias\/#\/schema\/logo\/image\/","url":"https:\/\/files.sunoresearch.com.br\/n\/uploads\/2021\/09\/suno-logo.png","contentUrl":"https:\/\/files.sunoresearch.com.br\/n\/uploads\/2021\/09\/suno-logo.png","width":180,"height":180,"caption":"Suno Not\u00edcias"},"image":{"@id":"https:\/\/www.suno.com.br\/noticias\/#\/schema\/logo\/image\/"},"sameAs":["https:\/\/facebook.com\/sunoresearch","https:\/\/x.com\/sunoresearch","https:\/\/www.instagram.com\/suno","https:\/\/www.linkedin.com\/company\/suno-research\/","https:\/\/www.youtube.com\/c\/sunoresearch"]},{"@type":"Person","@id":"https:\/\/www.suno.com.br\/noticias\/#\/schema\/person\/c5d31719f2f2f38c8d575fc08e55df1a","name":"Julio Hegedus Netto","image":{"@type":"ImageObject","inLanguage":"pt-BR","@id":"https:\/\/www.suno.com.br\/noticias\/#\/schema\/person\/image\/","url":"https:\/\/secure.gravatar.com\/avatar\/870043f332ebddfffd4a9e3a5dd46c13?s=96&r=g","contentUrl":"https:\/\/secure.gravatar.com\/avatar\/870043f332ebddfffd4a9e3a5dd46c13?s=96&r=g","caption":"Julio Hegedus Netto"},"description":"Economista-chefe da Lopes Filho por 26 anos, com mestrado na UFF e na UCAM e doutorando em Portugal. Escrevo relat\u00f3rios para a OHM RESEARCH e disponibilizo conte\u00fados no IML, Investing.com, Linkedin e Suno Not\u00edcias.","sameAs":["https:\/\/jhn031299.blogspot.com\/","https:\/\/www.facebook.com\/julio.hegedus.5","https:\/\/www.linkedin.com\/in\/juliohegedusnetto\/","https:\/\/x.com\/JuHegedus"],"url":"https:\/\/www.suno.com.br\/noticias\/author\/julio-hegedus-netto\/"}]}},"amp_enabled":true,"_links":{"self":[{"href":"https:\/\/www.suno.com.br\/noticias\/wp-json\/wp\/v2\/suno_column\/167088"}],"collection":[{"href":"https:\/\/www.suno.com.br\/noticias\/wp-json\/wp\/v2\/suno_column"}],"about":[{"href":"https:\/\/www.suno.com.br\/noticias\/wp-json\/wp\/v2\/types\/suno_column"}],"author":[{"embeddable":true,"href":"https:\/\/www.suno.com.br\/noticias\/wp-json\/wp\/v2\/users\/82"}],"wp:attachment":[{"href":"https:\/\/www.suno.com.br\/noticias\/wp-json\/wp\/v2\/media?parent=167088"}],"wp:term":[{"taxonomy":"post_tag","embeddable":true,"href":"https:\/\/www.suno.com.br\/noticias\/wp-json\/wp\/v2\/tags?post=167088"}],"curies":[{"name":"wp","href":"https:\/\/api.w.org\/{rel}","templated":true}]}}