{"id":166219,"date":"2021-07-15T10:39:46","date_gmt":"2021-07-15T13:39:46","guid":{"rendered":"https:\/\/www.suno.com.br\/noticias\/colunas\/felipe-areia\/"},"modified":"2021-07-15T10:39:46","modified_gmt":"2021-07-15T13:39:46","slug":"tom-dovish-fed-saude-jair-bolsonaro","status":"publish","type":"suno_column","link":"https:\/\/www.suno.com.br\/noticias\/colunas\/julio-hegedus-netto\/tom-dovish-fed-saude-jair-bolsonaro\/","title":{"rendered":"Tom dovish do Fed e sa\u00fade de Jair Bolsonaro"},"content":{"rendered":"<p>Nos EUA, o discurso de <a class=\"suno-keyword\" href=\"https:\/\/www.suno.com.br\/tudo-sobre\/jerome-powell\/\" target=\"_blank\" rel=\"noopener noreferrer\" data-force=\"no\" data-priority=\"2\"><strong>Jerome Powell<\/strong><\/a> no Congresso acabou como um \u201cant\u00eddoto\u201d aos mais a\u00e7odados, que pedem mudan\u00e7as para j\u00e1 no \u201ctranscurso\u201d da <a class=\"suno-keyword\" href=\"https:\/\/www.suno.com.br\/artigos\/politica-monetaria\/\" target=\"_blank\" rel=\"noopener noreferrer\" data-force=\"no\" data-priority=\"1\">pol\u00edtica monet\u00e1ria<\/a> norte-americana. Disse o presidente do Fed que os debates sobre o \u201c<strong>tapering<\/strong>\u201d continuam nos pr\u00f3ximos encontros do <a href=\"https:\/\/www.suno.com.br\/artigos\/fed\/\">banco central americano<\/a>, mas reafirmou sua cren\u00e7a de que a infla\u00e7\u00e3o atual \u00e9 transit\u00f3ria e que mudan\u00e7as na taxa de juros s\u00f3 fazem sentido quando a economia \u201cretornar ao <a class=\"suno-keyword\" href=\"https:\/\/www.suno.com.br\/artigos\/pleno-emprego\/\" target=\"_blank\" rel=\"noopener noreferrer\" data-force=\"no\" data-priority=\"1\">pleno emprego<\/a>\u201d, ou seja, a taxa de desemprego, hoje em 5,9% da PEA, recuar pr\u00f3xima a 4,5\/5,0%. Disse Powell que seria um \u201cerro mudar a pol\u00edtica monet\u00e1ria de forma prematura\u201d e que \u201cas proje\u00e7\u00f5es apontam que os pre\u00e7os ceder\u00e3o com a abertura plena da economia\u201d. A contribuir para isso, a elevada produtividade da economia norte-americana, entre as mais altas do mundo.<\/p>\n\t<p>\n\t\t<a href=\"https:\/\/lp.suno.com.br\/planilha-controle-gastos\/\" target=\"_blank\" data-element=\"shortcode-suno-banner\" title=\"Banner SUNO, clique e saiba mais\">\n\t\t\t<picture>\n\t\t\t\t<source media=\"(max-width: 500px)\" srcset=\"https:\/\/files.sunoresearch.com.br\/n\/uploads\/2023\/03\/400x300-Planilha-controle-de-gastos.png\">\n\t\t\t\t<img class=\"newsContent__article__imgCapa newsContent__article__imgCapa--banner\"\n\t\t\t\t\tsrc=\"https:\/\/files.sunoresearch.com.br\/n\/uploads\/2023\/03\/1420x240-Planilha-controle-de-gastos.png\"\n\t\t\t\t\tdata-promo-id=\"101751\"\t\t\t\t\t\t\t\t\t\twidth='1420' height='240'\t\t\t\t\talt=\"https:\/\/files.sunoresearch.com.br\/n\/uploads\/2023\/03\/1420x240-Planilha-controle-de-gastos.png\"\n\t\t\t\t>\n\t\t\t<\/picture>\n\t\t<\/a>\n\t<\/p>\n\n\n<p>Mesmo assim, a infla\u00e7\u00e3o segue preocupando. Em junho o IPP, indicador de pre\u00e7os ao produtor, subiu 1% contra maio, com o n\u00facleo tamb\u00e9m subindo 1%, em 12 meses, a 7,3%. Antes, o IPC veio a 0,9%, elevado em 12 meses, a 5,4%, bem acima da meta do Fed, de 2,0%. O n\u00facleo foi a 1%. J\u00e1 o <a class=\"suno-keyword\" href=\"https:\/\/www.suno.com.br\/artigos\/livro-bege\/\" target=\"_blank\" rel=\"noopener noreferrer\" data-force=\"no\" data-priority=\"1\">Livro Bege<\/a> mostrou \u201cuma economia em ritmo moderado, com a maioria das empresas em expans\u00e3o, mesmo com a falta de insumos em algumas cadeias produtivas\u201d.<\/p>\n<figure id=\"attachment_166221\" aria-describedby=\"caption-attachment-166221\" style=\"width: 357px\" class=\"wp-caption alignnone\"><img loading=\"lazy\" decoding=\"async\" class=\"wp-image-166221 size-full\" src=\"https:\/\/storage.googleapis.com\/wp-noticias\/2021\/07\/53d7ea82-imagem1.png\" alt=\"Infla\u00e7\u00e3o nos EUA\" width=\"357\" height=\"218\" srcset=\"https:\/\/files.sunoresearch.com.br\/n\/uploads\/2021\/07\/53d7ea82-imagem1.png 357w, https:\/\/files.sunoresearch.com.br\/n\/uploads\/2021\/07\/53d7ea82-imagem1-300x183.png 300w, https:\/\/files.sunoresearch.com.br\/n\/uploads\/2021\/07\/53d7ea82-imagem1-150x92.png 150w\" sizes=\"(max-width: 357px) 100vw, 357px\" \/><figcaption id=\"caption-attachment-166221\" class=\"wp-caption-text\">Infla\u00e7\u00e3o nos EUA<\/figcaption><\/figure>\n<p>Sobre a <strong>reforma tribut\u00e1ria<\/strong>, embora o abatimento do IRPJ (a 12,5%) possa ser saudado, ainda causa ru\u00eddo a al\u00edquota de 20% sobre dividendos. Comenta-se tamb\u00e9m que a retirada de aproximados R$ 30 bilh\u00f5es em dividendos causa resist\u00eancias. Parece que o parecer deve ser aprovado na C\u00e2mara, depois dos ajustes citados, indo para o Senado em agosto, depois do recesso. \u00c9 a\u00ed que mora o perigo. Parece que o atual presidente da casa, <strong>Rodrigo Pacheco<\/strong>, j\u00e1 pavimentando seu caminho para o Planalto, n\u00e3o deve aceitar certas medidas. Interessante. Ele repete os movimentos do seu \u201chom\u00f4nimo\u201d, Rodrigo Maia, ex-presidente do Congresso, nas suas ambi\u00e7\u00f5es palacianas. Se diz \u201cindependente\u201d, mas na verdade est\u00e1 de olho no Pal\u00e1cio do Planalto.<\/p>\n<p>Sobre os indicadores, o <strong>IBC-Br<\/strong> de maio acabou decepcionando, abaixo do esperado, <a href=\"https:\/\/www.suno.com.br\/noticias\/ibc-br-previa-do-pib-cai-043-em-maio-ante-abril-afirma-bc\/\">recuando 0,4%<\/a> contra o m\u00eas anterior, na contram\u00e3o dos v\u00e1rios indicadores no positivo mensal de abril e maio. \u00c9 consenso, no entanto, que esta queda foi influenciada pelo processo de \u201cdessazonaliza\u00e7\u00e3o\u201d e pela volatilidade das s\u00e9ries. Tal indicador, no entanto, acabou n\u00e3o suficiente para abalar o otimismo com a retomada da economia, que segue firme. J\u00e1 se fala em crescimento do PIB, em torno de 5,5% para este ano. Na China, o PIB do segundo trimestre <a href=\"https:\/\/www.suno.com.br\/noticias\/pib-da-china-alta-pib-segundo-trimestre-79\/\">veio com crescimento anualizado de 7,9%<\/a>, dentro do esperado, na margem crescendo 1,3%.<\/p>\n<p>Por fim, o <a href=\"https:\/\/www.suno.com.br\/noticias\/bolsonaro-internado-cirurgia-sao-paulo\/\">presidente Bolsonaro acabou internado<\/a> em S\u00e3o Paulo nesta quarta-feira a diagnosticar se precisar\u00e1 ou n\u00e3o de uma cirurgia para o tratar de uma obstru\u00e7\u00e3o intestinal. Muito se comenta que a cicatriza\u00e7\u00e3o, depois da facada, acabou por gerar sali\u00eancias, que podem estar obstruindo o intestino do presidente. Por enquanto, ainda em exames, a cirurgia n\u00e3o \u00e9 recomendada, com o presidente passando por tratamento. Tor\u00e7amos para sua pronta recupera\u00e7\u00e3o e que ele possa refletir mais sobre suas declara\u00e7\u00f5es de sempre. E n\u00e3o deixa de ser um alento seu sil\u00eancio por estes dias, o que deve acalmar um pouco os mercados.<\/p>\n\t<p>\n\t\t<a href=\"https:\/\/lp.suno.com.br\/planilha-da-vida-financeira\/\" target=\"_blank\" data-element=\"shortcode-suno-banner\" title=\"Banner SUNO, clique e saiba mais\">\n\t\t\t<picture>\n\t\t\t\t<source media=\"(max-width: 500px)\" srcset=\"https:\/\/files.sunoresearch.com.br\/n\/uploads\/2023\/04\/400x300-Planilha-vida-financeira-true.png\">\n\t\t\t\t<img class=\"newsContent__article__imgCapa newsContent__article__imgCapa--banner\"\n\t\t\t\t\tsrc=\"https:\/\/files.sunoresearch.com.br\/n\/uploads\/2023\/04\/1420x240-Planilha-vida-financeira-true.png\"\n\t\t\t\t\tdata-promo-id=\"106682\"\t\t\t\t\t\t\t\t\t\twidth='1420' height='240'\t\t\t\t\talt=\"https:\/\/files.sunoresearch.com.br\/n\/uploads\/2023\/04\/1420x240-Planilha-vida-financeira-true.png\"\n\t\t\t\t>\n\t\t\t<\/picture>\n\t\t<\/a>\n\t<\/p>\n\n\n<p><strong>Mercados<\/strong>. Ao fim da quarta-feira, com o mercado de olho no discurso do presidente do Fed e tamb\u00e9m no estado de sa\u00fade do presidente brasileiro, tivemos <a class=\"suno-keyword\" href=\"https:\/\/www.suno.com.br\/artigos\/queda-dolar\/\" target=\"_blank\" rel=\"noopener noreferrer\" data-force=\"no\" data-priority=\"1\">queda do d\u00f3lar<\/a>, a R$ 5,0841 (-1,87%) e a bolsa de valores, em comportamento mais contido, zerando os ganhos do dia e fechando em alta de 0,19%, a 128.406 pontos. Na semana a bolsa avan\u00e7a 2,37%, no m\u00eas 1,27% e no ano 7,89%.<\/p>\n<p>A postura dovish do Fed se mostrou essencial para observar a forte valoriza\u00e7\u00e3o do real no dia, a maior entre os emergentes, tamb\u00e9m sustentada pelo ingresso de recursos com os IPOs e os avan\u00e7os na reforma tribut\u00e1ria. Dados do BACEN, mostravam que o fluxo positivo em julho se encontrava em US$ 808 milh\u00f5es (at\u00e9 o dia 9). \u00c9 opini\u00e3o corrente que esta liquidez abundante e o bom andamento da reforma tribut\u00e1ria devem jogar a favor do Brasil, com o incremento de \u201ccarry trades\u201d, opera\u00e7\u00f5es de arbitragem que aproveitam as taxas de juros mais elevadas no Brasil. Em tr\u00eas preg\u00f5es da semana, o d\u00f3lar j\u00e1 derrete 2,96%, reduzindo a alta em julho para 2,23%. No DXY, o recuo foi de 0,42%, a 92,3 pontos.<\/p>\n<p>No mercado de juro, depois de tr\u00eas sess\u00f5es de alta seguidas, o mercado de juro deu uma acomodada na quarta-feira, diante do resultado fraco do IBC-Br de maio. Isso tende a refor\u00e7ar a tend\u00eancia de uma elevada de 0,75 ponto percentual da Selic no Copom de agosto.<\/p>\n<p>Nesta quinta-feira estejamos atentos aos acontecimentos sobre a sa\u00fade do presidente e as negocia\u00e7\u00f5es no Congresso em torno das v\u00e1rias agendas. A aprova\u00e7\u00e3o da capitaliza\u00e7\u00e3o da Eletrobras foi uma boa not\u00edcia; aguardemos agora a privatiza\u00e7\u00e3o dos Correios.<\/p>\n<p>Vamos conversando.<\/p>\n<table>\n<tbody>\n<tr>\n<td colspan=\"2\" width=\"595\"><strong>Agenda Semanal<\/strong><\/td>\n<\/tr>\n<tr>\n<td><strong>2\u00aa feira (12)<\/strong><\/td>\n<td>Boletim Focus; Balan\u00e7a Comercial (Jun) (China).<\/td>\n<\/tr>\n<tr>\n<td><strong>3\u00aa feira (13)<\/strong><\/td>\n<td>Setor de SERVI\u00c7OS (IBGE) (Mai) (Brasil); CPI (exp. mensal 0,50% e anual 4,90%) (Jun) (EUA)<\/td>\n<\/tr>\n<tr>\n<td><strong>4\u00aa feira (14)<\/strong><\/td>\n<td>IBC-Br (Mai) (Brasil); Produ\u00e7\u00e3o Industrial (Mai) (exp. -0,20%) (Euro); PPI (exp. 0,5%) (Jun) (EUA); Livro Bege (EUA) PIB (2\u00ba trimestre) (exp. 1,0% tri e 8,0% ano); Vendas no Varejo (Jun); e Produ\u00e7\u00e3o Industrial (Jun)<\/td>\n<\/tr>\n<tr>\n<td><strong>5\u00aa feira (15)<\/strong><\/td>\n<td>Pedidos de Seguro Desemprego (mil) (EUA); Produ\u00e7\u00e3o Industrial (Jun) (EUA)<\/td>\n<\/tr>\n<tr>\n<td><strong>6\u00aa feira (16)<\/strong><\/td>\n<td>IGP-10 (Jul) (exp. 0,20%); CPI (Jun) (exp. 0,30% e 1,90%) (Euro); Vendas no Varejo (Jun) (exp. -0,40%) e Sentimento Universidade de Michigan (EUA).<\/td>\n<\/tr>\n<\/tbody>\n<\/table>\n\t<p>\n\t\t<a href=\"https:\/\/lp.suno.com.br\/planilha-de-controle-de-investimentos\/\" target=\"_blank\" data-element=\"shortcode-suno-banner\" title=\"Banner SUNO, clique e saiba mais\">\n\t\t\t<picture>\n\t\t\t\t<source media=\"(max-width: 500px)\" srcset=\"https:\/\/files.sunoresearch.com.br\/n\/uploads\/2023\/03\/400x300-Controle-de-Investimentos.png\">\n\t\t\t\t<img class=\"newsContent__article__imgCapa newsContent__article__imgCapa--banner\"\n\t\t\t\t\tsrc=\"https:\/\/files.sunoresearch.com.br\/n\/uploads\/2023\/03\/1420x240-Controle-de-Investimentos.png\"\n\t\t\t\t\tdata-promo-id=\"75934\"\t\t\t\t\t\t\t\t\t\twidth='1420' height='240'\t\t\t\t\talt=\"https:\/\/files.sunoresearch.com.br\/n\/uploads\/2023\/03\/1420x240-Controle-de-Investimentos.png\"\n\t\t\t\t>\n\t\t\t<\/picture>\n\t\t<\/a>\n\t<\/p>\n\n\n","protected":false},"excerpt":{"rendered":"<p>Nos EUA, o discurso de Jerome Powell no Congresso acabou como um \u201cant\u00eddoto\u201d aos mais a\u00e7odados, que pedem mudan\u00e7as para j\u00e1 no \u201ctranscurso\u201d da pol\u00edtica monet\u00e1ria norte-a&#8230;<\/p>\n","protected":false},"author":82,"featured_media":0,"template":"","tags":[],"class_list":["post-166219","suno_column","type-suno_column","status-publish","hentry"],"yoast_head":"<!-- This site is optimized with the Yoast SEO plugin v24.4 - https:\/\/yoast.com\/wordpress\/plugins\/seo\/ -->\n<title>Tom dovish do Fed e sa\u00fade de Jair Bolsonaro - Coluna de Julio Hegedus Netto<\/title>\n<meta name=\"description\" content=\"Veja a coluna de Julio Hegedus Netto e a aten\u00e7\u00e3o \u00e0 sa\u00fade do presidente e \u00e0s negocia\u00e7\u00f5es no Congresso em torno das v\u00e1rias agendas\" \/>\n<meta name=\"robots\" content=\"index, follow, max-snippet:-1, max-image-preview:large, max-video-preview:-1\" \/>\n<link rel=\"canonical\" href=\"https:\/\/www.suno.com.br\/noticias\/colunas\/julio-hegedus-netto\/tom-dovish-fed-saude-jair-bolsonaro\/\" \/>\n<meta property=\"og:locale\" content=\"pt_BR\" \/>\n<meta property=\"og:type\" content=\"article\" \/>\n<meta property=\"og:title\" content=\"Tom dovish do Fed e sa\u00fade de Jair Bolsonaro - Coluna de Julio Hegedus Netto\" \/>\n<meta property=\"og:description\" content=\"Veja a coluna de Julio Hegedus Netto e a aten\u00e7\u00e3o \u00e0 sa\u00fade do presidente e \u00e0s negocia\u00e7\u00f5es no Congresso em torno das v\u00e1rias agendas\" \/>\n<meta property=\"og:url\" content=\"https:\/\/www.suno.com.br\/noticias\/colunas\/julio-hegedus-netto\/tom-dovish-fed-saude-jair-bolsonaro\/\" \/>\n<meta property=\"og:site_name\" content=\"Suno Not\u00edcias\" \/>\n<meta property=\"article:publisher\" content=\"https:\/\/facebook.com\/sunoresearch\" \/>\n<meta property=\"og:image\" content=\"https:\/\/storage.googleapis.com\/wp-noticias\/2021\/07\/53d7ea82-imagem1.png\" \/>\n<meta name=\"twitter:card\" content=\"summary_large_image\" \/>\n<meta name=\"twitter:site\" content=\"@sunoresearch\" \/>\n<meta name=\"twitter:label1\" content=\"Est. tempo de leitura\" \/>\n\t<meta name=\"twitter:data1\" content=\"5 minutos\" \/>\n<script type=\"application\/ld+json\" class=\"yoast-schema-graph\">{\"@context\":\"https:\/\/schema.org\",\"@graph\":[{\"@type\":\"Article\",\"@id\":\"https:\/\/www.suno.com.br\/noticias\/colunas\/julio-hegedus-netto\/tom-dovish-fed-saude-jair-bolsonaro\/#article\",\"isPartOf\":{\"@id\":\"https:\/\/www.suno.com.br\/noticias\/colunas\/julio-hegedus-netto\/tom-dovish-fed-saude-jair-bolsonaro\/\"},\"author\":{\"name\":\"Julio Hegedus Netto\",\"@id\":\"https:\/\/www.suno.com.br\/noticias\/#\/schema\/person\/c5d31719f2f2f38c8d575fc08e55df1a\"},\"headline\":\"Tom dovish do Fed e sa\u00fade de Jair Bolsonaro\",\"datePublished\":\"2021-07-15T13:39:46+00:00\",\"mainEntityOfPage\":{\"@id\":\"https:\/\/www.suno.com.br\/noticias\/colunas\/julio-hegedus-netto\/tom-dovish-fed-saude-jair-bolsonaro\/\"},\"wordCount\":973,\"publisher\":{\"@id\":\"https:\/\/www.suno.com.br\/noticias\/#organization\"},\"image\":{\"@id\":\"https:\/\/www.suno.com.br\/noticias\/colunas\/julio-hegedus-netto\/tom-dovish-fed-saude-jair-bolsonaro\/#primaryimage\"},\"thumbnailUrl\":\"https:\/\/storage.googleapis.com\/wp-noticias\/2021\/07\/53d7ea82-imagem1.png\",\"inLanguage\":\"pt-BR\"},{\"@type\":\"WebPage\",\"@id\":\"https:\/\/www.suno.com.br\/noticias\/colunas\/julio-hegedus-netto\/tom-dovish-fed-saude-jair-bolsonaro\/\",\"url\":\"https:\/\/www.suno.com.br\/noticias\/colunas\/julio-hegedus-netto\/tom-dovish-fed-saude-jair-bolsonaro\/\",\"name\":\"Tom dovish do Fed e sa\u00fade de Jair Bolsonaro - Coluna de Julio Hegedus Netto\",\"isPartOf\":{\"@id\":\"https:\/\/www.suno.com.br\/noticias\/#website\"},\"primaryImageOfPage\":{\"@id\":\"https:\/\/www.suno.com.br\/noticias\/colunas\/julio-hegedus-netto\/tom-dovish-fed-saude-jair-bolsonaro\/#primaryimage\"},\"image\":{\"@id\":\"https:\/\/www.suno.com.br\/noticias\/colunas\/julio-hegedus-netto\/tom-dovish-fed-saude-jair-bolsonaro\/#primaryimage\"},\"thumbnailUrl\":\"https:\/\/storage.googleapis.com\/wp-noticias\/2021\/07\/53d7ea82-imagem1.png\",\"datePublished\":\"2021-07-15T13:39:46+00:00\",\"description\":\"Veja a coluna de Julio Hegedus Netto e a aten\u00e7\u00e3o \u00e0 sa\u00fade do presidente e \u00e0s negocia\u00e7\u00f5es no Congresso em torno das v\u00e1rias agendas\",\"breadcrumb\":{\"@id\":\"https:\/\/www.suno.com.br\/noticias\/colunas\/julio-hegedus-netto\/tom-dovish-fed-saude-jair-bolsonaro\/#breadcrumb\"},\"inLanguage\":\"pt-BR\",\"potentialAction\":[{\"@type\":\"ReadAction\",\"target\":[\"https:\/\/www.suno.com.br\/noticias\/colunas\/julio-hegedus-netto\/tom-dovish-fed-saude-jair-bolsonaro\/\"]}]},{\"@type\":\"ImageObject\",\"inLanguage\":\"pt-BR\",\"@id\":\"https:\/\/www.suno.com.br\/noticias\/colunas\/julio-hegedus-netto\/tom-dovish-fed-saude-jair-bolsonaro\/#primaryimage\",\"url\":\"https:\/\/storage.googleapis.com\/wp-noticias\/2021\/07\/53d7ea82-imagem1.png\",\"contentUrl\":\"https:\/\/storage.googleapis.com\/wp-noticias\/2021\/07\/53d7ea82-imagem1.png\"},{\"@type\":\"BreadcrumbList\",\"@id\":\"https:\/\/www.suno.com.br\/noticias\/colunas\/julio-hegedus-netto\/tom-dovish-fed-saude-jair-bolsonaro\/#breadcrumb\",\"itemListElement\":[{\"@type\":\"ListItem\",\"position\":1,\"name\":\"Not\u00edcias\",\"item\":\"https:\/\/www.suno.com.br\/noticias\/\"},{\"@type\":\"ListItem\",\"position\":2,\"name\":\"Colunas\",\"item\":\"https:\/\/www.suno.com.br\/noticias\/colunas\/\"},{\"@type\":\"ListItem\",\"position\":3,\"name\":\"Tom dovish do Fed e sa\u00fade de Jair Bolsonaro\"}]},{\"@type\":\"WebSite\",\"@id\":\"https:\/\/www.suno.com.br\/noticias\/#website\",\"url\":\"https:\/\/www.suno.com.br\/noticias\/\",\"name\":\"Suno Not\u00edcias\",\"description\":\"Seu portal de informa\u00e7\u00e3o sobre o mundo dos investimentos\",\"publisher\":{\"@id\":\"https:\/\/www.suno.com.br\/noticias\/#organization\"},\"potentialAction\":[{\"@type\":\"SearchAction\",\"target\":{\"@type\":\"EntryPoint\",\"urlTemplate\":\"https:\/\/www.suno.com.br\/noticias\/?s={search_term_string}\"},\"query-input\":{\"@type\":\"PropertyValueSpecification\",\"valueRequired\":true,\"valueName\":\"search_term_string\"}}],\"inLanguage\":\"pt-BR\"},{\"@type\":\"Organization\",\"@id\":\"https:\/\/www.suno.com.br\/noticias\/#organization\",\"name\":\"Suno Not\u00edcias\",\"url\":\"https:\/\/www.suno.com.br\/noticias\/\",\"logo\":{\"@type\":\"ImageObject\",\"inLanguage\":\"pt-BR\",\"@id\":\"https:\/\/www.suno.com.br\/noticias\/#\/schema\/logo\/image\/\",\"url\":\"https:\/\/files.sunoresearch.com.br\/n\/uploads\/2021\/09\/suno-logo.png\",\"contentUrl\":\"https:\/\/files.sunoresearch.com.br\/n\/uploads\/2021\/09\/suno-logo.png\",\"width\":180,\"height\":180,\"caption\":\"Suno Not\u00edcias\"},\"image\":{\"@id\":\"https:\/\/www.suno.com.br\/noticias\/#\/schema\/logo\/image\/\"},\"sameAs\":[\"https:\/\/facebook.com\/sunoresearch\",\"https:\/\/x.com\/sunoresearch\",\"https:\/\/www.instagram.com\/suno\",\"https:\/\/www.linkedin.com\/company\/suno-research\/\",\"https:\/\/www.youtube.com\/c\/sunoresearch\"]},{\"@type\":\"Person\",\"@id\":\"https:\/\/www.suno.com.br\/noticias\/#\/schema\/person\/c5d31719f2f2f38c8d575fc08e55df1a\",\"name\":\"Julio Hegedus Netto\",\"image\":{\"@type\":\"ImageObject\",\"inLanguage\":\"pt-BR\",\"@id\":\"https:\/\/www.suno.com.br\/noticias\/#\/schema\/person\/image\/\",\"url\":\"https:\/\/secure.gravatar.com\/avatar\/870043f332ebddfffd4a9e3a5dd46c13?s=96&r=g\",\"contentUrl\":\"https:\/\/secure.gravatar.com\/avatar\/870043f332ebddfffd4a9e3a5dd46c13?s=96&r=g\",\"caption\":\"Julio Hegedus Netto\"},\"description\":\"Economista-chefe da Lopes Filho por 26 anos, com mestrado na UFF e na UCAM e doutorando em Portugal. Escrevo relat\u00f3rios para a OHM RESEARCH e disponibilizo conte\u00fados no IML, Investing.com, Linkedin e Suno Not\u00edcias.\",\"sameAs\":[\"https:\/\/jhn031299.blogspot.com\/\",\"https:\/\/www.facebook.com\/julio.hegedus.5\",\"https:\/\/www.linkedin.com\/in\/juliohegedusnetto\/\",\"https:\/\/x.com\/JuHegedus\"],\"url\":\"https:\/\/www.suno.com.br\/noticias\/author\/julio-hegedus-netto\/\"}]}<\/script>\n<!-- \/ Yoast SEO plugin. -->","yoast_head_json":{"title":"Tom dovish do Fed e sa\u00fade de Jair Bolsonaro - Coluna de Julio Hegedus Netto","description":"Veja a coluna de Julio Hegedus Netto e a aten\u00e7\u00e3o \u00e0 sa\u00fade do presidente e \u00e0s negocia\u00e7\u00f5es no Congresso em torno das v\u00e1rias agendas","robots":{"index":"index","follow":"follow","max-snippet":"max-snippet:-1","max-image-preview":"max-image-preview:large","max-video-preview":"max-video-preview:-1"},"canonical":"https:\/\/www.suno.com.br\/noticias\/colunas\/julio-hegedus-netto\/tom-dovish-fed-saude-jair-bolsonaro\/","og_locale":"pt_BR","og_type":"article","og_title":"Tom dovish do Fed e sa\u00fade de Jair Bolsonaro - Coluna de Julio Hegedus Netto","og_description":"Veja a coluna de Julio Hegedus Netto e a aten\u00e7\u00e3o \u00e0 sa\u00fade do presidente e \u00e0s negocia\u00e7\u00f5es no Congresso em torno das v\u00e1rias agendas","og_url":"https:\/\/www.suno.com.br\/noticias\/colunas\/julio-hegedus-netto\/tom-dovish-fed-saude-jair-bolsonaro\/","og_site_name":"Suno Not\u00edcias","article_publisher":"https:\/\/facebook.com\/sunoresearch","og_image":[{"url":"https:\/\/storage.googleapis.com\/wp-noticias\/2021\/07\/53d7ea82-imagem1.png","type":"","width":"","height":""}],"twitter_card":"summary_large_image","twitter_site":"@sunoresearch","twitter_misc":{"Est. tempo de leitura":"5 minutos"},"schema":{"@context":"https:\/\/schema.org","@graph":[{"@type":"Article","@id":"https:\/\/www.suno.com.br\/noticias\/colunas\/julio-hegedus-netto\/tom-dovish-fed-saude-jair-bolsonaro\/#article","isPartOf":{"@id":"https:\/\/www.suno.com.br\/noticias\/colunas\/julio-hegedus-netto\/tom-dovish-fed-saude-jair-bolsonaro\/"},"author":{"name":"Julio Hegedus Netto","@id":"https:\/\/www.suno.com.br\/noticias\/#\/schema\/person\/c5d31719f2f2f38c8d575fc08e55df1a"},"headline":"Tom dovish do Fed e sa\u00fade de Jair Bolsonaro","datePublished":"2021-07-15T13:39:46+00:00","mainEntityOfPage":{"@id":"https:\/\/www.suno.com.br\/noticias\/colunas\/julio-hegedus-netto\/tom-dovish-fed-saude-jair-bolsonaro\/"},"wordCount":973,"publisher":{"@id":"https:\/\/www.suno.com.br\/noticias\/#organization"},"image":{"@id":"https:\/\/www.suno.com.br\/noticias\/colunas\/julio-hegedus-netto\/tom-dovish-fed-saude-jair-bolsonaro\/#primaryimage"},"thumbnailUrl":"https:\/\/storage.googleapis.com\/wp-noticias\/2021\/07\/53d7ea82-imagem1.png","inLanguage":"pt-BR"},{"@type":"WebPage","@id":"https:\/\/www.suno.com.br\/noticias\/colunas\/julio-hegedus-netto\/tom-dovish-fed-saude-jair-bolsonaro\/","url":"https:\/\/www.suno.com.br\/noticias\/colunas\/julio-hegedus-netto\/tom-dovish-fed-saude-jair-bolsonaro\/","name":"Tom dovish do Fed e sa\u00fade de Jair Bolsonaro - Coluna de Julio Hegedus Netto","isPartOf":{"@id":"https:\/\/www.suno.com.br\/noticias\/#website"},"primaryImageOfPage":{"@id":"https:\/\/www.suno.com.br\/noticias\/colunas\/julio-hegedus-netto\/tom-dovish-fed-saude-jair-bolsonaro\/#primaryimage"},"image":{"@id":"https:\/\/www.suno.com.br\/noticias\/colunas\/julio-hegedus-netto\/tom-dovish-fed-saude-jair-bolsonaro\/#primaryimage"},"thumbnailUrl":"https:\/\/storage.googleapis.com\/wp-noticias\/2021\/07\/53d7ea82-imagem1.png","datePublished":"2021-07-15T13:39:46+00:00","description":"Veja a coluna de Julio Hegedus Netto e a aten\u00e7\u00e3o \u00e0 sa\u00fade do presidente e \u00e0s negocia\u00e7\u00f5es no Congresso em torno das v\u00e1rias agendas","breadcrumb":{"@id":"https:\/\/www.suno.com.br\/noticias\/colunas\/julio-hegedus-netto\/tom-dovish-fed-saude-jair-bolsonaro\/#breadcrumb"},"inLanguage":"pt-BR","potentialAction":[{"@type":"ReadAction","target":["https:\/\/www.suno.com.br\/noticias\/colunas\/julio-hegedus-netto\/tom-dovish-fed-saude-jair-bolsonaro\/"]}]},{"@type":"ImageObject","inLanguage":"pt-BR","@id":"https:\/\/www.suno.com.br\/noticias\/colunas\/julio-hegedus-netto\/tom-dovish-fed-saude-jair-bolsonaro\/#primaryimage","url":"https:\/\/storage.googleapis.com\/wp-noticias\/2021\/07\/53d7ea82-imagem1.png","contentUrl":"https:\/\/storage.googleapis.com\/wp-noticias\/2021\/07\/53d7ea82-imagem1.png"},{"@type":"BreadcrumbList","@id":"https:\/\/www.suno.com.br\/noticias\/colunas\/julio-hegedus-netto\/tom-dovish-fed-saude-jair-bolsonaro\/#breadcrumb","itemListElement":[{"@type":"ListItem","position":1,"name":"Not\u00edcias","item":"https:\/\/www.suno.com.br\/noticias\/"},{"@type":"ListItem","position":2,"name":"Colunas","item":"https:\/\/www.suno.com.br\/noticias\/colunas\/"},{"@type":"ListItem","position":3,"name":"Tom dovish do Fed e sa\u00fade de Jair Bolsonaro"}]},{"@type":"WebSite","@id":"https:\/\/www.suno.com.br\/noticias\/#website","url":"https:\/\/www.suno.com.br\/noticias\/","name":"Suno Not\u00edcias","description":"Seu portal de informa\u00e7\u00e3o sobre o mundo dos investimentos","publisher":{"@id":"https:\/\/www.suno.com.br\/noticias\/#organization"},"potentialAction":[{"@type":"SearchAction","target":{"@type":"EntryPoint","urlTemplate":"https:\/\/www.suno.com.br\/noticias\/?s={search_term_string}"},"query-input":{"@type":"PropertyValueSpecification","valueRequired":true,"valueName":"search_term_string"}}],"inLanguage":"pt-BR"},{"@type":"Organization","@id":"https:\/\/www.suno.com.br\/noticias\/#organization","name":"Suno Not\u00edcias","url":"https:\/\/www.suno.com.br\/noticias\/","logo":{"@type":"ImageObject","inLanguage":"pt-BR","@id":"https:\/\/www.suno.com.br\/noticias\/#\/schema\/logo\/image\/","url":"https:\/\/files.sunoresearch.com.br\/n\/uploads\/2021\/09\/suno-logo.png","contentUrl":"https:\/\/files.sunoresearch.com.br\/n\/uploads\/2021\/09\/suno-logo.png","width":180,"height":180,"caption":"Suno Not\u00edcias"},"image":{"@id":"https:\/\/www.suno.com.br\/noticias\/#\/schema\/logo\/image\/"},"sameAs":["https:\/\/facebook.com\/sunoresearch","https:\/\/x.com\/sunoresearch","https:\/\/www.instagram.com\/suno","https:\/\/www.linkedin.com\/company\/suno-research\/","https:\/\/www.youtube.com\/c\/sunoresearch"]},{"@type":"Person","@id":"https:\/\/www.suno.com.br\/noticias\/#\/schema\/person\/c5d31719f2f2f38c8d575fc08e55df1a","name":"Julio Hegedus Netto","image":{"@type":"ImageObject","inLanguage":"pt-BR","@id":"https:\/\/www.suno.com.br\/noticias\/#\/schema\/person\/image\/","url":"https:\/\/secure.gravatar.com\/avatar\/870043f332ebddfffd4a9e3a5dd46c13?s=96&r=g","contentUrl":"https:\/\/secure.gravatar.com\/avatar\/870043f332ebddfffd4a9e3a5dd46c13?s=96&r=g","caption":"Julio Hegedus Netto"},"description":"Economista-chefe da Lopes Filho por 26 anos, com mestrado na UFF e na UCAM e doutorando em Portugal. Escrevo relat\u00f3rios para a OHM RESEARCH e disponibilizo conte\u00fados no IML, Investing.com, Linkedin e Suno Not\u00edcias.","sameAs":["https:\/\/jhn031299.blogspot.com\/","https:\/\/www.facebook.com\/julio.hegedus.5","https:\/\/www.linkedin.com\/in\/juliohegedusnetto\/","https:\/\/x.com\/JuHegedus"],"url":"https:\/\/www.suno.com.br\/noticias\/author\/julio-hegedus-netto\/"}]}},"amp_enabled":true,"_links":{"self":[{"href":"https:\/\/www.suno.com.br\/noticias\/wp-json\/wp\/v2\/suno_column\/166219"}],"collection":[{"href":"https:\/\/www.suno.com.br\/noticias\/wp-json\/wp\/v2\/suno_column"}],"about":[{"href":"https:\/\/www.suno.com.br\/noticias\/wp-json\/wp\/v2\/types\/suno_column"}],"author":[{"embeddable":true,"href":"https:\/\/www.suno.com.br\/noticias\/wp-json\/wp\/v2\/users\/82"}],"wp:attachment":[{"href":"https:\/\/www.suno.com.br\/noticias\/wp-json\/wp\/v2\/media?parent=166219"}],"wp:term":[{"taxonomy":"post_tag","embeddable":true,"href":"https:\/\/www.suno.com.br\/noticias\/wp-json\/wp\/v2\/tags?post=166219"}],"curies":[{"name":"wp","href":"https:\/\/api.w.org\/{rel}","templated":true}]}}