{"id":165543,"date":"2021-07-13T13:40:14","date_gmt":"2021-07-13T16:40:14","guid":{"rendered":"https:\/\/www.suno.com.br\/noticias\/colunas\/natalia-gomez\/"},"modified":"2021-07-15T08:47:30","modified_gmt":"2021-07-15T11:47:30","slug":"legislacao-ambiental","status":"publish","type":"suno_column","link":"https:\/\/www.suno.com.br\/noticias\/colunas\/gabriela-marques\/legislacao-ambiental\/","title":{"rendered":"Seguran\u00e7a jur\u00eddica em quest\u00f5es ambientais"},"content":{"rendered":"<p>No mundo empresarial, a<strong> seguran\u00e7a jur\u00eddica<\/strong> \u00e9 um valor inestim\u00e1vel. E n\u00e3o poderia ser diferente na \u00e1rea ambiental, que se beneficia dessa estabilidade. \u00c9 dentro desse contexto que mudan\u00e7as bruscas e desalinhadas com regulamentos ambientais j\u00e1 consolidados, gerando questionamentos e at\u00e9 judicializa\u00e7\u00f5es, trazem um sinal de alerta.<\/p>\n\t<p>\n\t\t<a href=\"https:\/\/lp.suno.com.br\/planilha-controle-gastos\/\" target=\"_blank\" data-element=\"shortcode-suno-banner\" title=\"Banner SUNO, clique e saiba mais\">\n\t\t\t<picture>\n\t\t\t\t<source media=\"(max-width: 500px)\" srcset=\"https:\/\/files.sunoresearch.com.br\/n\/uploads\/2023\/03\/400x300-Planilha-controle-de-gastos.png\">\n\t\t\t\t<img class=\"newsContent__article__imgCapa newsContent__article__imgCapa--banner\"\n\t\t\t\t\tsrc=\"https:\/\/files.sunoresearch.com.br\/n\/uploads\/2023\/03\/1420x240-Planilha-controle-de-gastos.png\"\n\t\t\t\t\tdata-promo-id=\"101751\"\t\t\t\t\t\t\t\t\t\twidth='1420' height='240'\t\t\t\t\talt=\"https:\/\/files.sunoresearch.com.br\/n\/uploads\/2023\/03\/1420x240-Planilha-controle-de-gastos.png\"\n\t\t\t\t>\n\t\t\t<\/picture>\n\t\t<\/a>\n\t<\/p>\n\n\n<p>Estrat\u00e9gias que tentam buscar vantagens em tais altera\u00e7\u00f5es tamb\u00e9m devem ser vistas com ressalvas, pois podem acarretar riscos futuros para as empresas.<\/p>\n<p>Uma legisla\u00e7\u00e3o consolidada, uma regulamenta\u00e7\u00e3o coesa, uma<strong> jurisprud\u00eancia<\/strong> consistente e uma certa dose de previsibilidade e confian\u00e7a nas condutas dos agentes p\u00fablicos s\u00e3o pontos importantes que criam um bom ambiente para investimentos e crescimento dos neg\u00f3cios.<\/p>\n<p>Certamente que nada disso \u00e9 garantia de aus\u00eancia de entraves, mas \u00e9 um bom caminho para se mapear os riscos de uma maneira mais objetiva e com isso munir os players de informa\u00e7\u00e3o valiosa para a tomada da decis\u00e3o mais estrat\u00e9gica, bem como para evitar excesso de judicializa\u00e7\u00f5es no meio do percurso.<\/p>\n<p>O fato \u00e9 que a import\u00e2ncia de se fazer neg\u00f3cios levando-se em conta os impactos no <strong>meio ambiente<\/strong> \u00e9 cada vez mais percept\u00edvel de forma pr\u00e1tica em escala global.<\/p>\n<p>A no\u00e7\u00e3o de sustentabilidade, ao lado do aspecto social e da <a href=\"https:\/\/www.suno.com.br\/artigos\/governanca-corporativa\/\">governan\u00e7a corporativa<\/a> (a famosa sigla <strong>ESG<\/strong> \u2013 Environmental, Social, and Governance) \u00e9 cada dia mais indispens\u00e1vel, visto que investidores cada vez mais buscam realizar aportes respons\u00e1veis e priorizam empresas que de modo efetivo, na pr\u00e1tica e de forma transparente, cumpram com a<strong> legisla\u00e7\u00e3o ambiental<\/strong>.<\/p>\n\t<p>\n\t\t<a href=\"https:\/\/lp.suno.com.br\/planilha-da-vida-financeira\/\" target=\"_blank\" data-element=\"shortcode-suno-banner\" title=\"Banner SUNO, clique e saiba mais\">\n\t\t\t<picture>\n\t\t\t\t<source media=\"(max-width: 500px)\" srcset=\"https:\/\/files.sunoresearch.com.br\/n\/uploads\/2023\/04\/400x300-Planilha-vida-financeira-true.png\">\n\t\t\t\t<img class=\"newsContent__article__imgCapa newsContent__article__imgCapa--banner\"\n\t\t\t\t\tsrc=\"https:\/\/files.sunoresearch.com.br\/n\/uploads\/2023\/04\/1420x240-Planilha-vida-financeira-true.png\"\n\t\t\t\t\tdata-promo-id=\"106682\"\t\t\t\t\t\t\t\t\t\twidth='1420' height='240'\t\t\t\t\talt=\"https:\/\/files.sunoresearch.com.br\/n\/uploads\/2023\/04\/1420x240-Planilha-vida-financeira-true.png\"\n\t\t\t\t>\n\t\t\t<\/picture>\n\t\t<\/a>\n\t<\/p>\n\n\n<p>Por\u00e9m, mais do que se adequar a uma tend\u00eancia de mercado ou de investimentos, ter no horizonte o respeito ao meio ambiente nos neg\u00f3cios \u00e9 tamb\u00e9m uma forma de se alinhar ao regramento jur\u00eddico que vem se consolidando no mundo todo, sem falar no mercado consumidor que cada vez mais abra\u00e7a a causa.<\/p>\n<p>\u00c9 por isso que posicionamentos contr\u00e1rios a essa l\u00f3gica tem grande potencial de gerar passivos para as empresas, incluindo danos \u00e0 imagem das empresas.<\/p>\n<p>N\u00e3o podemos nos esquecer que uma das pol\u00eamicas envolvendo o <strong>Minist\u00e9rio do Meio Ambiente<\/strong> teve como origem uma altera\u00e7\u00e3o em um mecanismo de controle consolidado desde 2011, que exigia uma autoriza\u00e7\u00e3o espec\u00edfica do IBAMA para a exporta\u00e7\u00e3o de madeira nativa do Brasil e que desde 2019 passou a n\u00e3o mais ser exigida.<\/p>\n<p>A consequ\u00eancia neste caso veio r\u00e1pida, com a reten\u00e7\u00e3o das cargas embarcadas no porto de destino, pela falta da chancela de \u201cmadeira legal\u201d exigida pelo mercado internacional.<\/p>\n<p>Nota-se que a altera\u00e7\u00e3o feita neste caso acaba prejudicando aqueles que cumprem com a legisla\u00e7\u00e3o ambiental, pois o aval do <strong>IBAMA<\/strong> funcionava como uma garantia de proced\u00eancia da madeira, de que tinha sido derrubada e exportada respeitando o meio ambiente, o que s\u00f3 contribui para a redu\u00e7\u00e3o das compras de produtos brasileiros.<\/p>\n<p>A <strong>preocupa\u00e7\u00e3o ESG<\/strong> veio para ficar e tentativas de se mudar abruptamente o curso de uma hist\u00f3ria nacional de regulamenta\u00e7\u00e3o protetiva na \u00e1rea ambiental pode gerar efeitos adversos.<\/p>\n<p>Decerto que aprimoramentos na legisla\u00e7\u00e3o s\u00e3o benvindos: desburocratizar quando necess\u00e1rio, fortalecer e capacitar \u00f3rg\u00e3os t\u00e9cnicos, promover agilidade e efici\u00eancia. Mas isso n\u00e3o deveria afetar negativamente a estrutura protetiva normativa e e menosprezar sistemas de coopera\u00e7\u00e3o internacional.<\/p>\n<p>Por ser um pa\u00eds detentor de uma biodiversidade not\u00e1vel, com biomassa de uma riqueza admir\u00e1vel o Brasil est\u00e1 predestinado a ser um pa\u00eds ecol\u00f3gico.<\/p>\n<p>E n\u00e3o \u00e9 por outro motivo que a Constitui\u00e7\u00e3o Federal de 1988 define o meio ambiente como um bem de uso comum sendo obriga\u00e7\u00e3o do Estado e da sociedade proteg\u00ea-lo e assim n\u00e3o permitir que a porteira se abra, sob pena de perdermos um diferencial \u00fanico e criarmos um ambiente de inseguran\u00e7a e risco para neg\u00f3cios e<strong> investimentos<\/strong>.<\/p>\n\t<p>\n\t\t<a href=\"\" target=\"_blank\" data-element=\"shortcode-suno-banner\" title=\"Banner SUNO, clique e saiba mais\">\n\t\t\t<picture>\n\t\t\t\t<source media=\"(max-width: 500px)\" srcset=\"\">\n\t\t\t\t<img class=\"newsContent__article__imgCapa newsContent__article__imgCapa--banner\"\n\t\t\t\t\tsrc=\"\"\n\t\t\t\t\tdata-promo-id=\"77053\"\t\t\t\t\t\t\t\t\t\t\t\t\t\t\talt=\"\"\n\t\t\t\t>\n\t\t\t<\/picture>\n\t\t<\/a>\n\t<\/p>\n\n\n","protected":false},"excerpt":{"rendered":"<p>No mundo empresarial, a seguran\u00e7a jur\u00eddica \u00e9 um valor inestim\u00e1vel. E n\u00e3o poderia ser diferente na \u00e1rea ambiental, que se beneficia dessa estabilidade. \u00c9 dentro desse c&#8230;<\/p>\n","protected":false},"author":100,"featured_media":0,"template":"","tags":[],"class_list":["post-165543","suno_column","type-suno_column","status-publish","hentry"],"yoast_head":"<!-- This site is optimized with the Yoast SEO plugin v24.4 - https:\/\/yoast.com\/wordpress\/plugins\/seo\/ -->\n<title>Seguran\u00e7a jur\u00eddica em quest\u00f5es ambientais - Suno Not\u00edcias<\/title>\n<meta name=\"description\" content=\"No mundo empresarial, a seguran\u00e7a jur\u00eddica \u00e9 um valor inestim\u00e1vel. E n\u00e3o poderia ser diferente na \u00e1rea ambiental. Leia mais nesta coluna.\" \/>\n<meta name=\"robots\" content=\"index, follow, max-snippet:-1, max-image-preview:large, max-video-preview:-1\" \/>\n<link rel=\"canonical\" href=\"https:\/\/www.suno.com.br\/noticias\/colunas\/gabriela-marques\/legislacao-ambiental\/\" \/>\n<meta property=\"og:locale\" content=\"pt_BR\" \/>\n<meta property=\"og:type\" content=\"article\" \/>\n<meta property=\"og:title\" content=\"Seguran\u00e7a jur\u00eddica em quest\u00f5es ambientais - Suno Not\u00edcias\" \/>\n<meta property=\"og:description\" content=\"No mundo empresarial, a seguran\u00e7a jur\u00eddica \u00e9 um valor inestim\u00e1vel. E n\u00e3o poderia ser diferente na \u00e1rea ambiental. Leia mais nesta coluna.\" \/>\n<meta property=\"og:url\" content=\"https:\/\/www.suno.com.br\/noticias\/colunas\/gabriela-marques\/legislacao-ambiental\/\" \/>\n<meta property=\"og:site_name\" content=\"Suno Not\u00edcias\" \/>\n<meta property=\"article:publisher\" content=\"https:\/\/facebook.com\/sunoresearch\" \/>\n<meta property=\"og:image\" content=\"https:\/\/files.sunoresearch.com.br\/n\/uploads\/2022\/06\/Modelo2.jpg\" \/>\n\t<meta property=\"og:image:width\" content=\"1200\" \/>\n\t<meta property=\"og:image:height\" content=\"627\" \/>\n\t<meta property=\"og:image:type\" content=\"image\/jpeg\" \/>\n<meta name=\"twitter:card\" content=\"summary_large_image\" \/>\n<meta name=\"twitter:site\" content=\"@sunoresearch\" \/>\n<meta name=\"twitter:label1\" content=\"Est. tempo de leitura\" \/>\n\t<meta name=\"twitter:data1\" content=\"3 minutos\" \/>\n<script type=\"application\/ld+json\" class=\"yoast-schema-graph\">{\"@context\":\"https:\/\/schema.org\",\"@graph\":[{\"@type\":\"Article\",\"@id\":\"https:\/\/www.suno.com.br\/noticias\/colunas\/gabriela-marques\/legislacao-ambiental\/#article\",\"isPartOf\":{\"@id\":\"https:\/\/www.suno.com.br\/noticias\/colunas\/gabriela-marques\/legislacao-ambiental\/\"},\"author\":{\"name\":\"Gabriela Marques\",\"@id\":\"https:\/\/www.suno.com.br\/noticias\/#\/schema\/person\/1f62a4092dac9a01e714f6932ba4fa8f\"},\"headline\":\"Seguran\u00e7a jur\u00eddica em quest\u00f5es ambientais\",\"datePublished\":\"2021-07-13T16:40:14+00:00\",\"dateModified\":\"2021-07-15T11:47:30+00:00\",\"mainEntityOfPage\":{\"@id\":\"https:\/\/www.suno.com.br\/noticias\/colunas\/gabriela-marques\/legislacao-ambiental\/\"},\"wordCount\":674,\"publisher\":{\"@id\":\"https:\/\/www.suno.com.br\/noticias\/#organization\"},\"inLanguage\":\"pt-BR\"},{\"@type\":\"WebPage\",\"@id\":\"https:\/\/www.suno.com.br\/noticias\/colunas\/gabriela-marques\/legislacao-ambiental\/\",\"url\":\"https:\/\/www.suno.com.br\/noticias\/colunas\/gabriela-marques\/legislacao-ambiental\/\",\"name\":\"Seguran\u00e7a jur\u00eddica em quest\u00f5es ambientais - Suno Not\u00edcias\",\"isPartOf\":{\"@id\":\"https:\/\/www.suno.com.br\/noticias\/#website\"},\"datePublished\":\"2021-07-13T16:40:14+00:00\",\"dateModified\":\"2021-07-15T11:47:30+00:00\",\"description\":\"No mundo empresarial, a seguran\u00e7a jur\u00eddica \u00e9 um valor inestim\u00e1vel. E n\u00e3o poderia ser diferente na \u00e1rea ambiental. Leia mais nesta coluna.\",\"breadcrumb\":{\"@id\":\"https:\/\/www.suno.com.br\/noticias\/colunas\/gabriela-marques\/legislacao-ambiental\/#breadcrumb\"},\"inLanguage\":\"pt-BR\",\"potentialAction\":[{\"@type\":\"ReadAction\",\"target\":[\"https:\/\/www.suno.com.br\/noticias\/colunas\/gabriela-marques\/legislacao-ambiental\/\"]}]},{\"@type\":\"BreadcrumbList\",\"@id\":\"https:\/\/www.suno.com.br\/noticias\/colunas\/gabriela-marques\/legislacao-ambiental\/#breadcrumb\",\"itemListElement\":[{\"@type\":\"ListItem\",\"position\":1,\"name\":\"Not\u00edcias\",\"item\":\"https:\/\/www.suno.com.br\/noticias\/\"},{\"@type\":\"ListItem\",\"position\":2,\"name\":\"Colunas\",\"item\":\"https:\/\/www.suno.com.br\/noticias\/colunas\/\"},{\"@type\":\"ListItem\",\"position\":3,\"name\":\"Seguran\u00e7a jur\u00eddica em quest\u00f5es ambientais\"}]},{\"@type\":\"WebSite\",\"@id\":\"https:\/\/www.suno.com.br\/noticias\/#website\",\"url\":\"https:\/\/www.suno.com.br\/noticias\/\",\"name\":\"Suno Not\u00edcias\",\"description\":\"Seu portal de informa\u00e7\u00e3o sobre o mundo dos investimentos\",\"publisher\":{\"@id\":\"https:\/\/www.suno.com.br\/noticias\/#organization\"},\"potentialAction\":[{\"@type\":\"SearchAction\",\"target\":{\"@type\":\"EntryPoint\",\"urlTemplate\":\"https:\/\/www.suno.com.br\/noticias\/?s={search_term_string}\"},\"query-input\":{\"@type\":\"PropertyValueSpecification\",\"valueRequired\":true,\"valueName\":\"search_term_string\"}}],\"inLanguage\":\"pt-BR\"},{\"@type\":\"Organization\",\"@id\":\"https:\/\/www.suno.com.br\/noticias\/#organization\",\"name\":\"Suno Not\u00edcias\",\"url\":\"https:\/\/www.suno.com.br\/noticias\/\",\"logo\":{\"@type\":\"ImageObject\",\"inLanguage\":\"pt-BR\",\"@id\":\"https:\/\/www.suno.com.br\/noticias\/#\/schema\/logo\/image\/\",\"url\":\"https:\/\/files.sunoresearch.com.br\/n\/uploads\/2021\/09\/suno-logo.png\",\"contentUrl\":\"https:\/\/files.sunoresearch.com.br\/n\/uploads\/2021\/09\/suno-logo.png\",\"width\":180,\"height\":180,\"caption\":\"Suno Not\u00edcias\"},\"image\":{\"@id\":\"https:\/\/www.suno.com.br\/noticias\/#\/schema\/logo\/image\/\"},\"sameAs\":[\"https:\/\/facebook.com\/sunoresearch\",\"https:\/\/x.com\/sunoresearch\",\"https:\/\/www.instagram.com\/suno\",\"https:\/\/www.linkedin.com\/company\/suno-research\/\",\"https:\/\/www.youtube.com\/c\/sunoresearch\"]},{\"@type\":\"Person\",\"@id\":\"https:\/\/www.suno.com.br\/noticias\/#\/schema\/person\/1f62a4092dac9a01e714f6932ba4fa8f\",\"name\":\"Gabriela Marques\",\"image\":{\"@type\":\"ImageObject\",\"inLanguage\":\"pt-BR\",\"@id\":\"https:\/\/www.suno.com.br\/noticias\/#\/schema\/person\/image\/\",\"url\":\"https:\/\/secure.gravatar.com\/avatar\/1a43ea9f5a5d4bfa4de7723b2877b799?s=96&r=g\",\"contentUrl\":\"https:\/\/secure.gravatar.com\/avatar\/1a43ea9f5a5d4bfa4de7723b2877b799?s=96&r=g\",\"caption\":\"Gabriela Marques\"},\"description\":\"Gabriela de P\u00e1dua Azevedo Marques \u00e9 associada do escrit\u00f3rio Dias Carneiro Advogados em Direito Ambiental e Direito Sanit\u00e1rio, com destaque para a \u00e1rea de Life Sciences e a\u00e7\u00f5es relacionadas \u00e0 Ag\u00eancia Nacional de Vigil\u00e2ncia Sanit\u00e1ria (Anvisa).\",\"url\":\"https:\/\/www.suno.com.br\/noticias\/author\/gabriela-marques\/\"}]}<\/script>\n<!-- \/ Yoast SEO plugin. -->","yoast_head_json":{"title":"Seguran\u00e7a jur\u00eddica em quest\u00f5es ambientais - Suno Not\u00edcias","description":"No mundo empresarial, a seguran\u00e7a jur\u00eddica \u00e9 um valor inestim\u00e1vel. E n\u00e3o poderia ser diferente na \u00e1rea ambiental. Leia mais nesta coluna.","robots":{"index":"index","follow":"follow","max-snippet":"max-snippet:-1","max-image-preview":"max-image-preview:large","max-video-preview":"max-video-preview:-1"},"canonical":"https:\/\/www.suno.com.br\/noticias\/colunas\/gabriela-marques\/legislacao-ambiental\/","og_locale":"pt_BR","og_type":"article","og_title":"Seguran\u00e7a jur\u00eddica em quest\u00f5es ambientais - Suno Not\u00edcias","og_description":"No mundo empresarial, a seguran\u00e7a jur\u00eddica \u00e9 um valor inestim\u00e1vel. E n\u00e3o poderia ser diferente na \u00e1rea ambiental. Leia mais nesta coluna.","og_url":"https:\/\/www.suno.com.br\/noticias\/colunas\/gabriela-marques\/legislacao-ambiental\/","og_site_name":"Suno Not\u00edcias","article_publisher":"https:\/\/facebook.com\/sunoresearch","og_image":[{"width":1200,"height":627,"url":"https:\/\/files.sunoresearch.com.br\/n\/uploads\/2022\/06\/Modelo2.jpg","type":"image\/jpeg"}],"twitter_card":"summary_large_image","twitter_site":"@sunoresearch","twitter_misc":{"Est. tempo de leitura":"3 minutos"},"schema":{"@context":"https:\/\/schema.org","@graph":[{"@type":"Article","@id":"https:\/\/www.suno.com.br\/noticias\/colunas\/gabriela-marques\/legislacao-ambiental\/#article","isPartOf":{"@id":"https:\/\/www.suno.com.br\/noticias\/colunas\/gabriela-marques\/legislacao-ambiental\/"},"author":{"name":"Gabriela Marques","@id":"https:\/\/www.suno.com.br\/noticias\/#\/schema\/person\/1f62a4092dac9a01e714f6932ba4fa8f"},"headline":"Seguran\u00e7a jur\u00eddica em quest\u00f5es ambientais","datePublished":"2021-07-13T16:40:14+00:00","dateModified":"2021-07-15T11:47:30+00:00","mainEntityOfPage":{"@id":"https:\/\/www.suno.com.br\/noticias\/colunas\/gabriela-marques\/legislacao-ambiental\/"},"wordCount":674,"publisher":{"@id":"https:\/\/www.suno.com.br\/noticias\/#organization"},"inLanguage":"pt-BR"},{"@type":"WebPage","@id":"https:\/\/www.suno.com.br\/noticias\/colunas\/gabriela-marques\/legislacao-ambiental\/","url":"https:\/\/www.suno.com.br\/noticias\/colunas\/gabriela-marques\/legislacao-ambiental\/","name":"Seguran\u00e7a jur\u00eddica em quest\u00f5es ambientais - Suno Not\u00edcias","isPartOf":{"@id":"https:\/\/www.suno.com.br\/noticias\/#website"},"datePublished":"2021-07-13T16:40:14+00:00","dateModified":"2021-07-15T11:47:30+00:00","description":"No mundo empresarial, a seguran\u00e7a jur\u00eddica \u00e9 um valor inestim\u00e1vel. E n\u00e3o poderia ser diferente na \u00e1rea ambiental. Leia mais nesta coluna.","breadcrumb":{"@id":"https:\/\/www.suno.com.br\/noticias\/colunas\/gabriela-marques\/legislacao-ambiental\/#breadcrumb"},"inLanguage":"pt-BR","potentialAction":[{"@type":"ReadAction","target":["https:\/\/www.suno.com.br\/noticias\/colunas\/gabriela-marques\/legislacao-ambiental\/"]}]},{"@type":"BreadcrumbList","@id":"https:\/\/www.suno.com.br\/noticias\/colunas\/gabriela-marques\/legislacao-ambiental\/#breadcrumb","itemListElement":[{"@type":"ListItem","position":1,"name":"Not\u00edcias","item":"https:\/\/www.suno.com.br\/noticias\/"},{"@type":"ListItem","position":2,"name":"Colunas","item":"https:\/\/www.suno.com.br\/noticias\/colunas\/"},{"@type":"ListItem","position":3,"name":"Seguran\u00e7a jur\u00eddica em quest\u00f5es ambientais"}]},{"@type":"WebSite","@id":"https:\/\/www.suno.com.br\/noticias\/#website","url":"https:\/\/www.suno.com.br\/noticias\/","name":"Suno Not\u00edcias","description":"Seu portal de informa\u00e7\u00e3o sobre o mundo dos investimentos","publisher":{"@id":"https:\/\/www.suno.com.br\/noticias\/#organization"},"potentialAction":[{"@type":"SearchAction","target":{"@type":"EntryPoint","urlTemplate":"https:\/\/www.suno.com.br\/noticias\/?s={search_term_string}"},"query-input":{"@type":"PropertyValueSpecification","valueRequired":true,"valueName":"search_term_string"}}],"inLanguage":"pt-BR"},{"@type":"Organization","@id":"https:\/\/www.suno.com.br\/noticias\/#organization","name":"Suno Not\u00edcias","url":"https:\/\/www.suno.com.br\/noticias\/","logo":{"@type":"ImageObject","inLanguage":"pt-BR","@id":"https:\/\/www.suno.com.br\/noticias\/#\/schema\/logo\/image\/","url":"https:\/\/files.sunoresearch.com.br\/n\/uploads\/2021\/09\/suno-logo.png","contentUrl":"https:\/\/files.sunoresearch.com.br\/n\/uploads\/2021\/09\/suno-logo.png","width":180,"height":180,"caption":"Suno Not\u00edcias"},"image":{"@id":"https:\/\/www.suno.com.br\/noticias\/#\/schema\/logo\/image\/"},"sameAs":["https:\/\/facebook.com\/sunoresearch","https:\/\/x.com\/sunoresearch","https:\/\/www.instagram.com\/suno","https:\/\/www.linkedin.com\/company\/suno-research\/","https:\/\/www.youtube.com\/c\/sunoresearch"]},{"@type":"Person","@id":"https:\/\/www.suno.com.br\/noticias\/#\/schema\/person\/1f62a4092dac9a01e714f6932ba4fa8f","name":"Gabriela Marques","image":{"@type":"ImageObject","inLanguage":"pt-BR","@id":"https:\/\/www.suno.com.br\/noticias\/#\/schema\/person\/image\/","url":"https:\/\/secure.gravatar.com\/avatar\/1a43ea9f5a5d4bfa4de7723b2877b799?s=96&r=g","contentUrl":"https:\/\/secure.gravatar.com\/avatar\/1a43ea9f5a5d4bfa4de7723b2877b799?s=96&r=g","caption":"Gabriela Marques"},"description":"Gabriela de P\u00e1dua Azevedo Marques \u00e9 associada do escrit\u00f3rio Dias Carneiro Advogados em Direito Ambiental e Direito Sanit\u00e1rio, com destaque para a \u00e1rea de Life Sciences e a\u00e7\u00f5es relacionadas \u00e0 Ag\u00eancia Nacional de Vigil\u00e2ncia Sanit\u00e1ria (Anvisa).","url":"https:\/\/www.suno.com.br\/noticias\/author\/gabriela-marques\/"}]}},"amp_enabled":true,"_links":{"self":[{"href":"https:\/\/www.suno.com.br\/noticias\/wp-json\/wp\/v2\/suno_column\/165543"}],"collection":[{"href":"https:\/\/www.suno.com.br\/noticias\/wp-json\/wp\/v2\/suno_column"}],"about":[{"href":"https:\/\/www.suno.com.br\/noticias\/wp-json\/wp\/v2\/types\/suno_column"}],"author":[{"embeddable":true,"href":"https:\/\/www.suno.com.br\/noticias\/wp-json\/wp\/v2\/users\/100"}],"wp:attachment":[{"href":"https:\/\/www.suno.com.br\/noticias\/wp-json\/wp\/v2\/media?parent=165543"}],"wp:term":[{"taxonomy":"post_tag","embeddable":true,"href":"https:\/\/www.suno.com.br\/noticias\/wp-json\/wp\/v2\/tags?post=165543"}],"curies":[{"name":"wp","href":"https:\/\/api.w.org\/{rel}","templated":true}]}}