{"id":164217,"date":"2021-07-08T08:40:58","date_gmt":"2021-07-08T11:40:58","guid":{"rendered":"https:\/\/www.suno.com.br\/noticias\/colunas\/natalia-gomez\/"},"modified":"2021-07-07T08:42:31","modified_gmt":"2021-07-07T11:42:31","slug":"sem-educacao-nao-ha-solucao","status":"publish","type":"suno_column","link":"https:\/\/www.suno.com.br\/noticias\/colunas\/silvia-alambert-hala\/sem-educacao-nao-ha-solucao\/","title":{"rendered":"Sem educa\u00e7\u00e3o n\u00e3o h\u00e1 solu\u00e7\u00e3o"},"content":{"rendered":"<p>Ao revisitarmos a hist\u00f3ria da <strong>educa\u00e7\u00e3o<\/strong> do nosso pa\u00eds, entenderemos que apesar dos quase 500 anos desde a chegada dos jesu\u00edtas ao Brasil, ainda estamos longe do \u201cprogresso\u201d pensado pelos reformistas educacionais de meados do s\u00e9culo XX.<\/p>\n\t<p>\n\t\t<a href=\"https:\/\/lp.suno.com.br\/planilha-controle-gastos\/\" target=\"_blank\" data-element=\"shortcode-suno-banner\" title=\"Banner SUNO, clique e saiba mais\">\n\t\t\t<picture>\n\t\t\t\t<source media=\"(max-width: 500px)\" srcset=\"https:\/\/files.sunoresearch.com.br\/n\/uploads\/2023\/03\/400x300-Planilha-controle-de-gastos.png\">\n\t\t\t\t<img class=\"newsContent__article__imgCapa newsContent__article__imgCapa--banner\"\n\t\t\t\t\tsrc=\"https:\/\/files.sunoresearch.com.br\/n\/uploads\/2023\/03\/1420x240-Planilha-controle-de-gastos.png\"\n\t\t\t\t\tdata-promo-id=\"101751\"\t\t\t\t\t\t\t\t\t\twidth='1420' height='240'\t\t\t\t\talt=\"https:\/\/files.sunoresearch.com.br\/n\/uploads\/2023\/03\/1420x240-Planilha-controle-de-gastos.png\"\n\t\t\t\t>\n\t\t\t<\/picture>\n\t\t<\/a>\n\t<\/p>\n\n\n<p>Se os nossos jovens continuam despreparados e os resultados que apresentamos em testes como o <strong>PISA<\/strong> s\u00e3o fracos quando comparados a outros pa\u00edses, \u00e9 porque os<strong> investimentos em educa\u00e7\u00e3o<\/strong> sempre foram desdenhados e h\u00e1 outros interesses que n\u00e3o permitem que a educa\u00e7\u00e3o atue como o agente transformador da sociedade.<\/p>\n<p>Quem nos apresenta essa triste realidade \u00e9 a nossa pr\u00f3pria hist\u00f3ria.<\/p>\n<p>Em 1549, a educa\u00e7\u00e3o dos \u00edndios era feita pelos jesu\u00edtas. Naquela \u00e9poca, a educa\u00e7\u00e3o se restringia aos meninos, tanto a educa\u00e7\u00e3o da elite colonial quanto a dos ind\u00edgenas. As meninas n\u00e3o tinham acesso ao col\u00e9gio e se dedicavam a vida dom\u00e9stica e \u00e0 religi\u00e3o.<\/p>\n<p>Pelo bem ou pelo mal, pelo menos os \u00edndios estavam aprendendo a ler e escrever. Em 1759, quando os jesu\u00edtas foram expulsos do pa\u00eds e a educa\u00e7\u00e3o passou a ser responsabilidade do Estado, houve um grande <strong>retrocesso na educa\u00e7\u00e3o<\/strong>, j\u00e1 que foram quase 14 anos at\u00e9 que a educa\u00e7\u00e3o voltasse a se reestruturar.<\/p>\n<p>Entenda que, quem ficou sem \u201ccol\u00e9gio\u201d foram os ind\u00edgenas. Os filhos dos colonos tinham professores particulares e continuavam a frequentar o col\u00e9gio. Neste hiato da educa\u00e7\u00e3o, sem docentes com forma\u00e7\u00e3o espec\u00edfica, houve um concurso para professores e os leigos tomaram conta das escolas e das iniciativas educacionais. Tornavam-se professores as pessoas que tinham simplesmente recebido alguma instru\u00e7\u00e3o, as quais eram em sua maioria padres.<\/p>\n<p>Da mesma forma, durante o per\u00edodo do Brasil Imperial, o Estado seguia precisando aumentar o <strong>quadro docente<\/strong> e, como passar em um concurso de professores era dif\u00edcil, o Estado admitia professores sem habilita\u00e7\u00e3o, premiava o concursado com a garantia do cargo vital\u00edcio e pagava sal\u00e1rios baixos a eles.<\/p>\n<p>Foi somente em 1835 que surgiram as primeiras escolas de <strong>forma\u00e7\u00e3o de professores<\/strong> \u2013 as Escolas Normais \u2013 que eram frequentadas quase exclusivamente por homens e o que prevalecia e era mais valorizado do que o pr\u00f3prio conhecimento detido pelos docentes, eram os valores morais e religiosos.<\/p>\n<p>No final do Imp\u00e9rio, no entanto, a maioria das prov\u00edncias n\u00e3o tinha mais do que uma ou, quando muito, duas escolas normais p\u00fablicas.<\/p>\n\t<p>\n\t\t<a href=\"https:\/\/lp.suno.com.br\/planilha-da-vida-financeira\/\" target=\"_blank\" data-element=\"shortcode-suno-banner\" title=\"Banner SUNO, clique e saiba mais\">\n\t\t\t<picture>\n\t\t\t\t<source media=\"(max-width: 500px)\" srcset=\"https:\/\/files.sunoresearch.com.br\/n\/uploads\/2023\/04\/400x300-Planilha-vida-financeira-true.png\">\n\t\t\t\t<img class=\"newsContent__article__imgCapa newsContent__article__imgCapa--banner\"\n\t\t\t\t\tsrc=\"https:\/\/files.sunoresearch.com.br\/n\/uploads\/2023\/04\/1420x240-Planilha-vida-financeira-true.png\"\n\t\t\t\t\tdata-promo-id=\"106682\"\t\t\t\t\t\t\t\t\t\twidth='1420' height='240'\t\t\t\t\talt=\"https:\/\/files.sunoresearch.com.br\/n\/uploads\/2023\/04\/1420x240-Planilha-vida-financeira-true.png\"\n\t\t\t\t>\n\t\t\t<\/picture>\n\t\t<\/a>\n\t<\/p>\n\n\n<p>Como a import\u00e2ncia da educa\u00e7\u00e3o n\u00e3o era reconhecida, os pais n\u00e3o colocavam os filhos na <strong>escola<\/strong> aos 5 anos, conforme era recomendado pela reforma ou eram retirados da escola t\u00e3o logo fossem alfabetizados.<\/p>\n<p>Os anos de 1889 a 1930 foram marcados pelas primeiras tentativas de mudan\u00e7as na Educa\u00e7\u00e3o, mas o ensino para al\u00e9m de ler e escrever ainda era para poucos. A \u201cReforma Benjamin Constant\u201d (1890-1891) foi a primeira proposta de <strong>mudan\u00e7a educacional<\/strong> do ensino prim\u00e1rio neste per\u00edodo: ensino gratuito, sem liga\u00e7\u00e3o ou v\u00ednculo com nenhum tipo de religi\u00e3o, com a divis\u00e3o por s\u00e9ries e por faixas et\u00e1rias.<\/p>\n<p>Com a institui\u00e7\u00e3o da Rep\u00fablica no Brasil, foi introduzida no pa\u00eds a elei\u00e7\u00e3o direta em que os representantes seriam eleitos atrav\u00e9s de votos, mas a Constitui\u00e7\u00e3o de 1891 restringia e exclu\u00eda do sufr\u00e1gio, entre as v\u00e1rias massas da sociedade, os analfabetos, que correspondiam a 75% da popula\u00e7\u00e3o em 1920.<\/p>\n<p>Assim, especialmente na d\u00e9cada de 20, \u201chouve uma amplia\u00e7\u00e3o dos quadros escolares, marcada pelo entusiasmo na educa\u00e7\u00e3o e frequentes reformas\u201d e que culminou com a \u201cReforma Francisco Campos\u201d (1930-1934) que regulamentou o ensino secund\u00e1rio, comercial e superior em \u00e2mbito nacional.<\/p>\n<p>No entanto, foi somente a partir de 1971, na segunda vers\u00e3o da<strong> Lei de Diretrizes e Bases de Educa\u00e7\u00e3o<\/strong> (LDB), que se tornou obrigat\u00f3ria a conclus\u00e3o do prim\u00e1rio, fixado em oito anos, e quando os termos 1o e 2o graus surgiram e, assim permaneceu at\u00e9 a LDB de 1996, quando a denomina\u00e7\u00e3o de Ensino Fundamental e Ensino M\u00e9dio s\u00e3o introduzidas e, ambos os per\u00edodos passam a ser etapas da Educa\u00e7\u00e3o B\u00e1sica e, finalmente, a<strong> educa\u00e7\u00e3o infantil<\/strong> foi integrada e ganhou import\u00e2ncia no cen\u00e1rio nacional.<\/p>\n<p>Ainda assim, o Brasil ocupa o 66\u00ba lugar em educa\u00e7\u00e3o, entre 77 pa\u00edses avaliados (PISA 2018); em 2020, foram 47,3 milh\u00f5es de matr\u00edculas no Ensino B\u00e1sico.<\/p>\n<p>O n\u00famero representa uma redu\u00e7\u00e3o de 1,2% em rela\u00e7\u00e3o a 2019, ou seja, cerca de 579 mil matr\u00edculas a menos. (Censo Escolar MEC); 30% da popula\u00e7\u00e3o entre 15 e 64 anos \u00e9 <strong>analfabeta funcional<\/strong>, de acordo o Indicador de Analfabetismo Funcional (Inaf 2018); 34% dos alunos que chegam ao 5\u00ba ano de escolariza\u00e7\u00e3o ainda n\u00e3o conseguem ler (Todos pela Educa\u00e7\u00e3o); 20% dos jovens que concluem o ensino fundamental e que moram nas grandes cidades, n\u00e3o dominam o uso da leitura e da escrita (Todos pela Educa\u00e7\u00e3o); os professores brasileiros t\u00eam uma das piores remunera\u00e7\u00f5es do mundo (OCDE 2020).<\/p>\n<p>Quando ser\u00e1 que veremos o pa\u00eds do futuro?<\/p>\n\t<p>\n\t\t<a href=\"https:\/\/lp.suno.com.br\/planilha-de-controle-de-investimentos\/\" target=\"_blank\" data-element=\"shortcode-suno-banner\" title=\"Banner SUNO, clique e saiba mais\">\n\t\t\t<picture>\n\t\t\t\t<source media=\"(max-width: 500px)\" srcset=\"https:\/\/files.sunoresearch.com.br\/n\/uploads\/2023\/03\/400x300-Controle-de-Investimentos.png\">\n\t\t\t\t<img class=\"newsContent__article__imgCapa newsContent__article__imgCapa--banner\"\n\t\t\t\t\tsrc=\"https:\/\/files.sunoresearch.com.br\/n\/uploads\/2023\/03\/1420x240-Controle-de-Investimentos.png\"\n\t\t\t\t\tdata-promo-id=\"75934\"\t\t\t\t\t\t\t\t\t\twidth='1420' height='240'\t\t\t\t\talt=\"https:\/\/files.sunoresearch.com.br\/n\/uploads\/2023\/03\/1420x240-Controle-de-Investimentos.png\"\n\t\t\t\t>\n\t\t\t<\/picture>\n\t\t<\/a>\n\t<\/p>\n\n\n","protected":false},"excerpt":{"rendered":"<p>Ao revisitarmos a hist\u00f3ria da educa\u00e7\u00e3o do nosso pa\u00eds, entenderemos que apesar dos quase 500 anos desde a chegada dos jesu\u00edtas ao Brasil, ainda estamos longe do \u201cprogre&#8230;<\/p>\n","protected":false},"author":85,"featured_media":0,"template":"","tags":[106436],"class_list":["post-164217","suno_column","type-suno_column","status-publish","hentry","tag-setor-educacional"],"yoast_head":"<!-- This site is optimized with the Yoast SEO plugin v24.4 - https:\/\/yoast.com\/wordpress\/plugins\/seo\/ -->\n<title>Sem educa\u00e7\u00e3o n\u00e3o h\u00e1 solu\u00e7\u00e3o - Suno Not\u00edcias<\/title>\n<meta name=\"robots\" content=\"index, follow, max-snippet:-1, max-image-preview:large, max-video-preview:-1\" \/>\n<link rel=\"canonical\" href=\"https:\/\/www.suno.com.br\/noticias\/colunas\/silvia-alambert-hala\/sem-educacao-nao-ha-solucao\/\" \/>\n<meta property=\"og:locale\" content=\"pt_BR\" \/>\n<meta property=\"og:type\" content=\"article\" \/>\n<meta property=\"og:title\" content=\"Sem educa\u00e7\u00e3o n\u00e3o h\u00e1 solu\u00e7\u00e3o - Suno Not\u00edcias\" \/>\n<meta property=\"og:description\" content=\"Ao revisitarmos a hist\u00f3ria da educa\u00e7\u00e3o do nosso pa\u00eds, entenderemos que apesar dos quase 500 anos desde a chegada dos jesu\u00edtas ao Brasil, ainda estamos longe do \u201cprogre...\" \/>\n<meta property=\"og:url\" content=\"https:\/\/www.suno.com.br\/noticias\/colunas\/silvia-alambert-hala\/sem-educacao-nao-ha-solucao\/\" \/>\n<meta property=\"og:site_name\" content=\"Suno Not\u00edcias\" \/>\n<meta property=\"article:publisher\" content=\"https:\/\/facebook.com\/sunoresearch\" \/>\n<meta property=\"og:image\" content=\"https:\/\/files.sunoresearch.com.br\/n\/uploads\/2022\/06\/Modelo2.jpg\" \/>\n\t<meta property=\"og:image:width\" content=\"1200\" \/>\n\t<meta property=\"og:image:height\" content=\"627\" \/>\n\t<meta property=\"og:image:type\" content=\"image\/jpeg\" \/>\n<meta name=\"twitter:card\" content=\"summary_large_image\" \/>\n<meta name=\"twitter:site\" content=\"@sunoresearch\" \/>\n<meta name=\"twitter:label1\" content=\"Est. tempo de leitura\" \/>\n\t<meta name=\"twitter:data1\" content=\"4 minutos\" \/>\n<script type=\"application\/ld+json\" class=\"yoast-schema-graph\">{\"@context\":\"https:\/\/schema.org\",\"@graph\":[{\"@type\":\"Article\",\"@id\":\"https:\/\/www.suno.com.br\/noticias\/colunas\/silvia-alambert-hala\/sem-educacao-nao-ha-solucao\/#article\",\"isPartOf\":{\"@id\":\"https:\/\/www.suno.com.br\/noticias\/colunas\/silvia-alambert-hala\/sem-educacao-nao-ha-solucao\/\"},\"author\":{\"name\":\"Silvia Alambert Hala\",\"@id\":\"https:\/\/www.suno.com.br\/noticias\/#\/schema\/person\/53240a47f8580f70c7d752284216042c\"},\"headline\":\"Sem educa\u00e7\u00e3o n\u00e3o h\u00e1 solu\u00e7\u00e3o\",\"datePublished\":\"2021-07-08T11:40:58+00:00\",\"mainEntityOfPage\":{\"@id\":\"https:\/\/www.suno.com.br\/noticias\/colunas\/silvia-alambert-hala\/sem-educacao-nao-ha-solucao\/\"},\"wordCount\":867,\"publisher\":{\"@id\":\"https:\/\/www.suno.com.br\/noticias\/#organization\"},\"keywords\":[\"setor educacional\"],\"inLanguage\":\"pt-BR\"},{\"@type\":\"WebPage\",\"@id\":\"https:\/\/www.suno.com.br\/noticias\/colunas\/silvia-alambert-hala\/sem-educacao-nao-ha-solucao\/\",\"url\":\"https:\/\/www.suno.com.br\/noticias\/colunas\/silvia-alambert-hala\/sem-educacao-nao-ha-solucao\/\",\"name\":\"Sem educa\u00e7\u00e3o n\u00e3o h\u00e1 solu\u00e7\u00e3o - Suno Not\u00edcias\",\"isPartOf\":{\"@id\":\"https:\/\/www.suno.com.br\/noticias\/#website\"},\"datePublished\":\"2021-07-08T11:40:58+00:00\",\"breadcrumb\":{\"@id\":\"https:\/\/www.suno.com.br\/noticias\/colunas\/silvia-alambert-hala\/sem-educacao-nao-ha-solucao\/#breadcrumb\"},\"inLanguage\":\"pt-BR\",\"potentialAction\":[{\"@type\":\"ReadAction\",\"target\":[\"https:\/\/www.suno.com.br\/noticias\/colunas\/silvia-alambert-hala\/sem-educacao-nao-ha-solucao\/\"]}]},{\"@type\":\"BreadcrumbList\",\"@id\":\"https:\/\/www.suno.com.br\/noticias\/colunas\/silvia-alambert-hala\/sem-educacao-nao-ha-solucao\/#breadcrumb\",\"itemListElement\":[{\"@type\":\"ListItem\",\"position\":1,\"name\":\"Not\u00edcias\",\"item\":\"https:\/\/www.suno.com.br\/noticias\/\"},{\"@type\":\"ListItem\",\"position\":2,\"name\":\"Colunas\",\"item\":\"https:\/\/www.suno.com.br\/noticias\/colunas\/\"},{\"@type\":\"ListItem\",\"position\":3,\"name\":\"Sem educa\u00e7\u00e3o n\u00e3o h\u00e1 solu\u00e7\u00e3o\"}]},{\"@type\":\"WebSite\",\"@id\":\"https:\/\/www.suno.com.br\/noticias\/#website\",\"url\":\"https:\/\/www.suno.com.br\/noticias\/\",\"name\":\"Suno Not\u00edcias\",\"description\":\"Seu portal de informa\u00e7\u00e3o sobre o mundo dos investimentos\",\"publisher\":{\"@id\":\"https:\/\/www.suno.com.br\/noticias\/#organization\"},\"potentialAction\":[{\"@type\":\"SearchAction\",\"target\":{\"@type\":\"EntryPoint\",\"urlTemplate\":\"https:\/\/www.suno.com.br\/noticias\/?s={search_term_string}\"},\"query-input\":{\"@type\":\"PropertyValueSpecification\",\"valueRequired\":true,\"valueName\":\"search_term_string\"}}],\"inLanguage\":\"pt-BR\"},{\"@type\":\"Organization\",\"@id\":\"https:\/\/www.suno.com.br\/noticias\/#organization\",\"name\":\"Suno Not\u00edcias\",\"url\":\"https:\/\/www.suno.com.br\/noticias\/\",\"logo\":{\"@type\":\"ImageObject\",\"inLanguage\":\"pt-BR\",\"@id\":\"https:\/\/www.suno.com.br\/noticias\/#\/schema\/logo\/image\/\",\"url\":\"https:\/\/files.sunoresearch.com.br\/n\/uploads\/2021\/09\/suno-logo.png\",\"contentUrl\":\"https:\/\/files.sunoresearch.com.br\/n\/uploads\/2021\/09\/suno-logo.png\",\"width\":180,\"height\":180,\"caption\":\"Suno Not\u00edcias\"},\"image\":{\"@id\":\"https:\/\/www.suno.com.br\/noticias\/#\/schema\/logo\/image\/\"},\"sameAs\":[\"https:\/\/facebook.com\/sunoresearch\",\"https:\/\/x.com\/sunoresearch\",\"https:\/\/www.instagram.com\/suno\",\"https:\/\/www.linkedin.com\/company\/suno-research\/\",\"https:\/\/www.youtube.com\/c\/sunoresearch\"]},{\"@type\":\"Person\",\"@id\":\"https:\/\/www.suno.com.br\/noticias\/#\/schema\/person\/53240a47f8580f70c7d752284216042c\",\"name\":\"Silvia Alambert Hala\",\"image\":{\"@type\":\"ImageObject\",\"inLanguage\":\"pt-BR\",\"@id\":\"https:\/\/www.suno.com.br\/noticias\/#\/schema\/person\/image\/\",\"url\":\"https:\/\/secure.gravatar.com\/avatar\/8f10278ee18788aca9d67db0765d800c?s=96&r=g\",\"contentUrl\":\"https:\/\/secure.gravatar.com\/avatar\/8f10278ee18788aca9d67db0765d800c?s=96&r=g\",\"caption\":\"Silvia Alambert Hala\"},\"description\":\"Silvia Alambert Hala \u00e9 CKO da Progress Educacional, co-fundadora da The Money Camp\u2122 Brasil. Certificada pela Creative Wealth\u00ae Intl (USA), atua h\u00e1 14 anos como educadora financeira de crian\u00e7as, jovens e adultos e co-autora do livro \u201cPai, ensinas-me a poupar!\u201d (Ed. Rei dos Livros, Portugal).\",\"sameAs\":[\"@SilviaAlambertHala\",\"https:\/\/www.linkedin.com\/in\/silviaalambert\/\"],\"url\":\"https:\/\/www.suno.com.br\/noticias\/author\/silvia-alambert-hala\/\"}]}<\/script>\n<!-- \/ Yoast SEO plugin. -->","yoast_head_json":{"title":"Sem educa\u00e7\u00e3o n\u00e3o h\u00e1 solu\u00e7\u00e3o - Suno Not\u00edcias","robots":{"index":"index","follow":"follow","max-snippet":"max-snippet:-1","max-image-preview":"max-image-preview:large","max-video-preview":"max-video-preview:-1"},"canonical":"https:\/\/www.suno.com.br\/noticias\/colunas\/silvia-alambert-hala\/sem-educacao-nao-ha-solucao\/","og_locale":"pt_BR","og_type":"article","og_title":"Sem educa\u00e7\u00e3o n\u00e3o h\u00e1 solu\u00e7\u00e3o - Suno Not\u00edcias","og_description":"Ao revisitarmos a hist\u00f3ria da educa\u00e7\u00e3o do nosso pa\u00eds, entenderemos que apesar dos quase 500 anos desde a chegada dos jesu\u00edtas ao Brasil, ainda estamos longe do \u201cprogre...","og_url":"https:\/\/www.suno.com.br\/noticias\/colunas\/silvia-alambert-hala\/sem-educacao-nao-ha-solucao\/","og_site_name":"Suno Not\u00edcias","article_publisher":"https:\/\/facebook.com\/sunoresearch","og_image":[{"width":1200,"height":627,"url":"https:\/\/files.sunoresearch.com.br\/n\/uploads\/2022\/06\/Modelo2.jpg","type":"image\/jpeg"}],"twitter_card":"summary_large_image","twitter_site":"@sunoresearch","twitter_misc":{"Est. tempo de leitura":"4 minutos"},"schema":{"@context":"https:\/\/schema.org","@graph":[{"@type":"Article","@id":"https:\/\/www.suno.com.br\/noticias\/colunas\/silvia-alambert-hala\/sem-educacao-nao-ha-solucao\/#article","isPartOf":{"@id":"https:\/\/www.suno.com.br\/noticias\/colunas\/silvia-alambert-hala\/sem-educacao-nao-ha-solucao\/"},"author":{"name":"Silvia Alambert Hala","@id":"https:\/\/www.suno.com.br\/noticias\/#\/schema\/person\/53240a47f8580f70c7d752284216042c"},"headline":"Sem educa\u00e7\u00e3o n\u00e3o h\u00e1 solu\u00e7\u00e3o","datePublished":"2021-07-08T11:40:58+00:00","mainEntityOfPage":{"@id":"https:\/\/www.suno.com.br\/noticias\/colunas\/silvia-alambert-hala\/sem-educacao-nao-ha-solucao\/"},"wordCount":867,"publisher":{"@id":"https:\/\/www.suno.com.br\/noticias\/#organization"},"keywords":["setor educacional"],"inLanguage":"pt-BR"},{"@type":"WebPage","@id":"https:\/\/www.suno.com.br\/noticias\/colunas\/silvia-alambert-hala\/sem-educacao-nao-ha-solucao\/","url":"https:\/\/www.suno.com.br\/noticias\/colunas\/silvia-alambert-hala\/sem-educacao-nao-ha-solucao\/","name":"Sem educa\u00e7\u00e3o n\u00e3o h\u00e1 solu\u00e7\u00e3o - Suno Not\u00edcias","isPartOf":{"@id":"https:\/\/www.suno.com.br\/noticias\/#website"},"datePublished":"2021-07-08T11:40:58+00:00","breadcrumb":{"@id":"https:\/\/www.suno.com.br\/noticias\/colunas\/silvia-alambert-hala\/sem-educacao-nao-ha-solucao\/#breadcrumb"},"inLanguage":"pt-BR","potentialAction":[{"@type":"ReadAction","target":["https:\/\/www.suno.com.br\/noticias\/colunas\/silvia-alambert-hala\/sem-educacao-nao-ha-solucao\/"]}]},{"@type":"BreadcrumbList","@id":"https:\/\/www.suno.com.br\/noticias\/colunas\/silvia-alambert-hala\/sem-educacao-nao-ha-solucao\/#breadcrumb","itemListElement":[{"@type":"ListItem","position":1,"name":"Not\u00edcias","item":"https:\/\/www.suno.com.br\/noticias\/"},{"@type":"ListItem","position":2,"name":"Colunas","item":"https:\/\/www.suno.com.br\/noticias\/colunas\/"},{"@type":"ListItem","position":3,"name":"Sem educa\u00e7\u00e3o n\u00e3o h\u00e1 solu\u00e7\u00e3o"}]},{"@type":"WebSite","@id":"https:\/\/www.suno.com.br\/noticias\/#website","url":"https:\/\/www.suno.com.br\/noticias\/","name":"Suno Not\u00edcias","description":"Seu portal de informa\u00e7\u00e3o sobre o mundo dos investimentos","publisher":{"@id":"https:\/\/www.suno.com.br\/noticias\/#organization"},"potentialAction":[{"@type":"SearchAction","target":{"@type":"EntryPoint","urlTemplate":"https:\/\/www.suno.com.br\/noticias\/?s={search_term_string}"},"query-input":{"@type":"PropertyValueSpecification","valueRequired":true,"valueName":"search_term_string"}}],"inLanguage":"pt-BR"},{"@type":"Organization","@id":"https:\/\/www.suno.com.br\/noticias\/#organization","name":"Suno Not\u00edcias","url":"https:\/\/www.suno.com.br\/noticias\/","logo":{"@type":"ImageObject","inLanguage":"pt-BR","@id":"https:\/\/www.suno.com.br\/noticias\/#\/schema\/logo\/image\/","url":"https:\/\/files.sunoresearch.com.br\/n\/uploads\/2021\/09\/suno-logo.png","contentUrl":"https:\/\/files.sunoresearch.com.br\/n\/uploads\/2021\/09\/suno-logo.png","width":180,"height":180,"caption":"Suno Not\u00edcias"},"image":{"@id":"https:\/\/www.suno.com.br\/noticias\/#\/schema\/logo\/image\/"},"sameAs":["https:\/\/facebook.com\/sunoresearch","https:\/\/x.com\/sunoresearch","https:\/\/www.instagram.com\/suno","https:\/\/www.linkedin.com\/company\/suno-research\/","https:\/\/www.youtube.com\/c\/sunoresearch"]},{"@type":"Person","@id":"https:\/\/www.suno.com.br\/noticias\/#\/schema\/person\/53240a47f8580f70c7d752284216042c","name":"Silvia Alambert Hala","image":{"@type":"ImageObject","inLanguage":"pt-BR","@id":"https:\/\/www.suno.com.br\/noticias\/#\/schema\/person\/image\/","url":"https:\/\/secure.gravatar.com\/avatar\/8f10278ee18788aca9d67db0765d800c?s=96&r=g","contentUrl":"https:\/\/secure.gravatar.com\/avatar\/8f10278ee18788aca9d67db0765d800c?s=96&r=g","caption":"Silvia Alambert Hala"},"description":"Silvia Alambert Hala \u00e9 CKO da Progress Educacional, co-fundadora da The Money Camp\u2122 Brasil. Certificada pela Creative Wealth\u00ae Intl (USA), atua h\u00e1 14 anos como educadora financeira de crian\u00e7as, jovens e adultos e co-autora do livro \u201cPai, ensinas-me a poupar!\u201d (Ed. Rei dos Livros, Portugal).","sameAs":["@SilviaAlambertHala","https:\/\/www.linkedin.com\/in\/silviaalambert\/"],"url":"https:\/\/www.suno.com.br\/noticias\/author\/silvia-alambert-hala\/"}]}},"amp_enabled":true,"_links":{"self":[{"href":"https:\/\/www.suno.com.br\/noticias\/wp-json\/wp\/v2\/suno_column\/164217"}],"collection":[{"href":"https:\/\/www.suno.com.br\/noticias\/wp-json\/wp\/v2\/suno_column"}],"about":[{"href":"https:\/\/www.suno.com.br\/noticias\/wp-json\/wp\/v2\/types\/suno_column"}],"author":[{"embeddable":true,"href":"https:\/\/www.suno.com.br\/noticias\/wp-json\/wp\/v2\/users\/85"}],"wp:attachment":[{"href":"https:\/\/www.suno.com.br\/noticias\/wp-json\/wp\/v2\/media?parent=164217"}],"wp:term":[{"taxonomy":"post_tag","embeddable":true,"href":"https:\/\/www.suno.com.br\/noticias\/wp-json\/wp\/v2\/tags?post=164217"}],"curies":[{"name":"wp","href":"https:\/\/api.w.org\/{rel}","templated":true}]}}