{"id":161722,"date":"2021-06-28T10:00:32","date_gmt":"2021-06-28T13:00:32","guid":{"rendered":"https:\/\/www.suno.com.br\/noticias\/colunas\/felipe-areia\/"},"modified":"2021-06-28T16:36:06","modified_gmt":"2021-06-28T19:36:06","slug":"semana-igpm-emprego-cpi-covid","status":"publish","type":"suno_column","link":"https:\/\/www.suno.com.br\/noticias\/colunas\/julio-hegedus-netto\/semana-igpm-emprego-cpi-covid\/","title":{"rendered":"Semana cheia no Brasil e foco na CPI da Covid"},"content":{"rendered":"<p>Semana \u201cpesada\u201d nos mercados, pela profus\u00e3o de indicadores, no Brasil, nos EUA, no mundo. Tamb\u00e9m pelo desenrolar da <strong>CPI da Covid<\/strong>, depois do depoimento dos irm\u00e3os Miranda, com o deputado \u201cdeixando no ar\u201d que o <strong>presidente Bolsonaro prevaricou<\/strong>, pois sabia dos esquemas do deputado Ricardo Barros na compra superfaturada da <strong>Covaxin<\/strong>, vacina indiana, e nada fez.<\/p>\n\t<p>\n\t\t<a href=\"https:\/\/lp.suno.com.br\/planilha-controle-gastos\/\" target=\"_blank\" data-element=\"shortcode-suno-banner\" title=\"Banner SUNO, clique e saiba mais\">\n\t\t\t<picture>\n\t\t\t\t<source media=\"(max-width: 500px)\" srcset=\"https:\/\/files.sunoresearch.com.br\/n\/uploads\/2023\/03\/400x300-Planilha-controle-de-gastos.png\">\n\t\t\t\t<img class=\"newsContent__article__imgCapa newsContent__article__imgCapa--banner\"\n\t\t\t\t\tsrc=\"https:\/\/files.sunoresearch.com.br\/n\/uploads\/2023\/03\/1420x240-Planilha-controle-de-gastos.png\"\n\t\t\t\t\tdata-promo-id=\"101751\"\t\t\t\t\t\t\t\t\t\twidth='1420' height='240'\t\t\t\t\talt=\"https:\/\/files.sunoresearch.com.br\/n\/uploads\/2023\/03\/1420x240-Planilha-controle-de-gastos.png\"\n\t\t\t\t>\n\t\t\t<\/picture>\n\t\t<\/a>\n\t<\/p>\n\n\n<p>Por aqui, saem os dados fiscais de maio, a <a class=\"suno-keyword\" href=\"https:\/\/www.suno.com.br\/artigos\/divida-publica\/\" target=\"_blank\" rel=\"noopener noreferrer\" data-force=\"no\" data-priority=\"1\">d\u00edvida p\u00fablica<\/a> federal, a <strong>taxa de desemprego da PNAD Cont\u00ednua<\/strong> e a gera\u00e7\u00e3o de empregos formais pelo <strong>Caged<\/strong>, todos de maio, a <strong>produ\u00e7\u00e3o industrial<\/strong>, pelo IBGE, assim como o <strong>IGP-M<\/strong>. Nos EUA, pontificam os dados de mercado de trabalho de maio, na gera\u00e7\u00e3o de empregos no setor privado, <em><strong>Payroll <\/strong><\/em>e taxa de desemprego. Temos na Europa o CPI e o PPI de junho e na China, diversos <a class=\"suno-keyword\" href=\"https:\/\/www.suno.com.br\/artigos\/indicadores-de-atividade\/\" target=\"_blank\" rel=\"noopener noreferrer\" data-force=\"no\" data-priority=\"1\">indicadores de atividade<\/a>, tamb\u00e9m no Jap\u00e3o.<\/p>\n<p>Enfim, uma agenda semanal cheia, tornando poss\u00edvel uma leitura sobre como vem sendo o processo de \u201cdesconfinamento\u201d pelo mundo, ainda mais com esta nova cepa do v\u00edrus, a Delta, a amea\u00e7ar a todos. H\u00e1 muitos pa\u00edses em <strong>lockdowns parcial<\/strong>, enquanto o \u201cciclo de imuniza\u00e7\u00e3o\u201d das vacinas n\u00e3o se completa.<\/p>\n<p>Nos EUA, v\u00e1rios diretores do Fed devem continuar nos seus \u201cpitacos\u201d di\u00e1rios, o que n\u00e3o achamos um movimento muito correto. Creio que geram mais d\u00favidas e incertezas do que direcionamentos.<\/p>\n<p>Aqui no Brasil, isso pouco acontece. N\u00e3o faz muito sentido os diretores do Copom viverem a \u201cexternar\u201d o que se discute nas reuni\u00f5es comit\u00ea. \u00c9 um \u201cru\u00eddo\u201d, ao nosso ver, desnecess\u00e1rio. S\u00f3 serve para confundir ou enfraquecer o presidente do Banco Central envolvido. Apenas ele deve se pronunciar. No nosso caso, tem sido isso. Apenas <a class=\"suno-keyword\" href=\"https:\/\/www.suno.com.br\/tudo-sobre\/roberto-campos-neto\/\" target=\"_blank\" rel=\"noopener noreferrer\" data-force=\"no\" data-priority=\"2\">Roberto Campos Neto<\/a> se pronuncia. Sobre os oito diretores que participam, pouco se sabe. Isso evita esta verdadeira usina de fofocas e boatos que se transformou a <a class=\"suno-keyword\" href=\"https:\/\/www.suno.com.br\/artigos\/politica-monetaria\/\" target=\"_blank\" rel=\"noopener noreferrer\" data-force=\"no\" data-priority=\"1\">pol\u00edtica monet\u00e1ria<\/a> norte-americana.<\/p>\n<p>Viveremos tamb\u00e9m a repercutir a dita <strong>reforma tribut\u00e1ria<\/strong>, anunciada na semana passada, ao nosso ver, muito mais um esfor\u00e7o de se buscar recursos para o governo Bolsonaro \u201ctocar\u201d os seus projetos pol\u00edtico eleitorais at\u00e9 2022. Isso porque o Brasil precisar\u00e1 inaugurar muitas obras, al\u00e9m de colocar a economia brasileira no eixo da retomada, ao nosso ver, algo prejudicado pela \u201cterceira onda\u201d da nova cepa, a <strong>variante Delta<\/strong> da \u00cdndia. Neste domingo, dia 27, chegamos a 513 mil mortes no acumulado, mesmo que recuando no di\u00e1rio, 739, mas com 33.709 mil novos casos, algo muito elevado.<\/p>\n<p>Ainda sobre a \u201creforma tribut\u00e1ria\u201d do ministro <a class=\"suno-keyword\" href=\"https:\/\/www.suno.com.br\/tudo-sobre\/paulo-guedes\/\" target=\"_blank\" rel=\"noopener noreferrer\" data-force=\"no\" data-priority=\"2\">Paulo Guedes<\/a>, dentre as medidas, um olhar mais atento sobre os produtos do mercado financeiro, como uma nova taxa\u00e7\u00e3o sobre fundos variados.<\/p>\n<p>Um deles ser\u00e1 a <strong>taxa\u00e7\u00e3o sobre ganhos com Lucros e Dividendos<\/strong>, apenas para quem recolhe mais de R$ 20 mil ao m\u00eas, ou R$ 240 mil ao ano. Ou seja, o objetivo aqui \u00e9 pegar os grandes patrim\u00f4nios do Pa\u00eds. Ao pequeno investidor, me parece muito dif\u00edcil viver dos ganhos com distribui\u00e7\u00e3o de \u201cLucros e Dividendos\u201d. H\u00e1 tamb\u00e9m uma unifica\u00e7\u00e3o na taxa\u00e7\u00e3o sobre fundos variados, agora em 15% de IR e n\u00e3o mais regressiva com o tempo. Esta mesma taxa\u00e7\u00e3o deve recair sobre os <strong><a class=\"suno-keyword\" href=\"https:\/\/www.suno.com.br\/artigos\/fundos-imobiliarios\/\" target=\"_blank\" rel=\"noopener noreferrer\" data-force=\"no\" data-priority=\"2\">Fundos Imobili\u00e1rios<\/a><\/strong>, o que n\u00e3o acontecia antes.<\/p>\n<p>Uma medida a beneficiar \u00e9 a eleva\u00e7\u00e3o da isen\u00e7\u00e3o para <strong>Imposto de Renda de Pessoa F\u00edsica<\/strong>, de R$ 1,9 mil para R$ 2,5 mil, o que deve beneficiar mais de 18 milh\u00f5es de brasileiros.<\/p>\n<p>Nesta semana, na CPI da Covid, novos cap\u00edtulos s\u00e3o esperados sobre o imbr\u00f3glio dos irm\u00e3os Miranda e as encomendas da vacina Covaxin da \u00cdndia.<\/p>\n<p>Muito se comenta que o presidente Jair Bolsonaro (sem partido) j\u00e1 se encontra muito desgastado, perdendo muita tra\u00e7\u00e3o para a elei\u00e7\u00e3o de 2022. Pesquisas recentes indicam que ele n\u00e3o consegue emplacar nem o segundo turno. Para os esquerdistas do lulo-petismo, e seus sat\u00e9lites, por exemplo, n\u00e3o \u00e9 interessante o <em>impeachment<\/em> j\u00e1. \u00c9 mais interessante v\u00ea-lo &#8220;sangrar&#8221; at\u00e9 o final do mandato.<\/p>\n<p>Consideram que se assumir o vice-presidente Hamilton Mour\u00e3o, n\u00e3o ser\u00e1 dif\u00edcil um governo mais cordato, de uni\u00e3o nacional, o que poderia lan\u00e7\u00e1-lo como op\u00e7\u00e3o para 2022. Seria uma segunda chance para o eleitorado mais conservador emplacar um bom candidato, muito melhor do que o capit\u00e3o.<\/p>\n<p>Isso, ali\u00e1s, nos parece fato. Mour\u00e3o possui muito mais envergadura, para tocar a agenda de reformas mais liberal do ministro <strong>Paulo Guedes<\/strong>, do que o presidente atual.<\/p>\n<p>Um dos principais, se n\u00e3o o principal problema, \u00e9 a p\u00e9ssima comunica\u00e7\u00e3o do atual presidente com a sociedade. N\u00e3o sabe dialogar com a \u201cprensa\u201d, \u00e9 sempre muito raivoso ou mercurial nas suas interven\u00e7\u00f5es e isso acaba &#8220;pesando contra&#8221;.<\/p>\n<p>Vamos conversando.<\/p>\n<p>Boa semana a todos!<\/p>\n\t<p>\n\t\t<a href=\"https:\/\/lp.suno.com.br\/planilha-da-vida-financeira\/\" target=\"_blank\" data-element=\"shortcode-suno-banner\" title=\"Banner SUNO, clique e saiba mais\">\n\t\t\t<picture>\n\t\t\t\t<source media=\"(max-width: 500px)\" srcset=\"https:\/\/files.sunoresearch.com.br\/n\/uploads\/2023\/04\/400x300-Planilha-vida-financeira-true.png\">\n\t\t\t\t<img class=\"newsContent__article__imgCapa newsContent__article__imgCapa--banner\"\n\t\t\t\t\tsrc=\"https:\/\/files.sunoresearch.com.br\/n\/uploads\/2023\/04\/1420x240-Planilha-vida-financeira-true.png\"\n\t\t\t\t\tdata-promo-id=\"106682\"\t\t\t\t\t\t\t\t\t\twidth='1420' height='240'\t\t\t\t\talt=\"https:\/\/files.sunoresearch.com.br\/n\/uploads\/2023\/04\/1420x240-Planilha-vida-financeira-true.png\"\n\t\t\t\t>\n\t\t\t<\/picture>\n\t\t<\/a>\n\t<\/p>\n\n\n<table>\n<tbody>\n<tr>\n<td colspan=\"2\"><strong>Agenda Semanal<\/strong><\/td>\n<\/tr>\n<tr>\n<td><strong>2\u00aa feira (28)<\/strong><\/td>\n<td>Pesquisa Focus; Evolu\u00e7\u00e3o de Emprego do CAGED (Brasil)<\/td>\n<\/tr>\n<tr>\n<td><strong>3\u00aa feira (29)<\/strong><\/td>\n<td>IGP-M (Jun) (Brasil); IPP (Mai) (Brasil); \u00cdndice de Pre\u00e7os de Im\u00f3veis (Abr) (EUA) Confian\u00e7a do Consumidor CB (Jun) (EUA); leil\u00e3o Tesouro Nacional LFT, NTN-F, LTN (Brasil); Produ\u00e7\u00e3o Industrial (Mai) (Jap\u00e3o); PMI Composto (Jun) (China); PMI Industrial (Jun) (China); PMI n\u00e3o-manufatura (Jun) (China).<\/td>\n<\/tr>\n<tr>\n<td><strong>4\u00aa feira (30)<\/strong><\/td>\n<td>Taxa de Desemprego (Jun) (Brasil); CPI (Mai) (Euro); Rolagem do D\u00f3lar &#8211; N21 para Q21(Brasil); Vencimento D\u00f3lar PTAX de Junho (Brasil); Varia\u00e7\u00e3o de Empregos Privados ADP (Jun) (EUA); D\u00edvida L\u00edquida\/PIB (Mai) (Brasil); Balan\u00e7o Or\u00e7ament\u00e1rio (Mai) (Brasil); Super\u00e1vit Or\u00e7ament\u00e1rio (Mai) (Brasil); PMI de Chicago (Jun) (EUA);<\/p>\n<p>Vendas Pendentes de Moradias (Mai) (EUA); Estoques de Petr\u00f3leo em Cushing<\/p>\n<p>Fluxo Cambial Estrangeiro (EUA); PMI Industrial (Jun) (Jap\u00e3o); PMI Industrial Caixin (Jun) (China)<\/td>\n<\/tr>\n<tr>\n<td><strong>5\u00aa feira (01\/07)<\/strong><\/td>\n<td>PMI Industrial (Jun) (Euro); Taxa de Desemprego (Mai) (Euro); Pedidos Iniciais por Seguro-Desemprego (EUA); PMI Industrial Markit (Jun) (EUA); Leil\u00e3o Tesouro Nacional LFT, NTN-F, LTN (Brasil); PMI Industrial (Jun) (EUA); Gastos de Constru\u00e7\u00e3o (Mai) (EUA); PMI Industrial ISM (Jun) (EUA); Balan\u00e7a Comercial (Jun) (Brasil)<\/td>\n<\/tr>\n<tr>\n<td><strong>6\u00aa feira (02)<\/strong><\/td>\n<td>IPP (Mai) (Euro); Produ\u00e7\u00e3o Industrial (Mai) (Brasil); Relat\u00f3rio de Emprego (Payroll) n\u00e3o-agr\u00edcola (Jun) (EUA); Balan\u00e7a Comercial (Mai) (EUA); Taxa de Desemprego (Jun) (EUA); Encomendas \u00e0 Ind\u00fastria (Mai) (EUA); Contagem de Sondas Baker Hughes<\/td>\n<\/tr>\n<\/tbody>\n<\/table>\n\t<p>\n\t\t<a href=\"https:\/\/lp.suno.com.br\/planilha-de-controle-de-investimentos\/\" target=\"_blank\" data-element=\"shortcode-suno-banner\" title=\"Banner SUNO, clique e saiba mais\">\n\t\t\t<picture>\n\t\t\t\t<source media=\"(max-width: 500px)\" srcset=\"https:\/\/files.sunoresearch.com.br\/n\/uploads\/2023\/03\/400x300-Controle-de-Investimentos.png\">\n\t\t\t\t<img class=\"newsContent__article__imgCapa newsContent__article__imgCapa--banner\"\n\t\t\t\t\tsrc=\"https:\/\/files.sunoresearch.com.br\/n\/uploads\/2023\/03\/1420x240-Controle-de-Investimentos.png\"\n\t\t\t\t\tdata-promo-id=\"75934\"\t\t\t\t\t\t\t\t\t\twidth='1420' height='240'\t\t\t\t\talt=\"https:\/\/files.sunoresearch.com.br\/n\/uploads\/2023\/03\/1420x240-Controle-de-Investimentos.png\"\n\t\t\t\t>\n\t\t\t<\/picture>\n\t\t<\/a>\n\t<\/p>\n\n\n","protected":false},"excerpt":{"rendered":"<p>Semana \u201cpesada\u201d nos mercados, pela profus\u00e3o de indicadores, no Brasil, nos EUA, no mundo. Tamb\u00e9m pelo desenrolar da CPI da Covid, depois do depoimento dos irm\u00e3os Miran&#8230;<\/p>\n","protected":false},"author":82,"featured_media":0,"template":"","tags":[1261,5255,1265,1045,15483,820],"class_list":["post-161722","suno_column","type-suno_column","status-publish","hentry","tag-caged","tag-covid-19","tag-divida-publica-federal","tag-igp-m","tag-payroll","tag-producao-industrial"],"yoast_head":"<!-- This site is optimized with the Yoast SEO plugin v24.4 - https:\/\/yoast.com\/wordpress\/plugins\/seo\/ -->\n<title>Semana cheia no Brasil e foco na CPI da Covid - Coluna de Julio Hegedus Netto<\/title>\n<meta name=\"description\" content=\"Confira a coluna de Julio Hegedus Netto sobre dados de d\u00edvida p\u00fablica, desemprego, produ\u00e7\u00e3o industrial e IGP-M, al\u00e9m do Payroll nos EUA\" \/>\n<meta name=\"robots\" content=\"index, follow, max-snippet:-1, max-image-preview:large, max-video-preview:-1\" \/>\n<link rel=\"canonical\" href=\"https:\/\/www.suno.com.br\/noticias\/colunas\/julio-hegedus-netto\/semana-igpm-emprego-cpi-covid\/\" \/>\n<meta property=\"og:locale\" content=\"pt_BR\" \/>\n<meta property=\"og:type\" content=\"article\" \/>\n<meta property=\"og:title\" content=\"Semana cheia no Brasil e foco na CPI da Covid - Coluna de Julio Hegedus Netto\" \/>\n<meta property=\"og:description\" content=\"Confira a coluna de Julio Hegedus Netto sobre dados de d\u00edvida p\u00fablica, desemprego, produ\u00e7\u00e3o industrial e IGP-M, al\u00e9m do Payroll nos EUA\" \/>\n<meta property=\"og:url\" content=\"https:\/\/www.suno.com.br\/noticias\/colunas\/julio-hegedus-netto\/semana-igpm-emprego-cpi-covid\/\" \/>\n<meta property=\"og:site_name\" content=\"Suno Not\u00edcias\" \/>\n<meta property=\"article:publisher\" content=\"https:\/\/facebook.com\/sunoresearch\" \/>\n<meta property=\"og:image\" content=\"https:\/\/files.sunoresearch.com.br\/n\/uploads\/2022\/06\/Modelo2.jpg\" \/>\n\t<meta property=\"og:image:width\" content=\"1200\" \/>\n\t<meta property=\"og:image:height\" content=\"627\" \/>\n\t<meta property=\"og:image:type\" content=\"image\/jpeg\" \/>\n<meta name=\"twitter:card\" content=\"summary_large_image\" \/>\n<meta name=\"twitter:site\" content=\"@sunoresearch\" \/>\n<meta name=\"twitter:label1\" content=\"Est. tempo de leitura\" \/>\n\t<meta name=\"twitter:data1\" content=\"5 minutos\" \/>\n<script type=\"application\/ld+json\" class=\"yoast-schema-graph\">{\"@context\":\"https:\/\/schema.org\",\"@graph\":[{\"@type\":\"Article\",\"@id\":\"https:\/\/www.suno.com.br\/noticias\/colunas\/julio-hegedus-netto\/semana-igpm-emprego-cpi-covid\/#article\",\"isPartOf\":{\"@id\":\"https:\/\/www.suno.com.br\/noticias\/colunas\/julio-hegedus-netto\/semana-igpm-emprego-cpi-covid\/\"},\"author\":{\"name\":\"Julio Hegedus Netto\",\"@id\":\"https:\/\/www.suno.com.br\/noticias\/#\/schema\/person\/c5d31719f2f2f38c8d575fc08e55df1a\"},\"headline\":\"Semana cheia no Brasil e foco na CPI da Covid\",\"datePublished\":\"2021-06-28T13:00:32+00:00\",\"dateModified\":\"2021-06-28T19:36:06+00:00\",\"mainEntityOfPage\":{\"@id\":\"https:\/\/www.suno.com.br\/noticias\/colunas\/julio-hegedus-netto\/semana-igpm-emprego-cpi-covid\/\"},\"wordCount\":1061,\"publisher\":{\"@id\":\"https:\/\/www.suno.com.br\/noticias\/#organization\"},\"keywords\":[\"Caged\",\"covid-19\",\"D\u00edvida P\u00fablica Federal\",\"IGP-M\",\"Payroll\",\"produ\u00e7\u00e3o industrial\"],\"inLanguage\":\"pt-BR\"},{\"@type\":\"WebPage\",\"@id\":\"https:\/\/www.suno.com.br\/noticias\/colunas\/julio-hegedus-netto\/semana-igpm-emprego-cpi-covid\/\",\"url\":\"https:\/\/www.suno.com.br\/noticias\/colunas\/julio-hegedus-netto\/semana-igpm-emprego-cpi-covid\/\",\"name\":\"Semana cheia no Brasil e foco na CPI da Covid - Coluna de Julio Hegedus Netto\",\"isPartOf\":{\"@id\":\"https:\/\/www.suno.com.br\/noticias\/#website\"},\"datePublished\":\"2021-06-28T13:00:32+00:00\",\"dateModified\":\"2021-06-28T19:36:06+00:00\",\"description\":\"Confira a coluna de Julio Hegedus Netto sobre dados de d\u00edvida p\u00fablica, desemprego, produ\u00e7\u00e3o industrial e IGP-M, al\u00e9m do Payroll nos EUA\",\"breadcrumb\":{\"@id\":\"https:\/\/www.suno.com.br\/noticias\/colunas\/julio-hegedus-netto\/semana-igpm-emprego-cpi-covid\/#breadcrumb\"},\"inLanguage\":\"pt-BR\",\"potentialAction\":[{\"@type\":\"ReadAction\",\"target\":[\"https:\/\/www.suno.com.br\/noticias\/colunas\/julio-hegedus-netto\/semana-igpm-emprego-cpi-covid\/\"]}]},{\"@type\":\"BreadcrumbList\",\"@id\":\"https:\/\/www.suno.com.br\/noticias\/colunas\/julio-hegedus-netto\/semana-igpm-emprego-cpi-covid\/#breadcrumb\",\"itemListElement\":[{\"@type\":\"ListItem\",\"position\":1,\"name\":\"Not\u00edcias\",\"item\":\"https:\/\/www.suno.com.br\/noticias\/\"},{\"@type\":\"ListItem\",\"position\":2,\"name\":\"Colunas\",\"item\":\"https:\/\/www.suno.com.br\/noticias\/colunas\/\"},{\"@type\":\"ListItem\",\"position\":3,\"name\":\"Semana cheia no Brasil e foco na CPI da Covid\"}]},{\"@type\":\"WebSite\",\"@id\":\"https:\/\/www.suno.com.br\/noticias\/#website\",\"url\":\"https:\/\/www.suno.com.br\/noticias\/\",\"name\":\"Suno Not\u00edcias\",\"description\":\"Seu portal de informa\u00e7\u00e3o sobre o mundo dos investimentos\",\"publisher\":{\"@id\":\"https:\/\/www.suno.com.br\/noticias\/#organization\"},\"potentialAction\":[{\"@type\":\"SearchAction\",\"target\":{\"@type\":\"EntryPoint\",\"urlTemplate\":\"https:\/\/www.suno.com.br\/noticias\/?s={search_term_string}\"},\"query-input\":{\"@type\":\"PropertyValueSpecification\",\"valueRequired\":true,\"valueName\":\"search_term_string\"}}],\"inLanguage\":\"pt-BR\"},{\"@type\":\"Organization\",\"@id\":\"https:\/\/www.suno.com.br\/noticias\/#organization\",\"name\":\"Suno Not\u00edcias\",\"url\":\"https:\/\/www.suno.com.br\/noticias\/\",\"logo\":{\"@type\":\"ImageObject\",\"inLanguage\":\"pt-BR\",\"@id\":\"https:\/\/www.suno.com.br\/noticias\/#\/schema\/logo\/image\/\",\"url\":\"https:\/\/files.sunoresearch.com.br\/n\/uploads\/2021\/09\/suno-logo.png\",\"contentUrl\":\"https:\/\/files.sunoresearch.com.br\/n\/uploads\/2021\/09\/suno-logo.png\",\"width\":180,\"height\":180,\"caption\":\"Suno Not\u00edcias\"},\"image\":{\"@id\":\"https:\/\/www.suno.com.br\/noticias\/#\/schema\/logo\/image\/\"},\"sameAs\":[\"https:\/\/facebook.com\/sunoresearch\",\"https:\/\/x.com\/sunoresearch\",\"https:\/\/www.instagram.com\/suno\",\"https:\/\/www.linkedin.com\/company\/suno-research\/\",\"https:\/\/www.youtube.com\/c\/sunoresearch\"]},{\"@type\":\"Person\",\"@id\":\"https:\/\/www.suno.com.br\/noticias\/#\/schema\/person\/c5d31719f2f2f38c8d575fc08e55df1a\",\"name\":\"Julio Hegedus Netto\",\"image\":{\"@type\":\"ImageObject\",\"inLanguage\":\"pt-BR\",\"@id\":\"https:\/\/www.suno.com.br\/noticias\/#\/schema\/person\/image\/\",\"url\":\"https:\/\/secure.gravatar.com\/avatar\/870043f332ebddfffd4a9e3a5dd46c13?s=96&r=g\",\"contentUrl\":\"https:\/\/secure.gravatar.com\/avatar\/870043f332ebddfffd4a9e3a5dd46c13?s=96&r=g\",\"caption\":\"Julio Hegedus Netto\"},\"description\":\"Economista-chefe da Lopes Filho por 26 anos, com mestrado na UFF e na UCAM e doutorando em Portugal. Escrevo relat\u00f3rios para a OHM RESEARCH e disponibilizo conte\u00fados no IML, Investing.com, Linkedin e Suno Not\u00edcias.\",\"sameAs\":[\"https:\/\/jhn031299.blogspot.com\/\",\"https:\/\/www.facebook.com\/julio.hegedus.5\",\"https:\/\/www.linkedin.com\/in\/juliohegedusnetto\/\",\"https:\/\/x.com\/JuHegedus\"],\"url\":\"https:\/\/www.suno.com.br\/noticias\/author\/julio-hegedus-netto\/\"}]}<\/script>\n<!-- \/ Yoast SEO plugin. -->","yoast_head_json":{"title":"Semana cheia no Brasil e foco na CPI da Covid - Coluna de Julio Hegedus Netto","description":"Confira a coluna de Julio Hegedus Netto sobre dados de d\u00edvida p\u00fablica, desemprego, produ\u00e7\u00e3o industrial e IGP-M, al\u00e9m do Payroll nos EUA","robots":{"index":"index","follow":"follow","max-snippet":"max-snippet:-1","max-image-preview":"max-image-preview:large","max-video-preview":"max-video-preview:-1"},"canonical":"https:\/\/www.suno.com.br\/noticias\/colunas\/julio-hegedus-netto\/semana-igpm-emprego-cpi-covid\/","og_locale":"pt_BR","og_type":"article","og_title":"Semana cheia no Brasil e foco na CPI da Covid - Coluna de Julio Hegedus Netto","og_description":"Confira a coluna de Julio Hegedus Netto sobre dados de d\u00edvida p\u00fablica, desemprego, produ\u00e7\u00e3o industrial e IGP-M, al\u00e9m do Payroll nos EUA","og_url":"https:\/\/www.suno.com.br\/noticias\/colunas\/julio-hegedus-netto\/semana-igpm-emprego-cpi-covid\/","og_site_name":"Suno Not\u00edcias","article_publisher":"https:\/\/facebook.com\/sunoresearch","og_image":[{"width":1200,"height":627,"url":"https:\/\/files.sunoresearch.com.br\/n\/uploads\/2022\/06\/Modelo2.jpg","type":"image\/jpeg"}],"twitter_card":"summary_large_image","twitter_site":"@sunoresearch","twitter_misc":{"Est. tempo de leitura":"5 minutos"},"schema":{"@context":"https:\/\/schema.org","@graph":[{"@type":"Article","@id":"https:\/\/www.suno.com.br\/noticias\/colunas\/julio-hegedus-netto\/semana-igpm-emprego-cpi-covid\/#article","isPartOf":{"@id":"https:\/\/www.suno.com.br\/noticias\/colunas\/julio-hegedus-netto\/semana-igpm-emprego-cpi-covid\/"},"author":{"name":"Julio Hegedus Netto","@id":"https:\/\/www.suno.com.br\/noticias\/#\/schema\/person\/c5d31719f2f2f38c8d575fc08e55df1a"},"headline":"Semana cheia no Brasil e foco na CPI da Covid","datePublished":"2021-06-28T13:00:32+00:00","dateModified":"2021-06-28T19:36:06+00:00","mainEntityOfPage":{"@id":"https:\/\/www.suno.com.br\/noticias\/colunas\/julio-hegedus-netto\/semana-igpm-emprego-cpi-covid\/"},"wordCount":1061,"publisher":{"@id":"https:\/\/www.suno.com.br\/noticias\/#organization"},"keywords":["Caged","covid-19","D\u00edvida P\u00fablica Federal","IGP-M","Payroll","produ\u00e7\u00e3o industrial"],"inLanguage":"pt-BR"},{"@type":"WebPage","@id":"https:\/\/www.suno.com.br\/noticias\/colunas\/julio-hegedus-netto\/semana-igpm-emprego-cpi-covid\/","url":"https:\/\/www.suno.com.br\/noticias\/colunas\/julio-hegedus-netto\/semana-igpm-emprego-cpi-covid\/","name":"Semana cheia no Brasil e foco na CPI da Covid - Coluna de Julio Hegedus Netto","isPartOf":{"@id":"https:\/\/www.suno.com.br\/noticias\/#website"},"datePublished":"2021-06-28T13:00:32+00:00","dateModified":"2021-06-28T19:36:06+00:00","description":"Confira a coluna de Julio Hegedus Netto sobre dados de d\u00edvida p\u00fablica, desemprego, produ\u00e7\u00e3o industrial e IGP-M, al\u00e9m do Payroll nos EUA","breadcrumb":{"@id":"https:\/\/www.suno.com.br\/noticias\/colunas\/julio-hegedus-netto\/semana-igpm-emprego-cpi-covid\/#breadcrumb"},"inLanguage":"pt-BR","potentialAction":[{"@type":"ReadAction","target":["https:\/\/www.suno.com.br\/noticias\/colunas\/julio-hegedus-netto\/semana-igpm-emprego-cpi-covid\/"]}]},{"@type":"BreadcrumbList","@id":"https:\/\/www.suno.com.br\/noticias\/colunas\/julio-hegedus-netto\/semana-igpm-emprego-cpi-covid\/#breadcrumb","itemListElement":[{"@type":"ListItem","position":1,"name":"Not\u00edcias","item":"https:\/\/www.suno.com.br\/noticias\/"},{"@type":"ListItem","position":2,"name":"Colunas","item":"https:\/\/www.suno.com.br\/noticias\/colunas\/"},{"@type":"ListItem","position":3,"name":"Semana cheia no Brasil e foco na CPI da Covid"}]},{"@type":"WebSite","@id":"https:\/\/www.suno.com.br\/noticias\/#website","url":"https:\/\/www.suno.com.br\/noticias\/","name":"Suno Not\u00edcias","description":"Seu portal de informa\u00e7\u00e3o sobre o mundo dos investimentos","publisher":{"@id":"https:\/\/www.suno.com.br\/noticias\/#organization"},"potentialAction":[{"@type":"SearchAction","target":{"@type":"EntryPoint","urlTemplate":"https:\/\/www.suno.com.br\/noticias\/?s={search_term_string}"},"query-input":{"@type":"PropertyValueSpecification","valueRequired":true,"valueName":"search_term_string"}}],"inLanguage":"pt-BR"},{"@type":"Organization","@id":"https:\/\/www.suno.com.br\/noticias\/#organization","name":"Suno Not\u00edcias","url":"https:\/\/www.suno.com.br\/noticias\/","logo":{"@type":"ImageObject","inLanguage":"pt-BR","@id":"https:\/\/www.suno.com.br\/noticias\/#\/schema\/logo\/image\/","url":"https:\/\/files.sunoresearch.com.br\/n\/uploads\/2021\/09\/suno-logo.png","contentUrl":"https:\/\/files.sunoresearch.com.br\/n\/uploads\/2021\/09\/suno-logo.png","width":180,"height":180,"caption":"Suno Not\u00edcias"},"image":{"@id":"https:\/\/www.suno.com.br\/noticias\/#\/schema\/logo\/image\/"},"sameAs":["https:\/\/facebook.com\/sunoresearch","https:\/\/x.com\/sunoresearch","https:\/\/www.instagram.com\/suno","https:\/\/www.linkedin.com\/company\/suno-research\/","https:\/\/www.youtube.com\/c\/sunoresearch"]},{"@type":"Person","@id":"https:\/\/www.suno.com.br\/noticias\/#\/schema\/person\/c5d31719f2f2f38c8d575fc08e55df1a","name":"Julio Hegedus Netto","image":{"@type":"ImageObject","inLanguage":"pt-BR","@id":"https:\/\/www.suno.com.br\/noticias\/#\/schema\/person\/image\/","url":"https:\/\/secure.gravatar.com\/avatar\/870043f332ebddfffd4a9e3a5dd46c13?s=96&r=g","contentUrl":"https:\/\/secure.gravatar.com\/avatar\/870043f332ebddfffd4a9e3a5dd46c13?s=96&r=g","caption":"Julio Hegedus Netto"},"description":"Economista-chefe da Lopes Filho por 26 anos, com mestrado na UFF e na UCAM e doutorando em Portugal. Escrevo relat\u00f3rios para a OHM RESEARCH e disponibilizo conte\u00fados no IML, Investing.com, Linkedin e Suno Not\u00edcias.","sameAs":["https:\/\/jhn031299.blogspot.com\/","https:\/\/www.facebook.com\/julio.hegedus.5","https:\/\/www.linkedin.com\/in\/juliohegedusnetto\/","https:\/\/x.com\/JuHegedus"],"url":"https:\/\/www.suno.com.br\/noticias\/author\/julio-hegedus-netto\/"}]}},"amp_enabled":true,"_links":{"self":[{"href":"https:\/\/www.suno.com.br\/noticias\/wp-json\/wp\/v2\/suno_column\/161722"}],"collection":[{"href":"https:\/\/www.suno.com.br\/noticias\/wp-json\/wp\/v2\/suno_column"}],"about":[{"href":"https:\/\/www.suno.com.br\/noticias\/wp-json\/wp\/v2\/types\/suno_column"}],"author":[{"embeddable":true,"href":"https:\/\/www.suno.com.br\/noticias\/wp-json\/wp\/v2\/users\/82"}],"wp:attachment":[{"href":"https:\/\/www.suno.com.br\/noticias\/wp-json\/wp\/v2\/media?parent=161722"}],"wp:term":[{"taxonomy":"post_tag","embeddable":true,"href":"https:\/\/www.suno.com.br\/noticias\/wp-json\/wp\/v2\/tags?post=161722"}],"curies":[{"name":"wp","href":"https:\/\/api.w.org\/{rel}","templated":true}]}}