{"id":159860,"date":"2021-06-21T10:17:48","date_gmt":"2021-06-21T13:17:48","guid":{"rendered":"https:\/\/www.suno.com.br\/noticias\/colunas\/felipe-areia\/"},"modified":"2021-06-21T10:17:48","modified_gmt":"2021-06-21T13:17:48","slug":"semana-copom-fed-eletrobras-elet3-covid","status":"publish","type":"suno_column","link":"https:\/\/www.suno.com.br\/noticias\/colunas\/julio-hegedus-netto\/semana-copom-fed-eletrobras-elet3-covid\/","title":{"rendered":"Semana carregada com ata do Copom, IPCA-15, Fed, Eletrobras (ELET3) e CPI"},"content":{"rendered":"<p>Uma semana carregada com variados <a class=\"suno-keyword\" href=\"https:\/\/www.suno.com.br\/artigos\/indicadores-de-atividade\/\" target=\"_blank\" rel=\"noopener noreferrer\" data-force=\"no\" data-priority=\"1\">indicadores de atividade<\/a> no mundo, <strong>IPCA-15<\/strong> no Brasil, muitos discursos de autoridades monet\u00e1rias, atas do Copom no Brasil e de <a class=\"suno-keyword\" href=\"https:\/\/www.suno.com.br\/artigos\/politica-monetaria\/\" target=\"_blank\" rel=\"noopener noreferrer\" data-force=\"no\" data-priority=\"1\">pol\u00edtica monet\u00e1ria<\/a> no Jap\u00e3o, al\u00e9m de relat\u00f3rio do BCE e aprova\u00e7\u00e3o da MP da <strong><a href=\"http:\/\/www.suno.com.br\/acoes\/elet3\">Eletrobras (ELET3)<\/a><\/strong>, talvez nesta segunda ou, no mais tardar, na ter\u00e7a-feira, \u00faltimo dia da Medida Provis\u00f3ria. Ser\u00e1 uma semana tamb\u00e9m importante em que os pa\u00edses redefinir\u00e3o suas estrat\u00e9gias contra a pandemia, o ciclo de vacina\u00e7\u00e3o e a <strong>necessidade de manter lockdowns<\/strong> (ou n\u00e3o), dada a presen\u00e7a da variante indiana Delta.<\/p>\n\t<p>\n\t\t<a href=\"https:\/\/lp.suno.com.br\/planilha-controle-gastos\/\" target=\"_blank\" data-element=\"shortcode-suno-banner\" title=\"Banner SUNO, clique e saiba mais\">\n\t\t\t<picture>\n\t\t\t\t<source media=\"(max-width: 500px)\" srcset=\"https:\/\/files.sunoresearch.com.br\/n\/uploads\/2023\/03\/400x300-Planilha-controle-de-gastos.png\">\n\t\t\t\t<img class=\"newsContent__article__imgCapa newsContent__article__imgCapa--banner\"\n\t\t\t\t\tsrc=\"https:\/\/files.sunoresearch.com.br\/n\/uploads\/2023\/03\/1420x240-Planilha-controle-de-gastos.png\"\n\t\t\t\t\tdata-promo-id=\"101751\"\t\t\t\t\t\t\t\t\t\twidth='1420' height='240'\t\t\t\t\talt=\"https:\/\/files.sunoresearch.com.br\/n\/uploads\/2023\/03\/1420x240-Planilha-controle-de-gastos.png\"\n\t\t\t\t>\n\t\t\t<\/picture>\n\t\t<\/a>\n\t<\/p>\n\n\n<p>Em Lisboa, por exemplo, esta foi respons\u00e1vel por 60% dos contaminados nestes dias. Por isso, o \u201cfechamento\u201d nos fins de semana, com as pessoas n\u00e3o podendo entrar, nem sair da capital portuguesa. Por l\u00e1 o sinal amarelo acendeu depois das mortes aumentarem por estes dias, em sua maioria, na grande Lisboa. Importante que se diga que a cidade vinha liberando, saindo do processo de confinamento. Muito se via, inclusive, pessoas sem m\u00e1scara pelas ruas. Agora, prudencialmente, um freio de arruma\u00e7\u00e3o se fez necess\u00e1rio. Importante, ali\u00e1s, destacar o excelente trabalho das autoridades p\u00fablicas portuguesas no enfrentamento, desde o in\u00edcio, da pandemia. Pelo ineditismo da situa\u00e7\u00e3o, erros podem ter sido cometidos, mas logo corrigidos. N\u00e3o houve espa\u00e7o para brigas, ou bate-bocas de autoridades, frente ao p\u00fablico (algo t\u00e3o comum no Brasil).<\/p>\n<p>Por aqui, continuamos um pa\u00eds deflagrado, irresponsavelmente, ou criminalmente, com sinais trocados e discursos conflitantes sobre como encarar a pandemia. Quando o momento \u201cclama\u201d por unidade e coordena\u00e7\u00e3o, o que v\u00ea \u00e9 justamente o contr\u00e1rio! Negar a necessidade do <strong>uso de m\u00e1scaras<\/strong>, do <strong>isolamento social<\/strong> e da <strong>urg\u00eancia das vacinas<\/strong>, na nossa opini\u00e3o, \u00e9 crime e, em algum momento, ter\u00e1 que ser responsabilizado.<\/p>\n<p>N\u00e3o cabem aqui vers\u00f5es, opini\u00f5es, cren\u00e7as, fanatismos ou negacionismos. Devem ser adotadas estrat\u00e9gias e a\u00e7\u00f5es p\u00fablicas que o mundo consagrou e est\u00e1 dando certo (na medida do poss\u00edvel). Defender \u201cimunidade de rebanho\u201d, num quadro de 502 mil mortes, \u00e9 CRIME DE RESPONSABILIDADE. Apenas isso.<\/p>\n<p><a href=\"https:\/\/lp.suno.com.br\/suno-one\/\">Suno One: acesse gratuitamente eBooks, Minicursos, Artigos e V\u00eddeo Aulas sobre investimentos com um \u00fanico cadastro. Clique para saber mais!<\/a><\/p>\n<p>Sobre os indicadores desta semana, estejamos atentos \u00e0 <strong>ata do Copom<\/strong> na ter\u00e7a-feira, o IPCA-15 de junho e uma variada gama de eventos no Congresso.<\/p>\n<p>Falando da ata \u00e9 poss\u00edvel que tenhamos a justificativa para a necessidade da \u201cintensifica\u00e7\u00e3o\u201d no <strong>ciclo de ajustes da Selic<\/strong> nas pr\u00f3ximas reuni\u00f5es, j\u00e1 que a infla\u00e7\u00e3o se mostra resiliente e acontece uma <strong>crise h\u00eddrica<\/strong> no Pa\u00eds. Por isso, o IPCA-15 de junho vir pr\u00f3ximo de 1%, elevando em 12 meses a mais de 8%. Isso deve confirmar ao BACEN um ciclo mais intenso de ajustes da Selic por estes meses. Estejamos atentos tamb\u00e9m aos <strong>dados do Caged<\/strong> e de Confian\u00e7a na semana.<\/p>\n<p>Nos EUA, teremos mais uma <strong>revis\u00e3o do PIB<\/strong> no 1\u00ba trimestre, em torno de 4,6% pela taxa anualizada, o PCE, indicador par\u00e2metro pelo Fed para a medi\u00e7\u00e3o dos pre\u00e7os dos gastos das fam\u00edlias norte-americanas, al\u00e9m do indicador de confian\u00e7a de Michigan, PMI Industrial, <a class=\"suno-keyword\" href=\"https:\/\/www.suno.com.br\/artigos\/confianca-do-consumidor\/\" target=\"_blank\" rel=\"noopener noreferrer\" data-force=\"no\" data-priority=\"1\">Confian\u00e7a do Consumidor<\/a>, dentre outros.<\/p>\n<p>Nos discursos dos diretores e autoridades monet\u00e1rias, iniciamos nesta segunda-feira com <a href=\"https:\/\/www.suno.com.br\/tudo-sobre\/christine-lagarde\/\"><strong>Christine Lagarde<\/strong><\/a>, presidente do BCE, \u00e0 tarde Williams, diretor membro do Fomc. Na ter\u00e7a-feira, o discurso de Mary Daly e de <strong>Jerome Powell<\/strong> do Fed. Na quarta-feira, Bownman e Bostic e na quinta-feira, Williams de novo.<\/p>\n<p>Em todos esses, toda aten\u00e7\u00e3o para as sinaliza\u00e7\u00f5es do \u201cmomento ideal\u201d para a retirada dos est\u00edmulos e o in\u00edcio do <strong>ciclo de aperto monet\u00e1rio (\u201ctapering\u201d)<\/strong>. Os <a class=\"suno-keyword\" href=\"https:\/\/www.suno.com.br\/artigos\/indicadores-economicos\/\" target=\"_blank\" rel=\"noopener noreferrer\" data-force=\"no\" data-priority=\"1\">indicadores econ\u00f4micos<\/a> norte-americanos tamb\u00e9m devem ser \u201cmonitorados com lupa\u201d. Embora tenhamos a economia \u201crodando de forma desigual\u201d, ou \u201cinsuficiente\u201d, a infla\u00e7\u00e3o parece mais elevada do que o esperado, justific\u00e1vel pela \u201creabertura\u201d da economia e a \u201cassincronia dos setores e empresas\u201d em responder \u00e0 demanda. Alguns setores enfrentam a falta de insumos, como os circuitos eletr\u00f4nicos para os carros na ind\u00fastria automobil\u00edstica. Isso explica o encarecimento dos carros novos e tamb\u00e9m dos usados.<\/p>\n<p>Importante estar atento tamb\u00e9m, pois esta semana ser\u00e1 a pen\u00faltima do semestre, importante para os leil\u00f5es do tesouro norte-americano e do Tesouro e BACEN brasileiro (na ter\u00e7a e na quinta-feira). Todos est\u00e3o prevendo mudan\u00e7as fortes nos rendimentos dos <a class=\"suno-keyword\" href=\"https:\/\/www.suno.com.br\/artigos\/titulos-publicos\/\" target=\"_blank\" rel=\"noopener noreferrer\" data-force=\"no\" data-priority=\"1\">t\u00edtulos p\u00fablicos<\/a> globalmente.<\/p>\n<p>No Brasil, chama aten\u00e7\u00e3o o debate sobre a crise h\u00eddrica e as movimenta\u00e7\u00f5es de <strong>reajuste de tarifa de energia<\/strong>, j\u00e1 em \u201cbandeira vermelha fase 2\u201d, a mais extrema, devido ao uso intensivo das termel\u00e9tricas. Isso pode mudar o rumo da infla\u00e7\u00e3o neste ano, pela intensidade do choque de energia, alterando o ritmo de ajustes da Selic. Como j\u00e1 dito acima, acreditamos numa intensifica\u00e7\u00e3o dos ajustes neste ano, at\u00e9 chegar a 6,25% ou 6,5%, mas acompanhando de perto o IPCA.<\/p>\n<p>A semana deve ser importante tamb\u00e9m pela defini\u00e7\u00e3o da pol\u00edtica de extens\u00e3o do <strong>aux\u00edlio emergencial<\/strong> e no aumento do <strong>Bolsa Fam\u00edlia<\/strong>. Comenta-se que este aumento do Bolsa Fam\u00edlia deve chegar a R$ 300 e se prolongar at\u00e9 o ano que vem.<\/p>\n\t<p>\n\t\t<a href=\"https:\/\/lp.suno.com.br\/planilha-da-vida-financeira\/\" target=\"_blank\" data-element=\"shortcode-suno-banner\" title=\"Banner SUNO, clique e saiba mais\">\n\t\t\t<picture>\n\t\t\t\t<source media=\"(max-width: 500px)\" srcset=\"https:\/\/files.sunoresearch.com.br\/n\/uploads\/2023\/04\/400x300-Planilha-vida-financeira-true.png\">\n\t\t\t\t<img class=\"newsContent__article__imgCapa newsContent__article__imgCapa--banner\"\n\t\t\t\t\tsrc=\"https:\/\/files.sunoresearch.com.br\/n\/uploads\/2023\/04\/1420x240-Planilha-vida-financeira-true.png\"\n\t\t\t\t\tdata-promo-id=\"106682\"\t\t\t\t\t\t\t\t\t\twidth='1420' height='240'\t\t\t\t\talt=\"https:\/\/files.sunoresearch.com.br\/n\/uploads\/2023\/04\/1420x240-Planilha-vida-financeira-true.png\"\n\t\t\t\t>\n\t\t\t<\/picture>\n\t\t<\/a>\n\t<\/p>\n\n\n<p>Outras novidades na semana merecem registro. Vamos a elas.<\/p>\n<p><strong>MP da Eletrobras<\/strong>. Ser\u00e1 aprovada hoje, segunda-feira (dia 21) ou amanh\u00e3 (dia 22), \u00faltimo dia de prazo para que a MP tenha validade e n\u00e3o \u201ccaduque\u201d. N\u00e3o teremos altera\u00e7\u00f5es. Deve vir com as altera\u00e7\u00f5es do Senado. Sa\u00edram alguns \u201cjabutis\u201d, foram mantidos outros.<\/p>\n<p><strong>Desburocratiza\u00e7\u00e3o<\/strong> do ambiente de neg\u00f3cios (MP 1040\/21). Tem por objetivo &#8220;modernizar e desburocratizar o ambiente de neg\u00f3cios&#8221;. A proposta promove diversas mudan\u00e7as na legisla\u00e7\u00e3o para simplificar a abertura de empresas, facilitar o com\u00e9rcio exterior e ampliar as compet\u00eancias das assembleias gerais de acionistas;<\/p>\n<p><a class=\"suno-keyword\" href=\"https:\/\/www.suno.com.br\/artigos\/icms\/\" target=\"_blank\" rel=\"noopener noreferrer\" data-force=\"no\" data-priority=\"2\"><strong>Imposto sobre Circula\u00e7\u00e3o de Mercadorias e Servi\u00e7os (ICMS)<\/strong><\/a>. Discuss\u00e3o do Projeto de Lei Complementar 16\/21, que unifica em todo o Pa\u00eds as al\u00edquotas do ICMS incidentes sobre combust\u00edveis. A lista inclui gasolina, diesel, biodiesel, etanol e g\u00e1s natural e de cozinha, al\u00e9m de v\u00e1rios outros derivados de petr\u00f3leo;<\/p>\n<p><strong>Reforma Tribut\u00e1ria<\/strong>. O presidente da C\u00e2mara, Arthur Lira, afirmou que a reforma deve come\u00e7ar a \u201candar\u201d na C\u00e2mara nesta semana. A expectativa \u00e9 de que um projeto, que trata do Imposto de Renda para pessoas f\u00edsicas e jur\u00eddicas, deve ser apresentado na quarta-feira (dia 23). Esta \u00e9 uma das etapas da reforma tribut\u00e1ria, que tramitar\u00e1 em fases no Congresso.<\/p>\n<p><strong>Reforma Administrativa<\/strong>. A comiss\u00e3o especial deve ouvir o ministro da Economia, <a class=\"suno-keyword\" href=\"https:\/\/www.suno.com.br\/tudo-sobre\/paulo-guedes\/\" target=\"_blank\" rel=\"noopener noreferrer\" data-force=\"no\" data-priority=\"2\">Paulo Guedes<\/a>, na semana. Neste caso, repercute os boatos de que o presidente mandou que esta reforma ficasse de lado neste ano, pela proximidade das elei\u00e7\u00f5es de 2022.<\/p>\n<p><strong>CPI da Covid<\/strong>. Nesta semana, a CPI ouvir\u00e1 na ter\u00e7a-feira (22) o deputado federal Osmar Terra (MDB\/RS); na quarta-feira (23), o m\u00e9dico Francisco Emerson Maximiano; na quinta-feira (24), o assessor especial da Presid\u00eancia da Rep\u00fablica, Filipe Martins; e na sexta-feira (25), o epidemiologista e ex-reitor da UFPEL, Pedro Hallal, e a m\u00e9dica e ex-diretora-executiva da organiza\u00e7\u00e3o Anistia Internacional, Jurema Werneck.<\/p>\n<p>Nos mercados globais, nesta segunda-feira, os asi\u00e1ticos operaram em forte queda, refletindo temores sobre as mudan\u00e7as no transcurso da pol\u00edtica monet\u00e1ria do Fed. Nos futuros norte-americanos, a bolsa <a class=\"suno-keyword\" href=\"https:\/\/www.suno.com.br\/artigos\/sp-500\/\" target=\"_blank\" rel=\"noopener noreferrer\" data-force=\"no\" data-priority=\"3\">S&amp;P 500<\/a> avan\u00e7ava 0,2% e Dow Jones e Nasdaq recuavam 0,2%. Nos mercados de commodities, o <a class=\"suno-keyword\" href=\"https:\/\/www.suno.com.br\/artigos\/wti\/\" target=\"_blank\" rel=\"noopener noreferrer\" data-force=\"no\" data-priority=\"1\">Petr\u00f3leo WTI<\/a> avan\u00e7ava 0,3% e o Brent\u00a0 +0,4%. Nos metais, a prata avan\u00e7ava 0,1%, o ouro 0,8% e o min\u00e9rio de ferro recuava 4,0%.<\/p>\n<p>Boa semana e bons neg\u00f3cios!<\/p>\n<table>\n<tbody>\n<tr>\n<td colspan=\"2\"><strong>Agenda Semanal<\/strong><\/td>\n<\/tr>\n<tr>\n<td>2\u00aa feira (21)<\/td>\n<td>Pesquisa Focus (Brasil)<\/td>\n<\/tr>\n<tr>\n<td>3\u00aa feira (22)<\/td>\n<td>Ata do Copom (Brasil); Leil\u00e3o Tesouro Nacional NTN-B (Brasil); Vendas de Casas Usadas (Mai) (EUA); Confian\u00e7a do Consumidor (Jun) (EUA); Leil\u00e3o Americano Note a 2 anos (EUA); Atas da Reuni\u00e3o de Pol\u00edtica Monet\u00e1ria (JAP\u00c3O); PMI Industrial e Servi\u00e7os (Jap\u00e3o);<\/td>\n<\/tr>\n<tr>\n<td>4\u00aa feira (23)<\/td>\n<td>PMI Industrial, Composto Markit e Servi\u00e7os (Euro); PMI Industrial, Composto Markit e Servi\u00e7os (EUA); Vendas de Casas Novas (Mai) (EUA); Estoques de Petr\u00f3leo em Cushing; Leil\u00e3o Americano Note a 2 e 5 anos (EUA); Fluxo Cambial Estrangeiro (Brasil);<\/p>\n<p>Receita Tribut\u00e1ria Federal (Brasil);<\/td>\n<\/tr>\n<tr>\n<td>5\u00aa feira (24)<\/td>\n<td>Relat\u00f3rio Mensal do BCE (Euro); Confian\u00e7a do Consumidor FGV (Jun) (Brasil); N\u00facleo de Pedidos de Bens Dur\u00e1veis (Mai) (EUA); Pedidos de Bens Durav\u00e9is (Mai) (EUA); PIB (Trimestral) (Q1) (EUA); N\u00facleo de Encomendas de Bens de Capital (EUA); Balan\u00e7a Comercial (Mai) (EUA); Pedidos Iniciais por Seguro-Desemprego (EUA); Evolu\u00e7\u00e3o de Emprego do CAGED (Brasil); Leil\u00e3o Tesouro Nacional LFT, NTN-F, LTN (Brasil); Leil\u00e3o Americano Note a 7 anos (EUA); Resultados do Teste de Stress Banc\u00e1rio do Fed (EUA).<\/td>\n<\/tr>\n<tr>\n<td>6\u00aa feira (25)<\/td>\n<td>IPCA-15 (Brasil); N\u00facleo do \u00cdndice de Pre\u00e7os PCE (EUA); \u00cdndice de Pre\u00e7os PCE (Mai) (EUA); Confian\u00e7a do Consumidor Michigan (EUA); e Contagem de Sondas Baker Hughes.<\/td>\n<\/tr>\n<\/tbody>\n<\/table>\n\t<p>\n\t\t<a href=\"https:\/\/lp.suno.com.br\/planilha-de-controle-de-investimentos\/\" target=\"_blank\" data-element=\"shortcode-suno-banner\" title=\"Banner SUNO, clique e saiba mais\">\n\t\t\t<picture>\n\t\t\t\t<source media=\"(max-width: 500px)\" srcset=\"https:\/\/files.sunoresearch.com.br\/n\/uploads\/2023\/03\/400x300-Controle-de-Investimentos.png\">\n\t\t\t\t<img class=\"newsContent__article__imgCapa newsContent__article__imgCapa--banner\"\n\t\t\t\t\tsrc=\"https:\/\/files.sunoresearch.com.br\/n\/uploads\/2023\/03\/1420x240-Controle-de-Investimentos.png\"\n\t\t\t\t\tdata-promo-id=\"75934\"\t\t\t\t\t\t\t\t\t\twidth='1420' height='240'\t\t\t\t\talt=\"https:\/\/files.sunoresearch.com.br\/n\/uploads\/2023\/03\/1420x240-Controle-de-Investimentos.png\"\n\t\t\t\t>\n\t\t\t<\/picture>\n\t\t<\/a>\n\t<\/p>\n\n\n","protected":false},"excerpt":{"rendered":"<p>Uma semana carregada com variados indicadores de atividade no mundo, IPCA-15 no Brasil, muitos discursos de autoridades monet\u00e1rias, atas do Copom no Brasil e de pol\u00edti&#8230;<\/p>\n","protected":false},"author":82,"featured_media":0,"template":"","tags":[455,850],"class_list":["post-159860","suno_column","type-suno_column","status-publish","hentry","tag-eletrobras-elet3-elet5-elet6","tag-inflacao"],"yoast_head":"<!-- This site is optimized with the Yoast SEO plugin v24.4 - https:\/\/yoast.com\/wordpress\/plugins\/seo\/ -->\n<title>Semana carregada com ata do Copom, IPCA-15, Fed, Eletrobras (ELET3) e CPI - Julio Hegedus Neto<\/title>\n<meta name=\"description\" content=\"Leia a coluna de Julio Hegedus Neto sobre os principais temas pol\u00edticos e econ\u00f4micos, que dever\u00e3o atrair a aten\u00e7\u00e3o de investidores na semana\" \/>\n<meta name=\"robots\" content=\"index, follow, max-snippet:-1, max-image-preview:large, max-video-preview:-1\" \/>\n<link rel=\"canonical\" href=\"https:\/\/www.suno.com.br\/noticias\/colunas\/julio-hegedus-netto\/semana-copom-fed-eletrobras-elet3-covid\/\" \/>\n<meta property=\"og:locale\" content=\"pt_BR\" \/>\n<meta property=\"og:type\" content=\"article\" \/>\n<meta property=\"og:title\" content=\"Semana carregada com ata do Copom, IPCA-15, Fed, Eletrobras (ELET3) e CPI - Julio Hegedus Neto\" \/>\n<meta property=\"og:description\" content=\"Leia a coluna de Julio Hegedus Neto sobre os principais temas pol\u00edticos e econ\u00f4micos, que dever\u00e3o atrair a aten\u00e7\u00e3o de investidores na semana\" \/>\n<meta property=\"og:url\" content=\"https:\/\/www.suno.com.br\/noticias\/colunas\/julio-hegedus-netto\/semana-copom-fed-eletrobras-elet3-covid\/\" \/>\n<meta property=\"og:site_name\" content=\"Suno Not\u00edcias\" \/>\n<meta property=\"article:publisher\" content=\"https:\/\/facebook.com\/sunoresearch\" \/>\n<meta property=\"og:image\" content=\"https:\/\/files.sunoresearch.com.br\/n\/uploads\/2022\/06\/Modelo2.jpg\" \/>\n\t<meta property=\"og:image:width\" content=\"1200\" \/>\n\t<meta property=\"og:image:height\" content=\"627\" \/>\n\t<meta property=\"og:image:type\" content=\"image\/jpeg\" \/>\n<meta name=\"twitter:card\" content=\"summary_large_image\" \/>\n<meta name=\"twitter:site\" content=\"@sunoresearch\" \/>\n<meta name=\"twitter:label1\" content=\"Est. tempo de leitura\" \/>\n\t<meta name=\"twitter:data1\" content=\"8 minutos\" \/>\n<script type=\"application\/ld+json\" class=\"yoast-schema-graph\">{\"@context\":\"https:\/\/schema.org\",\"@graph\":[{\"@type\":\"Article\",\"@id\":\"https:\/\/www.suno.com.br\/noticias\/colunas\/julio-hegedus-netto\/semana-copom-fed-eletrobras-elet3-covid\/#article\",\"isPartOf\":{\"@id\":\"https:\/\/www.suno.com.br\/noticias\/colunas\/julio-hegedus-netto\/semana-copom-fed-eletrobras-elet3-covid\/\"},\"author\":{\"name\":\"Julio Hegedus Netto\",\"@id\":\"https:\/\/www.suno.com.br\/noticias\/#\/schema\/person\/c5d31719f2f2f38c8d575fc08e55df1a\"},\"headline\":\"Semana carregada com ata do Copom, IPCA-15, Fed, Eletrobras (ELET3) e CPI\",\"datePublished\":\"2021-06-21T13:17:48+00:00\",\"mainEntityOfPage\":{\"@id\":\"https:\/\/www.suno.com.br\/noticias\/colunas\/julio-hegedus-netto\/semana-copom-fed-eletrobras-elet3-covid\/\"},\"wordCount\":1529,\"publisher\":{\"@id\":\"https:\/\/www.suno.com.br\/noticias\/#organization\"},\"keywords\":[\"Eletrobras (ELET3\/ELET5\/ELET6)\",\"infla\u00e7\u00e3o\"],\"inLanguage\":\"pt-BR\"},{\"@type\":\"WebPage\",\"@id\":\"https:\/\/www.suno.com.br\/noticias\/colunas\/julio-hegedus-netto\/semana-copom-fed-eletrobras-elet3-covid\/\",\"url\":\"https:\/\/www.suno.com.br\/noticias\/colunas\/julio-hegedus-netto\/semana-copom-fed-eletrobras-elet3-covid\/\",\"name\":\"Semana carregada com ata do Copom, IPCA-15, Fed, Eletrobras (ELET3) e CPI - Julio Hegedus Neto\",\"isPartOf\":{\"@id\":\"https:\/\/www.suno.com.br\/noticias\/#website\"},\"datePublished\":\"2021-06-21T13:17:48+00:00\",\"description\":\"Leia a coluna de Julio Hegedus Neto sobre os principais temas pol\u00edticos e econ\u00f4micos, que dever\u00e3o atrair a aten\u00e7\u00e3o de investidores na semana\",\"breadcrumb\":{\"@id\":\"https:\/\/www.suno.com.br\/noticias\/colunas\/julio-hegedus-netto\/semana-copom-fed-eletrobras-elet3-covid\/#breadcrumb\"},\"inLanguage\":\"pt-BR\",\"potentialAction\":[{\"@type\":\"ReadAction\",\"target\":[\"https:\/\/www.suno.com.br\/noticias\/colunas\/julio-hegedus-netto\/semana-copom-fed-eletrobras-elet3-covid\/\"]}]},{\"@type\":\"BreadcrumbList\",\"@id\":\"https:\/\/www.suno.com.br\/noticias\/colunas\/julio-hegedus-netto\/semana-copom-fed-eletrobras-elet3-covid\/#breadcrumb\",\"itemListElement\":[{\"@type\":\"ListItem\",\"position\":1,\"name\":\"Not\u00edcias\",\"item\":\"https:\/\/www.suno.com.br\/noticias\/\"},{\"@type\":\"ListItem\",\"position\":2,\"name\":\"Colunas\",\"item\":\"https:\/\/www.suno.com.br\/noticias\/colunas\/\"},{\"@type\":\"ListItem\",\"position\":3,\"name\":\"Semana carregada com ata do Copom, IPCA-15, Fed, Eletrobras (ELET3) e CPI\"}]},{\"@type\":\"WebSite\",\"@id\":\"https:\/\/www.suno.com.br\/noticias\/#website\",\"url\":\"https:\/\/www.suno.com.br\/noticias\/\",\"name\":\"Suno Not\u00edcias\",\"description\":\"Seu portal de informa\u00e7\u00e3o sobre o mundo dos investimentos\",\"publisher\":{\"@id\":\"https:\/\/www.suno.com.br\/noticias\/#organization\"},\"potentialAction\":[{\"@type\":\"SearchAction\",\"target\":{\"@type\":\"EntryPoint\",\"urlTemplate\":\"https:\/\/www.suno.com.br\/noticias\/?s={search_term_string}\"},\"query-input\":{\"@type\":\"PropertyValueSpecification\",\"valueRequired\":true,\"valueName\":\"search_term_string\"}}],\"inLanguage\":\"pt-BR\"},{\"@type\":\"Organization\",\"@id\":\"https:\/\/www.suno.com.br\/noticias\/#organization\",\"name\":\"Suno Not\u00edcias\",\"url\":\"https:\/\/www.suno.com.br\/noticias\/\",\"logo\":{\"@type\":\"ImageObject\",\"inLanguage\":\"pt-BR\",\"@id\":\"https:\/\/www.suno.com.br\/noticias\/#\/schema\/logo\/image\/\",\"url\":\"https:\/\/files.sunoresearch.com.br\/n\/uploads\/2021\/09\/suno-logo.png\",\"contentUrl\":\"https:\/\/files.sunoresearch.com.br\/n\/uploads\/2021\/09\/suno-logo.png\",\"width\":180,\"height\":180,\"caption\":\"Suno Not\u00edcias\"},\"image\":{\"@id\":\"https:\/\/www.suno.com.br\/noticias\/#\/schema\/logo\/image\/\"},\"sameAs\":[\"https:\/\/facebook.com\/sunoresearch\",\"https:\/\/x.com\/sunoresearch\",\"https:\/\/www.instagram.com\/suno\",\"https:\/\/www.linkedin.com\/company\/suno-research\/\",\"https:\/\/www.youtube.com\/c\/sunoresearch\"]},{\"@type\":\"Person\",\"@id\":\"https:\/\/www.suno.com.br\/noticias\/#\/schema\/person\/c5d31719f2f2f38c8d575fc08e55df1a\",\"name\":\"Julio Hegedus Netto\",\"image\":{\"@type\":\"ImageObject\",\"inLanguage\":\"pt-BR\",\"@id\":\"https:\/\/www.suno.com.br\/noticias\/#\/schema\/person\/image\/\",\"url\":\"https:\/\/secure.gravatar.com\/avatar\/870043f332ebddfffd4a9e3a5dd46c13?s=96&r=g\",\"contentUrl\":\"https:\/\/secure.gravatar.com\/avatar\/870043f332ebddfffd4a9e3a5dd46c13?s=96&r=g\",\"caption\":\"Julio Hegedus Netto\"},\"description\":\"Economista-chefe da Lopes Filho por 26 anos, com mestrado na UFF e na UCAM e doutorando em Portugal. Escrevo relat\u00f3rios para a OHM RESEARCH e disponibilizo conte\u00fados no IML, Investing.com, Linkedin e Suno Not\u00edcias.\",\"sameAs\":[\"https:\/\/jhn031299.blogspot.com\/\",\"https:\/\/www.facebook.com\/julio.hegedus.5\",\"https:\/\/www.linkedin.com\/in\/juliohegedusnetto\/\",\"https:\/\/x.com\/JuHegedus\"],\"url\":\"https:\/\/www.suno.com.br\/noticias\/author\/julio-hegedus-netto\/\"}]}<\/script>\n<!-- \/ Yoast SEO plugin. -->","yoast_head_json":{"title":"Semana carregada com ata do Copom, IPCA-15, Fed, Eletrobras (ELET3) e CPI - Julio Hegedus Neto","description":"Leia a coluna de Julio Hegedus Neto sobre os principais temas pol\u00edticos e econ\u00f4micos, que dever\u00e3o atrair a aten\u00e7\u00e3o de investidores na semana","robots":{"index":"index","follow":"follow","max-snippet":"max-snippet:-1","max-image-preview":"max-image-preview:large","max-video-preview":"max-video-preview:-1"},"canonical":"https:\/\/www.suno.com.br\/noticias\/colunas\/julio-hegedus-netto\/semana-copom-fed-eletrobras-elet3-covid\/","og_locale":"pt_BR","og_type":"article","og_title":"Semana carregada com ata do Copom, IPCA-15, Fed, Eletrobras (ELET3) e CPI - Julio Hegedus Neto","og_description":"Leia a coluna de Julio Hegedus Neto sobre os principais temas pol\u00edticos e econ\u00f4micos, que dever\u00e3o atrair a aten\u00e7\u00e3o de investidores na semana","og_url":"https:\/\/www.suno.com.br\/noticias\/colunas\/julio-hegedus-netto\/semana-copom-fed-eletrobras-elet3-covid\/","og_site_name":"Suno Not\u00edcias","article_publisher":"https:\/\/facebook.com\/sunoresearch","og_image":[{"width":1200,"height":627,"url":"https:\/\/files.sunoresearch.com.br\/n\/uploads\/2022\/06\/Modelo2.jpg","type":"image\/jpeg"}],"twitter_card":"summary_large_image","twitter_site":"@sunoresearch","twitter_misc":{"Est. tempo de leitura":"8 minutos"},"schema":{"@context":"https:\/\/schema.org","@graph":[{"@type":"Article","@id":"https:\/\/www.suno.com.br\/noticias\/colunas\/julio-hegedus-netto\/semana-copom-fed-eletrobras-elet3-covid\/#article","isPartOf":{"@id":"https:\/\/www.suno.com.br\/noticias\/colunas\/julio-hegedus-netto\/semana-copom-fed-eletrobras-elet3-covid\/"},"author":{"name":"Julio Hegedus Netto","@id":"https:\/\/www.suno.com.br\/noticias\/#\/schema\/person\/c5d31719f2f2f38c8d575fc08e55df1a"},"headline":"Semana carregada com ata do Copom, IPCA-15, Fed, Eletrobras (ELET3) e CPI","datePublished":"2021-06-21T13:17:48+00:00","mainEntityOfPage":{"@id":"https:\/\/www.suno.com.br\/noticias\/colunas\/julio-hegedus-netto\/semana-copom-fed-eletrobras-elet3-covid\/"},"wordCount":1529,"publisher":{"@id":"https:\/\/www.suno.com.br\/noticias\/#organization"},"keywords":["Eletrobras (ELET3\/ELET5\/ELET6)","infla\u00e7\u00e3o"],"inLanguage":"pt-BR"},{"@type":"WebPage","@id":"https:\/\/www.suno.com.br\/noticias\/colunas\/julio-hegedus-netto\/semana-copom-fed-eletrobras-elet3-covid\/","url":"https:\/\/www.suno.com.br\/noticias\/colunas\/julio-hegedus-netto\/semana-copom-fed-eletrobras-elet3-covid\/","name":"Semana carregada com ata do Copom, IPCA-15, Fed, Eletrobras (ELET3) e CPI - Julio Hegedus Neto","isPartOf":{"@id":"https:\/\/www.suno.com.br\/noticias\/#website"},"datePublished":"2021-06-21T13:17:48+00:00","description":"Leia a coluna de Julio Hegedus Neto sobre os principais temas pol\u00edticos e econ\u00f4micos, que dever\u00e3o atrair a aten\u00e7\u00e3o de investidores na semana","breadcrumb":{"@id":"https:\/\/www.suno.com.br\/noticias\/colunas\/julio-hegedus-netto\/semana-copom-fed-eletrobras-elet3-covid\/#breadcrumb"},"inLanguage":"pt-BR","potentialAction":[{"@type":"ReadAction","target":["https:\/\/www.suno.com.br\/noticias\/colunas\/julio-hegedus-netto\/semana-copom-fed-eletrobras-elet3-covid\/"]}]},{"@type":"BreadcrumbList","@id":"https:\/\/www.suno.com.br\/noticias\/colunas\/julio-hegedus-netto\/semana-copom-fed-eletrobras-elet3-covid\/#breadcrumb","itemListElement":[{"@type":"ListItem","position":1,"name":"Not\u00edcias","item":"https:\/\/www.suno.com.br\/noticias\/"},{"@type":"ListItem","position":2,"name":"Colunas","item":"https:\/\/www.suno.com.br\/noticias\/colunas\/"},{"@type":"ListItem","position":3,"name":"Semana carregada com ata do Copom, IPCA-15, Fed, Eletrobras (ELET3) e CPI"}]},{"@type":"WebSite","@id":"https:\/\/www.suno.com.br\/noticias\/#website","url":"https:\/\/www.suno.com.br\/noticias\/","name":"Suno Not\u00edcias","description":"Seu portal de informa\u00e7\u00e3o sobre o mundo dos investimentos","publisher":{"@id":"https:\/\/www.suno.com.br\/noticias\/#organization"},"potentialAction":[{"@type":"SearchAction","target":{"@type":"EntryPoint","urlTemplate":"https:\/\/www.suno.com.br\/noticias\/?s={search_term_string}"},"query-input":{"@type":"PropertyValueSpecification","valueRequired":true,"valueName":"search_term_string"}}],"inLanguage":"pt-BR"},{"@type":"Organization","@id":"https:\/\/www.suno.com.br\/noticias\/#organization","name":"Suno Not\u00edcias","url":"https:\/\/www.suno.com.br\/noticias\/","logo":{"@type":"ImageObject","inLanguage":"pt-BR","@id":"https:\/\/www.suno.com.br\/noticias\/#\/schema\/logo\/image\/","url":"https:\/\/files.sunoresearch.com.br\/n\/uploads\/2021\/09\/suno-logo.png","contentUrl":"https:\/\/files.sunoresearch.com.br\/n\/uploads\/2021\/09\/suno-logo.png","width":180,"height":180,"caption":"Suno Not\u00edcias"},"image":{"@id":"https:\/\/www.suno.com.br\/noticias\/#\/schema\/logo\/image\/"},"sameAs":["https:\/\/facebook.com\/sunoresearch","https:\/\/x.com\/sunoresearch","https:\/\/www.instagram.com\/suno","https:\/\/www.linkedin.com\/company\/suno-research\/","https:\/\/www.youtube.com\/c\/sunoresearch"]},{"@type":"Person","@id":"https:\/\/www.suno.com.br\/noticias\/#\/schema\/person\/c5d31719f2f2f38c8d575fc08e55df1a","name":"Julio Hegedus Netto","image":{"@type":"ImageObject","inLanguage":"pt-BR","@id":"https:\/\/www.suno.com.br\/noticias\/#\/schema\/person\/image\/","url":"https:\/\/secure.gravatar.com\/avatar\/870043f332ebddfffd4a9e3a5dd46c13?s=96&r=g","contentUrl":"https:\/\/secure.gravatar.com\/avatar\/870043f332ebddfffd4a9e3a5dd46c13?s=96&r=g","caption":"Julio Hegedus Netto"},"description":"Economista-chefe da Lopes Filho por 26 anos, com mestrado na UFF e na UCAM e doutorando em Portugal. Escrevo relat\u00f3rios para a OHM RESEARCH e disponibilizo conte\u00fados no IML, Investing.com, Linkedin e Suno Not\u00edcias.","sameAs":["https:\/\/jhn031299.blogspot.com\/","https:\/\/www.facebook.com\/julio.hegedus.5","https:\/\/www.linkedin.com\/in\/juliohegedusnetto\/","https:\/\/x.com\/JuHegedus"],"url":"https:\/\/www.suno.com.br\/noticias\/author\/julio-hegedus-netto\/"}]}},"amp_enabled":true,"_links":{"self":[{"href":"https:\/\/www.suno.com.br\/noticias\/wp-json\/wp\/v2\/suno_column\/159860"}],"collection":[{"href":"https:\/\/www.suno.com.br\/noticias\/wp-json\/wp\/v2\/suno_column"}],"about":[{"href":"https:\/\/www.suno.com.br\/noticias\/wp-json\/wp\/v2\/types\/suno_column"}],"author":[{"embeddable":true,"href":"https:\/\/www.suno.com.br\/noticias\/wp-json\/wp\/v2\/users\/82"}],"wp:attachment":[{"href":"https:\/\/www.suno.com.br\/noticias\/wp-json\/wp\/v2\/media?parent=159860"}],"wp:term":[{"taxonomy":"post_tag","embeddable":true,"href":"https:\/\/www.suno.com.br\/noticias\/wp-json\/wp\/v2\/tags?post=159860"}],"curies":[{"name":"wp","href":"https:\/\/api.w.org\/{rel}","templated":true}]}}