{"id":158668,"date":"2021-06-16T18:07:26","date_gmt":"2021-06-16T21:07:26","guid":{"rendered":"https:\/\/www.suno.com.br\/noticias\/colunas\/felipe-areia\/"},"modified":"2021-06-16T18:09:13","modified_gmt":"2021-06-16T21:09:13","slug":"admiravel-mundo-novo","status":"publish","type":"suno_column","link":"https:\/\/www.suno.com.br\/noticias\/colunas\/reinaldo-le-grazie\/admiravel-mundo-novo\/","title":{"rendered":"Admir\u00e1vel Mundo Novo"},"content":{"rendered":"<p>O ambiente global continua mostrando sinais de vigor na <strong>retomada da atividade econ\u00f4mica<\/strong> no p\u00f3s-vacina\u00e7\u00e3o. Economias avan\u00e7adas que reagiram com mais determina\u00e7\u00e3o no combate \u00e0 pandemia se saem melhor nesse momento.<\/p>\n\t<p>\n\t\t<a href=\"https:\/\/lp.suno.com.br\/planilha-controle-gastos\/\" target=\"_blank\" data-element=\"shortcode-suno-banner\" title=\"Banner SUNO, clique e saiba mais\">\n\t\t\t<picture>\n\t\t\t\t<source media=\"(max-width: 500px)\" srcset=\"https:\/\/files.sunoresearch.com.br\/n\/uploads\/2023\/03\/400x300-Planilha-controle-de-gastos.png\">\n\t\t\t\t<img class=\"newsContent__article__imgCapa newsContent__article__imgCapa--banner\"\n\t\t\t\t\tsrc=\"https:\/\/files.sunoresearch.com.br\/n\/uploads\/2023\/03\/1420x240-Planilha-controle-de-gastos.png\"\n\t\t\t\t\tdata-promo-id=\"101751\"\t\t\t\t\t\t\t\t\t\twidth='1420' height='240'\t\t\t\t\talt=\"https:\/\/files.sunoresearch.com.br\/n\/uploads\/2023\/03\/1420x240-Planilha-controle-de-gastos.png\"\n\t\t\t\t>\n\t\t\t<\/picture>\n\t\t<\/a>\n\t<\/p>\n\n\n<p>Enquanto o isolamento social e mudan\u00e7as de h\u00e1bitos aceleram a procura por insumos espec\u00edficos, a oferta est\u00e1 prejudicada n\u00e3o s\u00f3 pela pandemia, mas tamb\u00e9m pela geopol\u00edtica.\u00a0<a href=\"https:\/\/www.suno.com.br\/noticias\/escassez-semicondutores-preco-paralisacao\/\"><strong>Semicondutores<\/strong>, sensores e eletr\u00f4nicos talvez sejam os melhores exemplos<\/a>.<\/p>\n<p>Os gargalos na <strong>oferta e log\u00edstica<\/strong> tamb\u00e9m impulsionam o <strong>pre\u00e7o de commodities<\/strong> em geral sendo que as agr\u00edcolas t\u00eam, adicionalmente, o impacto do atual clima seco, que reduz a produ\u00e7\u00e3o. Portanto, h\u00e1 press\u00e3o de alta de pre\u00e7os de maneira mais ou menos sincronizada no mundo e, para evitar que essa infla\u00e7\u00e3o se propague para outros setores, a <a class=\"suno-keyword\" href=\"https:\/\/www.suno.com.br\/artigos\/politica-monetaria\/\" target=\"_blank\" rel=\"noopener noreferrer\" data-force=\"no\" data-priority=\"1\">pol\u00edtica monet\u00e1ria<\/a> dever\u00e1 ser mais restritiva. Cada pa\u00eds reagir\u00e1 de acordo com suas for\u00e7as e possibilidades nesse cen\u00e1rio, sendo que o <strong>desemprego ainda alto<\/strong> aliado \u00e0 mudan\u00e7a nos h\u00e1bitos de consumo trazem mais d\u00favidas sobre os pr\u00f3ximos passos.<\/p>\n<p>Produtos que o Brasil produz e exporta vivem um ciclo super favor\u00e1vel e a previs\u00e3o de <strong>baixo d\u00e9ficit em conta corrente<\/strong> permite a <a href=\"https:\/\/www.suno.com.br\/noticias\/dolar-abaixo-5-reais\/\">continua\u00e7\u00e3o da aprecia\u00e7\u00e3o do Real<\/a> iniciada em abril, assim como a redu\u00e7\u00e3o na inclina\u00e7\u00e3o das <strong>taxas de juros<\/strong>. Temos excelentes empresas brasileiras que est\u00e3o atraindo recursos estrangeiros e os \u00edndices de a\u00e7\u00f5es est\u00e3o subindo. Companhias com <a class=\"suno-keyword\" href=\"https:\/\/www.suno.com.br\/artigos\/indicadores-estrutura-capital\/\" target=\"_blank\" rel=\"noopener noreferrer\" data-force=\"no\" data-priority=\"1\">estrutura de capital<\/a> adequada e que se aproveitam mais da tecnologia dispon\u00edvel est\u00e3o em posi\u00e7\u00e3o privilegiada. Capacidade de adapta\u00e7\u00e3o, agilidade e vis\u00e3o de neg\u00f3cios ampliada definem quem s\u00e3o vencedores nesse admir\u00e1vel mundo novo.<\/p>\n\t<p>\n\t\t<a href=\"https:\/\/lp.suno.com.br\/planilha-da-vida-financeira\/\" target=\"_blank\" data-element=\"shortcode-suno-banner\" title=\"Banner SUNO, clique e saiba mais\">\n\t\t\t<picture>\n\t\t\t\t<source media=\"(max-width: 500px)\" srcset=\"https:\/\/files.sunoresearch.com.br\/n\/uploads\/2023\/04\/400x300-Planilha-vida-financeira-true.png\">\n\t\t\t\t<img class=\"newsContent__article__imgCapa newsContent__article__imgCapa--banner\"\n\t\t\t\t\tsrc=\"https:\/\/files.sunoresearch.com.br\/n\/uploads\/2023\/04\/1420x240-Planilha-vida-financeira-true.png\"\n\t\t\t\t\tdata-promo-id=\"106682\"\t\t\t\t\t\t\t\t\t\twidth='1420' height='240'\t\t\t\t\talt=\"https:\/\/files.sunoresearch.com.br\/n\/uploads\/2023\/04\/1420x240-Planilha-vida-financeira-true.png\"\n\t\t\t\t>\n\t\t\t<\/picture>\n\t\t<\/a>\n\t<\/p>\n\n\n<p>Nesse ambiente de inova\u00e7\u00f5es fren\u00e9ticas muita coisa est\u00e1 acontecendo; uma revolu\u00e7\u00e3o no setor espacial, explora\u00e7\u00e3o em Marte, carros voadores, internet das coisas, <strong>5G<\/strong>, telemedicina e cidades inteligentes viraram not\u00edcias corriqueiras e abriram novas fronteiras na ci\u00eancia e nos neg\u00f3cios. H\u00e1 simbiose entre a academia, e os setores p\u00fablico e privado, o que possibilita acelerar a transforma\u00e7\u00e3o digital A famosa NASA alterou algumas diretrizes internas para fazer acordos com empresas privadas, ampliando seu alcance, sendo que o projeto para V\u00eanus j\u00e1 est\u00e1 em andamento.<\/p>\n<p>No Brasil, alguns setores e empresas de ponta se modernizam e evoluem muito bem. Um excelente exemplo \u00e9 o <strong>setor agr\u00edcola<\/strong>, que inova e se destaca no <strong>uso da tecnologia<\/strong>; a produtividade avan\u00e7a 4% a.a. nos \u00faltimos 20 anos e precisa avan\u00e7ar na produ\u00e7\u00e3o de produtos com maior valor agregado. Por\u00e9m, em termos relativos, o pa\u00eds n\u00e3o consegue acompanhar a evolu\u00e7\u00e3o tecnol\u00f3gica global e ainda briga contra algumas leis b\u00e1sicas da natureza. Assim, mesmo estando melhor que h\u00e1 10 anos, em termos comparativos, a <strong>economia brasileira<\/strong> n\u00e3o se moderniza na velocidade que seria poss\u00edvel.<\/p>\n\t<p>\n\t\t<a href=\"https:\/\/lp.suno.com.br\/planilha-de-controle-de-investimentos\/\" target=\"_blank\" data-element=\"shortcode-suno-banner\" title=\"Banner SUNO, clique e saiba mais\">\n\t\t\t<picture>\n\t\t\t\t<source media=\"(max-width: 500px)\" srcset=\"https:\/\/files.sunoresearch.com.br\/n\/uploads\/2023\/03\/400x300-Controle-de-Investimentos.png\">\n\t\t\t\t<img class=\"newsContent__article__imgCapa newsContent__article__imgCapa--banner\"\n\t\t\t\t\tsrc=\"https:\/\/files.sunoresearch.com.br\/n\/uploads\/2023\/03\/1420x240-Controle-de-Investimentos.png\"\n\t\t\t\t\tdata-promo-id=\"75934\"\t\t\t\t\t\t\t\t\t\twidth='1420' height='240'\t\t\t\t\talt=\"https:\/\/files.sunoresearch.com.br\/n\/uploads\/2023\/03\/1420x240-Controle-de-Investimentos.png\"\n\t\t\t\t>\n\t\t\t<\/picture>\n\t\t<\/a>\n\t<\/p>\n\n\n","protected":false},"excerpt":{"rendered":"<p>O ambiente global continua mostrando sinais de vigor na retomada da atividade econ\u00f4mica no p\u00f3s-vacina\u00e7\u00e3o. Economias avan\u00e7adas que reagiram com mais determina\u00e7\u00e3o no com&#8230;<\/p>\n","protected":false},"author":93,"featured_media":0,"template":"","tags":[],"class_list":["post-158668","suno_column","type-suno_column","status-publish","hentry"],"yoast_head":"<!-- This site is optimized with the Yoast SEO plugin v24.4 - https:\/\/yoast.com\/wordpress\/plugins\/seo\/ -->\n<title>Admir\u00e1vel Mundo Novo - Coluna de Reinaldo Le Grazie<\/title>\n<meta name=\"description\" content=\"Confira a coluna de Reinaldo Le Grazie sobre o avan\u00e7o da economia global e como o pa\u00eds n\u00e3o consegue acompanhar a evolu\u00e7\u00e3o tecnol\u00f3gica\" \/>\n<meta name=\"robots\" content=\"index, follow, max-snippet:-1, max-image-preview:large, max-video-preview:-1\" \/>\n<link rel=\"canonical\" href=\"https:\/\/www.suno.com.br\/noticias\/colunas\/reinaldo-le-grazie\/admiravel-mundo-novo\/\" \/>\n<meta property=\"og:locale\" content=\"pt_BR\" \/>\n<meta property=\"og:type\" content=\"article\" \/>\n<meta property=\"og:title\" content=\"Admir\u00e1vel Mundo Novo - Coluna de Reinaldo Le Grazie\" \/>\n<meta property=\"og:description\" content=\"Confira a coluna de Reinaldo Le Grazie sobre o avan\u00e7o da economia global e como o pa\u00eds n\u00e3o consegue acompanhar a evolu\u00e7\u00e3o tecnol\u00f3gica\" \/>\n<meta property=\"og:url\" content=\"https:\/\/www.suno.com.br\/noticias\/colunas\/reinaldo-le-grazie\/admiravel-mundo-novo\/\" \/>\n<meta property=\"og:site_name\" content=\"Suno Not\u00edcias\" \/>\n<meta property=\"article:publisher\" content=\"https:\/\/facebook.com\/sunoresearch\" \/>\n<meta property=\"og:image\" content=\"https:\/\/files.sunoresearch.com.br\/n\/uploads\/2022\/06\/Modelo2.jpg\" \/>\n\t<meta property=\"og:image:width\" content=\"1200\" \/>\n\t<meta property=\"og:image:height\" content=\"627\" \/>\n\t<meta property=\"og:image:type\" content=\"image\/jpeg\" \/>\n<meta name=\"twitter:card\" content=\"summary_large_image\" \/>\n<meta name=\"twitter:site\" content=\"@sunoresearch\" \/>\n<meta name=\"twitter:label1\" content=\"Est. tempo de leitura\" \/>\n\t<meta name=\"twitter:data1\" content=\"3 minutos\" \/>\n<script type=\"application\/ld+json\" class=\"yoast-schema-graph\">{\"@context\":\"https:\/\/schema.org\",\"@graph\":[{\"@type\":\"Article\",\"@id\":\"https:\/\/www.suno.com.br\/noticias\/colunas\/reinaldo-le-grazie\/admiravel-mundo-novo\/#article\",\"isPartOf\":{\"@id\":\"https:\/\/www.suno.com.br\/noticias\/colunas\/reinaldo-le-grazie\/admiravel-mundo-novo\/\"},\"author\":{\"name\":\"Reinaldo Le Grazie\",\"@id\":\"https:\/\/www.suno.com.br\/noticias\/#\/schema\/person\/cd45a1efa94aaab83a9babfbec644794\"},\"headline\":\"Admir\u00e1vel Mundo Novo\",\"datePublished\":\"2021-06-16T21:07:26+00:00\",\"dateModified\":\"2021-06-16T21:09:13+00:00\",\"mainEntityOfPage\":{\"@id\":\"https:\/\/www.suno.com.br\/noticias\/colunas\/reinaldo-le-grazie\/admiravel-mundo-novo\/\"},\"wordCount\":508,\"publisher\":{\"@id\":\"https:\/\/www.suno.com.br\/noticias\/#organization\"},\"inLanguage\":\"pt-BR\"},{\"@type\":\"WebPage\",\"@id\":\"https:\/\/www.suno.com.br\/noticias\/colunas\/reinaldo-le-grazie\/admiravel-mundo-novo\/\",\"url\":\"https:\/\/www.suno.com.br\/noticias\/colunas\/reinaldo-le-grazie\/admiravel-mundo-novo\/\",\"name\":\"Admir\u00e1vel Mundo Novo - Coluna de Reinaldo Le Grazie\",\"isPartOf\":{\"@id\":\"https:\/\/www.suno.com.br\/noticias\/#website\"},\"datePublished\":\"2021-06-16T21:07:26+00:00\",\"dateModified\":\"2021-06-16T21:09:13+00:00\",\"description\":\"Confira a coluna de Reinaldo Le Grazie sobre o avan\u00e7o da economia global e como o pa\u00eds n\u00e3o consegue acompanhar a evolu\u00e7\u00e3o tecnol\u00f3gica\",\"breadcrumb\":{\"@id\":\"https:\/\/www.suno.com.br\/noticias\/colunas\/reinaldo-le-grazie\/admiravel-mundo-novo\/#breadcrumb\"},\"inLanguage\":\"pt-BR\",\"potentialAction\":[{\"@type\":\"ReadAction\",\"target\":[\"https:\/\/www.suno.com.br\/noticias\/colunas\/reinaldo-le-grazie\/admiravel-mundo-novo\/\"]}]},{\"@type\":\"BreadcrumbList\",\"@id\":\"https:\/\/www.suno.com.br\/noticias\/colunas\/reinaldo-le-grazie\/admiravel-mundo-novo\/#breadcrumb\",\"itemListElement\":[{\"@type\":\"ListItem\",\"position\":1,\"name\":\"Not\u00edcias\",\"item\":\"https:\/\/www.suno.com.br\/noticias\/\"},{\"@type\":\"ListItem\",\"position\":2,\"name\":\"Colunas\",\"item\":\"https:\/\/www.suno.com.br\/noticias\/colunas\/\"},{\"@type\":\"ListItem\",\"position\":3,\"name\":\"Admir\u00e1vel Mundo Novo\"}]},{\"@type\":\"WebSite\",\"@id\":\"https:\/\/www.suno.com.br\/noticias\/#website\",\"url\":\"https:\/\/www.suno.com.br\/noticias\/\",\"name\":\"Suno Not\u00edcias\",\"description\":\"Seu portal de informa\u00e7\u00e3o sobre o mundo dos investimentos\",\"publisher\":{\"@id\":\"https:\/\/www.suno.com.br\/noticias\/#organization\"},\"potentialAction\":[{\"@type\":\"SearchAction\",\"target\":{\"@type\":\"EntryPoint\",\"urlTemplate\":\"https:\/\/www.suno.com.br\/noticias\/?s={search_term_string}\"},\"query-input\":{\"@type\":\"PropertyValueSpecification\",\"valueRequired\":true,\"valueName\":\"search_term_string\"}}],\"inLanguage\":\"pt-BR\"},{\"@type\":\"Organization\",\"@id\":\"https:\/\/www.suno.com.br\/noticias\/#organization\",\"name\":\"Suno Not\u00edcias\",\"url\":\"https:\/\/www.suno.com.br\/noticias\/\",\"logo\":{\"@type\":\"ImageObject\",\"inLanguage\":\"pt-BR\",\"@id\":\"https:\/\/www.suno.com.br\/noticias\/#\/schema\/logo\/image\/\",\"url\":\"https:\/\/files.sunoresearch.com.br\/n\/uploads\/2021\/09\/suno-logo.png\",\"contentUrl\":\"https:\/\/files.sunoresearch.com.br\/n\/uploads\/2021\/09\/suno-logo.png\",\"width\":180,\"height\":180,\"caption\":\"Suno Not\u00edcias\"},\"image\":{\"@id\":\"https:\/\/www.suno.com.br\/noticias\/#\/schema\/logo\/image\/\"},\"sameAs\":[\"https:\/\/facebook.com\/sunoresearch\",\"https:\/\/x.com\/sunoresearch\",\"https:\/\/www.instagram.com\/suno\",\"https:\/\/www.linkedin.com\/company\/suno-research\/\",\"https:\/\/www.youtube.com\/c\/sunoresearch\"]},{\"@type\":\"Person\",\"@id\":\"https:\/\/www.suno.com.br\/noticias\/#\/schema\/person\/cd45a1efa94aaab83a9babfbec644794\",\"name\":\"Reinaldo Le Grazie\",\"image\":{\"@type\":\"ImageObject\",\"inLanguage\":\"pt-BR\",\"@id\":\"https:\/\/www.suno.com.br\/noticias\/#\/schema\/person\/image\/\",\"url\":\"https:\/\/secure.gravatar.com\/avatar\/dfb3c454238867d327c1896d1e575a37?s=96&r=g\",\"contentUrl\":\"https:\/\/secure.gravatar.com\/avatar\/dfb3c454238867d327c1896d1e575a37?s=96&r=g\",\"caption\":\"Reinaldo Le Grazie\"},\"description\":\"Atualmente \u00e9 s\u00f3cio da Panamby Capital. Nos \u00faltimos anos trabalhou no Banco Central do Brasil, como Diretor de Pol\u00edtica Monet\u00e1ria, respons\u00e1vel ou diretamente envolvido em Gest\u00e3o das Reservas e Ativos Internacionais, Pol\u00edtica Monet\u00e1ria e Cambial e Regula\u00e7\u00e3o da Infra estrutura do Mercado Financeiro e do Sistema de Pagamentos. Antes disso foi CIO e CEO da BRAM, Bradesco Asset Management e diretor do Lloyds Bank em S\u00e3o Paulo. Graduado em Administra\u00e7\u00e3o P\u00fablica, Funda\u00e7\u00e3o Get\u00falio Vargas em 1984 e extens\u00e3o executiva pelo INSEAD.\",\"sameAs\":[\"https:\/\/www.instagram.com\/Reinaldolegrazie_\",\"https:\/\/www.linkedin.com\/in\/reinaldo-le-grazie-303869\"],\"url\":\"https:\/\/www.suno.com.br\/noticias\/author\/reinaldo-le-grazie\/\"}]}<\/script>\n<!-- \/ Yoast SEO plugin. -->","yoast_head_json":{"title":"Admir\u00e1vel Mundo Novo - Coluna de Reinaldo Le Grazie","description":"Confira a coluna de Reinaldo Le Grazie sobre o avan\u00e7o da economia global e como o pa\u00eds n\u00e3o consegue acompanhar a evolu\u00e7\u00e3o tecnol\u00f3gica","robots":{"index":"index","follow":"follow","max-snippet":"max-snippet:-1","max-image-preview":"max-image-preview:large","max-video-preview":"max-video-preview:-1"},"canonical":"https:\/\/www.suno.com.br\/noticias\/colunas\/reinaldo-le-grazie\/admiravel-mundo-novo\/","og_locale":"pt_BR","og_type":"article","og_title":"Admir\u00e1vel Mundo Novo - Coluna de Reinaldo Le Grazie","og_description":"Confira a coluna de Reinaldo Le Grazie sobre o avan\u00e7o da economia global e como o pa\u00eds n\u00e3o consegue acompanhar a evolu\u00e7\u00e3o tecnol\u00f3gica","og_url":"https:\/\/www.suno.com.br\/noticias\/colunas\/reinaldo-le-grazie\/admiravel-mundo-novo\/","og_site_name":"Suno Not\u00edcias","article_publisher":"https:\/\/facebook.com\/sunoresearch","og_image":[{"width":1200,"height":627,"url":"https:\/\/files.sunoresearch.com.br\/n\/uploads\/2022\/06\/Modelo2.jpg","type":"image\/jpeg"}],"twitter_card":"summary_large_image","twitter_site":"@sunoresearch","twitter_misc":{"Est. tempo de leitura":"3 minutos"},"schema":{"@context":"https:\/\/schema.org","@graph":[{"@type":"Article","@id":"https:\/\/www.suno.com.br\/noticias\/colunas\/reinaldo-le-grazie\/admiravel-mundo-novo\/#article","isPartOf":{"@id":"https:\/\/www.suno.com.br\/noticias\/colunas\/reinaldo-le-grazie\/admiravel-mundo-novo\/"},"author":{"name":"Reinaldo Le Grazie","@id":"https:\/\/www.suno.com.br\/noticias\/#\/schema\/person\/cd45a1efa94aaab83a9babfbec644794"},"headline":"Admir\u00e1vel Mundo Novo","datePublished":"2021-06-16T21:07:26+00:00","dateModified":"2021-06-16T21:09:13+00:00","mainEntityOfPage":{"@id":"https:\/\/www.suno.com.br\/noticias\/colunas\/reinaldo-le-grazie\/admiravel-mundo-novo\/"},"wordCount":508,"publisher":{"@id":"https:\/\/www.suno.com.br\/noticias\/#organization"},"inLanguage":"pt-BR"},{"@type":"WebPage","@id":"https:\/\/www.suno.com.br\/noticias\/colunas\/reinaldo-le-grazie\/admiravel-mundo-novo\/","url":"https:\/\/www.suno.com.br\/noticias\/colunas\/reinaldo-le-grazie\/admiravel-mundo-novo\/","name":"Admir\u00e1vel Mundo Novo - Coluna de Reinaldo Le Grazie","isPartOf":{"@id":"https:\/\/www.suno.com.br\/noticias\/#website"},"datePublished":"2021-06-16T21:07:26+00:00","dateModified":"2021-06-16T21:09:13+00:00","description":"Confira a coluna de Reinaldo Le Grazie sobre o avan\u00e7o da economia global e como o pa\u00eds n\u00e3o consegue acompanhar a evolu\u00e7\u00e3o tecnol\u00f3gica","breadcrumb":{"@id":"https:\/\/www.suno.com.br\/noticias\/colunas\/reinaldo-le-grazie\/admiravel-mundo-novo\/#breadcrumb"},"inLanguage":"pt-BR","potentialAction":[{"@type":"ReadAction","target":["https:\/\/www.suno.com.br\/noticias\/colunas\/reinaldo-le-grazie\/admiravel-mundo-novo\/"]}]},{"@type":"BreadcrumbList","@id":"https:\/\/www.suno.com.br\/noticias\/colunas\/reinaldo-le-grazie\/admiravel-mundo-novo\/#breadcrumb","itemListElement":[{"@type":"ListItem","position":1,"name":"Not\u00edcias","item":"https:\/\/www.suno.com.br\/noticias\/"},{"@type":"ListItem","position":2,"name":"Colunas","item":"https:\/\/www.suno.com.br\/noticias\/colunas\/"},{"@type":"ListItem","position":3,"name":"Admir\u00e1vel Mundo Novo"}]},{"@type":"WebSite","@id":"https:\/\/www.suno.com.br\/noticias\/#website","url":"https:\/\/www.suno.com.br\/noticias\/","name":"Suno Not\u00edcias","description":"Seu portal de informa\u00e7\u00e3o sobre o mundo dos investimentos","publisher":{"@id":"https:\/\/www.suno.com.br\/noticias\/#organization"},"potentialAction":[{"@type":"SearchAction","target":{"@type":"EntryPoint","urlTemplate":"https:\/\/www.suno.com.br\/noticias\/?s={search_term_string}"},"query-input":{"@type":"PropertyValueSpecification","valueRequired":true,"valueName":"search_term_string"}}],"inLanguage":"pt-BR"},{"@type":"Organization","@id":"https:\/\/www.suno.com.br\/noticias\/#organization","name":"Suno Not\u00edcias","url":"https:\/\/www.suno.com.br\/noticias\/","logo":{"@type":"ImageObject","inLanguage":"pt-BR","@id":"https:\/\/www.suno.com.br\/noticias\/#\/schema\/logo\/image\/","url":"https:\/\/files.sunoresearch.com.br\/n\/uploads\/2021\/09\/suno-logo.png","contentUrl":"https:\/\/files.sunoresearch.com.br\/n\/uploads\/2021\/09\/suno-logo.png","width":180,"height":180,"caption":"Suno Not\u00edcias"},"image":{"@id":"https:\/\/www.suno.com.br\/noticias\/#\/schema\/logo\/image\/"},"sameAs":["https:\/\/facebook.com\/sunoresearch","https:\/\/x.com\/sunoresearch","https:\/\/www.instagram.com\/suno","https:\/\/www.linkedin.com\/company\/suno-research\/","https:\/\/www.youtube.com\/c\/sunoresearch"]},{"@type":"Person","@id":"https:\/\/www.suno.com.br\/noticias\/#\/schema\/person\/cd45a1efa94aaab83a9babfbec644794","name":"Reinaldo Le Grazie","image":{"@type":"ImageObject","inLanguage":"pt-BR","@id":"https:\/\/www.suno.com.br\/noticias\/#\/schema\/person\/image\/","url":"https:\/\/secure.gravatar.com\/avatar\/dfb3c454238867d327c1896d1e575a37?s=96&r=g","contentUrl":"https:\/\/secure.gravatar.com\/avatar\/dfb3c454238867d327c1896d1e575a37?s=96&r=g","caption":"Reinaldo Le Grazie"},"description":"Atualmente \u00e9 s\u00f3cio da Panamby Capital. Nos \u00faltimos anos trabalhou no Banco Central do Brasil, como Diretor de Pol\u00edtica Monet\u00e1ria, respons\u00e1vel ou diretamente envolvido em Gest\u00e3o das Reservas e Ativos Internacionais, Pol\u00edtica Monet\u00e1ria e Cambial e Regula\u00e7\u00e3o da Infra estrutura do Mercado Financeiro e do Sistema de Pagamentos. Antes disso foi CIO e CEO da BRAM, Bradesco Asset Management e diretor do Lloyds Bank em S\u00e3o Paulo. Graduado em Administra\u00e7\u00e3o P\u00fablica, Funda\u00e7\u00e3o Get\u00falio Vargas em 1984 e extens\u00e3o executiva pelo INSEAD.","sameAs":["https:\/\/www.instagram.com\/Reinaldolegrazie_","https:\/\/www.linkedin.com\/in\/reinaldo-le-grazie-303869"],"url":"https:\/\/www.suno.com.br\/noticias\/author\/reinaldo-le-grazie\/"}]}},"amp_enabled":true,"_links":{"self":[{"href":"https:\/\/www.suno.com.br\/noticias\/wp-json\/wp\/v2\/suno_column\/158668"}],"collection":[{"href":"https:\/\/www.suno.com.br\/noticias\/wp-json\/wp\/v2\/suno_column"}],"about":[{"href":"https:\/\/www.suno.com.br\/noticias\/wp-json\/wp\/v2\/types\/suno_column"}],"author":[{"embeddable":true,"href":"https:\/\/www.suno.com.br\/noticias\/wp-json\/wp\/v2\/users\/93"}],"wp:attachment":[{"href":"https:\/\/www.suno.com.br\/noticias\/wp-json\/wp\/v2\/media?parent=158668"}],"wp:term":[{"taxonomy":"post_tag","embeddable":true,"href":"https:\/\/www.suno.com.br\/noticias\/wp-json\/wp\/v2\/tags?post=158668"}],"curies":[{"name":"wp","href":"https:\/\/api.w.org\/{rel}","templated":true}]}}