{"id":157796,"date":"2021-06-14T10:04:50","date_gmt":"2021-06-14T13:04:50","guid":{"rendered":"https:\/\/www.suno.com.br\/noticias\/colunas\/felipe-areia\/"},"modified":"2021-06-14T10:25:30","modified_gmt":"2021-06-14T13:25:30","slug":"semana-copom-fed-fmoc-ibcbr","status":"publish","type":"suno_column","link":"https:\/\/www.suno.com.br\/noticias\/colunas\/julio-hegedus-netto\/semana-copom-fed-fmoc-ibcbr\/","title":{"rendered":"Destaque da Semana para as reuni\u00f5es do Copom e FOMC"},"content":{"rendered":"<p>Iniciamos a semana \u201cmobilizados\u201d pelas <a href=\"https:\/\/www.suno.com.br\/artigos\/copom\/\">reuni\u00f5es do <strong>Copom<\/strong><\/a> no Brasil e do <strong>FOMC<\/strong> nos EUA, decisivas para os rumos da <a class=\"suno-keyword\" href=\"https:\/\/www.suno.com.br\/artigos\/politica-monetaria\/\" target=\"_blank\" rel=\"noopener noreferrer\" data-force=\"no\" data-priority=\"1\">pol\u00edtica monet\u00e1ria<\/a> destes pa\u00edses, em sintonia com a infla\u00e7\u00e3o, atividade e emprego e moedas ao redor do mundo. \u00c9 uma semana tamb\u00e9m de outras reuni\u00f5es de pol\u00edtica monet\u00e1ria e de variados \u00edndices de pre\u00e7o e produ\u00e7\u00e3o industrial no mundo, como na <a class=\"suno-keyword\" href=\"https:\/\/www.suno.com.br\/artigos\/zona-do-euro\/\" target=\"_blank\" rel=\"noopener noreferrer\" data-force=\"no\" data-priority=\"1\">Zona do Euro<\/a>, Alemanha, Jap\u00e3o e Reino Unido. Nos EUA, ainda teremos o PPI, uma esp\u00e9cie de pr\u00e9via do CPI, por captar os pre\u00e7os no in\u00edcio da cadeia produtiva. No Brasil, al\u00e9m do Copom em destaque, temos o IBC-Br, importante para sabermos se a retomada da economia segue ocorrendo em sintonia com o ritmo de vacina\u00e7\u00e3o.<\/p>\n\t<p>\n\t\t<a href=\"https:\/\/lp.suno.com.br\/planilha-controle-gastos\/\" target=\"_blank\" data-element=\"shortcode-suno-banner\" title=\"Banner SUNO, clique e saiba mais\">\n\t\t\t<picture>\n\t\t\t\t<source media=\"(max-width: 500px)\" srcset=\"https:\/\/files.sunoresearch.com.br\/n\/uploads\/2023\/03\/400x300-Planilha-controle-de-gastos.png\">\n\t\t\t\t<img class=\"newsContent__article__imgCapa newsContent__article__imgCapa--banner\"\n\t\t\t\t\tsrc=\"https:\/\/files.sunoresearch.com.br\/n\/uploads\/2023\/03\/1420x240-Planilha-controle-de-gastos.png\"\n\t\t\t\t\tdata-promo-id=\"101751\"\t\t\t\t\t\t\t\t\t\twidth='1420' height='240'\t\t\t\t\talt=\"https:\/\/files.sunoresearch.com.br\/n\/uploads\/2023\/03\/1420x240-Planilha-controle-de-gastos.png\"\n\t\t\t\t>\n\t\t\t<\/picture>\n\t\t<\/a>\n\t<\/p>\n\n\n<p>Ainda no Brasil, no front pol\u00edtico a CPI da Covid segue mobilizando as aten\u00e7\u00f5es, ainda mais por causa da \u201csuposta\u201d displic\u00eancia do governo nas negocia\u00e7\u00f5es com os laborat\u00f3rios para a <strong>obten\u00e7\u00e3o de vacinas<\/strong>. Parece \u00f3bvio que houve, no ano passado, uma excessiva \u201cpolitiza\u00e7\u00e3o\u201d no \u201ctrato da pandemia\u201d. Nesta, a velocidade para as vacina\u00e7\u00f5es era essencial. N\u00e3o foi isso que ocorreu.<\/p>\n<p>O presidente se movimentou no ano passado, sempre em rea\u00e7\u00e3o pol\u00edtica ao que fazia o governador de S\u00e3o Paulo, Jo\u00e3o Doria. Como este saiu na frente nas tratativas de vacina\u00e7\u00e3o para SP, Bolsonaro foi na contram\u00e3o, pensado em conseguir tratamentos, rem\u00e9dios, ent\u00e3o em estudo, como a cloroquina e a ivermectina, mais baratos, mas de efic\u00e1cia duvidosa. Seu objetivo: mostrar uma sa\u00edda \u201calternativa\u201d \u00e0 pandemia, em vez da inevit\u00e1vel vacina\u00e7\u00e3o.<\/p>\n<p>De fato, a pandemia vai sendo cercada por uma disputa pol\u00edtica no Pa\u00eds, quando o essencial seria seu combate apenas, a obten\u00e7\u00e3o de vacinas, \u00fanica certeza de imuniza\u00e7\u00e3o, antes e sempre.<\/p>\n<p><a href=\"https:\/\/lp.suno.com.br\/suno-one\/\">Suno One: acesse gratuitamente eBooks, Minicursos, Artigos e V\u00eddeo Aulas sobre investimentos com um \u00fanico cadastro. Clique para saber mais!<\/a><\/p>\n<p>Na vis\u00e3o de cientistas pol\u00edticos, \u201ca pandemia acabou paralisando o tempo das pessoas, mas acelerou o tempo da pol\u00edtica\u201d. Neste contexto de politiza\u00e7\u00e3o excessiva, <strong>a elei\u00e7\u00e3o de 2022 acabou \u201cantecipada\u201d<\/strong>. J\u00e1 s\u00e3o v\u00e1rios os candidatos em disputa. Bolsonaro, por exemplo, segue nos seus passeios de moto, com v\u00e1rios apoiadores pelas capitais do Brasil. Durante a semana s\u00e3o diversas as obras inauguradas. E tudo isso gerando aglomera\u00e7\u00f5es, n\u00e3o usando m\u00e1scaras, negando a necessidade de isolamento. J\u00e1 s\u00e3o 480 mil mortos. Por este crit\u00e9rio, somos o epicentro global da epidemia, seguidos de perto pela \u00cdndia.<\/p>\n<p>Para o segundo semestre, acreditamos que a retomada da economia e o <strong>ritmo de vacina\u00e7\u00e3o<\/strong> devem nortear os acontecimentos. Muitos j\u00e1 come\u00e7am a prever um crescimento da economia neste ano, mais forte do que o previsto, acima de 5%, assim que a vacina\u00e7\u00e3o imunizar 70% dos adultos, talvez at\u00e9 setembro. Muitos acham, inclusive, que a resposta econ\u00f4mica \u00e0 pandemia \u00e9 bem merit\u00f3ria, mais at\u00e9 do que se esperava. Para a consultoria Arko Advice, \u201co ministro <a class=\"suno-keyword\" href=\"https:\/\/www.suno.com.br\/tudo-sobre\/paulo-guedes\/\" target=\"_blank\" rel=\"noopener noreferrer\" data-force=\"no\" data-priority=\"2\">Paulo Guedes<\/a> anda mais calado e entregando melhores resultados. O mercado dizia, h\u00e1 pouco, que ele prometia muito e entregava pouco. Agora ele come\u00e7a a virar o jogo.\u201d<\/p>\n<p>No mercado de a\u00e7\u00f5es, mesmo neste ambiente de polariza\u00e7\u00e3o pol\u00edtica, a Bolsa de Valores segue batendo recordes, \u201cgravitando\u201d em torno de 130\u2009000 pontos, o d\u00f3lar amea\u00e7a recuar abaixo do \u201cpiso\u201d de R$ 5,00, e no mercado de juros, a \u201cponta curta\u201d se intensifica, mas nas m\u00e9dias e longas, uma acomoda\u00e7\u00e3o \u00e9 percept\u00edvel. Isso acontece num cen\u00e1rio de elevado diferencial entre juro dom\u00e9stico e externo, a melhoria no campo fiscal e atividade econ\u00f4mica retomando.<\/p>\n<p>Ingressemos ent\u00e3o no debate sobre a pol\u00edtica de juros do Copom e nos EUA, do Fed.<\/p>\n<p>Nesta semana temos reuni\u00e3o do Copom e j\u00e1 parece \u201cprecificada\u201d a <strong>eleva\u00e7\u00e3o da Selic em 0,75 ponto percentual, a 4,25%<\/strong>. Importante, no entanto, ser\u00e1 o comunicado do BACEN, se o \u201cajustamento parcial\u201d deve ser mantido, ou se <strong>o termo \u201cparcial\u201d ser\u00e1 retirado<\/strong>. A ideia aqui \u00e9 que o ciclo de ajustes da Selic se prolongue, ao longo do segundo semestre, at\u00e9 se ter certeza de a \u201cdosagem de juro\u201d trazer a infla\u00e7\u00e3o para o centro da meta, 3,5% no ano que vem.<\/p>\n<p>Neste ano, o IPCA deve fechar em torno de 5,5%, preocupando o <strong>reajuste da tarifa de energia el\u00e9trica<\/strong> e a alta das commodities, assim como o processo de \u201cabertura\u201d da economia, trazendo \u201cdesbalanceamentos entre <a class=\"suno-keyword\" href=\"https:\/\/www.suno.com.br\/artigos\/oferta-demanda\/\" target=\"_blank\" rel=\"noopener noreferrer\" data-force=\"no\" data-priority=\"1\">oferta e demanda<\/a>\u201d, no fornecimento de insumos para as cadeias produtivas.<\/p>\n\t<p>\n\t\t<a href=\"https:\/\/lp.suno.com.br\/planilha-da-vida-financeira\/\" target=\"_blank\" data-element=\"shortcode-suno-banner\" title=\"Banner SUNO, clique e saiba mais\">\n\t\t\t<picture>\n\t\t\t\t<source media=\"(max-width: 500px)\" srcset=\"https:\/\/files.sunoresearch.com.br\/n\/uploads\/2023\/04\/400x300-Planilha-vida-financeira-true.png\">\n\t\t\t\t<img class=\"newsContent__article__imgCapa newsContent__article__imgCapa--banner\"\n\t\t\t\t\tsrc=\"https:\/\/files.sunoresearch.com.br\/n\/uploads\/2023\/04\/1420x240-Planilha-vida-financeira-true.png\"\n\t\t\t\t\tdata-promo-id=\"106682\"\t\t\t\t\t\t\t\t\t\twidth='1420' height='240'\t\t\t\t\talt=\"https:\/\/files.sunoresearch.com.br\/n\/uploads\/2023\/04\/1420x240-Planilha-vida-financeira-true.png\"\n\t\t\t\t>\n\t\t\t<\/picture>\n\t\t<\/a>\n\t<\/p>\n\n\n<p>Este \u00e9 o problema a ser enfrentado nos EUA. O Fed tenta \u201cvender a ideia\u201d de um processo de infla\u00e7\u00e3o transit\u00f3ria, mais elevada agora pelo ajuste de estoques e problemas de fornecimento de insumos nas v\u00e1rias cadeias produtivas. Uma das mais impactadas \u00e9 a ind\u00fastria automobil\u00edstica, pela falta de \u201csupercondutores\u201d. Isso justifica a infla\u00e7\u00e3o de carros usados, mais caros neste momento, assim como os novos. Nos EUA, assim como no Brasil, <strong>a leitura segue sendo de que esta infla\u00e7\u00e3o atual \u00e9 moment\u00e2nea<\/strong>. Para o presidente do Bacen, Roberto Campos Neto, os choques inflacion\u00e1rios atuais s\u00e3o \u201ctempor\u00e1rios\u201d, refor\u00e7ando o discurso de <a class=\"suno-keyword\" href=\"https:\/\/www.suno.com.br\/tudo-sobre\/jerome-powell\/\" target=\"_blank\" rel=\"noopener noreferrer\" data-force=\"no\" data-priority=\"2\">Jerome Powell<\/a>, do Fed.<\/p>\n<p>Para ele, \u201ca <a class=\"suno-keyword\" href=\"https:\/\/www.suno.com.br\/artigos\/curva-de-juros\/\" target=\"_blank\" rel=\"noopener noreferrer\" data-force=\"no\" data-priority=\"1\">curva de juros<\/a> perdeu um pouco da inclina\u00e7\u00e3o recentemente, em fun\u00e7\u00e3o da alta dos juros, mas as commodities em reais se estabilizaram e algumas ca\u00edram\u201d. Acredita ele que \u201cseremos capazes de abrir a economia no segundo semestre, o real tem estado mais comportado nas \u00faltimas semanas, as expectativas de infla\u00e7\u00e3o impl\u00edcita em 2021 subiram, mas as longas se estabilizaram\u201d.<\/p>\n<p>Neste contexto, o diferencial de juro ser\u00e1 um determinante para definir o rumo da taxa de c\u00e2mbio nas pr\u00f3ximas semanas. Por estes dias, chegou pr\u00f3xima a R$ 5,00, mas se o juro ou a pol\u00edtica de compra de ativos pelo Fed for antecipada, este diferencial de juro ser\u00e1 menor, o que pressionar\u00e1 a taxa de c\u00e2mbio dom\u00e9stica. Por ora, trabalhamos com a Selic entre 5,5% e 6,0% neste ano, o IPCA a 5,4% e o c\u00e2mbio a R$ 5,10. Vamos acompanhando.<\/p>\n<figure id=\"attachment_157799\" aria-describedby=\"caption-attachment-157799\" style=\"width: 383px\" class=\"wp-caption alignnone\"><img loading=\"lazy\" decoding=\"async\" class=\"wp-image-157799 size-full\" src=\"https:\/\/storage.googleapis.com\/wp-noticias\/2021\/06\/4432f371-imagem1.png\" alt=\"Reuni\u00e3o de pol\u00edtica monet\u00e1ria dos Bancos Centrais nesta semana\" width=\"383\" height=\"327\" \/><figcaption id=\"caption-attachment-157799\" class=\"wp-caption-text\">Reuni\u00e3o de pol\u00edtica monet\u00e1ria dos Bancos Centrais nesta semana<\/figcaption><\/figure>\n<p>Boa semana e bons neg\u00f3cios!<\/p>\n<table>\n<tbody>\n<tr>\n<td colspan=\"2\"><strong>Agenda Semanal<\/strong><\/td>\n<\/tr>\n<tr>\n<td><strong>2\u00aa feira (14)<\/strong><\/td>\n<td>Feriado na China &#8211; Dragon Boat Festival; Produ\u00e7\u00e3o Industrial (Abr) (Jap\u00e3o); Produ\u00e7\u00e3o Industrial (Abr) (Euro); Boletim Focus (Brasil); IBC-Br.<\/td>\n<\/tr>\n<tr>\n<td><strong>3\u00aa feira (15)<\/strong><\/td>\n<td>Reuni\u00e3o do COPOM (Brasil); Balan\u00e7a Comercial (Abr) (Euro); Taxa de Desemprego (Abr) (Reino Unido); IPC &#8211; Alemanha (Mai); IPP e N\u00facleo do IPP (Mai) (EUA); N\u00facleo de Vendas no Varejo (Mai) (EUA); Ind\u00fastria Empire State de Ativ. Industrial (EUA); Produ\u00e7\u00e3o Industrial (Mai) (EUA); Estoques das Empresas (Abr) (EUA); N\u00edvel de Estoques do Varejo (Abr) (EUA); Leil\u00e3o Tesouro Nacional NTN-B (Brasil); Leil\u00e3o de t\u00edtulos de 20 anos (EUA); Balan\u00e7a Comercial (Mai) (JAP\u00c3O); Taxa de Desemprego \u2013 China.<\/td>\n<\/tr>\n<tr>\n<td><strong>4\u00aa feira (16)<\/strong><\/td>\n<td>IPC (Mai) (Reino Unido); Produ\u00e7\u00e3o Industrial (Mai) (China); Rolagem de \u00cdndice &#8211; M21 p\/ Q21 (Reino Unido); Licen\u00e7as de Constru\u00e7\u00e3o (Mai) (EUA); Pre\u00e7os de Bens Exportados (Mai) (EUA); Constru\u00e7\u00e3o de Novas Casas (Mai) (EUA); Pre\u00e7os de Bens Importados (Mai)(EUA); Estoques de Petr\u00f3leo em Cushing; Fluxo Cambial Estrangeiro (Brasil); Atas da Reuni\u00e3o do FOMC (EUA); Declara\u00e7\u00e3o do FOMC (EUA); Decis\u00e3o do Copom, da Taxa de Juros Selic; Pre\u00e7os de Im\u00f3veis (Mai) (China).<\/td>\n<\/tr>\n<tr>\n<td><strong>5\u00aa feira (17)<\/strong><\/td>\n<td>IPC (Mai) (Euro); Pedidos Iniciais por Seguro-Desemprego (EUA); Ind. de Ativ. Industrial Fed Filad\u00e9lfia (EUA); Leil\u00e3o Tesouro Nacional LFT, NTN-F, LTN (Brasil); Leil\u00e3o TIPS a 5 anos (EUA); IPC Nacional (Mai) (JAP\u00c3O).<\/td>\n<\/tr>\n<tr>\n<td><strong>6\u00aa feira (18)<\/strong><\/td>\n<td>Vencimento de Op\u00e7\u00f5es (BRASIL); Decis\u00e3o da Taxa de Juros (Jap\u00e3o); Transa\u00e7\u00f5es Correntes (Abr) (Euro); Contagem de Sondas Baker Hughes.<\/td>\n<\/tr>\n<\/tbody>\n<\/table>\n\t<p>\n\t\t<a href=\"https:\/\/lp.suno.com.br\/planilha-de-controle-de-investimentos\/\" target=\"_blank\" data-element=\"shortcode-suno-banner\" title=\"Banner SUNO, clique e saiba mais\">\n\t\t\t<picture>\n\t\t\t\t<source media=\"(max-width: 500px)\" srcset=\"https:\/\/files.sunoresearch.com.br\/n\/uploads\/2023\/03\/400x300-Controle-de-Investimentos.png\">\n\t\t\t\t<img class=\"newsContent__article__imgCapa newsContent__article__imgCapa--banner\"\n\t\t\t\t\tsrc=\"https:\/\/files.sunoresearch.com.br\/n\/uploads\/2023\/03\/1420x240-Controle-de-Investimentos.png\"\n\t\t\t\t\tdata-promo-id=\"75934\"\t\t\t\t\t\t\t\t\t\twidth='1420' height='240'\t\t\t\t\talt=\"https:\/\/files.sunoresearch.com.br\/n\/uploads\/2023\/03\/1420x240-Controle-de-Investimentos.png\"\n\t\t\t\t>\n\t\t\t<\/picture>\n\t\t<\/a>\n\t<\/p>\n\n\n","protected":false},"excerpt":{"rendered":"<p>Iniciamos a semana \u201cmobilizados\u201d pelas reuni\u00f5es do Copom no Brasil e do FOMC nos EUA, decisivas para os rumos da pol\u00edtica monet\u00e1ria destes pa\u00edses, em sintonia com a in&#8230;<\/p>\n","protected":false},"author":82,"featured_media":0,"template":"","tags":[],"class_list":["post-157796","suno_column","type-suno_column","status-publish","hentry"],"yoast_head":"<!-- This site is optimized with the Yoast SEO plugin v24.4 - https:\/\/yoast.com\/wordpress\/plugins\/seo\/ -->\n<title>Destaque da Semana para as reuni\u00f5es do Copom e FOMC - Coluna de Julio Hegedus<\/title>\n<meta name=\"description\" content=\"Confira a coluna de Julio Hegedus sobre o ritmo da vacina\u00e7\u00e3o, infla\u00e7\u00e3o e juros dominando as discuss\u00f5es na semana\" \/>\n<meta name=\"robots\" content=\"index, follow, max-snippet:-1, max-image-preview:large, max-video-preview:-1\" \/>\n<link rel=\"canonical\" href=\"https:\/\/www.suno.com.br\/noticias\/colunas\/julio-hegedus-netto\/semana-copom-fed-fmoc-ibcbr\/\" \/>\n<meta property=\"og:locale\" content=\"pt_BR\" \/>\n<meta property=\"og:type\" content=\"article\" \/>\n<meta property=\"og:title\" content=\"Destaque da Semana para as reuni\u00f5es do Copom e FOMC - Coluna de Julio Hegedus\" \/>\n<meta property=\"og:description\" content=\"Confira a coluna de Julio Hegedus sobre o ritmo da vacina\u00e7\u00e3o, infla\u00e7\u00e3o e juros dominando as discuss\u00f5es na semana\" \/>\n<meta property=\"og:url\" content=\"https:\/\/www.suno.com.br\/noticias\/colunas\/julio-hegedus-netto\/semana-copom-fed-fmoc-ibcbr\/\" \/>\n<meta property=\"og:site_name\" content=\"Suno Not\u00edcias\" \/>\n<meta property=\"article:publisher\" content=\"https:\/\/facebook.com\/sunoresearch\" \/>\n<meta property=\"og:image\" content=\"https:\/\/storage.googleapis.com\/wp-noticias\/2021\/06\/4432f371-imagem1.png\" \/>\n<meta name=\"twitter:card\" content=\"summary_large_image\" \/>\n<meta name=\"twitter:site\" content=\"@sunoresearch\" \/>\n<meta name=\"twitter:label1\" content=\"Est. tempo de leitura\" \/>\n\t<meta name=\"twitter:data1\" content=\"7 minutos\" \/>\n<script type=\"application\/ld+json\" class=\"yoast-schema-graph\">{\"@context\":\"https:\/\/schema.org\",\"@graph\":[{\"@type\":\"Article\",\"@id\":\"https:\/\/www.suno.com.br\/noticias\/colunas\/julio-hegedus-netto\/semana-copom-fed-fmoc-ibcbr\/#article\",\"isPartOf\":{\"@id\":\"https:\/\/www.suno.com.br\/noticias\/colunas\/julio-hegedus-netto\/semana-copom-fed-fmoc-ibcbr\/\"},\"author\":{\"name\":\"Julio Hegedus Netto\",\"@id\":\"https:\/\/www.suno.com.br\/noticias\/#\/schema\/person\/c5d31719f2f2f38c8d575fc08e55df1a\"},\"headline\":\"Destaque da Semana para as reuni\u00f5es do Copom e FOMC\",\"datePublished\":\"2021-06-14T13:04:50+00:00\",\"dateModified\":\"2021-06-14T13:25:30+00:00\",\"mainEntityOfPage\":{\"@id\":\"https:\/\/www.suno.com.br\/noticias\/colunas\/julio-hegedus-netto\/semana-copom-fed-fmoc-ibcbr\/\"},\"wordCount\":1338,\"publisher\":{\"@id\":\"https:\/\/www.suno.com.br\/noticias\/#organization\"},\"image\":{\"@id\":\"https:\/\/www.suno.com.br\/noticias\/colunas\/julio-hegedus-netto\/semana-copom-fed-fmoc-ibcbr\/#primaryimage\"},\"thumbnailUrl\":\"https:\/\/storage.googleapis.com\/wp-noticias\/2021\/06\/4432f371-imagem1.png\",\"inLanguage\":\"pt-BR\"},{\"@type\":\"WebPage\",\"@id\":\"https:\/\/www.suno.com.br\/noticias\/colunas\/julio-hegedus-netto\/semana-copom-fed-fmoc-ibcbr\/\",\"url\":\"https:\/\/www.suno.com.br\/noticias\/colunas\/julio-hegedus-netto\/semana-copom-fed-fmoc-ibcbr\/\",\"name\":\"Destaque da Semana para as reuni\u00f5es do Copom e FOMC - Coluna de Julio Hegedus\",\"isPartOf\":{\"@id\":\"https:\/\/www.suno.com.br\/noticias\/#website\"},\"primaryImageOfPage\":{\"@id\":\"https:\/\/www.suno.com.br\/noticias\/colunas\/julio-hegedus-netto\/semana-copom-fed-fmoc-ibcbr\/#primaryimage\"},\"image\":{\"@id\":\"https:\/\/www.suno.com.br\/noticias\/colunas\/julio-hegedus-netto\/semana-copom-fed-fmoc-ibcbr\/#primaryimage\"},\"thumbnailUrl\":\"https:\/\/storage.googleapis.com\/wp-noticias\/2021\/06\/4432f371-imagem1.png\",\"datePublished\":\"2021-06-14T13:04:50+00:00\",\"dateModified\":\"2021-06-14T13:25:30+00:00\",\"description\":\"Confira a coluna de Julio Hegedus sobre o ritmo da vacina\u00e7\u00e3o, infla\u00e7\u00e3o e juros dominando as discuss\u00f5es na semana\",\"breadcrumb\":{\"@id\":\"https:\/\/www.suno.com.br\/noticias\/colunas\/julio-hegedus-netto\/semana-copom-fed-fmoc-ibcbr\/#breadcrumb\"},\"inLanguage\":\"pt-BR\",\"potentialAction\":[{\"@type\":\"ReadAction\",\"target\":[\"https:\/\/www.suno.com.br\/noticias\/colunas\/julio-hegedus-netto\/semana-copom-fed-fmoc-ibcbr\/\"]}]},{\"@type\":\"ImageObject\",\"inLanguage\":\"pt-BR\",\"@id\":\"https:\/\/www.suno.com.br\/noticias\/colunas\/julio-hegedus-netto\/semana-copom-fed-fmoc-ibcbr\/#primaryimage\",\"url\":\"https:\/\/storage.googleapis.com\/wp-noticias\/2021\/06\/4432f371-imagem1.png\",\"contentUrl\":\"https:\/\/storage.googleapis.com\/wp-noticias\/2021\/06\/4432f371-imagem1.png\"},{\"@type\":\"BreadcrumbList\",\"@id\":\"https:\/\/www.suno.com.br\/noticias\/colunas\/julio-hegedus-netto\/semana-copom-fed-fmoc-ibcbr\/#breadcrumb\",\"itemListElement\":[{\"@type\":\"ListItem\",\"position\":1,\"name\":\"Not\u00edcias\",\"item\":\"https:\/\/www.suno.com.br\/noticias\/\"},{\"@type\":\"ListItem\",\"position\":2,\"name\":\"Colunas\",\"item\":\"https:\/\/www.suno.com.br\/noticias\/colunas\/\"},{\"@type\":\"ListItem\",\"position\":3,\"name\":\"Destaque da Semana para as reuni\u00f5es do Copom e FOMC\"}]},{\"@type\":\"WebSite\",\"@id\":\"https:\/\/www.suno.com.br\/noticias\/#website\",\"url\":\"https:\/\/www.suno.com.br\/noticias\/\",\"name\":\"Suno Not\u00edcias\",\"description\":\"Seu portal de informa\u00e7\u00e3o sobre o mundo dos investimentos\",\"publisher\":{\"@id\":\"https:\/\/www.suno.com.br\/noticias\/#organization\"},\"potentialAction\":[{\"@type\":\"SearchAction\",\"target\":{\"@type\":\"EntryPoint\",\"urlTemplate\":\"https:\/\/www.suno.com.br\/noticias\/?s={search_term_string}\"},\"query-input\":{\"@type\":\"PropertyValueSpecification\",\"valueRequired\":true,\"valueName\":\"search_term_string\"}}],\"inLanguage\":\"pt-BR\"},{\"@type\":\"Organization\",\"@id\":\"https:\/\/www.suno.com.br\/noticias\/#organization\",\"name\":\"Suno Not\u00edcias\",\"url\":\"https:\/\/www.suno.com.br\/noticias\/\",\"logo\":{\"@type\":\"ImageObject\",\"inLanguage\":\"pt-BR\",\"@id\":\"https:\/\/www.suno.com.br\/noticias\/#\/schema\/logo\/image\/\",\"url\":\"https:\/\/files.sunoresearch.com.br\/n\/uploads\/2021\/09\/suno-logo.png\",\"contentUrl\":\"https:\/\/files.sunoresearch.com.br\/n\/uploads\/2021\/09\/suno-logo.png\",\"width\":180,\"height\":180,\"caption\":\"Suno Not\u00edcias\"},\"image\":{\"@id\":\"https:\/\/www.suno.com.br\/noticias\/#\/schema\/logo\/image\/\"},\"sameAs\":[\"https:\/\/facebook.com\/sunoresearch\",\"https:\/\/x.com\/sunoresearch\",\"https:\/\/www.instagram.com\/suno\",\"https:\/\/www.linkedin.com\/company\/suno-research\/\",\"https:\/\/www.youtube.com\/c\/sunoresearch\"]},{\"@type\":\"Person\",\"@id\":\"https:\/\/www.suno.com.br\/noticias\/#\/schema\/person\/c5d31719f2f2f38c8d575fc08e55df1a\",\"name\":\"Julio Hegedus Netto\",\"image\":{\"@type\":\"ImageObject\",\"inLanguage\":\"pt-BR\",\"@id\":\"https:\/\/www.suno.com.br\/noticias\/#\/schema\/person\/image\/\",\"url\":\"https:\/\/secure.gravatar.com\/avatar\/870043f332ebddfffd4a9e3a5dd46c13?s=96&r=g\",\"contentUrl\":\"https:\/\/secure.gravatar.com\/avatar\/870043f332ebddfffd4a9e3a5dd46c13?s=96&r=g\",\"caption\":\"Julio Hegedus Netto\"},\"description\":\"Economista-chefe da Lopes Filho por 26 anos, com mestrado na UFF e na UCAM e doutorando em Portugal. Escrevo relat\u00f3rios para a OHM RESEARCH e disponibilizo conte\u00fados no IML, Investing.com, Linkedin e Suno Not\u00edcias.\",\"sameAs\":[\"https:\/\/jhn031299.blogspot.com\/\",\"https:\/\/www.facebook.com\/julio.hegedus.5\",\"https:\/\/www.linkedin.com\/in\/juliohegedusnetto\/\",\"https:\/\/x.com\/JuHegedus\"],\"url\":\"https:\/\/www.suno.com.br\/noticias\/author\/julio-hegedus-netto\/\"}]}<\/script>\n<!-- \/ Yoast SEO plugin. -->","yoast_head_json":{"title":"Destaque da Semana para as reuni\u00f5es do Copom e FOMC - Coluna de Julio Hegedus","description":"Confira a coluna de Julio Hegedus sobre o ritmo da vacina\u00e7\u00e3o, infla\u00e7\u00e3o e juros dominando as discuss\u00f5es na semana","robots":{"index":"index","follow":"follow","max-snippet":"max-snippet:-1","max-image-preview":"max-image-preview:large","max-video-preview":"max-video-preview:-1"},"canonical":"https:\/\/www.suno.com.br\/noticias\/colunas\/julio-hegedus-netto\/semana-copom-fed-fmoc-ibcbr\/","og_locale":"pt_BR","og_type":"article","og_title":"Destaque da Semana para as reuni\u00f5es do Copom e FOMC - Coluna de Julio Hegedus","og_description":"Confira a coluna de Julio Hegedus sobre o ritmo da vacina\u00e7\u00e3o, infla\u00e7\u00e3o e juros dominando as discuss\u00f5es na semana","og_url":"https:\/\/www.suno.com.br\/noticias\/colunas\/julio-hegedus-netto\/semana-copom-fed-fmoc-ibcbr\/","og_site_name":"Suno Not\u00edcias","article_publisher":"https:\/\/facebook.com\/sunoresearch","og_image":[{"url":"https:\/\/storage.googleapis.com\/wp-noticias\/2021\/06\/4432f371-imagem1.png","type":"","width":"","height":""}],"twitter_card":"summary_large_image","twitter_site":"@sunoresearch","twitter_misc":{"Est. tempo de leitura":"7 minutos"},"schema":{"@context":"https:\/\/schema.org","@graph":[{"@type":"Article","@id":"https:\/\/www.suno.com.br\/noticias\/colunas\/julio-hegedus-netto\/semana-copom-fed-fmoc-ibcbr\/#article","isPartOf":{"@id":"https:\/\/www.suno.com.br\/noticias\/colunas\/julio-hegedus-netto\/semana-copom-fed-fmoc-ibcbr\/"},"author":{"name":"Julio Hegedus Netto","@id":"https:\/\/www.suno.com.br\/noticias\/#\/schema\/person\/c5d31719f2f2f38c8d575fc08e55df1a"},"headline":"Destaque da Semana para as reuni\u00f5es do Copom e FOMC","datePublished":"2021-06-14T13:04:50+00:00","dateModified":"2021-06-14T13:25:30+00:00","mainEntityOfPage":{"@id":"https:\/\/www.suno.com.br\/noticias\/colunas\/julio-hegedus-netto\/semana-copom-fed-fmoc-ibcbr\/"},"wordCount":1338,"publisher":{"@id":"https:\/\/www.suno.com.br\/noticias\/#organization"},"image":{"@id":"https:\/\/www.suno.com.br\/noticias\/colunas\/julio-hegedus-netto\/semana-copom-fed-fmoc-ibcbr\/#primaryimage"},"thumbnailUrl":"https:\/\/storage.googleapis.com\/wp-noticias\/2021\/06\/4432f371-imagem1.png","inLanguage":"pt-BR"},{"@type":"WebPage","@id":"https:\/\/www.suno.com.br\/noticias\/colunas\/julio-hegedus-netto\/semana-copom-fed-fmoc-ibcbr\/","url":"https:\/\/www.suno.com.br\/noticias\/colunas\/julio-hegedus-netto\/semana-copom-fed-fmoc-ibcbr\/","name":"Destaque da Semana para as reuni\u00f5es do Copom e FOMC - Coluna de Julio Hegedus","isPartOf":{"@id":"https:\/\/www.suno.com.br\/noticias\/#website"},"primaryImageOfPage":{"@id":"https:\/\/www.suno.com.br\/noticias\/colunas\/julio-hegedus-netto\/semana-copom-fed-fmoc-ibcbr\/#primaryimage"},"image":{"@id":"https:\/\/www.suno.com.br\/noticias\/colunas\/julio-hegedus-netto\/semana-copom-fed-fmoc-ibcbr\/#primaryimage"},"thumbnailUrl":"https:\/\/storage.googleapis.com\/wp-noticias\/2021\/06\/4432f371-imagem1.png","datePublished":"2021-06-14T13:04:50+00:00","dateModified":"2021-06-14T13:25:30+00:00","description":"Confira a coluna de Julio Hegedus sobre o ritmo da vacina\u00e7\u00e3o, infla\u00e7\u00e3o e juros dominando as discuss\u00f5es na semana","breadcrumb":{"@id":"https:\/\/www.suno.com.br\/noticias\/colunas\/julio-hegedus-netto\/semana-copom-fed-fmoc-ibcbr\/#breadcrumb"},"inLanguage":"pt-BR","potentialAction":[{"@type":"ReadAction","target":["https:\/\/www.suno.com.br\/noticias\/colunas\/julio-hegedus-netto\/semana-copom-fed-fmoc-ibcbr\/"]}]},{"@type":"ImageObject","inLanguage":"pt-BR","@id":"https:\/\/www.suno.com.br\/noticias\/colunas\/julio-hegedus-netto\/semana-copom-fed-fmoc-ibcbr\/#primaryimage","url":"https:\/\/storage.googleapis.com\/wp-noticias\/2021\/06\/4432f371-imagem1.png","contentUrl":"https:\/\/storage.googleapis.com\/wp-noticias\/2021\/06\/4432f371-imagem1.png"},{"@type":"BreadcrumbList","@id":"https:\/\/www.suno.com.br\/noticias\/colunas\/julio-hegedus-netto\/semana-copom-fed-fmoc-ibcbr\/#breadcrumb","itemListElement":[{"@type":"ListItem","position":1,"name":"Not\u00edcias","item":"https:\/\/www.suno.com.br\/noticias\/"},{"@type":"ListItem","position":2,"name":"Colunas","item":"https:\/\/www.suno.com.br\/noticias\/colunas\/"},{"@type":"ListItem","position":3,"name":"Destaque da Semana para as reuni\u00f5es do Copom e FOMC"}]},{"@type":"WebSite","@id":"https:\/\/www.suno.com.br\/noticias\/#website","url":"https:\/\/www.suno.com.br\/noticias\/","name":"Suno Not\u00edcias","description":"Seu portal de informa\u00e7\u00e3o sobre o mundo dos investimentos","publisher":{"@id":"https:\/\/www.suno.com.br\/noticias\/#organization"},"potentialAction":[{"@type":"SearchAction","target":{"@type":"EntryPoint","urlTemplate":"https:\/\/www.suno.com.br\/noticias\/?s={search_term_string}"},"query-input":{"@type":"PropertyValueSpecification","valueRequired":true,"valueName":"search_term_string"}}],"inLanguage":"pt-BR"},{"@type":"Organization","@id":"https:\/\/www.suno.com.br\/noticias\/#organization","name":"Suno Not\u00edcias","url":"https:\/\/www.suno.com.br\/noticias\/","logo":{"@type":"ImageObject","inLanguage":"pt-BR","@id":"https:\/\/www.suno.com.br\/noticias\/#\/schema\/logo\/image\/","url":"https:\/\/files.sunoresearch.com.br\/n\/uploads\/2021\/09\/suno-logo.png","contentUrl":"https:\/\/files.sunoresearch.com.br\/n\/uploads\/2021\/09\/suno-logo.png","width":180,"height":180,"caption":"Suno Not\u00edcias"},"image":{"@id":"https:\/\/www.suno.com.br\/noticias\/#\/schema\/logo\/image\/"},"sameAs":["https:\/\/facebook.com\/sunoresearch","https:\/\/x.com\/sunoresearch","https:\/\/www.instagram.com\/suno","https:\/\/www.linkedin.com\/company\/suno-research\/","https:\/\/www.youtube.com\/c\/sunoresearch"]},{"@type":"Person","@id":"https:\/\/www.suno.com.br\/noticias\/#\/schema\/person\/c5d31719f2f2f38c8d575fc08e55df1a","name":"Julio Hegedus Netto","image":{"@type":"ImageObject","inLanguage":"pt-BR","@id":"https:\/\/www.suno.com.br\/noticias\/#\/schema\/person\/image\/","url":"https:\/\/secure.gravatar.com\/avatar\/870043f332ebddfffd4a9e3a5dd46c13?s=96&r=g","contentUrl":"https:\/\/secure.gravatar.com\/avatar\/870043f332ebddfffd4a9e3a5dd46c13?s=96&r=g","caption":"Julio Hegedus Netto"},"description":"Economista-chefe da Lopes Filho por 26 anos, com mestrado na UFF e na UCAM e doutorando em Portugal. Escrevo relat\u00f3rios para a OHM RESEARCH e disponibilizo conte\u00fados no IML, Investing.com, Linkedin e Suno Not\u00edcias.","sameAs":["https:\/\/jhn031299.blogspot.com\/","https:\/\/www.facebook.com\/julio.hegedus.5","https:\/\/www.linkedin.com\/in\/juliohegedusnetto\/","https:\/\/x.com\/JuHegedus"],"url":"https:\/\/www.suno.com.br\/noticias\/author\/julio-hegedus-netto\/"}]}},"amp_enabled":true,"_links":{"self":[{"href":"https:\/\/www.suno.com.br\/noticias\/wp-json\/wp\/v2\/suno_column\/157796"}],"collection":[{"href":"https:\/\/www.suno.com.br\/noticias\/wp-json\/wp\/v2\/suno_column"}],"about":[{"href":"https:\/\/www.suno.com.br\/noticias\/wp-json\/wp\/v2\/types\/suno_column"}],"author":[{"embeddable":true,"href":"https:\/\/www.suno.com.br\/noticias\/wp-json\/wp\/v2\/users\/82"}],"wp:attachment":[{"href":"https:\/\/www.suno.com.br\/noticias\/wp-json\/wp\/v2\/media?parent=157796"}],"wp:term":[{"taxonomy":"post_tag","embeddable":true,"href":"https:\/\/www.suno.com.br\/noticias\/wp-json\/wp\/v2\/tags?post=157796"}],"curies":[{"name":"wp","href":"https:\/\/api.w.org\/{rel}","templated":true}]}}