{"id":154885,"date":"2021-06-07T10:51:26","date_gmt":"2021-06-07T13:51:26","guid":{"rendered":"https:\/\/www.suno.com.br\/noticias\/colunas\/felipe-areia\/"},"modified":"2021-06-07T10:51:26","modified_gmt":"2021-06-07T13:51:26","slug":"semana-politica-economia-ipca-cpi-eletrobras-elet3","status":"publish","type":"suno_column","link":"https:\/\/www.suno.com.br\/noticias\/colunas\/julio-hegedus-netto\/semana-politica-economia-ipca-cpi-eletrobras-elet3\/","title":{"rendered":"Semana cheia na pol\u00edtica e economia"},"content":{"rendered":"<p>Iniciamos a semana focados na agenda pol\u00edtica, embora a econ\u00f4mica n\u00e3o fique muito atr\u00e1s, dada a divulga\u00e7\u00e3o do <a href=\"https:\/\/www.suno.com.br\/artigos\/ipca\/\">\u00cdndice de Pre\u00e7os ao Consumidor Amplo (IPCA)<\/a> de maio na quarta-feira, as vendas de varejo e de servi\u00e7os no Brasil, importantes pr\u00e9vias sobre o que deve ser decidido no Copom da semana seguinte. Teremos tamb\u00e9m sinaliza\u00e7\u00f5es das pol\u00edticas monet\u00e1rias no mundo, na divulga\u00e7\u00e3o de variados indicadores de infla\u00e7\u00e3o e atividade nos EUA, Europa e China. Acontecem reuni\u00f5es do BCE, BC do Canad\u00e1, e de diversos <a class=\"suno-keyword\" href=\"https:\/\/www.suno.com.br\/artigos\/paises-emergentes\/\" target=\"_blank\" rel=\"noopener noreferrer\" data-force=\"no\" data-priority=\"2\">pa\u00edses emergentes<\/a>, como Chile e R\u00fassia.<\/p>\n<p><span data-sheets-value=\"{&quot;1&quot;:2,&quot;2&quot;:&quot;&quot;}\" data-sheets-userformat=\"{&quot;2&quot;:6659,&quot;3&quot;:{&quot;1&quot;:0},&quot;4&quot;:[null,2,16777215],&quot;12&quot;:0,&quot;14&quot;:[null,2,0],&quot;15&quot;:&quot;Roboto, RobotoDraft, Helvetica, Arial, sans-serif&quot;}\">\t<p>\n\t\t<a href=\"https:\/\/lp.suno.com.br\/planilha-controle-gastos\/\" target=\"_blank\" data-element=\"shortcode-suno-banner\" title=\"Banner SUNO, clique e saiba mais\">\n\t\t\t<picture>\n\t\t\t\t<source media=\"(max-width: 500px)\" srcset=\"https:\/\/files.sunoresearch.com.br\/n\/uploads\/2023\/03\/400x300-Planilha-controle-de-gastos.png\">\n\t\t\t\t<img class=\"newsContent__article__imgCapa newsContent__article__imgCapa--banner\"\n\t\t\t\t\tsrc=\"https:\/\/files.sunoresearch.com.br\/n\/uploads\/2023\/03\/1420x240-Planilha-controle-de-gastos.png\"\n\t\t\t\t\tdata-promo-id=\"101751\"\t\t\t\t\t\t\t\t\t\twidth='1420' height='240'\t\t\t\t\talt=\"https:\/\/files.sunoresearch.com.br\/n\/uploads\/2023\/03\/1420x240-Planilha-controle-de-gastos.png\"\n\t\t\t\t>\n\t\t\t<\/picture>\n\t\t<\/a>\n\t<\/p>\n\n<\/span><\/p>\n<p>No Brasil, o crescimento do <a href=\"https:\/\/www.suno.com.br\/artigos\/pib-produto-interno-bruto\/\">Produto Interno Bruno (PIB)<\/a> segue em revis\u00e3o, n\u00e3o descartando para este ano crescimento mais pr\u00f3ximo de 6% do que de 5%. Isso acontece depois da divulga\u00e7\u00e3o do PIB do primeiro trimestre, mostrando bom dinamismo, com <a href=\"https:\/\/www.suno.com.br\/noticias\/pib-avanca-12-no-primeiro-trimestre-e-retoma-nivel-pre-pandemia\/\">crescimento de 1,2%<\/a> contra o trimestre anterior e 1% contra o mesmo trimestre do ano passado. Neste desempenho, destaque para os investimentos e o consumo das empresas, com o consumo das fam\u00edlias e do governo \u201cmeio de lado\u201d.<\/p>\n<p>Isso posto, observamos a bolsa de valores \u201crompendo\u201d recordes di\u00e1rios e o d\u00f3lar, testando o piso de R$ 5,00. Como a diferen\u00e7a de juro interno e externo segue elevada, o ingresso de recursos estrangeiros \u00e9 intenso, derrubando o d\u00f3lar.<\/p>\n<p>Isso impulsiona, tamb\u00e9m, as empresas brasileiras a <strong>emitirem d\u00edvidas corporativas<\/strong>, como vimos na \u00faltima semana com a Petrobras. Estimula tamb\u00e9m a ocorr\u00eancia de IPOs, que devem come\u00e7ar a aparecer, dada a \u201cjanela de oportunidade\u201d, com o rally da bolsa de valores.<\/p>\n<p>Na semana n\u00e3o teremos discursos dos membros do FOMC e do COPOM, j\u00e1 que o per\u00edodo \u00e9 de blackout, quando os membros n\u00e3o podem se pronunciar, pois na semana seguinte teremos reuni\u00f5es destas institui\u00e7\u00f5es, com a divulga\u00e7\u00e3o das respectivas taxas de juros.<\/p>\n<p>Na esfera pol\u00edtica, a semana \u00e9 movimentada pela CPI da Pandemia no Senado. Um dos depoimentos marcados \u00e9 mais uma vez do ministro da Sa\u00fade, Marcelo Queiroga.<\/p>\n<p><span data-sheets-value=\"{&quot;1&quot;:2,&quot;2&quot;:&quot;Suno One: acesse gratuitamente eBooks, Minicursos, Artigos e V\u00eddeo Aulas sobre investimentos com um \u00fanico cadastro. Clique para saber mais!&quot;}\" data-sheets-userformat=\"{&quot;2&quot;:1317635,&quot;3&quot;:{&quot;1&quot;:0},&quot;4&quot;:[null,2,16777215],&quot;11&quot;:4,&quot;12&quot;:0,&quot;14&quot;:[null,2,1136076],&quot;15&quot;:&quot;Roboto, RobotoDraft, Helvetica, Arial, sans-serif&quot;,&quot;21&quot;:1,&quot;23&quot;:1}\" data-sheets-hyperlink=\"https:\/\/lp.suno.com.br\/suno-one\/\"><a class=\"in-cell-link\" href=\"https:\/\/lp.suno.com.br\/suno-one\/\" target=\"_blank\" rel=\"noopener noreferrer\">Suno One: acesse gratuitamente eBooks, Minicursos, Artigos e V\u00eddeo Aulas sobre investimentos com um \u00fanico cadastro. Clique para saber mais!<\/a><\/span><\/p>\n<p>No Senado, destaque para a MP da <a href=\"http:\/\/www.suno.com.br\/acoes\/elet3\">Eletrobras (ELET3)<\/a>, que pode ser votada na quinta-feira (dia 10). Lembremos que como \u00e9 uma MP, possui prazo para ser votada, at\u00e9 o dia 22, sob o risco de perder validade (\u201ccaducar\u201d). Na ter\u00e7a-feira, dia 08\/06, o PSDB deve discutir as regras das pr\u00e9vias, marcadas para novembro, para decidir o candidato \u00e0 presidente da legenda.<\/p>\n<p>Arthur Lira promete definir um <strong>calend\u00e1rio para a Reforma Administrativa<\/strong> com os l\u00edderes partid\u00e1rios. Sobre esta, estejamos atentos, pois <strong>o presidente Bolsonaro j\u00e1 deixou nas \u201centrelinhas\u201d n\u00e3o estar interessado em vot\u00e1-la com pressa<\/strong>, por mexer com os servidores em per\u00edodo pr\u00e9-eleitoral. Sobre a <a class=\"suno-keyword\" href=\"https:\/\/www.suno.com.br\/artigos\/reforma-tributaria\/\" target=\"_blank\" rel=\"noopener noreferrer\" data-force=\"no\" data-priority=\"2\">reforma tribut\u00e1ria<\/a>, de certeza temos que ser\u00e1 fatiada, com a primeira etapa a fus\u00e3o do PIS Confins pela CBS. Ainda temos debates sobre uma reforma dos impostos que incidem sobre o consumo, as al\u00edquotas do Imposto de Renda, a fus\u00e3o do IPI e do ISS, dentre tantas demandas.<\/p>\n<p>Iniciamos a semana, tamb\u00e9m, repercutindo a elei\u00e7\u00e3o no PERU, com a poss\u00edvel vantagem da candidata Keiko Fujimori, contra o candidato populista Pedro Castillo. Dois extremos, de direita e esquerda, com a filha do ex-presidente Fujimori, pegando 30 anos de cadeia, se eleita, prometendo uma anistia ao pai. Pelo lado das esquerdas, um candidato do campo, do interior do PERU, surgido das profundezas dos Andes, professor e ligado aos sindicatos. Muitos o veem seguindo o mesmo caminho de Evo Morales na Bol\u00edvia e Rafael Correa no Equador. Muito populismo, muita corrup\u00e7\u00e3o, n\u00e3o que Keiko tamb\u00e9m n\u00e3o represente isso.<\/p>\n<p>Pesquisas \u201crodadas\u201d em Lima, pelo IPSOS, indicavam Keiko com 50,3% contra Castillo, com 49,7%. Uma elei\u00e7\u00e3o muito \u201capertada\u201d, disputada no detalhe, meio que repetindo o que acontece em muitos pa\u00edses hoje em dia, na disputa entre \u201cextremos\u201d. Existe no Peru, de fato, uma \u201cbarreira\u201d, entre os \u201ccholos\u201d, os nativos, do interior profundo do pa\u00eds, e os que vivem na grande capital peruana, Lima.<\/p>\n<p>Lembremos que nas \u00faltimas elei\u00e7\u00f5es, Keiko tamb\u00e9m disputou, mas perdeu para Pedro Pablo Kuczynski (PPK) por POUCO e agora sua vantagem tamb\u00e9m \u00e9 apertada, 0,6%, o que deve levantar muita pol\u00eamica e at\u00e9 a exig\u00eancia de recontagens.<\/p>\n<p>\u00c9 o <strong>fen\u00f4meno do populismo<\/strong>. Elei\u00e7\u00f5es muito disputadas, entre <strong>candidatos da extrema esquerda e da direita<\/strong>, n\u00e3o sabendo qual mais \u201cinconveniente\u201d, com discursos delirantes, de dif\u00edcil cumprimento. No entanto, imaginem, at\u00e9 Mario Vargas Llosa, o Nobel de Literatura peruano, receoso da bandeira populista de Castillo, apoia Keiko Fujimori. Imagina que Vargas Llosa j\u00e1 travou uma batalha eleitoral com Fujimori nos anos 90.<\/p>\n<p>Retornando ao Brasil, na semana como um todo o debate sobre a <strong>extens\u00e3o do aux\u00edlio emergencial<\/strong> deve ganhar for\u00e7a. J\u00e1 se comenta que o programa Bolsa Fam\u00edlia deve ser reformulado, com destaque para o nome alterado e o montante a ser distribu\u00eddo entre os mais pobres.<\/p>\n<p>Na segunda-feira, dia 07\/06, a MP 1034\/20, que aumenta a CSLL para os bancos e acaba de forma gradual com o Reiq, benef\u00edcio tribut\u00e1rio para o setor petroqu\u00edmico, come\u00e7a a ser analisada pelo Senado.<\/p>\n<p>Na ter\u00e7a-feira, dia 08\/06, como j\u00e1 dito, a CPI da Pandemia do Senado ouve o depoimento do ministro da Sa\u00fade, Marcelo Queiroga. O ministro do Desenvolvimento Regional, Rog\u00e9rio Marinho, fala na Comiss\u00e3o do Trabalho da C\u00e2mara sobre or\u00e7amento paralelo. E acontece a reuni\u00e3o da Executiva Nacional do PSDB, debatendo a proposta para as pr\u00e9vias do partido, marcadas para 21 de novembro.<\/p>\n<p>Na quarta-feira, dia 09\/06, o senador Marcos Rog\u00e9rio (DEM-RO), relator da MP da Eletrobras, deve apresentar seu relat\u00f3rio. Na CPI da Pandemia do Senado temos o depoimento do ex-secret\u00e1rio de Sa\u00fade \u00c9lcio Franco.<\/p>\n<p>Na quinta-feira, 10\/06, o presidente Jair Bolsonaro promove sua live, \u00e0s 19h, para apresentar o seu balan\u00e7o da semana; o Senado pode votar a MP que trata da privatiza\u00e7\u00e3o da Eletrobras; a CPI da Pandemia do Senado ouve o depoimento de Wilson Lima, governador do Amazona; e o Supremo Tribunal Federal (STF) discute a possibilidade de cancelamento de registro de empresas tabagistas pelo n\u00e3o pagamento contumaz de tributos.<\/p>\n<p>Na sexta-feira, 11\/06, a CPI da Pandemia do Senado promove debate com m\u00e9dicos e cientistas.<\/p>\n<p>No cen\u00e1rio internacional, estejamos atentos \u00e0 leitura da infla\u00e7\u00e3o nos EUA (CPI de maio) e o <a class=\"suno-keyword\" href=\"https:\/\/www.suno.com.br\/artigos\/mercado-de-trabalho\/\" target=\"_blank\" rel=\"noopener noreferrer\" data-force=\"no\" data-priority=\"2\">mercado de trabalho<\/a> na quinta-feira, podendo impactar nos rendimentos (yields) do Tesouro norte-americano nessa semana pr\u00e9-reuni\u00e3o do FOMC\/FED. \u00c9 semana tamb\u00e9m de decis\u00e3o sobre a taxa de Juros do BCE e de decis\u00e3o sobre a taxa de Juros de outros pa\u00edses emergentes, destaque para a R\u00fassia. Teremos o crescimento do PIB no Jap\u00e3o e na <a class=\"suno-keyword\" href=\"https:\/\/www.suno.com.br\/artigos\/zona-do-euro\/\" target=\"_blank\" rel=\"noopener noreferrer\" data-force=\"no\" data-priority=\"1\">Zona do Euro<\/a>. Na China, destaquemos o CPI e a balan\u00e7a comercial.<\/p>\n<p>Boa semana e bons neg\u00f3cios!<\/p>\n<p><span data-sheets-value=\"{&quot;1&quot;:2,&quot;2&quot;:&quot;&quot;}\" data-sheets-userformat=\"{&quot;2&quot;:6723,&quot;3&quot;:{&quot;1&quot;:0},&quot;4&quot;:[null,2,16777215],&quot;9&quot;:0,&quot;12&quot;:0,&quot;14&quot;:[null,2,0],&quot;15&quot;:&quot;Arial&quot;}\">\t<p>\n\t\t<a href=\"https:\/\/lp.suno.com.br\/planilha-da-vida-financeira\/\" target=\"_blank\" data-element=\"shortcode-suno-banner\" title=\"Banner SUNO, clique e saiba mais\">\n\t\t\t<picture>\n\t\t\t\t<source media=\"(max-width: 500px)\" srcset=\"https:\/\/files.sunoresearch.com.br\/n\/uploads\/2023\/04\/400x300-Planilha-vida-financeira-true.png\">\n\t\t\t\t<img class=\"newsContent__article__imgCapa newsContent__article__imgCapa--banner\"\n\t\t\t\t\tsrc=\"https:\/\/files.sunoresearch.com.br\/n\/uploads\/2023\/04\/1420x240-Planilha-vida-financeira-true.png\"\n\t\t\t\t\tdata-promo-id=\"106682\"\t\t\t\t\t\t\t\t\t\twidth='1420' height='240'\t\t\t\t\talt=\"https:\/\/files.sunoresearch.com.br\/n\/uploads\/2023\/04\/1420x240-Planilha-vida-financeira-true.png\"\n\t\t\t\t>\n\t\t\t<\/picture>\n\t\t<\/a>\n\t<\/p>\n\n<\/span><\/p>\n<table>\n<tbody>\n<tr>\n<td colspan=\"2\"><strong>Agenda Semanal<\/strong><\/td>\n<\/tr>\n<tr>\n<td><strong>2\u00aa feira (07)<\/strong><\/td>\n<td>Balan\u00e7a Comercial (Mai) (China); Pesquisa Focus (Brasil); FED \u2013 Cr\u00e9dito ao Consumidor (Abr) (EUA); Crescimento do PIB (Q1) (Jap\u00e3o).<\/td>\n<\/tr>\n<tr>\n<td><strong>3\u00aa feira (08)<\/strong><\/td>\n<td>Produ\u00e7\u00e3o Industrial \u2013 Alemanha; \u00cdndice ZEW \u2013 Alemanha; Crescimento do PIB e Emprego (Q1) (Euro); IGP-DI \u2013 Infla\u00e7\u00e3o FGV (Mai) (Brasil); Vendas no Varejo (PMC, IBGE, Abr) (Brasil); Balan\u00e7a Comercial (Abr) (EUA); Ofertas de Emprego JOLTs (Abr) (EUA); leil\u00e3o do Tesouro Nacional NTN-B (Brasil); Leil\u00e3o Americano Note a 3 anos (EUA); BC do Chile \u2013 decis\u00e3o de pol\u00edtica monet\u00e1ria (Chile); IPC (CPI) (Mai) e IPP (PPI) (Mai) (China).<\/td>\n<\/tr>\n<tr>\n<td><strong> E 4\u00aa feira (09)<\/strong><\/td>\n<td>IPCA (Mai) (Brasil); BoC &#8211; decis\u00e3o de pol\u00edtica monet\u00e1ria \u2013 Canad\u00e1; Estoques de Petr\u00f3leo em Cushing; Confian\u00e7a do Consumidor Reuters (Brasil); Leil\u00e3o Americano Note a 10 anos (EUA); Fluxo Cambial Estrangeiro (Brasil).<\/td>\n<\/tr>\n<tr>\n<td><strong>5\u00aa feira (10)<\/strong><\/td>\n<td>Decis\u00e3o da Taxa de Juros BCE (Euro); IPC (CPI) (Mai) (EUA); Pedidos Iniciais por Seguro-Desemprego (IJC) (EUA); Coletiva de Imprensa do BCE (Euro); Leil\u00e3o Tesouro Nacional LFT, NTN-F, LTN (Brasil); Leil\u00e3o Americano Bond a 30 anos (EUA); Bacen &#8211; decis\u00e3o de pol\u00edtica monet\u00e1ria \u2013 Peru; Relat\u00f3rio Mensal da OPEP.<\/td>\n<\/tr>\n<tr>\n<td><strong>6\u00aa feira (11)<\/strong><\/td>\n<td>Bacen &#8211; decis\u00e3o de pol\u00edtica monet\u00e1ria \u2013 R\u00fassia; Crescimento do Setor de Servi\u00e7os (Brasil); Confian\u00e7a do Consumidor Michigan (EUA); Contagem de Sondas Baker Hughes; G7 realiza c\u00fapula.<\/td>\n<\/tr>\n<\/tbody>\n<\/table>\n<p><span data-sheets-value=\"{&quot;1&quot;:2,&quot;2&quot;:&quot;&quot;}\" data-sheets-userformat=\"{&quot;2&quot;:513,&quot;3&quot;:{&quot;1&quot;:0},&quot;12&quot;:0}\">\t<p>\n\t\t<a href=\"https:\/\/lp.suno.com.br\/planilha-de-controle-de-investimentos\/\" target=\"_blank\" data-element=\"shortcode-suno-banner\" title=\"Banner SUNO, clique e saiba mais\">\n\t\t\t<picture>\n\t\t\t\t<source media=\"(max-width: 500px)\" srcset=\"https:\/\/files.sunoresearch.com.br\/n\/uploads\/2023\/03\/400x300-Controle-de-Investimentos.png\">\n\t\t\t\t<img class=\"newsContent__article__imgCapa newsContent__article__imgCapa--banner\"\n\t\t\t\t\tsrc=\"https:\/\/files.sunoresearch.com.br\/n\/uploads\/2023\/03\/1420x240-Controle-de-Investimentos.png\"\n\t\t\t\t\tdata-promo-id=\"75934\"\t\t\t\t\t\t\t\t\t\twidth='1420' height='240'\t\t\t\t\talt=\"https:\/\/files.sunoresearch.com.br\/n\/uploads\/2023\/03\/1420x240-Controle-de-Investimentos.png\"\n\t\t\t\t>\n\t\t\t<\/picture>\n\t\t<\/a>\n\t<\/p>\n\n<\/span><\/p>\n","protected":false},"excerpt":{"rendered":"<p>Iniciamos a semana focados na agenda pol\u00edtica, embora a econ\u00f4mica n\u00e3o fique muito atr\u00e1s, dada a divulga\u00e7\u00e3o do \u00cdndice de Pre\u00e7os ao Consumidor Amplo (IPCA) de maio na qu&#8230;<\/p>\n","protected":false},"author":82,"featured_media":0,"template":"","tags":[],"class_list":["post-154885","suno_column","type-suno_column","status-publish","hentry"],"yoast_head":"<!-- This site is optimized with the Yoast SEO plugin v24.4 - https:\/\/yoast.com\/wordpress\/plugins\/seo\/ -->\n<title>Semana cheia na pol\u00edtica e economia - Coluna de Julio Hegedus<\/title>\n<meta name=\"description\" content=\"Confira a coluna de Julio Hegedus sobre a ag\u00eancia pol\u00edtica com MP da Eletrobras e CPI, al\u00e9m de IPCA e dados de varejo e servi\u00e7os\" \/>\n<meta name=\"robots\" content=\"index, follow, max-snippet:-1, max-image-preview:large, max-video-preview:-1\" \/>\n<link rel=\"canonical\" href=\"https:\/\/www.suno.com.br\/noticias\/colunas\/julio-hegedus-netto\/semana-politica-economia-ipca-cpi-eletrobras-elet3\/\" \/>\n<meta property=\"og:locale\" content=\"pt_BR\" \/>\n<meta property=\"og:type\" content=\"article\" \/>\n<meta property=\"og:title\" content=\"Semana cheia na pol\u00edtica e economia - Coluna de Julio Hegedus\" \/>\n<meta property=\"og:description\" content=\"Confira a coluna de Julio Hegedus sobre a ag\u00eancia pol\u00edtica com MP da Eletrobras e CPI, al\u00e9m de IPCA e dados de varejo e servi\u00e7os\" \/>\n<meta property=\"og:url\" content=\"https:\/\/www.suno.com.br\/noticias\/colunas\/julio-hegedus-netto\/semana-politica-economia-ipca-cpi-eletrobras-elet3\/\" \/>\n<meta property=\"og:site_name\" content=\"Suno Not\u00edcias\" \/>\n<meta property=\"article:publisher\" content=\"https:\/\/facebook.com\/sunoresearch\" \/>\n<meta property=\"og:image\" content=\"https:\/\/files.sunoresearch.com.br\/n\/uploads\/2022\/06\/Modelo2.jpg\" \/>\n\t<meta property=\"og:image:width\" content=\"1200\" \/>\n\t<meta property=\"og:image:height\" content=\"627\" \/>\n\t<meta property=\"og:image:type\" content=\"image\/jpeg\" \/>\n<meta name=\"twitter:card\" content=\"summary_large_image\" \/>\n<meta name=\"twitter:site\" content=\"@sunoresearch\" \/>\n<meta name=\"twitter:label1\" content=\"Est. tempo de leitura\" \/>\n\t<meta name=\"twitter:data1\" content=\"7 minutos\" \/>\n<script type=\"application\/ld+json\" class=\"yoast-schema-graph\">{\"@context\":\"https:\/\/schema.org\",\"@graph\":[{\"@type\":\"Article\",\"@id\":\"https:\/\/www.suno.com.br\/noticias\/colunas\/julio-hegedus-netto\/semana-politica-economia-ipca-cpi-eletrobras-elet3\/#article\",\"isPartOf\":{\"@id\":\"https:\/\/www.suno.com.br\/noticias\/colunas\/julio-hegedus-netto\/semana-politica-economia-ipca-cpi-eletrobras-elet3\/\"},\"author\":{\"name\":\"Julio Hegedus Netto\",\"@id\":\"https:\/\/www.suno.com.br\/noticias\/#\/schema\/person\/c5d31719f2f2f38c8d575fc08e55df1a\"},\"headline\":\"Semana cheia na pol\u00edtica e economia\",\"datePublished\":\"2021-06-07T13:51:26+00:00\",\"mainEntityOfPage\":{\"@id\":\"https:\/\/www.suno.com.br\/noticias\/colunas\/julio-hegedus-netto\/semana-politica-economia-ipca-cpi-eletrobras-elet3\/\"},\"wordCount\":1413,\"publisher\":{\"@id\":\"https:\/\/www.suno.com.br\/noticias\/#organization\"},\"inLanguage\":\"pt-BR\"},{\"@type\":\"WebPage\",\"@id\":\"https:\/\/www.suno.com.br\/noticias\/colunas\/julio-hegedus-netto\/semana-politica-economia-ipca-cpi-eletrobras-elet3\/\",\"url\":\"https:\/\/www.suno.com.br\/noticias\/colunas\/julio-hegedus-netto\/semana-politica-economia-ipca-cpi-eletrobras-elet3\/\",\"name\":\"Semana cheia na pol\u00edtica e economia - Coluna de Julio Hegedus\",\"isPartOf\":{\"@id\":\"https:\/\/www.suno.com.br\/noticias\/#website\"},\"datePublished\":\"2021-06-07T13:51:26+00:00\",\"description\":\"Confira a coluna de Julio Hegedus sobre a ag\u00eancia pol\u00edtica com MP da Eletrobras e CPI, al\u00e9m de IPCA e dados de varejo e servi\u00e7os\",\"breadcrumb\":{\"@id\":\"https:\/\/www.suno.com.br\/noticias\/colunas\/julio-hegedus-netto\/semana-politica-economia-ipca-cpi-eletrobras-elet3\/#breadcrumb\"},\"inLanguage\":\"pt-BR\",\"potentialAction\":[{\"@type\":\"ReadAction\",\"target\":[\"https:\/\/www.suno.com.br\/noticias\/colunas\/julio-hegedus-netto\/semana-politica-economia-ipca-cpi-eletrobras-elet3\/\"]}]},{\"@type\":\"BreadcrumbList\",\"@id\":\"https:\/\/www.suno.com.br\/noticias\/colunas\/julio-hegedus-netto\/semana-politica-economia-ipca-cpi-eletrobras-elet3\/#breadcrumb\",\"itemListElement\":[{\"@type\":\"ListItem\",\"position\":1,\"name\":\"Not\u00edcias\",\"item\":\"https:\/\/www.suno.com.br\/noticias\/\"},{\"@type\":\"ListItem\",\"position\":2,\"name\":\"Colunas\",\"item\":\"https:\/\/www.suno.com.br\/noticias\/colunas\/\"},{\"@type\":\"ListItem\",\"position\":3,\"name\":\"Semana cheia na pol\u00edtica e economia\"}]},{\"@type\":\"WebSite\",\"@id\":\"https:\/\/www.suno.com.br\/noticias\/#website\",\"url\":\"https:\/\/www.suno.com.br\/noticias\/\",\"name\":\"Suno Not\u00edcias\",\"description\":\"Seu portal de informa\u00e7\u00e3o sobre o mundo dos investimentos\",\"publisher\":{\"@id\":\"https:\/\/www.suno.com.br\/noticias\/#organization\"},\"potentialAction\":[{\"@type\":\"SearchAction\",\"target\":{\"@type\":\"EntryPoint\",\"urlTemplate\":\"https:\/\/www.suno.com.br\/noticias\/?s={search_term_string}\"},\"query-input\":{\"@type\":\"PropertyValueSpecification\",\"valueRequired\":true,\"valueName\":\"search_term_string\"}}],\"inLanguage\":\"pt-BR\"},{\"@type\":\"Organization\",\"@id\":\"https:\/\/www.suno.com.br\/noticias\/#organization\",\"name\":\"Suno Not\u00edcias\",\"url\":\"https:\/\/www.suno.com.br\/noticias\/\",\"logo\":{\"@type\":\"ImageObject\",\"inLanguage\":\"pt-BR\",\"@id\":\"https:\/\/www.suno.com.br\/noticias\/#\/schema\/logo\/image\/\",\"url\":\"https:\/\/files.sunoresearch.com.br\/n\/uploads\/2021\/09\/suno-logo.png\",\"contentUrl\":\"https:\/\/files.sunoresearch.com.br\/n\/uploads\/2021\/09\/suno-logo.png\",\"width\":180,\"height\":180,\"caption\":\"Suno Not\u00edcias\"},\"image\":{\"@id\":\"https:\/\/www.suno.com.br\/noticias\/#\/schema\/logo\/image\/\"},\"sameAs\":[\"https:\/\/facebook.com\/sunoresearch\",\"https:\/\/x.com\/sunoresearch\",\"https:\/\/www.instagram.com\/suno\",\"https:\/\/www.linkedin.com\/company\/suno-research\/\",\"https:\/\/www.youtube.com\/c\/sunoresearch\"]},{\"@type\":\"Person\",\"@id\":\"https:\/\/www.suno.com.br\/noticias\/#\/schema\/person\/c5d31719f2f2f38c8d575fc08e55df1a\",\"name\":\"Julio Hegedus Netto\",\"image\":{\"@type\":\"ImageObject\",\"inLanguage\":\"pt-BR\",\"@id\":\"https:\/\/www.suno.com.br\/noticias\/#\/schema\/person\/image\/\",\"url\":\"https:\/\/secure.gravatar.com\/avatar\/870043f332ebddfffd4a9e3a5dd46c13?s=96&r=g\",\"contentUrl\":\"https:\/\/secure.gravatar.com\/avatar\/870043f332ebddfffd4a9e3a5dd46c13?s=96&r=g\",\"caption\":\"Julio Hegedus Netto\"},\"description\":\"Economista-chefe da Lopes Filho por 26 anos, com mestrado na UFF e na UCAM e doutorando em Portugal. Escrevo relat\u00f3rios para a OHM RESEARCH e disponibilizo conte\u00fados no IML, Investing.com, Linkedin e Suno Not\u00edcias.\",\"sameAs\":[\"https:\/\/jhn031299.blogspot.com\/\",\"https:\/\/www.facebook.com\/julio.hegedus.5\",\"https:\/\/www.linkedin.com\/in\/juliohegedusnetto\/\",\"https:\/\/x.com\/JuHegedus\"],\"url\":\"https:\/\/www.suno.com.br\/noticias\/author\/julio-hegedus-netto\/\"}]}<\/script>\n<!-- \/ Yoast SEO plugin. -->","yoast_head_json":{"title":"Semana cheia na pol\u00edtica e economia - Coluna de Julio Hegedus","description":"Confira a coluna de Julio Hegedus sobre a ag\u00eancia pol\u00edtica com MP da Eletrobras e CPI, al\u00e9m de IPCA e dados de varejo e servi\u00e7os","robots":{"index":"index","follow":"follow","max-snippet":"max-snippet:-1","max-image-preview":"max-image-preview:large","max-video-preview":"max-video-preview:-1"},"canonical":"https:\/\/www.suno.com.br\/noticias\/colunas\/julio-hegedus-netto\/semana-politica-economia-ipca-cpi-eletrobras-elet3\/","og_locale":"pt_BR","og_type":"article","og_title":"Semana cheia na pol\u00edtica e economia - Coluna de Julio Hegedus","og_description":"Confira a coluna de Julio Hegedus sobre a ag\u00eancia pol\u00edtica com MP da Eletrobras e CPI, al\u00e9m de IPCA e dados de varejo e servi\u00e7os","og_url":"https:\/\/www.suno.com.br\/noticias\/colunas\/julio-hegedus-netto\/semana-politica-economia-ipca-cpi-eletrobras-elet3\/","og_site_name":"Suno Not\u00edcias","article_publisher":"https:\/\/facebook.com\/sunoresearch","og_image":[{"width":1200,"height":627,"url":"https:\/\/files.sunoresearch.com.br\/n\/uploads\/2022\/06\/Modelo2.jpg","type":"image\/jpeg"}],"twitter_card":"summary_large_image","twitter_site":"@sunoresearch","twitter_misc":{"Est. tempo de leitura":"7 minutos"},"schema":{"@context":"https:\/\/schema.org","@graph":[{"@type":"Article","@id":"https:\/\/www.suno.com.br\/noticias\/colunas\/julio-hegedus-netto\/semana-politica-economia-ipca-cpi-eletrobras-elet3\/#article","isPartOf":{"@id":"https:\/\/www.suno.com.br\/noticias\/colunas\/julio-hegedus-netto\/semana-politica-economia-ipca-cpi-eletrobras-elet3\/"},"author":{"name":"Julio Hegedus Netto","@id":"https:\/\/www.suno.com.br\/noticias\/#\/schema\/person\/c5d31719f2f2f38c8d575fc08e55df1a"},"headline":"Semana cheia na pol\u00edtica e economia","datePublished":"2021-06-07T13:51:26+00:00","mainEntityOfPage":{"@id":"https:\/\/www.suno.com.br\/noticias\/colunas\/julio-hegedus-netto\/semana-politica-economia-ipca-cpi-eletrobras-elet3\/"},"wordCount":1413,"publisher":{"@id":"https:\/\/www.suno.com.br\/noticias\/#organization"},"inLanguage":"pt-BR"},{"@type":"WebPage","@id":"https:\/\/www.suno.com.br\/noticias\/colunas\/julio-hegedus-netto\/semana-politica-economia-ipca-cpi-eletrobras-elet3\/","url":"https:\/\/www.suno.com.br\/noticias\/colunas\/julio-hegedus-netto\/semana-politica-economia-ipca-cpi-eletrobras-elet3\/","name":"Semana cheia na pol\u00edtica e economia - Coluna de Julio Hegedus","isPartOf":{"@id":"https:\/\/www.suno.com.br\/noticias\/#website"},"datePublished":"2021-06-07T13:51:26+00:00","description":"Confira a coluna de Julio Hegedus sobre a ag\u00eancia pol\u00edtica com MP da Eletrobras e CPI, al\u00e9m de IPCA e dados de varejo e servi\u00e7os","breadcrumb":{"@id":"https:\/\/www.suno.com.br\/noticias\/colunas\/julio-hegedus-netto\/semana-politica-economia-ipca-cpi-eletrobras-elet3\/#breadcrumb"},"inLanguage":"pt-BR","potentialAction":[{"@type":"ReadAction","target":["https:\/\/www.suno.com.br\/noticias\/colunas\/julio-hegedus-netto\/semana-politica-economia-ipca-cpi-eletrobras-elet3\/"]}]},{"@type":"BreadcrumbList","@id":"https:\/\/www.suno.com.br\/noticias\/colunas\/julio-hegedus-netto\/semana-politica-economia-ipca-cpi-eletrobras-elet3\/#breadcrumb","itemListElement":[{"@type":"ListItem","position":1,"name":"Not\u00edcias","item":"https:\/\/www.suno.com.br\/noticias\/"},{"@type":"ListItem","position":2,"name":"Colunas","item":"https:\/\/www.suno.com.br\/noticias\/colunas\/"},{"@type":"ListItem","position":3,"name":"Semana cheia na pol\u00edtica e economia"}]},{"@type":"WebSite","@id":"https:\/\/www.suno.com.br\/noticias\/#website","url":"https:\/\/www.suno.com.br\/noticias\/","name":"Suno Not\u00edcias","description":"Seu portal de informa\u00e7\u00e3o sobre o mundo dos investimentos","publisher":{"@id":"https:\/\/www.suno.com.br\/noticias\/#organization"},"potentialAction":[{"@type":"SearchAction","target":{"@type":"EntryPoint","urlTemplate":"https:\/\/www.suno.com.br\/noticias\/?s={search_term_string}"},"query-input":{"@type":"PropertyValueSpecification","valueRequired":true,"valueName":"search_term_string"}}],"inLanguage":"pt-BR"},{"@type":"Organization","@id":"https:\/\/www.suno.com.br\/noticias\/#organization","name":"Suno Not\u00edcias","url":"https:\/\/www.suno.com.br\/noticias\/","logo":{"@type":"ImageObject","inLanguage":"pt-BR","@id":"https:\/\/www.suno.com.br\/noticias\/#\/schema\/logo\/image\/","url":"https:\/\/files.sunoresearch.com.br\/n\/uploads\/2021\/09\/suno-logo.png","contentUrl":"https:\/\/files.sunoresearch.com.br\/n\/uploads\/2021\/09\/suno-logo.png","width":180,"height":180,"caption":"Suno Not\u00edcias"},"image":{"@id":"https:\/\/www.suno.com.br\/noticias\/#\/schema\/logo\/image\/"},"sameAs":["https:\/\/facebook.com\/sunoresearch","https:\/\/x.com\/sunoresearch","https:\/\/www.instagram.com\/suno","https:\/\/www.linkedin.com\/company\/suno-research\/","https:\/\/www.youtube.com\/c\/sunoresearch"]},{"@type":"Person","@id":"https:\/\/www.suno.com.br\/noticias\/#\/schema\/person\/c5d31719f2f2f38c8d575fc08e55df1a","name":"Julio Hegedus Netto","image":{"@type":"ImageObject","inLanguage":"pt-BR","@id":"https:\/\/www.suno.com.br\/noticias\/#\/schema\/person\/image\/","url":"https:\/\/secure.gravatar.com\/avatar\/870043f332ebddfffd4a9e3a5dd46c13?s=96&r=g","contentUrl":"https:\/\/secure.gravatar.com\/avatar\/870043f332ebddfffd4a9e3a5dd46c13?s=96&r=g","caption":"Julio Hegedus Netto"},"description":"Economista-chefe da Lopes Filho por 26 anos, com mestrado na UFF e na UCAM e doutorando em Portugal. Escrevo relat\u00f3rios para a OHM RESEARCH e disponibilizo conte\u00fados no IML, Investing.com, Linkedin e Suno Not\u00edcias.","sameAs":["https:\/\/jhn031299.blogspot.com\/","https:\/\/www.facebook.com\/julio.hegedus.5","https:\/\/www.linkedin.com\/in\/juliohegedusnetto\/","https:\/\/x.com\/JuHegedus"],"url":"https:\/\/www.suno.com.br\/noticias\/author\/julio-hegedus-netto\/"}]}},"amp_enabled":true,"_links":{"self":[{"href":"https:\/\/www.suno.com.br\/noticias\/wp-json\/wp\/v2\/suno_column\/154885"}],"collection":[{"href":"https:\/\/www.suno.com.br\/noticias\/wp-json\/wp\/v2\/suno_column"}],"about":[{"href":"https:\/\/www.suno.com.br\/noticias\/wp-json\/wp\/v2\/types\/suno_column"}],"author":[{"embeddable":true,"href":"https:\/\/www.suno.com.br\/noticias\/wp-json\/wp\/v2\/users\/82"}],"wp:attachment":[{"href":"https:\/\/www.suno.com.br\/noticias\/wp-json\/wp\/v2\/media?parent=154885"}],"wp:term":[{"taxonomy":"post_tag","embeddable":true,"href":"https:\/\/www.suno.com.br\/noticias\/wp-json\/wp\/v2\/tags?post=154885"}],"curies":[{"name":"wp","href":"https:\/\/api.w.org\/{rel}","templated":true}]}}