{"id":152835,"date":"2021-05-31T10:55:12","date_gmt":"2021-05-31T13:55:12","guid":{"rendered":"https:\/\/www.suno.com.br\/noticias\/colunas\/felipe-areia\/"},"modified":"2021-05-31T10:55:12","modified_gmt":"2021-05-31T13:55:12","slug":"pib-brasil-cpi-covid-reformas","status":"publish","type":"suno_column","link":"https:\/\/www.suno.com.br\/noticias\/colunas\/julio-hegedus-netto\/pib-brasil-cpi-covid-reformas\/","title":{"rendered":"Semana de PIB, CPI da Covid e debates sobre reformas"},"content":{"rendered":"<p>Este \u00e9 o \u00faltimo dia \u00fatil de maio, segunda-feira, dia 31\/05, feriado nos EUA &#8211;\u00a0Memorial Day\u00a0&#8211; e no Reino Unido &#8211;\u00a0Spring Bank Holiday. Ali\u00e1s, nesta semana s\u00e3o dois dias de feriado, nesta segunda-feira, como citado, e na quinta-feira, com o\u00a0Corpus Christi\u00a0no Brasil. Nestes dias de feriado, nos EUA e no Reino Unido, a <strong>liquidez tende a ser bem mais baixa<\/strong>, o que se recomenda aos investidores mais cautela, s\u00f3 de olho nos ativos e n\u00e3o operando muito.<\/p>\n<p><span data-sheets-value=\"{&quot;1&quot;:2,&quot;2&quot;:&quot;&quot;}\" data-sheets-userformat=\"{&quot;2&quot;:6659,&quot;3&quot;:{&quot;1&quot;:0},&quot;4&quot;:[null,2,16777215],&quot;12&quot;:0,&quot;14&quot;:[null,2,0],&quot;15&quot;:&quot;Roboto, RobotoDraft, Helvetica, Arial, sans-serif&quot;}\">\t<p>\n\t\t<a href=\"https:\/\/lp.suno.com.br\/planilha-controle-gastos\/\" target=\"_blank\" data-element=\"shortcode-suno-banner\" title=\"Banner SUNO, clique e saiba mais\">\n\t\t\t<picture>\n\t\t\t\t<source media=\"(max-width: 500px)\" srcset=\"https:\/\/files.sunoresearch.com.br\/n\/uploads\/2023\/03\/400x300-Planilha-controle-de-gastos.png\">\n\t\t\t\t<img class=\"newsContent__article__imgCapa newsContent__article__imgCapa--banner\"\n\t\t\t\t\tsrc=\"https:\/\/files.sunoresearch.com.br\/n\/uploads\/2023\/03\/1420x240-Planilha-controle-de-gastos.png\"\n\t\t\t\t\tdata-promo-id=\"101751\"\t\t\t\t\t\t\t\t\t\twidth='1420' height='240'\t\t\t\t\talt=\"https:\/\/files.sunoresearch.com.br\/n\/uploads\/2023\/03\/1420x240-Planilha-controle-de-gastos.png\"\n\t\t\t\t>\n\t\t\t<\/picture>\n\t\t<\/a>\n\t<\/p>\n\n<\/span><\/p>\n<p>Sobre a agenda da semana, h\u00e1 a divulga\u00e7\u00e3o de <a href=\"https:\/\/www.suno.com.br\/artigos\/pmi\/\">PMIs<\/a> ao redor do mundo, o <a href=\"https:\/\/www.suno.com.br\/artigos\/pib-produto-interno-bruto\/\"><strong>PIB brasileiro<\/strong><\/a> na ter\u00e7a-feira e o\u00a0<a href=\"https:\/\/www.suno.com.br\/artigos\/payroll\/\">payroll\u00a0norte-americano<\/a> de maio, principal indicador de mercado de trabalho, na sexta-feira. Na pol\u00edtica, no Brasil, ainda seguem os debates em torno da <strong>CPI da Covid<\/strong> e a polariza\u00e7\u00e3o nas ruas.<\/p>\n<p>Nesta segunda-feira saem tr\u00eas indicadores da FGV, que oferecem um bom panorama da economia no primeiro semestre e as expectativas para os pr\u00f3ximos meses: o <a href=\"https:\/\/www.suno.com.br\/artigos\/indice-de-confianca\/\"><strong>\u00cdndice de Confian\u00e7a<\/strong><\/a><strong> Empresarial (ICE)<\/strong> de abril e as <strong>Sondagens do Com\u00e9rcio e de Servi\u00e7os<\/strong> de maio. Ao longo da semana ainda teremos as Sondagens da Constru\u00e7\u00e3o Civil e da Ind\u00fastria, todos da FGV.<\/p>\n<p>Segunda-feira \u00e9 dia tamb\u00e9m de Indicadores Fiscais Consolidados do Banco Central de abril, quando confirmaremos a boa trajet\u00f3ria do Tesouro neste m\u00eas em an\u00e1lise (R$ 21 bilh\u00f5es), a <strong>arrecada\u00e7\u00e3o federal<\/strong> foi puxada pela economia crescendo mais do que o esperado, e, pelo lado das despesas, o atraso na aprova\u00e7\u00e3o do Or\u00e7amento da Uni\u00e3o segurou boa parte das despesas discricion\u00e1rias e obrigat\u00f3rias.<\/p>\n<p><span data-sheets-value=\"{&quot;1&quot;:2,&quot;2&quot;:&quot;Suno One: acesse gratuitamente eBooks, Minicursos, Artigos e V\u00eddeo Aulas sobre investimentos com um \u00fanico cadastro. Clique para saber mais!&quot;}\" data-sheets-userformat=\"{&quot;2&quot;:1317635,&quot;3&quot;:{&quot;1&quot;:0},&quot;4&quot;:[null,2,16777215],&quot;11&quot;:4,&quot;12&quot;:0,&quot;14&quot;:[null,2,1136076],&quot;15&quot;:&quot;Roboto, RobotoDraft, Helvetica, Arial, sans-serif&quot;,&quot;21&quot;:1,&quot;23&quot;:1}\" data-sheets-hyperlink=\"https:\/\/lp.suno.com.br\/suno-one\/\"><a class=\"in-cell-link\" href=\"https:\/\/lp.suno.com.br\/suno-one\/\" target=\"_blank\" rel=\"noopener noreferrer\">Suno One: acesse gratuitamente eBooks, Minicursos, Artigos e V\u00eddeo Aulas sobre investimentos com um \u00fanico cadastro. Clique para saber mais!<\/a><\/span><\/p>\n<p>Na ter\u00e7a-feira (dia 1) saem variados indicadores PMI no exterior e no Brasil o PIB do primeiro trimestre, que deve vir melhor do que o esperado, entre est\u00e1vel, em pequena queda at\u00e9 crescendo 1%, o que deve ser um sinal para a <strong>revis\u00e3o do PIB no ano<\/strong>, crescente acima de 4%, com algumas institui\u00e7\u00f5es j\u00e1 enxergando 5%.\u00a0Isso parece ensejar alguma unanimidade, dada a \u201cvelocidade\u201d da vacina\u00e7\u00e3o nos \u00faltimos dias. O segundo semestre deve ser de <strong>retomada mais consistente da economia<\/strong>, embora n\u00e3o possamos excluir o risco de uma \u201cterceira onda\u201d, ainda mais com a cepa indiana \u00e0 espreita e os problemas pol\u00edticos de sempre. J\u00e1 s\u00e3o 462 mil mortos, mas caindo as mortes di\u00e1rias.<\/p>\n<p>Na quarta-feira (dia 2) \u00e9 divulgado tamb\u00e9m o indicador de Produ\u00e7\u00e3o Industrial de abril, pelo IBGE, para que seja poss\u00edvel esta melhor leitura da situa\u00e7\u00e3o de retomada. Nos EUA, sai o <a href=\"https:\/\/www.suno.com.br\/artigos\/livro-bege\/\">Livro Bege<\/a>, tamb\u00e9m um panorama bem amplo sobre o ritmo da economia norte-americana. Por l\u00e1 o que se tem \u00e9 a infla\u00e7\u00e3o acelerada, na nossa opini\u00e3o, tempor\u00e1ria, pela reabertura e os gargalos de produ\u00e7\u00e3o em alguns setores, como exemplo, nos semicondutores para autom\u00f3veis, e uma economia que retoma lentamente em alguns setores, mais intensa em outros.<\/p>\n<p>Na quinta-feira (dia 3), feriado no Brasil (Corpus Christi), mais PMIs variados em v\u00e1rios pa\u00edses e os indicadores de gera\u00e7\u00e3o de emprego do setor privado norte-americano, ADP. Esta \u00e9 tamb\u00e9m uma monitoriza\u00e7\u00e3o atenta por l\u00e1, pois saberemos com mais exatid\u00e3o o <strong>ritmo na gera\u00e7\u00e3o de empregos<\/strong> e os impactos paralelos na infla\u00e7\u00e3o. Sexta-feira (dia 4) \u00e9 dia de payroll e taxa de desemprego, ambos de maio, sendo que podem chegar a 500 mil vagas geradas, bem mais do que a \u201cdecep\u00e7\u00e3o\u201d de abril (266 mil).<\/p>\n<p>No Brasil, estejamos atentos \u00e0s discuss\u00f5es em torno das <strong>reformas e as privatiza\u00e7\u00f5es no Congresso<\/strong>, assim como a <strong>CPI da Covid<\/strong> e a <strong>poss\u00edvel extens\u00e3o do aux\u00edlio emergencial<\/strong> para al\u00e9m de julho. Temos tamb\u00e9m as escaramu\u00e7as em torno da crise h\u00eddrica e o uso intensivo de termoel\u00e9tricas e o ciclo de vacina\u00e7\u00e3o.<\/p>\n<p>Nesta ter\u00e7a-feira a CPI da Covid deve mobilizar muita gente com opini\u00f5es controversas, a come\u00e7ar pela m\u00e9dica NISE YAMAGUSHI, defensora do <strong>tratamento preventivo e da cloroquina<\/strong>. Ser\u00e1 uma semana tamb\u00e9m em que deve repercutir os \u201crecursos jur\u00eddicos\u201d, que muitos governadores devem apresentar contra o convite para depoimento na CPI.<\/p>\n<p><span data-sheets-value=\"{&quot;1&quot;:2,&quot;2&quot;:&quot;&quot;}\" data-sheets-userformat=\"{&quot;2&quot;:6723,&quot;3&quot;:{&quot;1&quot;:0},&quot;4&quot;:[null,2,16777215],&quot;9&quot;:0,&quot;12&quot;:0,&quot;14&quot;:[null,2,0],&quot;15&quot;:&quot;Arial&quot;}\">\t<p>\n\t\t<a href=\"https:\/\/lp.suno.com.br\/planilha-da-vida-financeira\/\" target=\"_blank\" data-element=\"shortcode-suno-banner\" title=\"Banner SUNO, clique e saiba mais\">\n\t\t\t<picture>\n\t\t\t\t<source media=\"(max-width: 500px)\" srcset=\"https:\/\/files.sunoresearch.com.br\/n\/uploads\/2023\/04\/400x300-Planilha-vida-financeira-true.png\">\n\t\t\t\t<img class=\"newsContent__article__imgCapa newsContent__article__imgCapa--banner\"\n\t\t\t\t\tsrc=\"https:\/\/files.sunoresearch.com.br\/n\/uploads\/2023\/04\/1420x240-Planilha-vida-financeira-true.png\"\n\t\t\t\t\tdata-promo-id=\"106682\"\t\t\t\t\t\t\t\t\t\twidth='1420' height='240'\t\t\t\t\talt=\"https:\/\/files.sunoresearch.com.br\/n\/uploads\/2023\/04\/1420x240-Planilha-vida-financeira-true.png\"\n\t\t\t\t>\n\t\t\t<\/picture>\n\t\t<\/a>\n\t<\/p>\n\n<\/span><\/p>\n<p>Na agenda de reformas, avan\u00e7os s\u00e3o previstos nas discuss\u00f5es do Senado em torno da MP da <a href=\"http:\/\/www.suno.com.br\/acoes\/elet3\">Eletrobras (ELET3)<\/a> e sobre as <strong>reformas administrativa e tribut\u00e1ria<\/strong>.<\/p>\n<p>No mercado, na sexta-feira o <a href=\"https:\/\/www.suno.com.br\/noticias\/ibovespa-supera-topo-historico-disparada-petrobras-petr4\/\">Ibovespa fechou em alta de 0,96%<\/a>, a 125.561 pontos, na semana acumulando perdas de 1,36%, n\u00e3o apagando, no entanto, a alta de 1,75% no m\u00eas. \u00c9 a segunda alta mensal consecutiva do \u00edndice, que j\u00e1 havia registrado valoriza\u00e7\u00e3o de 6,0% em mar\u00e7o.<\/p>\n<p>Maio foi marcado pela recupera\u00e7\u00e3o econ\u00f4mica dos EUA, em meio \u00e0 vacina\u00e7\u00e3o em massa da popula\u00e7\u00e3o e est\u00edmulos governamentais. Por aqui, a pauta dominante foi a san\u00e7\u00e3o do Or\u00e7amento de 2021, com o veto do governo a R$ 19,8 bilh\u00f5es em emendas e despesas discricion\u00e1rias, al\u00e9m de um bloqueio de mais R$ 9 bilh\u00f5es que podem ser desbloqueados at\u00e9 o fim do ano.<\/p>\n<p>J\u00e1 o <a href=\"https:\/\/www.suno.com.br\/noticias\/dolar-acumula-queda-28052021\/\">d\u00f3lar recuou na sexta-feira 0,77%<\/a>, a R$ 5,2148, terceira queda na semana, no menor patamar desde janeiro, frente ao real, com os mercados ainda embalados por um maior otimismo visto recentemente com a economia brasileira.\u00a0Hoje \u00e9 dia de Ptax, disputa entre comprador e vendidos e estejamos atentos aos pr\u00f3ximos movimentos do BACEN no gerenciamento da pol\u00edtica cambial.<\/p>\n<p>No mercado de moedas virtuais, o <strong>bitcoin segue perdendo f\u00f4lego<\/strong>, ampliando o decl\u00ednio em maio para cerca de 40%, <a href=\"https:\/\/www.suno.com.br\/noticias\/bitcoin-despenca-mais-10-china-restricoes\/\">com a repress\u00e3o crescente na China<\/a> e as <a href=\"https:\/\/www.suno.com.br\/noticias\/bitcoin-queima-energia-pais\/\">preocupa\u00e7\u00f5es ambientais<\/a>. Segundo observadores, &#8220;o\u00a0bitcoin est\u00e1 atualmente em um &#8216;modo de espera&#8217;, negociando na faixa de US$ 34.000 a US$ 40.000&#8221;. A moeda acumula queda pr\u00f3xima a 40% no m\u00eas, o que, se mantido, ser\u00e1 o pior desempenho mensal em v\u00e1rios anos.<\/p>\n<p>Boa semana e bons neg\u00f3cios!<\/p>\n<table>\n<tbody>\n<tr>\n<td colspan=\"2\" width=\"142\">\n<h3>Agenda Semanal<\/h3>\n<\/td>\n<td><\/td>\n<\/tr>\n<tr>\n<td><strong>2\u00aa feira (31)<\/strong><\/td>\n<td>PMI Industrial e N\u00e3o-manufatura (Mai) (China); Feriado &#8211; Memorial Day (EUA); Feriado &#8211; Spring Bank Holiday (Reino Unido); Pesquisa Focus (Brasil); Rolagem do D\u00f3lar &#8211; M20 para N20 (Br); Vencimento D\u00f3lar PTAX Maio (Br); Dados Fiscais Consolidados, D\u00edvida L\u00edquida\/PIB, saldos fiscais (Abr) (Br); PMI Industrial (Mai) (Jap\u00e3o); PMI Industrial Caixin (Mai) (China); \u00cdndice de Confian\u00e7a Empresarial (ICE) (Abr) (Br); Sondagens do Com\u00e9rcio e de Servi\u00e7os (Mai) (Br).<\/td>\n<\/tr>\n<tr>\n<td><strong>3\u00aa feira (01\/06)<\/strong><\/td>\n<td>PMI Industrial (Mai) (EURO); PMI Industrial (Mai) (Reino Unido); IPC (Mai) (EURO); Taxa de Desemprego (Abr) (EURO); Crescimento do PIB (1 trimestre) (Br); IPP (Abr) (Br); PMI Industrial Markit (Mai) (Br); PMI Industrial (Mai) (EUA); Gastos de Constru\u00e7\u00e3o (Abr) (EUA); PMI Industrial ISM (Mai) (EUA); Leil\u00e3o Tesouro Nacional NTN-B (Br); Balan\u00e7a Comercial (Mai) (Br).<\/td>\n<\/tr>\n<tr>\n<td><strong>4\u00aa feira (02)<\/strong><\/td>\n<td>IPP (Abr) (EURO); Produ\u00e7\u00e3o Industrial (Abr) (Br); Leil\u00e3o Tesouro Nacional LFT, NTN-F, LTN (Br); Livro Bege (EUA); PMI do Setor de Servi\u00e7os (Mai) (Jap\u00e3o); PMI do Setor de Servi\u00e7os Caixin (China).<\/td>\n<\/tr>\n<tr>\n<td><strong>5\u00aa feira (03)<\/strong><\/td>\n<td>Feriado &#8211; Corpus Christi (Brasil); PMI Composto Markit e Servi\u00e7os (EURO); PMI Composto e Servi\u00e7os (Reino Unido); Varia\u00e7\u00e3o de Empregos Privados ADP (EUA); Pedidos Iniciais por Seguro-Desemprego (EUA); PMI Composto Markit e Servi\u00e7os (EUA); Atividade Empresarial N\u00e3o Manufatureira ISM (Mai) (EUA); PMI ISM N\u00e3o-Manufatura (Mai) (EUA); Estoques de Petr\u00f3leo em Cushing.<\/td>\n<\/tr>\n<tr>\n<td><strong>6\u00aa feira (04)<\/strong><\/td>\n<td>PMI de Constru\u00e7\u00e3o (Mai) (Reino Unido); Relat\u00f3rio de Emprego (<em>Payroll<\/em>) (EUA); Taxa de Desemprego (Mai) (EUA); PMI Composto Markit e Servi\u00e7os (Br); PMI do Markit (Mai) (Br); Encomendas \u00e0 Ind\u00fastria (Abr) (EUA); Contagem de Sondas Baker Hughes.<\/td>\n<\/tr>\n<\/tbody>\n<\/table>\n<p><span data-sheets-value=\"{&quot;1&quot;:2,&quot;2&quot;:&quot;&quot;}\" data-sheets-userformat=\"{&quot;2&quot;:513,&quot;3&quot;:{&quot;1&quot;:0},&quot;12&quot;:0}\">\t<p>\n\t\t<a href=\"https:\/\/lp.suno.com.br\/planilha-de-controle-de-investimentos\/\" target=\"_blank\" data-element=\"shortcode-suno-banner\" title=\"Banner SUNO, clique e saiba mais\">\n\t\t\t<picture>\n\t\t\t\t<source media=\"(max-width: 500px)\" srcset=\"https:\/\/files.sunoresearch.com.br\/n\/uploads\/2023\/03\/400x300-Controle-de-Investimentos.png\">\n\t\t\t\t<img class=\"newsContent__article__imgCapa newsContent__article__imgCapa--banner\"\n\t\t\t\t\tsrc=\"https:\/\/files.sunoresearch.com.br\/n\/uploads\/2023\/03\/1420x240-Controle-de-Investimentos.png\"\n\t\t\t\t\tdata-promo-id=\"75934\"\t\t\t\t\t\t\t\t\t\twidth='1420' height='240'\t\t\t\t\talt=\"https:\/\/files.sunoresearch.com.br\/n\/uploads\/2023\/03\/1420x240-Controle-de-Investimentos.png\"\n\t\t\t\t>\n\t\t\t<\/picture>\n\t\t<\/a>\n\t<\/p>\n\n<\/span><\/p>\n","protected":false},"excerpt":{"rendered":"<p>Este \u00e9 o \u00faltimo dia \u00fatil de maio, segunda-feira, dia 31\/05, feriado nos EUA &#8211;\u00a0Memorial Day\u00a0&#8211; e no Reino Unido &#8211;\u00a0Spring Bank Holiday. Ali\u00e1s, nesta sem&#8230;<\/p>\n","protected":false},"author":82,"featured_media":0,"template":"","tags":[],"class_list":["post-152835","suno_column","type-suno_column","status-publish","hentry"],"yoast_head":"<!-- This site is optimized with the Yoast SEO plugin v24.4 - https:\/\/yoast.com\/wordpress\/plugins\/seo\/ -->\n<title>Semana de PIB, CPI da Covid e debates sobre reformas - Coluna de Julio Hegedus<\/title>\n<meta name=\"description\" content=\"Confira a coluna de Julio Hegedus sobre os principais eventos da semana, incluindo PIB no Brasil, feriado nos EUA, PMIs e Payroll\" \/>\n<meta name=\"robots\" content=\"index, follow, max-snippet:-1, max-image-preview:large, max-video-preview:-1\" \/>\n<link rel=\"canonical\" href=\"https:\/\/www.suno.com.br\/noticias\/colunas\/julio-hegedus-netto\/pib-brasil-cpi-covid-reformas\/\" \/>\n<meta property=\"og:locale\" content=\"pt_BR\" \/>\n<meta property=\"og:type\" content=\"article\" \/>\n<meta property=\"og:title\" content=\"Semana de PIB, CPI da Covid e debates sobre reformas - Coluna de Julio Hegedus\" \/>\n<meta property=\"og:description\" content=\"Confira a coluna de Julio Hegedus sobre os principais eventos da semana, incluindo PIB no Brasil, feriado nos EUA, PMIs e Payroll\" \/>\n<meta property=\"og:url\" content=\"https:\/\/www.suno.com.br\/noticias\/colunas\/julio-hegedus-netto\/pib-brasil-cpi-covid-reformas\/\" \/>\n<meta property=\"og:site_name\" content=\"Suno Not\u00edcias\" \/>\n<meta property=\"article:publisher\" content=\"https:\/\/facebook.com\/sunoresearch\" \/>\n<meta property=\"og:image\" content=\"https:\/\/files.sunoresearch.com.br\/n\/uploads\/2022\/06\/Modelo2.jpg\" \/>\n\t<meta property=\"og:image:width\" content=\"1200\" \/>\n\t<meta property=\"og:image:height\" content=\"627\" \/>\n\t<meta property=\"og:image:type\" content=\"image\/jpeg\" \/>\n<meta name=\"twitter:card\" content=\"summary_large_image\" \/>\n<meta name=\"twitter:site\" content=\"@sunoresearch\" \/>\n<meta name=\"twitter:label1\" content=\"Est. tempo de leitura\" \/>\n\t<meta name=\"twitter:data1\" content=\"6 minutos\" \/>\n<script type=\"application\/ld+json\" class=\"yoast-schema-graph\">{\"@context\":\"https:\/\/schema.org\",\"@graph\":[{\"@type\":\"Article\",\"@id\":\"https:\/\/www.suno.com.br\/noticias\/colunas\/julio-hegedus-netto\/pib-brasil-cpi-covid-reformas\/#article\",\"isPartOf\":{\"@id\":\"https:\/\/www.suno.com.br\/noticias\/colunas\/julio-hegedus-netto\/pib-brasil-cpi-covid-reformas\/\"},\"author\":{\"name\":\"Julio Hegedus Netto\",\"@id\":\"https:\/\/www.suno.com.br\/noticias\/#\/schema\/person\/c5d31719f2f2f38c8d575fc08e55df1a\"},\"headline\":\"Semana de PIB, CPI da Covid e debates sobre reformas\",\"datePublished\":\"2021-05-31T13:55:12+00:00\",\"mainEntityOfPage\":{\"@id\":\"https:\/\/www.suno.com.br\/noticias\/colunas\/julio-hegedus-netto\/pib-brasil-cpi-covid-reformas\/\"},\"wordCount\":1290,\"publisher\":{\"@id\":\"https:\/\/www.suno.com.br\/noticias\/#organization\"},\"inLanguage\":\"pt-BR\"},{\"@type\":\"WebPage\",\"@id\":\"https:\/\/www.suno.com.br\/noticias\/colunas\/julio-hegedus-netto\/pib-brasil-cpi-covid-reformas\/\",\"url\":\"https:\/\/www.suno.com.br\/noticias\/colunas\/julio-hegedus-netto\/pib-brasil-cpi-covid-reformas\/\",\"name\":\"Semana de PIB, CPI da Covid e debates sobre reformas - Coluna de Julio Hegedus\",\"isPartOf\":{\"@id\":\"https:\/\/www.suno.com.br\/noticias\/#website\"},\"datePublished\":\"2021-05-31T13:55:12+00:00\",\"description\":\"Confira a coluna de Julio Hegedus sobre os principais eventos da semana, incluindo PIB no Brasil, feriado nos EUA, PMIs e Payroll\",\"breadcrumb\":{\"@id\":\"https:\/\/www.suno.com.br\/noticias\/colunas\/julio-hegedus-netto\/pib-brasil-cpi-covid-reformas\/#breadcrumb\"},\"inLanguage\":\"pt-BR\",\"potentialAction\":[{\"@type\":\"ReadAction\",\"target\":[\"https:\/\/www.suno.com.br\/noticias\/colunas\/julio-hegedus-netto\/pib-brasil-cpi-covid-reformas\/\"]}]},{\"@type\":\"BreadcrumbList\",\"@id\":\"https:\/\/www.suno.com.br\/noticias\/colunas\/julio-hegedus-netto\/pib-brasil-cpi-covid-reformas\/#breadcrumb\",\"itemListElement\":[{\"@type\":\"ListItem\",\"position\":1,\"name\":\"Not\u00edcias\",\"item\":\"https:\/\/www.suno.com.br\/noticias\/\"},{\"@type\":\"ListItem\",\"position\":2,\"name\":\"Colunas\",\"item\":\"https:\/\/www.suno.com.br\/noticias\/colunas\/\"},{\"@type\":\"ListItem\",\"position\":3,\"name\":\"Semana de PIB, CPI da Covid e debates sobre reformas\"}]},{\"@type\":\"WebSite\",\"@id\":\"https:\/\/www.suno.com.br\/noticias\/#website\",\"url\":\"https:\/\/www.suno.com.br\/noticias\/\",\"name\":\"Suno Not\u00edcias\",\"description\":\"Seu portal de informa\u00e7\u00e3o sobre o mundo dos investimentos\",\"publisher\":{\"@id\":\"https:\/\/www.suno.com.br\/noticias\/#organization\"},\"potentialAction\":[{\"@type\":\"SearchAction\",\"target\":{\"@type\":\"EntryPoint\",\"urlTemplate\":\"https:\/\/www.suno.com.br\/noticias\/?s={search_term_string}\"},\"query-input\":{\"@type\":\"PropertyValueSpecification\",\"valueRequired\":true,\"valueName\":\"search_term_string\"}}],\"inLanguage\":\"pt-BR\"},{\"@type\":\"Organization\",\"@id\":\"https:\/\/www.suno.com.br\/noticias\/#organization\",\"name\":\"Suno Not\u00edcias\",\"url\":\"https:\/\/www.suno.com.br\/noticias\/\",\"logo\":{\"@type\":\"ImageObject\",\"inLanguage\":\"pt-BR\",\"@id\":\"https:\/\/www.suno.com.br\/noticias\/#\/schema\/logo\/image\/\",\"url\":\"https:\/\/files.sunoresearch.com.br\/n\/uploads\/2021\/09\/suno-logo.png\",\"contentUrl\":\"https:\/\/files.sunoresearch.com.br\/n\/uploads\/2021\/09\/suno-logo.png\",\"width\":180,\"height\":180,\"caption\":\"Suno Not\u00edcias\"},\"image\":{\"@id\":\"https:\/\/www.suno.com.br\/noticias\/#\/schema\/logo\/image\/\"},\"sameAs\":[\"https:\/\/facebook.com\/sunoresearch\",\"https:\/\/x.com\/sunoresearch\",\"https:\/\/www.instagram.com\/suno\",\"https:\/\/www.linkedin.com\/company\/suno-research\/\",\"https:\/\/www.youtube.com\/c\/sunoresearch\"]},{\"@type\":\"Person\",\"@id\":\"https:\/\/www.suno.com.br\/noticias\/#\/schema\/person\/c5d31719f2f2f38c8d575fc08e55df1a\",\"name\":\"Julio Hegedus Netto\",\"image\":{\"@type\":\"ImageObject\",\"inLanguage\":\"pt-BR\",\"@id\":\"https:\/\/www.suno.com.br\/noticias\/#\/schema\/person\/image\/\",\"url\":\"https:\/\/secure.gravatar.com\/avatar\/870043f332ebddfffd4a9e3a5dd46c13?s=96&r=g\",\"contentUrl\":\"https:\/\/secure.gravatar.com\/avatar\/870043f332ebddfffd4a9e3a5dd46c13?s=96&r=g\",\"caption\":\"Julio Hegedus Netto\"},\"description\":\"Economista-chefe da Lopes Filho por 26 anos, com mestrado na UFF e na UCAM e doutorando em Portugal. Escrevo relat\u00f3rios para a OHM RESEARCH e disponibilizo conte\u00fados no IML, Investing.com, Linkedin e Suno Not\u00edcias.\",\"sameAs\":[\"https:\/\/jhn031299.blogspot.com\/\",\"https:\/\/www.facebook.com\/julio.hegedus.5\",\"https:\/\/www.linkedin.com\/in\/juliohegedusnetto\/\",\"https:\/\/x.com\/JuHegedus\"],\"url\":\"https:\/\/www.suno.com.br\/noticias\/author\/julio-hegedus-netto\/\"}]}<\/script>\n<!-- \/ Yoast SEO plugin. -->","yoast_head_json":{"title":"Semana de PIB, CPI da Covid e debates sobre reformas - Coluna de Julio Hegedus","description":"Confira a coluna de Julio Hegedus sobre os principais eventos da semana, incluindo PIB no Brasil, feriado nos EUA, PMIs e Payroll","robots":{"index":"index","follow":"follow","max-snippet":"max-snippet:-1","max-image-preview":"max-image-preview:large","max-video-preview":"max-video-preview:-1"},"canonical":"https:\/\/www.suno.com.br\/noticias\/colunas\/julio-hegedus-netto\/pib-brasil-cpi-covid-reformas\/","og_locale":"pt_BR","og_type":"article","og_title":"Semana de PIB, CPI da Covid e debates sobre reformas - Coluna de Julio Hegedus","og_description":"Confira a coluna de Julio Hegedus sobre os principais eventos da semana, incluindo PIB no Brasil, feriado nos EUA, PMIs e Payroll","og_url":"https:\/\/www.suno.com.br\/noticias\/colunas\/julio-hegedus-netto\/pib-brasil-cpi-covid-reformas\/","og_site_name":"Suno Not\u00edcias","article_publisher":"https:\/\/facebook.com\/sunoresearch","og_image":[{"width":1200,"height":627,"url":"https:\/\/files.sunoresearch.com.br\/n\/uploads\/2022\/06\/Modelo2.jpg","type":"image\/jpeg"}],"twitter_card":"summary_large_image","twitter_site":"@sunoresearch","twitter_misc":{"Est. tempo de leitura":"6 minutos"},"schema":{"@context":"https:\/\/schema.org","@graph":[{"@type":"Article","@id":"https:\/\/www.suno.com.br\/noticias\/colunas\/julio-hegedus-netto\/pib-brasil-cpi-covid-reformas\/#article","isPartOf":{"@id":"https:\/\/www.suno.com.br\/noticias\/colunas\/julio-hegedus-netto\/pib-brasil-cpi-covid-reformas\/"},"author":{"name":"Julio Hegedus Netto","@id":"https:\/\/www.suno.com.br\/noticias\/#\/schema\/person\/c5d31719f2f2f38c8d575fc08e55df1a"},"headline":"Semana de PIB, CPI da Covid e debates sobre reformas","datePublished":"2021-05-31T13:55:12+00:00","mainEntityOfPage":{"@id":"https:\/\/www.suno.com.br\/noticias\/colunas\/julio-hegedus-netto\/pib-brasil-cpi-covid-reformas\/"},"wordCount":1290,"publisher":{"@id":"https:\/\/www.suno.com.br\/noticias\/#organization"},"inLanguage":"pt-BR"},{"@type":"WebPage","@id":"https:\/\/www.suno.com.br\/noticias\/colunas\/julio-hegedus-netto\/pib-brasil-cpi-covid-reformas\/","url":"https:\/\/www.suno.com.br\/noticias\/colunas\/julio-hegedus-netto\/pib-brasil-cpi-covid-reformas\/","name":"Semana de PIB, CPI da Covid e debates sobre reformas - Coluna de Julio Hegedus","isPartOf":{"@id":"https:\/\/www.suno.com.br\/noticias\/#website"},"datePublished":"2021-05-31T13:55:12+00:00","description":"Confira a coluna de Julio Hegedus sobre os principais eventos da semana, incluindo PIB no Brasil, feriado nos EUA, PMIs e Payroll","breadcrumb":{"@id":"https:\/\/www.suno.com.br\/noticias\/colunas\/julio-hegedus-netto\/pib-brasil-cpi-covid-reformas\/#breadcrumb"},"inLanguage":"pt-BR","potentialAction":[{"@type":"ReadAction","target":["https:\/\/www.suno.com.br\/noticias\/colunas\/julio-hegedus-netto\/pib-brasil-cpi-covid-reformas\/"]}]},{"@type":"BreadcrumbList","@id":"https:\/\/www.suno.com.br\/noticias\/colunas\/julio-hegedus-netto\/pib-brasil-cpi-covid-reformas\/#breadcrumb","itemListElement":[{"@type":"ListItem","position":1,"name":"Not\u00edcias","item":"https:\/\/www.suno.com.br\/noticias\/"},{"@type":"ListItem","position":2,"name":"Colunas","item":"https:\/\/www.suno.com.br\/noticias\/colunas\/"},{"@type":"ListItem","position":3,"name":"Semana de PIB, CPI da Covid e debates sobre reformas"}]},{"@type":"WebSite","@id":"https:\/\/www.suno.com.br\/noticias\/#website","url":"https:\/\/www.suno.com.br\/noticias\/","name":"Suno Not\u00edcias","description":"Seu portal de informa\u00e7\u00e3o sobre o mundo dos investimentos","publisher":{"@id":"https:\/\/www.suno.com.br\/noticias\/#organization"},"potentialAction":[{"@type":"SearchAction","target":{"@type":"EntryPoint","urlTemplate":"https:\/\/www.suno.com.br\/noticias\/?s={search_term_string}"},"query-input":{"@type":"PropertyValueSpecification","valueRequired":true,"valueName":"search_term_string"}}],"inLanguage":"pt-BR"},{"@type":"Organization","@id":"https:\/\/www.suno.com.br\/noticias\/#organization","name":"Suno Not\u00edcias","url":"https:\/\/www.suno.com.br\/noticias\/","logo":{"@type":"ImageObject","inLanguage":"pt-BR","@id":"https:\/\/www.suno.com.br\/noticias\/#\/schema\/logo\/image\/","url":"https:\/\/files.sunoresearch.com.br\/n\/uploads\/2021\/09\/suno-logo.png","contentUrl":"https:\/\/files.sunoresearch.com.br\/n\/uploads\/2021\/09\/suno-logo.png","width":180,"height":180,"caption":"Suno Not\u00edcias"},"image":{"@id":"https:\/\/www.suno.com.br\/noticias\/#\/schema\/logo\/image\/"},"sameAs":["https:\/\/facebook.com\/sunoresearch","https:\/\/x.com\/sunoresearch","https:\/\/www.instagram.com\/suno","https:\/\/www.linkedin.com\/company\/suno-research\/","https:\/\/www.youtube.com\/c\/sunoresearch"]},{"@type":"Person","@id":"https:\/\/www.suno.com.br\/noticias\/#\/schema\/person\/c5d31719f2f2f38c8d575fc08e55df1a","name":"Julio Hegedus Netto","image":{"@type":"ImageObject","inLanguage":"pt-BR","@id":"https:\/\/www.suno.com.br\/noticias\/#\/schema\/person\/image\/","url":"https:\/\/secure.gravatar.com\/avatar\/870043f332ebddfffd4a9e3a5dd46c13?s=96&r=g","contentUrl":"https:\/\/secure.gravatar.com\/avatar\/870043f332ebddfffd4a9e3a5dd46c13?s=96&r=g","caption":"Julio Hegedus Netto"},"description":"Economista-chefe da Lopes Filho por 26 anos, com mestrado na UFF e na UCAM e doutorando em Portugal. Escrevo relat\u00f3rios para a OHM RESEARCH e disponibilizo conte\u00fados no IML, Investing.com, Linkedin e Suno Not\u00edcias.","sameAs":["https:\/\/jhn031299.blogspot.com\/","https:\/\/www.facebook.com\/julio.hegedus.5","https:\/\/www.linkedin.com\/in\/juliohegedusnetto\/","https:\/\/x.com\/JuHegedus"],"url":"https:\/\/www.suno.com.br\/noticias\/author\/julio-hegedus-netto\/"}]}},"amp_enabled":true,"_links":{"self":[{"href":"https:\/\/www.suno.com.br\/noticias\/wp-json\/wp\/v2\/suno_column\/152835"}],"collection":[{"href":"https:\/\/www.suno.com.br\/noticias\/wp-json\/wp\/v2\/suno_column"}],"about":[{"href":"https:\/\/www.suno.com.br\/noticias\/wp-json\/wp\/v2\/types\/suno_column"}],"author":[{"embeddable":true,"href":"https:\/\/www.suno.com.br\/noticias\/wp-json\/wp\/v2\/users\/82"}],"wp:attachment":[{"href":"https:\/\/www.suno.com.br\/noticias\/wp-json\/wp\/v2\/media?parent=152835"}],"wp:term":[{"taxonomy":"post_tag","embeddable":true,"href":"https:\/\/www.suno.com.br\/noticias\/wp-json\/wp\/v2\/tags?post=152835"}],"curies":[{"name":"wp","href":"https:\/\/api.w.org\/{rel}","templated":true}]}}