{"id":151467,"date":"2021-05-27T15:50:45","date_gmt":"2021-05-27T18:50:45","guid":{"rendered":"https:\/\/www.suno.com.br\/noticias\/colunas\/felipe-areia\/"},"modified":"2021-05-27T15:50:45","modified_gmt":"2021-05-27T18:50:45","slug":"lula-bolsonaro-nenhum-eleicao-2022","status":"publish","type":"suno_column","link":"https:\/\/www.suno.com.br\/noticias\/colunas\/julio-hegedus-netto\/lula-bolsonaro-nenhum-eleicao-2022\/","title":{"rendered":"Lula ou Bolsonaro? Nenhum dos dois!"},"content":{"rendered":"<p>Nos manuais acad\u00eamicos de Ci\u00eancia Pol\u00edtica, definimos &#8220;populismo&#8221; da seguinte forma.<\/p>\n<p><span data-sheets-value=\"{&quot;1&quot;:2,&quot;2&quot;:&quot;&quot;}\" data-sheets-userformat=\"{&quot;2&quot;:6659,&quot;3&quot;:{&quot;1&quot;:0},&quot;4&quot;:[null,2,16777215],&quot;12&quot;:0,&quot;14&quot;:[null,2,0],&quot;15&quot;:&quot;Roboto, RobotoDraft, Helvetica, Arial, sans-serif&quot;}\">\t<p>\n\t\t<a href=\"https:\/\/lp.suno.com.br\/planilha-controle-gastos\/\" target=\"_blank\" data-element=\"shortcode-suno-banner\" title=\"Banner SUNO, clique e saiba mais\">\n\t\t\t<picture>\n\t\t\t\t<source media=\"(max-width: 500px)\" srcset=\"https:\/\/files.sunoresearch.com.br\/n\/uploads\/2023\/03\/400x300-Planilha-controle-de-gastos.png\">\n\t\t\t\t<img class=\"newsContent__article__imgCapa newsContent__article__imgCapa--banner\"\n\t\t\t\t\tsrc=\"https:\/\/files.sunoresearch.com.br\/n\/uploads\/2023\/03\/1420x240-Planilha-controle-de-gastos.png\"\n\t\t\t\t\tdata-promo-id=\"101751\"\t\t\t\t\t\t\t\t\t\twidth='1420' height='240'\t\t\t\t\talt=\"https:\/\/files.sunoresearch.com.br\/n\/uploads\/2023\/03\/1420x240-Planilha-controle-de-gastos.png\"\n\t\t\t\t>\n\t\t\t<\/picture>\n\t\t<\/a>\n\t<\/p>\n\n<\/span><\/p>\n<p>\u201c\u00c9 o sistema de poder que apregoa a &#8220;simpatia pelo povo&#8221;; a doutrina ou pr\u00e1tica pol\u00edtica, que procura ganhar vantagens com o apelo \u00e0 reivindica\u00e7\u00f5es ou preconceitos, amplamente disseminados entre a popula\u00e7\u00e3o, geralmente fazendo a distin\u00e7\u00e3o entre dois grupos antag\u00f4nicos: um, virtuoso e majorit\u00e1rio \u2013 o povo \u2013 que exalta e diz defender; outro, minorit\u00e1rio e apontado como fonte dos problemas gerais, que pretende combater; doutrina ou regime, geralmente, de car\u00e1ter &#8220;paternalista&#8221;, assentado na ideia de que a lideran\u00e7a pol\u00edtica deve ser exercida em estreita liga\u00e7\u00e3o com o povo, sem a intermedia\u00e7\u00e3o de partidos; corrente art\u00edstica que escolhe como tem\u00e1tica os costumes ou o modo de vida popular\u201d.<\/p>\n<p>Incr\u00edvel como esta <strong>simbiose perversa do &#8220;populismo&#8221;, entre governantes e povo, se instalou de vez no Brasil<\/strong> e n\u00e3o parece ter hora para sair.<\/p>\n<p>As disputas eleitorais mais recentes, e a de 2022, bem representam isso, nos colocando nesta &#8220;vala comum&#8221; da demagogia e promessas sorrateiras.<\/p>\n<p>Dois candidatos populistas, que pouco pretendem alterar a estrutura socioecon\u00f4mica do Pa\u00eds, mas sim conquistar o poder e dele viver dando &#8220;agrados&#8221; aos mais pobres, para assim se perpetuar por muitos anos.<\/p>\n<p>De um lado,<strong> Lula da Silva, e o seu &#8220;ismo de esquerda&#8221;, fen\u00f4meno pol\u00edtico, que se manteve por 13 anos no Pal\u00e1cio do Planalto e pouco alterou a estrutura socioecon\u00f4mica do Pa\u00eds<\/strong>. Continuamos um pa\u00eds com gritantes desigualdades de renda, poucos avan\u00e7os institucionais, um sistema de poder, que foi se tornando cada vez mais corrompido e corruptor. Se manteve atrav\u00e9s do clientelismo, de um sistema de peleguismo e &#8220;intenso patrulhamento ideol\u00f3gico&#8221;.<\/p>\n<p>Do outro, um \u201c<strong>ismo de direita\u201d, de um \u201ccapit\u00e3o insubordin\u00e1vel\u201d<\/strong>, expulso do Ex\u00e9rcito no passado, que conseguiu ser eleito por fatores fortuitos (uma &#8220;facada&#8221;) , mas, tamb\u00e9m, por se opor ao sistema de poder anterior. <strong>Sua grande bandeira de luta \u00e9 o &#8220;anti-Lulismo&#8221;<\/strong>. Foi isso que o elegeu, agora ser\u00e1 isso a lhe impulsionar para 2022, embora o anti-bolsonarismo lhe ameace o poder.<\/p>\n<p>Dois populistas demagogos e pouco preocupados em transformar a fundo a sociedade brasileira.<\/p>\n<p>Projetos de poder, \u201cpoder pelo poder\u201d, n\u00e3o caracterizados por programas de governo consistentes e transformadores. <strong>O que lhes permeia \u00e9 a conquista e o deleite do poder.<\/strong><\/p>\n<p>Nem d\u00e1 para comparar.<\/p>\n<p><span data-sheets-value=\"{&quot;1&quot;:2,&quot;2&quot;:&quot;&quot;}\" data-sheets-userformat=\"{&quot;2&quot;:6723,&quot;3&quot;:{&quot;1&quot;:0},&quot;4&quot;:[null,2,16777215],&quot;9&quot;:0,&quot;12&quot;:0,&quot;14&quot;:[null,2,0],&quot;15&quot;:&quot;Arial&quot;}\">\t<p>\n\t\t<a href=\"https:\/\/lp.suno.com.br\/planilha-da-vida-financeira\/\" target=\"_blank\" data-element=\"shortcode-suno-banner\" title=\"Banner SUNO, clique e saiba mais\">\n\t\t\t<picture>\n\t\t\t\t<source media=\"(max-width: 500px)\" srcset=\"https:\/\/files.sunoresearch.com.br\/n\/uploads\/2023\/04\/400x300-Planilha-vida-financeira-true.png\">\n\t\t\t\t<img class=\"newsContent__article__imgCapa newsContent__article__imgCapa--banner\"\n\t\t\t\t\tsrc=\"https:\/\/files.sunoresearch.com.br\/n\/uploads\/2023\/04\/1420x240-Planilha-vida-financeira-true.png\"\n\t\t\t\t\tdata-promo-id=\"106682\"\t\t\t\t\t\t\t\t\t\twidth='1420' height='240'\t\t\t\t\talt=\"https:\/\/files.sunoresearch.com.br\/n\/uploads\/2023\/04\/1420x240-Planilha-vida-financeira-true.png\"\n\t\t\t\t>\n\t\t\t<\/picture>\n\t\t<\/a>\n\t<\/p>\n\n<\/span><\/p>\n<p>Lula e Bolsonaro s\u00e3o uma ant\u00edtese um do outro. Um defende uma certa frouxid\u00e3o moral, outro \u00e9 \u201cmais rigoroso\u201d, mas aceitando outras leni\u00eancias. Ideologicamente, parece um ser o contr\u00e1rio do outro. No entanto, s\u00e3o personagens de uma mesma estirpe, uma mesma cepa, um mesmo pedigree. <strong>S\u00e3o POPULISTAS com sede pelo poder.<\/strong><\/p>\n<p>Perderemos mais uma d\u00e9cada deste populismo rastaquera e vamos ficando para tr\u00e1s na corrida global. Mais uma d\u00e9cada perdida, mas quando a acharemos?<\/p>\n<p>S\u00e3o quantos anos? Quantas d\u00e9cadas?<\/p>\n<p>Creio que desde 2002 vivemos a &#8220;patinar&#8221;, encalacrados nestes esquemas perversos de governan\u00e7a.<\/p>\n<p>N\u00e3o conseguimos ver muitas qualidades no ciclo de poder lulo-petismo, nem do bolsonarismo.<\/p>\n<p>Lula se elegeu em 2002 e sua primeira decis\u00e3o foi criar um mecanismo de transfer\u00eancia de renda, mais parecido com o tal &#8220;voto de cabresto&#8221;, o FOME ZERO, nada mais do que &#8220;esmola&#8221; para o pov\u00e3o a gerar uma &#8220;sensa\u00e7\u00e3o&#8221; de bem-estar e prosperidade, moment\u00e2nea que fosse.<\/p>\n<p>Realmente. N\u00e3o consideramos isso uma pol\u00edtica consistente de transfer\u00eancia de renda, uma pol\u00edtica social na acep\u00e7\u00e3o do termo, ou algo que os &#8220;intelectuais&#8221; brasileiros tanto se preocuparam em &#8220;denominar&#8221;.<\/p>\n<p>Para pegar 100 reais e dar aos pobres, basta apenas uma boa capilaridade, uma boa base de informa\u00e7\u00f5es, criar um cart\u00e3o e selecionar a quem ir\u00e1 beneficiar, via Caixa Econ\u00f4mica. Apenas isso.<\/p>\n<p>Pol\u00edtica p\u00fablica profunda \u00e9 promover as REFORMAS ESTRUTURAIS, <strong>acabar com a f\u00e1brica de desigualdades que \u00e9 a nossa estrutura previdenci\u00e1ria, em que s\u00f3 servidores p\u00fablicos (no geral) se beneficiam<\/strong>.<\/p>\n<p>Temos que falar em REFORMA TRIBUT\u00c1RIA, para <strong>acabar com este cipoal de impostos<\/strong>, que n\u00e3o fazem pol\u00edticas distributivas e s\u00f3 desorganizam as estruturas produtivas.<\/p>\n<p>Temos que falar, enfim, de uma PROFUNDA reforma do Estado, tentando blind\u00e1-lo contra a CORRUP\u00c7\u00c3O e <strong>colocar o servidor p\u00fablico no seu devido lugar<\/strong>, a cumprir o seu papel, SERVIR AO P\u00daBLICO, SER UM EMPREGADO DOS PAGADORES DE IMPOSTO E N\u00c3O SE SERVIR DELES.<\/p>\n<p>Bolsonaro escorrega pela mesma ret\u00f3rica. Um negacionismo perverso, obscurantista, que n\u00e3o reconhece a ci\u00eancia, os progressos obtidos, sempre apegado a teorias conspirat\u00f3rias amalucadas.<\/p>\n<p>Sua postura na pandemia \u00e9 criminosa.<\/p>\n<p>Minimizou a pandemia e fez de tudo para sabotar o isolamento social e as medidas de preven\u00e7\u00e3o; acreditou na &#8220;imunidade de rebanho&#8221; e, por isso, n\u00e3o quis comprar vacinas e pregou o uso da cloroquina como preven\u00e7\u00e3o.<\/p>\n<p>Sua postura, mais matou do que salvou vidas.<\/p>\n<p>\u00c9 nesta toada, nesta vis\u00e3o distorcida, com pitadas de &#8220;teologia salvacionista&#8221;, que chegamos agora a esta encruzilhada,<\/p>\n<h3>Lula ou Bolsonaro?<\/h3>\n<p>Um usurpou a democracia, agindo como Hugo Chavez, &#8220;comprando&#8221; os poderes da Rep\u00fablica. Da\u00ed o Mensal\u00e3o, na qual o PT oferecia mesadas para se manter numa boa com o Legislativo e o meio empresarial.<\/p>\n<p>Outro n\u00e3o sabe bem o que \u00e9 democracia, se serve dela, n\u00e3o tem muita simpatia ou cultura pela diversidade. \u00c9 por natureza, um ignorante autorit\u00e1rio.<\/p>\n<p>Neste olhar para 2022, poucos enxergam UMA sa\u00edda.<\/p>\n<p>Claro que nenhum dos dois servem. Seus legados est\u00e3o postos. Um criou o maior sistema de corrup\u00e7\u00e3o da hist\u00f3ria moderna, outro, no seu negacionismo, n\u00e3o combateu a pandemia e muito contribuiu para as mortes que estamos acumulando at\u00e9 o momento (450 mil).<\/p>\n<p>Temos que ter uma mem\u00f3ria clara sobre o desastre que foi Lula no poder, nos seus Mensal\u00f5es, Lava Jatos, esquemas de corrup\u00e7\u00e3o ativa, seus conluios com empreiteiras, entre outros.\u00a0 N\u00e3o d\u00e1 tamb\u00e9m para apoiar um presidente, ca\u00f3tico nos seus dois anos e meio no poder.<\/p>\n<p>Vamos conversando.<\/p>\n<p><span data-sheets-value=\"{&quot;1&quot;:2,&quot;2&quot;:&quot;&quot;}\" data-sheets-userformat=\"{&quot;2&quot;:513,&quot;3&quot;:{&quot;1&quot;:0},&quot;12&quot;:0}\">\t<p>\n\t\t<a href=\"https:\/\/lp.suno.com.br\/planilha-de-controle-de-investimentos\/\" target=\"_blank\" data-element=\"shortcode-suno-banner\" title=\"Banner SUNO, clique e saiba mais\">\n\t\t\t<picture>\n\t\t\t\t<source media=\"(max-width: 500px)\" srcset=\"https:\/\/files.sunoresearch.com.br\/n\/uploads\/2023\/03\/400x300-Controle-de-Investimentos.png\">\n\t\t\t\t<img class=\"newsContent__article__imgCapa newsContent__article__imgCapa--banner\"\n\t\t\t\t\tsrc=\"https:\/\/files.sunoresearch.com.br\/n\/uploads\/2023\/03\/1420x240-Controle-de-Investimentos.png\"\n\t\t\t\t\tdata-promo-id=\"75934\"\t\t\t\t\t\t\t\t\t\twidth='1420' height='240'\t\t\t\t\talt=\"https:\/\/files.sunoresearch.com.br\/n\/uploads\/2023\/03\/1420x240-Controle-de-Investimentos.png\"\n\t\t\t\t>\n\t\t\t<\/picture>\n\t\t<\/a>\n\t<\/p>\n\n<\/span><\/p>\n","protected":false},"excerpt":{"rendered":"<p>Nos manuais acad\u00eamicos de Ci\u00eancia Pol\u00edtica, definimos &#8220;populismo&#8221; da seguinte forma. \u201c\u00c9 o sistema de poder que apregoa a &#8220;simpatia pelo povo&#8221;; &#8230;<\/p>\n","protected":false},"author":82,"featured_media":0,"template":"","tags":[],"class_list":["post-151467","suno_column","type-suno_column","status-publish","hentry"],"yoast_head":"<!-- This site is optimized with the Yoast SEO plugin v24.4 - https:\/\/yoast.com\/wordpress\/plugins\/seo\/ -->\n<title>Lula ou Bolsonaro? Nenhum dos dois! - Coluna de Julio Hegedus<\/title>\n<meta name=\"description\" content=\"Confira a coluna de Julio Hegedus sobre as elei\u00e7\u00f5es de 2022, populismo e a escolha entre Lula e Bolsonaro\" \/>\n<meta name=\"robots\" content=\"index, follow, max-snippet:-1, max-image-preview:large, max-video-preview:-1\" \/>\n<link rel=\"canonical\" href=\"https:\/\/www.suno.com.br\/noticias\/colunas\/julio-hegedus-netto\/lula-bolsonaro-nenhum-eleicao-2022\/\" \/>\n<meta property=\"og:locale\" content=\"pt_BR\" \/>\n<meta property=\"og:type\" content=\"article\" \/>\n<meta property=\"og:title\" content=\"Lula ou Bolsonaro? Nenhum dos dois! - Coluna de Julio Hegedus\" \/>\n<meta property=\"og:description\" content=\"Confira a coluna de Julio Hegedus sobre as elei\u00e7\u00f5es de 2022, populismo e a escolha entre Lula e Bolsonaro\" \/>\n<meta property=\"og:url\" content=\"https:\/\/www.suno.com.br\/noticias\/colunas\/julio-hegedus-netto\/lula-bolsonaro-nenhum-eleicao-2022\/\" \/>\n<meta property=\"og:site_name\" content=\"Suno Not\u00edcias\" \/>\n<meta property=\"article:publisher\" content=\"https:\/\/facebook.com\/sunoresearch\" \/>\n<meta property=\"og:image\" content=\"https:\/\/files.sunoresearch.com.br\/n\/uploads\/2022\/06\/Modelo2.jpg\" \/>\n\t<meta property=\"og:image:width\" content=\"1200\" \/>\n\t<meta property=\"og:image:height\" content=\"627\" \/>\n\t<meta property=\"og:image:type\" content=\"image\/jpeg\" \/>\n<meta name=\"twitter:card\" content=\"summary_large_image\" \/>\n<meta name=\"twitter:site\" content=\"@sunoresearch\" \/>\n<meta name=\"twitter:label1\" content=\"Est. tempo de leitura\" \/>\n\t<meta name=\"twitter:data1\" content=\"5 minutos\" \/>\n<script type=\"application\/ld+json\" class=\"yoast-schema-graph\">{\"@context\":\"https:\/\/schema.org\",\"@graph\":[{\"@type\":\"Article\",\"@id\":\"https:\/\/www.suno.com.br\/noticias\/colunas\/julio-hegedus-netto\/lula-bolsonaro-nenhum-eleicao-2022\/#article\",\"isPartOf\":{\"@id\":\"https:\/\/www.suno.com.br\/noticias\/colunas\/julio-hegedus-netto\/lula-bolsonaro-nenhum-eleicao-2022\/\"},\"author\":{\"name\":\"Julio Hegedus Netto\",\"@id\":\"https:\/\/www.suno.com.br\/noticias\/#\/schema\/person\/c5d31719f2f2f38c8d575fc08e55df1a\"},\"headline\":\"Lula ou Bolsonaro? Nenhum dos dois!\",\"datePublished\":\"2021-05-27T18:50:45+00:00\",\"mainEntityOfPage\":{\"@id\":\"https:\/\/www.suno.com.br\/noticias\/colunas\/julio-hegedus-netto\/lula-bolsonaro-nenhum-eleicao-2022\/\"},\"wordCount\":1028,\"publisher\":{\"@id\":\"https:\/\/www.suno.com.br\/noticias\/#organization\"},\"inLanguage\":\"pt-BR\"},{\"@type\":\"WebPage\",\"@id\":\"https:\/\/www.suno.com.br\/noticias\/colunas\/julio-hegedus-netto\/lula-bolsonaro-nenhum-eleicao-2022\/\",\"url\":\"https:\/\/www.suno.com.br\/noticias\/colunas\/julio-hegedus-netto\/lula-bolsonaro-nenhum-eleicao-2022\/\",\"name\":\"Lula ou Bolsonaro? Nenhum dos dois! - Coluna de Julio Hegedus\",\"isPartOf\":{\"@id\":\"https:\/\/www.suno.com.br\/noticias\/#website\"},\"datePublished\":\"2021-05-27T18:50:45+00:00\",\"description\":\"Confira a coluna de Julio Hegedus sobre as elei\u00e7\u00f5es de 2022, populismo e a escolha entre Lula e Bolsonaro\",\"breadcrumb\":{\"@id\":\"https:\/\/www.suno.com.br\/noticias\/colunas\/julio-hegedus-netto\/lula-bolsonaro-nenhum-eleicao-2022\/#breadcrumb\"},\"inLanguage\":\"pt-BR\",\"potentialAction\":[{\"@type\":\"ReadAction\",\"target\":[\"https:\/\/www.suno.com.br\/noticias\/colunas\/julio-hegedus-netto\/lula-bolsonaro-nenhum-eleicao-2022\/\"]}]},{\"@type\":\"BreadcrumbList\",\"@id\":\"https:\/\/www.suno.com.br\/noticias\/colunas\/julio-hegedus-netto\/lula-bolsonaro-nenhum-eleicao-2022\/#breadcrumb\",\"itemListElement\":[{\"@type\":\"ListItem\",\"position\":1,\"name\":\"Not\u00edcias\",\"item\":\"https:\/\/www.suno.com.br\/noticias\/\"},{\"@type\":\"ListItem\",\"position\":2,\"name\":\"Colunas\",\"item\":\"https:\/\/www.suno.com.br\/noticias\/colunas\/\"},{\"@type\":\"ListItem\",\"position\":3,\"name\":\"Lula ou Bolsonaro? Nenhum dos dois!\"}]},{\"@type\":\"WebSite\",\"@id\":\"https:\/\/www.suno.com.br\/noticias\/#website\",\"url\":\"https:\/\/www.suno.com.br\/noticias\/\",\"name\":\"Suno Not\u00edcias\",\"description\":\"Seu portal de informa\u00e7\u00e3o sobre o mundo dos investimentos\",\"publisher\":{\"@id\":\"https:\/\/www.suno.com.br\/noticias\/#organization\"},\"potentialAction\":[{\"@type\":\"SearchAction\",\"target\":{\"@type\":\"EntryPoint\",\"urlTemplate\":\"https:\/\/www.suno.com.br\/noticias\/?s={search_term_string}\"},\"query-input\":{\"@type\":\"PropertyValueSpecification\",\"valueRequired\":true,\"valueName\":\"search_term_string\"}}],\"inLanguage\":\"pt-BR\"},{\"@type\":\"Organization\",\"@id\":\"https:\/\/www.suno.com.br\/noticias\/#organization\",\"name\":\"Suno Not\u00edcias\",\"url\":\"https:\/\/www.suno.com.br\/noticias\/\",\"logo\":{\"@type\":\"ImageObject\",\"inLanguage\":\"pt-BR\",\"@id\":\"https:\/\/www.suno.com.br\/noticias\/#\/schema\/logo\/image\/\",\"url\":\"https:\/\/files.sunoresearch.com.br\/n\/uploads\/2021\/09\/suno-logo.png\",\"contentUrl\":\"https:\/\/files.sunoresearch.com.br\/n\/uploads\/2021\/09\/suno-logo.png\",\"width\":180,\"height\":180,\"caption\":\"Suno Not\u00edcias\"},\"image\":{\"@id\":\"https:\/\/www.suno.com.br\/noticias\/#\/schema\/logo\/image\/\"},\"sameAs\":[\"https:\/\/facebook.com\/sunoresearch\",\"https:\/\/x.com\/sunoresearch\",\"https:\/\/www.instagram.com\/suno\",\"https:\/\/www.linkedin.com\/company\/suno-research\/\",\"https:\/\/www.youtube.com\/c\/sunoresearch\"]},{\"@type\":\"Person\",\"@id\":\"https:\/\/www.suno.com.br\/noticias\/#\/schema\/person\/c5d31719f2f2f38c8d575fc08e55df1a\",\"name\":\"Julio Hegedus Netto\",\"image\":{\"@type\":\"ImageObject\",\"inLanguage\":\"pt-BR\",\"@id\":\"https:\/\/www.suno.com.br\/noticias\/#\/schema\/person\/image\/\",\"url\":\"https:\/\/secure.gravatar.com\/avatar\/870043f332ebddfffd4a9e3a5dd46c13?s=96&r=g\",\"contentUrl\":\"https:\/\/secure.gravatar.com\/avatar\/870043f332ebddfffd4a9e3a5dd46c13?s=96&r=g\",\"caption\":\"Julio Hegedus Netto\"},\"description\":\"Economista-chefe da Lopes Filho por 26 anos, com mestrado na UFF e na UCAM e doutorando em Portugal. Escrevo relat\u00f3rios para a OHM RESEARCH e disponibilizo conte\u00fados no IML, Investing.com, Linkedin e Suno Not\u00edcias.\",\"sameAs\":[\"https:\/\/jhn031299.blogspot.com\/\",\"https:\/\/www.facebook.com\/julio.hegedus.5\",\"https:\/\/www.linkedin.com\/in\/juliohegedusnetto\/\",\"https:\/\/x.com\/JuHegedus\"],\"url\":\"https:\/\/www.suno.com.br\/noticias\/author\/julio-hegedus-netto\/\"}]}<\/script>\n<!-- \/ Yoast SEO plugin. -->","yoast_head_json":{"title":"Lula ou Bolsonaro? Nenhum dos dois! - Coluna de Julio Hegedus","description":"Confira a coluna de Julio Hegedus sobre as elei\u00e7\u00f5es de 2022, populismo e a escolha entre Lula e Bolsonaro","robots":{"index":"index","follow":"follow","max-snippet":"max-snippet:-1","max-image-preview":"max-image-preview:large","max-video-preview":"max-video-preview:-1"},"canonical":"https:\/\/www.suno.com.br\/noticias\/colunas\/julio-hegedus-netto\/lula-bolsonaro-nenhum-eleicao-2022\/","og_locale":"pt_BR","og_type":"article","og_title":"Lula ou Bolsonaro? Nenhum dos dois! - Coluna de Julio Hegedus","og_description":"Confira a coluna de Julio Hegedus sobre as elei\u00e7\u00f5es de 2022, populismo e a escolha entre Lula e Bolsonaro","og_url":"https:\/\/www.suno.com.br\/noticias\/colunas\/julio-hegedus-netto\/lula-bolsonaro-nenhum-eleicao-2022\/","og_site_name":"Suno Not\u00edcias","article_publisher":"https:\/\/facebook.com\/sunoresearch","og_image":[{"width":1200,"height":627,"url":"https:\/\/files.sunoresearch.com.br\/n\/uploads\/2022\/06\/Modelo2.jpg","type":"image\/jpeg"}],"twitter_card":"summary_large_image","twitter_site":"@sunoresearch","twitter_misc":{"Est. tempo de leitura":"5 minutos"},"schema":{"@context":"https:\/\/schema.org","@graph":[{"@type":"Article","@id":"https:\/\/www.suno.com.br\/noticias\/colunas\/julio-hegedus-netto\/lula-bolsonaro-nenhum-eleicao-2022\/#article","isPartOf":{"@id":"https:\/\/www.suno.com.br\/noticias\/colunas\/julio-hegedus-netto\/lula-bolsonaro-nenhum-eleicao-2022\/"},"author":{"name":"Julio Hegedus Netto","@id":"https:\/\/www.suno.com.br\/noticias\/#\/schema\/person\/c5d31719f2f2f38c8d575fc08e55df1a"},"headline":"Lula ou Bolsonaro? Nenhum dos dois!","datePublished":"2021-05-27T18:50:45+00:00","mainEntityOfPage":{"@id":"https:\/\/www.suno.com.br\/noticias\/colunas\/julio-hegedus-netto\/lula-bolsonaro-nenhum-eleicao-2022\/"},"wordCount":1028,"publisher":{"@id":"https:\/\/www.suno.com.br\/noticias\/#organization"},"inLanguage":"pt-BR"},{"@type":"WebPage","@id":"https:\/\/www.suno.com.br\/noticias\/colunas\/julio-hegedus-netto\/lula-bolsonaro-nenhum-eleicao-2022\/","url":"https:\/\/www.suno.com.br\/noticias\/colunas\/julio-hegedus-netto\/lula-bolsonaro-nenhum-eleicao-2022\/","name":"Lula ou Bolsonaro? Nenhum dos dois! - Coluna de Julio Hegedus","isPartOf":{"@id":"https:\/\/www.suno.com.br\/noticias\/#website"},"datePublished":"2021-05-27T18:50:45+00:00","description":"Confira a coluna de Julio Hegedus sobre as elei\u00e7\u00f5es de 2022, populismo e a escolha entre Lula e Bolsonaro","breadcrumb":{"@id":"https:\/\/www.suno.com.br\/noticias\/colunas\/julio-hegedus-netto\/lula-bolsonaro-nenhum-eleicao-2022\/#breadcrumb"},"inLanguage":"pt-BR","potentialAction":[{"@type":"ReadAction","target":["https:\/\/www.suno.com.br\/noticias\/colunas\/julio-hegedus-netto\/lula-bolsonaro-nenhum-eleicao-2022\/"]}]},{"@type":"BreadcrumbList","@id":"https:\/\/www.suno.com.br\/noticias\/colunas\/julio-hegedus-netto\/lula-bolsonaro-nenhum-eleicao-2022\/#breadcrumb","itemListElement":[{"@type":"ListItem","position":1,"name":"Not\u00edcias","item":"https:\/\/www.suno.com.br\/noticias\/"},{"@type":"ListItem","position":2,"name":"Colunas","item":"https:\/\/www.suno.com.br\/noticias\/colunas\/"},{"@type":"ListItem","position":3,"name":"Lula ou Bolsonaro? Nenhum dos dois!"}]},{"@type":"WebSite","@id":"https:\/\/www.suno.com.br\/noticias\/#website","url":"https:\/\/www.suno.com.br\/noticias\/","name":"Suno Not\u00edcias","description":"Seu portal de informa\u00e7\u00e3o sobre o mundo dos investimentos","publisher":{"@id":"https:\/\/www.suno.com.br\/noticias\/#organization"},"potentialAction":[{"@type":"SearchAction","target":{"@type":"EntryPoint","urlTemplate":"https:\/\/www.suno.com.br\/noticias\/?s={search_term_string}"},"query-input":{"@type":"PropertyValueSpecification","valueRequired":true,"valueName":"search_term_string"}}],"inLanguage":"pt-BR"},{"@type":"Organization","@id":"https:\/\/www.suno.com.br\/noticias\/#organization","name":"Suno Not\u00edcias","url":"https:\/\/www.suno.com.br\/noticias\/","logo":{"@type":"ImageObject","inLanguage":"pt-BR","@id":"https:\/\/www.suno.com.br\/noticias\/#\/schema\/logo\/image\/","url":"https:\/\/files.sunoresearch.com.br\/n\/uploads\/2021\/09\/suno-logo.png","contentUrl":"https:\/\/files.sunoresearch.com.br\/n\/uploads\/2021\/09\/suno-logo.png","width":180,"height":180,"caption":"Suno Not\u00edcias"},"image":{"@id":"https:\/\/www.suno.com.br\/noticias\/#\/schema\/logo\/image\/"},"sameAs":["https:\/\/facebook.com\/sunoresearch","https:\/\/x.com\/sunoresearch","https:\/\/www.instagram.com\/suno","https:\/\/www.linkedin.com\/company\/suno-research\/","https:\/\/www.youtube.com\/c\/sunoresearch"]},{"@type":"Person","@id":"https:\/\/www.suno.com.br\/noticias\/#\/schema\/person\/c5d31719f2f2f38c8d575fc08e55df1a","name":"Julio Hegedus Netto","image":{"@type":"ImageObject","inLanguage":"pt-BR","@id":"https:\/\/www.suno.com.br\/noticias\/#\/schema\/person\/image\/","url":"https:\/\/secure.gravatar.com\/avatar\/870043f332ebddfffd4a9e3a5dd46c13?s=96&r=g","contentUrl":"https:\/\/secure.gravatar.com\/avatar\/870043f332ebddfffd4a9e3a5dd46c13?s=96&r=g","caption":"Julio Hegedus Netto"},"description":"Economista-chefe da Lopes Filho por 26 anos, com mestrado na UFF e na UCAM e doutorando em Portugal. Escrevo relat\u00f3rios para a OHM RESEARCH e disponibilizo conte\u00fados no IML, Investing.com, Linkedin e Suno Not\u00edcias.","sameAs":["https:\/\/jhn031299.blogspot.com\/","https:\/\/www.facebook.com\/julio.hegedus.5","https:\/\/www.linkedin.com\/in\/juliohegedusnetto\/","https:\/\/x.com\/JuHegedus"],"url":"https:\/\/www.suno.com.br\/noticias\/author\/julio-hegedus-netto\/"}]}},"amp_enabled":true,"_links":{"self":[{"href":"https:\/\/www.suno.com.br\/noticias\/wp-json\/wp\/v2\/suno_column\/151467"}],"collection":[{"href":"https:\/\/www.suno.com.br\/noticias\/wp-json\/wp\/v2\/suno_column"}],"about":[{"href":"https:\/\/www.suno.com.br\/noticias\/wp-json\/wp\/v2\/types\/suno_column"}],"author":[{"embeddable":true,"href":"https:\/\/www.suno.com.br\/noticias\/wp-json\/wp\/v2\/users\/82"}],"wp:attachment":[{"href":"https:\/\/www.suno.com.br\/noticias\/wp-json\/wp\/v2\/media?parent=151467"}],"wp:term":[{"taxonomy":"post_tag","embeddable":true,"href":"https:\/\/www.suno.com.br\/noticias\/wp-json\/wp\/v2\/tags?post=151467"}],"curies":[{"name":"wp","href":"https:\/\/api.w.org\/{rel}","templated":true}]}}