{"id":149635,"date":"2021-05-20T07:00:59","date_gmt":"2021-05-20T10:00:59","guid":{"rendered":"https:\/\/www.suno.com.br\/noticias\/colunas\/felipe-areia\/"},"modified":"2021-05-20T10:34:33","modified_gmt":"2021-05-20T13:34:33","slug":"o-monstro-da-inflacao-a-volta-assombrar-o-brasil-e-os-eua","status":"publish","type":"suno_column","link":"https:\/\/www.suno.com.br\/noticias\/colunas\/simone-pasianotto\/o-monstro-da-inflacao-a-volta-assombrar-o-brasil-e-os-eua\/","title":{"rendered":"O monstro da infla\u00e7\u00e3o volta a assombrar o Brasil e os EUA"},"content":{"rendered":"<p>O mercado est\u00e1 em polvorosa frente ao <a href=\"https:\/\/www.suno.com.br\/artigos\/inflacao\/\">levante da <strong>infla\u00e7\u00e3o<\/strong><\/a><strong> nos Estados Unidos<\/strong>, o maior avan\u00e7o para doze meses desde 2008, quando da crise do \u201csubprime\u201d. Se n\u00e3o bastasse o temor do retorno da infla\u00e7\u00e3o aqui em terras tupiniquins, com os <a href=\"https:\/\/www.suno.com.br\/artigos\/igp-m\/\">\u00edndices gerais de pre\u00e7o<\/a> &#8212; os IGPs &#8212; escalando altas para al\u00e9m dos 30% no acumulado em 12 meses, sem contar com o IPCA batendo cabe\u00e7a no teto da meta, ainda temos que nos preocupar com a infla\u00e7\u00e3o l\u00e1 na Am\u00e9rica? Mas por que temos tanto medo do monstro da infla\u00e7\u00e3o?<\/p>\n\t<p>\n\t\t<a href=\"https:\/\/lp.suno.com.br\/planilha-controle-gastos\/\" target=\"_blank\" data-element=\"shortcode-suno-banner\" title=\"Banner SUNO, clique e saiba mais\">\n\t\t\t<picture>\n\t\t\t\t<source media=\"(max-width: 500px)\" srcset=\"https:\/\/files.sunoresearch.com.br\/n\/uploads\/2023\/03\/400x300-Planilha-controle-de-gastos.png\">\n\t\t\t\t<img class=\"newsContent__article__imgCapa newsContent__article__imgCapa--banner\"\n\t\t\t\t\tsrc=\"https:\/\/files.sunoresearch.com.br\/n\/uploads\/2023\/03\/1420x240-Planilha-controle-de-gastos.png\"\n\t\t\t\t\tdata-promo-id=\"101751\"\t\t\t\t\t\t\t\t\t\twidth='1420' height='240'\t\t\t\t\talt=\"https:\/\/files.sunoresearch.com.br\/n\/uploads\/2023\/03\/1420x240-Planilha-controle-de-gastos.png\"\n\t\t\t\t>\n\t\t\t<\/picture>\n\t\t<\/a>\n\t<\/p>\n\n\n<p>Ent\u00e3o&#8230; h\u00e1 tempos analistas n\u00e3o conseguiam mais esconder uma apreens\u00e3o aflorada com a possibilidade de uma disparada da infla\u00e7\u00e3o nos EUA. A\u00ed, n\u00e3o \u00e9 que na semana passada saiu a leitura de abril do CPI (\u00edndice de pre\u00e7os ao consumidor, na sigla em ingl\u00eas) e a surpresa pegou o pessoal de cal\u00e7as curtas: a infla\u00e7\u00e3o norte-americana escalou para +0,8 MoM ou 4,2% YoY, mais do que o dobro dos +0,3%MoM do consenso de mercado e mais do que o dobro dos +2,0% YoY guiados pelo Federal Reserve. Foi o pinote mais forte em um \u00fanico m\u00eas para um per\u00edodo de 12 meses nos \u00faltimos 12 anos A surpresa n\u00e3o pegou apenas os Estados Unidos de sobressalto, mas todo o mundo.<\/p>\n<p>E como na f\u00edsica, toda a\u00e7\u00e3o tem uma rea\u00e7\u00e3o: os <strong>juros de revenda dos t\u00edtulos ascenderam, as bolsas retrocederam e o d\u00f3lar se apreciou<\/strong>. A despeito da tentativa de o <a href=\"https:\/\/www.suno.com.br\/noticias\/para-casa-branca-alta-da-inflacao-nos-eua-e-temporaria-fed-fala-em-intervencao\/\">Fed colocar logo panos quentes, explicando que a puxada nos pre\u00e7os \u00e9 passageira<\/a> e fruto do descompasso entre oferta e demanda nas cadeias produtivas globais ante o abre e fecha das economias durante a pandemia, os \u00e2nimos globais ainda continuam tensos e desnorteados. Ou seja, o banco central americano quis dizer que alta no CPI <strong>n\u00e3o foi gestada pelo excesso de demanda<\/strong> e assim sendo, a autoridade monet\u00e1ria n\u00e3o teria como remedi\u00e1-la via alta nos juros. O mercado financeiro n\u00e3o engoliu a explica\u00e7\u00e3o e ainda se demonstra incomodado e temeroso pelo fim do ciclo de baixa dos juros nos EUA.<\/p>\n<p><span data-sheets-value=\"{&quot;1&quot;:2,&quot;2&quot;:&quot;Suno One: acesse gratuitamente eBooks, Minicursos, Artigos e V\u00eddeo Aulas sobre investimentos com um \u00fanico cadastro. Clique para saber mais!&quot;}\" data-sheets-userformat=\"{&quot;2&quot;:1317635,&quot;3&quot;:{&quot;1&quot;:0},&quot;4&quot;:[null,2,16777215],&quot;11&quot;:4,&quot;12&quot;:0,&quot;14&quot;:[null,2,1136076],&quot;15&quot;:&quot;Roboto, RobotoDraft, Helvetica, Arial, sans-serif&quot;,&quot;21&quot;:1,&quot;23&quot;:1}\" data-sheets-hyperlink=\"https:\/\/lp.suno.com.br\/suno-one\/\"><a class=\"in-cell-link\" href=\"https:\/\/lp.suno.com.br\/suno-one\/\" target=\"_blank\" rel=\"noopener noreferrer\">Suno One: acesse gratuitamente eBooks, Minicursos, Artigos e V\u00eddeo Aulas sobre investimentos com um \u00fanico cadastro. Clique para saber mais!<\/a><\/span><\/p>\n<p>Na leitura dos analistas, um pouco adversa da do Fed, leva em conta que a infla\u00e7\u00e3o do Tio Sam adv\u00e9m tamb\u00e9m, e n\u00e3o somente dos gargalos das cadeiras produtivas globais, de uma demanda com forte apetite por absorver a liquidez abundante de recursos jogados do helic\u00f3ptero sobre a economia americana oriunda da pol\u00edtica de subs\u00eddios \u00e0 pandemia. Se de fato a avalia\u00e7\u00e3o do mercado esteja correta, essa n\u00e3o seria uma apenas uma \u201cinfla\u00e7\u00e3ozinha\u201d, que se persistir obrigar\u00e1 a autoridade monet\u00e1ria americana a aumentar os juros at\u00e9 o n\u00edvel capaz de cont\u00ea-la. E a\u00ed que vem o calcanhar de Aquiles de todo o mundo: <strong>juros mais altos significam que o valor da moeda norte-americana ficar\u00e1 mais caro<\/strong>, o que obviamente impacta toda a economia mundial, ancorada em contratos em d\u00f3lar.<\/p>\n<p>A\u00ed, com o d\u00f3lar mais alto, o primeiro impacto seria direto sobre a retomada da economia no pr\u00f3prio EUA, a qual se previa bastante benigna, poderia por acabar mais minguada. E com a roda da economia americana rodando mais devagar, implicaria outras rodas desacelerando o passo. O segundo impacto recairia sobre o pr\u00f3prio mercado financeiro: juros mais altos estimulariam a pleito por t\u00edtulos de renda fixa, com migra\u00e7\u00e3o da renda vari\u00e1vel para os cofres do Tesouro, o que n\u00e3o \u00e9 nada vantajoso para a empresa com neg\u00f3cios nos mercados de capitais. Por fim, com a enxugada no volume de recursos no mercado, seria inevit\u00e1vel alguma nova rodada de valoriza\u00e7\u00e3o do d\u00f3lar, o que n\u00e3o \u00e9 desejado por muita gente mundo afora.<\/p>\n<p>Aqui, nos cant\u00f5es tupiniquins, os efeitos imediatos do d\u00f3lar mais fortalecido seriam sentidos com mais peso no bolso do cidad\u00e3o comum, seja no pre\u00e7o das viagens ao exterior, seja no repasse dos custos de produ\u00e7\u00e3o de cadeias dependentes de insumos importados. O sabor amargo do \u201cpass-through cambial\u201d, bastante presente em nossas vidas nos \u00faltimos meses, \u00e9 algo que nem nossos produtores nem n\u00f3s consumidores almejamos engolir mais. J\u00e1 sentimos na pele e efetivamente nos nossos bolsos o efeito pr\u00e1tico da deprecia\u00e7\u00e3o da nossa moeda frente ao d\u00f3lar: alta nos pre\u00e7os dos alimentos, dos combust\u00edveis, do g\u00e1s de cozinha, muito em fun\u00e7\u00e3o da redu\u00e7\u00e3o na oferta dom\u00e9stica em detrimento ao melhor retorno oferecido pelas exporta\u00e7\u00f5es. E obviamente, mais infla\u00e7\u00e3o dom\u00e9stica a amea\u00e7ar uma poss\u00edvel desancoragem de expectativas, o que transforma efetivamente a alta de pre\u00e7os em um monstro indesej\u00e1vel e um pesadelo para quem j\u00e1 viveu isso no passado.<\/p>\n<p><span data-sheets-value=\"{&quot;1&quot;:2,&quot;2&quot;:&quot;&quot;}\" data-sheets-userformat=\"{&quot;2&quot;:6723,&quot;3&quot;:{&quot;1&quot;:0},&quot;4&quot;:[null,2,16777215],&quot;9&quot;:0,&quot;12&quot;:0,&quot;14&quot;:[null,2,0],&quot;15&quot;:&quot;Arial&quot;}\">\t<p>\n\t\t<a href=\"https:\/\/lp.suno.com.br\/planilha-da-vida-financeira\/\" target=\"_blank\" data-element=\"shortcode-suno-banner\" title=\"Banner SUNO, clique e saiba mais\">\n\t\t\t<picture>\n\t\t\t\t<source media=\"(max-width: 500px)\" srcset=\"https:\/\/files.sunoresearch.com.br\/n\/uploads\/2023\/04\/400x300-Planilha-vida-financeira-true.png\">\n\t\t\t\t<img class=\"newsContent__article__imgCapa newsContent__article__imgCapa--banner\"\n\t\t\t\t\tsrc=\"https:\/\/files.sunoresearch.com.br\/n\/uploads\/2023\/04\/1420x240-Planilha-vida-financeira-true.png\"\n\t\t\t\t\tdata-promo-id=\"106682\"\t\t\t\t\t\t\t\t\t\twidth='1420' height='240'\t\t\t\t\talt=\"https:\/\/files.sunoresearch.com.br\/n\/uploads\/2023\/04\/1420x240-Planilha-vida-financeira-true.png\"\n\t\t\t\t>\n\t\t\t<\/picture>\n\t\t<\/a>\n\t<\/p>\n\n<\/span><\/p>\n<p>E quem pensa que os exportadores seriam os \u00fanicos a sorrir com a alta do d\u00f3lar se enganam, isso n\u00e3o se aplica para todos os exportadores. Para quem vive da exporta\u00e7\u00e3o de bens manufaturados, a alta precisaria ser mais prolongada para que o aumento rendesse mais neg\u00f3cios e mais produtos vendidos no exterior. Isso porque a exporta\u00e7\u00e3o de produtos que n\u00e3o s\u00e3o commodities envolve fatores como design, qualidade, servi\u00e7os conexos, venda, contratos mais longos. N\u00e3o se troca de fornecedor t\u00e3o rapidamente.<\/p>\n<p>Infla\u00e7\u00e3o diz respeito a dinheiro, mexe com os bolsos dos agentes econ\u00f4micos, ati\u00e7a os medos mais profundos de perda e dificulta vislumbrar e planejar o futuro. Oremos para que o Fed esteja 100% certo em sua tese, no qual essa <strong>infla\u00e7\u00e3o<\/strong> \u00e9 apenas uma infla\u00e7\u00e3ozinha e n\u00e3o se transformar\u00e1 em algo efetivamente assustador.<\/p>\n<p><span data-sheets-value=\"{&quot;1&quot;:2,&quot;2&quot;:&quot;&quot;}\" data-sheets-userformat=\"{&quot;2&quot;:513,&quot;3&quot;:{&quot;1&quot;:0},&quot;12&quot;:0}\">\t<p>\n\t\t<a href=\"https:\/\/lp.suno.com.br\/planilha-de-controle-de-investimentos\/\" target=\"_blank\" data-element=\"shortcode-suno-banner\" title=\"Banner SUNO, clique e saiba mais\">\n\t\t\t<picture>\n\t\t\t\t<source media=\"(max-width: 500px)\" srcset=\"https:\/\/files.sunoresearch.com.br\/n\/uploads\/2023\/03\/400x300-Controle-de-Investimentos.png\">\n\t\t\t\t<img class=\"newsContent__article__imgCapa newsContent__article__imgCapa--banner\"\n\t\t\t\t\tsrc=\"https:\/\/files.sunoresearch.com.br\/n\/uploads\/2023\/03\/1420x240-Controle-de-Investimentos.png\"\n\t\t\t\t\tdata-promo-id=\"75934\"\t\t\t\t\t\t\t\t\t\twidth='1420' height='240'\t\t\t\t\talt=\"https:\/\/files.sunoresearch.com.br\/n\/uploads\/2023\/03\/1420x240-Controle-de-Investimentos.png\"\n\t\t\t\t>\n\t\t\t<\/picture>\n\t\t<\/a>\n\t<\/p>\n\n<\/span><\/p>\n","protected":false},"excerpt":{"rendered":"<p>O mercado est\u00e1 em polvorosa frente ao levante da infla\u00e7\u00e3o nos Estados Unidos, o maior avan\u00e7o para doze meses desde 2008, quando da crise do \u201csubprime\u201d. Se n\u00e3o bastasse&#8230;<\/p>\n","protected":false},"author":83,"featured_media":0,"template":"","tags":[850],"class_list":["post-149635","suno_column","type-suno_column","status-publish","hentry","tag-inflacao"],"yoast_head":"<!-- This site is optimized with the Yoast SEO plugin v24.4 - https:\/\/yoast.com\/wordpress\/plugins\/seo\/ -->\n<title>O monstro da infla\u00e7\u00e3o volta a assombrar o Brasil e os EUA - Coluna de Simone Pasianotto<\/title>\n<meta name=\"description\" content=\"Confira a coluna de Simone Pasianotto sobre a infla\u00e7\u00e3o nos EUA e a tese de Federal Reserve de que \u00e9 apenas uma &quot;infla\u00e7\u00e3ozinha&quot;,\" \/>\n<meta name=\"robots\" content=\"index, follow, max-snippet:-1, max-image-preview:large, max-video-preview:-1\" \/>\n<link rel=\"canonical\" href=\"https:\/\/www.suno.com.br\/noticias\/colunas\/simone-pasianotto\/o-monstro-da-inflacao-a-volta-assombrar-o-brasil-e-os-eua\/\" \/>\n<meta property=\"og:locale\" content=\"pt_BR\" \/>\n<meta property=\"og:type\" content=\"article\" \/>\n<meta property=\"og:title\" content=\"O monstro da infla\u00e7\u00e3o volta a assombrar o Brasil e os EUA - Coluna de Simone Pasianotto\" \/>\n<meta property=\"og:description\" content=\"Confira a coluna de Simone Pasianotto sobre a infla\u00e7\u00e3o nos EUA e a tese de Federal Reserve de que \u00e9 apenas uma &quot;infla\u00e7\u00e3ozinha&quot;,\" \/>\n<meta property=\"og:url\" content=\"https:\/\/www.suno.com.br\/noticias\/colunas\/simone-pasianotto\/o-monstro-da-inflacao-a-volta-assombrar-o-brasil-e-os-eua\/\" \/>\n<meta property=\"og:site_name\" content=\"Suno Not\u00edcias\" \/>\n<meta property=\"article:publisher\" content=\"https:\/\/facebook.com\/sunoresearch\" \/>\n<meta property=\"og:image\" content=\"https:\/\/files.sunoresearch.com.br\/n\/uploads\/2022\/06\/Modelo2.jpg\" \/>\n\t<meta property=\"og:image:width\" content=\"1200\" \/>\n\t<meta property=\"og:image:height\" content=\"627\" \/>\n\t<meta property=\"og:image:type\" content=\"image\/jpeg\" \/>\n<meta name=\"twitter:card\" content=\"summary_large_image\" \/>\n<meta name=\"twitter:site\" content=\"@sunoresearch\" \/>\n<meta name=\"twitter:label1\" content=\"Est. tempo de leitura\" \/>\n\t<meta name=\"twitter:data1\" content=\"5 minutos\" \/>\n<script type=\"application\/ld+json\" class=\"yoast-schema-graph\">{\"@context\":\"https:\/\/schema.org\",\"@graph\":[{\"@type\":\"Article\",\"@id\":\"https:\/\/www.suno.com.br\/noticias\/colunas\/simone-pasianotto\/o-monstro-da-inflacao-a-volta-assombrar-o-brasil-e-os-eua\/#article\",\"isPartOf\":{\"@id\":\"https:\/\/www.suno.com.br\/noticias\/colunas\/simone-pasianotto\/o-monstro-da-inflacao-a-volta-assombrar-o-brasil-e-os-eua\/\"},\"author\":{\"name\":\"Simone Pasianotto\",\"@id\":\"https:\/\/www.suno.com.br\/noticias\/#\/schema\/person\/b6752df7a8903bf17fc5a9343e188470\"},\"headline\":\"O monstro da infla\u00e7\u00e3o volta a assombrar o Brasil e os EUA\",\"datePublished\":\"2021-05-20T10:00:59+00:00\",\"dateModified\":\"2021-05-20T13:34:33+00:00\",\"mainEntityOfPage\":{\"@id\":\"https:\/\/www.suno.com.br\/noticias\/colunas\/simone-pasianotto\/o-monstro-da-inflacao-a-volta-assombrar-o-brasil-e-os-eua\/\"},\"wordCount\":999,\"publisher\":{\"@id\":\"https:\/\/www.suno.com.br\/noticias\/#organization\"},\"keywords\":[\"infla\u00e7\u00e3o\"],\"inLanguage\":\"pt-BR\"},{\"@type\":\"WebPage\",\"@id\":\"https:\/\/www.suno.com.br\/noticias\/colunas\/simone-pasianotto\/o-monstro-da-inflacao-a-volta-assombrar-o-brasil-e-os-eua\/\",\"url\":\"https:\/\/www.suno.com.br\/noticias\/colunas\/simone-pasianotto\/o-monstro-da-inflacao-a-volta-assombrar-o-brasil-e-os-eua\/\",\"name\":\"O monstro da infla\u00e7\u00e3o volta a assombrar o Brasil e os EUA - Coluna de Simone Pasianotto\",\"isPartOf\":{\"@id\":\"https:\/\/www.suno.com.br\/noticias\/#website\"},\"datePublished\":\"2021-05-20T10:00:59+00:00\",\"dateModified\":\"2021-05-20T13:34:33+00:00\",\"description\":\"Confira a coluna de Simone Pasianotto sobre a infla\u00e7\u00e3o nos EUA e a tese de Federal Reserve de que \u00e9 apenas uma \\\"infla\u00e7\u00e3ozinha\\\",\",\"breadcrumb\":{\"@id\":\"https:\/\/www.suno.com.br\/noticias\/colunas\/simone-pasianotto\/o-monstro-da-inflacao-a-volta-assombrar-o-brasil-e-os-eua\/#breadcrumb\"},\"inLanguage\":\"pt-BR\",\"potentialAction\":[{\"@type\":\"ReadAction\",\"target\":[\"https:\/\/www.suno.com.br\/noticias\/colunas\/simone-pasianotto\/o-monstro-da-inflacao-a-volta-assombrar-o-brasil-e-os-eua\/\"]}]},{\"@type\":\"BreadcrumbList\",\"@id\":\"https:\/\/www.suno.com.br\/noticias\/colunas\/simone-pasianotto\/o-monstro-da-inflacao-a-volta-assombrar-o-brasil-e-os-eua\/#breadcrumb\",\"itemListElement\":[{\"@type\":\"ListItem\",\"position\":1,\"name\":\"Not\u00edcias\",\"item\":\"https:\/\/www.suno.com.br\/noticias\/\"},{\"@type\":\"ListItem\",\"position\":2,\"name\":\"Colunas\",\"item\":\"https:\/\/www.suno.com.br\/noticias\/colunas\/\"},{\"@type\":\"ListItem\",\"position\":3,\"name\":\"O monstro da infla\u00e7\u00e3o volta a assombrar o Brasil e os EUA\"}]},{\"@type\":\"WebSite\",\"@id\":\"https:\/\/www.suno.com.br\/noticias\/#website\",\"url\":\"https:\/\/www.suno.com.br\/noticias\/\",\"name\":\"Suno Not\u00edcias\",\"description\":\"Seu portal de informa\u00e7\u00e3o sobre o mundo dos investimentos\",\"publisher\":{\"@id\":\"https:\/\/www.suno.com.br\/noticias\/#organization\"},\"potentialAction\":[{\"@type\":\"SearchAction\",\"target\":{\"@type\":\"EntryPoint\",\"urlTemplate\":\"https:\/\/www.suno.com.br\/noticias\/?s={search_term_string}\"},\"query-input\":{\"@type\":\"PropertyValueSpecification\",\"valueRequired\":true,\"valueName\":\"search_term_string\"}}],\"inLanguage\":\"pt-BR\"},{\"@type\":\"Organization\",\"@id\":\"https:\/\/www.suno.com.br\/noticias\/#organization\",\"name\":\"Suno Not\u00edcias\",\"url\":\"https:\/\/www.suno.com.br\/noticias\/\",\"logo\":{\"@type\":\"ImageObject\",\"inLanguage\":\"pt-BR\",\"@id\":\"https:\/\/www.suno.com.br\/noticias\/#\/schema\/logo\/image\/\",\"url\":\"https:\/\/files.sunoresearch.com.br\/n\/uploads\/2021\/09\/suno-logo.png\",\"contentUrl\":\"https:\/\/files.sunoresearch.com.br\/n\/uploads\/2021\/09\/suno-logo.png\",\"width\":180,\"height\":180,\"caption\":\"Suno Not\u00edcias\"},\"image\":{\"@id\":\"https:\/\/www.suno.com.br\/noticias\/#\/schema\/logo\/image\/\"},\"sameAs\":[\"https:\/\/facebook.com\/sunoresearch\",\"https:\/\/x.com\/sunoresearch\",\"https:\/\/www.instagram.com\/suno\",\"https:\/\/www.linkedin.com\/company\/suno-research\/\",\"https:\/\/www.youtube.com\/c\/sunoresearch\"]},{\"@type\":\"Person\",\"@id\":\"https:\/\/www.suno.com.br\/noticias\/#\/schema\/person\/b6752df7a8903bf17fc5a9343e188470\",\"name\":\"Simone Pasianotto\",\"image\":{\"@type\":\"ImageObject\",\"inLanguage\":\"pt-BR\",\"@id\":\"https:\/\/www.suno.com.br\/noticias\/#\/schema\/person\/image\/\",\"url\":\"https:\/\/secure.gravatar.com\/avatar\/946d6f8762eb10f2be7cbbb8d74698d5?s=96&r=g\",\"contentUrl\":\"https:\/\/secure.gravatar.com\/avatar\/946d6f8762eb10f2be7cbbb8d74698d5?s=96&r=g\",\"caption\":\"Simone Pasianotto\"},\"description\":\"Bacharel em Ci\u00eancias Econ\u00f4micas (USP) e Comunica\u00e7\u00e3o Social (UMESP), com mestrado em Economia (Unicamp). Mais de 20 anos de experi\u00eancia profissional em Intelig\u00eancia de Mercado. Atuou como economista na AT Kearney, Roland Berger, Banco Haitong, LCA Consultores, FIPE, Sindipe\u00e7as e Grupo Ecorodovias. Atualmente \u00e9 economista-chefe da REAG Investimentos e professora de Finan\u00e7as Corporativas na ESPM e de Intelig\u00eancia Competitiva no MBA da FIA.\",\"sameAs\":[\"https:\/\/www.linkedin.com\/in\/simonepasianotto\/\"],\"url\":\"https:\/\/www.suno.com.br\/noticias\/author\/simone-pasianotto\/\"}]}<\/script>\n<!-- \/ Yoast SEO plugin. -->","yoast_head_json":{"title":"O monstro da infla\u00e7\u00e3o volta a assombrar o Brasil e os EUA - Coluna de Simone Pasianotto","description":"Confira a coluna de Simone Pasianotto sobre a infla\u00e7\u00e3o nos EUA e a tese de Federal Reserve de que \u00e9 apenas uma \"infla\u00e7\u00e3ozinha\",","robots":{"index":"index","follow":"follow","max-snippet":"max-snippet:-1","max-image-preview":"max-image-preview:large","max-video-preview":"max-video-preview:-1"},"canonical":"https:\/\/www.suno.com.br\/noticias\/colunas\/simone-pasianotto\/o-monstro-da-inflacao-a-volta-assombrar-o-brasil-e-os-eua\/","og_locale":"pt_BR","og_type":"article","og_title":"O monstro da infla\u00e7\u00e3o volta a assombrar o Brasil e os EUA - Coluna de Simone Pasianotto","og_description":"Confira a coluna de Simone Pasianotto sobre a infla\u00e7\u00e3o nos EUA e a tese de Federal Reserve de que \u00e9 apenas uma \"infla\u00e7\u00e3ozinha\",","og_url":"https:\/\/www.suno.com.br\/noticias\/colunas\/simone-pasianotto\/o-monstro-da-inflacao-a-volta-assombrar-o-brasil-e-os-eua\/","og_site_name":"Suno Not\u00edcias","article_publisher":"https:\/\/facebook.com\/sunoresearch","og_image":[{"width":1200,"height":627,"url":"https:\/\/files.sunoresearch.com.br\/n\/uploads\/2022\/06\/Modelo2.jpg","type":"image\/jpeg"}],"twitter_card":"summary_large_image","twitter_site":"@sunoresearch","twitter_misc":{"Est. tempo de leitura":"5 minutos"},"schema":{"@context":"https:\/\/schema.org","@graph":[{"@type":"Article","@id":"https:\/\/www.suno.com.br\/noticias\/colunas\/simone-pasianotto\/o-monstro-da-inflacao-a-volta-assombrar-o-brasil-e-os-eua\/#article","isPartOf":{"@id":"https:\/\/www.suno.com.br\/noticias\/colunas\/simone-pasianotto\/o-monstro-da-inflacao-a-volta-assombrar-o-brasil-e-os-eua\/"},"author":{"name":"Simone Pasianotto","@id":"https:\/\/www.suno.com.br\/noticias\/#\/schema\/person\/b6752df7a8903bf17fc5a9343e188470"},"headline":"O monstro da infla\u00e7\u00e3o volta a assombrar o Brasil e os EUA","datePublished":"2021-05-20T10:00:59+00:00","dateModified":"2021-05-20T13:34:33+00:00","mainEntityOfPage":{"@id":"https:\/\/www.suno.com.br\/noticias\/colunas\/simone-pasianotto\/o-monstro-da-inflacao-a-volta-assombrar-o-brasil-e-os-eua\/"},"wordCount":999,"publisher":{"@id":"https:\/\/www.suno.com.br\/noticias\/#organization"},"keywords":["infla\u00e7\u00e3o"],"inLanguage":"pt-BR"},{"@type":"WebPage","@id":"https:\/\/www.suno.com.br\/noticias\/colunas\/simone-pasianotto\/o-monstro-da-inflacao-a-volta-assombrar-o-brasil-e-os-eua\/","url":"https:\/\/www.suno.com.br\/noticias\/colunas\/simone-pasianotto\/o-monstro-da-inflacao-a-volta-assombrar-o-brasil-e-os-eua\/","name":"O monstro da infla\u00e7\u00e3o volta a assombrar o Brasil e os EUA - Coluna de Simone Pasianotto","isPartOf":{"@id":"https:\/\/www.suno.com.br\/noticias\/#website"},"datePublished":"2021-05-20T10:00:59+00:00","dateModified":"2021-05-20T13:34:33+00:00","description":"Confira a coluna de Simone Pasianotto sobre a infla\u00e7\u00e3o nos EUA e a tese de Federal Reserve de que \u00e9 apenas uma \"infla\u00e7\u00e3ozinha\",","breadcrumb":{"@id":"https:\/\/www.suno.com.br\/noticias\/colunas\/simone-pasianotto\/o-monstro-da-inflacao-a-volta-assombrar-o-brasil-e-os-eua\/#breadcrumb"},"inLanguage":"pt-BR","potentialAction":[{"@type":"ReadAction","target":["https:\/\/www.suno.com.br\/noticias\/colunas\/simone-pasianotto\/o-monstro-da-inflacao-a-volta-assombrar-o-brasil-e-os-eua\/"]}]},{"@type":"BreadcrumbList","@id":"https:\/\/www.suno.com.br\/noticias\/colunas\/simone-pasianotto\/o-monstro-da-inflacao-a-volta-assombrar-o-brasil-e-os-eua\/#breadcrumb","itemListElement":[{"@type":"ListItem","position":1,"name":"Not\u00edcias","item":"https:\/\/www.suno.com.br\/noticias\/"},{"@type":"ListItem","position":2,"name":"Colunas","item":"https:\/\/www.suno.com.br\/noticias\/colunas\/"},{"@type":"ListItem","position":3,"name":"O monstro da infla\u00e7\u00e3o volta a assombrar o Brasil e os EUA"}]},{"@type":"WebSite","@id":"https:\/\/www.suno.com.br\/noticias\/#website","url":"https:\/\/www.suno.com.br\/noticias\/","name":"Suno Not\u00edcias","description":"Seu portal de informa\u00e7\u00e3o sobre o mundo dos investimentos","publisher":{"@id":"https:\/\/www.suno.com.br\/noticias\/#organization"},"potentialAction":[{"@type":"SearchAction","target":{"@type":"EntryPoint","urlTemplate":"https:\/\/www.suno.com.br\/noticias\/?s={search_term_string}"},"query-input":{"@type":"PropertyValueSpecification","valueRequired":true,"valueName":"search_term_string"}}],"inLanguage":"pt-BR"},{"@type":"Organization","@id":"https:\/\/www.suno.com.br\/noticias\/#organization","name":"Suno Not\u00edcias","url":"https:\/\/www.suno.com.br\/noticias\/","logo":{"@type":"ImageObject","inLanguage":"pt-BR","@id":"https:\/\/www.suno.com.br\/noticias\/#\/schema\/logo\/image\/","url":"https:\/\/files.sunoresearch.com.br\/n\/uploads\/2021\/09\/suno-logo.png","contentUrl":"https:\/\/files.sunoresearch.com.br\/n\/uploads\/2021\/09\/suno-logo.png","width":180,"height":180,"caption":"Suno Not\u00edcias"},"image":{"@id":"https:\/\/www.suno.com.br\/noticias\/#\/schema\/logo\/image\/"},"sameAs":["https:\/\/facebook.com\/sunoresearch","https:\/\/x.com\/sunoresearch","https:\/\/www.instagram.com\/suno","https:\/\/www.linkedin.com\/company\/suno-research\/","https:\/\/www.youtube.com\/c\/sunoresearch"]},{"@type":"Person","@id":"https:\/\/www.suno.com.br\/noticias\/#\/schema\/person\/b6752df7a8903bf17fc5a9343e188470","name":"Simone Pasianotto","image":{"@type":"ImageObject","inLanguage":"pt-BR","@id":"https:\/\/www.suno.com.br\/noticias\/#\/schema\/person\/image\/","url":"https:\/\/secure.gravatar.com\/avatar\/946d6f8762eb10f2be7cbbb8d74698d5?s=96&r=g","contentUrl":"https:\/\/secure.gravatar.com\/avatar\/946d6f8762eb10f2be7cbbb8d74698d5?s=96&r=g","caption":"Simone Pasianotto"},"description":"Bacharel em Ci\u00eancias Econ\u00f4micas (USP) e Comunica\u00e7\u00e3o Social (UMESP), com mestrado em Economia (Unicamp). Mais de 20 anos de experi\u00eancia profissional em Intelig\u00eancia de Mercado. Atuou como economista na AT Kearney, Roland Berger, Banco Haitong, LCA Consultores, FIPE, Sindipe\u00e7as e Grupo Ecorodovias. Atualmente \u00e9 economista-chefe da REAG Investimentos e professora de Finan\u00e7as Corporativas na ESPM e de Intelig\u00eancia Competitiva no MBA da FIA.","sameAs":["https:\/\/www.linkedin.com\/in\/simonepasianotto\/"],"url":"https:\/\/www.suno.com.br\/noticias\/author\/simone-pasianotto\/"}]}},"amp_enabled":true,"_links":{"self":[{"href":"https:\/\/www.suno.com.br\/noticias\/wp-json\/wp\/v2\/suno_column\/149635"}],"collection":[{"href":"https:\/\/www.suno.com.br\/noticias\/wp-json\/wp\/v2\/suno_column"}],"about":[{"href":"https:\/\/www.suno.com.br\/noticias\/wp-json\/wp\/v2\/types\/suno_column"}],"author":[{"embeddable":true,"href":"https:\/\/www.suno.com.br\/noticias\/wp-json\/wp\/v2\/users\/83"}],"wp:attachment":[{"href":"https:\/\/www.suno.com.br\/noticias\/wp-json\/wp\/v2\/media?parent=149635"}],"wp:term":[{"taxonomy":"post_tag","embeddable":true,"href":"https:\/\/www.suno.com.br\/noticias\/wp-json\/wp\/v2\/tags?post=149635"}],"curies":[{"name":"wp","href":"https:\/\/api.w.org\/{rel}","templated":true}]}}