{"id":2874,"date":"2024-06-04T14:49:34","date_gmt":"2024-06-04T17:49:34","guid":{"rendered":"https:\/\/www.suno.com.br\/analitica\/acoes\/setores\/consumo-nao-ciclico\/"},"modified":"2024-06-04T14:49:34","modified_gmt":"2024-06-04T17:49:34","slug":"consumo-nao-ciclico","status":"publish","type":"setores_acoes","link":"https:\/\/www.suno.com.br\/analitica\/acoes\/setores\/consumo-nao-ciclico\/","title":{"rendered":"Consumo n\u00e3o C\u00edclico"},"content":{"rendered":"<p>O setor de consumo n\u00e3o c\u00edclico \u00e9 aquele composto por empresas que possuem baixa influ\u00eancia da sazonalidade da economia, como infla\u00e7\u00e3o, c\u00e2mbio e outros fatores relacionados. Tamb\u00e9m conhecido como setor prim\u00e1rio, a demanda pelos produtos que o comp\u00f5em s\u00e3o menos sens\u00edveis aos ciclos econ\u00f4micos, ou seja, s\u00e3o mais inel\u00e1sticas, facilitando \u00e0s empresas a realiza\u00e7\u00e3o de proje\u00e7\u00f5es e faturamentos futuros. Dentre os principais setores alocados dentro do consumo n\u00e3o c\u00edclico est\u00e3o a agricultura, prote\u00ednas, setor farmac\u00eautico, supermercados, bebidas e alimentos. Esse \u00e9 um setor considerado defensivo. Pois, as vendas do setor n\u00e3o ter\u00e3o uma alta significativa diante de uma melhora na economia, mas por outro lado tamb\u00e9m n\u00e3o sofrer\u00e3o drasticamente diante de recessos econ\u00f4micos, como acontece com empresas do setor c\u00edclico.<\/p>\n","protected":false},"excerpt":{"rendered":"<p>O setor de consumo n\u00e3o c\u00edclico \u00e9 aquele composto por empresas que possuem baixa influ\u00eancia da sazonalidade da economia, como infla\u00e7\u00e3o, c\u00e2mbio e outros fatores relacionados. Tamb\u00e9m conhecido como setor prim\u00e1rio, a demanda pelos produtos que o comp\u00f5em s\u00e3o menos sens\u00edveis aos ciclos econ\u00f4micos, ou seja, s\u00e3o mais inel\u00e1sticas, facilitando \u00e0s empresas a realiza\u00e7\u00e3o de [&hellip;]<\/p>\n","protected":false},"author":1,"featured_media":0,"template":"","tags":[],"class_list":["post-2874","setores_acoes","type-setores_acoes","status-publish","hentry"],"yoast_head":"<!-- This site is optimized with the Yoast SEO plugin v23.9 - https:\/\/yoast.com\/wordpress\/plugins\/seo\/ -->\n<title>Consumo n\u00e3o C\u00edclico - Suno Anal\u00edtica<\/title>\n<meta name=\"description\" content=\"Confira agora todas as informa\u00e7\u00f5es sobre o setor Consumo n\u00e3o C\u00edclico de a\u00e7\u00f5es. Clique e fa\u00e7a sua an\u00e1lise.\" \/>\n<meta name=\"robots\" content=\"index, follow, max-snippet:-1, max-image-preview:large, max-video-preview:-1\" \/>\n<link rel=\"canonical\" href=\"https:\/\/www.suno.com.br\/analitica\/acoes\/setores\/consumo-nao-ciclico\/\" \/>\n<meta property=\"og:locale\" content=\"pt_BR\" \/>\n<meta property=\"og:type\" content=\"article\" \/>\n<meta property=\"og:title\" content=\"Consumo n\u00e3o C\u00edclico - Suno Anal\u00edtica\" \/>\n<meta property=\"og:description\" content=\"Confira agora todas as informa\u00e7\u00f5es sobre o setor Consumo n\u00e3o C\u00edclico de a\u00e7\u00f5es. Clique e fa\u00e7a sua an\u00e1lise.\" \/>\n<meta property=\"og:url\" content=\"https:\/\/www.suno.com.br\/analitica\/acoes\/setores\/consumo-nao-ciclico\/\" \/>\n<meta property=\"og:site_name\" content=\"Suno Anal\u00edtica\" \/>\n<meta name=\"twitter:card\" content=\"summary_large_image\" \/>\n<meta name=\"twitter:label1\" content=\"Est. tempo de leitura\" \/>\n\t<meta name=\"twitter:data1\" content=\"1 minuto\" \/>\n<script type=\"application\/ld+json\" class=\"yoast-schema-graph\">{\"@context\":\"https:\/\/schema.org\",\"@graph\":[{\"@type\":\"WebPage\",\"@id\":\"https:\/\/www.suno.com.br\/analitica\/acoes\/setores\/consumo-nao-ciclico\/\",\"url\":\"https:\/\/www.suno.com.br\/analitica\/acoes\/setores\/consumo-nao-ciclico\/\",\"name\":\"Consumo n\u00e3o C\u00edclico - Suno Anal\u00edtica\",\"isPartOf\":{\"@id\":\"https:\/\/www.suno.com.br\/analitica\/#website\"},\"datePublished\":\"2024-06-04T17:49:34+00:00\",\"dateModified\":\"2024-06-04T17:49:34+00:00\",\"description\":\"Confira agora todas as informa\u00e7\u00f5es sobre o setor Consumo n\u00e3o C\u00edclico de a\u00e7\u00f5es. Clique e fa\u00e7a sua an\u00e1lise.\",\"breadcrumb\":{\"@id\":\"https:\/\/www.suno.com.br\/analitica\/acoes\/setores\/consumo-nao-ciclico\/#breadcrumb\"},\"inLanguage\":\"pt-BR\",\"potentialAction\":[{\"@type\":\"ReadAction\",\"target\":[\"https:\/\/www.suno.com.br\/analitica\/acoes\/setores\/consumo-nao-ciclico\/\"]}]},{\"@type\":\"BreadcrumbList\",\"@id\":\"https:\/\/www.suno.com.br\/analitica\/acoes\/setores\/consumo-nao-ciclico\/#breadcrumb\",\"itemListElement\":[{\"@type\":\"ListItem\",\"position\":1,\"name\":\"In\u00edcio\",\"item\":\"https:\/\/www.suno.com.br\/analitica\"},{\"@type\":\"ListItem\",\"position\":2,\"name\":\"Setores de A\u00e7\u00f5es\",\"item\":\"https:\/\/www.suno.com.br\/analitica\/acoes\/setores\/\"},{\"@type\":\"ListItem\",\"position\":3,\"name\":\"Consumo n\u00e3o C\u00edclico\"}]},{\"@type\":\"WebSite\",\"@id\":\"https:\/\/www.suno.com.br\/analitica\/#website\",\"url\":\"https:\/\/www.suno.com.br\/analitica\/\",\"name\":\"Suno Anal\u00edtica\",\"description\":\"\",\"publisher\":{\"@id\":\"https:\/\/www.suno.com.br\/analitica\/#organization\"},\"potentialAction\":[{\"@type\":\"SearchAction\",\"target\":{\"@type\":\"EntryPoint\",\"urlTemplate\":\"https:\/\/www.suno.com.br\/analitica\/?s={search_term_string}\"},\"query-input\":{\"@type\":\"PropertyValueSpecification\",\"valueRequired\":true,\"valueName\":\"search_term_string\"}}],\"inLanguage\":\"pt-BR\"},{\"@type\":\"Organization\",\"@id\":\"https:\/\/www.suno.com.br\/analitica\/#organization\",\"name\":\"Suno Anal\u00edtica\",\"alternateName\":\"Suno Anal\u00edtica\",\"url\":\"https:\/\/www.suno.com.br\/analitica\/\",\"logo\":{\"@type\":\"ImageObject\",\"inLanguage\":\"pt-BR\",\"@id\":\"https:\/\/www.suno.com.br\/analitica\/#\/schema\/logo\/image\/\",\"url\":\"https:\/\/files.sunoresearch.com.br\/suno-analytics-wp\/uploads\/2024\/06\/logo.png\",\"contentUrl\":\"https:\/\/files.sunoresearch.com.br\/suno-analytics-wp\/uploads\/2024\/06\/logo.png\",\"width\":1024,\"height\":1024,\"caption\":\"Suno Anal\u00edtica\"},\"image\":{\"@id\":\"https:\/\/www.suno.com.br\/analitica\/#\/schema\/logo\/image\/\"}}]}<\/script>\n<!-- \/ Yoast SEO plugin. -->","yoast_head_json":{"title":"Consumo n\u00e3o C\u00edclico - Suno Anal\u00edtica","description":"Confira agora todas as informa\u00e7\u00f5es sobre o setor Consumo n\u00e3o C\u00edclico de a\u00e7\u00f5es. Clique e fa\u00e7a sua an\u00e1lise.","robots":{"index":"index","follow":"follow","max-snippet":"max-snippet:-1","max-image-preview":"max-image-preview:large","max-video-preview":"max-video-preview:-1"},"canonical":"https:\/\/www.suno.com.br\/analitica\/acoes\/setores\/consumo-nao-ciclico\/","og_locale":"pt_BR","og_type":"article","og_title":"Consumo n\u00e3o C\u00edclico - Suno Anal\u00edtica","og_description":"Confira agora todas as informa\u00e7\u00f5es sobre o setor Consumo n\u00e3o C\u00edclico de a\u00e7\u00f5es. Clique e fa\u00e7a sua an\u00e1lise.","og_url":"https:\/\/www.suno.com.br\/analitica\/acoes\/setores\/consumo-nao-ciclico\/","og_site_name":"Suno Anal\u00edtica","twitter_card":"summary_large_image","twitter_misc":{"Est. tempo de leitura":"1 minuto"},"schema":{"@context":"https:\/\/schema.org","@graph":[{"@type":"WebPage","@id":"https:\/\/www.suno.com.br\/analitica\/acoes\/setores\/consumo-nao-ciclico\/","url":"https:\/\/www.suno.com.br\/analitica\/acoes\/setores\/consumo-nao-ciclico\/","name":"Consumo n\u00e3o C\u00edclico - Suno Anal\u00edtica","isPartOf":{"@id":"https:\/\/www.suno.com.br\/analitica\/#website"},"datePublished":"2024-06-04T17:49:34+00:00","dateModified":"2024-06-04T17:49:34+00:00","description":"Confira agora todas as informa\u00e7\u00f5es sobre o setor Consumo n\u00e3o C\u00edclico de a\u00e7\u00f5es. Clique e fa\u00e7a sua an\u00e1lise.","breadcrumb":{"@id":"https:\/\/www.suno.com.br\/analitica\/acoes\/setores\/consumo-nao-ciclico\/#breadcrumb"},"inLanguage":"pt-BR","potentialAction":[{"@type":"ReadAction","target":["https:\/\/www.suno.com.br\/analitica\/acoes\/setores\/consumo-nao-ciclico\/"]}]},{"@type":"BreadcrumbList","@id":"https:\/\/www.suno.com.br\/analitica\/acoes\/setores\/consumo-nao-ciclico\/#breadcrumb","itemListElement":[{"@type":"ListItem","position":1,"name":"In\u00edcio","item":"https:\/\/www.suno.com.br\/analitica"},{"@type":"ListItem","position":2,"name":"Setores de A\u00e7\u00f5es","item":"https:\/\/www.suno.com.br\/analitica\/acoes\/setores\/"},{"@type":"ListItem","position":3,"name":"Consumo n\u00e3o C\u00edclico"}]},{"@type":"WebSite","@id":"https:\/\/www.suno.com.br\/analitica\/#website","url":"https:\/\/www.suno.com.br\/analitica\/","name":"Suno Anal\u00edtica","description":"","publisher":{"@id":"https:\/\/www.suno.com.br\/analitica\/#organization"},"potentialAction":[{"@type":"SearchAction","target":{"@type":"EntryPoint","urlTemplate":"https:\/\/www.suno.com.br\/analitica\/?s={search_term_string}"},"query-input":{"@type":"PropertyValueSpecification","valueRequired":true,"valueName":"search_term_string"}}],"inLanguage":"pt-BR"},{"@type":"Organization","@id":"https:\/\/www.suno.com.br\/analitica\/#organization","name":"Suno Anal\u00edtica","alternateName":"Suno Anal\u00edtica","url":"https:\/\/www.suno.com.br\/analitica\/","logo":{"@type":"ImageObject","inLanguage":"pt-BR","@id":"https:\/\/www.suno.com.br\/analitica\/#\/schema\/logo\/image\/","url":"https:\/\/files.sunoresearch.com.br\/suno-analytics-wp\/uploads\/2024\/06\/logo.png","contentUrl":"https:\/\/files.sunoresearch.com.br\/suno-analytics-wp\/uploads\/2024\/06\/logo.png","width":1024,"height":1024,"caption":"Suno Anal\u00edtica"},"image":{"@id":"https:\/\/www.suno.com.br\/analitica\/#\/schema\/logo\/image\/"}}]}},"_links":{"self":[{"href":"https:\/\/www.suno.com.br\/analitica\/wp-json\/wp\/v2\/setores_acoes\/2874"}],"collection":[{"href":"https:\/\/www.suno.com.br\/analitica\/wp-json\/wp\/v2\/setores_acoes"}],"about":[{"href":"https:\/\/www.suno.com.br\/analitica\/wp-json\/wp\/v2\/types\/setores_acoes"}],"author":[{"embeddable":true,"href":"https:\/\/www.suno.com.br\/analitica\/wp-json\/wp\/v2\/users\/1"}],"version-history":[{"count":0,"href":"https:\/\/www.suno.com.br\/analitica\/wp-json\/wp\/v2\/setores_acoes\/2874\/revisions"}],"wp:attachment":[{"href":"https:\/\/www.suno.com.br\/analitica\/wp-json\/wp\/v2\/media?parent=2874"}],"wp:term":[{"taxonomy":"post_tag","embeddable":true,"href":"https:\/\/www.suno.com.br\/analitica\/wp-json\/wp\/v2\/tags?post=2874"}],"curies":[{"name":"wp","href":"https:\/\/api.w.org\/{rel}","templated":true}]}}