{"version":"1.0","provider_name":"Suno Anal\u00edtica","provider_url":"https:\/\/www.suno.com.br\/analitica","author_name":"Softwares Suno","author_url":"https:\/\/www.suno.com.br\/analitica\/author\/softwares-suno\/","title":"Setores - Fundos Imobili\u00e1rios - Lajes Corporativas - Suno Anal\u00edtica","type":"rich","width":600,"height":338,"html":"<blockquote class=\"wp-embedded-content\" data-secret=\"aZ8ISku1ZY\"><a href=\"https:\/\/www.suno.com.br\/analitica\/fundos-imobiliarios\/setores\/lajes-corporativas\/\">Lajes Corporativas<\/a><\/blockquote><iframe sandbox=\"allow-scripts\" security=\"restricted\" src=\"https:\/\/www.suno.com.br\/analitica\/fundos-imobiliarios\/setores\/lajes-corporativas\/embed\/#?secret=aZ8ISku1ZY\" width=\"600\" height=\"338\" title=\"&#8220;Lajes Corporativas&#8221; &#8212; Suno Anal\u00edtica\" data-secret=\"aZ8ISku1ZY\" frameborder=\"0\" marginwidth=\"0\" marginheight=\"0\" scrolling=\"no\" class=\"wp-embedded-content\"><\/iframe><script type=\"text\/javascript\">\n\/* <![CDATA[ *\/\n\/*! This file is auto-generated *\/\n!function(d,l){\"use strict\";l.querySelector&&d.addEventListener&&\"undefined\"!=typeof URL&&(d.wp=d.wp||{},d.wp.receiveEmbedMessage||(d.wp.receiveEmbedMessage=function(e){var t=e.data;if((t||t.secret||t.message||t.value)&&!\/[^a-zA-Z0-9]\/.test(t.secret)){for(var s,r,n,a=l.querySelectorAll('iframe[data-secret=\"'+t.secret+'\"]'),o=l.querySelectorAll('blockquote[data-secret=\"'+t.secret+'\"]'),c=new RegExp(\"^https?:$\",\"i\"),i=0;i<o.length;i++)o[i].style.display=\"none\";for(i=0;i<a.length;i++)s=a[i],e.source===s.contentWindow&&(s.removeAttribute(\"style\"),\"height\"===t.message?(1e3<(r=parseInt(t.value,10))?r=1e3:~~r<200&&(r=200),s.height=r):\"link\"===t.message&&(r=new URL(s.getAttribute(\"src\")),n=new URL(t.value),c.test(n.protocol))&&n.host===r.host&&l.activeElement===s&&(d.top.location.href=t.value))}},d.addEventListener(\"message\",d.wp.receiveEmbedMessage,!1),l.addEventListener(\"DOMContentLoaded\",function(){for(var e,t,s=l.querySelectorAll(\"iframe.wp-embedded-content\"),r=0;r<s.length;r++)(t=(e=s[r]).getAttribute(\"data-secret\"))||(t=Math.random().toString(36).substring(2,12),e.src+=\"#?secret=\"+t,e.setAttribute(\"data-secret\",t)),e.contentWindow.postMessage({message:\"ready\",secret:t},\"*\")},!1)))}(window,document);\n\/* ]]> *\/\n<\/script>\n","description":"Os fundos imobili\u00e1rios de lajes corporativas s\u00e3o uma categoria de fundos imobili\u00e1rios formados por investidores que alocam recursos na aquisi\u00e7\u00e3o em im\u00f3veis amplos, em geral, localizados em grandes centros urbanos. Tais im\u00f3veis costumam ser alugados para empresas de grande porte ou reparti\u00e7\u00f5es p\u00fablicas, por exemplo."}